{"id":9986,"date":"2024-03-11T12:13:38","date_gmt":"2024-03-11T11:13:38","guid":{"rendered":"https:\/\/www.cosmundus.com\/?page_id=9986"},"modified":"2024-03-11T12:14:04","modified_gmt":"2024-03-11T11:14:04","slug":"mugello","status":"publish","type":"page","link":"https:\/\/www.cosmundus.com\/it\/destinations\/mugello\/","title":{"rendered":"Mugello"},"content":{"rendered":"<p class=\"has-text-align-right\">&lt;&lt;\u00a0<a href=\"https:\/\/www.cosmundus.com\/it\/atlas\/europe\/southern-europe\/italy\/central-italy\/tuscany\/\">Toscana<\/a><\/p>\n\n\n\n<p class=\"translation-block\">Il Mugello \u00e8 una regione storica situata a nord di <a href=\"https:\/\/www.cosmundus.com\/it\/destinations\/florence\/\" class=\"ek-link\" target=\"_self\">Firenze<\/a>. Questa regione comprende la valle formata dal fiume Sieve, ma anche un'area situata a nord dello spartiacque degli Appennini, al confine con l'<a href=\"https:\/\/www.cosmundus.com\/it\/atlas\/europe\/southern-europe\/italy\/northeast-italy\/emilia-romagna\/\" class=\"ek-link\" target=\"_self\">Emilia-Romagna<\/a>. Nel Mugello si trovano diverse citt\u00e0 e attrazioni storiche.<\/p>\n\n\n\n<div class=\"wp-block-group\"><div class=\"wp-block-group__inner-container is-layout-constrained wp-block-group-is-layout-constrained\"><div style=\"border: 1px solid #8ed1fc; border-radius: 0%; background-color: inherit; \" class=\"ub-styled-box ub-bordered-box wp-block-ub-styled-box\" id=\"ub-styled-box-313f33a4-e2db-4d86-a360-315125c58532\">\n<p class=\"has-medium-font-size\" id=\"ub-styled-box-bordered-content-6135f390-2c5b-4639-b94d-15427dbf7969\">Posti da vedere nel Mugello<\/p>\n\n\n<div class=\"wp-block-aioseo-table-of-contents\"><ul><li><a class=\"aioseo-toc-item\" href=\"#vaglia\">Vaglia<\/a><ul><li><a class=\"aioseo-toc-item\" href=\"#villa-demidoff\">Villa Demidoff<\/a><\/li><li><a class=\"aioseo-toc-item\" href=\"#sanctuary-of-montesenario\">Santuario di Montesenario<\/a><\/li><\/ul><\/li><li><a class=\"aioseo-toc-item\" href=\"#scarperia-e-san-piero\">Scarperia e San Piero<\/a><ul><li><a class=\"aioseo-toc-item\" href=\"#mugello-circuit\">Autodromo Internazionale del Mugello<\/a><\/li><li><a class=\"aioseo-toc-item\" href=\"#palazzo-dei-vicari\">Palazzo dei Vicari<\/a><\/li><\/ul><\/li><li><a class=\"aioseo-toc-item\" href=\"#palazzuolo-sul-senio\">Palazzuolo sul Senio<\/a><ul><li><a class=\"aioseo-toc-item\" href=\"#palazzo-dei-capitani\">Palazzo dei Capitani<\/a><\/li><\/ul><\/li><\/ul><\/div>\n\n<\/div><\/div><\/div>\n\n\n\n<h2 class=\"wp-block-heading\" id=\"vaglia\"><strong>Vaglia<\/strong><\/h2>\n\n\n\n<p class=\"translation-block\">Vaglia \u00e8 un paesino situato sulle colline a nord di Firenze. Il suo territorio ospita diverse attrazioni storiche.<\/p>\n\n\n<div class=\"wp-block-ub-divider ub_divider ub-divider-orientation-horizontal\" id=\"ub_divider_c47f8960-751e-4ea8-8e8b-3745a8ac7d20\"><div class=\"ub_divider_wrapper\" style=\"position: relative; margin-bottom: 2px; width: 100%; height: 2px; \" data-divider-alignment=\"center\"><div class=\"ub_divider_line\" style=\"border-top: 2px solid #ccc; margin-top: 2px; \"><\/div><\/div><\/div>\n\n\n<h4 class=\"wp-block-heading\" id=\"villa-demidoff\"><strong><strong>Villa Demidoff<\/strong><\/strong><\/h4>\n\n\n\n<p class=\"translation-block\">Villa di Pratolino era una residenza della famiglia Medici situata nei pressi di Vaglia. Il palazzo fu eretto nel sedicesimo secolo, ma fu demolito nel diciottesimo secolo. Le strutture superstiti furono successivamente restaurate e trasformate in Villa Demidoff. L'attuale villa \u00e8 circondata dall'ampio parco che un tempo apparteneva al palazzo originario. Tra le varie attrazioni del parco la pi\u00f9 notevole \u00e8 il <em>Colosso dell'Appennino<\/em>, un'elaborata statua del sedicesimo secolo di Giambologna raffigurante la personificazione degli Appennini sotto forma di una figura colossale.<\/p>\n\n\n\n<div class=\"wp-block-columns is-layout-flex wp-container-core-columns-is-layout-9d6595d7 wp-block-columns-is-layout-flex\">\n<div class=\"wp-block-column is-layout-flow wp-block-column-is-layout-flow\" style=\"flex-basis:85%\">\n<p>Indirizzo: Via Fiorentina, 276, 50036 Pratolino FI<br>Coordinate: 43.8598, 11.3034<\/p>\n<\/div>\n\n\n\n<div class=\"wp-block-column is-layout-flow wp-block-column-is-layout-flow\" style=\"flex-basis:15%\">\n<p class=\"has-text-align-right\"><a href=\"https:\/\/goo.gl\/maps\/svoNE11knKqd7BoQ9\" target=\"_blank\" aria-label=\" (opens in a new tab)\" rel=\"noreferrer noopener\" class=\"ek-link\">Google Maps<\/a><\/p>\n<\/div>\n<\/div>\n\n\n<div class=\"wp-block-ub-divider ub_divider ub-divider-orientation-horizontal\" id=\"ub_divider_59379c13-4141-48d9-b595-8efec3714dfe\"><div class=\"ub_divider_wrapper\" style=\"position: relative; margin-bottom: 2px; width: 100%; height: 2px; \" data-divider-alignment=\"center\"><div class=\"ub_divider_line\" style=\"border-top: 2px solid #ccc; margin-top: 2px; \"><\/div><\/div><\/div>\n\n\n<h4 class=\"wp-block-heading\" id=\"sanctuary-of-montesenario\"><strong><strong>Santuario di Montesenario<\/strong><\/strong><\/h4>\n\n\n\n<p class=\"translation-block\">Il Santuario di Montesenario \u00e8 uno storico complesso religioso fondato nel tredicesimo secolo e situato su un monte nei pressi di Vaglia. Nel corso dei secoli il complesso \u00e8 stato impreziosito da numerose opere d'arte, ed \u00e8 tra i santuari pi\u00f9 importanti della regione.<\/p>\n\n\n\n<div class=\"wp-block-columns is-layout-flex wp-container-core-columns-is-layout-9d6595d7 wp-block-columns-is-layout-flex\">\n<div class=\"wp-block-column is-layout-flow wp-block-column-is-layout-flow\" style=\"flex-basis:85%\">\n<p>Indirizzo: Via di Montesenario, 3474\/A, 50036 Bivigliano FI<br>Coordinate: 43.8952, 11.3335<\/p>\n<\/div>\n\n\n\n<div class=\"wp-block-column is-layout-flow wp-block-column-is-layout-flow\" style=\"flex-basis:15%\">\n<p class=\"has-text-align-right\"><a href=\"https:\/\/goo.gl\/maps\/muG9yWjPNuUxGGrJ8\" target=\"_blank\" aria-label=\" (opens in a new tab)\" rel=\"noreferrer noopener\" class=\"ek-link\">Google Maps<\/a><\/p>\n<\/div>\n<\/div>\n\n\n<div style=\"margin-top: var(--wp--preset--spacing--40); margin-bottom: var(--wp--preset--spacing--40); \" class=\"wp-block-ub-divider ub_divider ub-divider-orientation-horizontal\" id=\"ub_divider_ef1739d7-5010-4601-9c81-9f9e844b4ff2\"><div class=\"ub_divider_wrapper\" style=\"position: relative; margin-bottom: 10px; width: 100%; height: 10px; \" data-divider-alignment=\"center\"><div class=\"ub_divider_line\" style=\"border-top: 2px solid #000000; margin-top: 10px; \"><\/div><\/div><\/div>\n\n\n<h2 class=\"wp-block-heading\" id=\"scarperia-e-san-piero\"><strong>Scarperia e San Piero<\/strong><\/h2>\n\n\n\n<p class=\"translation-block\">Scarperia e San Piero \u00e8 un comune nato dalla fusione dei paesi di Scarperia e San Piero a Sieve, situati nel Mugello a nord di Firenze. I due villaggi hanno vari edifici storici, ma ora sono conosciuti soprattutto per ospitare un circuito automobilistico e motociclistico.<\/p>\n\n\n<div class=\"wp-block-ub-divider ub_divider ub-divider-orientation-horizontal\" id=\"ub_divider_de76b327-e121-4dd1-800f-08206d1d1c62\"><div class=\"ub_divider_wrapper\" style=\"position: relative; margin-bottom: 2px; width: 100%; height: 2px; \" data-divider-alignment=\"center\"><div class=\"ub_divider_line\" style=\"border-top: 2px solid #ccc; margin-top: 2px; \"><\/div><\/div><\/div>\n\n\n<h4 class=\"wp-block-heading\" id=\"mugello-circuit\"><strong>Autodromo Internazionale del Mugello<\/strong><\/h4>\n\n\n\n<p class=\"translation-block\">L'Autodromo Internazionale del Mugello \u00e8 un circuito automobilistico e motociclistico situato vicino a Scarperia. Il tracciato \u00e8 stato inaugurato nel 1974 in sostituzione di uno storico circuito stradale, e ha ospitato numerose edizioni del Gran Premio motociclistico d'Italia e il Gran Premio di Toscana di Formula 1 nel 2020.<\/p>\n\n\n\n<div class=\"wp-block-columns is-layout-flex wp-container-core-columns-is-layout-9d6595d7 wp-block-columns-is-layout-flex\">\n<div class=\"wp-block-column is-layout-flow wp-block-column-is-layout-flow\" style=\"flex-basis:85%\">\n<p>Indirizzo: Localit\u00e0 Senni, 15, 50038 Scarperia e San Piero FI<br>Coordinate: 43.9960, 11.3709<\/p>\n<\/div>\n\n\n\n<div class=\"wp-block-column is-layout-flow wp-block-column-is-layout-flow\" style=\"flex-basis:15%\">\n<p class=\"has-text-align-right\"><a href=\"https:\/\/goo.gl\/maps\/B8a2LXpdsXPCPiyz8\" target=\"_blank\" aria-label=\" (opens in a new tab)\" rel=\"noreferrer noopener\" class=\"ek-link\">Google Maps<\/a><\/p>\n<\/div>\n<\/div>\n\n\n<div class=\"wp-block-ub-divider ub_divider ub-divider-orientation-horizontal\" id=\"ub_divider_93c7cbb8-8dd7-41cc-9df2-0b89dffb4e75\"><div class=\"ub_divider_wrapper\" style=\"position: relative; margin-bottom: 2px; width: 100%; height: 2px; \" data-divider-alignment=\"center\"><div class=\"ub_divider_line\" style=\"border-top: 2px solid #ccc; margin-top: 2px; \"><\/div><\/div><\/div>\n\n\n<h4 class=\"wp-block-heading\" id=\"palazzo-dei-vicari\"><strong><strong>Palazzo dei Vicari<\/strong><\/strong><\/h4>\n\n\n\n<p>Il Palazzo dei Vicari \u00e8 un edificio storico a Scarperia, eretto originariamente nel quattordicesimo secolo e successivamente ampliato e restaurato pi\u00f9 volte. Il palazzo presenta alcuni antichi affreschi e ospita un museo dedicato alla tradizionale produzione di coltelli della citt\u00e0, che risale a diversi secoli fa.<\/p>\n\n\n\n<div class=\"wp-block-columns is-layout-flex wp-container-core-columns-is-layout-9d6595d7 wp-block-columns-is-layout-flex\">\n<div class=\"wp-block-column is-layout-flow wp-block-column-is-layout-flow\" style=\"flex-basis:85%\">\n<p>Indirizzo: Piazza Dei Vicari, 50038 Scarperia e San Piero FI<br>Coordinate: 43.9961, 11.3547<\/p>\n<\/div>\n\n\n\n<div class=\"wp-block-column is-layout-flow wp-block-column-is-layout-flow\" style=\"flex-basis:15%\">\n<p class=\"has-text-align-right\"><a href=\"https:\/\/goo.gl\/maps\/XEA652MFpfdzL45h8\" target=\"_blank\" aria-label=\" (opens in a new tab)\" rel=\"noreferrer noopener\" class=\"ek-link\">Google Maps<\/a><\/p>\n<\/div>\n<\/div>\n\n\n<div style=\"margin-top: var(--wp--preset--spacing--40); margin-bottom: var(--wp--preset--spacing--40); \" class=\"wp-block-ub-divider ub_divider ub-divider-orientation-horizontal\" id=\"ub_divider_d55c4f85-5ca1-4ca3-9f30-466f27585b3e\"><div class=\"ub_divider_wrapper\" style=\"position: relative; margin-bottom: 10px; width: 100%; height: 10px; \" data-divider-alignment=\"center\"><div class=\"ub_divider_line\" style=\"border-top: 2px solid #000000; margin-top: 10px; \"><\/div><\/div><\/div>\n\n\n<h2 class=\"wp-block-heading\" id=\"palazzuolo-sul-senio\"><strong>Palazzuolo sul Senio<\/strong><\/h2>\n\n\n\n<p class=\"translation-block\">Palazzuolo sul Senio \u00e8 un paesino situato tra gli Appennini nella Citt\u00e0 Metropolitana di Firenze. Il paese entr\u00f2 a far parte della Repubblica di Firenze nel quattordicesimo secolo e fa parte della cosiddetta Romagna toscana, una piccola porzione della Toscana situata sul versante settentrionale dell'Appennino.<\/p>\n\n\n<div class=\"wp-block-ub-divider ub_divider ub-divider-orientation-horizontal\" id=\"ub_divider_ef6412d2-830c-4236-b149-1b69e21d3c6b\"><div class=\"ub_divider_wrapper\" style=\"position: relative; margin-bottom: 2px; width: 100%; height: 2px; \" data-divider-alignment=\"center\"><div class=\"ub_divider_line\" style=\"border-top: 2px solid #ccc; margin-top: 2px; \"><\/div><\/div><\/div>\n\n\n<h4 class=\"wp-block-heading\" id=\"palazzo-dei-capitani\"><strong>Palazzo dei Capitani<\/strong><\/h4>\n\n\n\n<p class=\"translation-block\">Palazzo dei Capitani \u00e8 un edificio medievale a Palazzuolo sul Senio, che oggi ospita due musei. Qui ha sede il <strong>Museo Archeologico dell'Alto Mugello<\/strong>, che presenta una ricca e interessante serie di reperti archeologici databili tra la preistoria e il Tardo Medioevo. Il piano inferiore del palazzo ospita il <strong>Museo delle Genti di Montagna<\/strong>, dedicato alla storia della locale vita tradizionale di montagna.<\/p>\n\n\n\n<div class=\"wp-block-columns is-layout-flex wp-container-core-columns-is-layout-9d6595d7 wp-block-columns-is-layout-flex\">\n<div class=\"wp-block-column is-layout-flow wp-block-column-is-layout-flow\" style=\"flex-basis:85%\">\n<p>Indirizzo: Piazza Ettore Alpi, 3, 50035 Palazzuolo sul Senio FI<br>Coordinate: 44.1124, 11.5478<\/p>\n<\/div>\n\n\n\n<div class=\"wp-block-column is-layout-flow wp-block-column-is-layout-flow\" style=\"flex-basis:15%\">\n<p class=\"has-text-align-right\"><a href=\"https:\/\/goo.gl\/maps\/P5aS2tTunEc2CNYG9\" target=\"_blank\" aria-label=\" (opens in a new tab)\" rel=\"noreferrer noopener\" class=\"ek-link\">Google Maps<\/a><\/p>\n<\/div>\n<\/div>","protected":false},"excerpt":{"rendered":"<p>&lt;&lt;\u00a0Tuscany The Mugello is a historic region located north of Florence. This region includes the valley formed by the Sieve river, but also an area located north of the watershed of the Apennines, at the border with Emilia-Romagna. Several historic towns and attractions can be found in the Mugello. Vaglia Vaglia is a small town located on the hills north of Florence. Its territory houses various historic attracions. Villa Demidoff Villa di Pratolino was a residence of the Medici family located near Vaglia. The palace was erected during the 16th century, but it was demolished in the 18th century. The surviving structures were later restored and turned into Villa Demidoff. The current villa is surrounded by the large park that once belonged to the original palace. Among the various attractions in the park the most notable is the Apennine Colossus (Colosso dell&#8217;Appennino), an elaborate 16th-century statue by Giambologna depicting the personification of the&nbsp;Apennine mountains in the form of a colossal figure. Address: Via Fiorentina, 276, 50036 Pratolino FICoordinates: 43.8598, 11.3034 Google Maps Sanctuary of Montesenario The Sanctuary of Montesenario (Santuario di Montesenario) is a historic religious complex founded in the 13th century and located on a mountain near Vaglia. Over the centuries, the complex has been embellished with numerous artworks, and it is among the most important sanctuaries in the region. Address: Via di Montesenario, 3474\/A, 50036 Bivigliano FICoordinates: 43.8952, 11.3335 Google Maps Scarperia e San Piero Scarperia e San Piero is a municipality created from the merger of the towns of Scarperia and San Piero a Sieve, located in the Mugello region north of Florence. The two villages have various historic buildings, but now are mostly known for hosting a motorsport\u00a0race track. Mugello Circuit The Mugello Circuit (Autodromo Internazionale del Mugello) is a racing circuit located near Scarperia. The track was inaugurated in 1974 to replace a historic public road circuit, and it has hosted numerous editions of the Italian Motorcycle Grand Prix and the 2020 Tuscan Grand Prix of Formula One. Address: Localit\u00e0 Senni, 15, 50038 Scarperia e San Piero FICoordinates: 43.9960, 11.3709 Google Maps Palazzo dei Vicari Palazzo dei Vicari is a historic building in Scarperia, originally erected in the 14th century and later expanded and restored various times. The palace features some ancient frescoes and houses a museum dedicated to the traditional production of knives in the town, which goes back several centuries. Address: Piazza Dei Vicari, 50038 Scarperia e San Piero FICoordinates: 43.9961, 11.3547 Google Maps Palazzuolo sul Senio Palazzuolo sul Senio is a tiny town located among the Apennines in the Metropolitan City of Florence. The town became part of the Republic of Florence in the 14th century, and forms part of the so-called Tuscan Romagna, a small section of Tuscany located on the northern side of the Apennines. Palazzo dei Capitani Palazzo dei Capitani is a medieval building in Palazzuolo sul Senio, now housing two museums. The Archaeological Museum of Alto Mugello (Museo Archeologico dell&#8217;Alto Mugello) is located here, and features a rich and interesting series of archaeological findings dating between prehistory and the Late Middle Ages. The lower floor of the palace houses the Mountain Folk Museum (Museo delle Genti di Montagna), dedicated to the history of the local traditional mountain life. Address: Piazza Ettore Alpi, 3, 50035 Palazzuolo sul Senio FICoordinates: 44.1124, 11.5478 Google Maps<\/p>","protected":false},"author":1,"featured_media":0,"parent":932,"menu_order":0,"comment_status":"closed","ping_status":"closed","template":"","meta":{"_editorskit_title_hidden":false,"_editorskit_reading_time":0,"_editorskit_is_block_options_detached":false,"_editorskit_block_options_position":"{}","om_disable_all_campaigns":false,"_uag_custom_page_level_css":"","advgb_blocks_editor_width":"","advgb_blocks_columns_visual_guide":"","_monsterinsights_skip_tracking":false,"_monsterinsights_sitenote_active":false,"_monsterinsights_sitenote_note":"","_monsterinsights_sitenote_category":0,"footnotes":""},"class_list":["post-9986","page","type-page","status-publish","hentry"],"aioseo_notices":[],"featured_image_src":null,"uagb_featured_image_src":{"full":false,"thumbnail":false,"medium":false,"medium_large":false,"large":false,"1536x1536":false,"2048x2048":false,"trp-custom-language-flag":false,"xs-thumb":false,"post-thumbnail":false,"minimalistblogger-grid":false,"minimalistblogger-slider":false,"minimalistblogger-small":false},"uagb_author_info":{"display_name":"Stefano Cammisa","author_link":"https:\/\/www.cosmundus.com\/it\/author\/stefano-cammisa\/"},"uagb_comment_info":0,"uagb_excerpt":"&lt;&lt;\u00a0Tuscany The Mugello is a historic region located north of Florence. This region includes the valley formed by the Sieve river, but also an area located north of the watershed of the Apennines, at the border with Emilia-Romagna. Several historic towns and attractions can be found in the Mugello. Vaglia Vaglia is a small town&hellip;","coauthors":[],"author_meta":{"author_link":"https:\/\/www.cosmundus.com\/it\/author\/stefano-cammisa\/","display_name":"Stefano Cammisa"},"relative_dates":{"created":"Pubblicato 2 anni fa","modified":"Aggiornato 2 anni fa"},"absolute_dates":{"created":"Pubblicato il 11 Marzo 2024","modified":"Aggiornato il 11 Marzo 2024"},"absolute_dates_time":{"created":"Pubblicato il 11 Marzo 2024 12:13 pm","modified":"Aggiornato il 11 Marzo 2024 12:14 pm"},"featured_img_caption":"","featured_img":false,"series_order":"","_links":{"self":[{"href":"https:\/\/www.cosmundus.com\/it\/wp-json\/wp\/v2\/pages\/9986","targetHints":{"allow":["GET"]}}],"collection":[{"href":"https:\/\/www.cosmundus.com\/it\/wp-json\/wp\/v2\/pages"}],"about":[{"href":"https:\/\/www.cosmundus.com\/it\/wp-json\/wp\/v2\/types\/page"}],"author":[{"embeddable":true,"href":"https:\/\/www.cosmundus.com\/it\/wp-json\/wp\/v2\/users\/1"}],"replies":[{"embeddable":true,"href":"https:\/\/www.cosmundus.com\/it\/wp-json\/wp\/v2\/comments?post=9986"}],"version-history":[{"count":3,"href":"https:\/\/www.cosmundus.com\/it\/wp-json\/wp\/v2\/pages\/9986\/revisions"}],"predecessor-version":[{"id":10007,"href":"https:\/\/www.cosmundus.com\/it\/wp-json\/wp\/v2\/pages\/9986\/revisions\/10007"}],"up":[{"embeddable":true,"href":"https:\/\/www.cosmundus.com\/it\/wp-json\/wp\/v2\/pages\/932"}],"wp:attachment":[{"href":"https:\/\/www.cosmundus.com\/it\/wp-json\/wp\/v2\/media?parent=9986"}],"curies":[{"name":"wp","href":"https:\/\/api.w.org\/{rel}","templated":true}]}}