{"id":9972,"date":"2024-03-11T10:54:56","date_gmt":"2024-03-11T09:54:56","guid":{"rendered":"https:\/\/www.cosmundus.com\/?page_id=9972"},"modified":"2024-03-11T10:54:57","modified_gmt":"2024-03-11T09:54:57","slug":"valdarno-and-val-di-chiana","status":"publish","type":"page","link":"https:\/\/www.cosmundus.com\/it\/destinations\/valdarno-and-val-di-chiana\/","title":{"rendered":"Valdarno e Val di Chiana"},"content":{"rendered":"<p class=\"has-text-align-right\">&lt;&lt;\u00a0<a href=\"https:\/\/www.cosmundus.com\/it\/atlas\/europe\/southern-europe\/italy\/central-italy\/tuscany\/\">Toscana<\/a><\/p>\n\n\n\n<p class=\"translation-block\">Il Valdarno e la Val di Chiana sono due valli nella Provincia di <a href=\"https:\/\/www.cosmundus.com\/it\/destinations\/arezzo\/\" class=\"ek-link\" target=\"_self\">Arezzo<\/a> . La Valdarno si trova a ovest di Arezzo ed \u00e8 attraversata dal fiume Arno, che scorre dal <a href=\"https:\/\/www.cosmundus.com\/it\/destinations\/casentino-and-tuscan-valtiberina\/\" class=\"ek-link\" target=\"_self\">Casentino<\/a> verso <a href=\"https:\/\/www.cosmundus.com\/it\/destinations\/florence\/\" class=\"ek-link\" target=\"_self\">Firenze<\/a>. La Val di Chiana si trova invece a sud di Arezzo e ospita la storica cittadina di Cortona. Entrambe queste valli si trovano in parte in altre province, ma le localit\u00e0 qui elencate comprendono solo quelle della Provincia di Arezzo.<\/p>\n\n\n\n<div class=\"wp-block-group\"><div class=\"wp-block-group__inner-container is-layout-constrained wp-block-group-is-layout-constrained\"><div style=\"border: 1px solid #8ed1fc; border-radius: 0%; background-color: inherit; \" class=\"ub-styled-box ub-bordered-box wp-block-ub-styled-box\" id=\"ub-styled-box-190ff36d-a1de-4567-8918-047589760ec7\">\n<p class=\"has-medium-font-size\" id=\"ub-styled-box-bordered-content-1f0bc3ff-ff0c-4e00-b44c-d70f1624bc62\">Posti da vedere in Valdarno e Val di Chiana<\/p>\n\n\n<div class=\"wp-block-aioseo-table-of-contents\"><ul><li><a class=\"aioseo-toc-item\" href=\"#cortona\">Cortona<\/a><ul><li><a class=\"aioseo-toc-item\" href=\"#museum-of-the-etruscan-academy-and-the-city-of-cortona\">Museo dell\u2019Accademia Etrusca e della Citt\u00e0 di Cortona<\/a><\/li><li><a class=\"aioseo-toc-item\" href=\"#cortona-cathedral\">Duomo di Cortona<\/a><\/li><li><a class=\"aioseo-toc-item\" href=\"#diocesan-museum-of-cortona\">Museo Diocesano di Cortona<\/a><\/li><li><a class=\"aioseo-toc-item\" href=\"#basilica-of-santa-margherita\">Basilica di Santa Margherita<\/a><\/li><li><a class=\"aioseo-toc-item\" href=\"#girifalco-fortress\">Fortezza del Girifalco<\/a><\/li><li><a class=\"aioseo-toc-item\" href=\"#convent-of-le-celle\">Convento delle Celle<\/a><\/li><\/ul><\/li><li><a class=\"aioseo-toc-item\" href=\"#castiglion-fiorentino\">Castiglion Fiorentino<\/a><ul><li><a class=\"aioseo-toc-item\" href=\"#cassero-of-castiglion-fiorentino\">Cassero di Castiglion Fiorentino<\/a><\/li><li><a class=\"aioseo-toc-item\" href=\"#montecchio-vesponi-castle\">Castello di Montecchio Vesponi<\/a><\/li><\/ul><\/li><li><a class=\"aioseo-toc-item\" href=\"#monteverchi\">Montevarchi<\/a><ul><li><a class=\"aioseo-toc-item\" href=\"#paleontological-museum-of-montevarchi\">Museo Paleontologico di Montevarchi<\/a><\/li><\/ul><\/li><li><a class=\"aioseo-toc-item\" href=\"#san-giovanni-valdarno\">San Giovanni Valdarno<\/a><ul><li><a class=\"aioseo-toc-item\" href=\"#piazza-masaccio\">Piazza Masaccio<\/a><\/li><li><a class=\"aioseo-toc-item\" href=\"#casa-masaccio\">Casa Masaccio<\/a><\/li><\/ul><\/li><\/ul><\/div>\n\n<\/div><\/div><\/div>\n\n\n\n<h2 class=\"wp-block-heading\" id=\"cortona\"><strong>Cortona<\/strong><\/h2>\n\n\n\n<p class=\"translation-block\">Cortona \u00e8 una cittadina situata ai piedi delle colline a sud di Arezzo. Fu una delle pi\u00f9 grandi citt\u00e0 etrusche, e successivamente una colonia romana. Ora \u00e8 conosciuta per il suo ricco patrimonio storico e artistico, soprattutto di epoca etrusca e rinascimentale.<\/p>\n\n\n<div class=\"wp-block-ub-divider ub_divider ub-divider-orientation-horizontal\" id=\"ub_divider_98da5f81-400a-4fa2-91d1-db8af6647957\"><div class=\"ub_divider_wrapper\" style=\"position: relative; margin-bottom: 2px; width: 100%; height: 2px; \" data-divider-alignment=\"center\"><div class=\"ub_divider_line\" style=\"border-top: 2px solid #ccc; margin-top: 2px; \"><\/div><\/div><\/div>\n\n\n<h4 class=\"wp-block-heading\" id=\"museum-of-the-etruscan-academy-and-the-city-of-cortona\"><strong>Museo dell\u2019Accademia Etrusca e della Citt\u00e0 di Cortona<\/strong><\/h4>\n\n\n\n<p class=\"translation-block\">Il Museo dell'Accademia Etrusca e della Citt\u00e0 di Cortona \u00e8 un museo archeologico ospitato in un palazzo medievale a Cortona. Il museo \u00e8 dedicato principalmente alla civilt\u00e0 etrusca e presenta numerose opere d'arte e oggetti di quel periodo. Fanno parte della collezione del museo anche vari reperti archeologici romani e medievali.<\/p>\n\n\n\n<div class=\"wp-block-columns is-layout-flex wp-container-core-columns-is-layout-9d6595d7 wp-block-columns-is-layout-flex\">\n<div class=\"wp-block-column is-layout-flow wp-block-column-is-layout-flow\" style=\"flex-basis:85%\">\n<p>Indirizzo: Piazza Luca Signorelli, 9, 52044 Cortona AR<br>Coordinate: 43.2755, 11.9848<\/p>\n<\/div>\n\n\n\n<div class=\"wp-block-column is-layout-flow wp-block-column-is-layout-flow\" style=\"flex-basis:15%\">\n<p class=\"has-text-align-right\"><a href=\"https:\/\/goo.gl\/maps\/VcoQTjzGo6xXqrJm9\" target=\"_blank\" aria-label=\" (opens in a new tab)\" rel=\"noreferrer noopener\" class=\"ek-link\">Google Maps<\/a><\/p>\n<\/div>\n<\/div>\n\n\n<div class=\"wp-block-ub-divider ub_divider ub-divider-orientation-horizontal\" id=\"ub_divider_242b2373-e174-4a8c-9c4e-f004804eca48\"><div class=\"ub_divider_wrapper\" style=\"position: relative; margin-bottom: 2px; width: 100%; height: 2px; \" data-divider-alignment=\"center\"><div class=\"ub_divider_line\" style=\"border-top: 2px solid #ccc; margin-top: 2px; \"><\/div><\/div><\/div>\n\n\n<h4 class=\"wp-block-heading\" id=\"cortona-cathedral\"><strong><strong>Duomo di Cortona<\/strong><\/strong><\/h4>\n\n\n\n<p class=\"has-text-align-left translation-block\">Anche nota come: Concattedrale di Santa Maria Assunta<\/p>\n\n\n\n<p class=\"translation-block\">Il Duomo di Cortona \u00e8 una chiesa storica a Cortona, originariamente costruita nell'undicesimo secolo su un precedente tempio pagano. La chiesa \u00e8 stata pi\u00f9 volte rimaneggiata, ma conserva ancora la sua facciata romanica. La cattedrale ospita anche varie opere d'arte.<\/p>\n\n\n\n<div class=\"wp-block-columns is-layout-flex wp-container-core-columns-is-layout-9d6595d7 wp-block-columns-is-layout-flex\">\n<div class=\"wp-block-column is-layout-flow wp-block-column-is-layout-flow\" style=\"flex-basis:85%\">\n<p>Indirizzo: Piazza del Duomo, 1, 52044 Cortona AR<br>Coordinate: 43.2765, 11.9841<\/p>\n<\/div>\n\n\n\n<div class=\"wp-block-column is-layout-flow wp-block-column-is-layout-flow\" style=\"flex-basis:15%\">\n<p class=\"has-text-align-right\"><a href=\"https:\/\/goo.gl\/maps\/DChSbtVT2BoT1oWXA\" target=\"_blank\" aria-label=\" (opens in a new tab)\" rel=\"noreferrer noopener\" class=\"ek-link\">Google Maps<\/a><\/p>\n<\/div>\n<\/div>\n\n\n<div class=\"wp-block-ub-divider ub_divider ub-divider-orientation-horizontal\" id=\"ub_divider_5dc676a3-731e-4f4f-a316-60b3946cf492\"><div class=\"ub_divider_wrapper\" style=\"position: relative; margin-bottom: 2px; width: 100%; height: 2px; \" data-divider-alignment=\"center\"><div class=\"ub_divider_line\" style=\"border-top: 2px solid #ccc; margin-top: 2px; \"><\/div><\/div><\/div>\n\n\n<h4 class=\"wp-block-heading\" id=\"diocesan-museum-of-cortona\"><strong>Museo Diocesano di Cortona<\/strong><\/h4>\n\n\n\n<p class=\"translation-block\">Il Museo Diocesano di Cortona \u00e8 un museo di arte sacra a Cortona. Il museo presenta una ricca collezione di opere d'arte risalenti in gran parte al Rinascimento, tra cui dipinti di Beato Angelico, Lorenzetti e Signorelli. Il museo ospita anche un sarcofago romano decorato risalente al secondo secolo.<\/p>\n\n\n\n<div class=\"wp-block-columns is-layout-flex wp-container-core-columns-is-layout-9d6595d7 wp-block-columns-is-layout-flex\">\n<div class=\"wp-block-column is-layout-flow wp-block-column-is-layout-flow\" style=\"flex-basis:85%\">\n<p>Indirizzo: Piazza del Duomo, 1, 52044 Cortona AR<br>Coordinate: 43.2763, 11.9838<\/p>\n<\/div>\n\n\n\n<div class=\"wp-block-column is-layout-flow wp-block-column-is-layout-flow\" style=\"flex-basis:15%\">\n<p class=\"has-text-align-right\"><a href=\"https:\/\/goo.gl\/maps\/3bAH67xKEptt36r58\" target=\"_blank\" aria-label=\" (opens in a new tab)\" rel=\"noreferrer noopener\" class=\"ek-link\">Google Maps<\/a><\/p>\n<\/div>\n<\/div>\n\n\n<div class=\"wp-block-ub-divider ub_divider ub-divider-orientation-horizontal\" id=\"ub_divider_e1bd23cf-4992-4a04-87d2-07a40eb9a0d6\"><div class=\"ub_divider_wrapper\" style=\"position: relative; margin-bottom: 2px; width: 100%; height: 2px; \" data-divider-alignment=\"center\"><div class=\"ub_divider_line\" style=\"border-top: 2px solid #ccc; margin-top: 2px; \"><\/div><\/div><\/div>\n\n\n<h4 class=\"wp-block-heading\" id=\"basilica-of-santa-margherita\"><strong><strong>Basilica di Santa Margherita<\/strong><\/strong><\/h4>\n\n\n\n<p>La Basilica di Santa Margherita \u00e8 una chiesa situata su una collina a Cortona, originariamente eretta nel quattordicesimo secolo, e completamente ricostruita in stile neogotico nel diciannovesimo secolo. La chiesa presenta ricche decorazioni e varie opere d'arte e custodisce le reliquie di Santa Margherita da Cortona.<\/p>\n\n\n\n<div class=\"wp-block-columns is-layout-flex wp-container-core-columns-is-layout-9d6595d7 wp-block-columns-is-layout-flex\">\n<div class=\"wp-block-column is-layout-flow wp-block-column-is-layout-flow\" style=\"flex-basis:85%\">\n<p>Indirizzo: Via S. Margherita, 1, 52044 Cortona AR<br>Coordinate: 43.2766, 11.9922<\/p>\n<\/div>\n\n\n\n<div class=\"wp-block-column is-layout-flow wp-block-column-is-layout-flow\" style=\"flex-basis:15%\">\n<p class=\"has-text-align-right\"><a href=\"https:\/\/goo.gl\/maps\/sVQzAw2Tomwmd3Xg7\" target=\"_blank\" aria-label=\" (opens in a new tab)\" rel=\"noreferrer noopener\" class=\"ek-link\">Google Maps<\/a><\/p>\n<\/div>\n<\/div>\n\n\n<div class=\"wp-block-ub-divider ub_divider ub-divider-orientation-horizontal\" id=\"ub_divider_acf3f98e-a16e-4b80-bd67-a6018b56e476\"><div class=\"ub_divider_wrapper\" style=\"position: relative; margin-bottom: 2px; width: 100%; height: 2px; \" data-divider-alignment=\"center\"><div class=\"ub_divider_line\" style=\"border-top: 2px solid #ccc; margin-top: 2px; \"><\/div><\/div><\/div>\n\n\n<h4 class=\"wp-block-heading\" id=\"girifalco-fortress\"><strong><strong>Fortezza del Girifalco<\/strong><\/strong><\/h4>\n\n\n\n<p class=\"translation-block\">La Fortezza del Girifalco \u00e8 una fortezza del sedicesimo secolo situata su una collina a Cortona, vicino alla Basilica di Santa Margherita. La rocca \u00e8 collegata con l'antica cinta muraria di Cortona, di cui restano alcuni tratti. Ora il complesso viene utilizzato per ospitare eventi. Grazie alla sua posizione offre una splendida vista sulla regione circostante.<\/p>\n\n\n\n<div class=\"wp-block-columns is-layout-flex wp-container-core-columns-is-layout-9d6595d7 wp-block-columns-is-layout-flex\">\n<div class=\"wp-block-column is-layout-flow wp-block-column-is-layout-flow\" style=\"flex-basis:85%\">\n<p>Indirizzo: Via di Fortezza, 52044 Cortona AR<br>Coordinate: 43.2769, 11.9939<\/p>\n<\/div>\n\n\n\n<div class=\"wp-block-column is-layout-flow wp-block-column-is-layout-flow\" style=\"flex-basis:15%\">\n<p class=\"has-text-align-right\"><a href=\"https:\/\/goo.gl\/maps\/vxo2h5svygHYz3v86\" target=\"_blank\" aria-label=\" (opens in a new tab)\" rel=\"noreferrer noopener\" class=\"ek-link\">Google Maps<\/a><\/p>\n<\/div>\n<\/div>\n\n\n<div class=\"wp-block-ub-divider ub_divider ub-divider-orientation-horizontal\" id=\"ub_divider_858f528d-0112-4049-a633-1480cbe55c7f\"><div class=\"ub_divider_wrapper\" style=\"position: relative; margin-bottom: 2px; width: 100%; height: 2px; \" data-divider-alignment=\"center\"><div class=\"ub_divider_line\" style=\"border-top: 2px solid #ccc; margin-top: 2px; \"><\/div><\/div><\/div>\n\n\n<h4 class=\"wp-block-heading\" id=\"convent-of-le-celle\"><strong><strong>Convento delle Celle<\/strong><\/strong><\/h4>\n\n\n\n<p class=\"translation-block\">Il Convento delle Celle \u00e8 un complesso religioso fondato nel tredicesimo secolo sulle montagne vicino a Cortona. L'eremo ospit\u00f2 San Francesco d'<a href=\"https:\/\/www.cosmundus.com\/it\/destinations\/assisi\/\" class=\"ek-link\" target=\"_self\">Assisi<\/a> e comprende la cella dove visse, insieme a una chiesa e alcuni altri piccoli edifici.<\/p>\n\n\n\n<div class=\"wp-block-columns is-layout-flex wp-container-core-columns-is-layout-9d6595d7 wp-block-columns-is-layout-flex\">\n<div class=\"wp-block-column is-layout-flow wp-block-column-is-layout-flow\" style=\"flex-basis:85%\">\n<p>Indirizzo: Eremo Francescano \u201cLe Celle\u201d, 52044 Cortona AR<br>Coordinate: 43.2942, 12.0009<\/p>\n<\/div>\n\n\n\n<div class=\"wp-block-column is-layout-flow wp-block-column-is-layout-flow\" style=\"flex-basis:15%\">\n<p class=\"has-text-align-right\"><a href=\"https:\/\/goo.gl\/maps\/pPY8SCBmQu5NV4ZCA\" target=\"_blank\" aria-label=\" (opens in a new tab)\" rel=\"noreferrer noopener\" class=\"ek-link\">Google Maps<\/a><\/p>\n<\/div>\n<\/div>\n\n\n<div style=\"margin-top: var(--wp--preset--spacing--40); margin-bottom: var(--wp--preset--spacing--40); \" class=\"wp-block-ub-divider ub_divider ub-divider-orientation-horizontal\" id=\"ub_divider_a002cb6e-de0d-4e68-8054-f7ce33e5d4f4\"><div class=\"ub_divider_wrapper\" style=\"position: relative; margin-bottom: 10px; width: 100%; height: 10px; \" data-divider-alignment=\"center\"><div class=\"ub_divider_line\" style=\"border-top: 2px solid #000000; margin-top: 10px; \"><\/div><\/div><\/div>\n\n\n<h2 class=\"wp-block-heading\" id=\"castiglion-fiorentino\"><strong>Castiglion Fiorentino<\/strong><\/h2>\n\n\n\n<p class=\"translation-block\">Castiglion Fiorentino \u00e8 un paese situato a sud di Arezzo. Conteso tra le potenze locali nel Tardo Medioevo, assunse il nome attuale dopo essere stato conquistato da Firenze.<\/p>\n\n\n<div class=\"wp-block-ub-divider ub_divider ub-divider-orientation-horizontal\" id=\"ub_divider_b2b0eaeb-e566-4578-8d7b-5954ce2ee394\"><div class=\"ub_divider_wrapper\" style=\"position: relative; margin-bottom: 2px; width: 100%; height: 2px; \" data-divider-alignment=\"center\"><div class=\"ub_divider_line\" style=\"border-top: 2px solid #ccc; margin-top: 2px; \"><\/div><\/div><\/div>\n\n\n<h4 class=\"wp-block-heading\" id=\"cassero-of-castiglion-fiorentino\"><strong>Cassero di Castiglion Fiorentino<\/strong><\/h4>\n\n\n\n<p>Il Cassero \u00e8 una torre e fortificazione medievale a Castiglion Fiorentino. La struttura attuale, parzialmente diroccata, risale al quattordicesimo secolo. Accanto alla torre si trova un museo archeologico con vari reperti provenienti dal territorio cittadino.<\/p>\n\n\n\n<div class=\"wp-block-columns is-layout-flex wp-container-core-columns-is-layout-9d6595d7 wp-block-columns-is-layout-flex\">\n<div class=\"wp-block-column is-layout-flow wp-block-column-is-layout-flow\" style=\"flex-basis:85%\">\n<p>Indirizzo: Via del Tribunale, 8, 52043 Castiglion Fiorentino AR<br>Coordinate: 43.3419, 11.9225<\/p>\n<\/div>\n\n\n\n<div class=\"wp-block-column is-layout-flow wp-block-column-is-layout-flow\" style=\"flex-basis:15%\">\n<p class=\"has-text-align-right\"><a href=\"https:\/\/goo.gl\/maps\/jqvMenCCcqiFco137\" target=\"_blank\" aria-label=\" (opens in a new tab)\" rel=\"noreferrer noopener\" class=\"ek-link\">Google Maps<\/a><\/p>\n<\/div>\n<\/div>\n\n\n<div class=\"wp-block-ub-divider ub_divider ub-divider-orientation-horizontal\" id=\"ub_divider_56f87cf3-7471-4d43-9dd0-0f9968459662\"><div class=\"ub_divider_wrapper\" style=\"position: relative; margin-bottom: 2px; width: 100%; height: 2px; \" data-divider-alignment=\"center\"><div class=\"ub_divider_line\" style=\"border-top: 2px solid #ccc; margin-top: 2px; \"><\/div><\/div><\/div>\n\n\n<h4 class=\"wp-block-heading\" id=\"montecchio-vesponi-castle\"><strong><strong>Castello di Montecchio Vesponi<\/strong><\/strong><\/h4>\n\n\n\n<p>Il Castello di Montecchio Vesponi \u00e8 un castello medievale situato su una collina a sud di Castiglion Fiorentino, che domina sul borgo di Montecchio Vesponi. Costruito durante il Tardo Medioevo, fu restaurato nel ventesimo secolo e presenta imponenti mura e fortificazioni, sormontate da un'alta torre.<\/p>\n\n\n\n<div class=\"wp-block-columns is-layout-flex wp-container-core-columns-is-layout-9d6595d7 wp-block-columns-is-layout-flex\">\n<div class=\"wp-block-column is-layout-flow wp-block-column-is-layout-flow\" style=\"flex-basis:85%\">\n<p>Indirizzo: Localita Montecchio Vesponi, 353, 52043 Montecchio AR<br>Coordinate: 43.3169, 11.9278<\/p>\n<\/div>\n\n\n\n<div class=\"wp-block-column is-layout-flow wp-block-column-is-layout-flow\" style=\"flex-basis:15%\">\n<p class=\"has-text-align-right\"><a href=\"https:\/\/goo.gl\/maps\/RrePhGPbqJZMnogJ7\" target=\"_blank\" aria-label=\" (opens in a new tab)\" rel=\"noreferrer noopener\" class=\"ek-link\">Google Maps<\/a><\/p>\n<\/div>\n<\/div>\n\n\n<div style=\"margin-top: var(--wp--preset--spacing--40); margin-bottom: var(--wp--preset--spacing--40); \" class=\"wp-block-ub-divider ub_divider ub-divider-orientation-horizontal\" id=\"ub_divider_90f6469e-7f56-4406-80ce-6b2b05f1a253\"><div class=\"ub_divider_wrapper\" style=\"position: relative; margin-bottom: 10px; width: 100%; height: 10px; \" data-divider-alignment=\"center\"><div class=\"ub_divider_line\" style=\"border-top: 2px solid #000000; margin-top: 10px; \"><\/div><\/div><\/div>\n\n\n<h2 class=\"wp-block-heading\" id=\"monteverchi\"><strong>Montevarchi<\/strong><\/h2>\n\n\n\n<p class=\"translation-block\">Montevarchi \u00e8 un paese situato a nord-ovest di Arezzo. La citt\u00e0 sorse durante il Tardo Medioevo e fu per secoli un rilevante centro commerciale, agricolo e industriale.<\/p>\n\n\n<div class=\"wp-block-ub-divider ub_divider ub-divider-orientation-horizontal\" id=\"ub_divider_70d70c1c-8b1e-45d8-b3f0-f23116d0603f\"><div class=\"ub_divider_wrapper\" style=\"position: relative; margin-bottom: 2px; width: 100%; height: 2px; \" data-divider-alignment=\"center\"><div class=\"ub_divider_line\" style=\"border-top: 2px solid #ccc; margin-top: 2px; \"><\/div><\/div><\/div>\n\n\n<h4 class=\"wp-block-heading\" id=\"paleontological-museum-of-montevarchi\"><strong>Museo Paleontologico di Montevarchi<\/strong><\/h4>\n\n\n\n<p class=\"translation-block\">Il Museo Paleontologico di Montevarchi \u00e8 un ricco museo di paleontologia a Montevarchi. La sua collezione comprende numerosi fossili e campioni di flora e fauna antiche, rinvenuti principalmente nell'area intorno alla citt\u00e0. Il pezzo pi\u00f9 notevole del museo \u00e8 il grande teschio di un mammut.<\/p>\n\n\n\n<div class=\"wp-block-columns is-layout-flex wp-container-core-columns-is-layout-9d6595d7 wp-block-columns-is-layout-flex\">\n<div class=\"wp-block-column is-layout-flow wp-block-column-is-layout-flow\" style=\"flex-basis:85%\">\n<p>Indirizzo: Via Poggio Bracciolini, 36-40, 52025 Montevarchi AR<br>Coordinate: 43.5244, 11.5673<\/p>\n<\/div>\n\n\n\n<div class=\"wp-block-column is-layout-flow wp-block-column-is-layout-flow\" style=\"flex-basis:15%\">\n<p class=\"has-text-align-right\"><a href=\"https:\/\/goo.gl\/maps\/d4LvTz1M7GYaVXhs7\" target=\"_blank\" aria-label=\" (opens in a new tab)\" rel=\"noreferrer noopener\" class=\"ek-link\">Google Maps<\/a><\/p>\n<\/div>\n<\/div>\n\n\n<div style=\"margin-top: var(--wp--preset--spacing--40); margin-bottom: var(--wp--preset--spacing--40); \" class=\"wp-block-ub-divider ub_divider ub-divider-orientation-horizontal\" id=\"ub_divider_fb347e14-c22b-4c0c-a83b-37a6fb74a83e\"><div class=\"ub_divider_wrapper\" style=\"position: relative; margin-bottom: 10px; width: 100%; height: 10px; \" data-divider-alignment=\"center\"><div class=\"ub_divider_line\" style=\"border-top: 2px solid #000000; margin-top: 10px; \"><\/div><\/div><\/div>\n\n\n<h2 class=\"wp-block-heading\" id=\"san-giovanni-valdarno\"><strong>San Giovanni Valdarno<\/strong><\/h2>\n\n\n\n<p class=\"translation-block\">San Giovanni Valdarno \u00e8 un paese situato lungo il fiume Arno in Provincia di Arezzo. La citt\u00e0 fu fondata nel 1296 ed \u00e8 nota per aver dato i natali al pittore rinascimentale Masaccio.<\/p>\n\n\n<div class=\"wp-block-ub-divider ub_divider ub-divider-orientation-horizontal\" id=\"ub_divider_13961c11-ba8b-4519-89bf-c0d899a830ba\"><div class=\"ub_divider_wrapper\" style=\"position: relative; margin-bottom: 2px; width: 100%; height: 2px; \" data-divider-alignment=\"center\"><div class=\"ub_divider_line\" style=\"border-top: 2px solid #ccc; margin-top: 2px; \"><\/div><\/div><\/div>\n\n\n<h4 class=\"wp-block-heading\" id=\"piazza-masaccio\"><strong><strong>Piazza Masaccio<\/strong><\/strong><\/h4>\n\n\n\n<p class=\"translation-block\">Piazza Masaccio \u00e8 la piazza principale di San Giovanni Valdarno, circondata da palazzi storici. A sud-ovest si trova la <strong>Basilica di Santa Maria delle Grazie<\/strong>, una chiesa rinascimentale con facciata neoclassica. Questa chiesa ospita anche un museo di arte sacra con varie opere d'arte rinascimentali. La gotica <strong>Chiesa di San Lorenzo<\/strong> \u00e8 adiacente alla basilica e presenta alcuni antichi affreschi e opere d'arte. Il lato nord-orientale della piazza ospita il <strong>Palazzo d\u2019Arnolfo<\/strong>, un palazzo di origini medievali che ospita un museo di storia locale.<\/p>\n\n\n\n<div class=\"wp-block-columns is-layout-flex wp-container-core-columns-is-layout-9d6595d7 wp-block-columns-is-layout-flex\">\n<div class=\"wp-block-column is-layout-flow wp-block-column-is-layout-flow\" style=\"flex-basis:85%\">\n<p>Indirizzo: Piazza Masaccio, 52027 San Giovanni Valdarno AR<br>Coordinate: 43.5645, 11.5297<\/p>\n<\/div>\n\n\n\n<div class=\"wp-block-column is-layout-flow wp-block-column-is-layout-flow\" style=\"flex-basis:15%\">\n<p class=\"has-text-align-right\"><a href=\"https:\/\/goo.gl\/maps\/w3AioJ4Fxig1Az8g7\" target=\"_blank\" aria-label=\" (opens in a new tab)\" rel=\"noreferrer noopener\" class=\"ek-link\">Google Maps<\/a><\/p>\n<\/div>\n<\/div>\n\n\n<div class=\"wp-block-ub-divider ub_divider ub-divider-orientation-horizontal\" id=\"ub_divider_d180630e-e634-4a05-847b-1133f30d084c\"><div class=\"ub_divider_wrapper\" style=\"position: relative; margin-bottom: 2px; width: 100%; height: 2px; \" data-divider-alignment=\"center\"><div class=\"ub_divider_line\" style=\"border-top: 2px solid #ccc; margin-top: 2px; \"><\/div><\/div><\/div>\n\n\n<h4 class=\"wp-block-heading\" id=\"casa-masaccio\"><strong>Casa Masaccio<\/strong><\/h4>\n\n\n\n<p>Casa Masaccio \u00e8 un museo d'arte ospitato nella casa d'infanzia del pittore rinascimentale Masaccio. Il museo comprende una collezione di opere d'arte moderna e contemporanea e ospita mostre temporanee.<\/p>\n\n\n\n<div class=\"wp-block-columns is-layout-flex wp-container-core-columns-is-layout-9d6595d7 wp-block-columns-is-layout-flex\">\n<div class=\"wp-block-column is-layout-flow wp-block-column-is-layout-flow\" style=\"flex-basis:85%\">\n<p>Indirizzo: Corso Italia, 83, 52027 San Giovanni Valdarno AR<br>Coordinate: 43.5641, 11.5311<\/p>\n<\/div>\n\n\n\n<div class=\"wp-block-column is-layout-flow wp-block-column-is-layout-flow\" style=\"flex-basis:15%\">\n<p class=\"has-text-align-right\"><a href=\"https:\/\/goo.gl\/maps\/iEWSHuejsxpEStiA7\" target=\"_blank\" aria-label=\" (opens in a new tab)\" rel=\"noreferrer noopener\" class=\"ek-link\">Google Maps<\/a><\/p>\n<\/div>\n<\/div>","protected":false},"excerpt":{"rendered":"<p>&lt;&lt;\u00a0Tuscany Valdarno and Val di Chiana are two valleys in the Province of Arezzo. Valdarno is west of Arezzo and it is crossed by the Arno river, which flows from the Casentino toward Florence. Val di Chiana is instead located south of Arezzo and houses the historic town of Cortona. Both these valleys are partly located in other provinces, but the places listed here only include those in the Province of Arezzo. Cortona Cortona is a town located at the foot of the hills south of Arezzo. It was one of the largest Etruscan cities, and later a Roman colony. Now it is known for its rich historic and artistic heritage, especially from the Etruscan era and the Renaissance. Museum of the Etruscan Academy and the City of Cortona The Museum of the Etruscan Academy and the City of Cortona (Museo dell&#8217;Accademia Etrusca e della Citt\u00e0 di Cortona) is an archaeological museum housed in a medieval palace in Cortona. The museum is mostly dedicated to the Etruscan civilization, and it features numerous artworks and objects from that period. Part of the collection of the museum are also various Roman and medieval archaeological finds. Address: Piazza Luca Signorelli, 9, 52044 Cortona ARCoordinates: 43.2755, 11.9848 Google Maps Cortona Cathedral Also known as: Co-Cathedral of Santa Maria Assunta (Concattedrale di Santa Maria Assunta) The Cortona Cathedral (Duomo di Cortona) is a historic church in Cortona, originally built in the 11th century over a previous pagan temple. The church has been reworked several times, but it still has its Romanesque facade. The cathedral also houses various artworks. Address: Piazza del Duomo, 1, 52044 Cortona ARCoordinates: 43.2765, 11.9841 Google Maps Diocesan Museum of Cortona The Diocesan Museum of Cortona (Museo Diocesano di Cortona) is a museum of religious art in Cortona. The museum features a rich collection of artworks mostly dating from the Renaissance, including paintings by Fra Angelico, Lorenzetti, and Signorelli. The museum also houses a decorated Roman sarcophagus dating from the 2nd century. Address: Piazza del Duomo, 1, 52044 Cortona ARCoordinates: 43.2763, 11.9838 Google Maps Basilica of Santa Margherita The Basilica of Santa Margherita is a church located on a hill in Cortona, originally erected in the 14th century, and completely rebuilt in Gothic Revival style during the 19th century. The church features rich decorations and various artworks, and it houses the relics of Saint Margaret of Cortona. Address: Via S. Margherita, 1, 52044 Cortona ARCoordinates: 43.2766, 11.9922 Google Maps Girifalco Fortress The Girifalco Fortress (Fortezza del Girifalco) is a 16th-century fortress located on a hill in Cortona, near the Basilica of Santa Margherita. The fortress is connected with the ancient city walls of Cortona, of which some sections are still standing. Now the complex is used to host events. Thanks to its position, it offers a great view over the surrounding region. Address: Via di Fortezza, 52044 Cortona ARCoordinates: 43.2769, 11.9939 Google Maps Convent of Le Celle The Convent of Le Celle (Convento delle Celle) is a religious complex founded in the 13th century in the mountains near Cortona. The hermitage housed Saint Francis of Assisi, and it includes the cell where he lived, a church, and a few other small buildings. Address: Eremo Francescano \u201cLe Celle\u201d, 52044 Cortona ARCoordinates: 43.2942, 12.0009 Google Maps Castiglion Fiorentino Castiglion Fiorentino is a town located south of Arezzo. Contested between local powers in the Late Middle Ages, it got its current name after being conquered by Florence. Cassero of Castiglion Fiorentino The Cassero is a medieval tower and fortification in Castiglion Fiorentino. The current structure, which is partially ruined, dates from the 14th century. Next to the tower is an archaeological museum with various finds from the area around the town. Address: Via del Tribunale, 8, 52043 Castiglion Fiorentino ARCoordinates: 43.3419, 11.9225 Google Maps Montecchio Vesponi Castle The Montecchio Vesponi Castle is a medieval castle located on a hill south of Castiglion Fiorentino, overlooking the village of Montecchio Vesponi. Built during the Late Middle Ages, it was restored in the 20th century, and it features imposing walls and fortifications, topped by a tall tower. Address: Localita Montecchio Vesponi, 353, 52043 Montecchio ARCoordinates: 43.3169, 11.9278 Google Maps Montevarchi Montevarchi is a town located northwest of Arezzo. The city emerged during the Late Middle Ages, and it has been for centuries a relevant commercial, agricultural, and industrial center. Paleontological Museum of Montevarchi The Paleontological Museum of Montevarchi (Museo Paleontologico di Montevarchi) is a rich museum of paleontology in Montevarchi. Its collection includes several fossils and samples of ancient flora and fauna mostly found in the area around the city. The most notable piece in the museum is the large skull of a mammoth. Address: Via Poggio Bracciolini, 36-40, 52025 Montevarchi ARCoordinates: 43.5244, 11.5673 Google Maps San Giovanni Valdarno San Giovanni Valdarno is a town located along the Arno river in the Province of Arezzo. The town was founded in 1296, and it is known for being the birthplace of Renaissance painter\u00a0Masaccio. Piazza Masaccio Piazza Masaccio is the main square of San Giovanni Valdarno, surrounded by historic buildings. To the southwest is the Basilica of Santa Maria delle Grazie, a Renaissance church with a Neoclassical facade. This church also features a museum of religious art with various Renaissance artworks. The Gothic Church of San Lorenzo is adjacent to the basilica and features some ancient frescoes and artworks. The northeastern side of the square hosts the Palazzo d&#8217;Arnolfo, a palace of medieval origins housing a museum of local history. Address: Piazza Masaccio, 52027 San Giovanni Valdarno ARCoordinates: 43.5645, 11.5297 Google Maps Casa Masaccio Casa Masaccio is an art museum housed in the childhood home of Renaissance painter Masaccio. The museum includes a collection of modern and contemporary artworks, and hosts temporary exhibitions. Address: Corso Italia, 83, 52027 San Giovanni Valdarno ARCoordinates: 43.5641, 11.5311 Google Maps<\/p>","protected":false},"author":1,"featured_media":0,"parent":932,"menu_order":0,"comment_status":"closed","ping_status":"closed","template":"","meta":{"_editorskit_title_hidden":false,"_editorskit_reading_time":0,"_editorskit_is_block_options_detached":false,"_editorskit_block_options_position":"{}","om_disable_all_campaigns":false,"_uag_custom_page_level_css":"","advgb_blocks_editor_width":"","advgb_blocks_columns_visual_guide":"","_monsterinsights_skip_tracking":false,"_monsterinsights_sitenote_active":false,"_monsterinsights_sitenote_note":"","_monsterinsights_sitenote_category":0,"footnotes":""},"class_list":["post-9972","page","type-page","status-publish","hentry"],"aioseo_notices":[],"featured_image_src":null,"uagb_featured_image_src":{"full":false,"thumbnail":false,"medium":false,"medium_large":false,"large":false,"1536x1536":false,"2048x2048":false,"trp-custom-language-flag":false,"xs-thumb":false,"post-thumbnail":false,"minimalistblogger-grid":false,"minimalistblogger-slider":false,"minimalistblogger-small":false},"uagb_author_info":{"display_name":"Stefano Cammisa","author_link":"https:\/\/www.cosmundus.com\/it\/author\/stefano-cammisa\/"},"uagb_comment_info":0,"uagb_excerpt":"&lt;&lt;\u00a0Tuscany Valdarno and Val di Chiana are two valleys in the Province of Arezzo. Valdarno is west of Arezzo and it is crossed by the Arno river, which flows from the Casentino toward Florence. Val di Chiana is instead located south of Arezzo and houses the historic town of Cortona. Both these valleys are partly&hellip;","coauthors":[],"author_meta":{"author_link":"https:\/\/www.cosmundus.com\/it\/author\/stefano-cammisa\/","display_name":"Stefano Cammisa"},"relative_dates":{"created":"Pubblicato 2 anni fa","modified":"Aggiornato 2 anni fa"},"absolute_dates":{"created":"Pubblicato il 11 Marzo 2024","modified":"Aggiornato il 11 Marzo 2024"},"absolute_dates_time":{"created":"Pubblicato il 11 Marzo 2024 10:54 am","modified":"Aggiornato il 11 Marzo 2024 10:54 am"},"featured_img_caption":"","featured_img":false,"series_order":"","_links":{"self":[{"href":"https:\/\/www.cosmundus.com\/it\/wp-json\/wp\/v2\/pages\/9972","targetHints":{"allow":["GET"]}}],"collection":[{"href":"https:\/\/www.cosmundus.com\/it\/wp-json\/wp\/v2\/pages"}],"about":[{"href":"https:\/\/www.cosmundus.com\/it\/wp-json\/wp\/v2\/types\/page"}],"author":[{"embeddable":true,"href":"https:\/\/www.cosmundus.com\/it\/wp-json\/wp\/v2\/users\/1"}],"replies":[{"embeddable":true,"href":"https:\/\/www.cosmundus.com\/it\/wp-json\/wp\/v2\/comments?post=9972"}],"version-history":[{"count":1,"href":"https:\/\/www.cosmundus.com\/it\/wp-json\/wp\/v2\/pages\/9972\/revisions"}],"predecessor-version":[{"id":9982,"href":"https:\/\/www.cosmundus.com\/it\/wp-json\/wp\/v2\/pages\/9972\/revisions\/9982"}],"up":[{"embeddable":true,"href":"https:\/\/www.cosmundus.com\/it\/wp-json\/wp\/v2\/pages\/932"}],"wp:attachment":[{"href":"https:\/\/www.cosmundus.com\/it\/wp-json\/wp\/v2\/media?parent=9972"}],"curies":[{"name":"wp","href":"https:\/\/api.w.org\/{rel}","templated":true}]}}