{"id":9921,"date":"2024-03-07T12:12:55","date_gmt":"2024-03-07T11:12:55","guid":{"rendered":"https:\/\/www.cosmundus.com\/?page_id=9921"},"modified":"2024-10-07T11:51:08","modified_gmt":"2024-10-07T09:51:08","slug":"bassa-bresciana-lake-garda-and-lake-idro","status":"publish","type":"page","link":"https:\/\/www.cosmundus.com\/it\/destinations\/bassa-bresciana-lake-garda-and-lake-idro\/","title":{"rendered":"Bassa Bresciana, Lago di Garda e Lago d'Idro"},"content":{"rendered":"<p class=\"has-text-align-right\">&lt;&lt;&nbsp;<a href=\"https:\/\/www.cosmundus.com\/it\/atlas\/europe\/southern-europe\/italy\/northwest-italy\/lombardy\/\">Lombardia<\/a><\/p>\n\n\n\n<p class=\"translation-block\">La Provincia di <a href=\"https:\/\/www.cosmundus.com\/it\/destinations\/brescia\/\" class=\"ek-link\" target=\"_self\">Brescia<\/a> comprende la sponda occidentale del Lago di Garda, che presenta numerose famose localit\u00e0 lacustri, tra cui le citt\u00e0 storiche di Sirmione, Desenzano del Garda e Sal\u00f2. Pi\u00f9 a ovest si trova un altro lago tra le montagne, chiamato Lago d'Idro. La zona a sud di Brescia \u00e8 invece una zona agricola e industriale pianeggiante conosciuta come Bassa Bresciana.<\/p>\n\n\n\n<div class=\"wp-block-group\"><div class=\"wp-block-group__inner-container is-layout-constrained wp-block-group-is-layout-constrained\"><div style=\"border: 1px solid #8ed1fc; border-radius: 0%; background-color: inherit; \" class=\"ub-styled-box ub-bordered-box wp-block-ub-styled-box\" id=\"ub-styled-box-ef3aee6d-ba17-4de6-80e7-59782803b6b7\">\n<p class=\"has-medium-font-size\" id=\"ub-styled-box-bordered-content-536b01e5-2101-4ff3-8ce1-f208b3deaddf\">Posti da vedere nella Bassa Bresciana, sul Lago di Garda e sul Lago d'Idro<\/p>\n\n\n<div class=\"wp-block-aioseo-table-of-contents\"><ul><li><a class=\"aioseo-toc-item\" href=\"#sirmione\">Sirmione<\/a><ul><li><a class=\"aioseo-toc-item\" href=\"#scaliger-castle-of-sirmione\">\u272a Castello Scaligero di Sirmione<\/a><\/li><li><a class=\"aioseo-toc-item\" href=\"#grottoes-of-catullus\">\u272a Grotte di Catullo<\/a><\/li><\/ul><\/li><li><a class=\"aioseo-toc-item\" href=\"#desenzano-del-garda\">Desenzano del Garda<\/a><ul><li><a class=\"aioseo-toc-item\" href=\"#giovanni-rambotti-civic-archaeological-museum\">Museo Civico Archeologico Giovanni Rambotti<\/a><\/li><li><a class=\"aioseo-toc-item\" href=\"#roman-villa-of-desenzano-del-garda\">Villa Romana di Desenzano del Garda<\/a><\/li><li><a class=\"aioseo-toc-item\" href=\"#desenzano-castle\">Castello di Desenzano<\/a><\/li><\/ul><\/li><li><a class=\"aioseo-toc-item\" href=\"#san-martino-della-battaglia\">San Martino della Battaglia<\/a><ul><li><a class=\"aioseo-toc-item\" href=\"#tower-of-san-martino-della-battaglia\">Torre di San Martino della Battaglia<\/a><\/li><\/ul><\/li><li><a class=\"aioseo-toc-item\" href=\"#lonato-del-garda\">Lonato del Garda<\/a><ul><li><a class=\"aioseo-toc-item\" href=\"#rocca-of-lonato\">Rocca di Lonato<\/a><\/li><li><a class=\"aioseo-toc-item\" href=\"#museo-casa-del-podesta\">Museo Casa del Podest\u00e0<\/a><\/li><\/ul><\/li><li><a class=\"aioseo-toc-item\" href=\"#montichiari\">Montichiari<\/a><ul><li><a class=\"aioseo-toc-item\" href=\"#duomo-of-montichiari\">Duomo di Montichiari<\/a><\/li><li><a class=\"aioseo-toc-item\" href=\"#bonoris-castle\">Castello Bonoris<\/a><\/li><\/ul><\/li><li><a class=\"aioseo-toc-item\" href=\"#manerba-del-garda\">Manerba del Garda<\/a><ul><li><a class=\"aioseo-toc-item\" href=\"#rocca-of-manerba\">\u272a Rocca di Manerba<\/a><\/li><\/ul><\/li><li><a class=\"aioseo-toc-item\" href=\"#san-felice-del-benaco\">San Felice del Benaco<\/a><ul><li><a class=\"aioseo-toc-item\" href=\"#isola-del-garda\">Isola del Garda<\/a><\/li><\/ul><\/li><li><a class=\"aioseo-toc-item\" href=\"#salo\">Sal\u00f2<\/a><ul><li><a class=\"aioseo-toc-item\" href=\"#duomo-of-salo\">Duomo di Sal\u00f2<\/a><\/li><li><a class=\"aioseo-toc-item\" href=\"#salo-promenade\">Lungolago di Sal\u00f2<\/a><\/li><li><a class=\"aioseo-toc-item\" href=\"#salo-museum\">Museo di Sal\u00f2<\/a><\/li><\/ul><\/li><li><a class=\"aioseo-toc-item\" href=\"#gavardo\">Gavardo<\/a><ul><li><a class=\"aioseo-toc-item\" href=\"#archaeological-museum-of-valle-sabbia\">Museo Archeologico della Valle Sabbia<\/a><\/li><\/ul><\/li><li><a class=\"aioseo-toc-item\" href=\"#gardone-riviera\">Gardone Riviera<\/a><ul><li><a class=\"aioseo-toc-item\" href=\"#vittoriale-degli-italiani\">\u272a Vittoriale degli Italiani<\/a><\/li><li><a class=\"aioseo-toc-item\" href=\"#andre-heller-botanical-garden\">Giardino Botanico Andr\u00e9 Heller<\/a><\/li><\/ul><\/li><li><a class=\"aioseo-toc-item\" href=\"#toscolano-maderno\">Toscolano Maderno<\/a><ul><li><a class=\"aioseo-toc-item\" href=\"#paper-museum-of-toscolano-maderno\">Museo della Carta di Toscolano Maderno<\/a><\/li><\/ul><\/li><li><a class=\"aioseo-toc-item\" href=\"#limone-sul-garda\">Limone sul Garda<\/a><ul><li><a class=\"aioseo-toc-item\" href=\"#limonaia-del-castel\">Limonaia del Cast\u00e8l<\/a><\/li><li><a class=\"aioseo-toc-item\" href=\"#lungolago-guglielmo-marconi\">Lungolago Guglielmo Marconi<\/a><\/li><\/ul><\/li><li><a class=\"aioseo-toc-item\" href=\"#anfo\">Anfo<\/a><ul><li><a class=\"aioseo-toc-item\" href=\"#rocca-danfo\">Rocca d&#8217;Anfo<\/a><\/li><\/ul><\/li><\/ul><\/div>\n\n<\/div><\/div><\/div>\n\n\n\n<h2 class=\"wp-block-heading\" id=\"sirmione\"><strong>Sirmione<\/strong><\/h2>\n\n\n\n<p class=\"translation-block\">Sirmione \u00e8 un paese situato su una lunga e sottile penisola sulla sponda meridionale del Lago di Garda, in Provincia di Brescia. La zona \u00e8 stata abitata fin dalla preistoria, e la citt\u00e0 fu un centro importante sotto i romani. Sirmione rimase rilevante grazie alla sua posizione strategica, e fu governata da <a href=\"https:\/\/www.cosmundus.com\/it\/destinations\/verona\/\" class=\"ek-link\" target=\"_self\">Verona<\/a> e poi <a href=\"https:\/\/www.cosmundus.com\/it\/destinations\/venice\/\" class=\"ek-link\" target=\"_self\">Venezia<\/a>, prima di entrare a far parte della Lombardia durante le guerre napoleoniche. Sirmione \u00e8 oggi una popolare meta turistica.<\/p>\n\n\n<div class=\"wp-block-ub-divider ub_divider ub-divider-orientation-horizontal\" id=\"ub_divider_65914eaf-7b0b-4850-a1d9-91f9b570ebf5\"><div class=\"ub_divider_wrapper\" style=\"position: relative; margin-bottom: 2px; width: 100%; height: 2px; \" data-divider-alignment=\"center\"><div class=\"ub_divider_line\" style=\"border-top: 2px solid #ccc; margin-top: 2px; \"><\/div><\/div><\/div>\n\n\n<h4 class=\"wp-block-heading\" id=\"scaliger-castle-of-sirmione\"><strong>\u272a Castello Scaligero di Sirmione<\/strong><\/h4>\n\n\n\n<p class=\"translation-block\">Il Castello Scaligero di Sirmione \u00e8 una fortezza medievale sul Lago di Garda e uno dei castelli meglio conservati d'Italia. Costruito durante il tredicesimo e quattordicesimo secolo, fu poi abbandonato e trasformato in museo nel ventesimo secolo. Il castello presenta diverse fortificazioni e un raro esempio di porto fortificato medievale.<\/p>\n\n\n\n<div class=\"wp-block-columns is-layout-flex wp-container-core-columns-is-layout-9d6595d7 wp-block-columns-is-layout-flex\">\n<div class=\"wp-block-column is-layout-flow wp-block-column-is-layout-flow\" style=\"flex-basis:85%\">\n<p>Indirizzo: P.za Castello, 34, 25019 Sirmione BS<br>Coordinate: 45.4924, 10.6084<\/p>\n<\/div>\n\n\n\n<div class=\"wp-block-column is-layout-flow wp-block-column-is-layout-flow\" style=\"flex-basis:15%\">\n<p class=\"has-text-align-right\"><a href=\"https:\/\/goo.gl\/maps\/xvkVaGoeW5Xq2VMR9\" target=\"_blank\" aria-label=\" (opens in a new tab)\" rel=\"noreferrer noopener\" class=\"ek-link\">Google Maps<\/a><\/p>\n<\/div>\n<\/div>\n\n\n<div class=\"wp-block-ub-divider ub_divider ub-divider-orientation-horizontal\" id=\"ub_divider_691b33b0-b455-4b68-bd86-8316145c1fa1\"><div class=\"ub_divider_wrapper\" style=\"position: relative; margin-bottom: 2px; width: 100%; height: 2px; \" data-divider-alignment=\"center\"><div class=\"ub_divider_line\" style=\"border-top: 2px solid #ccc; margin-top: 2px; \"><\/div><\/div><\/div>\n\n\n<h4 class=\"wp-block-heading\" id=\"grottoes-of-catullus\"><strong>\u272a Grotte di Catullo<\/strong><\/h4>\n\n\n\n<p class=\"translation-block\">Le Grotte di Catullo sono i resti di una villa romana situata all'estremit\u00e0 della penisola di Sirmione, affacciata sul Lago di Garda. La villa fu eretta tra il primo secolo a.C. e il primo secolo d.C., e prende il nome dal poeta Catullo, che descrisse Sirmione nelle sue poesie. Tuttavia, non ci sono prove che questa fosse effettivamente la sua villa. L'area archeologica \u00e8 dominata dalla villa, e ospita un lungo criptoportico e un giardino. Il parco comprende un museo archeologico con vari reperti preistorici, romani e medievali.<\/p>\n\n\n\n<div class=\"wp-block-columns is-layout-flex wp-container-core-columns-is-layout-9d6595d7 wp-block-columns-is-layout-flex\">\n<div class=\"wp-block-column is-layout-flow wp-block-column-is-layout-flow\" style=\"flex-basis:85%\">\n<p>Indirizzo: Piazzale Orti Manara, 4, 25019 Sirmione BS<br>Coordinate: 45.5014, 10.6066<\/p>\n<\/div>\n\n\n\n<div class=\"wp-block-column is-layout-flow wp-block-column-is-layout-flow\" style=\"flex-basis:15%\">\n<p class=\"has-text-align-right\"><a href=\"https:\/\/goo.gl\/maps\/gj8K5pHWvLJ7hS7W8\" target=\"_blank\" aria-label=\" (opens in a new tab)\" rel=\"noreferrer noopener\" class=\"ek-link\">Google Maps<\/a><\/p>\n<\/div>\n<\/div>\n\n\n<div style=\"margin-top: var(--wp--preset--spacing--40); margin-bottom: var(--wp--preset--spacing--40); \" class=\"wp-block-ub-divider ub_divider ub-divider-orientation-horizontal\" id=\"ub_divider_8dbf5742-46a0-42d3-a0ad-9645b06c020e\"><div class=\"ub_divider_wrapper\" style=\"position: relative; margin-bottom: 10px; width: 100%; height: 10px; \" data-divider-alignment=\"center\"><div class=\"ub_divider_line\" style=\"border-top: 2px solid #000000; margin-top: 10px; \"><\/div><\/div><\/div>\n\n\n<h2 class=\"wp-block-heading\" id=\"desenzano-del-garda\"><strong>Desenzano del Garda<\/strong><\/h2>\n\n\n\n<p>Desenzano del Garda is the second largest city in the Province of&nbsp;Brescia, located on the southwestern shore of Lake Garda. The area was inhabited during prehistoric and Roman times, but the town only emerged during the Middle Ages, and was ruled for centuries by&nbsp;Venice. The city has experienced a rapid growth since the early 20th century, and it is now a tourist destination.<\/p>\n\n\n<div class=\"wp-block-ub-divider ub_divider ub-divider-orientation-horizontal\" id=\"ub_divider_73b76edc-b534-476c-8dca-8c20a8d41a1c\"><div class=\"ub_divider_wrapper\" style=\"position: relative; margin-bottom: 2px; width: 100%; height: 2px; \" data-divider-alignment=\"center\"><div class=\"ub_divider_line\" style=\"border-top: 2px solid #ccc; margin-top: 2px; \"><\/div><\/div><\/div>\n\n\n<h4 class=\"wp-block-heading\" id=\"giovanni-rambotti-civic-archaeological-museum\"><strong>Museo Civico Archeologico Giovanni Rambotti<\/strong><\/h4>\n\n\n\n<p class=\"translation-block\">Il Museo Civico Archeologico Giovanni Rambotti \u00e8 un museo archeologico a Desenzano del Garda. Il museo comprende una sezione dedicata alle palafitte preistoriche rinvenute attorno alla citt\u00e0, insieme a vari altri reperti archeologici databili tra il Paleolitico e il Medioevo.<\/p>\n\n\n\n<div class=\"wp-block-columns is-layout-flex wp-container-core-columns-is-layout-9d6595d7 wp-block-columns-is-layout-flex\">\n<div class=\"wp-block-column is-layout-flow wp-block-column-is-layout-flow\" style=\"flex-basis:85%\">\n<p>Indirizzo: Via Anelli, 42, 25015 Desenzano del Garda BS<br>Coordinate: 45.4682, 10.5435<\/p>\n<\/div>\n\n\n\n<div class=\"wp-block-column is-layout-flow wp-block-column-is-layout-flow\" style=\"flex-basis:15%\">\n<p class=\"has-text-align-right\"><a href=\"https:\/\/goo.gl\/maps\/rwi4SUYETELH82NN8\" target=\"_blank\" aria-label=\" (opens in a new tab)\" rel=\"noreferrer noopener\" class=\"ek-link\">Google Maps<\/a><\/p>\n<\/div>\n<\/div>\n\n\n<div class=\"wp-block-ub-divider ub_divider ub-divider-orientation-horizontal\" id=\"ub_divider_6df9a470-a878-4a31-81fd-d2aca1e8e97e\"><div class=\"ub_divider_wrapper\" style=\"position: relative; margin-bottom: 2px; width: 100%; height: 2px; \" data-divider-alignment=\"center\"><div class=\"ub_divider_line\" style=\"border-top: 2px solid #ccc; margin-top: 2px; \"><\/div><\/div><\/div>\n\n\n<h4 class=\"wp-block-heading\" id=\"roman-villa-of-desenzano-del-garda\"><strong>Villa Romana di Desenzano del Garda<\/strong><\/h4>\n\n\n\n<p>La Villa Romana di Desenzano del Garda \u00e8 un'antica dimora che \u00e8 stata portata alla luce a Desenzano del Garda. La villa fu costruita nel primo secolo a.C., ma la maggior parte delle rovine superstiti risalgono al quarto secolo. Il sito comprende un piccolo museo archeologico con alcuni oggetti antichi rinvenuti nella villa.<\/p>\n\n\n\n<div class=\"wp-block-columns is-layout-flex wp-container-core-columns-is-layout-9d6595d7 wp-block-columns-is-layout-flex\">\n<div class=\"wp-block-column is-layout-flow wp-block-column-is-layout-flow\" style=\"flex-basis:85%\">\n<p>Indirizzo: Via Crocefisso, 22, 25015 Desenzano del Garda BS<br>Coordinate: 45.4731, 10.5381<\/p>\n<\/div>\n\n\n\n<div class=\"wp-block-column is-layout-flow wp-block-column-is-layout-flow\" style=\"flex-basis:15%\">\n<p class=\"has-text-align-right\"><a href=\"https:\/\/goo.gl\/maps\/TRK3B6ZdPC6QoPRh6\" target=\"_blank\" aria-label=\" (opens in a new tab)\" rel=\"noreferrer noopener\" class=\"ek-link\">Google Maps<\/a><\/p>\n<\/div>\n<\/div>\n\n\n<div class=\"wp-block-ub-divider ub_divider ub-divider-orientation-horizontal\" id=\"ub_divider_a6ec9487-255b-4154-b713-63ef8abc9d33\"><div class=\"ub_divider_wrapper\" style=\"position: relative; margin-bottom: 2px; width: 100%; height: 2px; \" data-divider-alignment=\"center\"><div class=\"ub_divider_line\" style=\"border-top: 2px solid #ccc; margin-top: 2px; \"><\/div><\/div><\/div>\n\n\n<h4 class=\"wp-block-heading\" id=\"desenzano-castle\"><strong>Castello di Desenzano<\/strong><\/h4>\n\n\n\n<p>Il Castello di Desenzano \u00e8 una fortezza medievale situata su un colle che domina Desenzano del Garda. Eretto nell'undicesimo secolo, fu successivamente ampliato. Ora \u00e8 utilizzato principalmente per ospitare eventi e mostre.<\/p>\n\n\n\n<div class=\"wp-block-columns is-layout-flex wp-container-core-columns-is-layout-9d6595d7 wp-block-columns-is-layout-flex\">\n<div class=\"wp-block-column is-layout-flow wp-block-column-is-layout-flow\" style=\"flex-basis:85%\">\n<p>Indirizzo: Via Castello, 63, 25015 Desenzano del Garda BS<br>Coordinate: 45.4699, 10.5379<\/p>\n<\/div>\n\n\n\n<div class=\"wp-block-column is-layout-flow wp-block-column-is-layout-flow\" style=\"flex-basis:15%\">\n<p class=\"has-text-align-right\"><a href=\"https:\/\/goo.gl\/maps\/AMh57NtMDFiPZHLZ8\" target=\"_blank\" aria-label=\" (opens in a new tab)\" rel=\"noreferrer noopener\" class=\"ek-link\">Google Maps<\/a><\/p>\n<\/div>\n<\/div>\n\n\n<div style=\"margin-top: var(--wp--preset--spacing--40); margin-bottom: var(--wp--preset--spacing--40); \" class=\"wp-block-ub-divider ub_divider ub-divider-orientation-horizontal\" id=\"ub_divider_9a3dc767-28f5-4b47-bdc2-502b869393f1\"><div class=\"ub_divider_wrapper\" style=\"position: relative; margin-bottom: 10px; width: 100%; height: 10px; \" data-divider-alignment=\"center\"><div class=\"ub_divider_line\" style=\"border-top: 2px solid #000000; margin-top: 10px; \"><\/div><\/div><\/div>\n\n\n<h2 class=\"wp-block-heading\" id=\"san-martino-della-battaglia\"><strong>San Martino della Battaglia<\/strong><\/h2>\n\n\n\n<p class=\"translation-block\">San Martino della Battaglia \u00e8 un piccolo paese che fa parte del comune di Desenzano del Garda in Provincia di Brescia. Il paese \u00e8 noto come il luogo di un'importante battaglia tra il Regno di <a href=\"https:\/\/www.cosmundus.com\/it\/atlas\/europe\/southern-europe\/italy\/insular-italy\/sardinia\/\" class=\"ek-link\" target=\"_self\">Sardegna<\/a> e l'Austria nel 1859, durante la seconda guerra d'indipendenza italiana.<\/p>\n\n\n<div class=\"wp-block-ub-divider ub_divider ub-divider-orientation-horizontal\" id=\"ub_divider_ef9413c4-f06f-40ba-87dc-26bc074ab491\"><div class=\"ub_divider_wrapper\" style=\"position: relative; margin-bottom: 2px; width: 100%; height: 2px; \" data-divider-alignment=\"center\"><div class=\"ub_divider_line\" style=\"border-top: 2px solid #ccc; margin-top: 2px; \"><\/div><\/div><\/div>\n\n\n<h4 class=\"wp-block-heading\" id=\"tower-of-san-martino-della-battaglia\"><strong>Torre di San Martino della Battaglia<\/strong><\/h4>\n\n\n\n<p class=\"translation-block\">La Torre di San Martino della Battaglia \u00e8 un memoriale di guerra situato sul luogo della Battaglia di <a href=\"https:\/\/www.cosmundus.com\/it\/destinations\/mantovano\/#solferino\" class=\"ek-link\" target=\"_self\">Solferino<\/a> e San Martino, combattuta qui nel 1859 durante la seconda guerra d'indipendenza italiana. La torre fu costruita alla fine del diciannovesimo secolo e ospita alcune statue e opere d'arte che celebrano il Risorgimento italiano. Vicino alla torre si trova un piccolo museo dedicato alla battaglia e un ossario.<\/p>\n\n\n\n<div class=\"wp-block-columns is-layout-flex wp-container-core-columns-is-layout-9d6595d7 wp-block-columns-is-layout-flex\">\n<div class=\"wp-block-column is-layout-flow wp-block-column-is-layout-flow\" style=\"flex-basis:85%\">\n<p>Indirizzo: Via Torre, 2, 25015 San Martino della Battaglia BS<br>Coordinate: 45.4252, 10.6025<\/p>\n<\/div>\n\n\n\n<div class=\"wp-block-column is-layout-flow wp-block-column-is-layout-flow\" style=\"flex-basis:15%\">\n<p class=\"has-text-align-right\"><a href=\"https:\/\/goo.gl\/maps\/nQqBKs3ACxy6rhgh7\" target=\"_blank\" aria-label=\" (opens in a new tab)\" rel=\"noreferrer noopener\" class=\"ek-link\">Google Maps<\/a><\/p>\n<\/div>\n<\/div>\n\n\n<div style=\"margin-top: var(--wp--preset--spacing--40); margin-bottom: var(--wp--preset--spacing--40); \" class=\"wp-block-ub-divider ub_divider ub-divider-orientation-horizontal\" id=\"ub_divider_6bf4647e-24b0-442e-9505-64ff5f1e15b2\"><div class=\"ub_divider_wrapper\" style=\"position: relative; margin-bottom: 10px; width: 100%; height: 10px; \" data-divider-alignment=\"center\"><div class=\"ub_divider_line\" style=\"border-top: 2px solid #000000; margin-top: 10px; \"><\/div><\/div><\/div>\n\n\n<h2 class=\"wp-block-heading\" id=\"lonato-del-garda\"><strong>Lonato del Garda<\/strong><\/h2>\n\n\n\n<p class=\"translation-block\">Lonato del Garda \u00e8 un paese in Provincia di Brescia, appena a ovest di Desenzano del Garda. Conteso per secoli tra le potenze locali, presenta alcune attrazioni storiche.<\/p>\n\n\n<div class=\"wp-block-ub-divider ub_divider ub-divider-orientation-horizontal\" id=\"ub_divider_9978683a-d9f0-4426-b587-e95c3cced3dd\"><div class=\"ub_divider_wrapper\" style=\"position: relative; margin-bottom: 2px; width: 100%; height: 2px; \" data-divider-alignment=\"center\"><div class=\"ub_divider_line\" style=\"border-top: 2px solid #ccc; margin-top: 2px; \"><\/div><\/div><\/div>\n\n\n<h4 class=\"wp-block-heading\" id=\"rocca-of-lonato\"><strong>Rocca di Lonato<\/strong><\/h4>\n\n\n\n<p class=\"translation-block\">La Rocca di Lonato \u00e8 un castello medievale eretto su un colle che domina Lonato del Garda. Il castello \u00e8 stato ampliato pi\u00f9 volte ed \u00e8 stato utilizzato fino al diciannovesimo secolo. La struttura presenta alcune mura e fortificazioni ben conservate, e ospita il <strong>Museo Civico Ornitologico Gustavo Adolfo Carlotto<\/strong>, un ricco museo dedicato all'avifauna d'Italia.<\/p>\n\n\n\n<div class=\"wp-block-columns is-layout-flex wp-container-core-columns-is-layout-9d6595d7 wp-block-columns-is-layout-flex\">\n<div class=\"wp-block-column is-layout-flow wp-block-column-is-layout-flow\" style=\"flex-basis:85%\">\n<p>Indirizzo: Via della Rocca di Lonato, 25017 Lonato del Garda BS<br>Coordinate: 45.4628, 10.4866<\/p>\n<\/div>\n\n\n\n<div class=\"wp-block-column is-layout-flow wp-block-column-is-layout-flow\" style=\"flex-basis:15%\">\n<p class=\"has-text-align-right\"><a href=\"https:\/\/goo.gl\/maps\/CddNQ4eaeidHzFkY8\" target=\"_blank\" aria-label=\" (opens in a new tab)\" rel=\"noreferrer noopener\" class=\"ek-link\">Google Maps<\/a><\/p>\n<\/div>\n<\/div>\n\n\n<div class=\"wp-block-ub-divider ub_divider ub-divider-orientation-horizontal\" id=\"ub_divider_13fef60f-392e-4504-a8b3-cc954c411611\"><div class=\"ub_divider_wrapper\" style=\"position: relative; margin-bottom: 2px; width: 100%; height: 2px; \" data-divider-alignment=\"center\"><div class=\"ub_divider_line\" style=\"border-top: 2px solid #ccc; margin-top: 2px; \"><\/div><\/div><\/div>\n\n\n<h4 class=\"wp-block-heading\" id=\"museo-casa-del-podesta\"><strong>Museo Casa del Podest\u00e0<\/strong><\/h4>\n\n\n\n<p class=\"translation-block\">Il Museo Casa del Podest\u00e0 \u00e8 un palazzo del quindicesimo secolo che ospitava il rappresentante locale della Repubblica di Venezia quando la citt\u00e0 era sotto il dominio veneziano. La struttura \u00e8 stata restaurata e trasformata in museo nel ventesimo secolo. Presenta varie decorazioni, arredi e opere d'arte storiche.<\/p>\n\n\n\n<div class=\"wp-block-columns is-layout-flex wp-container-core-columns-is-layout-9d6595d7 wp-block-columns-is-layout-flex\">\n<div class=\"wp-block-column is-layout-flow wp-block-column-is-layout-flow\" style=\"flex-basis:85%\">\n<p>Indirizzo: Via Rocca, 2, 25017 Lonato del Garda BS<br>Coordinate: 45.4615, 10.4856<\/p>\n<\/div>\n\n\n\n<div class=\"wp-block-column is-layout-flow wp-block-column-is-layout-flow\" style=\"flex-basis:15%\">\n<p class=\"has-text-align-right\"><a href=\"https:\/\/goo.gl\/maps\/JzJmn34XdkfsQnTDA\" target=\"_blank\" aria-label=\" (opens in a new tab)\" rel=\"noreferrer noopener\" class=\"ek-link\">Google Maps<\/a><\/p>\n<\/div>\n<\/div>\n\n\n<div style=\"margin-top: var(--wp--preset--spacing--40); margin-bottom: var(--wp--preset--spacing--40); \" class=\"wp-block-ub-divider ub_divider ub-divider-orientation-horizontal\" id=\"ub_divider_0d8d9d0f-d50a-40e1-8320-754dd6279fed\"><div class=\"ub_divider_wrapper\" style=\"position: relative; margin-bottom: 10px; width: 100%; height: 10px; \" data-divider-alignment=\"center\"><div class=\"ub_divider_line\" style=\"border-top: 2px solid #000000; margin-top: 10px; \"><\/div><\/div><\/div>\n\n\n<h2 class=\"wp-block-heading\" id=\"montichiari\"><strong>Montichiari<\/strong><\/h2>\n\n\n\n<p>Montichiari \u00e8 un paese situato nella pianura a sud-est di Brescia. Una piccola citt\u00e0 per la maggior parte della sua storia, si \u00e8 sviluppata rapidamente dalla fine del diciannovesimo secolo.<\/p>\n\n\n<div class=\"wp-block-ub-divider ub_divider ub-divider-orientation-horizontal\" id=\"ub_divider_57419a30-ba12-488d-8962-2634c85890f3\"><div class=\"ub_divider_wrapper\" style=\"position: relative; margin-bottom: 2px; width: 100%; height: 2px; \" data-divider-alignment=\"center\"><div class=\"ub_divider_line\" style=\"border-top: 2px solid #ccc; margin-top: 2px; \"><\/div><\/div><\/div>\n\n\n<h4 class=\"wp-block-heading\" id=\"duomo-of-montichiari\"><strong>Duomo di Montichiari<\/strong><\/h4>\n\n\n\n<p>Il Duomo di Montichiari \u00e8 la chiesa principale della citt\u00e0, eretta nel corso del diciottesimo secolo. La chiesa presenta una bella facciata neoclassica ornata da alcune statue, mentre i suoi interni ospitano varie decorazioni e opere d'arte.<\/p>\n\n\n\n<div class=\"wp-block-columns is-layout-flex wp-container-core-columns-is-layout-9d6595d7 wp-block-columns-is-layout-flex\">\n<div class=\"wp-block-column is-layout-flow wp-block-column-is-layout-flow\" style=\"flex-basis:85%\">\n<p>Indirizzo: Piazza Santa Maria, 32, 25018 Montichiari BS<br>Coordinate: 45.4132, 10.3916<\/p>\n<\/div>\n\n\n\n<div class=\"wp-block-column is-layout-flow wp-block-column-is-layout-flow\" style=\"flex-basis:15%\">\n<p class=\"has-text-align-right\"><a href=\"https:\/\/goo.gl\/maps\/JxaJ94uff4CP1tGa8\" target=\"_blank\" aria-label=\" (opens in a new tab)\" rel=\"noreferrer noopener\" class=\"ek-link\">Google Maps<\/a><\/p>\n<\/div>\n<\/div>\n\n\n<div class=\"wp-block-ub-divider ub_divider ub-divider-orientation-horizontal\" id=\"ub_divider_b738dc88-e2ed-48e9-9cfc-fc981304e4bd\"><div class=\"ub_divider_wrapper\" style=\"position: relative; margin-bottom: 2px; width: 100%; height: 2px; \" data-divider-alignment=\"center\"><div class=\"ub_divider_line\" style=\"border-top: 2px solid #ccc; margin-top: 2px; \"><\/div><\/div><\/div>\n\n\n<h4 class=\"wp-block-heading\" id=\"bonoris-castle\"><strong>Castello Bonoris<\/strong><\/h4>\n\n\n\n<p>Il Castello Bonoris \u00e8 un castello originariamente eretto nel Basso Medioevo a Montichiari. Gravemente danneggiato nel dodicesimo secolo, fu abbandonato fino alla fine del diciannovesimo secolo, quando qui fu costruito un nuovo edificio ispirato ai castelli medievali. Oggi trasformato in museo, presenta varie sale decorate e alcune opere d'arte.<\/p>\n\n\n\n<div class=\"wp-block-columns is-layout-flex wp-container-core-columns-is-layout-9d6595d7 wp-block-columns-is-layout-flex\">\n<div class=\"wp-block-column is-layout-flow wp-block-column-is-layout-flow\" style=\"flex-basis:85%\">\n<p>Indirizzo: Piazza Santa Maria, 36, 25018 Montichiari BS<br>Coordinate: 45.4113, 10.3918<\/p>\n<\/div>\n\n\n\n<div class=\"wp-block-column is-layout-flow wp-block-column-is-layout-flow\" style=\"flex-basis:15%\">\n<p class=\"has-text-align-right\"><a href=\"https:\/\/goo.gl\/maps\/7HBc89r32NTouFKc8\" target=\"_blank\" aria-label=\" (opens in a new tab)\" rel=\"noreferrer noopener\" class=\"ek-link\">Google Maps<\/a><\/p>\n<\/div>\n<\/div>\n\n\n<div style=\"margin-top: var(--wp--preset--spacing--40); margin-bottom: var(--wp--preset--spacing--40); \" class=\"wp-block-ub-divider ub_divider ub-divider-orientation-horizontal\" id=\"ub_divider_f2a83d7f-3672-4c90-9cf4-ac4d5d638621\"><div class=\"ub_divider_wrapper\" style=\"position: relative; margin-bottom: 10px; width: 100%; height: 10px; \" data-divider-alignment=\"center\"><div class=\"ub_divider_line\" style=\"border-top: 2px solid #000000; margin-top: 10px; \"><\/div><\/div><\/div>\n\n\n<h2 class=\"wp-block-heading\" id=\"manerba-del-garda\"><strong>Manerba del Garda<\/strong><\/h2>\n\n\n\n<p class=\"translation-block\">Manerba del Garda \u00e8 un comune della Provincia di Brescia, che comprende alcuni piccoli paesi sulle rive del Lago di Garda. La zona \u00e8 una rinomata meta turistica, nota per il suo forte e le sue scogliere sul lago.<\/p>\n\n\n<div class=\"wp-block-ub-divider ub_divider ub-divider-orientation-horizontal\" id=\"ub_divider_1642eaf7-f3b2-4ee1-96c1-4dfd213f7558\"><div class=\"ub_divider_wrapper\" style=\"position: relative; margin-bottom: 2px; width: 100%; height: 2px; \" data-divider-alignment=\"center\"><div class=\"ub_divider_line\" style=\"border-top: 2px solid #ccc; margin-top: 2px; \"><\/div><\/div><\/div>\n\n\n<h4 class=\"wp-block-heading\" id=\"rocca-of-manerba\"><strong>\u272a Rocca di Manerba<\/strong><\/h4>\n\n\n\n<p>La Rocca di Manerba \u00e8 un'antica fortezza situata sulla sommit\u00e0 di un colle che domina sul Lago di Garda. Il castello fu eretto durante il Medioevo e oggi ne sopravvivono solo alcune rovine. Il forte \u00e8 circondato da un parco archeologico, dove sono stati rinvenuti i resti di un insediamento preistorico. Grazie alla sua posizione, il castello offre una splendida vista sul Lago di Garda.<\/p>\n\n\n\n<div class=\"wp-block-columns is-layout-flex wp-container-core-columns-is-layout-9d6595d7 wp-block-columns-is-layout-flex\">\n<div class=\"wp-block-column is-layout-flow wp-block-column-is-layout-flow\" style=\"flex-basis:85%\">\n<p>Indirizzo: Via Giacomo Matteotti, 10, 25080 Manerba del Garda BS<br>Coordinate: 45.5576, 10.5721<\/p>\n<\/div>\n\n\n\n<div class=\"wp-block-column is-layout-flow wp-block-column-is-layout-flow\" style=\"flex-basis:15%\">\n<p class=\"has-text-align-right\"><a href=\"https:\/\/goo.gl\/maps\/nrH6h1ZXaccc7BSm8\" target=\"_blank\" aria-label=\" (opens in a new tab)\" rel=\"noreferrer noopener\" class=\"ek-link\">Google Maps<\/a><\/p>\n<\/div>\n<\/div>\n\n\n<div style=\"margin-top: var(--wp--preset--spacing--40); margin-bottom: var(--wp--preset--spacing--40); \" class=\"wp-block-ub-divider ub_divider ub-divider-orientation-horizontal\" id=\"ub_divider_96495fe0-3647-4581-aef0-b96c8d388196\"><div class=\"ub_divider_wrapper\" style=\"position: relative; margin-bottom: 10px; width: 100%; height: 10px; \" data-divider-alignment=\"center\"><div class=\"ub_divider_line\" style=\"border-top: 2px solid #000000; margin-top: 10px; \"><\/div><\/div><\/div>\n\n\n<h2 class=\"wp-block-heading\" id=\"san-felice-del-benaco\"><strong>San Felice del Benaco<\/strong><\/h2>\n\n\n\n<p class=\"translation-block\">San Felice del Benaco \u00e8 un piccolo paese situato sulla sponda occidentale del Lago di Garda, appena a sud di Sal\u00f2 in Provincia di Brescia.<\/p>\n\n\n<div class=\"wp-block-ub-divider ub_divider ub-divider-orientation-horizontal\" id=\"ub_divider_3b4739c3-9a52-4e3c-a7a0-25da6d308404\"><div class=\"ub_divider_wrapper\" style=\"position: relative; margin-bottom: 2px; width: 100%; height: 2px; \" data-divider-alignment=\"center\"><div class=\"ub_divider_line\" style=\"border-top: 2px solid #ccc; margin-top: 2px; \"><\/div><\/div><\/div>\n\n\n<h4 class=\"wp-block-heading\" id=\"isola-del-garda\"><strong>Isola del Garda<\/strong><\/h4>\n\n\n\n<p>L'Isola del Garda \u00e8 l'isola pi\u00f9 grande del Lago di Garda, e fa parte del comune di San Felice del Benaco. L'isola era gi\u00e0 abitata in epoca romana, e successivamente fu occupata da un eremo e da un convento. Dopo la soppressione del monastero, l'isola fu inizialmente venduta a privati ma in seguito fu brevemente utilizzata come fortificazione dopo l'Unit\u00e0 d'Italia. Una grande villa fu eretta sull'isola in stile neogotico alla fine del diciannovesimo secolo. La villa \u00e8 circondata da un ampio giardino ed attualmente \u00e8 ancora abitata. La villa \u00e8 talvolta aperta ai visitatori.<\/p>\n\n\n\n<div class=\"wp-block-columns is-layout-flex wp-container-core-columns-is-layout-9d6595d7 wp-block-columns-is-layout-flex\">\n<div class=\"wp-block-column is-layout-flow wp-block-column-is-layout-flow\" style=\"flex-basis:85%\">\n<p>Indirizzo: Via Isola del Garda, 25010 San Felice del Benaco BS<br>Coordinate: 45.5935, 10.5884<\/p>\n<\/div>\n\n\n\n<div class=\"wp-block-column is-layout-flow wp-block-column-is-layout-flow\" style=\"flex-basis:15%\">\n<p class=\"has-text-align-right\"><a href=\"https:\/\/goo.gl\/maps\/7GQEVwrwAMjpUdkm9\" target=\"_blank\" aria-label=\" (opens in a new tab)\" rel=\"noreferrer noopener\" class=\"ek-link\">Google Maps<\/a><\/p>\n<\/div>\n<\/div>\n\n\n<div style=\"margin-top: var(--wp--preset--spacing--40); margin-bottom: var(--wp--preset--spacing--40); \" class=\"wp-block-ub-divider ub_divider ub-divider-orientation-horizontal\" id=\"ub_divider_1aff43de-c08a-4dd3-af86-42144147206b\"><div class=\"ub_divider_wrapper\" style=\"position: relative; margin-bottom: 10px; width: 100%; height: 10px; \" data-divider-alignment=\"center\"><div class=\"ub_divider_line\" style=\"border-top: 2px solid #000000; margin-top: 10px; \"><\/div><\/div><\/div>\n\n\n<h2 class=\"wp-block-heading\" id=\"salo\"><strong>Sal\u00f2<\/strong><\/h2>\n\n\n\n<p class=\"translation-block\">Sal\u00f2 \u00e8 un paese situato sulla sponda occidentale del Lago di Garda, in Provincia di Brescia. Fondata in tempi antichi, Sal\u00f2 si afferm\u00f2 nel Basso Medioevo come uno dei centri principali lungo la costa occidentale del Lago di Garda. Dominata per secoli da Venezia, divenne parte della Lombardia durante le guerre napoleoniche. Sal\u00f2 \u00e8 nota per essere stata di fatto la capitale della Repubblica Sociale Italiana, uno stato fantoccio della Germania nazista guidato da Mussolini, tra il 1943 e il 1945. Ora \u00e8 una destinazione turistica.<\/p>\n\n\n<div class=\"wp-block-ub-divider ub_divider ub-divider-orientation-horizontal\" id=\"ub_divider_5fd44a7b-63dc-4af1-bd88-352ed782b35c\"><div class=\"ub_divider_wrapper\" style=\"position: relative; margin-bottom: 2px; width: 100%; height: 2px; \" data-divider-alignment=\"center\"><div class=\"ub_divider_line\" style=\"border-top: 2px solid #ccc; margin-top: 2px; \"><\/div><\/div><\/div>\n\n\n<h4 class=\"wp-block-heading\" id=\"duomo-of-salo\"><strong>Duomo di Sal\u00f2<\/strong><\/h4>\n\n\n\n<p>Anche noto come: Chiesa di Santa Maria Annunziata<\/p>\n\n\n\n<p>Il Duomo di Sal\u00f2 \u00e8 il principale luogo religioso della citt\u00e0, situato vicino alla riva del Lago di Garda. La chiesa fu costruita in stile gotico nel quindicesimo secolo e presenta un elaborato portale principale. Il Duomo di Sal\u00f2 custodisce diverse opere d'arte, in gran parte risalenti al Rinascimento.<\/p>\n\n\n\n<div class=\"wp-block-columns is-layout-flex wp-container-core-columns-is-layout-9d6595d7 wp-block-columns-is-layout-flex\">\n<div class=\"wp-block-column is-layout-flow wp-block-column-is-layout-flow\" style=\"flex-basis:85%\">\n<p>Indirizzo: Piazza Duomo, 25087 Sal\u00f2 BS<br>Coordinate: 45.6068, 10.5310<\/p>\n<\/div>\n\n\n\n<div class=\"wp-block-column is-layout-flow wp-block-column-is-layout-flow\" style=\"flex-basis:15%\">\n<p class=\"has-text-align-right\"><a href=\"https:\/\/goo.gl\/maps\/NniCWw4vhPZ3PXzW9\" target=\"_blank\" aria-label=\" (opens in a new tab)\" rel=\"noreferrer noopener\" class=\"ek-link\">Google Maps<\/a><\/p>\n<\/div>\n<\/div>\n\n\n<div class=\"wp-block-ub-divider ub_divider ub-divider-orientation-horizontal\" id=\"ub_divider_09e55c6b-9c15-46ab-ac8b-0b51d2b69a0c\"><div class=\"ub_divider_wrapper\" style=\"position: relative; margin-bottom: 2px; width: 100%; height: 2px; \" data-divider-alignment=\"center\"><div class=\"ub_divider_line\" style=\"border-top: 2px solid #ccc; margin-top: 2px; \"><\/div><\/div><\/div>\n\n\n<h4 class=\"wp-block-heading\" id=\"salo-promenade\"><strong>Lungolago di Sal\u00f2<\/strong><\/h4>\n\n\n\n<p class=\"translation-block\">L'intero paese di Sal\u00f2 \u00e8 attraversato da un viale lungolago che offre una splendida vista sul Lago di Garda. Il lungolago presenta diversi edifici storici, soprattutto intorno alla piazza centrale della citt\u00e0, <strong>Piazza della Vittoria<\/strong>.<\/p>\n\n\n\n<div class=\"wp-block-columns is-layout-flex wp-container-core-columns-is-layout-9d6595d7 wp-block-columns-is-layout-flex\">\n<div class=\"wp-block-column is-layout-flow wp-block-column-is-layout-flow\" style=\"flex-basis:85%\">\n<p>Indirizzo: Lungolago Zanardelli, 25087 Sal\u00f2 BS<br>Coordinate: 45.6066, 10.5261<\/p>\n<\/div>\n\n\n\n<div class=\"wp-block-column is-layout-flow wp-block-column-is-layout-flow\" style=\"flex-basis:15%\">\n<p class=\"has-text-align-right\"><a href=\"https:\/\/goo.gl\/maps\/uWNhkSkRUACuQS3s6\" target=\"_blank\" aria-label=\" (opens in a new tab)\" rel=\"noreferrer noopener\" class=\"ek-link\">Google Maps<\/a><\/p>\n<\/div>\n<\/div>\n\n\n<div class=\"wp-block-ub-divider ub_divider ub-divider-orientation-horizontal\" id=\"ub_divider_4c631a5d-492e-45ba-bfd4-c6d3286cebc0\"><div class=\"ub_divider_wrapper\" style=\"position: relative; margin-bottom: 2px; width: 100%; height: 2px; \" data-divider-alignment=\"center\"><div class=\"ub_divider_line\" style=\"border-top: 2px solid #ccc; margin-top: 2px; \"><\/div><\/div><\/div>\n\n\n<h4 class=\"wp-block-heading\" id=\"salo-museum\"><strong>Museo di Sal\u00f2<\/strong><\/h4>\n\n\n\n<p class=\"translation-block\">Il Museo di Sal\u00f2 \u00e8 un museo a Sal\u00f2, dedicato alla storia e all'arte locale. Il museo ospita una collezione di opere d'arte moderna e contemporanea, insieme ad alcuni reperti archeologici, strumenti scientifici e vari cimeli.<\/p>\n\n\n\n<div class=\"wp-block-columns is-layout-flex wp-container-core-columns-is-layout-9d6595d7 wp-block-columns-is-layout-flex\">\n<div class=\"wp-block-column is-layout-flow wp-block-column-is-layout-flow\" style=\"flex-basis:85%\">\n<p>Indirizzo: Via Brunati, 9, 25087 Sal\u00f2 BS<br>Coordinate: 45.6075, 10.5262<\/p>\n<\/div>\n\n\n\n<div class=\"wp-block-column is-layout-flow wp-block-column-is-layout-flow\" style=\"flex-basis:15%\">\n<p class=\"has-text-align-right\"><a href=\"https:\/\/goo.gl\/maps\/gGTdT9DtWd2D2ZZw5\" target=\"_blank\" aria-label=\" (opens in a new tab)\" rel=\"noreferrer noopener\" class=\"ek-link\">Google Maps<\/a><\/p>\n<\/div>\n<\/div>\n\n\n<div style=\"margin-top: var(--wp--preset--spacing--40); margin-bottom: var(--wp--preset--spacing--40); \" class=\"wp-block-ub-divider ub_divider ub-divider-orientation-horizontal\" id=\"ub_divider_19a90315-e064-4f83-9f6d-aa9235dd445a\"><div class=\"ub_divider_wrapper\" style=\"position: relative; margin-bottom: 10px; width: 100%; height: 10px; \" data-divider-alignment=\"center\"><div class=\"ub_divider_line\" style=\"border-top: 2px solid #000000; margin-top: 10px; \"><\/div><\/div><\/div>\n\n\n<h2 class=\"wp-block-heading\" id=\"gavardo\"><strong>Gavardo<\/strong><\/h2>\n\n\n\n<p class=\"translation-block\">Gavardo \u00e8 un paese situato in Valle Sabbia, una vallata situata a ovest di Sal\u00f2 in Provincia di Brescia.<\/p>\n\n\n<div class=\"wp-block-ub-divider ub_divider ub-divider-orientation-horizontal\" id=\"ub_divider_0afcac36-bb43-404d-9ef4-3ec93b812642\"><div class=\"ub_divider_wrapper\" style=\"position: relative; margin-bottom: 2px; width: 100%; height: 2px; \" data-divider-alignment=\"center\"><div class=\"ub_divider_line\" style=\"border-top: 2px solid #ccc; margin-top: 2px; \"><\/div><\/div><\/div>\n\n\n<h4 class=\"wp-block-heading\" id=\"archaeological-museum-of-valle-sabbia\"><strong>Museo Archeologico della Valle Sabbia<\/strong><\/h4>\n\n\n\n<p class=\"translation-block\">Il Museo Archeologico della Valle Sabbia \u00e8 un museo archeologico a Gavardo, incentrato sulla storia della Valle Sabbia. Il museo presenta una ricca collezione che comprende una sezione paleontologica e vari reperti archeologici della valle.<\/p>\n\n\n\n<div class=\"wp-block-columns is-layout-flex wp-container-core-columns-is-layout-9d6595d7 wp-block-columns-is-layout-flex\">\n<div class=\"wp-block-column is-layout-flow wp-block-column-is-layout-flow\" style=\"flex-basis:85%\">\n<p>Indirizzo: Piazza S. Bernardino, 5, 25085 Gavardo BS<br>Coordinate: 45.5846, 10.4388<\/p>\n<\/div>\n\n\n\n<div class=\"wp-block-column is-layout-flow wp-block-column-is-layout-flow\" style=\"flex-basis:15%\">\n<p class=\"has-text-align-right\"><a href=\"https:\/\/goo.gl\/maps\/o4fd25mD39HC9LTF9\" target=\"_blank\" aria-label=\" (opens in a new tab)\" rel=\"noreferrer noopener\" class=\"ek-link\">Google Maps<\/a><\/p>\n<\/div>\n<\/div>\n\n\n<div style=\"margin-top: var(--wp--preset--spacing--40); margin-bottom: var(--wp--preset--spacing--40); \" class=\"wp-block-ub-divider ub_divider ub-divider-orientation-horizontal\" id=\"ub_divider_85c93e7b-25f3-4599-b45f-b0208cb3fd27\"><div class=\"ub_divider_wrapper\" style=\"position: relative; margin-bottom: 10px; width: 100%; height: 10px; \" data-divider-alignment=\"center\"><div class=\"ub_divider_line\" style=\"border-top: 2px solid #000000; margin-top: 10px; \"><\/div><\/div><\/div>\n\n\n<h2 class=\"wp-block-heading\" id=\"gardone-riviera\"><strong>Gardone Riviera<\/strong><\/h2>\n\n\n\n<p class=\"translation-block\">Gardone Riviera \u00e8 un piccolo paese situato sulla sponda occidentale del Lago di Garda a nord di Sal\u00f2, nella Provincia di Brescia. Frequentata meta turistica fin dall'Ottocento, \u00e8 nota soprattutto per ospitare il Vittoriale degli Italiani.<\/p>\n\n\n<div class=\"wp-block-ub-divider ub_divider ub-divider-orientation-horizontal\" id=\"ub_divider_29516608-5a97-4943-803a-fc24c4827654\"><div class=\"ub_divider_wrapper\" style=\"position: relative; margin-bottom: 2px; width: 100%; height: 2px; \" data-divider-alignment=\"center\"><div class=\"ub_divider_line\" style=\"border-top: 2px solid #ccc; margin-top: 2px; \"><\/div><\/div><\/div>\n\n\n<h4 class=\"wp-block-heading\" id=\"vittoriale-degli-italiani\"><strong>\u272a Vittoriale degli Italiani<\/strong><\/h4>\n\n\n\n<p class=\"translation-block\">Il Vittoriale degli Italiani \u00e8 l'ex residenza dello scrittore italiano Gabriele d'Annunzio. Il complesso monumentale, composto da vari edifici, un teatro, un parco e molto altro, fu eretto tra il 1921 e il 1938. L'edificio principale del complesso \u00e8 la Prioria, una residenza decorata che ospita una vasta collezione di cimeli dell'eccentrico poeta. Il parco ospita un mausoleo monumentale e una sezione della nave da guerra\u00a0<em>Puglia<\/em>. Altre attrazioni includono ampi giardini e alcune mostre dedicate a D'Annunzio.<\/p>\n\n\n\n<div class=\"wp-block-columns is-layout-flex wp-container-core-columns-is-layout-9d6595d7 wp-block-columns-is-layout-flex\">\n<div class=\"wp-block-column is-layout-flow wp-block-column-is-layout-flow\" style=\"flex-basis:85%\">\n<p>Indirizzo: Via al Vittoriale, 12, 25083 Gardone Riviera BS<br>Coordinate: 45.6241, 10.5652<\/p>\n<\/div>\n\n\n\n<div class=\"wp-block-column is-layout-flow wp-block-column-is-layout-flow\" style=\"flex-basis:15%\">\n<p class=\"has-text-align-right\"><a href=\"https:\/\/goo.gl\/maps\/qehrXLos8Zfop4jj8\" target=\"_blank\" aria-label=\" (opens in a new tab)\" rel=\"noreferrer noopener\" class=\"ek-link\">Google Maps<\/a><\/p>\n<\/div>\n<\/div>\n\n\n<div class=\"wp-block-ub-divider ub_divider ub-divider-orientation-horizontal\" id=\"ub_divider_1ccec725-bff8-4563-b6c3-d1cb1b592bba\"><div class=\"ub_divider_wrapper\" style=\"position: relative; margin-bottom: 2px; width: 100%; height: 2px; \" data-divider-alignment=\"center\"><div class=\"ub_divider_line\" style=\"border-top: 2px solid #ccc; margin-top: 2px; \"><\/div><\/div><\/div>\n\n\n<h4 class=\"wp-block-heading\" id=\"andre-heller-botanical-garden\"><strong>Giardino Botanico Andr\u00e9 Heller<\/strong><\/h4>\n\n\n\n<p class=\"translation-block\">Il Giardino Botanico Andr\u00e9 Heller \u00e8 un giardino botanico a Gardone Riviera. Fondato all'inizio del ventesimo secolo, il parco ospita molte specie di alberi e piante ed \u00e8 abbellito da una collezione di sculture contemporanee.<\/p>\n\n\n\n<div class=\"wp-block-columns is-layout-flex wp-container-core-columns-is-layout-9d6595d7 wp-block-columns-is-layout-flex\">\n<div class=\"wp-block-column is-layout-flow wp-block-column-is-layout-flow\" style=\"flex-basis:85%\">\n<p>Indirizzo: Via Roma, 2, 25088 Gardone Riviera BS<br>Coordinate: 45.6207, 10.5618<\/p>\n<\/div>\n\n\n\n<div class=\"wp-block-column is-layout-flow wp-block-column-is-layout-flow\" style=\"flex-basis:15%\">\n<p class=\"has-text-align-right\"><a href=\"https:\/\/goo.gl\/maps\/P9sWFU4XGoF7r7216\" target=\"_blank\" aria-label=\" (opens in a new tab)\" rel=\"noreferrer noopener\" class=\"ek-link\">Google Maps<\/a><\/p>\n<\/div>\n<\/div>\n\n\n<div style=\"margin-top: var(--wp--preset--spacing--40); margin-bottom: var(--wp--preset--spacing--40); \" class=\"wp-block-ub-divider ub_divider ub-divider-orientation-horizontal\" id=\"ub_divider_b3129c50-2671-4175-9cf8-6f5b28630c65\"><div class=\"ub_divider_wrapper\" style=\"position: relative; margin-bottom: 10px; width: 100%; height: 10px; \" data-divider-alignment=\"center\"><div class=\"ub_divider_line\" style=\"border-top: 2px solid #000000; margin-top: 10px; \"><\/div><\/div><\/div>\n\n\n<h2 class=\"wp-block-heading\" id=\"toscolano-maderno\"><strong>Toscolano Maderno<\/strong><\/h2>\n\n\n\n<p class=\"translation-block\">Toscolano Maderno \u00e8 un comune che comprende due piccoli centri sulla sponda occidentale del Lago di Garda, in Provincia di Brescia. Abitata fin dall'antichit\u00e0, la zona \u00e8 stata per secoli un importante centro per la produzione della carta, ma oggi \u00e8 soprattutto una meta turistica.<\/p>\n\n\n<div class=\"wp-block-ub-divider ub_divider ub-divider-orientation-horizontal\" id=\"ub_divider_b8d70975-a3a8-40fc-b1c6-353fee07e88e\"><div class=\"ub_divider_wrapper\" style=\"position: relative; margin-bottom: 2px; width: 100%; height: 2px; \" data-divider-alignment=\"center\"><div class=\"ub_divider_line\" style=\"border-top: 2px solid #ccc; margin-top: 2px; \"><\/div><\/div><\/div>\n\n\n<h4 class=\"wp-block-heading\" id=\"paper-museum-of-toscolano-maderno\"><strong>Museo della Carta di Toscolano Maderno<\/strong><\/h4>\n\n\n\n<p class=\"translation-block\">Il Museo della Carta di Toscolano Maderno \u00e8 un museo che racconta la lunga storia della produzione della carta a Toscolano Maderno. Il museo \u00e8 ospitato in un'ex cartiera e presenta vari macchinari e strumenti storici.<\/p>\n\n\n\n<div class=\"wp-block-columns is-layout-flex wp-container-core-columns-is-layout-9d6595d7 wp-block-columns-is-layout-flex\">\n<div class=\"wp-block-column is-layout-flow wp-block-column-is-layout-flow\" style=\"flex-basis:85%\">\n<p>Indirizzo: Via Valle delle Cartiere, 57 59, 25088 Toscolano Maderno BS<br>Coordinate: 45.6495, 10.6042<\/p>\n<\/div>\n\n\n\n<div class=\"wp-block-column is-layout-flow wp-block-column-is-layout-flow\" style=\"flex-basis:15%\">\n<p class=\"has-text-align-right\"><a href=\"https:\/\/goo.gl\/maps\/iL8ao7HfE1jvHdNm8\" target=\"_blank\" aria-label=\" (opens in a new tab)\" rel=\"noreferrer noopener\" class=\"ek-link\">Google Maps<\/a><\/p>\n<\/div>\n<\/div>\n\n\n<div style=\"margin-top: var(--wp--preset--spacing--40); margin-bottom: var(--wp--preset--spacing--40); \" class=\"wp-block-ub-divider ub_divider ub-divider-orientation-horizontal\" id=\"ub_divider_a90bfff6-3e6f-4891-a0f3-508116bcd991\"><div class=\"ub_divider_wrapper\" style=\"position: relative; margin-bottom: 10px; width: 100%; height: 10px; \" data-divider-alignment=\"center\"><div class=\"ub_divider_line\" style=\"border-top: 2px solid #000000; margin-top: 10px; \"><\/div><\/div><\/div>\n\n\n<h2 class=\"wp-block-heading\" id=\"limone-sul-garda\"><strong>Limone sul Garda<\/strong><\/h2>\n\n\n\n<p class=\"translation-block\">Limone sul Garda \u00e8 un paese situato sulla sponda nord-occidentale del Lago di Garda, in provincia di Brescia. Il paese \u00e8 una rinomata meta turistica, ed \u00e8 noto da secoli per la coltivazione dei limoni.<\/p>\n\n\n<div class=\"wp-block-ub-divider ub_divider ub-divider-orientation-horizontal\" id=\"ub_divider_561b512e-9411-4f0d-8460-43494317d9de\"><div class=\"ub_divider_wrapper\" style=\"position: relative; margin-bottom: 2px; width: 100%; height: 2px; \" data-divider-alignment=\"center\"><div class=\"ub_divider_line\" style=\"border-top: 2px solid #ccc; margin-top: 2px; \"><\/div><\/div><\/div>\n\n\n<h4 class=\"wp-block-heading\" id=\"limonaia-del-castel\"><strong>Limonaia del Cast\u00e8l<\/strong><\/h4>\n\n\n\n<p>La Limonaia del Cast\u00e8l \u00e8 una limonaia settecentesca a Limone sul Garda. L'edificio \u00e8 stato pi\u00f9 volte rimaneggiato e ora funge da centro espositivo e museo sulla lunga storia della coltivazione dei limoni nel paese.<\/p>\n\n\n\n<div class=\"wp-block-columns is-layout-flex wp-container-core-columns-is-layout-9d6595d7 wp-block-columns-is-layout-flex\">\n<div class=\"wp-block-column is-layout-flow wp-block-column-is-layout-flow\" style=\"flex-basis:85%\">\n<p>Indirizzo: Via Orti, 9, 25010 Limone sul Garda BS<br>Coordinate: 45.8159, 10.7920<\/p>\n<\/div>\n\n\n\n<div class=\"wp-block-column is-layout-flow wp-block-column-is-layout-flow\" style=\"flex-basis:15%\">\n<p class=\"has-text-align-right\"><a href=\"https:\/\/goo.gl\/maps\/oskypG88KFTyAS5B9\" target=\"_blank\" aria-label=\" (opens in a new tab)\" rel=\"noreferrer noopener\" class=\"ek-link\">Google Maps<\/a><\/p>\n<\/div>\n<\/div>\n\n\n<div class=\"wp-block-ub-divider ub_divider ub-divider-orientation-horizontal\" id=\"ub_divider_b4e53ab5-5e64-48d8-b170-ed7a0e45c773\"><div class=\"ub_divider_wrapper\" style=\"position: relative; margin-bottom: 2px; width: 100%; height: 2px; \" data-divider-alignment=\"center\"><div class=\"ub_divider_line\" style=\"border-top: 2px solid #ccc; margin-top: 2px; \"><\/div><\/div><\/div>\n\n\n<h4 class=\"wp-block-heading\" id=\"lungolago-guglielmo-marconi\"><strong>Lungolago Guglielmo Marconi<\/strong><\/h4>\n\n\n\n<p>Il Lungolago Guglielmo Marconi \u00e8 il lungolago di Limone sul Garda. Il viale \u00e8 noto per offrire una splendida vista sul Lago di Garda e sulle montagne che circondano la pittoresca cittadina. Molti ristoranti e negozi si trovano lungo la passeggiata.<\/p>\n\n\n\n<div class=\"wp-block-columns is-layout-flex wp-container-core-columns-is-layout-9d6595d7 wp-block-columns-is-layout-flex\">\n<div class=\"wp-block-column is-layout-flow wp-block-column-is-layout-flow\" style=\"flex-basis:85%\">\n<p>Indirizzo: Via Lungolago Guglielmo Marconi, 12, 25010 Limone sul Garda BS<br>Coordinate: 45.8144, 10.7936<\/p>\n<\/div>\n\n\n\n<div class=\"wp-block-column is-layout-flow wp-block-column-is-layout-flow\" style=\"flex-basis:15%\">\n<p class=\"has-text-align-right\"><a href=\"https:\/\/goo.gl\/maps\/MAV7sMmR3ARy4aXp8\" target=\"_blank\" aria-label=\" (opens in a new tab)\" rel=\"noreferrer noopener\" class=\"ek-link\">Google Maps<\/a><\/p>\n<\/div>\n<\/div>\n\n\n<div style=\"margin-top: var(--wp--preset--spacing--40); margin-bottom: var(--wp--preset--spacing--40); \" class=\"wp-block-ub-divider ub_divider ub-divider-orientation-horizontal\" id=\"ub_divider_96db602e-58f5-4654-97df-d68f93c29485\"><div class=\"ub_divider_wrapper\" style=\"position: relative; margin-bottom: 10px; width: 100%; height: 10px; \" data-divider-alignment=\"center\"><div class=\"ub_divider_line\" style=\"border-top: 2px solid #000000; margin-top: 10px; \"><\/div><\/div><\/div>\n\n\n<h2 class=\"wp-block-heading\" id=\"anfo\"><strong>Anfo<\/strong><\/h2>\n\n\n\n<p class=\"translation-block\">Anfo \u00e8 un piccolo paese situato sulla sponda occidentale del Lago d'Idro, in Provincia di Brescia.<\/p>\n\n\n<div class=\"wp-block-ub-divider ub_divider ub-divider-orientation-horizontal\" id=\"ub_divider_8283cd40-75be-4ea4-b78d-b3404c50d1dc\"><div class=\"ub_divider_wrapper\" style=\"position: relative; margin-bottom: 2px; width: 100%; height: 2px; \" data-divider-alignment=\"center\"><div class=\"ub_divider_line\" style=\"border-top: 2px solid #ccc; margin-top: 2px; \"><\/div><\/div><\/div>\n\n\n<h4 class=\"wp-block-heading\" id=\"rocca-danfo\"><strong>Rocca d&#8217;Anfo<\/strong><\/h4>\n\n\n\n<p>La Rocca d'Anfo \u00e8 un complesso fortificato del quindicesimo secolo situato appena a nord di Anfo e affacciato sul Lago d'Idro. Costruito dai veneziani, fu pi\u00f9 volte rimaneggiato e ampliato, e fu utilizzato fino alla prima guerra mondiale. Il complesso presenta una serie di fortificazioni ed edifici militari posti sul fianco di un monte, ed alcune zone sono visitabili.<\/p>\n\n\n\n<div class=\"wp-block-columns is-layout-flex wp-container-core-columns-is-layout-9d6595d7 wp-block-columns-is-layout-flex\">\n<div class=\"wp-block-column is-layout-flow wp-block-column-is-layout-flow\" style=\"flex-basis:85%\">\n<p>Indirizzo: Rocca d\u2019Anfo, 25070 Anfo BS<br>Coordinate: 45.7719, 10.5001<\/p>\n<\/div>\n\n\n\n<div class=\"wp-block-column is-layout-flow wp-block-column-is-layout-flow\" style=\"flex-basis:15%\">\n<p class=\"has-text-align-right\"><a href=\"https:\/\/goo.gl\/maps\/8HT3dceBLZRyM1J86\" target=\"_blank\" aria-label=\" (opens in a new tab)\" rel=\"noreferrer noopener\" class=\"ek-link\">Google Maps<\/a><\/p>\n<\/div>\n<\/div>","protected":false},"excerpt":{"rendered":"<p>&lt;&lt;&nbsp;Lombardy The Province of Brescia includes the western shore of Lake Garda, which features several popular lakeside resorts, including the historic towns of Sirmione, Desenzano del Garda, and Sal\u00f2. More west is another lake located among the mountains, called Lake Idro. The area south of Brescia is instead a low-lying agricultural and industrial area known as Bassa Bresciana. Sirmione Sirmione is a town located on a long and thin peninsula on the southern bank of Lake Garda, in the Province of&nbsp;Brescia. The area has been inhabited since prehistoric times, and the town was an important center under the Romans. Sirmione remained relevant thanks to its strategic position, and was ruled by&nbsp;Verona&nbsp;and then&nbsp;Venice, before becoming part of Lombardy during the Napoleonic Wars. Sirmione is now a popular tourist destination. \u272a Scaliger Castle of Sirmione The Scaliger Castle of Sirmione (Castello Scaligero di Sirmione) is a medieval fortress on Lake Garda, and one of the best preserved castles in Italy. Built during the 13th and 14th century, it was later abandoned and turned into a museum in the 20th century. The castle features various fortifications, and a rare example of medieval fortified port. Address: P.za Castello, 34, 25019 Sirmione BSCoordinates: 45.4924, 10.6084 Google Maps \u272a Grottoes of Catullus The Grottoes of Catullus (Grotte di Catullo) are the ruins of a Roman villa located at the end of the peninsula of Sirmione, overlooking Lake Garda. The villa was erected between the 1st century BCE and the 1st century CE, and its name comes from poet Catullus, who described Sirmione in his poems. However, there is no evidence that this was actually his villa. The archaeological area is dominated by the villa, and it features a long cryptoporticus and a garden. The park includes an archaeological museum with various prehistoric, Roman, and medieval finds. Address: Piazzale Orti Manara, 4, 25019 Sirmione BSCoordinates: 45.5014, 10.6066 Google Maps Desenzano del Garda Desenzano del Garda is the second largest city in the Province of&nbsp;Brescia, located on the southwestern shore of Lake Garda. The area was inhabited during prehistoric and Roman times, but the town only emerged during the Middle Ages, and was ruled for centuries by&nbsp;Venice. The city has experienced a rapid growth since the early 20th century, and it is now a tourist destination. Giovanni Rambotti Civic Archaeological Museum The Giovanni Rambotti Civic Archaeological Museum (Museo Civico Archeologico Giovanni Rambotti) is an archaeological museum in Desenzano del Garda. The museum includes a section dedicated to the prehistoric pile dwellings found around the city, along with various other archaeological finds dating between the Paleolithic and the Middle Ages. Address: Via Anelli, 42, 25015 Desenzano del Garda BSCoordinates: 45.4682, 10.5435 Google Maps Roman Villa of Desenzano del Garda The Roman Villa of Desenzano del Garda is an ancient residence that has been unearthed in Desenzano del Garda. The villa was built in the 1st century BCE, but most of the surviving ruins date from the 4th century. The site includes a small archaeological museum with some ancient objects found in the villa. Address: Via Crocefisso, 22, 25015 Desenzano del Garda BSCoordinates: 45.4731, 10.5381 Google Maps Desenzano Castle The Desenzano Castle is a medieval fortress located on a hill overlooking Desenzano del Garda. Erected in the 11th century, it was later expanded. Now it is mostly used to host events and exhibitions. Address: Via Castello, 63, 25015 Desenzano del Garda BSCoordinates: 45.4699, 10.5379 Google Maps San Martino della Battaglia San Martino della Battaglia is a small town that forms part of the municipality of Desenzano del Garda in the Province of Brescia. The town is best known as the site of an important battle between the Kingdom of Sardinia and Austria in 1859, during the Second Italian War of Independence. Tower of San Martino della Battaglia The Tower of San Martino della Battaglia is a war memorial located on the site of the Battle of Solferino and San Martino, fought here in 1859 during the Second Italian War of Independence. The tower was built in the late 19th century and it houses some statues and artworks celebrating the Italian Risorgimento. Near the tower there is small museum dedicated to the battle and a ossuary. Address: Via Torre, 2, 25015 San Martino della Battaglia BSCoordinates: 45.4252, 10.6025 Google Maps Lonato del Garda Lonato del Garda is a town in the Province of Brescia, just west of Desenzano del Garda. Contested for centuries between local powers, it features a few historic attractions. Rocca of Lonato The Rocca of Lonato is a medieval castle erected on a hill overlooking Lonato del Garda. The castle has been expanded a few times and it was used until the 19th century. The structure features some well preserved walls and fortifications, and it houses the Gustavo Adolfo Carlotto Civic Ornithological Museum (Museo Civico Ornitologico Gustavo Adolfo Carlotto), a rich museum dedicated to the avian fauna of Italy. Address: Via della Rocca di Lonato, 25017 Lonato del Garda BSCoordinates: 45.4628, 10.4866 Google Maps Museo Casa del Podest\u00e0 The Museo Casa del Podest\u00e0 is a 15th-century palace that used to host the local representative of the Republic of Venice when the town was under Venetian rule. The structure was restored and turned into a museum in the 20th century. It features various historic decorations, furnishings, and artworks. Address: Via Rocca, 2, 25017 Lonato del Garda BSCoordinates: 45.4615, 10.4856 Google Maps Montichiari Montichiari is a town located in the plain southeast of Brescia. A small town throughout most of its history, it developed rapidly since the late 19th century. Duomo of Montichiari The Duomo of Montichiari is the main church in the city, erected during the 18th century. The church features a beautiful Neoclassical facade adorned with some statues, while its interiors host various artworks and decorations. Address: Piazza Santa Maria, 32, 25018 Montichiari BSCoordinates: 45.4132, 10.3916 Google Maps Bonoris Castle The Bonoris Castle is a castle originally erected in the Late Middle Ages in Montichiari. Heavily damaged in the 12th century, it was abandoned until the late&#8230;<\/p>","protected":false},"author":1,"featured_media":0,"parent":932,"menu_order":0,"comment_status":"closed","ping_status":"closed","template":"","meta":{"_editorskit_title_hidden":false,"_editorskit_reading_time":0,"_editorskit_is_block_options_detached":false,"_editorskit_block_options_position":"{}","om_disable_all_campaigns":false,"_uag_custom_page_level_css":"","advgb_blocks_editor_width":"","advgb_blocks_columns_visual_guide":"","_monsterinsights_skip_tracking":false,"_monsterinsights_sitenote_active":false,"_monsterinsights_sitenote_note":"","_monsterinsights_sitenote_category":0,"footnotes":""},"class_list":["post-9921","page","type-page","status-publish","hentry"],"aioseo_notices":[],"featured_image_src":null,"uagb_featured_image_src":{"full":false,"thumbnail":false,"medium":false,"medium_large":false,"large":false,"1536x1536":false,"2048x2048":false,"trp-custom-language-flag":false,"xs-thumb":false,"post-thumbnail":false,"minimalistblogger-grid":false,"minimalistblogger-slider":false,"minimalistblogger-small":false},"uagb_author_info":{"display_name":"Stefano Cammisa","author_link":"https:\/\/www.cosmundus.com\/it\/author\/stefano-cammisa\/"},"uagb_comment_info":0,"uagb_excerpt":"&lt;&lt;&nbsp;Lombardy The Province of Brescia includes the western shore of Lake Garda, which features several popular lakeside resorts, including the historic towns of Sirmione, Desenzano del Garda, and Sal\u00f2. More west is another lake located among the mountains, called Lake Idro. The area south of Brescia is instead a low-lying agricultural and industrial area known&hellip;","coauthors":[],"author_meta":{"author_link":"https:\/\/www.cosmundus.com\/it\/author\/stefano-cammisa\/","display_name":"Stefano Cammisa"},"relative_dates":{"created":"Pubblicato 2 anni fa","modified":"Aggiornato 2 anni fa"},"absolute_dates":{"created":"Pubblicato il 7 Marzo 2024","modified":"Aggiornato il 7 Ottobre 2024"},"absolute_dates_time":{"created":"Pubblicato il 7 Marzo 2024 12:12 pm","modified":"Aggiornato il 7 Ottobre 2024 11:51 am"},"featured_img_caption":"","featured_img":false,"series_order":"","_links":{"self":[{"href":"https:\/\/www.cosmundus.com\/it\/wp-json\/wp\/v2\/pages\/9921","targetHints":{"allow":["GET"]}}],"collection":[{"href":"https:\/\/www.cosmundus.com\/it\/wp-json\/wp\/v2\/pages"}],"about":[{"href":"https:\/\/www.cosmundus.com\/it\/wp-json\/wp\/v2\/types\/page"}],"author":[{"embeddable":true,"href":"https:\/\/www.cosmundus.com\/it\/wp-json\/wp\/v2\/users\/1"}],"replies":[{"embeddable":true,"href":"https:\/\/www.cosmundus.com\/it\/wp-json\/wp\/v2\/comments?post=9921"}],"version-history":[{"count":3,"href":"https:\/\/www.cosmundus.com\/it\/wp-json\/wp\/v2\/pages\/9921\/revisions"}],"predecessor-version":[{"id":11955,"href":"https:\/\/www.cosmundus.com\/it\/wp-json\/wp\/v2\/pages\/9921\/revisions\/11955"}],"up":[{"embeddable":true,"href":"https:\/\/www.cosmundus.com\/it\/wp-json\/wp\/v2\/pages\/932"}],"wp:attachment":[{"href":"https:\/\/www.cosmundus.com\/it\/wp-json\/wp\/v2\/media?parent=9921"}],"curies":[{"name":"wp","href":"https:\/\/api.w.org\/{rel}","templated":true}]}}