{"id":9799,"date":"2024-03-04T11:33:04","date_gmt":"2024-03-04T10:33:04","guid":{"rendered":"https:\/\/www.cosmundus.com\/?page_id=9799"},"modified":"2024-03-12T10:22:10","modified_gmt":"2024-03-12T09:22:10","slug":"gulf-of-la-spezia-and-bassa-val-di-magra","status":"publish","type":"page","link":"https:\/\/www.cosmundus.com\/it\/destinations\/gulf-of-la-spezia-and-bassa-val-di-magra\/","title":{"rendered":"Golfo della Spezia e Bassa Val di Magra"},"content":{"rendered":"<p class=\"has-text-align-right\">&lt;&lt;&nbsp;<a href=\"https:\/\/www.cosmundus.com\/it\/atlas\/europe\/southern-europe\/italy\/northwest-italy\/liguria\/\"><\/a><a href=\"https:\/\/www.cosmundus.com\/it\/atlas\/europe\/southern-europe\/italy\/northwest-italy\/liguria\/\">Liguria<\/a><\/p>\n\n\n\n<p class=\"translation-block\">Il Golfo della Spezia, conosciuto anche come Golfo dei Poeti, \u00e8 situato all'estremit\u00e0 orientale della Liguria. Al centro di questa costa si trova La Spezia, mentre alle sue estremit\u00e0 si trovano le due rinomate localit\u00e0 balneari di Porto Venere e Lerici. Pi\u00f9 a est si trova la valle attraversata dal fiume Magra, che si estende fino in <a href=\"https:\/\/www.cosmundus.com\/it\/atlas\/europe\/southern-europe\/italy\/central-italy\/tuscany\/\" class=\"ek-link\" target=\"_self\">Toscana<\/a>.<\/p>\n\n\n\n<div class=\"wp-block-group\"><div class=\"wp-block-group__inner-container is-layout-constrained wp-block-group-is-layout-constrained\"><div style=\"border: 1px solid #8ed1fc; border-radius: 0%; background-color: inherit; \" class=\"ub-styled-box ub-bordered-box wp-block-ub-styled-box\" id=\"ub-styled-box-dba621ae-34d7-4f62-93a1-d3ef5d6dd9b5\">\n<p class=\"has-medium-font-size\" id=\"ub-styled-box-bordered-content-1c9ace50-ddb3-4653-9bf4-22e190da2522\">Posti da vedere sul Golfo della Spezia e nella Bassa Val di Magra<\/p>\n\n\n<div class=\"wp-block-aioseo-table-of-contents\"><ul><li><a class=\"aioseo-toc-item\" href=\"#la-spezia\">La Spezia<\/a><ul><li><a class=\"aioseo-toc-item\" href=\"#technical-naval-museum-of-la-spezia\">\u272a Museo Tecnico Navale della Spezia<\/a><\/li><li><a class=\"aioseo-toc-item\" href=\"#passeggiata-costantino-morin\">Passeggiata Costantino Morin<\/a><\/li><li><a class=\"aioseo-toc-item\" href=\"#san-giorgio-castle\">Castello di San Giorgio<\/a><\/li><li><a class=\"aioseo-toc-item\" href=\"#giovanni-podenzana-ethnographic-museum\">Museo Etnografico Giovanni Podenzana<\/a><\/li><li><a class=\"aioseo-toc-item\" href=\"#amedeo-lia-civic-museum\">Museo Civico Amedeo Lia<\/a><\/li><li><a class=\"aioseo-toc-item\" href=\"#museum-of-seals\">Museo del Sigillo<\/a><\/li><li><a class=\"aioseo-toc-item\" href=\"#center-of-modern-and-contemporary-art-of-la-spezia\">Centro di Arte Moderna e Contemporanea della Spezia<\/a><\/li><\/ul><\/li><li><a class=\"aioseo-toc-item\" href=\"#porto-venere\">Porto Venere<\/a><ul><li><a class=\"aioseo-toc-item\" href=\"#doria-castle\">\u272a Castello Doria<\/a><\/li><li><a class=\"aioseo-toc-item\" href=\"#sanctuary-of-madonna-bianca\">Santuario della Madonna Bianca<\/a><\/li><li><a class=\"aioseo-toc-item\" href=\"#church-of-san-pietro\">Chiesa di San Pietro<\/a><\/li><li><a class=\"aioseo-toc-item\" href=\"#grotta-dellarpaia\">Grotta dell&#8217;Arpaia<\/a><\/li><li><a class=\"aioseo-toc-item\" href=\"#palmaria\">Palmaria<\/a><\/li><li><a class=\"aioseo-toc-item\" href=\"#tino-and-tinetto\">Tino e Tinetto<\/a><\/li><\/ul><\/li><li><a class=\"aioseo-toc-item\" href=\"#lerici\">Lerici<\/a><ul><li><a class=\"aioseo-toc-item\" href=\"#lerici-castle\">Castello di Lerici<\/a><\/li><li><a class=\"aioseo-toc-item\" href=\"#san-terenzo-castle\">Castello di San Terenzo<\/a><\/li><li><a class=\"aioseo-toc-item\" href=\"#tellaro\">Tellaro<\/a><\/li><\/ul><\/li><li><a class=\"aioseo-toc-item\" href=\"#sarzana\">Sarzana<\/a><ul><li><a class=\"aioseo-toc-item\" href=\"#sarzana-cathedral\">Cattedrale di Sarzana<\/a><\/li><li><a class=\"aioseo-toc-item\" href=\"#diocesan-museum-of-sarzana\">Museo Diocesano di Sarzana<\/a><\/li><li><a class=\"aioseo-toc-item\" href=\"#firmafede-fortress\">Fortezza Firmafede<\/a><\/li><li><a class=\"aioseo-toc-item\" href=\"#sarzanello-fortress\">Fortezza di Sarzanello<\/a><\/li><\/ul><\/li><li><a class=\"aioseo-toc-item\" href=\"#luni\">Luni<\/a><ul><li><a class=\"aioseo-toc-item\" href=\"#national-archaeological-museum-of-luni\">Museo Archeologico Nazionale di Luni<\/a><\/li><\/ul><\/li><\/ul><\/div>\n\n<\/div><\/div><\/div>\n\n\n\n<h2 class=\"wp-block-heading\" id=\"la-spezia\"><strong>La Spezia<\/strong><\/h2>\n\n\n\n<p class=\"translation-block\">La Spezia \u00e8 la seconda citt\u00e0 pi\u00f9 grande della Liguria, situata su un golfo all'estremit\u00e0 orientale della regione, vicino alle <a href=\"https:\/\/www.cosmundus.com\/it\/destinations\/cinque-terre\/\" class=\"ek-link\" target=\"_self\">Cinque Terre<\/a>. Abitata fin dall'antichit\u00e0, la citt\u00e0 crebbe a partire dal Basso Medioevo, dopo la distruzione del vicino insediamento di Luni. La Spezia si svilupp\u00f2 come il porto pi\u00f9 importante della zona e fu principalmente governata da <a href=\"https:\/\/www.cosmundus.com\/it\/destinations\/genoa\/\" class=\"ek-link\" target=\"_self\">Genova<\/a>. Dopo l'Unit\u00e0 d'Italia, La Spezia conobbe un enorme sviluppo con la costruzione in citt\u00e0 dell'arsenale della Marina Militare Italiana.<\/p>\n\n\n<div class=\"wp-block-ub-divider ub_divider ub-divider-orientation-horizontal\" id=\"ub_divider_e8a35075-cec5-4107-8410-fb65a3b74a9b\"><div class=\"ub_divider_wrapper\" style=\"position: relative; margin-bottom: 2px; width: 100%; height: 2px; \" data-divider-alignment=\"center\"><div class=\"ub_divider_line\" style=\"border-top: 2px solid #ccc; margin-top: 2px; \"><\/div><\/div><\/div>\n\n\n<h4 class=\"wp-block-heading\" id=\"technical-naval-museum-of-la-spezia\"><strong>\u272a Museo Tecnico Navale della Spezia<\/strong><\/h4>\n\n\n\n<p class=\"translation-block\">Il Museo Tecnico Navale della Spezia \u00e8 un museo navale ospitato nell'arsenale ottocentesco della citt\u00e0. Il museo presenta una vasta collezione di modelli di vascelli storici, insieme a antiche polene di navi, armi, medaglie e altro, ed \u00e8 concentrato in particolare sull'equipaggiamento della Marina Militare Italiana.<\/p>\n\n\n\n<div class=\"wp-block-columns is-layout-flex wp-container-core-columns-is-layout-9d6595d7 wp-block-columns-is-layout-flex\">\n<div class=\"wp-block-column is-layout-flow wp-block-column-is-layout-flow\" style=\"flex-basis:85%\">\n<p>Indirizzo: Viale Giovanni Amendola, 1, 19121 La Spezia SP<br>Coordinate: 44.1015, 9.8205<\/p>\n<\/div>\n\n\n\n<div class=\"wp-block-column is-layout-flow wp-block-column-is-layout-flow\" style=\"flex-basis:15%\">\n<p class=\"has-text-align-right\"><a href=\"https:\/\/goo.gl\/maps\/2jiASq42eGn3pYtK6\" target=\"_blank\" aria-label=\" (opens in a new tab)\" rel=\"noreferrer noopener\" class=\"ek-link\">Google Maps<\/a><\/p>\n<\/div>\n<\/div>\n\n\n<div class=\"wp-block-ub-divider ub_divider ub-divider-orientation-horizontal\" id=\"ub_divider_34220042-6544-47a9-9069-0eb903a9ba13\"><div class=\"ub_divider_wrapper\" style=\"position: relative; margin-bottom: 2px; width: 100%; height: 2px; \" data-divider-alignment=\"center\"><div class=\"ub_divider_line\" style=\"border-top: 2px solid #ccc; margin-top: 2px; \"><\/div><\/div><\/div>\n\n\n<h4 class=\"wp-block-heading\" id=\"passeggiata-costantino-morin\"><strong>Passeggiata Costantino Morin<\/strong><\/h4>\n\n\n\n<p class=\"translation-block\">La Passeggiata Costantino Morin \u00e8 il lungomare di La Spezia, che offre una splendida vista sul golfo ed \u00e8 riccamente ornata da alberi. All'estremit\u00e0 meridionale della passeggiata si trova il parco dei <strong>Giardini Pubblici<\/strong>, che ospita un grande monumento equestre di Giuseppe Garibaldi.<\/p>\n\n\n\n<div class=\"wp-block-columns is-layout-flex wp-container-core-columns-is-layout-9d6595d7 wp-block-columns-is-layout-flex\">\n<div class=\"wp-block-column is-layout-flow wp-block-column-is-layout-flow\" style=\"flex-basis:85%\">\n<p>Indirizzo: Passeggiata Costantino Morin, 19121 La Spezia SP<br>Coordinate: 44.1043, 9.8267<\/p>\n<\/div>\n\n\n\n<div class=\"wp-block-column is-layout-flow wp-block-column-is-layout-flow\" style=\"flex-basis:15%\">\n<p class=\"has-text-align-right\"><a href=\"https:\/\/goo.gl\/maps\/pMZWEP1MDLWDHcmx9\" target=\"_blank\" aria-label=\" (opens in a new tab)\" rel=\"noreferrer noopener\" class=\"ek-link\">Google Maps<\/a><\/p>\n<\/div>\n<\/div>\n\n\n<div class=\"wp-block-ub-divider ub_divider ub-divider-orientation-horizontal\" id=\"ub_divider_4992334b-7505-4d46-8bb8-4ef3f08309e0\"><div class=\"ub_divider_wrapper\" style=\"position: relative; margin-bottom: 2px; width: 100%; height: 2px; \" data-divider-alignment=\"center\"><div class=\"ub_divider_line\" style=\"border-top: 2px solid #ccc; margin-top: 2px; \"><\/div><\/div><\/div>\n\n\n<h4 class=\"wp-block-heading\" id=\"san-giorgio-castle\"><strong>Castello di San Giorgio<\/strong><\/h4>\n\n\n\n<p>Il Castello di San Giorgio \u00e8 una fortezza medievale situata sulla cima di una piccola collina a La Spezia. Originariamente eretto dai Genovesi nel Basso Medioevo su un precedente castello, fu pi\u00f9 volte ampliato. Il castello oggi ospita un museo archeologico con una ricca collezione che spazia dal Neolitico al Medioevo. Sopravvivono ancora oggi alcuni tratti delle antiche mura che, insieme al castello, costituivano le fortificazioni della citt\u00e0.<\/p>\n\n\n\n<div class=\"wp-block-columns is-layout-flex wp-container-core-columns-is-layout-9d6595d7 wp-block-columns-is-layout-flex\">\n<div class=\"wp-block-column is-layout-flow wp-block-column-is-layout-flow\" style=\"flex-basis:85%\">\n<p>Indirizzo: Via XXVII Marzo, SN, 19121 La Spezia SP<br>Coordinate: 44.1063, 9.8216<\/p>\n<\/div>\n\n\n\n<div class=\"wp-block-column is-layout-flow wp-block-column-is-layout-flow\" style=\"flex-basis:15%\">\n<p class=\"has-text-align-right\"><a href=\"https:\/\/goo.gl\/maps\/B38ZAfwKDzyerfjh9\" target=\"_blank\" aria-label=\" (opens in a new tab)\" rel=\"noreferrer noopener\" class=\"ek-link\">Google Maps<\/a><\/p>\n<\/div>\n<\/div>\n\n\n<div class=\"wp-block-ub-divider ub_divider ub-divider-orientation-horizontal\" id=\"ub_divider_34500547-5701-4a29-a8bd-cace151575bb\"><div class=\"ub_divider_wrapper\" style=\"position: relative; margin-bottom: 2px; width: 100%; height: 2px; \" data-divider-alignment=\"center\"><div class=\"ub_divider_line\" style=\"border-top: 2px solid #ccc; margin-top: 2px; \"><\/div><\/div><\/div>\n\n\n<h4 class=\"wp-block-heading\" id=\"giovanni-podenzana-ethnographic-museum\"><strong>Museo Etnografico Giovanni Podenzana<\/strong><\/h4>\n\n\n\n<p class=\"translation-block\">Il Museo Etnografico Giovanni Podenzana \u00e8 un museo etnografico che ospita una collezione di oggetti provenienti da tutto il mondo, insieme a una mostra sulla cultura tradizionale di La Spezia e del suo territorio. Il <strong>Museo Diocesano<\/strong> \u00e8 ospitato nello stesso edificio e presenta diverse opere d'arte religiosa.<\/p>\n\n\n\n<div class=\"wp-block-columns is-layout-flex wp-container-core-columns-is-layout-9d6595d7 wp-block-columns-is-layout-flex\">\n<div class=\"wp-block-column is-layout-flow wp-block-column-is-layout-flow\" style=\"flex-basis:85%\">\n<p>Indirizzo: Via del Prione, 156, 19121 La Spezia SP<br>Coordinate: 44.1056, 9.8200<\/p>\n<\/div>\n\n\n\n<div class=\"wp-block-column is-layout-flow wp-block-column-is-layout-flow\" style=\"flex-basis:15%\">\n<p class=\"has-text-align-right\"><a href=\"https:\/\/goo.gl\/maps\/gdCwzgoDkYK2bjeTA\" target=\"_blank\" aria-label=\" (opens in a new tab)\" rel=\"noreferrer noopener\" class=\"ek-link\">Google Maps<\/a><\/p>\n<\/div>\n<\/div>\n\n\n<div class=\"wp-block-ub-divider ub_divider ub-divider-orientation-horizontal\" id=\"ub_divider_42d2b0e6-c1ce-49ec-9640-1cce4b76a8f2\"><div class=\"ub_divider_wrapper\" style=\"position: relative; margin-bottom: 2px; width: 100%; height: 2px; \" data-divider-alignment=\"center\"><div class=\"ub_divider_line\" style=\"border-top: 2px solid #ccc; margin-top: 2px; \"><\/div><\/div><\/div>\n\n\n<h4 class=\"wp-block-heading\" id=\"amedeo-lia-civic-museum\"><strong>Museo Civico Amedeo Lia<\/strong><\/h4>\n\n\n\n<p class=\"translation-block\">Il Museo Civico Amedeo Lia \u00e8 una galleria d'arte nel centro di La Spezia ospitata in un ex monastero. La collezione del museo comprende una vasta gamma di dipinti, bronzi e altre opere d'arte che attraversano epoche e stili diversi e presenta anche numerosi reperti archeologici.<\/p>\n\n\n\n<div class=\"wp-block-columns is-layout-flex wp-container-core-columns-is-layout-9d6595d7 wp-block-columns-is-layout-flex\">\n<div class=\"wp-block-column is-layout-flow wp-block-column-is-layout-flow\" style=\"flex-basis:85%\">\n<p>Indirizzo: Via del Prione, 243, 19121 La Spezia SP<br>Coordinate: 44.1070, 9.8186<\/p>\n<\/div>\n\n\n\n<div class=\"wp-block-column is-layout-flow wp-block-column-is-layout-flow\" style=\"flex-basis:15%\">\n<p class=\"has-text-align-right\"><a href=\"https:\/\/goo.gl\/maps\/qecNUPGmTHSXyhTo9\" target=\"_blank\" aria-label=\" (opens in a new tab)\" rel=\"noreferrer noopener\" class=\"ek-link\">Google Maps<\/a><\/p>\n<\/div>\n<\/div>\n\n\n<div class=\"wp-block-ub-divider ub_divider ub-divider-orientation-horizontal\" id=\"ub_divider_ceaf85db-4864-4c45-8cbb-a8e1443914fe\"><div class=\"ub_divider_wrapper\" style=\"position: relative; margin-bottom: 2px; width: 100%; height: 2px; \" data-divider-alignment=\"center\"><div class=\"ub_divider_line\" style=\"border-top: 2px solid #ccc; margin-top: 2px; \"><\/div><\/div><\/div>\n\n\n<h4 class=\"wp-block-heading\" id=\"museum-of-seals\"><strong>Museo del Sigillo<\/strong><\/h4>\n\n\n\n<p class=\"translation-block\">Il Museo del Sigillo \u00e8 ospitato nella <strong>Palazzina delle Arti<\/strong> adiacente al Museo Civico Amedeo Lia. Il museo ospita una delle pi\u00f9 ricche collezioni di sigillografia, con oltre mille pezzi provenienti da tutto il mondo e che vanno dalla Preistoria fino ai giorni nostri.<\/p>\n\n\n\n<div class=\"wp-block-columns is-layout-flex wp-container-core-columns-is-layout-9d6595d7 wp-block-columns-is-layout-flex\">\n<div class=\"wp-block-column is-layout-flow wp-block-column-is-layout-flow\" style=\"flex-basis:85%\">\n<p>Indirizzo: Via del Prione, 236, 19121 La Spezia SP<br>Coordinate: 44.1071, 9.8184<\/p>\n<\/div>\n\n\n\n<div class=\"wp-block-column is-layout-flow wp-block-column-is-layout-flow\" style=\"flex-basis:15%\">\n<p class=\"has-text-align-right\"><a href=\"https:\/\/goo.gl\/maps\/3hgoxY944af5a1J69\" target=\"_blank\" aria-label=\" (opens in a new tab)\" rel=\"noreferrer noopener\" class=\"ek-link\">Google Maps<\/a><\/p>\n<\/div>\n<\/div>\n\n\n<div class=\"wp-block-ub-divider ub_divider ub-divider-orientation-horizontal\" id=\"ub_divider_41b00168-f35c-4d3f-a2c7-916f87a1e7e4\"><div class=\"ub_divider_wrapper\" style=\"position: relative; margin-bottom: 2px; width: 100%; height: 2px; \" data-divider-alignment=\"center\"><div class=\"ub_divider_line\" style=\"border-top: 2px solid #ccc; margin-top: 2px; \"><\/div><\/div><\/div>\n\n\n<h4 class=\"wp-block-heading\" id=\"center-of-modern-and-contemporary-art-of-la-spezia\"><strong>Centro di Arte Moderna e Contemporanea della Spezia<\/strong><\/h4>\n\n\n\n<p class=\"translation-block\">Il Centro di Arte Moderna e Contemporanea della Spezia \u00e8 un museo d'arte incentrato sull'arte moderna e contemporanea, con dipinti e sculture in gran parte risalenti al ventesimo secolo.<\/p>\n\n\n\n<div class=\"wp-block-columns is-layout-flex wp-container-core-columns-is-layout-9d6595d7 wp-block-columns-is-layout-flex\">\n<div class=\"wp-block-column is-layout-flow wp-block-column-is-layout-flow\" style=\"flex-basis:85%\">\n<p>Indirizzo: Piazza Cesare Battisti, 1, 19124 La Spezia SP<br>Coordinate: 44.1030, 9.8206<\/p>\n<\/div>\n\n\n\n<div class=\"wp-block-column is-layout-flow wp-block-column-is-layout-flow\" style=\"flex-basis:15%\">\n<p class=\"has-text-align-right\"><a href=\"https:\/\/goo.gl\/maps\/e14Ti8XSkm6dy6gq7\" target=\"_blank\" aria-label=\" (opens in a new tab)\" rel=\"noreferrer noopener\" class=\"ek-link\">Google Maps<\/a><\/p>\n<\/div>\n<\/div>\n\n\n<div style=\"margin-top: var(--wp--preset--spacing--40); margin-bottom: var(--wp--preset--spacing--40); \" class=\"wp-block-ub-divider ub_divider ub-divider-orientation-horizontal\" id=\"ub_divider_4b11a378-9c20-4dc9-b729-d01b29522330\"><div class=\"ub_divider_wrapper\" style=\"position: relative; margin-bottom: 10px; width: 100%; height: 10px; \" data-divider-alignment=\"center\"><div class=\"ub_divider_line\" style=\"border-top: 2px solid #000000; margin-top: 10px; \"><\/div><\/div><\/div>\n\n\n<h2 class=\"wp-block-heading\" id=\"porto-venere\"><strong>Porto Venere<\/strong><\/h2>\n\n\n\n<p class=\"translation-block\">Porto Venere \u00e8 una localit\u00e0 situata all'estremit\u00e0 del promontorio occidentale del Golfo della Spezia, lungo la stessa costa frastagliata delle Cinque Terre. Probabilmente fondata dai Romani come villaggio di pescatori, la citt\u00e0 divenne per breve tempo una base della flotta bizantina nell'Alto Medioevo. Nei secoli successivi Porto Venere fu un'importante postazione fortificata, spesso attaccata e contesa. Dal diciannovesimo secolo, la citt\u00e0 si \u00e8 trasformata in un'importante meta turistica grazie alla sua bellezza, ed \u00e8 ora un Patrimonio Mondiale dell'UNESCO. Il suo territorio comprende un piccolo arcipelago situato appena al largo della costa.<\/p>\n\n\n<div class=\"wp-block-ub-divider ub_divider ub-divider-orientation-horizontal\" id=\"ub_divider_a29065e4-8873-44e7-ba44-6d9f12c2b1ed\"><div class=\"ub_divider_wrapper\" style=\"position: relative; margin-bottom: 2px; width: 100%; height: 2px; \" data-divider-alignment=\"center\"><div class=\"ub_divider_line\" style=\"border-top: 2px solid #ccc; margin-top: 2px; \"><\/div><\/div><\/div>\n\n\n<h4 class=\"wp-block-heading\" id=\"doria-castle\"><strong>\u272a Castello Doria<\/strong><\/h4>\n\n\n\n<p class=\"translation-block\">Il Castello Doria \u00e8 una grande fortezza situata sulla collina che domina Porto Venere. L'attuale struttura fu eretta a partire dal dodicesimo secolo ed \u00e8 ancora ben conservata. Grazie alla sua posizione dominante, dal castello si pu\u00f2 godere di una vista panoramica mozzafiato sul mare, sulla costa e sulle isole vicine. Altre fortificazioni storiche sopravvivono a Porto Venere, come alcuni tratti delle antiche mura e la porta cittadina chiamata <strong>Porta del Borgo<\/strong>.<\/p>\n\n\n\n<div class=\"wp-block-columns is-layout-flex wp-container-core-columns-is-layout-9d6595d7 wp-block-columns-is-layout-flex\">\n<div class=\"wp-block-column is-layout-flow wp-block-column-is-layout-flow\" style=\"flex-basis:85%\">\n<p>Indirizzo: Via dei Mulini, 19025 Porto Venere SP<br>Coordinate: 44.0513, 9.8327<\/p>\n<\/div>\n\n\n\n<div class=\"wp-block-column is-layout-flow wp-block-column-is-layout-flow\" style=\"flex-basis:15%\">\n<p class=\"has-text-align-right\"><a href=\"https:\/\/goo.gl\/maps\/3ea1xkCZPGoa5zC89\" target=\"_blank\" aria-label=\" (opens in a new tab)\" rel=\"noreferrer noopener\" class=\"ek-link\">Google Maps<\/a><\/p>\n<\/div>\n<\/div>\n\n\n<div class=\"wp-block-ub-divider ub_divider ub-divider-orientation-horizontal\" id=\"ub_divider_bb022dce-828f-4d12-8228-e9f311fa8d59\"><div class=\"ub_divider_wrapper\" style=\"position: relative; margin-bottom: 2px; width: 100%; height: 2px; \" data-divider-alignment=\"center\"><div class=\"ub_divider_line\" style=\"border-top: 2px solid #ccc; margin-top: 2px; \"><\/div><\/div><\/div>\n\n\n<h4 class=\"wp-block-heading\" id=\"sanctuary-of-madonna-bianca\"><strong>Santuario della Madonna Bianca<\/strong><\/h4>\n\n\n\n<p>Anche nota come: Chiesa di San Lorenzo<\/p>\n\n\n\n<p class=\"translation-block\">Il Santuario della Madonna Bianca \u00e8 una chiesa romanica eretta nel dodicesimo secolo a Porto Venere, e successivamente rimaneggiata. La chiesa, situata sotto il Castello Doria sulla piazza principale del centro storico, ospita diverse opere d'arte e decorazioni storiche.<\/p>\n\n\n\n<div class=\"wp-block-columns is-layout-flex wp-container-core-columns-is-layout-9d6595d7 wp-block-columns-is-layout-flex\">\n<div class=\"wp-block-column is-layout-flow wp-block-column-is-layout-flow\" style=\"flex-basis:85%\">\n<p>Indirizzo: Vicolo dell\u2019Oratorio, 6, 19025 Porto Venere SP<br>Coordinate: 44.0506, 9.8336<\/p>\n<\/div>\n\n\n\n<div class=\"wp-block-column is-layout-flow wp-block-column-is-layout-flow\" style=\"flex-basis:15%\">\n<p class=\"has-text-align-right\"><a href=\"https:\/\/goo.gl\/maps\/32GqZuRNNxnKL761A\" target=\"_blank\" aria-label=\" (opens in a new tab)\" rel=\"noreferrer noopener\" class=\"ek-link\">Google Maps<\/a><\/p>\n<\/div>\n<\/div>\n\n\n<div class=\"wp-block-ub-divider ub_divider ub-divider-orientation-horizontal\" id=\"ub_divider_41e63429-4f62-4e75-abcf-7ecea5d551a8\"><div class=\"ub_divider_wrapper\" style=\"position: relative; margin-bottom: 2px; width: 100%; height: 2px; \" data-divider-alignment=\"center\"><div class=\"ub_divider_line\" style=\"border-top: 2px solid #ccc; margin-top: 2px; \"><\/div><\/div><\/div>\n\n\n<h4 class=\"wp-block-heading\" id=\"church-of-san-pietro\"><strong>Chiesa di San Pietro<\/strong><\/h4>\n\n\n\n<p>La Chiesa di San Pietro \u00e8 una chiesa gotica del dodicesimo secolo costruita sul sito di un precedente sito paleocristiano e forse di un tempio romano ancora pi\u00f9 antico. La chiesa si trova all'estremit\u00e0 di un promontorio e offre una splendida vista panoramica sul mare e su Palmaria.<\/p>\n\n\n\n<div class=\"wp-block-columns is-layout-flex wp-container-core-columns-is-layout-9d6595d7 wp-block-columns-is-layout-flex\">\n<div class=\"wp-block-column is-layout-flow wp-block-column-is-layout-flow\" style=\"flex-basis:85%\">\n<p>Indirizzo: Piazza Lazzaro Spallanzani, 19025 Porto Venere SP<br>Coordinate: 44.0483, 9.8324<\/p>\n<\/div>\n\n\n\n<div class=\"wp-block-column is-layout-flow wp-block-column-is-layout-flow\" style=\"flex-basis:15%\">\n<p class=\"has-text-align-right\"><a href=\"https:\/\/goo.gl\/maps\/ZFz3oaPSY3LPpJiY6\" target=\"_blank\" aria-label=\" (opens in a new tab)\" rel=\"noreferrer noopener\" class=\"ek-link\">Google Maps<\/a><\/p>\n<\/div>\n<\/div>\n\n\n<div class=\"wp-block-ub-divider ub_divider ub-divider-orientation-horizontal\" id=\"ub_divider_5d678e12-e65e-44d9-a123-235123e98e71\"><div class=\"ub_divider_wrapper\" style=\"position: relative; margin-bottom: 2px; width: 100%; height: 2px; \" data-divider-alignment=\"center\"><div class=\"ub_divider_line\" style=\"border-top: 2px solid #ccc; margin-top: 2px; \"><\/div><\/div><\/div>\n\n\n<h4 class=\"wp-block-heading\" id=\"grotta-dellarpaia\"><strong>Grotta dell&#8217;Arpaia<\/strong><\/h4>\n\n\n\n<p class=\"translation-block\">Anche nota come: Grotta di Byron<\/p>\n\n\n\n<p>La Grotta dell'Arpaia \u00e8 una grotta naturale marina situata sotto il promontorio di Porto Venere. La grotta \u00e8 anche conosciuta come Grotta di Byron, poich\u00e9 fu visitata dal poeta inglese Lord Byron, ed \u00e8 famosa per le sue acque limpide.<\/p>\n\n\n\n<div class=\"wp-block-columns is-layout-flex wp-container-core-columns-is-layout-9d6595d7 wp-block-columns-is-layout-flex\">\n<div class=\"wp-block-column is-layout-flow wp-block-column-is-layout-flow\" style=\"flex-basis:85%\">\n<p>Indirizzo: Via Calata Doria, 102, 19025 Porto Venere SP<br>Coordinate: 44.0491, 9.8329<\/p>\n<\/div>\n\n\n\n<div class=\"wp-block-column is-layout-flow wp-block-column-is-layout-flow\" style=\"flex-basis:15%\">\n<p class=\"has-text-align-right\"><a href=\"https:\/\/goo.gl\/maps\/Tnw45k4SHVX54J557\" target=\"_blank\" aria-label=\" (opens in a new tab)\" rel=\"noreferrer noopener\" class=\"ek-link\">Google Maps<\/a><\/p>\n<\/div>\n<\/div>\n\n\n<div class=\"wp-block-ub-divider ub_divider ub-divider-orientation-horizontal\" id=\"ub_divider_7e69a479-2104-4501-98d8-1a666f7fbba0\"><div class=\"ub_divider_wrapper\" style=\"position: relative; margin-bottom: 2px; width: 100%; height: 2px; \" data-divider-alignment=\"center\"><div class=\"ub_divider_line\" style=\"border-top: 2px solid #ccc; margin-top: 2px; \"><\/div><\/div><\/div>\n\n\n<h4 class=\"wp-block-heading\" id=\"palmaria\"><strong>Palmaria<\/strong><\/h4>\n\n\n\n<p class=\"translation-block\">Palmaria \u00e8 la pi\u00f9 grande delle tre isole situate vicino alla costa di Porto Venere. La costa di Palmaria presenta alcune grotte naturali, come la <strong>Grotta Azzurra<\/strong>, raggiungibile solo in barca. L'isola ospita anche i ruderi di alcune fortificazioni storiche, mentre la <strong>Torre Scola<\/strong> del diciassettesimo secolo si trova invece su uno scoglio appena oltre la punta nord-orientale di Palmaria.<\/p>\n\n\n\n<div class=\"wp-block-columns is-layout-flex wp-container-core-columns-is-layout-9d6595d7 wp-block-columns-is-layout-flex\">\n<div class=\"wp-block-column is-layout-flow wp-block-column-is-layout-flow\" style=\"flex-basis:85%\">\n<p>Indirizzo: Palmaria, 19025 Porto Venere SP<br>Coordinate: 44.0430, 9.8441<\/p>\n<\/div>\n\n\n\n<div class=\"wp-block-column is-layout-flow wp-block-column-is-layout-flow\" style=\"flex-basis:15%\">\n<p class=\"has-text-align-right\"><a href=\"https:\/\/goo.gl\/maps\/8FRagZFLvaHtbA6d9\" target=\"_blank\" aria-label=\" (opens in a new tab)\" rel=\"noreferrer noopener\" class=\"ek-link\">Google Maps<\/a><\/p>\n<\/div>\n<\/div>\n\n\n<div class=\"wp-block-ub-divider ub_divider ub-divider-orientation-horizontal\" id=\"ub_divider_f4d52a4f-8cc2-4793-bdde-7da823bb5ef7\"><div class=\"ub_divider_wrapper\" style=\"position: relative; margin-bottom: 2px; width: 100%; height: 2px; \" data-divider-alignment=\"center\"><div class=\"ub_divider_line\" style=\"border-top: 2px solid #ccc; margin-top: 2px; \"><\/div><\/div><\/div>\n\n\n<h4 class=\"wp-block-heading\" id=\"tino-and-tinetto\"><strong>Tino e Tinetto<\/strong><\/h4>\n\n\n\n<p class=\"translation-block\"><strong>Tino<\/strong> \u00e8 un isolotto situato a sud di Palmaria, e si dice sia stato il luogo in cui San Venerio, patrono di La Spezia, visse come eremita e abate fino alla sua morte nel 630. L'isola ospita le rovine di un'antica abbazia eretta nell'Alto Medioevo. Poco a sud di Tino si trova il minuscolo isolotto di <strong>Tinetto<\/strong>, che presenta anch'esso le antiche rovine di alcuni edifici religiosi. Entrambe le isole sono amministrate dalla Marina Militare Italiana e Tino \u00e8 visitabile solo durante i festeggiamenti di San Venerio a settembre.<\/p>\n\n\n\n<div class=\"wp-block-columns is-layout-flex wp-container-core-columns-is-layout-9d6595d7 wp-block-columns-is-layout-flex\">\n<div class=\"wp-block-column is-layout-flow wp-block-column-is-layout-flow\" style=\"flex-basis:85%\">\n<p>Indirizzo: Isola del Tino, 19025 Porto Venere SP<br>Coordinate: 44.0270, 9.8498<\/p>\n<\/div>\n\n\n\n<div class=\"wp-block-column is-layout-flow wp-block-column-is-layout-flow\" style=\"flex-basis:15%\">\n<p class=\"has-text-align-right\"><a href=\"https:\/\/goo.gl\/maps\/skKdvrmZMeD9tBKi9\" target=\"_blank\" aria-label=\" (opens in a new tab)\" rel=\"noreferrer noopener\" class=\"ek-link\">Google Maps<\/a><\/p>\n<\/div>\n<\/div>\n\n\n<div style=\"margin-top: var(--wp--preset--spacing--40); margin-bottom: var(--wp--preset--spacing--40); \" class=\"wp-block-ub-divider ub_divider ub-divider-orientation-horizontal\" id=\"ub_divider_062177bc-5eeb-4ae2-a18d-911278fa53ef\"><div class=\"ub_divider_wrapper\" style=\"position: relative; margin-bottom: 10px; width: 100%; height: 10px; \" data-divider-alignment=\"center\"><div class=\"ub_divider_line\" style=\"border-top: 2px solid #000000; margin-top: 10px; \"><\/div><\/div><\/div>\n\n\n<h2 class=\"wp-block-heading\" id=\"lerici\"><strong>Lerici<\/strong><\/h2>\n\n\n\n<p class=\"translation-block\">Lerici \u00e8 una cittadina situata lungo la costa del Golfo della Spezia. Fondato in tempi antichi, il borgo divenne un importante porto nel Basso Medioevo, perlopi\u00f9 governato da Genova. Lerici divenne un'importante meta turistica nel diciannovesimo secolo.<\/p>\n\n\n<div class=\"wp-block-ub-divider ub_divider ub-divider-orientation-horizontal\" id=\"ub_divider_537c7b73-04d8-4564-a624-2962f5b571d8\"><div class=\"ub_divider_wrapper\" style=\"position: relative; margin-bottom: 2px; width: 100%; height: 2px; \" data-divider-alignment=\"center\"><div class=\"ub_divider_line\" style=\"border-top: 2px solid #ccc; margin-top: 2px; \"><\/div><\/div><\/div>\n\n\n<h4 class=\"wp-block-heading\" id=\"lerici-castle\"><strong>Castello di Lerici<\/strong><\/h4>\n\n\n\n<p>Il Castello di Lerici \u00e8 una fortificazione costruita dai Genovesi nel Basso Medioevo su un promontorio a Lerici. Conteso per secoli tra Genova e Pisa, il castello \u00e8 ancora oggi ben conservato ed \u00e8 visitabile.<\/p>\n\n\n\n<div class=\"wp-block-columns is-layout-flex wp-container-core-columns-is-layout-9d6595d7 wp-block-columns-is-layout-flex\">\n<div class=\"wp-block-column is-layout-flow wp-block-column-is-layout-flow\" style=\"flex-basis:85%\">\n<p>Indirizzo: P.za S.Giorgio, 19032 Lerici SP<br>Coordinate: 44.0730, 9.9073<\/p>\n<\/div>\n\n\n\n<div class=\"wp-block-column is-layout-flow wp-block-column-is-layout-flow\" style=\"flex-basis:15%\">\n<p class=\"has-text-align-right\"><a href=\"https:\/\/goo.gl\/maps\/ArmrWSZnDsArCcnNA\" target=\"_blank\" aria-label=\" (opens in a new tab)\" rel=\"noreferrer noopener\" class=\"ek-link\">Google Maps<\/a><\/p>\n<\/div>\n<\/div>\n\n\n<div class=\"wp-block-ub-divider ub_divider ub-divider-orientation-horizontal\" id=\"ub_divider_812a11a0-3dc1-4462-836a-a25ad803710c\"><div class=\"ub_divider_wrapper\" style=\"position: relative; margin-bottom: 2px; width: 100%; height: 2px; \" data-divider-alignment=\"center\"><div class=\"ub_divider_line\" style=\"border-top: 2px solid #ccc; margin-top: 2px; \"><\/div><\/div><\/div>\n\n\n<h4 class=\"wp-block-heading\" id=\"san-terenzo-castle\"><strong>Castello di San Terenzo<\/strong><\/h4>\n\n\n\n<p>Il Castello di San Terenzo \u00e8 uno storico castello situato a San Terenzo, piccolo borgo sulla costa poco a nord di Lerici. La fortificazione fu eretta a partire dal Basso Medioevo, e fu successivamente rimaneggiata.<\/p>\n\n\n\n<div class=\"wp-block-columns is-layout-flex wp-container-core-columns-is-layout-9d6595d7 wp-block-columns-is-layout-flex\">\n<div class=\"wp-block-column is-layout-flow wp-block-column-is-layout-flow\" style=\"flex-basis:85%\">\n<p>Indirizzo: Via Castello, 8, 19032 Lerici SP<br>Coordinate: 44.0825, 9.8962<\/p>\n<\/div>\n\n\n\n<div class=\"wp-block-column is-layout-flow wp-block-column-is-layout-flow\" style=\"flex-basis:15%\">\n<p class=\"has-text-align-right\"><a href=\"https:\/\/goo.gl\/maps\/ZRGyEpKtP8q85xhd6\" target=\"_blank\" aria-label=\" (opens in a new tab)\" rel=\"noreferrer noopener\" class=\"ek-link\">Google Maps<\/a><\/p>\n<\/div>\n<\/div>\n\n\n<div class=\"wp-block-ub-divider ub_divider ub-divider-orientation-horizontal\" id=\"ub_divider_7d2bd4d1-cc03-4732-8436-f79e6271510c\"><div class=\"ub_divider_wrapper\" style=\"position: relative; margin-bottom: 2px; width: 100%; height: 2px; \" data-divider-alignment=\"center\"><div class=\"ub_divider_line\" style=\"border-top: 2px solid #ccc; margin-top: 2px; \"><\/div><\/div><\/div>\n\n\n<h4 class=\"wp-block-heading\" id=\"tellaro\"><strong>Tellaro<\/strong><\/h4>\n\n\n\n<p>Tellaro \u00e8 un piccolo borgo della costa a sud di Lerici, arroccato sulla scogliera a strapiombo sul mare. Il borgo \u00e8 caratterizzato da un piccolo porto e da numerosi stretti vicoli, e vari punti panoramici intorno al paese offrono una splendida vista sul mare.<\/p>\n\n\n\n<div class=\"wp-block-columns is-layout-flex wp-container-core-columns-is-layout-9d6595d7 wp-block-columns-is-layout-flex\">\n<div class=\"wp-block-column is-layout-flow wp-block-column-is-layout-flow\" style=\"flex-basis:85%\">\n<p>Indirizzo: Tellaro, 19032 Lerici SP<br>Coordinate: 44.0576, 9.9293<\/p>\n<\/div>\n\n\n\n<div class=\"wp-block-column is-layout-flow wp-block-column-is-layout-flow\" style=\"flex-basis:15%\">\n<p class=\"has-text-align-right\"><a href=\"https:\/\/goo.gl\/maps\/pPxGPUy4LCdeDJ5P6\" target=\"_blank\" aria-label=\" (opens in a new tab)\" rel=\"noreferrer noopener\" class=\"ek-link\">Google Maps<\/a><\/p>\n<\/div>\n<\/div>\n\n\n<div style=\"margin-top: var(--wp--preset--spacing--40); margin-bottom: var(--wp--preset--spacing--40); \" class=\"wp-block-ub-divider ub_divider ub-divider-orientation-horizontal\" id=\"ub_divider_05fbb7b5-b5f2-488c-9963-a7f26be99510\"><div class=\"ub_divider_wrapper\" style=\"position: relative; margin-bottom: 10px; width: 100%; height: 10px; \" data-divider-alignment=\"center\"><div class=\"ub_divider_line\" style=\"border-top: 2px solid #000000; margin-top: 10px; \"><\/div><\/div><\/div>\n\n\n<h2 class=\"wp-block-heading\" id=\"sarzana\"><strong>Sarzana<\/strong><\/h2>\n\n\n\n<p class=\"translation-block\">Sarzana \u00e8 la seconda citt\u00e0 pi\u00f9 grande della Provincia della Spezia, situato nei pressi del fiume Magra. Originariamente un piccolo villaggio, crebbe a partire dal Tardo Medioevo dopo la distruzione della vicina Luni. Sarzana divenne il principale centro religioso e militare della zona, e fu principalmente governata da Genova. La citt\u00e0 presenta ancora alcune attrazioni storiche.<\/p>\n\n\n<div class=\"wp-block-ub-divider ub_divider ub-divider-orientation-horizontal\" id=\"ub_divider_5e6d926a-6be4-4cd1-a039-ebcbf386d899\"><div class=\"ub_divider_wrapper\" style=\"position: relative; margin-bottom: 2px; width: 100%; height: 2px; \" data-divider-alignment=\"center\"><div class=\"ub_divider_line\" style=\"border-top: 2px solid #ccc; margin-top: 2px; \"><\/div><\/div><\/div>\n\n\n<h4 class=\"wp-block-heading\" id=\"sarzana-cathedral\"><strong>Cattedrale di Sarzana<\/strong><\/h4>\n\n\n\n<p class=\"translation-block\">Anche nota come: Concattedrale di Santa Maria Assunta<\/p>\n\n\n\n<p>La Cattedrale di Sarzana \u00e8 la chiesa principale di Sarzana, eretta nel Basso Medioevo. La chiesa presenta una miscela di stili romanico e gotico e i suoi interni sono adornati con decorazioni barocche. Nella chiesa sono ospitate numerose opere d'arte, come una croce dipinta nel 1138, e le sue cappelle ospitano elaborate sculture. La cattedrale ospita anche diverse antiche reliquie.<\/p>\n\n\n\n<div class=\"wp-block-columns is-layout-flex wp-container-core-columns-is-layout-9d6595d7 wp-block-columns-is-layout-flex\">\n<div class=\"wp-block-column is-layout-flow wp-block-column-is-layout-flow\" style=\"flex-basis:85%\">\n<p>Indirizzo: Via Nicol\u00f2 V, 2, 19038 Sarzana SP<br>Coordinate: 44.1121, 9.9622<\/p>\n<\/div>\n\n\n\n<div class=\"wp-block-column is-layout-flow wp-block-column-is-layout-flow\" style=\"flex-basis:15%\">\n<p class=\"has-text-align-right\"><a href=\"https:\/\/goo.gl\/maps\/hTCvwKaD1mZc4fHr9\" target=\"_blank\" aria-label=\" (opens in a new tab)\" rel=\"noreferrer noopener\" class=\"ek-link\">Google Maps<\/a><\/p>\n<\/div>\n<\/div>\n\n\n<div class=\"wp-block-ub-divider ub_divider ub-divider-orientation-horizontal\" id=\"ub_divider_1e562fa9-5872-422f-a2e0-71868a154687\"><div class=\"ub_divider_wrapper\" style=\"position: relative; margin-bottom: 2px; width: 100%; height: 2px; \" data-divider-alignment=\"center\"><div class=\"ub_divider_line\" style=\"border-top: 2px solid #ccc; margin-top: 2px; \"><\/div><\/div><\/div>\n\n\n<h4 class=\"wp-block-heading\" id=\"diocesan-museum-of-sarzana\"><strong>Museo Diocesano di Sarzana<\/strong><\/h4>\n\n\n\n<p class=\"translation-block\">Il Museo Diocesano di Sarzana \u00e8 un museo di arte sacra ospitato in un ex oratorio. La collezione comprende varie opere d'arte provenienti dal territorio di Sarzana tra cui dipinti, sculture e numerosi oggetti religiosi storici.<\/p>\n\n\n\n<div class=\"wp-block-columns is-layout-flex wp-container-core-columns-is-layout-9d6595d7 wp-block-columns-is-layout-flex\">\n<div class=\"wp-block-column is-layout-flow wp-block-column-is-layout-flow\" style=\"flex-basis:85%\">\n<p>Indirizzo: Piazza Firmafede, 19038 Sarzana SP<br>Coordinate: 44.1116, 9.9637<\/p>\n<\/div>\n\n\n\n<div class=\"wp-block-column is-layout-flow wp-block-column-is-layout-flow\" style=\"flex-basis:15%\">\n<p class=\"has-text-align-right\"><a href=\"https:\/\/goo.gl\/maps\/Nfn8rTQcrCRtgf9D9\" target=\"_blank\" aria-label=\" (opens in a new tab)\" rel=\"noreferrer noopener\" class=\"ek-link\">Google Maps<\/a><\/p>\n<\/div>\n<\/div>\n\n\n<div class=\"wp-block-ub-divider ub_divider ub-divider-orientation-horizontal\" id=\"ub_divider_9e4a9e30-c56b-4003-a560-d47ca0c11dc4\"><div class=\"ub_divider_wrapper\" style=\"position: relative; margin-bottom: 2px; width: 100%; height: 2px; \" data-divider-alignment=\"center\"><div class=\"ub_divider_line\" style=\"border-top: 2px solid #ccc; margin-top: 2px; \"><\/div><\/div><\/div>\n\n\n<h4 class=\"wp-block-heading\" id=\"firmafede-fortress\"><strong>Fortezza Firmafede<\/strong><\/h4>\n\n\n\n<p class=\"translation-block\">Anche nota come: Cittadella di Sarzana<\/p>\n\n\n\n<p class=\"translation-block\">La Fortezza Firmafede \u00e8 una cittadella storica originariamente eretta nel tredicesimo secolo a Sarzana. Dopo essere stata distrutta durante una guerra, la fortezza fu ricostruita nel quindicesimo secolo. Dopo essere stata utilizzata come caserma militare e carcere, oggi ospita mostre ed eventi culturali. Attorno al centro storico di Sarzana sono ancora visibili alcuni altri tratti delle antiche mura e porte cittadine.<\/p>\n\n\n\n<div class=\"wp-block-columns is-layout-flex wp-container-core-columns-is-layout-9d6595d7 wp-block-columns-is-layout-flex\">\n<div class=\"wp-block-column is-layout-flow wp-block-column-is-layout-flow\" style=\"flex-basis:85%\">\n<p>Indirizzo: Piazza Cittadella, 19038 Sarzana SP<br>Coordinate: 44.1122, 9.9644<\/p>\n<\/div>\n\n\n\n<div class=\"wp-block-column is-layout-flow wp-block-column-is-layout-flow\" style=\"flex-basis:15%\">\n<p class=\"has-text-align-right\"><a href=\"https:\/\/goo.gl\/maps\/kVXt7RSSMDzvwuaPA\" target=\"_blank\" aria-label=\" (opens in a new tab)\" rel=\"noreferrer noopener\" class=\"ek-link\">Google Maps<\/a><\/p>\n<\/div>\n<\/div>\n\n\n<div class=\"wp-block-ub-divider ub_divider ub-divider-orientation-horizontal\" id=\"ub_divider_dac042b3-6fa9-4e37-8738-b4ca4562f70f\"><div class=\"ub_divider_wrapper\" style=\"position: relative; margin-bottom: 2px; width: 100%; height: 2px; \" data-divider-alignment=\"center\"><div class=\"ub_divider_line\" style=\"border-top: 2px solid #ccc; margin-top: 2px; \"><\/div><\/div><\/div>\n\n\n<h4 class=\"wp-block-heading\" id=\"sarzanello-fortress\"><strong>Fortezza di Sarzanello<\/strong><\/h4>\n\n\n\n<p class=\"translation-block\">La Fortezza di Sarzanello \u00e8 un'antica fortificazione situata sulla sommit\u00e0 di un colle che domina Sarzana. La rocca fu edificata su precedenti fortificazioni nel Basso Medioevo, e successivamente ampliata durante il Rinascimento, divenendo uno dei castelli pi\u00f9 importanti della zona. La fortezza \u00e8 ancora oggi ben conservata e pu\u00f2 essere visitata.<\/p>\n\n\n\n<div class=\"wp-block-columns is-layout-flex wp-container-core-columns-is-layout-9d6595d7 wp-block-columns-is-layout-flex\">\n<div class=\"wp-block-column is-layout-flow wp-block-column-is-layout-flow\" style=\"flex-basis:85%\">\n<p>Indirizzo: Via Alla Fortezza, snc, 19038 Sarzana SP<br>Coordinate: 44.1151, 9.9713<\/p>\n<\/div>\n\n\n\n<div class=\"wp-block-column is-layout-flow wp-block-column-is-layout-flow\" style=\"flex-basis:15%\">\n<p class=\"has-text-align-right\"><a href=\"https:\/\/goo.gl\/maps\/Hk9JPVfJbk81HH7bA\" target=\"_blank\" aria-label=\" (opens in a new tab)\" rel=\"noreferrer noopener\" class=\"ek-link\">Google Maps<\/a><\/p>\n<\/div>\n<\/div>\n\n\n<div style=\"margin-top: var(--wp--preset--spacing--40); margin-bottom: var(--wp--preset--spacing--40); \" class=\"wp-block-ub-divider ub_divider ub-divider-orientation-horizontal\" id=\"ub_divider_b8b56d51-ce34-4943-94e2-2eb23938c995\"><div class=\"ub_divider_wrapper\" style=\"position: relative; margin-bottom: 10px; width: 100%; height: 10px; \" data-divider-alignment=\"center\"><div class=\"ub_divider_line\" style=\"border-top: 2px solid #000000; margin-top: 10px; \"><\/div><\/div><\/div>\n\n\n<h2 class=\"wp-block-heading\" id=\"luni\"><strong>Luni<\/strong><\/h2>\n\n\n\n<p class=\"translation-block\">Luni \u00e8 un comune della Provincia della Spezia, al confine tra Liguria e Toscana. Sebbene l'insediamento principale sia Ortonovo, il comune prende il nome dall'antica citt\u00e0 romana di <em>Luna<\/em>, fondata nel 177 a.C., e successivamente conosciuta come Luni. Il paese fior\u00ec come porto grazie alla vicinanza con le cave di marmo di <a href=\"https:\/\/www.cosmundus.com\/it\/destinations\/massa-carrara-and-tuscan-lunigiana\/#carrara\" class=\"ek-link\" target=\"_self\">Carrara<\/a>, e fu in seguito sede vescovile. Nel nono secolo la citt\u00e0 fu distrutta dai Vichinghi che, secondo la leggenda, scambiarono Luni per <a href=\"https:\/\/www.cosmundus.com\/it\/destinations\/rome\/\" class=\"ek-link\" target=\"_self\">Roma<\/a>. Dopo essere stata parzialmente ricostruita, Luni fu abbandonata intorno all'undicesimo secolo. Vari resti dell'antica citt\u00e0 sono stati ora riportati alla luce. Da Luni deriva il nome della regione storica della Lunigiana, situata tra la Liguria e la Toscana.<\/p>\n\n\n<div class=\"wp-block-ub-divider ub_divider ub-divider-orientation-horizontal\" id=\"ub_divider_f88e2bc1-909b-4e92-bc74-9b9fb9b7f251\"><div class=\"ub_divider_wrapper\" style=\"position: relative; margin-bottom: 2px; width: 100%; height: 2px; \" data-divider-alignment=\"center\"><div class=\"ub_divider_line\" style=\"border-top: 2px solid #ccc; margin-top: 2px; \"><\/div><\/div><\/div>\n\n\n<h4 class=\"wp-block-heading\" id=\"national-archaeological-museum-of-luni\"><strong>Museo Archeologico Nazionale di Luni<\/strong><\/h4>\n\n\n\n<p class=\"translation-block\">Il Museo Archeologico Nazionale di Luni \u00e8 un museo archeologico che ospita numerosi reperti rinvenuti tra le rovine di Luni. La collezione presenta varie sculture, mosaici, decorazioni e altri oggetti antichi. L'area archeologica del museo comprende un teatro e un anfiteatro.<\/p>\n\n\n\n<div class=\"wp-block-columns is-layout-flex wp-container-core-columns-is-layout-9d6595d7 wp-block-columns-is-layout-flex\">\n<div class=\"wp-block-column is-layout-flow wp-block-column-is-layout-flow\" style=\"flex-basis:85%\">\n<p>Indirizzo: Via Luni, 37, 19034 Ortonovo SP<br>Coordinate: 44.0649, 10.0146<\/p>\n<\/div>\n\n\n\n<div class=\"wp-block-column is-layout-flow wp-block-column-is-layout-flow\" style=\"flex-basis:15%\">\n<p class=\"has-text-align-right\"><a href=\"https:\/\/goo.gl\/maps\/YEmS7goX6tJRvyxeA\" target=\"_blank\" aria-label=\" (opens in a new tab)\" rel=\"noreferrer noopener\" class=\"ek-link\">Google Maps<\/a><\/p>\n<\/div>\n<\/div>","protected":false},"excerpt":{"rendered":"<p>&lt;&lt;&nbsp;Liguria The Gulf of La Spezia, also known as Gulf of Poets (Golfo dei Poeti) is located at the eastern end of Liguria. At the center of this coast is La Spezia, while the two popular seaside resorts of Porto Venere and Lerici are located on its extremities. Further east is the valley crossed by the Magra river, which stretches into Tuscany. La Spezia La Spezia is the second largest city in Liguria, located on a gulf at the eastern end of the region, near the Cinque Terre. Inhabited since ancient times, the city emerged in the Late Middle Ages, after the destruction of the nearby town of Luni. La Spezia developed as the most important port in the area and it was mostly ruled by Genoa. After the unification of Italy, La Spezia experienced a huge development with the construction of the arsenal of the Italian Navy in the city. \u272a Technical Naval Museum of La Spezia The Technical Naval Museum of La Spezia (Museo Tecnico Navale della Spezia) is a naval museum hosted in the 19th-century arsenal of the city. The museum features a large collection of models of historic vessels, along with ancient ship figureheads, weapons, medals, and more, with a focus on the equipment of the Italian Navy. Address: Viale Giovanni Amendola, 1, 19121 La Spezia SPCoordinates: 44.1015, 9.8205 Google Maps Passeggiata Costantino Morin The Passeggiata Costantino Morin is the promenade of La Spezia, which offers a great view on the gulf and it is richly adorned with trees. A park known as Public Gardens (Giardini Pubblici) is located at the southern end of the promenade, and it features a large equestrian monument of Giuseppe Garibaldi. Address: Passeggiata Costantino Morin, 19121 La Spezia SPCoordinates: 44.1043, 9.8267 Google Maps San Giorgio Castle The San Giorgio Castle is a medieval fortress located on top of a small hill in La Spezia. Originally erected by the Genoese in the Late Middle Ages over a previous castle, it was expanded various times. The castle now hosts an archaeological museum with a rich collection that spans from the Neolithic to the Middle Ages. Some sections of the ancient walls that, together with the castle, formed the fortifications of the city still survive to this day. Address: Via XXVII Marzo, SN, 19121 La Spezia SPCoordinates: 44.1063, 9.8216 Google Maps Giovanni Podenzana Ethnographic Museum The Giovanni Podenzana Ethnographic Museum (Museo Etnografico Giovanni Podenzana) is an ethnographic museum hosting a collection of objects from all over the world, along with an exhibition on the traditional culture of La Spezia and the surrounding area. The Diocesan Museum (Museo Diocesano) is hosted in the same building and it features various religious artworks. Address: Via del Prione, 156, 19121 La Spezia SPCoordinates: 44.1056, 9.8200 Google Maps Amedeo Lia Civic Museum The Amedeo Lia Civic Museum (Museo Civico Amedeo Lia) is an art gallery in the center of La Spezia hosted in a former monastery. The collection of the museum includes a wide range of paintings, bronzes, and other artworks spanning different ages and styles, and it also features numerous archaeological findings. Address: Via del Prione, 243, 19121 La Spezia SPCoordinates: 44.1070, 9.8186 Google Maps Museum of Seals The Museum of Seals (Museo del Sigillo) is hosted in the Palazzina delle Arti adjacent to the Amedeo Lia Civic Museum. The museum houses one of the richest collections of sigillography, with over a thousand pieces from all over the world and spanning from prehistory until today. Address: Via del Prione, 236, 19121 La Spezia SPCoordinates: 44.1071, 9.8184 Google Maps Center of Modern and Contemporary Art of La Spezia The Center of Modern and Contemporary Art of La Spezia (Centro di Arte Moderna e Contemporanea della Spezia) is an art museum focused on modern and contemporary art, with paintings and sculptures mostly dating from the 20th century. Address: Piazza Cesare Battisti, 1, 19124 La Spezia SPCoordinates: 44.1030, 9.8206 Google Maps Porto Venere Porto Venere is a town located at the end of the western promontory of the Gulf of La Spezia, along the same rugged coast of the Cinque Terre. Probably founded by the Romans as a fishing village, the town briefly became the naval base of the Byzantine fleet in the Early Middle Ages. Over the following centuries, Porto Venere was an important fortified position, often attacked and contested. Since the 19th century, the town has turned into a major tourist destination thanks to its beauty, and it is now a UNESCO World Heritage site. Its territory includes a small archipelago located just off the coast. \u272a Doria Castle The Doria Castle is a large fortress located on the hill overlooking Porto Venere. The current structure was erected starting in the 12th century and it is still well preserved. Thanks to its dominating position, a breathtaking panoramic view of the sea, the coast, and the nearby islands can be enjoyed from the castle. Other historic fortifications survive in Porto Venere, such as some sections of the ancient walls and the city gate called Porta del Borgo. Address: Via dei Mulini, 19025 Porto Venere SPCoordinates: 44.0513, 9.8327 Google Maps Sanctuary of Madonna Bianca Also known as: Church of San Lorenzo The Sanctuary of Madonna Bianca (Santuario della Madonna Bianca) is Romanesque church erected in the 12th century in Porto Venere, and later reworked. The church, located under the Doria Castle on the main square of the old town, hosts various historic artworks and decorations. Address: Vicolo dell&#8217;Oratorio, 6, 19025 Porto Venere SPCoordinates: 44.0506, 9.8336 Google Maps Church of San Pietro The Church of San Pietro is a 12th-century Gothic church built on the site of a previous Paleochristian site and maybe an even older Roman temple. The church is located at the very end of a promontory, and it offers a great panoramic view on the sea and Palmaria. Address: Piazza Lazzaro Spallanzani, 19025 Porto Venere SPCoordinates: 44.0483, 9.8324 Google Maps Grotta dell&#8217;Arpaia Also known as: Byron&#8217;s Grotto (Grotta di Byron) The Grotta dell&#8217;Arpaia is a seaside natural cave&#8230;<\/p>","protected":false},"author":1,"featured_media":0,"parent":932,"menu_order":0,"comment_status":"closed","ping_status":"closed","template":"","meta":{"_editorskit_title_hidden":false,"_editorskit_reading_time":0,"_editorskit_is_block_options_detached":false,"_editorskit_block_options_position":"{}","om_disable_all_campaigns":false,"_uag_custom_page_level_css":"","advgb_blocks_editor_width":"","advgb_blocks_columns_visual_guide":"","_monsterinsights_skip_tracking":false,"_monsterinsights_sitenote_active":false,"_monsterinsights_sitenote_note":"","_monsterinsights_sitenote_category":0,"footnotes":""},"class_list":["post-9799","page","type-page","status-publish","hentry"],"aioseo_notices":[],"featured_image_src":null,"uagb_featured_image_src":{"full":false,"thumbnail":false,"medium":false,"medium_large":false,"large":false,"1536x1536":false,"2048x2048":false,"trp-custom-language-flag":false,"xs-thumb":false,"post-thumbnail":false,"minimalistblogger-grid":false,"minimalistblogger-slider":false,"minimalistblogger-small":false},"uagb_author_info":{"display_name":"Stefano Cammisa","author_link":"https:\/\/www.cosmundus.com\/it\/author\/stefano-cammisa\/"},"uagb_comment_info":0,"uagb_excerpt":"&lt;&lt;&nbsp;Liguria The Gulf of La Spezia, also known as Gulf of Poets (Golfo dei Poeti) is located at the eastern end of Liguria. At the center of this coast is La Spezia, while the two popular seaside resorts of Porto Venere and Lerici are located on its extremities. Further east is the valley crossed by&hellip;","coauthors":[],"author_meta":{"author_link":"https:\/\/www.cosmundus.com\/it\/author\/stefano-cammisa\/","display_name":"Stefano Cammisa"},"relative_dates":{"created":"Pubblicato 2 anni fa","modified":"Aggiornato 2 anni fa"},"absolute_dates":{"created":"Pubblicato il 4 Marzo 2024","modified":"Aggiornato il 12 Marzo 2024"},"absolute_dates_time":{"created":"Pubblicato il 4 Marzo 2024 11:33 am","modified":"Aggiornato il 12 Marzo 2024 10:22 am"},"featured_img_caption":"","featured_img":false,"series_order":"","_links":{"self":[{"href":"https:\/\/www.cosmundus.com\/it\/wp-json\/wp\/v2\/pages\/9799","targetHints":{"allow":["GET"]}}],"collection":[{"href":"https:\/\/www.cosmundus.com\/it\/wp-json\/wp\/v2\/pages"}],"about":[{"href":"https:\/\/www.cosmundus.com\/it\/wp-json\/wp\/v2\/types\/page"}],"author":[{"embeddable":true,"href":"https:\/\/www.cosmundus.com\/it\/wp-json\/wp\/v2\/users\/1"}],"replies":[{"embeddable":true,"href":"https:\/\/www.cosmundus.com\/it\/wp-json\/wp\/v2\/comments?post=9799"}],"version-history":[{"count":5,"href":"https:\/\/www.cosmundus.com\/it\/wp-json\/wp\/v2\/pages\/9799\/revisions"}],"predecessor-version":[{"id":10063,"href":"https:\/\/www.cosmundus.com\/it\/wp-json\/wp\/v2\/pages\/9799\/revisions\/10063"}],"up":[{"embeddable":true,"href":"https:\/\/www.cosmundus.com\/it\/wp-json\/wp\/v2\/pages\/932"}],"wp:attachment":[{"href":"https:\/\/www.cosmundus.com\/it\/wp-json\/wp\/v2\/media?parent=9799"}],"curies":[{"name":"wp","href":"https:\/\/api.w.org\/{rel}","templated":true}]}}