{"id":9737,"date":"2024-03-03T12:42:56","date_gmt":"2024-03-03T11:42:56","guid":{"rendered":"https:\/\/www.cosmundus.com\/?page_id=9737"},"modified":"2024-03-03T12:46:04","modified_gmt":"2024-03-03T11:46:04","slug":"canavese","status":"publish","type":"page","link":"https:\/\/www.cosmundus.com\/it\/destinations\/canavese\/","title":{"rendered":"Canavese"},"content":{"rendered":"<p class=\"has-text-align-right\">&lt;&lt;\u00a0<a href=\"https:\/\/www.cosmundus.com\/it\/atlas\/europe\/southern-europe\/italy\/northwest-italy\/piedmont\/\">Piemonte<\/a><\/p>\n\n\n\n<p class=\"translation-block\">Il Canavese \u00e8 una regione storica nel nord della Citt\u00e0 Metropolitana di <a href=\"https:\/\/www.cosmundus.com\/it\/destinations\/turin\/\" class=\"ek-link\" target=\"_self\">Torino<\/a>. L'area \u00e8 occupata da colline e montagne, e comprende l'Anfiteatro Morenico di Ivrea, un rilievo di origine glaciale. La citt\u00e0 principale di questa regione \u00e8 Ivrea, ma anche diverse altre localit\u00e0 pi\u00f9 piccole offrono attrazioni interessanti.<\/p>\n\n\n\n<div class=\"wp-block-group\"><div class=\"wp-block-group__inner-container is-layout-constrained wp-block-group-is-layout-constrained\"><div style=\"border: 1px solid #8ed1fc; border-radius: 0%; background-color: inherit; \" class=\"ub-styled-box ub-bordered-box wp-block-ub-styled-box\" id=\"ub-styled-box-ffc7e40c-8d0d-4085-945d-84c8a7960e95\">\n<p class=\"has-medium-font-size\" id=\"ub-styled-box-bordered-content-1d6930f6-525f-462a-8ce6-2c1dcfddaea7\">Posti da vedere nel Canavese<\/p>\n\n\n<div class=\"wp-block-aioseo-table-of-contents\"><ul><li><a class=\"aioseo-toc-item\" href=\"#ivrea\">Ivrea<\/a><ul><li><a class=\"aioseo-toc-item\" href=\"#ivrea-cathedral\">Duomo di Ivrea<\/a><\/li><li><a class=\"aioseo-toc-item\" href=\"#ivrea-castle\">Castello di Ivrea<\/a><\/li><li><a class=\"aioseo-toc-item\" href=\"#piazza-ferruccio-nazionale\">Piazza Ferruccio Nazionale<\/a><\/li><li><a class=\"aioseo-toc-item\" href=\"#civic-museum-pier-alessandro-garda\">Museo Civico Pier Alessandro Garda<\/a><\/li><li><a class=\"aioseo-toc-item\" href=\"#torre-di-santo-stefano\">Torre di Santo Stefano<\/a><\/li><li><a class=\"aioseo-toc-item\" href=\"#church-of-san-bernardino\">Chiesa di San Bernardino<\/a><\/li><li><a class=\"aioseo-toc-item\" href=\"#complesso-olivetti\">Complesso Olivetti<\/a><\/li><\/ul><\/li><li><a class=\"aioseo-toc-item\" href=\"#bollengo\">Bollengo<\/a><ul><li><a class=\"aioseo-toc-item\" href=\"#ciucarun\">Ciucarun<\/a><\/li><\/ul><\/li><li><a class=\"aioseo-toc-item\" href=\"#caravino\">Caravino<\/a><ul><li><a class=\"aioseo-toc-item\" href=\"#masino-castle\">Castello di Masino<\/a><\/li><\/ul><\/li><li><a class=\"aioseo-toc-item\" href=\"#aglie\">Agli\u00e8<\/a><ul><li><a class=\"aioseo-toc-item\" href=\"#ducal-castle-of-aglie\">Castello Ducale di Agli\u00e8<\/a><\/li><\/ul><\/li><li><a class=\"aioseo-toc-item\" href=\"#valperga\">Valperga<\/a><ul><li><a class=\"aioseo-toc-item\" href=\"#sacro-monte-di-belmonte\">Sacro Monte di Belmonte<\/a><\/li><\/ul><\/li><li><a class=\"aioseo-toc-item\" href=\"#san-benigno-canavese\">San Benigno Canavese<\/a><ul><li><a class=\"aioseo-toc-item\" href=\"#fruttuaria-abbey\">Abbazia di Fruttuaria<\/a><\/li><\/ul><\/li><li><a class=\"aioseo-toc-item\" href=\"#chivasso\">Chivasso<\/a><ul><li><a class=\"aioseo-toc-item\" href=\"#collegiate-church-of-santa-maria-assunta\">Collegiata di Santa Maria Assunta<\/a><\/li><\/ul><\/li><\/ul><\/div>\n\n<\/div><\/div><\/div>\n\n\n\n<h2 class=\"wp-block-heading\" id=\"ivrea\"><strong>Ivrea<\/strong><\/h2>\n\n\n\n<p class=\"translation-block\">Ivrea \u00e8 una citt\u00e0 situata a nord di Torino, e il pi\u00f9 importante centro nella regione storica del Canavese. Il paese fu fondato intorno al quinto secolo a.C. dai Salassi e successivamente fu una citt\u00e0 romana nota come <em>Eporedia<\/em>. Durante il Medioevo Ivrea fu capitale di un ducato longobardo e successivamente un libero comune, prima di passare sotto il dominio dei Savoia. All'inizio del Novecento Ivrea divenne un importante centro industriale, ospitando la sede del produttore di macchine da scrivere Olivetti. Ivrea \u00e8 famosa anche per il suo carnevale, in cui gruppi organizzati si lanciano arance fra di loro.<\/p>\n\n\n<div class=\"wp-block-ub-divider ub_divider ub-divider-orientation-horizontal\" id=\"ub_divider_1835599b-963b-46d6-8e08-46890a94db65\"><div class=\"ub_divider_wrapper\" style=\"position: relative; margin-bottom: 2px; width: 100%; height: 2px; \" data-divider-alignment=\"center\"><div class=\"ub_divider_line\" style=\"border-top: 2px solid #ccc; margin-top: 2px; \"><\/div><\/div><\/div>\n\n\n<h4 class=\"wp-block-heading\" id=\"ivrea-cathedral\"><strong>Duomo di Ivrea<\/strong><\/h4>\n\n\n\n<p>Anche nota come: Cattedrale di Santa Maria Assunta<\/p>\n\n\n\n<p class=\"translation-block\">Il Duomo di Ivrea \u00e8 il principale edificio religioso della citt\u00e0. Fu eretto nel medioevo in stile romanico, in sostituzione di una precedente chiesa, e successivamente rimaneggiato. La chiesa presenta due campanili e una facciata neoclassica, e ospita numerose opere d'arte interessanti. La cattedrale presenta anche una cripta adornata da antichi affreschi e che ospita un sarcofago romano.<\/p>\n\n\n\n<div class=\"wp-block-columns is-layout-flex wp-container-core-columns-is-layout-9d6595d7 wp-block-columns-is-layout-flex\">\n<div class=\"wp-block-column is-layout-flow wp-block-column-is-layout-flow\" style=\"flex-basis:85%\">\n<p>Indirizzo: Piazza Castello, 16, 10015 Ivrea TO<br>Coordinate: 45.4682, 7.8755<\/p>\n<\/div>\n\n\n\n<div class=\"wp-block-column is-layout-flow wp-block-column-is-layout-flow\" style=\"flex-basis:15%\">\n<p class=\"has-text-align-right\"><a href=\"https:\/\/goo.gl\/maps\/f7wkx89gytkLiCvZA\" target=\"_blank\" aria-label=\" (opens in a new tab)\" rel=\"noreferrer noopener\" class=\"ek-link\">Google Maps<\/a><\/p>\n<\/div>\n<\/div>\n\n\n<div class=\"wp-block-ub-divider ub_divider ub-divider-orientation-horizontal\" id=\"ub_divider_bd75524b-86ac-4a8c-908d-48c2bb6610f3\"><div class=\"ub_divider_wrapper\" style=\"position: relative; margin-bottom: 2px; width: 100%; height: 2px; \" data-divider-alignment=\"center\"><div class=\"ub_divider_line\" style=\"border-top: 2px solid #ccc; margin-top: 2px; \"><\/div><\/div><\/div>\n\n\n<h4 class=\"wp-block-heading\" id=\"ivrea-castle\"><strong>Castello di Ivrea<\/strong><\/h4>\n\n\n\n<p>Il Castello di Ivrea \u00e8 una fortezza medievale eretta nel quattordicesimo secolo a Ivrea. Nei secoli successivi il castello fu un'importante fortificazione e una residenza dei Savoia. Il castello fu utilizzato come prigione dal diciottesimo secolo fino al 1970.<\/p>\n\n\n\n<div class=\"wp-block-columns is-layout-flex wp-container-core-columns-is-layout-9d6595d7 wp-block-columns-is-layout-flex\">\n<div class=\"wp-block-column is-layout-flow wp-block-column-is-layout-flow\" style=\"flex-basis:85%\">\n<p>Indirizzo: Piazza Castello, 10, 10015 Ivrea TO<br>Coordinate: 45.4678, 7.8742<\/p>\n<\/div>\n\n\n\n<div class=\"wp-block-column is-layout-flow wp-block-column-is-layout-flow\" style=\"flex-basis:15%\">\n<p class=\"has-text-align-right\"><a href=\"https:\/\/goo.gl\/maps\/HhfzSeTjJCxSm7w18\" target=\"_blank\" aria-label=\" (opens in a new tab)\" rel=\"noreferrer noopener\" class=\"ek-link\">Google Maps<\/a><\/p>\n<\/div>\n<\/div>\n\n\n<div class=\"wp-block-ub-divider ub_divider ub-divider-orientation-horizontal\" id=\"ub_divider_7dcf4f8a-5a8e-4e6e-b6d1-2ab88cef9def\"><div class=\"ub_divider_wrapper\" style=\"position: relative; margin-bottom: 2px; width: 100%; height: 2px; \" data-divider-alignment=\"center\"><div class=\"ub_divider_line\" style=\"border-top: 2px solid #ccc; margin-top: 2px; \"><\/div><\/div><\/div>\n\n\n<h4 class=\"wp-block-heading\" id=\"piazza-ferruccio-nazionale\"><strong>Piazza Ferruccio Nazionale<\/strong><\/h4>\n\n\n\n<p>Anche nota come: Piazza di Citt\u00e0<\/p>\n\n\n\n<p class=\"translation-block\">Piazza Ferruccio Nazionale \u00e8 la piazza principale di Ivrea, dominata dal settecentesco <strong>Palazzo di Citt\u00e0<\/strong>, storico municipio della citt\u00e0, che sorge sul lato meridionale. La romanica <strong>Chiesa di Sant'Ulderico<\/strong>, di origine medievale, si trova invece all'estremit\u00e0 settentrionale della piazza.<\/p>\n\n\n\n<div class=\"wp-block-columns is-layout-flex wp-container-core-columns-is-layout-9d6595d7 wp-block-columns-is-layout-flex\">\n<div class=\"wp-block-column is-layout-flow wp-block-column-is-layout-flow\" style=\"flex-basis:85%\">\n<p>Indirizzo: Piazza Ferruccio Nazionale, 2-129, 10015 Ivrea TO<br>Coordinate: 45.4666, 7.8760<\/p>\n<\/div>\n\n\n\n<div class=\"wp-block-column is-layout-flow wp-block-column-is-layout-flow\" style=\"flex-basis:15%\">\n<p class=\"has-text-align-right\"><a href=\"https:\/\/goo.gl\/maps\/GFyo48xCR2eA6g7S7\" target=\"_blank\" aria-label=\" (opens in a new tab)\" rel=\"noreferrer noopener\" class=\"ek-link\">Google Maps<\/a><\/p>\n<\/div>\n<\/div>\n\n\n<div class=\"wp-block-ub-divider ub_divider ub-divider-orientation-horizontal\" id=\"ub_divider_bf4d4366-5d4e-43ba-b2e3-5d15ba40fd9f\"><div class=\"ub_divider_wrapper\" style=\"position: relative; margin-bottom: 2px; width: 100%; height: 2px; \" data-divider-alignment=\"center\"><div class=\"ub_divider_line\" style=\"border-top: 2px solid #ccc; margin-top: 2px; \"><\/div><\/div><\/div>\n\n\n<h4 class=\"wp-block-heading\" id=\"civic-museum-pier-alessandro-garda\"><strong>Museo Civico Pier Alessandro Garda<\/strong><\/h4>\n\n\n\n<p class=\"translation-block\">Il Museo Civico Pier Alessandro Garda \u00e8 un museo di archeologia e arte a Ivrea. La sua collezione ospita diversi reperti archeologici di epoca preromana, romana e medievale, insieme ad alcune interessanti opere d'arte rinascimentali. Il museo presenta anche una sezione incentrata sull'arte dell'Asia orientale.<\/p>\n\n\n\n<div class=\"wp-block-columns is-layout-flex wp-container-core-columns-is-layout-9d6595d7 wp-block-columns-is-layout-flex\">\n<div class=\"wp-block-column is-layout-flow wp-block-column-is-layout-flow\" style=\"flex-basis:85%\">\n<p>Indirizzo: Piazza Ottinetti, 10015 Ivrea TO<br>Coordinate: 45.4677, 7.8783<\/p>\n<\/div>\n\n\n\n<div class=\"wp-block-column is-layout-flow wp-block-column-is-layout-flow\" style=\"flex-basis:15%\">\n<p class=\"has-text-align-right\"><a href=\"https:\/\/goo.gl\/maps\/pmT29EcPh1HwsKSy7\" target=\"_blank\" aria-label=\" (opens in a new tab)\" rel=\"noreferrer noopener\" class=\"ek-link\">Google Maps<\/a><\/p>\n<\/div>\n<\/div>\n\n\n<div class=\"wp-block-ub-divider ub_divider ub-divider-orientation-horizontal\" id=\"ub_divider_8ef33314-6c79-468d-afc5-4dfece55f499\"><div class=\"ub_divider_wrapper\" style=\"position: relative; margin-bottom: 2px; width: 100%; height: 2px; \" data-divider-alignment=\"center\"><div class=\"ub_divider_line\" style=\"border-top: 2px solid #ccc; margin-top: 2px; \"><\/div><\/div><\/div>\n\n\n<h4 class=\"wp-block-heading\" id=\"torre-di-santo-stefano\"><strong>Torre di Santo Stefano<\/strong><\/h4>\n\n\n\n<p class=\"translation-block\">La Torre di Santo Stefano \u00e8 una torre medievale a Ivrea, situata all'interno del parco pubblico <strong>Giardini Giustiana<\/strong> vicino al fiume Dora Baltea. Fu eretta nell'undicesimo secolo come campanile di un'antica abbazia, ora demolita. Nelle vicinanze si trova la medievale <strong>Torre dei Tallianti<\/strong>.<\/p>\n\n\n\n<div class=\"wp-block-columns is-layout-flex wp-container-core-columns-is-layout-9d6595d7 wp-block-columns-is-layout-flex\">\n<div class=\"wp-block-column is-layout-flow wp-block-column-is-layout-flow\" style=\"flex-basis:85%\">\n<p>Indirizzo: Torre di Santo Stefano, 10015 Ivrea TO<br>Coordinate: 45.4655, 7.8802<\/p>\n<\/div>\n\n\n\n<div class=\"wp-block-column is-layout-flow wp-block-column-is-layout-flow\" style=\"flex-basis:15%\">\n<p class=\"has-text-align-right\"><a href=\"https:\/\/goo.gl\/maps\/nT1Twyzk7Gq7smJS6\" target=\"_blank\" aria-label=\" (opens in a new tab)\" rel=\"noreferrer noopener\" class=\"ek-link\">Google Maps<\/a><\/p>\n<\/div>\n<\/div>\n\n\n<div class=\"wp-block-ub-divider ub_divider ub-divider-orientation-horizontal\" id=\"ub_divider_ff604abb-0d81-4247-a399-c4958c6c2aa2\"><div class=\"ub_divider_wrapper\" style=\"position: relative; margin-bottom: 2px; width: 100%; height: 2px; \" data-divider-alignment=\"center\"><div class=\"ub_divider_line\" style=\"border-top: 2px solid #ccc; margin-top: 2px; \"><\/div><\/div><\/div>\n\n\n<h4 class=\"wp-block-heading\" id=\"church-of-san-bernardino\"><strong>Chiesa di San Bernardino<\/strong><\/h4>\n\n\n\n<p>La Chiesa di San Bernardino \u00e8 una chiesa e convento medievale eretta nel quindicesimo secolo alla periferia sud di Ivrea, accanto al Complesso Olivetti. La chiesa presenta un ricco ciclo di affreschi rinascimentali dipinti da Giovanni Martino Spanzotti.<\/p>\n\n\n\n<div class=\"wp-block-columns is-layout-flex wp-container-core-columns-is-layout-9d6595d7 wp-block-columns-is-layout-flex\">\n<div class=\"wp-block-column is-layout-flow wp-block-column-is-layout-flow\" style=\"flex-basis:85%\">\n<p>Indirizzo: Via Monte Navale, 1, 10015 Ivrea TO<br>Coordinate: 45.4590, 7.8756<\/p>\n<\/div>\n\n\n\n<div class=\"wp-block-column is-layout-flow wp-block-column-is-layout-flow\" style=\"flex-basis:15%\">\n<p class=\"has-text-align-right\"><a href=\"https:\/\/goo.gl\/maps\/L2fpqT61HFzi9NZA6\" target=\"_blank\" aria-label=\" (opens in a new tab)\" rel=\"noreferrer noopener\" class=\"ek-link\">Google Maps<\/a><\/p>\n<\/div>\n<\/div>\n\n\n<div class=\"wp-block-ub-divider ub_divider ub-divider-orientation-horizontal\" id=\"ub_divider_7f657122-2cae-4c2f-a1b1-fb15fc794207\"><div class=\"ub_divider_wrapper\" style=\"position: relative; margin-bottom: 2px; width: 100%; height: 2px; \" data-divider-alignment=\"center\"><div class=\"ub_divider_line\" style=\"border-top: 2px solid #ccc; margin-top: 2px; \"><\/div><\/div><\/div>\n\n\n<h4 class=\"wp-block-heading\" id=\"complesso-olivetti\"><strong>Complesso Olivetti<\/strong><\/h4>\n\n\n\n<p class=\"translation-block\">Il Complesso Olivetti \u00e8 una serie di edifici eretti a partire dalla fine dell'Ottocento dal gruppo Olivetti a Ivrea. L'area comprende fabbriche storiche, edifici per uffici e l'<strong>Unit\u00e0 Residenziale Ovest<\/strong>, un edificio residenziale completato nel 1971 e noto anche come <strong>Talponia<\/strong>. Nella stessa area si trova anche un archivio storico con molti documenti sull'azienda. Una serie di pannelli esplicativi sulla storia del complesso sono collocati intorno all'area e compongono il <strong>Museo a Cielo Aperto dell'Architettura Moderna<\/strong>. Il Complesso Olivetti \u00e8 stato inserito nella lista dei Patrimoni dell'Umanit\u00e0 dell'UNESCO nel 2018.<\/p>\n\n\n\n<div class=\"wp-block-columns is-layout-flex wp-container-core-columns-is-layout-9d6595d7 wp-block-columns-is-layout-flex\">\n<div class=\"wp-block-column is-layout-flow wp-block-column-is-layout-flow\" style=\"flex-basis:85%\">\n<p>Indirizzo: Via Guglielmo Jervis, 13, 10015 Ivrea TO<br>Coordinate: 45.4594, 7.8746<\/p>\n<\/div>\n\n\n\n<div class=\"wp-block-column is-layout-flow wp-block-column-is-layout-flow\" style=\"flex-basis:15%\">\n<p class=\"has-text-align-right\"><a href=\"https:\/\/goo.gl\/maps\/RqnQG1vzf1CcqxxY8\" target=\"_blank\" aria-label=\" (opens in a new tab)\" rel=\"noreferrer noopener\" class=\"ek-link\">Google Maps<\/a><\/p>\n<\/div>\n<\/div>\n\n\n<div style=\"margin-top: var(--wp--preset--spacing--40); margin-bottom: var(--wp--preset--spacing--40); \" class=\"wp-block-ub-divider ub_divider ub-divider-orientation-horizontal\" id=\"ub_divider_a494aa2f-72ac-44da-bd1b-3756612fabad\"><div class=\"ub_divider_wrapper\" style=\"position: relative; margin-bottom: 10px; width: 100%; height: 10px; \" data-divider-alignment=\"center\"><div class=\"ub_divider_line\" style=\"border-top: 2px solid #000000; margin-top: 10px; \"><\/div><\/div><\/div>\n\n\n<h2 class=\"wp-block-heading\" id=\"bollengo\"><strong>Bollengo<\/strong><\/h2>\n\n\n\n<p class=\"translation-block\">Bollengo \u00e8 un paesino situato ai piedi delle colline a est di Ivrea nella Citt\u00e0 Metropolitana di Torino.<\/p>\n\n\n<div class=\"wp-block-ub-divider ub_divider ub-divider-orientation-horizontal\" id=\"ub_divider_e46e98e4-9e6c-47d2-86dc-de1053631c67\"><div class=\"ub_divider_wrapper\" style=\"position: relative; margin-bottom: 2px; width: 100%; height: 2px; \" data-divider-alignment=\"center\"><div class=\"ub_divider_line\" style=\"border-top: 2px solid #ccc; margin-top: 2px; \"><\/div><\/div><\/div>\n\n\n<h4 class=\"wp-block-heading\" id=\"ciucarun\"><strong>Ciucarun<\/strong><\/h4>\n\n\n\n<p class=\"translation-block\">Anche noto come: Campanile di San Martino<\/p>\n\n\n\n<p>Il Ciucarun \u00e8 l'unica struttura rimasta del borgo medievale di Paerno. Questo campanile romanico fu eretto nell'undicesimo o dodicesimo secolo come parte di una chiesa, ma il sito fu poi abbandonato e demolito nel diciottesimo secolo. La torre fu per\u00f2 risparmiata e si trova ancora oggi nelle campagne a nord di Bollengo.<\/p>\n\n\n\n<div class=\"wp-block-columns is-layout-flex wp-container-core-columns-is-layout-9d6595d7 wp-block-columns-is-layout-flex\">\n<div class=\"wp-block-column is-layout-flow wp-block-column-is-layout-flow\" style=\"flex-basis:85%\">\n<p>Indirizzo: Ciucarun, 10012 Bollengo TO<br>Coordinate: 45.4877, 7.9417<\/p>\n<\/div>\n\n\n\n<div class=\"wp-block-column is-layout-flow wp-block-column-is-layout-flow\" style=\"flex-basis:15%\">\n<p class=\"has-text-align-right\"><a href=\"https:\/\/goo.gl\/maps\/LyCvqfr7YSjoSG1w8\" target=\"_blank\" aria-label=\" (opens in a new tab)\" rel=\"noreferrer noopener\" class=\"ek-link\">Google Maps<\/a><\/p>\n<\/div>\n<\/div>\n\n\n<div style=\"margin-top: var(--wp--preset--spacing--40); margin-bottom: var(--wp--preset--spacing--40); \" class=\"wp-block-ub-divider ub_divider ub-divider-orientation-horizontal\" id=\"ub_divider_96e0f5f2-45c2-49c8-90cc-10bc03e4f250\"><div class=\"ub_divider_wrapper\" style=\"position: relative; margin-bottom: 10px; width: 100%; height: 10px; \" data-divider-alignment=\"center\"><div class=\"ub_divider_line\" style=\"border-top: 2px solid #000000; margin-top: 10px; \"><\/div><\/div><\/div>\n\n\n<h2 class=\"wp-block-heading\" id=\"caravino\"><strong>Caravino<\/strong><\/h2>\n\n\n\n<p class=\"translation-block\">Caravino \u00e8 un paesino situato a sud di Ivrea nella Citt\u00e0 Metropolitana di Torino. \u00c8 noto per lo storico castello nella vicina frazione di Masino.<\/p>\n\n\n<div class=\"wp-block-ub-divider ub_divider ub-divider-orientation-horizontal\" id=\"ub_divider_d67a7741-4448-4b09-9ab8-b99777f0260c\"><div class=\"ub_divider_wrapper\" style=\"position: relative; margin-bottom: 2px; width: 100%; height: 2px; \" data-divider-alignment=\"center\"><div class=\"ub_divider_line\" style=\"border-top: 2px solid #ccc; margin-top: 2px; \"><\/div><\/div><\/div>\n\n\n<h4 class=\"wp-block-heading\" id=\"masino-castle\"><strong>Castello di Masino<\/strong><\/h4>\n\n\n\n<p>Il Castello di Masino \u00e8 uno storico palazzo fortificato situato su un colle che domina su Caravino. Il castello fu originariamente eretto nell'undicesimo secolo ma fu successivamente rimaneggiato varie volte, trasformandolo in una residenza nobiliare abitata dalla famiglia Valperga. Il palazzo ospita numerose sale affrescate e opere d'arte ed \u00e8 circondato da un parco. Il castello ospita anche un ricco museo di carrozze storiche.<\/p>\n\n\n\n<div class=\"wp-block-columns is-layout-flex wp-container-core-columns-is-layout-9d6595d7 wp-block-columns-is-layout-flex\">\n<div class=\"wp-block-column is-layout-flow wp-block-column-is-layout-flow\" style=\"flex-basis:85%\">\n<p>Indirizzo: Via del Castello, 1, 10010 Caravino TO<br>Coordinate: 45.3919, 7.9592<\/p>\n<\/div>\n\n\n\n<div class=\"wp-block-column is-layout-flow wp-block-column-is-layout-flow\" style=\"flex-basis:15%\">\n<p class=\"has-text-align-right\"><a href=\"https:\/\/goo.gl\/maps\/Vt9kiKycngkyqwZn7\" target=\"_blank\" aria-label=\" (opens in a new tab)\" rel=\"noreferrer noopener\" class=\"ek-link\">Google Maps<\/a><\/p>\n<\/div>\n<\/div>\n\n\n<div style=\"margin-top: var(--wp--preset--spacing--40); margin-bottom: var(--wp--preset--spacing--40); \" class=\"wp-block-ub-divider ub_divider ub-divider-orientation-horizontal\" id=\"ub_divider_c8b44ebe-1511-49d9-96c5-fd5ebf8c4392\"><div class=\"ub_divider_wrapper\" style=\"position: relative; margin-bottom: 10px; width: 100%; height: 10px; \" data-divider-alignment=\"center\"><div class=\"ub_divider_line\" style=\"border-top: 2px solid #000000; margin-top: 10px; \"><\/div><\/div><\/div>\n\n\n<h2 class=\"wp-block-heading\" id=\"aglie\"><strong>Agli\u00e8<\/strong><\/h2>\n\n\n\n<p class=\"translation-block\">Agli\u00e8 \u00e8 un piccolo paese della Citt\u00e0 Metropolitana di Torino, meglio noto per ospitare un imponente castello un tempo tra le residenze reali dei Savoia.<\/p>\n\n\n<div class=\"wp-block-ub-divider ub_divider ub-divider-orientation-horizontal\" id=\"ub_divider_0525fd21-282b-48fa-86ac-789a800ecbcb\"><div class=\"ub_divider_wrapper\" style=\"position: relative; margin-bottom: 2px; width: 100%; height: 2px; \" data-divider-alignment=\"center\"><div class=\"ub_divider_line\" style=\"border-top: 2px solid #ccc; margin-top: 2px; \"><\/div><\/div><\/div>\n\n\n<h4 class=\"wp-block-heading\" id=\"ducal-castle-of-aglie\"><strong>Castello Ducale di Agli\u00e8<\/strong><\/h4>\n\n\n\n<p class=\"translation-block\">Il Castello Ducale di Agli\u00e8 \u00e8 un'antica residenza nobiliare della famiglia Savoia. Nasce come castello medievale, successivamente trasformato in palazzo fortificato e pi\u00f9 volte rimaneggiato. Il castello presenta una facciata monumentale ed \u00e8 circondato da un parco. L'interno comprende vari saloni riccamente decorati.<\/p>\n\n\n\n<div class=\"wp-block-columns is-layout-flex wp-container-core-columns-is-layout-9d6595d7 wp-block-columns-is-layout-flex\">\n<div class=\"wp-block-column is-layout-flow wp-block-column-is-layout-flow\" style=\"flex-basis:85%\">\n<p>Indirizzo: Piazza Castello, 2, 10011 Agli\u00e8 TO<br>Coordinate: 45.3615, 7.7694<\/p>\n<\/div>\n\n\n\n<div class=\"wp-block-column is-layout-flow wp-block-column-is-layout-flow\" style=\"flex-basis:15%\">\n<p class=\"has-text-align-right\"><a href=\"https:\/\/goo.gl\/maps\/cEnntjxEz38Dbqw27\" target=\"_blank\" aria-label=\" (opens in a new tab)\" rel=\"noreferrer noopener\" class=\"ek-link\">Google Maps<\/a><\/p>\n<\/div>\n<\/div>\n\n\n<div style=\"margin-top: var(--wp--preset--spacing--40); margin-bottom: var(--wp--preset--spacing--40); \" class=\"wp-block-ub-divider ub_divider ub-divider-orientation-horizontal\" id=\"ub_divider_0c1151c8-3671-4e7f-bc4c-732c4c47a2c4\"><div class=\"ub_divider_wrapper\" style=\"position: relative; margin-bottom: 10px; width: 100%; height: 10px; \" data-divider-alignment=\"center\"><div class=\"ub_divider_line\" style=\"border-top: 2px solid #000000; margin-top: 10px; \"><\/div><\/div><\/div>\n\n\n<h2 class=\"wp-block-heading\" id=\"valperga\"><strong>Valperga<\/strong><\/h2>\n\n\n\n<p class=\"translation-block\">Valperga \u00e8 un piccolo paese situato ai piedi delle colline a nord di Torino, noto soprattutto per ospitare nel suo territorio uno dei Sacri Monti del Piemonte e della <a href=\"https:\/\/www.cosmundus.com\/it\/atlas\/europe\/southern-europe\/italy\/northwest-italy\/lombardy\/\" class=\"ek-link\" target=\"_self\">Lombardia<\/a>.<\/p>\n\n\n<div class=\"wp-block-ub-divider ub_divider ub-divider-orientation-horizontal\" id=\"ub_divider_1471a02a-a687-44fd-bb12-56689a4dfd11\"><div class=\"ub_divider_wrapper\" style=\"position: relative; margin-bottom: 2px; width: 100%; height: 2px; \" data-divider-alignment=\"center\"><div class=\"ub_divider_line\" style=\"border-top: 2px solid #ccc; margin-top: 2px; \"><\/div><\/div><\/div>\n\n\n<h4 class=\"wp-block-heading\" id=\"sacro-monte-di-belmonte\"><strong>Sacro Monte di Belmonte<\/strong><\/h4>\n\n\n\n<p class=\"translation-block\">Il Sacro Monte di Belmonte \u00e8 uno dei Sacri Monti del Piemonte e della Lombardia, una serie di siti religiosi costruiti in cima a colline e montagne nelle due regioni. Il santuario si trova su un colle nei pressi di Valperga e fu eretto tra il diciassettesimo e il diciottesimo secolo su una chiesa precedente. Il sito ospita alcune opere d'arte e offre una splendida vista della zona circostante.<\/p>\n\n\n\n<div class=\"wp-block-columns is-layout-flex wp-container-core-columns-is-layout-9d6595d7 wp-block-columns-is-layout-flex\">\n<div class=\"wp-block-column is-layout-flow wp-block-column-is-layout-flow\" style=\"flex-basis:85%\">\n<p>Indirizzo: Borgata Trucchi, 22, 10087 Valperga TO<br>Coordinate: 45.3689, 7.6330<\/p>\n<\/div>\n\n\n\n<div class=\"wp-block-column is-layout-flow wp-block-column-is-layout-flow\" style=\"flex-basis:15%\">\n<p class=\"has-text-align-right\"><a href=\"https:\/\/goo.gl\/maps\/bBVrkAnoYsRyh8j5A\" target=\"_blank\" aria-label=\" (opens in a new tab)\" rel=\"noreferrer noopener\" class=\"ek-link\">Google Maps<\/a><\/p>\n<\/div>\n<\/div>\n\n\n<div style=\"margin-top: var(--wp--preset--spacing--40); margin-bottom: var(--wp--preset--spacing--40); \" class=\"wp-block-ub-divider ub_divider ub-divider-orientation-horizontal\" id=\"ub_divider_a3855b0c-b618-4ac9-8b33-59ed626d2941\"><div class=\"ub_divider_wrapper\" style=\"position: relative; margin-bottom: 10px; width: 100%; height: 10px; \" data-divider-alignment=\"center\"><div class=\"ub_divider_line\" style=\"border-top: 2px solid #000000; margin-top: 10px; \"><\/div><\/div><\/div>\n\n\n<h2 class=\"wp-block-heading\" id=\"san-benigno-canavese\"><strong>San Benigno Canavese<\/strong><\/h2>\n\n\n\n<p>San Benigno Canavese \u00e8 un paese situato a nord di Torino, noto sin dal Medioevo per ospitare una storica abbazia.<\/p>\n\n\n<div class=\"wp-block-ub-divider ub_divider ub-divider-orientation-horizontal\" id=\"ub_divider_403656da-c40a-4043-9d52-f7106835c2f9\"><div class=\"ub_divider_wrapper\" style=\"position: relative; margin-bottom: 2px; width: 100%; height: 2px; \" data-divider-alignment=\"center\"><div class=\"ub_divider_line\" style=\"border-top: 2px solid #ccc; margin-top: 2px; \"><\/div><\/div><\/div>\n\n\n<h4 class=\"wp-block-heading\" id=\"fruttuaria-abbey\"><strong>Abbazia di Fruttuaria<\/strong><\/h4>\n\n\n\n<p class=\"translation-block\">L'Abbazia di Fruttuaria \u00e8 un monastero fondato nel 1003 a San Benigno Canavese. Durante il Basso Medioevo fu una delle abbazie pi\u00f9 potenti d'Europa, che possedeva numerose chiese in Italia, Austria e Germania e ospitava oltre 1.000 monaci. Successivamente per\u00f2 la sua importanza declin\u00f2 e il monastero fu soppresso nel 1585. Il complesso \u00e8 stato ora restaurato e presenta una chiesa romanica e alcuni mosaici medievali.<\/p>\n\n\n\n<div class=\"wp-block-columns is-layout-flex wp-container-core-columns-is-layout-9d6595d7 wp-block-columns-is-layout-flex\">\n<div class=\"wp-block-column is-layout-flow wp-block-column-is-layout-flow\" style=\"flex-basis:85%\">\n<p>Indirizzo: Piazza Cardinale delle Lanze, 1, 10080 San Benigno Canavese TO<br>Coordinate: 45.2226, 7.7821<\/p>\n<\/div>\n\n\n\n<div class=\"wp-block-column is-layout-flow wp-block-column-is-layout-flow\" style=\"flex-basis:15%\">\n<p class=\"has-text-align-right\"><a href=\"https:\/\/goo.gl\/maps\/uYCGnWDhrw4zRtzT8\" target=\"_blank\" aria-label=\" (opens in a new tab)\" rel=\"noreferrer noopener\" class=\"ek-link\">Google Maps<\/a><\/p>\n<\/div>\n<\/div>\n\n\n<div style=\"margin-top: var(--wp--preset--spacing--40); margin-bottom: var(--wp--preset--spacing--40); \" class=\"wp-block-ub-divider ub_divider ub-divider-orientation-horizontal\" id=\"ub_divider_e7a2fe14-b58e-4b3b-8193-96bcad17625a\"><div class=\"ub_divider_wrapper\" style=\"position: relative; margin-bottom: 10px; width: 100%; height: 10px; \" data-divider-alignment=\"center\"><div class=\"ub_divider_line\" style=\"border-top: 2px solid #000000; margin-top: 10px; \"><\/div><\/div><\/div>\n\n\n<h2 class=\"wp-block-heading\" id=\"chivasso\"><strong>Chivasso<\/strong><\/h2>\n\n\n\n<p class=\"translation-block\">Chivasso \u00e8 una citt\u00e0 situata lungo il fiume Po a nord-est di Torino. Il paese sorse nel Medioevo, e fu la capitale della Marca (e poi Marchesato) del Monferrato fino al quindicesimo secolo, prima di diventare un possedimento dei Savoia. Nel corso del ventesimo secolo Chivasso divenne un centro industriale.<\/p>\n\n\n<div class=\"wp-block-ub-divider ub_divider ub-divider-orientation-horizontal\" id=\"ub_divider_db265105-c058-43b7-ad11-78b871d243eb\"><div class=\"ub_divider_wrapper\" style=\"position: relative; margin-bottom: 2px; width: 100%; height: 2px; \" data-divider-alignment=\"center\"><div class=\"ub_divider_line\" style=\"border-top: 2px solid #ccc; margin-top: 2px; \"><\/div><\/div><\/div>\n\n\n<h4 class=\"wp-block-heading\" id=\"collegiate-church-of-santa-maria-assunta\"><strong>Collegiata di Santa Maria Assunta<\/strong><\/h4>\n\n\n\n<p class=\"translation-block\">Anche nota come: Duomo di Chivasso<\/p>\n\n\n\n<p class=\"translation-block\">La Collegiata di Santa Maria Assunta \u00e8 il principale luogo religioso di Chivasso, situato nella piazza principale della citt\u00e0. La chiesa fu eretta nel quindicesimo secolo in stile tardo gotico, e presenta una facciata decorata da numerosi rilievi, mentre l'interno ospita diverse opere d'arte.<\/p>\n\n\n\n<div class=\"wp-block-columns is-layout-flex wp-container-core-columns-is-layout-9d6595d7 wp-block-columns-is-layout-flex\">\n<div class=\"wp-block-column is-layout-flow wp-block-column-is-layout-flow\" style=\"flex-basis:85%\">\n<p>Indirizzo: Piazza della Repubblica, 4, 10034 Chivasso TO<br>Coordinate: 45.1903, 7.8893<\/p>\n<\/div>\n\n\n\n<div class=\"wp-block-column is-layout-flow wp-block-column-is-layout-flow\" style=\"flex-basis:15%\">\n<p class=\"has-text-align-right\"><a href=\"https:\/\/goo.gl\/maps\/fkBYPaSydTKKpT9U9\" target=\"_blank\" aria-label=\" (opens in a new tab)\" rel=\"noreferrer noopener\" class=\"ek-link\">Google Maps<\/a><\/p>\n<\/div>\n<\/div>\n\n\n\n<p><\/p>","protected":false},"excerpt":{"rendered":"<p>&lt;&lt;\u00a0Piedmont Canavese is a historical region in the north of the Metropolitan City of Turin. The area is occupied by hills and mountains, and includes the Ivrea Morainic Amphitheater, a relief of glacial origin. The main city in this region is Ivrea, but various other smaller towns also offer interesting landmarks. Ivrea Ivrea is a city located north of Turin, and the most important center in the historic region of Canavese. The town was founded around the 5th century BCE by the Salassi, and it was later a Roman city known as Eporedia. During the Middle Ages, Ivrea was the capital of a Lombard duchy and later a free comune, before coming under the rule of the Savoy family. In the early 20th century Ivrea became an important industrial center, hosting the headquarters of typewriter manufacturer Olivetti. Ivrea is also famous for its carnival, which features organized groups throwing oranges at each other. Ivrea Cathedral Also known as: Cathedral of Santa Maria Assunta The Ivrea Cathedral (Duomo di Ivrea) is the main religious building in the city. It was erected during the Middle Ages in Romanesque style, replacing a previous church, and it was later reworked. The church features two bell towers and a Neoclassical facade, and it houses numerous interesting art pieces. The cathedral also features a crypt adorned with ancient frescoes and hosting a Roman sarcophagus. Address: Piazza Castello, 16, 10015 Ivrea TOCoordinates: 45.4682, 7.8755 Google Maps Ivrea Castle The Ivrea Castle is a medieval fortress erected in the 14th century in Ivrea. Over the following centuries, the castle was an important fortification and a residence of the Savoy family. The castle was used as a prison from the 18th century until 1970. Address: Piazza Castello, 10, 10015 Ivrea TOCoordinates: 45.4678, 7.8742 Google Maps Piazza Ferruccio Nazionale Also known as: Piazza di Citt\u00e0 Piazza Ferruccio Nazionale is the main square in Ivrea, dominated by the 18th-century Palazzo di Citt\u00e0, the historic city hall of the town, standing on the southern side. The medieval Romanesque Church of Sant&#8217;Ulderico is instead located at the northern end of the square. Address: Piazza Ferruccio Nazionale, 2-129, 10015 Ivrea TOCoordinates: 45.4666, 7.8760 Google Maps Civic Museum Pier Alessandro Garda The Civic Museum Pier Alessandro Garda (Museo Civico Pier Alessandro Garda) is an archaeology and art museum in Ivrea. Its collection hosts various archaeological findings from the pre-Roman, Roman, and medieval period, along with some interesting Renaissance artworks. The museum also features a section focused on East Asian art. Address: Piazza Ottinetti, 10015 Ivrea TOCoordinates: 45.4677, 7.8783 Google Maps Torre di Santo Stefano The Torre di Santo Stefano is a medieval tower in Ivrea, standing inside the public park Giardini Giustiana near the Dora Baltea river. It was erected in the 11th century as the bell tower of a former abbey, now demolished. The medieval Torre dei Tallianti is located nearby. Address: Torre di Santo Stefano, 10015 Ivrea TOCoordinates: 45.4655, 7.8802 Google Maps Church of San Bernardino The Church of San Bernardino is a medieval church and convent erected in the 15th century at the southern outskirts of Ivrea, next to the Complesso Olivetti. The church features a rich series of Renaissance frescoes painted by Giovanni Martino Spanzotti. Address: Via Monte Navale, 1, 10015 Ivrea TOCoordinates: 45.4590, 7.8756 Google Maps Complesso Olivetti The Complesso Olivetti is a series of buildings erected since the late 19th century by the Olivetti group in Ivrea. The area includes historic factories, office buildings, and the Unit\u00e0 Residenziale Ovest, a residential building completed in 1971 and also known as Talponia. A historical archive with many documents on the company is also located in the same area. A series of panels explaining the history of the complex are located around the area, and make up the Open-Air Museum of Modern Architecture (Museo a Cielo Aperto dell\u2019Architettura Moderna). The Complesso Olivetti has been included in the list of UNESCO World Heritage Sites in 2018. Address: Via Guglielmo Jervis, 13, 10015 Ivrea TOCoordinates: 45.4594, 7.8746 Google Maps Bollengo Bollengo is a small town located at the foot of the hills east of Ivrea in the Metropolitan City of Turin. Ciucarun Also known as: Bell Tower of San Martino (Campanile di San Martino) The Ciucarun is the only remaining structure of the medieval hamlet of Paerno. This Romanesque bell tower was erected in the 11th or 12th century as part of a church, but the site was later abandoned and demolished in the 18th century. However, the tower was spared and it still stands today in the countryside north of Bollengo. Address: Ciucarun, 10012 Bollengo TOCoordinates: 45.4877, 7.9417 Google Maps Caravino Caravino is a small town located south of Ivrea in the Metropolitan City of Turin. It is known for the historic castle in the nearby hamlet of Masino. Masino Castle The Masino Castle is a historic fortified palace located on a hill overlooking Caravino. The castle was originally erected in the 11th century but it was later reworked various times, turning it into a noble residence inhabited by the Valperga family. The palace houses numerous frescoed halls and artworks, and it is surrounded by a park. The castle also hosts a rich museum of historic carriages. Address: Via del Castello, 1, 10010 Caravino TOCoordinates: 45.3919, 7.9592 Google Maps Agli\u00e8 Agli\u00e8 is a small town in the Metropolitan City of Turin, best known for hosting an impressive castle which was once among the royal residences of the Savoy family. Ducal Castle of Agli\u00e8 The Ducal Castle of Agli\u00e8 (Castello Ducale di Agli\u00e8) is a former noble residence of the Savoy family. It originated as a medieval castle, which was later turned into a fortified palace and reworked several times. The castle features a monumental facade and it is surrounded by a park. The interior includes various richly adorned halls. Address: Piazza Castello, 2, 10011 Agli\u00e8 TOCoordinates: 45.3615, 7.7694 Google Maps Valperga Valperga is a small town located at the foot of the hills north of Turin, best known for hosting in its&#8230;<\/p>","protected":false},"author":1,"featured_media":0,"parent":932,"menu_order":0,"comment_status":"closed","ping_status":"closed","template":"","meta":{"_editorskit_title_hidden":false,"_editorskit_reading_time":0,"_editorskit_is_block_options_detached":false,"_editorskit_block_options_position":"{}","om_disable_all_campaigns":false,"_uag_custom_page_level_css":"","advgb_blocks_editor_width":"","advgb_blocks_columns_visual_guide":"","_monsterinsights_skip_tracking":false,"_monsterinsights_sitenote_active":false,"_monsterinsights_sitenote_note":"","_monsterinsights_sitenote_category":0,"footnotes":""},"class_list":["post-9737","page","type-page","status-publish","hentry"],"aioseo_notices":[],"featured_image_src":null,"uagb_featured_image_src":{"full":false,"thumbnail":false,"medium":false,"medium_large":false,"large":false,"1536x1536":false,"2048x2048":false,"trp-custom-language-flag":false,"xs-thumb":false,"post-thumbnail":false,"minimalistblogger-grid":false,"minimalistblogger-slider":false,"minimalistblogger-small":false},"uagb_author_info":{"display_name":"Stefano Cammisa","author_link":"https:\/\/www.cosmundus.com\/it\/author\/stefano-cammisa\/"},"uagb_comment_info":0,"uagb_excerpt":"&lt;&lt;\u00a0Piedmont Canavese is a historical region in the north of the Metropolitan City of Turin. The area is occupied by hills and mountains, and includes the Ivrea Morainic Amphitheater, a relief of glacial origin. The main city in this region is Ivrea, but various other smaller towns also offer interesting landmarks. Ivrea Ivrea is a&hellip;","coauthors":[],"author_meta":{"author_link":"https:\/\/www.cosmundus.com\/it\/author\/stefano-cammisa\/","display_name":"Stefano Cammisa"},"relative_dates":{"created":"Pubblicato 2 anni fa","modified":"Aggiornato 2 anni fa"},"absolute_dates":{"created":"Pubblicato il 3 Marzo 2024","modified":"Aggiornato il 3 Marzo 2024"},"absolute_dates_time":{"created":"Pubblicato il 3 Marzo 2024 12:42 pm","modified":"Aggiornato il 3 Marzo 2024 12:46 pm"},"featured_img_caption":"","featured_img":false,"series_order":"","_links":{"self":[{"href":"https:\/\/www.cosmundus.com\/it\/wp-json\/wp\/v2\/pages\/9737","targetHints":{"allow":["GET"]}}],"collection":[{"href":"https:\/\/www.cosmundus.com\/it\/wp-json\/wp\/v2\/pages"}],"about":[{"href":"https:\/\/www.cosmundus.com\/it\/wp-json\/wp\/v2\/types\/page"}],"author":[{"embeddable":true,"href":"https:\/\/www.cosmundus.com\/it\/wp-json\/wp\/v2\/users\/1"}],"replies":[{"embeddable":true,"href":"https:\/\/www.cosmundus.com\/it\/wp-json\/wp\/v2\/comments?post=9737"}],"version-history":[{"count":3,"href":"https:\/\/www.cosmundus.com\/it\/wp-json\/wp\/v2\/pages\/9737\/revisions"}],"predecessor-version":[{"id":9752,"href":"https:\/\/www.cosmundus.com\/it\/wp-json\/wp\/v2\/pages\/9737\/revisions\/9752"}],"up":[{"embeddable":true,"href":"https:\/\/www.cosmundus.com\/it\/wp-json\/wp\/v2\/pages\/932"}],"wp:attachment":[{"href":"https:\/\/www.cosmundus.com\/it\/wp-json\/wp\/v2\/media?parent=9737"}],"curies":[{"name":"wp","href":"https:\/\/api.w.org\/{rel}","templated":true}]}}