{"id":9730,"date":"2024-03-03T12:02:56","date_gmt":"2024-03-03T11:02:56","guid":{"rendered":"https:\/\/www.cosmundus.com\/?page_id=9730"},"modified":"2024-03-03T12:02:56","modified_gmt":"2024-03-03T11:02:56","slug":"valsesia","status":"publish","type":"page","link":"https:\/\/www.cosmundus.com\/it\/destinations\/valsesia\/","title":{"rendered":"Valsesia"},"content":{"rendered":"<p class=\"has-text-align-right\">&lt;&lt;\u00a0<a href=\"https:\/\/www.cosmundus.com\/it\/atlas\/europe\/southern-europe\/italy\/northwest-italy\/piedmont\/\">Piemonte<\/a><\/p>\n\n\n\n<p class=\"translation-block\">La montuosa parte settentrionale della Provincia di <a href=\"https:\/\/www.cosmundus.com\/it\/destinations\/vercelli\/\" class=\"ek-link\" target=\"_self\">Vercelli<\/a> \u00e8 occupata dalla Valsesia, una valle tra le Alpi attraversata dal fiume Sesia. Questa zona, famosa per il suo splendido ambiente naturale, ospita diversi piccoli villaggi di montagna. La meta pi\u00f9 popolare della valle \u00e8 Varallo.<\/p>\n\n\n\n<div class=\"wp-block-group\"><div class=\"wp-block-group__inner-container is-layout-constrained wp-block-group-is-layout-constrained\"><div style=\"border: 1px solid #8ed1fc; border-radius: 0%; background-color: inherit; \" class=\"ub-styled-box ub-bordered-box wp-block-ub-styled-box\" id=\"ub-styled-box-e6dcac90-aba1-4e42-850c-d8a2222e97ec\">\n<p class=\"has-medium-font-size\" id=\"ub-styled-box-bordered-content-e69b92a6-dc38-49d0-b63f-5d2aa1b6bb39\">Posti da vedere in Valsesia<\/p>\n\n\n<div class=\"wp-block-aioseo-table-of-contents\"><ul><li><a class=\"aioseo-toc-item\" href=\"#varallo\">Varallo<\/a><ul><li><a class=\"aioseo-toc-item\" href=\"#sacro-monte-di-varallo\">\u272a Sacro Monte di Varallo<\/a><\/li><li><a class=\"aioseo-toc-item\" href=\"#church-of-santa-maria-delle-grazie\">\u272a Chiesa di Santa Maria delle Grazie<\/a><\/li><li><a class=\"aioseo-toc-item\" href=\"#palazzo-dei-musei\">Palazzo dei Musei<\/a><\/li><\/ul><\/li><li><a class=\"aioseo-toc-item\" href=\"#boccioleto\">Boccioleto<\/a><ul><li><a class=\"aioseo-toc-item\" href=\"#oratory-of-san-lorenzo-allalpe-seccio\">Oratorio di San Lorenzo all\u2019Alpe Seccio<\/a><\/li><\/ul><\/li><li><a class=\"aioseo-toc-item\" href=\"#alagna-valsesia\">Alagna Valsesia<\/a><ul><li><a class=\"aioseo-toc-item\" href=\"#walser-museum-of-alagna\">Museo Walser di Alagna<\/a><\/li><\/ul><\/li><\/ul><\/div>\n\n<\/div><\/div><\/div>\n\n\n\n<h2 class=\"wp-block-heading\" id=\"varallo\"><strong>Varallo<\/strong><\/h2>\n\n\n\n<p class=\"translation-block\">Varallo \u00e8 un paese situato in Valsesia, la valle attraversata dal fiume Sesia nella parte settentrionale della Provincia di Vercelli. La cittadina emerse durante l'Alto Medioevo come uno dei centri principali della valle ed \u00e8 oggi un'apprezzata attrazione turistica grazie al suo Sacro Monte e alla sua posizione in un bellissimo ambiente naturale.<\/p>\n\n\n<div class=\"wp-block-ub-divider ub_divider ub-divider-orientation-horizontal\" id=\"ub_divider_0f635de6-9814-415c-8ddf-73f399074967\"><div class=\"ub_divider_wrapper\" style=\"position: relative; margin-bottom: 2px; width: 100%; height: 2px; \" data-divider-alignment=\"center\"><div class=\"ub_divider_line\" style=\"border-top: 2px solid #ccc; margin-top: 2px; \"><\/div><\/div><\/div>\n\n\n<h4 class=\"wp-block-heading\" id=\"sacro-monte-di-varallo\"><strong>\u272a Sacro Monte di Varallo<\/strong><\/h4>\n\n\n\n<p class=\"translation-block\">Il Sacro Monte di Varallo \u00e8 uno dei Sacri Monti del Piemonte e della <a href=\"https:\/\/www.cosmundus.com\/it\/atlas\/europe\/southern-europe\/italy\/northwest-italy\/lombardy\/\" class=\"ek-link\" target=\"_self\">Lombardia<\/a>, una serie di siti religiosi costruiti tra le montagne delle due regioni. Il complesso fu eretto a partire dalla fine del quindicesimo secolo su una formazione rocciosa che sovrasta Varallo. Il sito comprende una basilica barocca e numerose cappelle riccamente decorate, tutte adornate con affreschi, statue e opere d'arte, per lo pi\u00f9 risalenti al sedicesimo secolo.<\/p>\n\n\n\n<div class=\"wp-block-columns is-layout-flex wp-container-core-columns-is-layout-9d6595d7 wp-block-columns-is-layout-flex\">\n<div class=\"wp-block-column is-layout-flow wp-block-column-is-layout-flow\" style=\"flex-basis:85%\">\n<p>Indirizzo: Piazza G. Testori, 13019 Varallo VC<br>Coordinate: 45.8183, 8.2563<\/p>\n<\/div>\n\n\n\n<div class=\"wp-block-column is-layout-flow wp-block-column-is-layout-flow\" style=\"flex-basis:15%\">\n<p class=\"has-text-align-right\"><a href=\"https:\/\/goo.gl\/maps\/enRPHwAicahHVxRi7\" target=\"_blank\" aria-label=\" (opens in a new tab)\" rel=\"noreferrer noopener\" class=\"ek-link\">Google Maps<\/a><\/p>\n<\/div>\n<\/div>\n\n\n<div class=\"wp-block-ub-divider ub_divider ub-divider-orientation-horizontal\" id=\"ub_divider_edabde0c-da9e-4de5-998c-ff12b6380334\"><div class=\"ub_divider_wrapper\" style=\"position: relative; margin-bottom: 2px; width: 100%; height: 2px; \" data-divider-alignment=\"center\"><div class=\"ub_divider_line\" style=\"border-top: 2px solid #ccc; margin-top: 2px; \"><\/div><\/div><\/div>\n\n\n<h4 class=\"wp-block-heading\" id=\"church-of-santa-maria-delle-grazie\"><strong>\u272a Chiesa di Santa Maria delle Grazie<\/strong><\/h4>\n\n\n\n<p>La Chiesa di Santa Maria delle Grazie \u00e8 una chiesa gotica eretta a Varallo nel quindicesimo secolo. L'attrazione principale di questa chiesa \u00e8 la straordinaria serie di affreschi dipinti dall'artista rinascimentale Gaudenzio Ferrari, che coprono un'intera parete, raffiguranti la vita di Ges\u00f9 Cristo. Alcuni altri affreschi e opere d'arte adornano altre parti della chiesa.<\/p>\n\n\n\n<div class=\"wp-block-columns is-layout-flex wp-container-core-columns-is-layout-9d6595d7 wp-block-columns-is-layout-flex\">\n<div class=\"wp-block-column is-layout-flow wp-block-column-is-layout-flow\" style=\"flex-basis:85%\">\n<p>Indirizzo: Via Gaudenzio Ferrari, 13019 Varallo VC<br>Coordinate: 45.8175, 8.2527<\/p>\n<\/div>\n\n\n\n<div class=\"wp-block-column is-layout-flow wp-block-column-is-layout-flow\" style=\"flex-basis:15%\">\n<p class=\"has-text-align-right\"><a href=\"https:\/\/goo.gl\/maps\/ACrTQLQy2C2hwwHS8\" target=\"_blank\" aria-label=\" (opens in a new tab)\" rel=\"noreferrer noopener\" class=\"ek-link\">Google Maps<\/a><\/p>\n<\/div>\n<\/div>\n\n\n<div class=\"wp-block-ub-divider ub_divider ub-divider-orientation-horizontal\" id=\"ub_divider_cbaef568-325f-487f-a614-f686cf89fc87\"><div class=\"ub_divider_wrapper\" style=\"position: relative; margin-bottom: 2px; width: 100%; height: 2px; \" data-divider-alignment=\"center\"><div class=\"ub_divider_line\" style=\"border-top: 2px solid #ccc; margin-top: 2px; \"><\/div><\/div><\/div>\n\n\n<h4 class=\"wp-block-heading\" id=\"palazzo-dei-musei\"><strong>Palazzo dei Musei<\/strong><\/h4>\n\n\n\n<p class=\"translation-block\">Il Palazzo dei Musei \u00e8 un complesso museale di Varallo, che ospita la <strong>Pinacoteca Civica<\/strong> e il <strong>Museo Calderini<\/strong>. La Pinacoteca Civica ospita dipinti, sculture e altre opere d'arte di artisti locali, datate a partire dal Tardo Medioevo. Il Museo Calderini ospita invece collezioni di scienze naturali, storia e archeologia.<\/p>\n\n\n\n<div class=\"wp-block-columns is-layout-flex wp-container-core-columns-is-layout-9d6595d7 wp-block-columns-is-layout-flex\">\n<div class=\"wp-block-column is-layout-flow wp-block-column-is-layout-flow\" style=\"flex-basis:85%\">\n<p>Indirizzo: Piazza Giovanni Calderini, 25, 13019 Varallo VC<br>Coordinate: 45.8168, 8.2530<\/p>\n<\/div>\n\n\n\n<div class=\"wp-block-column is-layout-flow wp-block-column-is-layout-flow\" style=\"flex-basis:15%\">\n<p class=\"has-text-align-right\"><a href=\"https:\/\/goo.gl\/maps\/RXkY6frk7kkLn19R9\" target=\"_blank\" aria-label=\" (opens in a new tab)\" rel=\"noreferrer noopener\" class=\"ek-link\">Google Maps<\/a><\/p>\n<\/div>\n<\/div>\n\n\n<div style=\"margin-top: var(--wp--preset--spacing--40); margin-bottom: var(--wp--preset--spacing--40); \" class=\"wp-block-ub-divider ub_divider ub-divider-orientation-horizontal\" id=\"ub_divider_91cbf1aa-6496-4f45-85a8-ded762a1bfed\"><div class=\"ub_divider_wrapper\" style=\"position: relative; margin-bottom: 10px; width: 100%; height: 10px; \" data-divider-alignment=\"center\"><div class=\"ub_divider_line\" style=\"border-top: 2px solid #000000; margin-top: 10px; \"><\/div><\/div><\/div>\n\n\n<h2 class=\"wp-block-heading\" id=\"boccioleto\"><strong>Boccioleto<\/strong><\/h2>\n\n\n\n<p>Boccioleto \u00e8 un minuscolo borgo di montagna situato in una valle laterale della Valsesia, in Provincia di Vercelli. Il suo territorio comprende alcuni edifici storici eretti tra le montagne circostanti.<\/p>\n\n\n<div class=\"wp-block-ub-divider ub_divider ub-divider-orientation-horizontal\" id=\"ub_divider_91a2e332-fda7-4933-99b4-0c39e46cf2fb\"><div class=\"ub_divider_wrapper\" style=\"position: relative; margin-bottom: 2px; width: 100%; height: 2px; \" data-divider-alignment=\"center\"><div class=\"ub_divider_line\" style=\"border-top: 2px solid #ccc; margin-top: 2px; \"><\/div><\/div><\/div>\n\n\n<h4 class=\"wp-block-heading\" id=\"oratory-of-san-lorenzo-allalpe-seccio\"><strong>Oratorio di San Lorenzo all\u2019Alpe Seccio<\/strong><\/h4>\n\n\n\n<p>L'Oratorio di San Lorenzo all'Alpe Seccio \u00e8 un piccolo edificio religioso eretto nel quindicesimo secolo e situato in un alpeggio in alta montagna nei pressi di Boccioleto. Il sito \u00e8 raggiungibile solo tramite un lungo sentiero che attraversa boschi e montagne. L'oratorio presenta una serie di notevoli affreschi antichi e incredibilmente ben conservati.<\/p>\n\n\n\n<div class=\"wp-block-columns is-layout-flex wp-container-core-columns-is-layout-9d6595d7 wp-block-columns-is-layout-flex\">\n<div class=\"wp-block-column is-layout-flow wp-block-column-is-layout-flow\" style=\"flex-basis:85%\">\n<p>Indirizzo: San Lorenzo all\u2019Alpe Seccio, 13022 Boccioleto VC<br>Coordinate: 45.8559, 8.1058<\/p>\n<\/div>\n\n\n\n<div class=\"wp-block-column is-layout-flow wp-block-column-is-layout-flow\" style=\"flex-basis:15%\">\n<p class=\"has-text-align-right\"><a href=\"https:\/\/goo.gl\/maps\/KX7hQoD8FG9u1XfS7\" target=\"_blank\" aria-label=\" (opens in a new tab)\" rel=\"noreferrer noopener\" class=\"ek-link\">Google Maps<\/a><\/p>\n<\/div>\n<\/div>\n\n\n<div style=\"margin-top: var(--wp--preset--spacing--40); margin-bottom: var(--wp--preset--spacing--40); \" class=\"wp-block-ub-divider ub_divider ub-divider-orientation-horizontal\" id=\"ub_divider_3c8fc477-17ac-4297-b366-5e315dd7cb30\"><div class=\"ub_divider_wrapper\" style=\"position: relative; margin-bottom: 10px; width: 100%; height: 10px; \" data-divider-alignment=\"center\"><div class=\"ub_divider_line\" style=\"border-top: 2px solid #000000; margin-top: 10px; \"><\/div><\/div><\/div>\n\n\n<h2 class=\"wp-block-heading\" id=\"alagna-valsesia\"><strong>Alagna Valsesia<\/strong><\/h2>\n\n\n\n<p class=\"translation-block\">Alagna Valsesia \u00e8 un piccolo paese di montagna in Provincia di Vercelli, situato all'estremit\u00e0 della Valsesia. Il paese \u00e8 un'attrazione turistica grazie alla sua posizione appena sotto il Monte Rosa, la seconda vetta pi\u00f9 alta delle Alpi. Per questo Alagna Valsesia \u00e8 anche una stazione sciistica.<\/p>\n\n\n<div class=\"wp-block-ub-divider ub_divider ub-divider-orientation-horizontal\" id=\"ub_divider_0d021447-f928-4716-ba54-98b882f8ab31\"><div class=\"ub_divider_wrapper\" style=\"position: relative; margin-bottom: 2px; width: 100%; height: 2px; \" data-divider-alignment=\"center\"><div class=\"ub_divider_line\" style=\"border-top: 2px solid #ccc; margin-top: 2px; \"><\/div><\/div><\/div>\n\n\n<h4 class=\"wp-block-heading\" id=\"walser-museum-of-alagna\"><strong>Museo Walser di Alagna<\/strong><\/h4>\n\n\n\n<p class=\"translation-block\">Il Museo Walser \u00e8 un museo etnografico situato nei pressi di Alagna Valsesia. La mostra \u00e8 dedicata al popolo Walser, una comunit\u00e0 di lingua tedesca che da secoli abita il territorio e le valli circostanti. Il museo comprende molti oggetti che mostrano la vita tradizionale del popolo Walser ed \u00e8 ospitato in una casa costruita nel 1628.<\/p>\n\n\n\n<div class=\"wp-block-columns is-layout-flex wp-container-core-columns-is-layout-9d6595d7 wp-block-columns-is-layout-flex\">\n<div class=\"wp-block-column is-layout-flow wp-block-column-is-layout-flow\" style=\"flex-basis:85%\">\n<p>Indirizzo: Fraz. Pedemonte, 1, 13021 Alagna Valsesia VC<br>Coordinate: 45.8607, 7.9383<\/p>\n<\/div>\n\n\n\n<div class=\"wp-block-column is-layout-flow wp-block-column-is-layout-flow\" style=\"flex-basis:15%\">\n<p class=\"has-text-align-right\"><a href=\"https:\/\/goo.gl\/maps\/Sng3t6HgH5ECvvYS8\" target=\"_blank\" aria-label=\" (opens in a new tab)\" rel=\"noreferrer noopener\" class=\"ek-link\">Google Maps<\/a><\/p>\n<\/div>\n<\/div>","protected":false},"excerpt":{"rendered":"<p>&lt;&lt;\u00a0Piedmont The mountainous northern part of the Province of Vercelli is occupied by Valsesia, a valley among the Alps crossed by the Sesia river. This area, famous for its gorgeous natural environment, houses various small mountain villages. The most popular destination in the valley is Varallo. Varallo Varallo is a town located in Valsesia, the valley crossed by the Sesia river in the northern portion of the Province of Vercelli. The town emerged during the Late Middle Ages as one of the main centers in the valley and it is now a popular tourist attraction thanks to its Sacro Monte and its position among a beautiful natural environment. \u272a Sacro Monte di Varallo The Sacro Monte di Varallo is one of the Sacri Monti of Piedmont and Lombardy, a series of religious sites built among the mountains across the two regions. The complex was erected starting in the late 15th century on top of a rock formation dominating over Varallo. The site includes a Baroque basilica and numerous richly decorated chapels, all adorned with frescoes, statues, and artworks, mostly dating from the 16th century. Address: Piazza G. Testori, 13019 Varallo VCCoordinates: 45.8183, 8.2563 Google Maps \u272a Church of Santa Maria delle Grazie The Church of Santa Maria delle Grazie is a Gothic church erected in Varallo during the 15th century. The main attraction of this church is the stunning series of frescoes painted by Renaissance artist Gaudenzio Ferrari, which cover an entire wall, depicting the life of Jesus Christ. A few other frescoes and artworks adorn other parts of the church. Address: Via Gaudenzio Ferrari, 13019 Varallo VCCoordinates: 45.8175, 8.2527 Google Maps Palazzo dei Musei Palazzo dei Musei is a museum complex in Varallo, which hosts the Civic Art Gallery (Pinacoteca Civica) and the Calderini Museum. The Civic Art Gallery hosts paintings, sculptures, and other artworks by local artists, dating as far back as the Late Middle Ages. Meanwhile, the Calderini Museum houses collections on natural sciences, history, and archaeology. Address: Piazza Giovanni Calderini, 25, 13019 Varallo VCCoordinates: 45.8168, 8.2530 Google Maps Boccioleto Boccioleto is a tiny mountain hamlet located in a lateral valley of Valsesia, in the Province of\u00a0Vercelli. Its territory includes a few historic buildings erected among the surrounding mountains. Oratory of San Lorenzo all&#8217;Alpe Seccio The Oratory of San Lorenzo all&#8217;Alpe Seccio is a small religious building erected during the 15th century and located in an alpine pasture far up the mountains near Boccioleto. The site is only reachable by a long trail that runs among the forests and mountains. The oratory features a series of impressive and incredibly well-preserved ancient frescoes. Address: San Lorenzo all&#8217;Alpe Seccio, 13022 Boccioleto VCCoordinates: 45.8559, 8.1058 Google Maps Alagna Valsesia Alagna Valsesia is a small mountain town in the Province of Vercelli, located at the end of Valsesia. The village is a tourist attraction thanks to its position just below Monte Rosa, the second highest peak of the Alps. Because of this, Alagna Valsesia is also a ski resort. Walser Museum of Alagna The Walser Museum (Museo Walser) is a ethnographic museum located near Alagna Valsesia. The exhibition is dedicated to the Walser people, a German-speaking community that has inhabited the area and the surrounding valleys for centuries. The museum includes many objects that showcase the traditional life of the Walser people and it is hosted in a house built in 1628. Address: Fraz. Pedemonte, 1, 13021 Alagna Valsesia VCCoordinates: 45.8607, 7.9383 Google Maps<\/p>","protected":false},"author":1,"featured_media":0,"parent":932,"menu_order":0,"comment_status":"closed","ping_status":"closed","template":"","meta":{"_editorskit_title_hidden":false,"_editorskit_reading_time":0,"_editorskit_is_block_options_detached":false,"_editorskit_block_options_position":"{}","om_disable_all_campaigns":false,"_uag_custom_page_level_css":"","advgb_blocks_editor_width":"","advgb_blocks_columns_visual_guide":"","_monsterinsights_skip_tracking":false,"_monsterinsights_sitenote_active":false,"_monsterinsights_sitenote_note":"","_monsterinsights_sitenote_category":0,"footnotes":""},"class_list":["post-9730","page","type-page","status-publish","hentry"],"aioseo_notices":[],"featured_image_src":null,"uagb_featured_image_src":{"full":false,"thumbnail":false,"medium":false,"medium_large":false,"large":false,"1536x1536":false,"2048x2048":false,"trp-custom-language-flag":false,"xs-thumb":false,"post-thumbnail":false,"minimalistblogger-grid":false,"minimalistblogger-slider":false,"minimalistblogger-small":false},"uagb_author_info":{"display_name":"Stefano Cammisa","author_link":"https:\/\/www.cosmundus.com\/it\/author\/stefano-cammisa\/"},"uagb_comment_info":0,"uagb_excerpt":"&lt;&lt;\u00a0Piedmont The mountainous northern part of the Province of Vercelli is occupied by Valsesia, a valley among the Alps crossed by the Sesia river. This area, famous for its gorgeous natural environment, houses various small mountain villages. The most popular destination in the valley is Varallo. Varallo Varallo is a town located in Valsesia, the&hellip;","coauthors":[],"author_meta":{"author_link":"https:\/\/www.cosmundus.com\/it\/author\/stefano-cammisa\/","display_name":"Stefano Cammisa"},"relative_dates":{"created":"Pubblicato 2 anni fa","modified":"Aggiornato 2 anni fa"},"absolute_dates":{"created":"Pubblicato il 3 Marzo 2024","modified":"Aggiornato il 3 Marzo 2024"},"absolute_dates_time":{"created":"Pubblicato il 3 Marzo 2024 12:02 pm","modified":"Aggiornato il 3 Marzo 2024 12:02 pm"},"featured_img_caption":"","featured_img":false,"series_order":"","_links":{"self":[{"href":"https:\/\/www.cosmundus.com\/it\/wp-json\/wp\/v2\/pages\/9730","targetHints":{"allow":["GET"]}}],"collection":[{"href":"https:\/\/www.cosmundus.com\/it\/wp-json\/wp\/v2\/pages"}],"about":[{"href":"https:\/\/www.cosmundus.com\/it\/wp-json\/wp\/v2\/types\/page"}],"author":[{"embeddable":true,"href":"https:\/\/www.cosmundus.com\/it\/wp-json\/wp\/v2\/users\/1"}],"replies":[{"embeddable":true,"href":"https:\/\/www.cosmundus.com\/it\/wp-json\/wp\/v2\/comments?post=9730"}],"version-history":[{"count":2,"href":"https:\/\/www.cosmundus.com\/it\/wp-json\/wp\/v2\/pages\/9730\/revisions"}],"predecessor-version":[{"id":9735,"href":"https:\/\/www.cosmundus.com\/it\/wp-json\/wp\/v2\/pages\/9730\/revisions\/9735"}],"up":[{"embeddable":true,"href":"https:\/\/www.cosmundus.com\/it\/wp-json\/wp\/v2\/pages\/932"}],"wp:attachment":[{"href":"https:\/\/www.cosmundus.com\/it\/wp-json\/wp\/v2\/media?parent=9730"}],"curies":[{"name":"wp","href":"https:\/\/api.w.org\/{rel}","templated":true}]}}