{"id":9701,"date":"2024-03-03T11:34:13","date_gmt":"2024-03-03T10:34:13","guid":{"rendered":"https:\/\/www.cosmundus.com\/?page_id=9701"},"modified":"2024-03-03T11:34:14","modified_gmt":"2024-03-03T10:34:14","slug":"ossola","status":"publish","type":"page","link":"https:\/\/www.cosmundus.com\/it\/destinations\/ossola\/","title":{"rendered":"Ossola"},"content":{"rendered":"<p class=\"has-text-align-right\">&lt;&lt;\u00a0<a href=\"https:\/\/www.cosmundus.com\/it\/atlas\/europe\/southern-europe\/italy\/northwest-italy\/piedmont\/\">Piemonte<\/a><\/p>\n\n\n\n<p class=\"translation-block\">L'Ossola \u00e8 una valle situata nella Provincia del <a href=\"https:\/\/www.cosmundus.com\/it\/destinations\/verbano-and-vergante\/\" class=\"ek-link\" target=\"_self\">Verbano<\/a>\u2013<a href=\"https:\/\/www.cosmundus.com\/it\/destinations\/cusio\/\" class=\"ek-link\" target=\"_self\">Cusio<\/a>-Ossola, a ovest del Lago Maggiore e a nord del Lago d'Orta. La valle \u00e8 attraversata dal fiume Toce e la sua citt\u00e0 pi\u00f9 importante \u00e8 Domodossola. Altre attrazioni interessanti si possono trovare in diversi centri minori tra le montagne e nelle valli laterali. L'Ossola \u00e8 conosciuta anche per la Repubblica dell'Ossola, una repubblica partigiana istituita qui durante la seconda guerra mondiale.<\/p>\n\n\n\n<div class=\"wp-block-group\"><div class=\"wp-block-group__inner-container is-layout-constrained wp-block-group-is-layout-constrained\"><div style=\"border: 1px solid #8ed1fc; border-radius: 0%; background-color: inherit; \" class=\"ub-styled-box ub-bordered-box wp-block-ub-styled-box\" id=\"ub-styled-box-99c84af8-fda6-497e-b96d-d2edaee861f4\">\n<p class=\"has-medium-font-size\" id=\"ub-styled-box-bordered-content-ff46504f-f5cc-406f-922f-4b617c577cc6\">Posti da vedere nell'Ossola<\/p>\n\n\n<div class=\"wp-block-aioseo-table-of-contents\"><ul><li><a class=\"aioseo-toc-item\" href=\"#domodossola\">Domodossola<\/a><ul><li><a class=\"aioseo-toc-item\" href=\"#sacro-monte-calvario-di-domodossola\">Sacro Monte Calvario di Domodossola<\/a><\/li><li><a class=\"aioseo-toc-item\" href=\"#palazzo-di-citta\">Palazzo di Citt\u00e0<\/a><\/li><li><a class=\"aioseo-toc-item\" href=\"#palazzo-silva\">Palazzo Silva<\/a><\/li><li><a class=\"aioseo-toc-item\" href=\"#piazza-del-mercato\">Piazza del Mercato<\/a><\/li><\/ul><\/li><li><a class=\"aioseo-toc-item\" href=\"#ornavasso\">Ornavasso<\/a><ul><li><a class=\"aioseo-toc-item\" href=\"#museo-del-paesaggio-enrico-bianchetti-archaeological-section\">Museo del Paesaggio \u2013 Sezione Archeologica Enrico Bianchetti<\/a><\/li><\/ul><\/li><li><a class=\"aioseo-toc-item\" href=\"#macugnaga\">Macugnaga<\/a><ul><li><a class=\"aioseo-toc-item\" href=\"#old-walser-house-museum-of-borca\">Museo Antica Casa Walser di Borca<\/a><\/li><\/ul><\/li><li><a class=\"aioseo-toc-item\" href=\"#valle-vigezzo\">Valle Vigezzo<\/a><ul><li><a class=\"aioseo-toc-item\" href=\"#chimney-sweep-museum\">Museo dello Spazzacamino<\/a><\/li><li><a class=\"aioseo-toc-item\" href=\"#sanctuary-of-madonna-del-sangue\">Santuario della Madonna del Sangue<\/a><\/li><\/ul><\/li><li><a class=\"aioseo-toc-item\" href=\"#valle-antigorio\">Valle Antigorio<\/a><ul><li><a class=\"aioseo-toc-item\" href=\"#church-of-san-gaudenzio\">Chiesa di San Gaudenzio<\/a><\/li><li><a class=\"aioseo-toc-item\" href=\"#uriezzo-gorges\">Orridi di Uriezzo<\/a><\/li><\/ul><\/li><li><a class=\"aioseo-toc-item\" href=\"#formazza\">Formazza<\/a><ul><li><a class=\"aioseo-toc-item\" href=\"#cascata-del-toce\">Cascata del Toce<\/a><\/li><\/ul><\/li><\/ul><\/div>\n\n<\/div><\/div><\/div>\n\n\n\n<h2 class=\"wp-block-heading\" id=\"domodossola\"><strong>Domodossola<\/strong><\/h2>\n\n\n\n<p>Domodossola \u00e8 il centro principale dell'Ossola, una valle attraversata dal fiume Toce nella Provincia del Verbano-Cusio-Ossola. Il paese fu fondato in epoca preistorica dal popolo dei Lepontii e successivamente divenne una citt\u00e0 romana. Per secoli governata da altre potenze locali, Domodossola divenne un importante centro commerciale per la sua vicinanza al Traforo del Sempione, che collega la citt\u00e0 con la Svizzera. Durante la seconda guerra mondiale Domodossola fu per breve tempo capitale di una repubblica partigiana autonoma che resistette all'occupazione nazifascista.<\/p>\n\n\n<div class=\"wp-block-ub-divider ub_divider ub-divider-orientation-horizontal\" id=\"ub_divider_e1a3fe35-2c97-451e-94ed-92f65114e167\"><div class=\"ub_divider_wrapper\" style=\"position: relative; margin-bottom: 2px; width: 100%; height: 2px; \" data-divider-alignment=\"center\"><div class=\"ub_divider_line\" style=\"border-top: 2px solid #ccc; margin-top: 2px; \"><\/div><\/div><\/div>\n\n\n<h4 class=\"wp-block-heading\" id=\"sacro-monte-calvario-di-domodossola\"><strong>Sacro Monte Calvario di Domodossola<\/strong><\/h4>\n\n\n\n<p class=\"translation-block\">Il Sacro Monte Calvario di Domodossola \u00e8 uno dei Sacri Monti, una serie di complessi religiosi eretti sulle montagne tra Piemonte e <a href=\"https:\/\/www.cosmundus.com\/it\/atlas\/europe\/southern-europe\/italy\/northwest-italy\/lombardy\/\" class=\"ek-link\" target=\"_self\">Lombardia<\/a>. Il santuario fu eretto a partire dal diciassettesimo secolo su un monte che sovrasta Domodossola, ed \u00e8 oggi un Patrimonio dell'Umanit\u00e0 dell'UNESCO. Il complesso comprende una serie di cappelle ornate da varie sculture, affreschi e altre opere d'arte. La chiesa principale presenta ricche decorazioni barocche.<\/p>\n\n\n\n<div class=\"wp-block-columns is-layout-flex wp-container-core-columns-is-layout-9d6595d7 wp-block-columns-is-layout-flex\">\n<div class=\"wp-block-column is-layout-flow wp-block-column-is-layout-flow\" style=\"flex-basis:85%\">\n<p>Indirizzo: Sacro Monte Calvario di Domodossola, 28845 Domodossola VB<br>Coordinate: 46.1063, 8.2885<\/p>\n<\/div>\n\n\n\n<div class=\"wp-block-column is-layout-flow wp-block-column-is-layout-flow\" style=\"flex-basis:15%\">\n<p class=\"has-text-align-right\"><a href=\"https:\/\/goo.gl\/maps\/9Z6cWa7Wq6ZyYxHX7\" target=\"_blank\" aria-label=\" (opens in a new tab)\" rel=\"noreferrer noopener\" class=\"ek-link\">Google Maps<\/a><\/p>\n<\/div>\n<\/div>\n\n\n<div class=\"wp-block-ub-divider ub_divider ub-divider-orientation-horizontal\" id=\"ub_divider_b00d22b2-a11b-4e73-9194-12b2e01021f9\"><div class=\"ub_divider_wrapper\" style=\"position: relative; margin-bottom: 2px; width: 100%; height: 2px; \" data-divider-alignment=\"center\"><div class=\"ub_divider_line\" style=\"border-top: 2px solid #ccc; margin-top: 2px; \"><\/div><\/div><\/div>\n\n\n<h4 class=\"wp-block-heading\" id=\"palazzo-di-citta\"><strong>Palazzo di Citt\u00e0<\/strong><\/h4>\n\n\n\n<p class=\"translation-block\">Palazzo di Citt\u00e0 \u00e8 il municipio di Domodossola, eretto nel diciannovesimo secolo. Durante la seconda guerra mondiale fu sede di una libera repubblica partigiana. Una sala del palazzo, detta <em>Sala Storica della Resistenza<\/em>, \u00e8 oggi adibita a museo, ed ospita una serie di oggetti e cimeli legati alla resistenza locale contro l'occupazione nazifascista.<\/p>\n\n\n\n<div class=\"wp-block-columns is-layout-flex wp-container-core-columns-is-layout-9d6595d7 wp-block-columns-is-layout-flex\">\n<div class=\"wp-block-column is-layout-flow wp-block-column-is-layout-flow\" style=\"flex-basis:85%\">\n<p>Indirizzo: Piazza Repubblica dell\u2019Ossola, 1, 28845 Domodossola VB<br>Coordinate: 46.1153, 8.2921<\/p>\n<\/div>\n\n\n\n<div class=\"wp-block-column is-layout-flow wp-block-column-is-layout-flow\" style=\"flex-basis:15%\">\n<p class=\"has-text-align-right\"><a href=\"https:\/\/goo.gl\/maps\/aro7PEfcst2Sf4Wi9\" target=\"_blank\" aria-label=\" (opens in a new tab)\" rel=\"noreferrer noopener\" class=\"ek-link\">Google Maps<\/a><\/p>\n<\/div>\n<\/div>\n\n\n<div class=\"wp-block-ub-divider ub_divider ub-divider-orientation-horizontal\" id=\"ub_divider_2ce89951-21b4-4b47-876a-46175da95b8d\"><div class=\"ub_divider_wrapper\" style=\"position: relative; margin-bottom: 2px; width: 100%; height: 2px; \" data-divider-alignment=\"center\"><div class=\"ub_divider_line\" style=\"border-top: 2px solid #ccc; margin-top: 2px; \"><\/div><\/div><\/div>\n\n\n<h4 class=\"wp-block-heading\" id=\"palazzo-silva\"><strong>Palazzo Silva<\/strong><\/h4>\n\n\n\n<p>Palazzo Silva \u00e8 un palazzo storico di Domodossola, originariamente eretto nel Basso Medioevo e rimaneggiato in epoca rinascimentale. Il palazzo ora ospita un museo con una collezione di opere d'arte locali, reperti archeologici, armi antiche, oggetti tradizionali e altro ancora.<\/p>\n\n\n\n<div class=\"wp-block-columns is-layout-flex wp-container-core-columns-is-layout-9d6595d7 wp-block-columns-is-layout-flex\">\n<div class=\"wp-block-column is-layout-flow wp-block-column-is-layout-flow\" style=\"flex-basis:85%\">\n<p>Indirizzo: Piazza Giovanni Chiossi, 14, 28845 Domodossola VB<br>Coordinate: 46.1162, 8.2906<\/p>\n<\/div>\n\n\n\n<div class=\"wp-block-column is-layout-flow wp-block-column-is-layout-flow\" style=\"flex-basis:15%\">\n<p class=\"has-text-align-right\"><a href=\"https:\/\/goo.gl\/maps\/2WFfxJgytbCQHZyB9\" target=\"_blank\" aria-label=\" (opens in a new tab)\" rel=\"noreferrer noopener\" class=\"ek-link\">Google Maps<\/a><\/p>\n<\/div>\n<\/div>\n\n\n<div class=\"wp-block-ub-divider ub_divider ub-divider-orientation-horizontal\" id=\"ub_divider_e5238d03-1c86-4f9f-a470-23f71e0b6e5d\"><div class=\"ub_divider_wrapper\" style=\"position: relative; margin-bottom: 2px; width: 100%; height: 2px; \" data-divider-alignment=\"center\"><div class=\"ub_divider_line\" style=\"border-top: 2px solid #ccc; margin-top: 2px; \"><\/div><\/div><\/div>\n\n\n<h4 class=\"wp-block-heading\" id=\"piazza-del-mercato\"><strong>Piazza del Mercato<\/strong><\/h4>\n\n\n\n<p>Piazza del Mercato \u00e8 una piazza storica situata nel centro di Domodossola. La piazza \u00e8 circondata da molti tradizionali edifici porticati e ancora oggi \u00e8 sede del mercato settimanale locale.<\/p>\n\n\n\n<div class=\"wp-block-columns is-layout-flex wp-container-core-columns-is-layout-9d6595d7 wp-block-columns-is-layout-flex\">\n<div class=\"wp-block-column is-layout-flow wp-block-column-is-layout-flow\" style=\"flex-basis:85%\">\n<p>Indirizzo: Piazza del Mercato, 28845 Domodossola VB<br>Coordinate: 46.1161, 8.2912<\/p>\n<\/div>\n\n\n\n<div class=\"wp-block-column is-layout-flow wp-block-column-is-layout-flow\" style=\"flex-basis:15%\">\n<p class=\"has-text-align-right\"><a href=\"https:\/\/goo.gl\/maps\/aqjsuiBezjHamR7r5\" target=\"_blank\" aria-label=\" (opens in a new tab)\" rel=\"noreferrer noopener\" class=\"ek-link\">Google Maps<\/a><\/p>\n<\/div>\n<\/div>\n\n\n<div style=\"margin-top: var(--wp--preset--spacing--40); margin-bottom: var(--wp--preset--spacing--40); \" class=\"wp-block-ub-divider ub_divider ub-divider-orientation-horizontal\" id=\"ub_divider_070ff27f-18ee-4310-917f-8ff44c58a049\"><div class=\"ub_divider_wrapper\" style=\"position: relative; margin-bottom: 10px; width: 100%; height: 10px; \" data-divider-alignment=\"center\"><div class=\"ub_divider_line\" style=\"border-top: 2px solid #000000; margin-top: 10px; \"><\/div><\/div><\/div>\n\n\n<h2 class=\"wp-block-heading\" id=\"ornavasso\"><strong>Ornavasso<\/strong><\/h2>\n\n\n\n<p>Ornavasso \u00e8 un piccolo paese nella Provincia del Verbano-Cusio-Ossola. \u00c8 noto soprattutto per le due necropoli rinvenute nei pressi del paese.<\/p>\n\n\n<div class=\"wp-block-ub-divider ub_divider ub-divider-orientation-horizontal\" id=\"ub_divider_427b009c-94c2-4b4f-9479-fe4ad164f9eb\"><div class=\"ub_divider_wrapper\" style=\"position: relative; margin-bottom: 2px; width: 100%; height: 2px; \" data-divider-alignment=\"center\"><div class=\"ub_divider_line\" style=\"border-top: 2px solid #ccc; margin-top: 2px; \"><\/div><\/div><\/div>\n\n\n<h4 class=\"wp-block-heading\" id=\"museo-del-paesaggio-enrico-bianchetti-archaeological-section\"><strong>Museo del Paesaggio \u2013 Sezione Archeologica Enrico Bianchetti<\/strong><\/h4>\n\n\n\n<p class=\"translation-block\">La sezione archeologica del Museo del Paesaggio di <a href=\"https:\/\/www.cosmundus.com\/it\/destinations\/verbano-and-vergante\/#verbania\" class=\"ek-link\" target=\"_self\">Verbania<\/a> si trova nel municipio di Ornavasso. Il museo ospita una ricca collezione di oggetti antichi rinvenuti nelle due necropoli collocate intorno al paese, appartenute al popolo dei Lepontii che un tempo abitava la zona. I ritrovamenti archeologici sono datati tra il secondo secolo a.C. e il primo secolo d.C..<\/p>\n\n\n\n<div class=\"wp-block-columns is-layout-flex wp-container-core-columns-is-layout-9d6595d7 wp-block-columns-is-layout-flex\">\n<div class=\"wp-block-column is-layout-flow wp-block-column-is-layout-flow\" style=\"flex-basis:85%\">\n<p>Indirizzo: P.za del Municipio, 10, 28877 Ornavasso VB<br>Coordinate: 45.9693, 8.4157<\/p>\n<\/div>\n\n\n\n<div class=\"wp-block-column is-layout-flow wp-block-column-is-layout-flow\" style=\"flex-basis:15%\">\n<p class=\"has-text-align-right\"><a href=\"https:\/\/goo.gl\/maps\/FC4jAiH8fWUNwACu8\" target=\"_blank\" aria-label=\" (opens in a new tab)\" rel=\"noreferrer noopener\" class=\"ek-link\">Google Maps<\/a><\/p>\n<\/div>\n<\/div>\n\n\n<div style=\"margin-top: var(--wp--preset--spacing--40); margin-bottom: var(--wp--preset--spacing--40); \" class=\"wp-block-ub-divider ub_divider ub-divider-orientation-horizontal\" id=\"ub_divider_4dc73114-e7c6-4a08-9230-6f6c0965a68e\"><div class=\"ub_divider_wrapper\" style=\"position: relative; margin-bottom: 10px; width: 100%; height: 10px; \" data-divider-alignment=\"center\"><div class=\"ub_divider_line\" style=\"border-top: 2px solid #000000; margin-top: 10px; \"><\/div><\/div><\/div>\n\n\n<h2 class=\"wp-block-heading\" id=\"macugnaga\"><strong>Macugnaga<\/strong><\/h2>\n\n\n\n<p>Macugnaga \u00e8 un comune nella Provincia del Verbano-Cusio-Ossola formato da alcuni villaggi di montagna. La zona \u00e8 conosciuta come stazione sciistica, ed \u00e8 una popolare meta turistica grazie alla sua posizione appena sotto il Monte Rosa, la seconda montagna pi\u00f9 alta delle Alpi.<\/p>\n\n\n<div class=\"wp-block-ub-divider ub_divider ub-divider-orientation-horizontal\" id=\"ub_divider_f67ca889-8301-402c-99c1-59ae52d9e2c4\"><div class=\"ub_divider_wrapper\" style=\"position: relative; margin-bottom: 2px; width: 100%; height: 2px; \" data-divider-alignment=\"center\"><div class=\"ub_divider_line\" style=\"border-top: 2px solid #ccc; margin-top: 2px; \"><\/div><\/div><\/div>\n\n\n<h4 class=\"wp-block-heading\" id=\"old-walser-house-museum-of-borca\"><strong>Museo Antica Casa Walser di Borca<\/strong><\/h4>\n\n\n\n<p class=\"translation-block\">Il Museo Antica Casa Walser di Borca (<em>Alts Walserh\u00fc\u00fcs Van Zer Burfuggu<\/em>) \u00e8 un museo etnografico situato a Borca, frazione del comune di Macugnaga. Il museo ospita una vasta collezione di oggetti tradizionali che mostrano la vita e la storia del popolo Walser, una comunit\u00e0 di lingua tedesca che ha abitato la zona per secoli. La mostra \u00e8 ospitata all'interno di una casa Walser del dicassettesimo secolo.<\/p>\n\n\n\n<div class=\"wp-block-columns is-layout-flex wp-container-core-columns-is-layout-9d6595d7 wp-block-columns-is-layout-flex\">\n<div class=\"wp-block-column is-layout-flow wp-block-column-is-layout-flow\" style=\"flex-basis:85%\">\n<p>Indirizzo: Centro Abitato Borca, 263, 28876, Macugnaga VB<br>Coordinate: 45.9606, 7.9903<\/p>\n<\/div>\n\n\n\n<div class=\"wp-block-column is-layout-flow wp-block-column-is-layout-flow\" style=\"flex-basis:15%\">\n<p class=\"has-text-align-right\"><a href=\"https:\/\/goo.gl\/maps\/86TeArsrcCTv9rDq7\" target=\"_blank\" aria-label=\" (opens in a new tab)\" rel=\"noreferrer noopener\" class=\"ek-link\">Google Maps<\/a><\/p>\n<\/div>\n<\/div>\n\n\n<div style=\"margin-top: var(--wp--preset--spacing--40); margin-bottom: var(--wp--preset--spacing--40); \" class=\"wp-block-ub-divider ub_divider ub-divider-orientation-horizontal\" id=\"ub_divider_51fadbd8-d3b6-4375-9c41-35328476880c\"><div class=\"ub_divider_wrapper\" style=\"position: relative; margin-bottom: 10px; width: 100%; height: 10px; \" data-divider-alignment=\"center\"><div class=\"ub_divider_line\" style=\"border-top: 2px solid #000000; margin-top: 10px; \"><\/div><\/div><\/div>\n\n\n<h2 class=\"wp-block-heading\" id=\"valle-vigezzo\"><strong>Valle Vigezzo<\/strong><\/h2>\n\n\n\n<p class=\"translation-block\">La Valle Vigezzo \u00e8 una valle alpina nella Provincia del Verbano-Cusio-Ossola, che si estende a est da Domodossola verso la Svizzera. La valle \u00e8 nota per le sue bellezze naturali ma anche per aver dato i natali a molti pittori e spazzacamini.<\/p>\n\n\n<div class=\"wp-block-ub-divider ub_divider ub-divider-orientation-horizontal\" id=\"ub_divider_55852087-bfc3-42c9-9db5-e67826b0f89f\"><div class=\"ub_divider_wrapper\" style=\"position: relative; margin-bottom: 2px; width: 100%; height: 2px; \" data-divider-alignment=\"center\"><div class=\"ub_divider_line\" style=\"border-top: 2px solid #ccc; margin-top: 2px; \"><\/div><\/div><\/div>\n\n\n<h4 class=\"wp-block-heading\" id=\"chimney-sweep-museum\"><strong>Museo dello Spazzacamino<\/strong><\/h4>\n\n\n\n<p class=\"translation-block\">Il Museo dello Spazzacamino \u00e8 un museo unico dedicato ai tanti spazzacamini, solitamente bambini, che hanno imparato il mestiere in Valle Vigezzo prima di emigrare in tutta Europa. Il museo si trova a Santa Maria Maggiore e ospita una collezione di oggetti e cimeli che raccontano la storia degli spazzacamini della Valle Vigezzo.<\/p>\n\n\n\n<div class=\"wp-block-columns is-layout-flex wp-container-core-columns-is-layout-9d6595d7 wp-block-columns-is-layout-flex\">\n<div class=\"wp-block-column is-layout-flow wp-block-column-is-layout-flow\" style=\"flex-basis:85%\">\n<p>Indirizzo: Piazza Risorgimento, 28, 28857 Santa Maria Maggiore VB<br>Coordinate: 46.1346, 8.4663<\/p>\n<\/div>\n\n\n\n<div class=\"wp-block-column is-layout-flow wp-block-column-is-layout-flow\" style=\"flex-basis:15%\">\n<p class=\"has-text-align-right\"><a href=\"https:\/\/goo.gl\/maps\/YcdnBydWxeYmAUnA6\" target=\"_blank\" aria-label=\" (opens in a new tab)\" rel=\"noreferrer noopener\" class=\"ek-link\">Google Maps<\/a><\/p>\n<\/div>\n<\/div>\n\n\n<div class=\"wp-block-ub-divider ub_divider ub-divider-orientation-horizontal\" id=\"ub_divider_0fd4cadf-0c25-4f80-b66f-0f575893dc56\"><div class=\"ub_divider_wrapper\" style=\"position: relative; margin-bottom: 2px; width: 100%; height: 2px; \" data-divider-alignment=\"center\"><div class=\"ub_divider_line\" style=\"border-top: 2px solid #ccc; margin-top: 2px; \"><\/div><\/div><\/div>\n\n\n<h4 class=\"wp-block-heading\" id=\"sanctuary-of-madonna-del-sangue\"><strong>Santuario della Madonna del Sangue<\/strong><\/h4>\n\n\n\n<p class=\"translation-block\">Il Santuario della Madonna del Sangue \u00e8 una grande chiesa neobizantina situata a Re. Eretto nel corso del ventesimo secolo, il santuario \u00e8 meta di pellegrinaggi e ospita un affresco della Madonna che avrebbe iniziato a sanguinare dopo essere stato colpito da una roccia nel 1494.<\/p>\n\n\n\n<div class=\"wp-block-columns is-layout-flex wp-container-core-columns-is-layout-9d6595d7 wp-block-columns-is-layout-flex\">\n<div class=\"wp-block-column is-layout-flow wp-block-column-is-layout-flow\" style=\"flex-basis:85%\">\n<p>Indirizzo: Via Locarno, 4, 28856 Re VB<br>Coordinate: 46.1303, 8.5450<\/p>\n<\/div>\n\n\n\n<div class=\"wp-block-column is-layout-flow wp-block-column-is-layout-flow\" style=\"flex-basis:15%\">\n<p class=\"has-text-align-right\"><a href=\"https:\/\/goo.gl\/maps\/LbA38vWrpszUTAFSA\" target=\"_blank\" aria-label=\" (opens in a new tab)\" rel=\"noreferrer noopener\" class=\"ek-link\">Google Maps<\/a><\/p>\n<\/div>\n<\/div>\n\n\n<div style=\"margin-top: var(--wp--preset--spacing--40); margin-bottom: var(--wp--preset--spacing--40); \" class=\"wp-block-ub-divider ub_divider ub-divider-orientation-horizontal\" id=\"ub_divider_530ac73a-375b-4d86-ba18-b1aa7307ae0b\"><div class=\"ub_divider_wrapper\" style=\"position: relative; margin-bottom: 10px; width: 100%; height: 10px; \" data-divider-alignment=\"center\"><div class=\"ub_divider_line\" style=\"border-top: 2px solid #000000; margin-top: 10px; \"><\/div><\/div><\/div>\n\n\n<h2 class=\"wp-block-heading\" id=\"valle-antigorio\"><strong>Valle Antigorio<\/strong><\/h2>\n\n\n\n<p class=\"translation-block\">La Valle Antigorio \u00e8 una valle tra le Alpi della Provincia del Verbano-Cusio-Ossola. La valle \u00e8 attraversata dal fiume Toce e si estende a nord di Domodossola, prima di proseguire verso Formazza. La Valle Antigorio \u00e8 nota per le localit\u00e0 termali di Crodo e Premia.<\/p>\n\n\n<div class=\"wp-block-ub-divider ub_divider ub-divider-orientation-horizontal\" id=\"ub_divider_d60525a3-6641-416b-a6c6-07f657871b3e\"><div class=\"ub_divider_wrapper\" style=\"position: relative; margin-bottom: 2px; width: 100%; height: 2px; \" data-divider-alignment=\"center\"><div class=\"ub_divider_line\" style=\"border-top: 2px solid #ccc; margin-top: 2px; \"><\/div><\/div><\/div>\n\n\n<h4 class=\"wp-block-heading\" id=\"church-of-san-gaudenzio\"><strong>Chiesa di San Gaudenzio<\/strong><\/h4>\n\n\n\n<p>La Chiesa di San Gaudenzio \u00e8 una chiesa romanico-gotica di Baceno. Eretta nell'Alto Medioevo e successivamente ampliata, presenta un ricco ciclo di affreschi che ricoprono tutti gli interni, mentre un altro grande affresco ne orna la facciata.<\/p>\n\n\n\n<div class=\"wp-block-columns is-layout-flex wp-container-core-columns-is-layout-9d6595d7 wp-block-columns-is-layout-flex\">\n<div class=\"wp-block-column is-layout-flow wp-block-column-is-layout-flow\" style=\"flex-basis:85%\">\n<p>Indirizzo: Via Guglielmo Marconi, 51, 28861 Baceno VB<br>Coordinate: 46.2577, 8.3190<\/p>\n<\/div>\n\n\n\n<div class=\"wp-block-column is-layout-flow wp-block-column-is-layout-flow\" style=\"flex-basis:15%\">\n<p class=\"has-text-align-right\"><a href=\"https:\/\/goo.gl\/maps\/qcjKrwv2vBowNENU9\" target=\"_blank\" aria-label=\" (opens in a new tab)\" rel=\"noreferrer noopener\" class=\"ek-link\">Google Maps<\/a><\/p>\n<\/div>\n<\/div>\n\n\n<div class=\"wp-block-ub-divider ub_divider ub-divider-orientation-horizontal\" id=\"ub_divider_78592e9a-0eb3-480c-b993-a2c711387cbf\"><div class=\"ub_divider_wrapper\" style=\"position: relative; margin-bottom: 2px; width: 100%; height: 2px; \" data-divider-alignment=\"center\"><div class=\"ub_divider_line\" style=\"border-top: 2px solid #ccc; margin-top: 2px; \"><\/div><\/div><\/div>\n\n\n<h4 class=\"wp-block-heading\" id=\"uriezzo-gorges\"><strong>Orridi di Uriezzo<\/strong><\/h4>\n\n\n\n<p class=\"translation-block\">Gli Orridi di Uriezzo sono una serie di grotte e anfratti situati tra Baceno e Premia. L'area presenta una serie di interessanti formazioni rocciose scolpite dai movimenti dell'acqua e del ghiaccio durante l'ultima era glaciale.<\/p>\n\n\n\n<div class=\"wp-block-columns is-layout-flex wp-container-core-columns-is-layout-9d6595d7 wp-block-columns-is-layout-flex\">\n<div class=\"wp-block-column is-layout-flow wp-block-column-is-layout-flow\" style=\"flex-basis:85%\">\n<p>Indirizzo: Orridi di Uriezzo, 28866 Premia VB<br>Coordinate: 46.2553, 8.3285<\/p>\n<\/div>\n\n\n\n<div class=\"wp-block-column is-layout-flow wp-block-column-is-layout-flow\" style=\"flex-basis:15%\">\n<p class=\"has-text-align-right\"><a href=\"https:\/\/goo.gl\/maps\/ekLuL9Szj9ZghenG6\" target=\"_blank\" aria-label=\" (opens in a new tab)\" rel=\"noreferrer noopener\" class=\"ek-link\">Google Maps<\/a><\/p>\n<\/div>\n<\/div>\n\n\n<div style=\"margin-top: var(--wp--preset--spacing--40); margin-bottom: var(--wp--preset--spacing--40); \" class=\"wp-block-ub-divider ub_divider ub-divider-orientation-horizontal\" id=\"ub_divider_834b59e5-5ac5-4ca7-809e-a57767327990\"><div class=\"ub_divider_wrapper\" style=\"position: relative; margin-bottom: 10px; width: 100%; height: 10px; \" data-divider-alignment=\"center\"><div class=\"ub_divider_line\" style=\"border-top: 2px solid #000000; margin-top: 10px; \"><\/div><\/div><\/div>\n\n\n<h2 class=\"wp-block-heading\" id=\"formazza\"><strong>Formazza<\/strong><\/h2>\n\n\n\n<p class=\"translation-block\">Formazza \u00e8 il comune pi\u00f9 settentrionale del Piemonte, parte della Provincia del Verbano-Cusio-Ossola. Il piccolo villaggio si trova in una vallata tra le Alpi, che si estende a nord da un'altra valle, la Valle Antigorio.<\/p>\n\n\n<div class=\"wp-block-ub-divider ub_divider ub-divider-orientation-horizontal\" id=\"ub_divider_3b3dce93-f688-4a5e-8e0f-9c341bd6dff8\"><div class=\"ub_divider_wrapper\" style=\"position: relative; margin-bottom: 2px; width: 100%; height: 2px; \" data-divider-alignment=\"center\"><div class=\"ub_divider_line\" style=\"border-top: 2px solid #ccc; margin-top: 2px; \"><\/div><\/div><\/div>\n\n\n<h4 class=\"wp-block-heading\" id=\"cascata-del-toce\"><strong>Cascata del Toce<\/strong><\/h4>\n\n\n\n<p>Anche nota come: La Frua<\/p>\n\n\n\n<p>La Cascata del Toce \u00e8 un'alta cascata formata dal fiume Toce a nord di Formazza. Con un dislivello di 143 metri e una base larga 60 metri, \u00e8 una delle cascate pi\u00f9 grandi e spettacolari delle Alpi. Tuttavia, la cascata \u00e8 visibile solo per poche ore al giorno durante l'estate, poich\u00e9 per la maggior parte del tempo le sue acque sono bloccate da una vicina diga.<\/p>\n\n\n\n<div class=\"wp-block-columns is-layout-flex wp-container-core-columns-is-layout-9d6595d7 wp-block-columns-is-layout-flex\">\n<div class=\"wp-block-column is-layout-flow wp-block-column-is-layout-flow\" style=\"flex-basis:85%\">\n<p>Indirizzo: Localit\u00e0 Frua, 28863 Formazza VB<br>Coordinate: 46.4088, 8.4135<\/p>\n<\/div>\n\n\n\n<div class=\"wp-block-column is-layout-flow wp-block-column-is-layout-flow\" style=\"flex-basis:15%\">\n<p class=\"has-text-align-right\"><a href=\"https:\/\/goo.gl\/maps\/4SMsthd7UNeGoPVo7\" target=\"_blank\" aria-label=\" (opens in a new tab)\" rel=\"noreferrer noopener\" class=\"ek-link\">Google Maps<\/a><\/p>\n<\/div>\n<\/div>","protected":false},"excerpt":{"rendered":"<p>&lt;&lt;\u00a0Piedmont Ossola is a valley located in the Province of Verbano&#8211;Cusio-Ossola, west of Lake Maggiore and north of Lake Orta. The valley is crossed by the river Toce, and its most important city is Domodossola. Other intersting attractions can be found in various smaller towns among the mountains and in the lateral valleys. Ossola is also known for the Republic of Ossola, a partisan republic established here during World War II. Domodossola Domodossola is the main center of Ossola, a valley crossed by the river Toce in the Province of Verbano-Cusio-Ossola. The town was founded in prehistoric times by the Lepontii people and later became a Roman city. For centuries ruled by other local powers, Domodossola became an important trading post because of its proximity to the Simplon Tunnel, which connects the town with Switzerland. During World War II Domodossola was briefly the capital of an autonomous partisan republic that resisted the Nazi-Fascist occupation. Sacro Monte Calvario di Domodossola The Sacro Monte Calvario di Domodossola is one of the Sacri Monti, a series of religious complexes erected on the mountains between Piedmont and Lombardy. The sanctuary was erected starting in the 17th century on a mountain overlooking Domodossola, and it is now a UNESCO World Heritage Site. The complex includes a series of chapels adorned with various sculptures, frescoes, and other artworks. The main church features rich Baroque decorations. Address: Sacro Monte Calvario di Domodossola, 28845 Domodossola VBCoordinates: 46.1063, 8.2885 Google Maps Palazzo di Citt\u00e0 Palazzo di Citt\u00e0 is the town hall of Domodossola, erected in the 19th century. During World War II it was the seat of a free partisan republic. A hall in the palace, known as Sala Storica della Resistenza (&#8220;Historic Hall of the Resistenza&#8221;) now serves as a museum, hosting a series of objects and memorabilia linked with the local resistance against the Nazi-Fascist occupation. Address: Piazza Repubblica dell&#8217;Ossola, 1, 28845 Domodossola VBCoordinates: 46.1153, 8.2921 Google Maps Palazzo Silva Palazzo Silva is a historic palace in Domodossola, originally erected in the Late Middle Ages and reworked during the Renaissance. The palace now hosts a museum featuring a collection of local artworks, archaeological findings, ancient weapons, traditional objects, and more. Address: Piazza Giovanni Chiossi, 14, 28845 Domodossola VBCoordinates: 46.1162, 8.2906 Google Maps Piazza del Mercato Piazza del Mercato is a historic square located in the center of Domodossola. The plaza is surrounded by many traditional porticoed buildings, and to this day it is still the site of the local weekly market. Address: Piazza del Mercato, 28845 Domodossola VBCoordinates: 46.1161, 8.2912 Google Maps Ornavasso Ornavasso is a small town in the Province of Verbano-Cusio-Ossola. It is best known for the two necropolises unearthed near the town. Museo del Paesaggio &#8211; Enrico Bianchetti Archaeological Section The archaeological section of the Museo del Paesaggio of Verbania is located in the town hall of Ornavasso. This museum hosts a rich collection of ancient objects found in the two necropolises located around the town, which belonged to the Lepontii people that once inhabited the area. The archaeological findings are dated between the 2nd century BCE and the 1st century CE. Address: P.za del Municipio, 10, 28877 Ornavasso VBCoordinates: 45.9693, 8.4157 Google Maps Macugnaga Macugnaga is a municipality in the Province of Verbano-Cusio-Ossola formed by a few mountain villages. The area is known as a ski resort, and it is a popular tourist destination thanks to its position just below Monte Rosa, the second highest mountain in the Alps. Old Walser House Museum of Borca The Old Walser House Museum of Borca (Museo Antica Casa Walser di Borca\/Alts Walserh\u00fc\u00fcs Van Zer Burfuggu) is a ethnographic museum located in Borca, a village forming part of the municipality of Macugnaga. The museum hosts a large collection of traditional objects showcasing the life and history of the Walser people, a German-speaking community that has inhabited the area for centuries. The exhibition is hosted inside a 17th-century Walser house. Address: Centro Abitato Borca, 263, 28876, Macugnaga VBCoordinates: 45.9606, 7.9903 Google Maps Valle Vigezzo Valle Vigezzo is an alpine valley in the Province of Verbano-Cusio-Ossola, which extends east from Domodossola toward Switzerland. The valley is known for its natural beauty but also for being the birthplace of many painters and chimney sweeps. Chimney Sweep Museum The Chimney Sweep Museum (Museo dello Spazzacamino) is a unique museum dedicated to the many chimney sweeps, usually children, who learned the job in Valle Vigezzo before emigrating all over Europe. The museum is located in Santa Maria Maggiore and houses a collection of objects and memorabilia showcasing the history of the chimney sweeps of Valle Vigezzo. Address: Piazza Risorgimento, 28, 28857 Santa Maria Maggiore VBCoordinates: 46.1346, 8.4663 Google Maps Sanctuary of Madonna del Sangue The Sanctuary of Madonna del Sangue (Santuario della Madonna del Sangue) is a large Byzantine Revival church located in Re. Erected during the 20th century, the sanctuary is a pilgrimage site, hosting a fresco of the Madonna that supposedly started bleeding after being hit with a rock in 1494. Address: Via Locarno, 4, 28856 Re VBCoordinates: 46.1303, 8.5450 Google Maps Valle Antigorio Valle Antigorio is a valley among the Alps in the Province of Verbano-Cusio-Ossola. The valley is crossed by the Toce river and extends north from Domodossola, before contunuing toward Formazza. Valle Antigorio is known for its thermal resorts in Crodo and Premia. Church of San Gaudenzio The Church of San Gaudenzio is a Romanesque-Gothic church in Baceno. Erected during the Late Middle Ages and later expanded, it features a rich series of frescoes covering all the interiors, while another large fresco adorns its facade. Address: Via Guglielmo Marconi, 51, 28861 Baceno VBCoordinates: 46.2577, 8.3190 Google Maps Uriezzo Gorges The Uriezzo Gorges (Orridi di Uriezzo) is a series of caves and gorges located between Baceno and Premia. The area features a series of interesting rock formations carved by the movements of water and ice during the last Ice Age. Address: Orridi di Uriezzo, 28866 Premia VBCoordinates: 46.2553, 8.3285 Google Maps Formazza Formazza is the northernmost town&#8230;<\/p>","protected":false},"author":1,"featured_media":0,"parent":932,"menu_order":0,"comment_status":"closed","ping_status":"closed","template":"","meta":{"_editorskit_title_hidden":false,"_editorskit_reading_time":0,"_editorskit_is_block_options_detached":false,"_editorskit_block_options_position":"{}","om_disable_all_campaigns":false,"_uag_custom_page_level_css":"","advgb_blocks_editor_width":"","advgb_blocks_columns_visual_guide":"","_monsterinsights_skip_tracking":false,"_monsterinsights_sitenote_active":false,"_monsterinsights_sitenote_note":"","_monsterinsights_sitenote_category":0,"footnotes":""},"class_list":["post-9701","page","type-page","status-publish","hentry"],"aioseo_notices":[],"featured_image_src":null,"uagb_featured_image_src":{"full":false,"thumbnail":false,"medium":false,"medium_large":false,"large":false,"1536x1536":false,"2048x2048":false,"trp-custom-language-flag":false,"xs-thumb":false,"post-thumbnail":false,"minimalistblogger-grid":false,"minimalistblogger-slider":false,"minimalistblogger-small":false},"uagb_author_info":{"display_name":"Stefano Cammisa","author_link":"https:\/\/www.cosmundus.com\/it\/author\/stefano-cammisa\/"},"uagb_comment_info":0,"uagb_excerpt":"&lt;&lt;\u00a0Piedmont Ossola is a valley located in the Province of Verbano&#8211;Cusio-Ossola, west of Lake Maggiore and north of Lake Orta. The valley is crossed by the river Toce, and its most important city is Domodossola. Other intersting attractions can be found in various smaller towns among the mountains and in the lateral valleys. Ossola is&hellip;","coauthors":[],"author_meta":{"author_link":"https:\/\/www.cosmundus.com\/it\/author\/stefano-cammisa\/","display_name":"Stefano Cammisa"},"relative_dates":{"created":"Pubblicato 2 anni fa","modified":"Aggiornato 2 anni fa"},"absolute_dates":{"created":"Pubblicato il 3 Marzo 2024","modified":"Aggiornato il 3 Marzo 2024"},"absolute_dates_time":{"created":"Pubblicato il 3 Marzo 2024 11:34 am","modified":"Aggiornato il 3 Marzo 2024 11:34 am"},"featured_img_caption":"","featured_img":false,"series_order":"","_links":{"self":[{"href":"https:\/\/www.cosmundus.com\/it\/wp-json\/wp\/v2\/pages\/9701","targetHints":{"allow":["GET"]}}],"collection":[{"href":"https:\/\/www.cosmundus.com\/it\/wp-json\/wp\/v2\/pages"}],"about":[{"href":"https:\/\/www.cosmundus.com\/it\/wp-json\/wp\/v2\/types\/page"}],"author":[{"embeddable":true,"href":"https:\/\/www.cosmundus.com\/it\/wp-json\/wp\/v2\/users\/1"}],"replies":[{"embeddable":true,"href":"https:\/\/www.cosmundus.com\/it\/wp-json\/wp\/v2\/comments?post=9701"}],"version-history":[{"count":3,"href":"https:\/\/www.cosmundus.com\/it\/wp-json\/wp\/v2\/pages\/9701\/revisions"}],"predecessor-version":[{"id":9728,"href":"https:\/\/www.cosmundus.com\/it\/wp-json\/wp\/v2\/pages\/9701\/revisions\/9728"}],"up":[{"embeddable":true,"href":"https:\/\/www.cosmundus.com\/it\/wp-json\/wp\/v2\/pages\/932"}],"wp:attachment":[{"href":"https:\/\/www.cosmundus.com\/it\/wp-json\/wp\/v2\/media?parent=9701"}],"curies":[{"name":"wp","href":"https:\/\/api.w.org\/{rel}","templated":true}]}}