{"id":9626,"date":"2024-03-01T11:03:01","date_gmt":"2024-03-01T10:03:01","guid":{"rendered":"https:\/\/www.cosmundus.com\/?page_id=9626"},"modified":"2024-03-01T11:03:02","modified_gmt":"2024-03-01T10:03:02","slug":"lower-aosta-valley","status":"publish","type":"page","link":"https:\/\/www.cosmundus.com\/it\/destinations\/lower-aosta-valley\/","title":{"rendered":"Bassa Valle d'Aosta"},"content":{"rendered":"<p class=\"has-text-align-right\">&lt;&lt;\u00a0<a href=\"https:\/\/www.cosmundus.com\/it\/atlas\/europe\/southern-europe\/italy\/northwest-italy\/aosta-valley\/\">Valle d'Aosta<\/a><\/p>\n\n\n\n<p class=\"translation-block\">A est di <a href=\"https:\/\/www.cosmundus.com\/it\/destinations\/aosta\/\" target=\"_self\">Aosta<\/a>, la Dora Baltea attraversa la Valle d'Aosta scorrendo verso il <a href=\"https:\/\/www.cosmundus.com\/it\/atlas\/europe\/southern-europe\/italy\/northwest-italy\/piedmont\/\" class=\"ek-link\" target=\"_self\">Piemonte<\/a>. Qui si trovano diverse belle cittadine e villaggi di montagna, mentre le valli laterali ospitano numerose stazioni sciistiche ai piedi di alcune delle vette pi\u00f9 importanti delle Alpi. Grazie alla sua bellezza naturale, questa zona \u00e8 molto popolare tra i turisti.<\/p>\n\n\n\n<div class=\"wp-block-group\"><div class=\"wp-block-group__inner-container is-layout-constrained wp-block-group-is-layout-constrained\"><div style=\"border: 1px solid #8ed1fc; border-radius: 0%; background-color: inherit; \" class=\"ub-styled-box ub-bordered-box wp-block-ub-styled-box\" id=\"ub-styled-box-14dbdbf4-f52a-4333-a7fb-714a2aef46d2\">\n<p class=\"has-medium-font-size\" id=\"ub-styled-box-bordered-content-5d8197b7-148f-4777-b3d1-333abf0dd0ed\">Posti da vedere nella Bassa Valle d'Aosta<\/p>\n\n\n<div class=\"wp-block-aioseo-table-of-contents\"><ul><li><a class=\"aioseo-toc-item\" href=\"#fenis\">F\u00e9nis<\/a><ul><li><a class=\"aioseo-toc-item\" href=\"#fenis-castle\">\u272a Castello di F\u00e9nis\/Ch\u00e2teau de F\u00e9nis<\/a><\/li><\/ul><\/li><li><a class=\"aioseo-toc-item\" href=\"#valtournenche\">Valtournenche<\/a><ul><li><a class=\"aioseo-toc-item\" href=\"#breuil-cervinia\">\u272a Breuil-Cervinia<\/a><\/li><\/ul><\/li><li><a class=\"aioseo-toc-item\" href=\"#chatillon\">Ch\u00e2tillon<\/a><ul><li><a class=\"aioseo-toc-item\" href=\"#ussel-castle\">Castello di Ussel\/Ch\u00e2teau d\u2019Ussel<\/a><\/li><\/ul><\/li><li><a class=\"aioseo-toc-item\" href=\"#saint-vincent\">Saint-Vincent<\/a><ul><li><a class=\"aioseo-toc-item\" href=\"#baths-of-saint-vincent\">Terme di Saint-Vincent\/Thermes de Saint-Vincent<\/a><\/li><\/ul><\/li><li><a class=\"aioseo-toc-item\" href=\"#verres\">Verr\u00e8s<\/a><ul><li><a class=\"aioseo-toc-item\" href=\"#verres-castle\">Castello di Verr\u00e8s\/Ch\u00e2teau de Verr\u00e8s<\/a><\/li><li><a class=\"aioseo-toc-item\" href=\"#provostship-of-saint-gilles\">Prevostura di Saint-Gilles\/Pr\u00e9v\u00f4t\u00e9 de Saint-Gilles<\/a><\/li><\/ul><\/li><li><a class=\"aioseo-toc-item\" href=\"#issogne\">Issogne<\/a><ul><li><a class=\"aioseo-toc-item\" href=\"#issogne-castle\">Castello di Issogne\/Ch\u00e2teau d\u2019Issogne<\/a><\/li><\/ul><\/li><li><a class=\"aioseo-toc-item\" href=\"#bard\">Bard<\/a><ul><li><a class=\"aioseo-toc-item\" href=\"#fort-bard\">\u272a Forte di Bard\/Fort de Bard<\/a><\/li><\/ul><\/li><li><a class=\"aioseo-toc-item\" href=\"#pont-saint-martin\">Pont-Saint-Martin<\/a><ul><li><a class=\"aioseo-toc-item\" href=\"#pont-saint-martin-1\">Pont Saint-Martin<\/a><\/li><\/ul><\/li><li><a class=\"aioseo-toc-item\" href=\"#gressoney-saint-jean\">Gressoney-Saint-Jean<\/a><ul><li><a class=\"aioseo-toc-item\" href=\"#savoy-castle\">Castel Savoia\/Ch\u00e2teau Savoie<\/a><\/li><\/ul><\/li><\/ul><\/div>\n\n<\/div><\/div><\/div>\n\n\n\n<h2 class=\"wp-block-heading\" id=\"fenis\"><strong>F\u00e9nis<\/strong><\/h2>\n\n\n\n<p>F\u00e9nis \u00e8 un piccolo paese della Valle d'Aosta, situato ad est di Aosta. Il borgo \u00e8 meglio conosciuto per ospitare uno dei castelli pi\u00f9 imponenti della regione.<\/p>\n\n\n<div class=\"wp-block-ub-divider ub_divider ub-divider-orientation-horizontal\" id=\"ub_divider_1329f9e9-da33-4093-ada9-643702710216\"><div class=\"ub_divider_wrapper\" style=\"position: relative; margin-bottom: 2px; width: 100%; height: 2px; \" data-divider-alignment=\"center\"><div class=\"ub_divider_line\" style=\"border-top: 2px solid #ccc; margin-top: 2px; \"><\/div><\/div><\/div>\n\n\n<h4 class=\"wp-block-heading\" id=\"fenis-castle\"><strong>\u272a Castello di F\u00e9nis\/Ch\u00e2teau de F\u00e9nis<\/strong><\/h4>\n\n\n\n<p class=\"translation-block\">Il Castello di F\u00e9nis \u00e8 tra i castelli medievali pi\u00f9 famosi e meglio conservati della Valle d'Aosta, e un simbolo dell'intera regione. Eretto nel Basso Medioevo, l'aspetto attuale risale al quattordicesimo e il quindicesimo secolo, con alcune aggiunte successive. Fu utilizzato come residenza dai signori locali, ma in seguito fu abbandonato. Ora restaurato, il castello funge da museo e ospita varie decorazioni e affreschi storici.<\/p>\n\n\n\n<div class=\"wp-block-columns is-layout-flex wp-container-core-columns-is-layout-9d6595d7 wp-block-columns-is-layout-flex\">\n<div class=\"wp-block-column is-layout-flow wp-block-column-is-layout-flow\" style=\"flex-basis:85%\">\n<p>Indirizzo: Localit\u00e0 Chez Sapin, 1, 11020 F\u00e9nis AO<br>Coordinate: 45.7370, 7.4888<\/p>\n<\/div>\n\n\n\n<div class=\"wp-block-column is-layout-flow wp-block-column-is-layout-flow\" style=\"flex-basis:15%\">\n<p class=\"has-text-align-right\"><a href=\"https:\/\/goo.gl\/maps\/MbXp8tQmvVCpY9yH9\" target=\"_blank\" aria-label=\" (opens in a new tab)\" rel=\"noreferrer noopener\" class=\"ek-link\">Google Maps<\/a><\/p>\n<\/div>\n<\/div>\n\n\n<div style=\"margin-top: var(--wp--preset--spacing--40); margin-bottom: var(--wp--preset--spacing--40); \" class=\"wp-block-ub-divider ub_divider ub-divider-orientation-horizontal\" id=\"ub_divider_3496766e-9c78-46bb-a4ad-39514aa1b06c\"><div class=\"ub_divider_wrapper\" style=\"position: relative; margin-bottom: 10px; width: 100%; height: 10px; \" data-divider-alignment=\"center\"><div class=\"ub_divider_line\" style=\"border-top: 2px solid #000000; margin-top: 10px; \"><\/div><\/div><\/div>\n\n\n<h2 class=\"wp-block-heading\" id=\"valtournenche\"><strong>Valtournenche<\/strong><\/h2>\n\n\n\n<p>Valtournenche \u00e8 un comune che occupa parte dell'omonima valle in Valle d'Aosta, vicino al confine con la Svizzera. La zona \u00e8 una popolare destinazione turistica e stazione sciistica per la sua vicinanza al Cervino.<\/p>\n\n\n<div class=\"wp-block-ub-divider ub_divider ub-divider-orientation-horizontal\" id=\"ub_divider_5c51d053-1829-4662-a3a2-2e04daca6b81\"><div class=\"ub_divider_wrapper\" style=\"position: relative; margin-bottom: 2px; width: 100%; height: 2px; \" data-divider-alignment=\"center\"><div class=\"ub_divider_line\" style=\"border-top: 2px solid #ccc; margin-top: 2px; \"><\/div><\/div><\/div>\n\n\n<h4 class=\"wp-block-heading\" id=\"breuil-cervinia\"><strong>\u272a Breuil-Cervinia<\/strong><\/h4>\n\n\n\n<p class=\"translation-block\">Breuil-Cervinia \u00e8 una delle localit\u00e0 sciistiche pi\u00f9 popolari d'Italia, situata sul versante meridionale del <strong>Cervino\/Cervin\/Matterhorn<\/strong>, una delle cime pi\u00f9 alte delle Alpi. La zona \u00e8 famosa per il suo ambiente naturale mozzafiato ed \u00e8 una meta frequentata sia in inverno che in estate. Una serie di funivie collega il paese con alcune delle vette circostanti e la citt\u00e0 di Zermatt sul versante svizzero.<\/p>\n\n\n\n<div class=\"wp-block-columns is-layout-flex wp-container-core-columns-is-layout-9d6595d7 wp-block-columns-is-layout-flex\">\n<div class=\"wp-block-column is-layout-flow wp-block-column-is-layout-flow\" style=\"flex-basis:85%\">\n<p>Indirizzo: Frazione Breuil Cervinia, 11028 Breuil-Cervinia AO<br>Coordinate: 45.9336, 7.6297<\/p>\n<\/div>\n\n\n\n<div class=\"wp-block-column is-layout-flow wp-block-column-is-layout-flow\" style=\"flex-basis:15%\">\n<p class=\"has-text-align-right\"><a href=\"https:\/\/goo.gl\/maps\/s3NhXHGyuLEJ8tWx8\" target=\"_blank\" aria-label=\" (opens in a new tab)\" rel=\"noreferrer noopener\" class=\"ek-link\">Google Maps<\/a><\/p>\n<\/div>\n<\/div>\n\n\n<div style=\"margin-top: var(--wp--preset--spacing--40); margin-bottom: var(--wp--preset--spacing--40); \" class=\"wp-block-ub-divider ub_divider ub-divider-orientation-horizontal\" id=\"ub_divider_f96187e5-d667-4160-be8f-f0704727f465\"><div class=\"ub_divider_wrapper\" style=\"position: relative; margin-bottom: 10px; width: 100%; height: 10px; \" data-divider-alignment=\"center\"><div class=\"ub_divider_line\" style=\"border-top: 2px solid #000000; margin-top: 10px; \"><\/div><\/div><\/div>\n\n\n<h2 class=\"wp-block-heading\" id=\"chatillon\"><strong>Ch\u00e2tillon<\/strong><\/h2>\n\n\n\n<p>Ch\u00e2tillon \u00e8 un paese che si trova a est di Aosta in Valle d'Aosta. Nel corso dei secoli si svilupp\u00f2 come centro del commercio locale grazie alla sua posizione centrale nella regione.<\/p>\n\n\n<div class=\"wp-block-ub-divider ub_divider ub-divider-orientation-horizontal\" id=\"ub_divider_7bad457c-4f32-496a-a929-c5fcb264d6e2\"><div class=\"ub_divider_wrapper\" style=\"position: relative; margin-bottom: 2px; width: 100%; height: 2px; \" data-divider-alignment=\"center\"><div class=\"ub_divider_line\" style=\"border-top: 2px solid #ccc; margin-top: 2px; \"><\/div><\/div><\/div>\n\n\n<h4 class=\"wp-block-heading\" id=\"ussel-castle\"><strong>Castello di Ussel\/Ch\u00e2teau d\u2019Ussel<\/strong><\/h4>\n\n\n\n<p class=\"translation-block\">Il Castello di Ussel \u00e8 un castello medievale situato sulla cima di una collina che domina Ch\u00e2tillon. La fortezza fu costruita nel quattordicesimo secolo ma fu abbandonata solo pochi decenni dopo. Oggi restaurato, ospita un museo di storia locale e conserva molte delle sue caratteristiche e decorazioni originali.<\/p>\n\n\n\n<div class=\"wp-block-columns is-layout-flex wp-container-core-columns-is-layout-9d6595d7 wp-block-columns-is-layout-flex\">\n<div class=\"wp-block-column is-layout-flow wp-block-column-is-layout-flow\" style=\"flex-basis:85%\">\n<p>Indirizzo: Castello di Ussel, 11024 Ussel AO<br>Coordinate: 45.7416, 7.6282<\/p>\n<\/div>\n\n\n\n<div class=\"wp-block-column is-layout-flow wp-block-column-is-layout-flow\" style=\"flex-basis:15%\">\n<p class=\"has-text-align-right\"><a href=\"https:\/\/goo.gl\/maps\/aWb4VgWmMEmf4yDGA\" target=\"_blank\" aria-label=\" (opens in a new tab)\" rel=\"noreferrer noopener\" class=\"ek-link\">Google Maps<\/a><\/p>\n<\/div>\n<\/div>\n\n\n<div style=\"margin-top: var(--wp--preset--spacing--40); margin-bottom: var(--wp--preset--spacing--40); \" class=\"wp-block-ub-divider ub_divider ub-divider-orientation-horizontal\" id=\"ub_divider_538d4947-1d19-4b3a-af84-bc3dd9b12412\"><div class=\"ub_divider_wrapper\" style=\"position: relative; margin-bottom: 10px; width: 100%; height: 10px; \" data-divider-alignment=\"center\"><div class=\"ub_divider_line\" style=\"border-top: 2px solid #000000; margin-top: 10px; \"><\/div><\/div><\/div>\n\n\n<h2 class=\"wp-block-heading\" id=\"saint-vincent\"><strong>Saint-Vincent<\/strong><\/h2>\n\n\n\n<p>Saint-Vincent \u00e8 un paese della Valle d'Aosta orientale. La citt\u00e0 \u00e8 una popolare destinazione turistica grazie alle sue sorgenti termali e ad uno dei pochi casin\u00f2 in Italia, ma presenta anche alcune strutture storiche.<\/p>\n\n\n<div class=\"wp-block-ub-divider ub_divider ub-divider-orientation-horizontal\" id=\"ub_divider_c54548ad-fbde-4fba-b3ea-53705f420461\"><div class=\"ub_divider_wrapper\" style=\"position: relative; margin-bottom: 2px; width: 100%; height: 2px; \" data-divider-alignment=\"center\"><div class=\"ub_divider_line\" style=\"border-top: 2px solid #ccc; margin-top: 2px; \"><\/div><\/div><\/div>\n\n\n<h4 class=\"wp-block-heading\" id=\"baths-of-saint-vincent\"><strong>Terme di Saint-Vincent\/Thermes de Saint-Vincent<\/strong><\/h4>\n\n\n\n<p class=\"translation-block\">Le Terme di Saint-Vincent sono uno stabilimento termale aperto per la prima volta nel diciottesimo secolo. Le terme furono spesso frequentate da membri della famiglia Savoia e da molti altri nobili, diventando una meta ambita per i ricchi. Le terme sono state recentemente restaurate e sono ancora oggi in funzione.<\/p>\n\n\n\n<div class=\"wp-block-columns is-layout-flex wp-container-core-columns-is-layout-9d6595d7 wp-block-columns-is-layout-flex\">\n<div class=\"wp-block-column is-layout-flow wp-block-column-is-layout-flow\" style=\"flex-basis:85%\">\n<p>Indirizzo: Viale IV Novembre, 100, 11027 Saint-Vincent AO<br>Coordinate: 45.7495, 7.6531<\/p>\n<\/div>\n\n\n\n<div class=\"wp-block-column is-layout-flow wp-block-column-is-layout-flow\" style=\"flex-basis:15%\">\n<p class=\"has-text-align-right\"><a href=\"https:\/\/goo.gl\/maps\/Mh5fZo8ypBagY6w59\" target=\"_blank\" aria-label=\" (opens in a new tab)\" rel=\"noreferrer noopener\" class=\"ek-link\">Google Maps<\/a><\/p>\n<\/div>\n<\/div>\n\n\n<div style=\"margin-top: var(--wp--preset--spacing--40); margin-bottom: var(--wp--preset--spacing--40); \" class=\"wp-block-ub-divider ub_divider ub-divider-orientation-horizontal\" id=\"ub_divider_0f128e6d-7b82-4ceb-8195-d7eb2c3d0622\"><div class=\"ub_divider_wrapper\" style=\"position: relative; margin-bottom: 10px; width: 100%; height: 10px; \" data-divider-alignment=\"center\"><div class=\"ub_divider_line\" style=\"border-top: 2px solid #000000; margin-top: 10px; \"><\/div><\/div><\/div>\n\n\n<h2 class=\"wp-block-heading\" id=\"verres\"><strong>Verr\u00e8s<\/strong><\/h2>\n\n\n\n<p>Verr\u00e8s \u00e8 un paese situato in una valle nella parte sud-orientale della Valle d'Aosta. Il borgo \u00e8 stato per secoli un centro di importanza regionale grazie al suo castello e al suo complesso religioso.<\/p>\n\n\n<div class=\"wp-block-ub-divider ub_divider ub-divider-orientation-horizontal\" id=\"ub_divider_256020b1-08fe-42e5-8ad3-f51c163fbf5b\"><div class=\"ub_divider_wrapper\" style=\"position: relative; margin-bottom: 2px; width: 100%; height: 2px; \" data-divider-alignment=\"center\"><div class=\"ub_divider_line\" style=\"border-top: 2px solid #ccc; margin-top: 2px; \"><\/div><\/div><\/div>\n\n\n<h4 class=\"wp-block-heading\" id=\"verres-castle\"><strong>Castello di Verr\u00e8s\/Ch\u00e2teau de Verr\u00e8s<\/strong><\/h4>\n\n\n\n<p class=\"translation-block\">Il Castello di Verr\u00e8s \u00e8 una fortificazione eretta nel quattordicesimo secolo su un colle che domina Verr\u00e8s. Il castello fu importante durante il Rinascimento, ma la sua rilevanza declin\u00f2 successivamente. Ora ospita un museo e presenta alcune decorazioni storiche.<\/p>\n\n\n\n<div class=\"wp-block-columns is-layout-flex wp-container-core-columns-is-layout-9d6595d7 wp-block-columns-is-layout-flex\">\n<div class=\"wp-block-column is-layout-flow wp-block-column-is-layout-flow\" style=\"flex-basis:85%\">\n<p>Indirizzo: Localit\u00e0 Ch\u00e2teau, 11029 Verr\u00e8s AO<br>Coordinate: 45.6698, 7.6955<\/p>\n<\/div>\n\n\n\n<div class=\"wp-block-column is-layout-flow wp-block-column-is-layout-flow\" style=\"flex-basis:15%\">\n<p class=\"has-text-align-right\"><a href=\"https:\/\/goo.gl\/maps\/sTWrofUQBcCm2Uyy9\" target=\"_blank\" aria-label=\" (opens in a new tab)\" rel=\"noreferrer noopener\" class=\"ek-link\">Google Maps<\/a><\/p>\n<\/div>\n<\/div>\n\n\n<div class=\"wp-block-ub-divider ub_divider ub-divider-orientation-horizontal\" id=\"ub_divider_21efd3eb-f1a7-4b0c-8291-df29de58fcb7\"><div class=\"ub_divider_wrapper\" style=\"position: relative; margin-bottom: 2px; width: 100%; height: 2px; \" data-divider-alignment=\"center\"><div class=\"ub_divider_line\" style=\"border-top: 2px solid #ccc; margin-top: 2px; \"><\/div><\/div><\/div>\n\n\n<h4 class=\"wp-block-heading\" id=\"provostship-of-saint-gilles\"><strong><strong>Prevostura di Saint-Gilles\/Pr\u00e9v\u00f4t\u00e9 de Saint-Gilles<\/strong><\/strong><\/h4>\n\n\n\n<p class=\"translation-block\">La Prevostura di Saint-Gilles \u00e8 un complesso religioso a Verr\u00e8s. Il complesso comprende diversi edifici eretti tra il Basso Medioevo e l'Ottocento. Durante il suo periodo d'oro fu tra i pi\u00f9 importanti centri religiosi della zona, governando diverse parrocchie.<\/p>\n\n\n\n<div class=\"wp-block-columns is-layout-flex wp-container-core-columns-is-layout-9d6595d7 wp-block-columns-is-layout-flex\">\n<div class=\"wp-block-column is-layout-flow wp-block-column-is-layout-flow\" style=\"flex-basis:85%\">\n<p>Indirizzo: SR45, 1, 11029 Verr\u00e8s AO<br>Coordinate: 45.6693, 7.6914<\/p>\n<\/div>\n\n\n\n<div class=\"wp-block-column is-layout-flow wp-block-column-is-layout-flow\" style=\"flex-basis:15%\">\n<p class=\"has-text-align-right\"><a href=\"https:\/\/goo.gl\/maps\/oiY3XkUxRCSZ1gEZ9\" target=\"_blank\" aria-label=\" (opens in a new tab)\" rel=\"noreferrer noopener\" class=\"ek-link\">Google Maps<\/a><\/p>\n<\/div>\n<\/div>\n\n\n<div style=\"margin-top: var(--wp--preset--spacing--40); margin-bottom: var(--wp--preset--spacing--40); \" class=\"wp-block-ub-divider ub_divider ub-divider-orientation-horizontal\" id=\"ub_divider_3043c504-db11-452e-a6c3-26f7e4c4eeb4\"><div class=\"ub_divider_wrapper\" style=\"position: relative; margin-bottom: 10px; width: 100%; height: 10px; \" data-divider-alignment=\"center\"><div class=\"ub_divider_line\" style=\"border-top: 2px solid #000000; margin-top: 10px; \"><\/div><\/div><\/div>\n\n\n<h2 class=\"wp-block-heading\" id=\"issogne\"><strong>Issogne<\/strong><\/h2>\n\n\n\n<p>Issogne \u00e8 un comune della Valle d'Aosta, situato nel sud-est della regione. Il capoluogo del comune \u00e8 La Place, un villaggio che si svilupp\u00f2 a partire dal Tardo Medioevo intorno a un castello.<\/p>\n\n\n<div class=\"wp-block-ub-divider ub_divider ub-divider-orientation-horizontal\" id=\"ub_divider_ead0343e-c1b6-4d4e-9cf6-60cf6707de34\"><div class=\"ub_divider_wrapper\" style=\"position: relative; margin-bottom: 2px; width: 100%; height: 2px; \" data-divider-alignment=\"center\"><div class=\"ub_divider_line\" style=\"border-top: 2px solid #ccc; margin-top: 2px; \"><\/div><\/div><\/div>\n\n\n<h4 class=\"wp-block-heading\" id=\"issogne-castle\"><strong>Castello di Issogne\/Ch\u00e2teau d\u2019Issogne<\/strong><\/h4>\n\n\n\n<p class=\"translation-block\">Il Castello di Issogne \u00e8 una fortezza eretta nel dodicesimo secolo, con varie aggiunte successive. Intorno al Rinascimento il castello fu tra i pi\u00f9 importanti della regione e ancora oggi conserva numerose decorazioni e affreschi di quel periodo.<\/p>\n\n\n\n<div class=\"wp-block-columns is-layout-flex wp-container-core-columns-is-layout-9d6595d7 wp-block-columns-is-layout-flex\">\n<div class=\"wp-block-column is-layout-flow wp-block-column-is-layout-flow\" style=\"flex-basis:85%\">\n<p>Indirizzo: Localita, 30, 11020 La Place AO<br>Coordinate: 45.6543, 7.6854<\/p>\n<\/div>\n\n\n\n<div class=\"wp-block-column is-layout-flow wp-block-column-is-layout-flow\" style=\"flex-basis:15%\">\n<p class=\"has-text-align-right\"><a href=\"https:\/\/goo.gl\/maps\/S9VUyqnkphtBhNxWA\" target=\"_blank\" aria-label=\" (opens in a new tab)\" rel=\"noreferrer noopener\" class=\"ek-link\">Google Maps<\/a><\/p>\n<\/div>\n<\/div>\n\n\n<div style=\"margin-top: var(--wp--preset--spacing--40); margin-bottom: var(--wp--preset--spacing--40); \" class=\"wp-block-ub-divider ub_divider ub-divider-orientation-horizontal\" id=\"ub_divider_e395ec85-3515-42a4-a43c-079de871504f\"><div class=\"ub_divider_wrapper\" style=\"position: relative; margin-bottom: 10px; width: 100%; height: 10px; \" data-divider-alignment=\"center\"><div class=\"ub_divider_line\" style=\"border-top: 2px solid #000000; margin-top: 10px; \"><\/div><\/div><\/div>\n\n\n<h2 class=\"wp-block-heading\" id=\"bard\"><strong>Bard<\/strong><\/h2>\n\n\n\n<p>Bard \u00e8 un piccolo paese di montagna della Valle d'Aosta. Il borgo presenta diversi edifici storici ed \u00e8 famoso per la sua grande fortezza.<\/p>\n\n\n<div class=\"wp-block-ub-divider ub_divider ub-divider-orientation-horizontal\" id=\"ub_divider_f3533e11-ca0d-4a80-8b93-7d9c58908a75\"><div class=\"ub_divider_wrapper\" style=\"position: relative; margin-bottom: 2px; width: 100%; height: 2px; \" data-divider-alignment=\"center\"><div class=\"ub_divider_line\" style=\"border-top: 2px solid #ccc; margin-top: 2px; \"><\/div><\/div><\/div>\n\n\n<h4 class=\"wp-block-heading\" id=\"fort-bard\"><strong>\u272a Forte di Bard\/Fort de Bard<\/strong><\/h4>\n\n\n\n<p class=\"translation-block\">Il Forte di Bard \u00e8 un vasto complesso fortificato situato su un colle che sovrasta Bard, sul sito di un'antica fortificazione medievale. Nel 1800, 400 soldati italiani bloccarono qui per due settimane i 40.000 soldati dell'esercito napoleonico. Napoleone fu cos\u00ec infastidito dalla resistenza incontrata a Bard che in seguito ordin\u00f2 la completa demolizione del forte. L'attuale fortilizio fu eretto negli anni trenta dell'Ottocento dai Savoia, ma fu abbandonato pochi decenni dopo. Ora restaurato, ospita il <strong>Museo delle Alpi\/Mus\u00e9e des Alpes<\/strong>, che comprende mostre sulla storia delle Alpi e del forte.<\/p>\n\n\n\n<div class=\"wp-block-columns is-layout-flex wp-container-core-columns-is-layout-9d6595d7 wp-block-columns-is-layout-flex\">\n<div class=\"wp-block-column is-layout-flow wp-block-column-is-layout-flow\" style=\"flex-basis:85%\">\n<p>Indirizzo: Via Vittorio Emanuele II, Snc, 11020 Bard AO<br>Coordinate: 45.6084, 7.7445<\/p>\n<\/div>\n\n\n\n<div class=\"wp-block-column is-layout-flow wp-block-column-is-layout-flow\" style=\"flex-basis:15%\">\n<p class=\"has-text-align-right\"><a href=\"https:\/\/goo.gl\/maps\/1Px2orFgmbAV2Xgu7\" target=\"_blank\" aria-label=\" (opens in a new tab)\" rel=\"noreferrer noopener\" class=\"ek-link\">Google Maps<\/a><\/p>\n<\/div>\n<\/div>\n\n\n<div style=\"margin-top: var(--wp--preset--spacing--40); margin-bottom: var(--wp--preset--spacing--40); \" class=\"wp-block-ub-divider ub_divider ub-divider-orientation-horizontal\" id=\"ub_divider_4cf42132-1415-4788-9c73-a500324045e4\"><div class=\"ub_divider_wrapper\" style=\"position: relative; margin-bottom: 10px; width: 100%; height: 10px; \" data-divider-alignment=\"center\"><div class=\"ub_divider_line\" style=\"border-top: 2px solid #000000; margin-top: 10px; \"><\/div><\/div><\/div>\n\n\n<h2 class=\"wp-block-heading\" id=\"pont-saint-martin\"><strong>Pont-Saint-Martin<\/strong><\/h2>\n\n\n\n<p>Pont-Saint-Martin \u00e8 un paesino della Valle d'Aosta sud-orientale, al confine con il Piemonte. La zona era attraversata da un'antica strada romana che collegava la Pianura Padana con la Gallia, e prende il nome da uno storico ponte.<\/p>\n\n\n<div class=\"wp-block-ub-divider ub_divider ub-divider-orientation-horizontal\" id=\"ub_divider_2d6b3834-5f46-43c3-b8ff-cb3348b0a5c2\"><div class=\"ub_divider_wrapper\" style=\"position: relative; margin-bottom: 2px; width: 100%; height: 2px; \" data-divider-alignment=\"center\"><div class=\"ub_divider_line\" style=\"border-top: 2px solid #ccc; margin-top: 2px; \"><\/div><\/div><\/div>\n\n\n<h4 class=\"wp-block-heading\" id=\"pont-saint-martin-1\"><strong>Pont Saint-Martin<\/strong><\/h4>\n\n\n\n<p>Pont Saint-Martin \u00e8 un ponte romano eretto nel primo secolo a.C. lungo l'antica strada che collegava la Pianura Padana con la Gallia. Il ponte \u00e8 uno dei pi\u00f9 grandi e meglio conservati del suo genere, ed \u00e8 ancora utilizzato oggi.<\/p>\n\n\n\n<div class=\"wp-block-columns is-layout-flex wp-container-core-columns-is-layout-9d6595d7 wp-block-columns-is-layout-flex\">\n<div class=\"wp-block-column is-layout-flow wp-block-column-is-layout-flow\" style=\"flex-basis:85%\">\n<p>Indirizzo: Piazza IV Novembre, 11026 Pont-Saint-Martin AO<br>Coordinate: 45.5993, 7.8001<\/p>\n<\/div>\n\n\n\n<div class=\"wp-block-column is-layout-flow wp-block-column-is-layout-flow\" style=\"flex-basis:15%\">\n<p class=\"has-text-align-right\"><a href=\"https:\/\/goo.gl\/maps\/CVc1wPrc4rwFLDLb8\" target=\"_blank\" aria-label=\" (opens in a new tab)\" rel=\"noreferrer noopener\" class=\"ek-link\">Google Maps<\/a><\/p>\n<\/div>\n<\/div>\n\n\n<div style=\"margin-top: var(--wp--preset--spacing--40); margin-bottom: var(--wp--preset--spacing--40); \" class=\"wp-block-ub-divider ub_divider ub-divider-orientation-horizontal\" id=\"ub_divider_2871d864-44c3-4bf1-8ac8-f28f4913967b\"><div class=\"ub_divider_wrapper\" style=\"position: relative; margin-bottom: 10px; width: 100%; height: 10px; \" data-divider-alignment=\"center\"><div class=\"ub_divider_line\" style=\"border-top: 2px solid #000000; margin-top: 10px; \"><\/div><\/div><\/div>\n\n\n<h2 class=\"wp-block-heading\" id=\"gressoney-saint-jean\"><strong>Gressoney-Saint-Jean<\/strong><\/h2>\n\n\n\n<p>Gressoney-Saint-Jean \u00e8 un piccolo comune della Valle d'Aosta nord-orientale. Insieme alla vicina Gressoney-La-Trinit\u00e9 \u00e8 abitata dalla comunit\u00e0 Walser di lingua tedesca. Le due localit\u00e0 sono rinomate stazioni sciistiche grazie alla loro vicinanza al Monte Rosa.<\/p>\n\n\n<div class=\"wp-block-ub-divider ub_divider ub-divider-orientation-horizontal\" id=\"ub_divider_7d22dee5-8d34-4553-b17d-734e9a3738d1\"><div class=\"ub_divider_wrapper\" style=\"position: relative; margin-bottom: 2px; width: 100%; height: 2px; \" data-divider-alignment=\"center\"><div class=\"ub_divider_line\" style=\"border-top: 2px solid #ccc; margin-top: 2px; \"><\/div><\/div><\/div>\n\n\n<h4 class=\"wp-block-heading\" id=\"savoy-castle\"><strong>Castel Savoia\/Ch\u00e2teau Savoie<\/strong><\/h4>\n\n\n\n<p class=\"translation-block\">Il Castel Savoia \u00e8 un'elaborata villa eretta in stile eclettico dalla famiglia Savoia tra il 1899 e il 1904. La villa offre una splendida vista sulle montagne circostanti, e include un giardino botanico.<\/p>\n\n\n\n<div class=\"wp-block-columns is-layout-flex wp-container-core-columns-is-layout-9d6595d7 wp-block-columns-is-layout-flex\">\n<div class=\"wp-block-column is-layout-flow wp-block-column-is-layout-flow\" style=\"flex-basis:85%\">\n<p>Indirizzo: Localit\u00e0 Belvedere, 11025 Gressoney-Saint-Jean AO<br>Coordinate: 45.7641, 7.8266<\/p>\n<\/div>\n\n\n\n<div class=\"wp-block-column is-layout-flow wp-block-column-is-layout-flow\" style=\"flex-basis:15%\">\n<p class=\"has-text-align-right\"><a href=\"https:\/\/goo.gl\/maps\/389tLnXeWbMYzpqL6\" target=\"_blank\" aria-label=\" (opens in a new tab)\" rel=\"noreferrer noopener\" class=\"ek-link\">Google Maps<\/a><\/p>\n<\/div>\n<\/div>","protected":false},"excerpt":{"rendered":"<p>&lt;&lt;\u00a0Aosta Valley East of Aosta, the Dora Baltea river crosses the Aosta Valley flowing toward Piedmont. Several beautiful small mountain towns and villages are located here, while the lateral valleys house numerous ski resort at the foot of some of the most prominent peaks in the Alps. Due to its natural beauty, this area is very popular among tourists. F\u00e9nis F\u00e9nis is a small town in Aosta Valley, located east of Aosta. The village is best known for hosting one of the most impressive castles in the region. \u272a F\u00e9nis Castle The F\u00e9nis Castle (Castello di F\u00e9nis\/Ch\u00e2teau de F\u00e9nis) is among the most famous and best preserved medieval castles in Aosta Valley, and a symbol of the entire region. Erected in the Late Middle Ages, its current appearance dates between the 14th and 15th century, also featuring some later additions. It was used as a residence by local lords, but it was later abandoned. Now restored, the castle serves as a museum and it hosts various historic decorations and frescoes. Address: Localit\u00e0 Chez Sapin, 1, 11020 F\u00e9nis AOCoordinates: 45.7370, 7.4888 Google Maps Valtournenche Valtournenche is a municipality occupying part of the valley of the same name in Aosta Valley, near the border with Switzerland. The area is a popular tourist destination and ski resort due to its proximity to the Matterhorn. \u272a Breuil-Cervinia Breuil-Cervinia is one of the most popular ski resorts in Italy, located on the southern side of the Cervino\/Cervin\/Matterhorn, one of the highest summits of the Alps. The area is famous for its breathtaking natural environment and it is a busy destination both in winter and in summer. A series of cable cars links the village with some of the surrounding peaks, and the town of Zermatt on the Swiss side. Address: Frazione Breuil Cervinia, 11028 Breuil-Cervinia AOCoordinates: 45.9336, 7.6297 Google Maps Ch\u00e2tillon Ch\u00e2tillon is a town located east of Aosta in Aosta Valley. Over the centuries, it developed as a local center of commerce due to its central position in the region. Ussel Castle The Ussel Castle (Castello di Ussel\/Ch\u00e2teau d&#8217;Ussel) is a medieval castle located on top of a hill overlooking Ch\u00e2tillon. The fortress was built in the 14th century but it was abandoned only after a few decades. Now restored, it houses a museum of local history and it preserves many of its original features and decorations. Address: Castello di Ussel, 11024 Ussel AOCoordinates: 45.7416, 7.6282 Google Maps Saint-Vincent Saint-Vincent is a town in eastern Aosta Valley. The city is a popular tourist destination thanks to its hot springs and one of the few casinos in Italy, but it also features a few historic structures. Baths of Saint-Vincent The Baths of Saint Vincent (Terme di Saint-Vincent\/Thermes de Saint-Vincent) is a thermal establishment first opened in the 18th century. The spa was often visited by members of the Savoy family and many other nobles, becoming a popular destination for rich people. The baths have been recently restored and are still in operation today. Address: Viale IV Novembre, 100, 11027 Saint-Vincent AOCoordinates: 45.7495, 7.6531 Google Maps Verr\u00e8s Verr\u00e8s is a town located in a valley in southeastern Aosta Valley. The village was for centuries a center of regional importance thanks to its castle and religious complex. Verr\u00e8s Castle The Verr\u00e8s Castle (Castello di Verr\u00e8s\/Ch\u00e2teau de Verr\u00e8s) is a fortification erected in the 14th century on a hill overlooking Verr\u00e8s. The castle was important during the Renaissance, but its relevance later declined. Now it hosts a museum and it features some historic decorations. Address: Localit\u00e0 Ch\u00e2teau, 11029 Verr\u00e8s AOCoordinates: 45.6698, 7.6955 Google Maps Provostship of Saint-Gilles The Provostship of Saint-Gilles (Prevostura di Saint-Gilles\/Pr\u00e9v\u00f4t\u00e9 de Saint-Gilles) is a religious complex in Verr\u00e8s. The complex includes various buildings erected between the Late Middle Ages and the 19th century. During its golden age, it was among the most important religious centers in the area, ruling over various parishes. Address: SR45, 1, 11029 Verr\u00e8s AOCoordinates: 45.6693, 7.6914 Google Maps Issogne Issogne is a municipality in Aosta Valley, located in the southeast of the region. The municipality is centered in La Place, a village that developed since the Late Middle Ages around a castle. Issogne Castle The Issogne Castle (Castello di Issogne\/Ch\u00e2teau d&#8217;Issogne) is a fortress erected in the 12th century, with various later additions. Around the Renaissance the castle was among the most important ones in the region, and to this day it still features numerous decorations and frescoes from that period. Address: Localita, 30, 11020 La Place AOCoordinates: 45.6543, 7.6854 Google Maps Bard Bard is a small mountain village in Aosta Valley. The hamlet has various historical buildings and it is famous for its large fortress. \u272a Fort Bard Fort Bard (Forte di Bard\/Fort de Bard) is a large fortified complex located on a hill overlooking Bard, on the site of an ancient medieval fortification. In 1800, 400 Italian soldiers blocked here the 40,000 soldiers of Napoleon&#8217;s army for two weeks. Napoleon was so annoyed at the resistence he faced in Bard that he later ordered the fort to be completely demolished. The current fort was erected during the 1830s by the House of Savoy, but it was abandoned a few decades later. Now restored, it houses the Museum of the Alps (Museo delle Alpi\/Mus\u00e9e des Alpes), which includes exhibits on the history of the Alps and the fort. Address: Via Vittorio Emanuele II, Snc, 11020 Bard AOCoordinates: 45.6084, 7.7445 Google Maps Pont-Saint-Martin Pont-Saint-Martin is a village in southeastern Aosta Valley, at the border with Piedmont. The area was crossed by an ancient Roman road connecting the Po Valley with Gaul, and it takes its name from a historic bridge. Pont Saint-Martin Pont Saint-Martin is a Roman bridge erected in the 1st century BCE along the ancient road that connected the Po Valley with Gaul. The bridge is one of the largest and best preserved of its kind, and it is still used to this day. Address: Piazza IV Novembre, 11026 Pont-Saint-Martin AOCoordinates: 45.5993, 7.8001 Google Maps Gressoney-Saint-Jean Gressoney-Saint-Jean&#8230;<\/p>","protected":false},"author":1,"featured_media":0,"parent":932,"menu_order":0,"comment_status":"closed","ping_status":"closed","template":"","meta":{"_editorskit_title_hidden":false,"_editorskit_reading_time":0,"_editorskit_is_block_options_detached":false,"_editorskit_block_options_position":"{}","om_disable_all_campaigns":false,"_uag_custom_page_level_css":"","advgb_blocks_editor_width":"","advgb_blocks_columns_visual_guide":"","_monsterinsights_skip_tracking":false,"_monsterinsights_sitenote_active":false,"_monsterinsights_sitenote_note":"","_monsterinsights_sitenote_category":0,"footnotes":""},"class_list":["post-9626","page","type-page","status-publish","hentry"],"aioseo_notices":[],"featured_image_src":null,"uagb_featured_image_src":{"full":false,"thumbnail":false,"medium":false,"medium_large":false,"large":false,"1536x1536":false,"2048x2048":false,"trp-custom-language-flag":false,"xs-thumb":false,"post-thumbnail":false,"minimalistblogger-grid":false,"minimalistblogger-slider":false,"minimalistblogger-small":false},"uagb_author_info":{"display_name":"Stefano Cammisa","author_link":"https:\/\/www.cosmundus.com\/it\/author\/stefano-cammisa\/"},"uagb_comment_info":0,"uagb_excerpt":"&lt;&lt;\u00a0Aosta Valley East of Aosta, the Dora Baltea river crosses the Aosta Valley flowing toward Piedmont. Several beautiful small mountain towns and villages are located here, while the lateral valleys house numerous ski resort at the foot of some of the most prominent peaks in the Alps. Due to its natural beauty, this area is&hellip;","coauthors":[],"author_meta":{"author_link":"https:\/\/www.cosmundus.com\/it\/author\/stefano-cammisa\/","display_name":"Stefano Cammisa"},"relative_dates":{"created":"Pubblicato 2 anni fa","modified":"Aggiornato 2 anni fa"},"absolute_dates":{"created":"Pubblicato il 1 Marzo 2024","modified":"Aggiornato il 1 Marzo 2024"},"absolute_dates_time":{"created":"Pubblicato il 1 Marzo 2024 11:03 am","modified":"Aggiornato il 1 Marzo 2024 11:03 am"},"featured_img_caption":"","featured_img":false,"series_order":"","_links":{"self":[{"href":"https:\/\/www.cosmundus.com\/it\/wp-json\/wp\/v2\/pages\/9626","targetHints":{"allow":["GET"]}}],"collection":[{"href":"https:\/\/www.cosmundus.com\/it\/wp-json\/wp\/v2\/pages"}],"about":[{"href":"https:\/\/www.cosmundus.com\/it\/wp-json\/wp\/v2\/types\/page"}],"author":[{"embeddable":true,"href":"https:\/\/www.cosmundus.com\/it\/wp-json\/wp\/v2\/users\/1"}],"replies":[{"embeddable":true,"href":"https:\/\/www.cosmundus.com\/it\/wp-json\/wp\/v2\/comments?post=9626"}],"version-history":[{"count":3,"href":"https:\/\/www.cosmundus.com\/it\/wp-json\/wp\/v2\/pages\/9626\/revisions"}],"predecessor-version":[{"id":9642,"href":"https:\/\/www.cosmundus.com\/it\/wp-json\/wp\/v2\/pages\/9626\/revisions\/9642"}],"up":[{"embeddable":true,"href":"https:\/\/www.cosmundus.com\/it\/wp-json\/wp\/v2\/pages\/932"}],"wp:attachment":[{"href":"https:\/\/www.cosmundus.com\/it\/wp-json\/wp\/v2\/media?parent=9626"}],"curies":[{"name":"wp","href":"https:\/\/api.w.org\/{rel}","templated":true}]}}