{"id":9567,"date":"2024-02-28T12:46:30","date_gmt":"2024-02-28T11:46:30","guid":{"rendered":"https:\/\/www.cosmundus.com\/?page_id=9567"},"modified":"2024-02-28T12:47:22","modified_gmt":"2024-02-28T11:47:22","slug":"ravennate-and-faentino","status":"publish","type":"page","link":"https:\/\/www.cosmundus.com\/it\/destinations\/ravennate-and-faentino\/","title":{"rendered":"Ravennate e Faentino"},"content":{"rendered":"<p class=\"has-text-align-right\">&lt;&lt;\u00a0<a href=\"https:\/\/www.cosmundus.com\/it\/atlas\/europe\/southern-europe\/italy\/northeast-italy\/emilia-romagna\/\">Emilia-Romagna<\/a><\/p>\n\n\n\n<p class=\"translation-block\">La Provincia di <a href=\"https:\/\/www.cosmundus.com\/it\/destinations\/ravenna\/\" class=\"ek-link\" target=\"_self\">Ravenna<\/a> fa parte della regione storica della Romagna. La zona pianeggiante a est \u00e8 conosciuta come Ravennate. Quest'area \u00e8 dominata dalla citt\u00e0 di Ravenna, ma presenta anche alcune localit\u00e0 balneari lungo la costa. A est si trova la citt\u00e0 di Faenza e alcune colline e montagne, una regione chiamata Faentino.<\/p>\n\n\n\n<div class=\"wp-block-group\"><div class=\"wp-block-group__inner-container is-layout-constrained wp-block-group-is-layout-constrained\"><div style=\"border: 1px solid #8ed1fc; border-radius: 0%; background-color: inherit; \" class=\"ub-styled-box ub-bordered-box wp-block-ub-styled-box\" id=\"ub-styled-box-6c6563c3-bec6-4d34-bf59-a16b0036be36\">\n<p class=\"has-medium-font-size\" id=\"ub-styled-box-bordered-content-06a86bf1-6405-40a9-99b2-770af048231c\">Posti da vedere nel Ravennate e nel Faentino<\/p>\n\n\n<div class=\"wp-block-aioseo-table-of-contents\"><ul><li><a class=\"aioseo-toc-item\" href=\"#cervia\">Cervia<\/a><ul><li><a class=\"aioseo-toc-item\" href=\"#milano-marittima\">Milano Marittima<\/a><\/li><li><a class=\"aioseo-toc-item\" href=\"#magazzini-del-sale\">Magazzini del Sale<\/a><\/li><\/ul><\/li><li><a class=\"aioseo-toc-item\" href=\"#faenza\">Faenza<\/a><ul><li><a class=\"aioseo-toc-item\" href=\"#international-museum-of-ceramics\">\u272a Museo Internazionale delle Ceramiche<\/a><\/li><li><a class=\"aioseo-toc-item\" href=\"#piazza-del-popolo-and-piazza-della-liberta\">Piazza del Popolo e Piazza della Libert\u00e0<\/a><\/li><\/ul><\/li><li><a class=\"aioseo-toc-item\" href=\"#brisighella\">Brisighella<\/a><ul><li><a class=\"aioseo-toc-item\" href=\"#tre-colli\">Tre Colli<\/a><\/li><\/ul><\/li><\/ul><\/div>\n\n<\/div><\/div><\/div>\n\n\n\n<h2 class=\"wp-block-heading\" id=\"cervia\"><strong>Cervia<\/strong><\/h2>\n\n\n\n<p>Cervia \u00e8 una localit\u00e0 balneare situata sulla costa Adriatica a sud di Ravenna. Il paese fu fondato anticamente come Ficocle, ma questo insediamento fu distrutto nel 709. La citt\u00e0 fu successivamente ricostruita come Cervia, ed emerse nei secoli successivi grazie alle vicine saline. Cervia conobbe un periodo di fermento quando varie potenze si contesero il controllo del territorio e le incursioni dei pirati devastarono la costa. La citt\u00e0 fu poi governata dallo Stato Pontificio prima dell'unit\u00e0 d'Italia. Oggi Cervia \u00e8 una rinomata meta estiva grazie alle sue lunghe spiagge sabbiose.<\/p>\n\n\n<div class=\"wp-block-ub-divider ub_divider ub-divider-orientation-horizontal\" id=\"ub_divider_78ceeb1c-d1c6-4ff9-9aa2-473027fe00b9\"><div class=\"ub_divider_wrapper\" style=\"position: relative; margin-bottom: 2px; width: 100%; height: 2px; \" data-divider-alignment=\"center\"><div class=\"ub_divider_line\" style=\"border-top: 2px solid #ccc; margin-top: 2px; \"><\/div><\/div><\/div>\n\n\n<h4 class=\"wp-block-heading\" id=\"milano-marittima\"><strong>Milano Marittima<\/strong><\/h4>\n\n\n\n<p>Milano Marittima \u00e8 una famosa localit\u00e0 balneare appena a nord di Cervia. L'area \u00e8 stata sviluppata a partire dai primi del Novecento da imprenditori milanesi e costruita in mezzo ad una pineta costiera. Il resort \u00e8 ora una destinazione popolare e affollata, famosa per la sua vita notturna.<\/p>\n\n\n\n<div class=\"wp-block-columns is-layout-flex wp-container-core-columns-is-layout-9d6595d7 wp-block-columns-is-layout-flex\">\n<div class=\"wp-block-column is-layout-flow wp-block-column-is-layout-flow\" style=\"flex-basis:85%\">\n<p>Indirizzo: Milano Marittima, 48015 Cervia RA<br>Coordinate: 44.2891, 12.3475<\/p>\n<\/div>\n\n\n\n<div class=\"wp-block-column is-layout-flow wp-block-column-is-layout-flow\" style=\"flex-basis:15%\">\n<p class=\"has-text-align-right\"><a href=\"https:\/\/goo.gl\/maps\/uShp7zy9XJ5BsAsu7\" target=\"_blank\" aria-label=\" (opens in a new tab)\" rel=\"noreferrer noopener\" class=\"ek-link\">Google Maps<\/a><\/p>\n<\/div>\n<\/div>\n\n\n<div class=\"wp-block-ub-divider ub_divider ub-divider-orientation-horizontal\" id=\"ub_divider_0307f823-e73c-4a70-8100-e4e16446e656\"><div class=\"ub_divider_wrapper\" style=\"position: relative; margin-bottom: 2px; width: 100%; height: 2px; \" data-divider-alignment=\"center\"><div class=\"ub_divider_line\" style=\"border-top: 2px solid #ccc; margin-top: 2px; \"><\/div><\/div><\/div>\n\n\n<h4 class=\"wp-block-heading\" id=\"magazzini-del-sale\"><strong><strong><strong>Magazzini del Sale<\/strong><\/strong><\/strong><\/h4>\n\n\n\n<p class=\"translation-block\">Il territorio di Cervia \u00e8 conosciuto fin dall'antichit\u00e0 per le sue saline. I Magazzini del Sale sono un complesso di magazzini storici costruiti tra il diciassettesimo e il diciottesimo secolo, un tempo adibiti alla conservazione del sale. Oggi ospita un museo dedicato alla produzione del sale e all'ambiente locale. Appena fuori dal complesso si trova una torre difensiva detta <strong>Torre San Michele<\/strong>.<\/p>\n\n\n\n<div class=\"wp-block-columns is-layout-flex wp-container-core-columns-is-layout-9d6595d7 wp-block-columns-is-layout-flex\">\n<div class=\"wp-block-column is-layout-flow wp-block-column-is-layout-flow\" style=\"flex-basis:85%\">\n<p>Indirizzo: V.le Nazario Sauro, 48015 Cervia RA<br>Coordinate: 44.2628, 12.3498<\/p>\n<\/div>\n\n\n\n<div class=\"wp-block-column is-layout-flow wp-block-column-is-layout-flow\" style=\"flex-basis:15%\">\n<p class=\"has-text-align-right\"><a href=\"https:\/\/goo.gl\/maps\/149tF5ZtNjitaz8i9\" target=\"_blank\" aria-label=\" (opens in a new tab)\" rel=\"noreferrer noopener\" class=\"ek-link\">Google Maps<\/a><\/p>\n<\/div>\n<\/div>\n\n\n<div style=\"margin-top: var(--wp--preset--spacing--40); margin-bottom: var(--wp--preset--spacing--40); \" class=\"wp-block-ub-divider ub_divider ub-divider-orientation-horizontal\" id=\"ub_divider_08c0cbb7-be35-403b-bca3-41298f395a14\"><div class=\"ub_divider_wrapper\" style=\"position: relative; margin-bottom: 10px; width: 100%; height: 10px; \" data-divider-alignment=\"center\"><div class=\"ub_divider_line\" style=\"border-top: 2px solid #000000; margin-top: 10px; \"><\/div><\/div><\/div>\n\n\n<h2 class=\"wp-block-heading\" id=\"faenza\"><strong>Faenza<\/strong><\/h2>\n\n\n\n<p>Faenza \u00e8 una citt\u00e0 in Provincia di Ravenna, collocata lungo la Via Emilia tra <a href=\"https:\/\/www.cosmundus.com\/it\/destinations\/bolognese-plain\/#imola\" class=\"ek-link\">Imola<\/a> e <a href=\"https:\/\/www.cosmundus.com\/it\/destinations\/forlivese\/#forli\" class=\"ek-link\">Forl\u00ec<\/a>. L'insediamento fu una fiorente citt\u00e0 romana e, dopo alcuni secoli di decadenza, torn\u00f2 a prosperare nell'Alto Medioevo. La citt\u00e0 visse in questo periodo il suo periodo d'oro, sotto il dominio della famiglia Manfredi. Alla fine Faenza si sottomise a <a href=\"https:\/\/www.cosmundus.com\/it\/destinations\/venice\/\" class=\"ek-link\">Venezia<\/a> nel sedicesimo secolo, e poco dopo entr\u00f2 a far parte dello Stato Pontificio fino all'unit\u00e0 d'Italia. Faenza \u00e8 rinomata per la produzione di ceramiche conosciute come faience, che \u00e8 il nome francese della citt\u00e0.<\/p>\n\n\n<div class=\"wp-block-ub-divider ub_divider ub-divider-orientation-horizontal\" id=\"ub_divider_59fd0cb8-875f-43d2-b1e9-b35a2a95d297\"><div class=\"ub_divider_wrapper\" style=\"position: relative; margin-bottom: 2px; width: 100%; height: 2px; \" data-divider-alignment=\"center\"><div class=\"ub_divider_line\" style=\"border-top: 2px solid #ccc; margin-top: 2px; \"><\/div><\/div><\/div>\n\n\n<h4 class=\"wp-block-heading\" id=\"international-museum-of-ceramics\"><strong><strong><strong>\u272a Museo Internazionale delle Ceramiche<\/strong><\/strong><\/strong><\/h4>\n\n\n\n<p class=\"translation-block\">Il Museo Internazionale delle Ceramiche \u00e8 una ricca esposizione di ceramiche provenienti da tutto il mondo, che attraversano diversi secoli. Il museo si concentra principalmente sulla lunga tradizione della produzione ceramica di Faenza, con pezzi che vanno dal Medioevo fino a oggi, ma ospita anche manufatti provenienti da altre parti d'Italia, d'Europa e del mondo.<\/p>\n\n\n\n<div class=\"wp-block-columns is-layout-flex wp-container-core-columns-is-layout-9d6595d7 wp-block-columns-is-layout-flex\">\n<div class=\"wp-block-column is-layout-flow wp-block-column-is-layout-flow\" style=\"flex-basis:85%\">\n<p>Indirizzo: Viale Alfredo Baccarini, 19, 48018 Faenza RA<br>Coordinate: 44.2892, 11.8805<\/p>\n<\/div>\n\n\n\n<div class=\"wp-block-column is-layout-flow wp-block-column-is-layout-flow\" style=\"flex-basis:15%\">\n<p class=\"has-text-align-right\"><a href=\"https:\/\/goo.gl\/maps\/UuqHcXQrKGGVKuEKA\" target=\"_blank\" aria-label=\" (opens in a new tab)\" rel=\"noreferrer noopener\" class=\"ek-link\">Google Maps<\/a><\/p>\n<\/div>\n<\/div>\n\n\n<div class=\"wp-block-ub-divider ub_divider ub-divider-orientation-horizontal\" id=\"ub_divider_2c99ee2f-28f1-434c-a5a7-8e0f81557de4\"><div class=\"ub_divider_wrapper\" style=\"position: relative; margin-bottom: 2px; width: 100%; height: 2px; \" data-divider-alignment=\"center\"><div class=\"ub_divider_line\" style=\"border-top: 2px solid #ccc; margin-top: 2px; \"><\/div><\/div><\/div>\n\n\n<h4 class=\"wp-block-heading\" id=\"piazza-del-popolo-and-piazza-della-liberta\"><strong>Piazza del Popolo e Piazza della Libert\u00e0<\/strong><\/h4>\n\n\n\n<p class=\"translation-block\">Piazza del Popolo e Piazza della Libert\u00e0 sono due piazze adiacenti nel centro di Faenza, circondate da palazzi storici. Sulla prima si affaccia il medievale <strong>Palazzo del Podest\u00e0<\/strong>, fiancheggiato da una <strong>Torre dell'Orologio<\/strong>. <strong>Palazzo Manfredi<\/strong>, municipio di Faenza, sorge di fronte al Palazzo del Podest\u00e0. In Piazza della Libert\u00e0 si trova invece il <strong>Duomo di Faenza<\/strong>, una chiesa rinascimentale con alcune interessanti opere d'arte.<\/p>\n\n\n\n<div class=\"wp-block-columns is-layout-flex wp-container-core-columns-is-layout-9d6595d7 wp-block-columns-is-layout-flex\">\n<div class=\"wp-block-column is-layout-flow wp-block-column-is-layout-flow\" style=\"flex-basis:85%\">\n<p>Indirizzo: Piazza del Popolo, 48018 Faenza RA<br>Coordinate: 44.2856, 11.8832<\/p>\n<\/div>\n\n\n\n<div class=\"wp-block-column is-layout-flow wp-block-column-is-layout-flow\" style=\"flex-basis:15%\">\n<p class=\"has-text-align-right\"><a href=\"https:\/\/goo.gl\/maps\/m3u2UpVE5jH23TPP6\" target=\"_blank\" aria-label=\" (opens in a new tab)\" rel=\"noreferrer noopener\" class=\"ek-link\">Google Maps<\/a><\/p>\n<\/div>\n<\/div>\n\n\n<div style=\"margin-top: var(--wp--preset--spacing--40); margin-bottom: var(--wp--preset--spacing--40); \" class=\"wp-block-ub-divider ub_divider ub-divider-orientation-horizontal\" id=\"ub_divider_93b69c1d-fc1f-43e8-8797-439e77c9c2b1\"><div class=\"ub_divider_wrapper\" style=\"position: relative; margin-bottom: 10px; width: 100%; height: 10px; \" data-divider-alignment=\"center\"><div class=\"ub_divider_line\" style=\"border-top: 2px solid #000000; margin-top: 10px; \"><\/div><\/div><\/div>\n\n\n<h2 class=\"wp-block-heading\" id=\"brisighella\"><strong>Brisighella<\/strong><\/h2>\n\n\n\n<p>Brisighella \u00e8 un paese tra le colline a sud-est di Faenza, nella Provincia di Ravenna. L'insediamento si svilupp\u00f2 intorno a una fortificazione nel tardo Medioevo ed \u00e8 noto ancora oggi per il suo centro storico medievale.<\/p>\n\n\n<div class=\"wp-block-ub-divider ub_divider ub-divider-orientation-horizontal\" id=\"ub_divider_2b0e706a-f921-4e94-882c-be0608677862\"><div class=\"ub_divider_wrapper\" style=\"position: relative; margin-bottom: 2px; width: 100%; height: 2px; \" data-divider-alignment=\"center\"><div class=\"ub_divider_line\" style=\"border-top: 2px solid #ccc; margin-top: 2px; \"><\/div><\/div><\/div>\n\n\n<h4 class=\"wp-block-heading\" id=\"tre-colli\"><strong>Tre Colli<\/strong><\/h4>\n\n\n\n<p class=\"translation-block\">Brisighella \u00e8 dominata da tre colli, ciascuno caratterizzato da edifici storici. Il pi\u00f9 grande \u00e8 la <strong>Rocca Manfrediana<\/strong> (o <strong>Rocca Veneziana<\/strong>), fortezza eretta nel quattordicesimo secolo sotto il dominio dei signori di Faenza, e successivamente ampliata durante la breve occupazione veneziana della zona. Il castello si trova sulla collina centrale e ora ospita un museo. Il colle occidentale ospita il <strong>Santuario del Monticino<\/strong>, una chiesa settecentesca, mentre quello orientale \u00e8 sormontato da una <strong>Torre dell'Orologio<\/strong> eretta nel 1850 sul sito di una precedente fortificazione.<\/p>\n\n\n\n<div class=\"wp-block-columns is-layout-flex wp-container-core-columns-is-layout-9d6595d7 wp-block-columns-is-layout-flex\">\n<div class=\"wp-block-column is-layout-flow wp-block-column-is-layout-flow\" style=\"flex-basis:85%\">\n<p>Indirizzo: Via Rontana, 64, 48013 Brisighella RA<br>Coordinate: 44.2248, 11.7707<\/p>\n<\/div>\n\n\n\n<div class=\"wp-block-column is-layout-flow wp-block-column-is-layout-flow\" style=\"flex-basis:15%\">\n<p class=\"has-text-align-right\"><a href=\"https:\/\/goo.gl\/maps\/k3regE8qgfme6Hww9\" target=\"_blank\" aria-label=\" (opens in a new tab)\" rel=\"noreferrer noopener\" class=\"ek-link\">Google Maps<\/a><\/p>\n<\/div>\n<\/div>","protected":false},"excerpt":{"rendered":"<p>&lt;&lt;\u00a0Emilia-Romagna The Province of Ravenna is part of the historic region of Romagna. The low-lying area to the east is known as Ravennate. This area is dominated by the city of Ravenna, but also features some seaside resorts along the coast. To the east is the town of Faenza and some hills and mountains, a region called Faentino. Cervia Cervia is a seaside resort located on the Adriatic coast south of Ravenna. The town was founded in ancient times as Ficocle, but this settlement was destroyed in 709. The city was later rebuilt as Cervia, and it emerged during the following centuries thanks to the nearby salterns. Cervia experienced a period of turmoil as various powers vied for control of the territory and pirate raids devastated the coast. The city was then ruled by the Papal State before the Italian unification. Today Cervia is a popular summer destination thanks to its long sandy beaches. Milano Marittima Milano Marittima is a famous seaside resort just north of Cervia. The area was developed since the early 20th century by Milanese entrepreneurs and built among a coastal pine forest. The resort is now a popular and busy destination, famous for its nightlife. Address: Milano Marittima, 48015 Cervia RACoordinates: 44.2891, 12.3475 Google Maps Magazzini del Sale The area around Cervia has been known since ancient times for its salterns. The Magazzini del Sale is a historic warehouse complex built between the 17th and 18th century, once used to store salt. Now it houses a museum dedicated to salt production and the local environment. A defensive tower known as Torre San Michele is located just outside the complex. Address: V.le Nazario Sauro, 48015 Cervia RACoordinates: 44.2628, 12.3498 Google Maps Faenza Faenza is a city in the Province of Ravenna, located along the Via Emilia between Imola and Forl\u00ec. The settlement was a flourishing Roman town and, after a few centuries of decline, it thrived again the Late Middle Ages. The city lived its golden age during this time, under the rule of the Manfredi family. Eventually Faenza submitted to Venice in the 16th century, and soon afterwards it became part of the Papal States until the unification of Italy. Faenza is renowned for the production of pottery known as faience, which is the French name for the city. \u272a International Museum of Ceramics The International Museum of Ceramics (Museo Internazionale delle Ceramiche) is a rich exhibition of ceramics and pottery from all over the world, spanning several centuries. The museum mostly focuses on the long tradition of ceramics production of Faenza, with pieces dating from the Middle Ages until today, but it also hosts artifacts from other parts of Italy, Europe, and the world. Address: Viale Alfredo Baccarini, 19, 48018 Faenza RACoordinates: 44.2892, 11.8805 Google Maps Piazza del Popolo and Piazza della Libert\u00e0 Piazza del Popolo and Piazza della Libert\u00e0 are two adjacent squares in the center of Faenza, surrounded by historic buildings. The medieval Palazzo del Podest\u00e0 faces the first one and it is flanked by a Clock Tower. Palazzo Manfredi, the town hall of Faenza, stands in front of Palazzo del Podest\u00e0. Meanwhile, the Faenza Cathedral (Duomo di Faenza) is on Piazza della Libert\u00e0, and it is a Renaissance church featuring a few interesting artworks. Address: Piazza del Popolo, 48018 Faenza RACoordinates: 44.2856, 11.8832 Google Maps Brisighella Brisighella is a town among the hills southeast of Faenza, in the Province of Ravenna. The settlement grew around a fortification in the Late Middle Ages, and to this day it is known for its medieval old town. Tre Colli Brisighella is dominated by three hills (Tre Colli), each featuring historic buildings. The largest one is the Rocca Manfrediana (or Rocca Veneziana), a fortress erected in the 14th century under the rule of the lords of Faenza, and later expanded during the brief Venetian occupation of the area. The castle is located on the central hill and now it hosts a museum. The western hill houses the Sanctuary of Monticino, a 18th-century church, while the eastern one is topped by a Clock Tower erected in 1850 on the site of a previous fortification. Address: Via Rontana, 64, 48013 Brisighella RACoordinates: 44.2248, 11.7707 Google Maps<\/p>","protected":false},"author":1,"featured_media":0,"parent":932,"menu_order":0,"comment_status":"closed","ping_status":"closed","template":"","meta":{"_editorskit_title_hidden":false,"_editorskit_reading_time":0,"_editorskit_is_block_options_detached":false,"_editorskit_block_options_position":"{}","om_disable_all_campaigns":false,"_uag_custom_page_level_css":"","advgb_blocks_editor_width":"","advgb_blocks_columns_visual_guide":"","_monsterinsights_skip_tracking":false,"_monsterinsights_sitenote_active":false,"_monsterinsights_sitenote_note":"","_monsterinsights_sitenote_category":0,"footnotes":""},"class_list":["post-9567","page","type-page","status-publish","hentry"],"aioseo_notices":[],"featured_image_src":null,"uagb_featured_image_src":{"full":false,"thumbnail":false,"medium":false,"medium_large":false,"large":false,"1536x1536":false,"2048x2048":false,"trp-custom-language-flag":false,"xs-thumb":false,"post-thumbnail":false,"minimalistblogger-grid":false,"minimalistblogger-slider":false,"minimalistblogger-small":false},"uagb_author_info":{"display_name":"Stefano Cammisa","author_link":"https:\/\/www.cosmundus.com\/it\/author\/stefano-cammisa\/"},"uagb_comment_info":0,"uagb_excerpt":"&lt;&lt;\u00a0Emilia-Romagna The Province of Ravenna is part of the historic region of Romagna. The low-lying area to the east is known as Ravennate. This area is dominated by the city of Ravenna, but also features some seaside resorts along the coast. To the east is the town of Faenza and some hills and mountains, a&hellip;","coauthors":[],"author_meta":{"author_link":"https:\/\/www.cosmundus.com\/it\/author\/stefano-cammisa\/","display_name":"Stefano Cammisa"},"relative_dates":{"created":"Pubblicato 2 anni fa","modified":"Aggiornato 2 anni fa"},"absolute_dates":{"created":"Pubblicato il 28 Febbraio 2024","modified":"Aggiornato il 28 Febbraio 2024"},"absolute_dates_time":{"created":"Pubblicato il 28 Febbraio 2024 12:46 pm","modified":"Aggiornato il 28 Febbraio 2024 12:47 pm"},"featured_img_caption":"","featured_img":false,"series_order":"","_links":{"self":[{"href":"https:\/\/www.cosmundus.com\/it\/wp-json\/wp\/v2\/pages\/9567","targetHints":{"allow":["GET"]}}],"collection":[{"href":"https:\/\/www.cosmundus.com\/it\/wp-json\/wp\/v2\/pages"}],"about":[{"href":"https:\/\/www.cosmundus.com\/it\/wp-json\/wp\/v2\/types\/page"}],"author":[{"embeddable":true,"href":"https:\/\/www.cosmundus.com\/it\/wp-json\/wp\/v2\/users\/1"}],"replies":[{"embeddable":true,"href":"https:\/\/www.cosmundus.com\/it\/wp-json\/wp\/v2\/comments?post=9567"}],"version-history":[{"count":3,"href":"https:\/\/www.cosmundus.com\/it\/wp-json\/wp\/v2\/pages\/9567\/revisions"}],"predecessor-version":[{"id":9586,"href":"https:\/\/www.cosmundus.com\/it\/wp-json\/wp\/v2\/pages\/9567\/revisions\/9586"}],"up":[{"embeddable":true,"href":"https:\/\/www.cosmundus.com\/it\/wp-json\/wp\/v2\/pages\/932"}],"wp:attachment":[{"href":"https:\/\/www.cosmundus.com\/it\/wp-json\/wp\/v2\/media?parent=9567"}],"curies":[{"name":"wp","href":"https:\/\/api.w.org\/{rel}","templated":true}]}}