{"id":9539,"date":"2024-02-28T11:19:08","date_gmt":"2024-02-28T10:19:08","guid":{"rendered":"https:\/\/www.cosmundus.com\/?page_id=9539"},"modified":"2024-02-28T11:19:08","modified_gmt":"2024-02-28T10:19:08","slug":"bassa-parmense","status":"publish","type":"page","link":"https:\/\/www.cosmundus.com\/it\/destinations\/bassa-parmense\/","title":{"rendered":"Bassa Parmense"},"content":{"rendered":"<p class=\"has-text-align-right\">&lt;&lt;\u00a0<a href=\"https:\/\/www.cosmundus.com\/it\/atlas\/europe\/southern-europe\/italy\/northeast-italy\/emilia-romagna\/\">Emilia-Romagna<\/a><\/p>\n\n\n\n<p class=\"translation-block\">La zona pianeggiante a nord di <a href=\"https:\/\/www.cosmundus.com\/it\/destinations\/parma\/\" class=\"ek-link\" target=\"_self\">Parma<\/a> \u00e8 conosciuta come Bassa Parmense. Questa zona \u00e8 prevalentemente agricola, ma presenta diversi centri di interesse storico, in particolare Colorno, Busseto, Fontanellato e Fidenza. Parte di questo territorio \u00e8 chiamato anche Terre Verdiane per il suo legame con il compositore Giuseppe Verdi.<\/p>\n\n\n\n<div class=\"wp-block-group\"><div class=\"wp-block-group__inner-container is-layout-constrained wp-block-group-is-layout-constrained\"><div style=\"border: 1px solid #8ed1fc; border-radius: 0%; background-color: inherit; \" class=\"ub-styled-box ub-bordered-box wp-block-ub-styled-box\" id=\"ub-styled-box-7c3254f7-cdf5-4527-9149-a9536122e2da\">\n<p class=\"has-medium-font-size\" id=\"ub-styled-box-bordered-content-2a344086-23a9-4706-ad95-ef96d90b7dec\">Posti da vedere nella Bassa Parmense<\/p>\n\n\n<div class=\"wp-block-aioseo-table-of-contents\"><ul><li><a class=\"aioseo-toc-item\" href=\"#colorno\">Colorno<\/a><ul><li><a class=\"aioseo-toc-item\" href=\"#ducal-palace-of-colorno\">\u272a Palazzo Ducale di Colorno<\/a><\/li><\/ul><\/li><li><a class=\"aioseo-toc-item\" href=\"#san-secondo-parmense\">San Secondo Parmense<\/a><ul><li><a class=\"aioseo-toc-item\" href=\"#rocca-dei-rossi\">Rocca dei Rossi<\/a><\/li><\/ul><\/li><li><a class=\"aioseo-toc-item\" href=\"#fontanellato\">Fontanellato<\/a><ul><li><a class=\"aioseo-toc-item\" href=\"#rocca-sanvitale\">\u272a Rocca Sanvitale<\/a><\/li><li><a class=\"aioseo-toc-item\" href=\"#sanctuary-of-beata-vergine-del-santo-rosario\">Santuario della Beata Vergine del Santo Rosario<\/a><\/li><li><a class=\"aioseo-toc-item\" href=\"#labirinto-della-masone\">Labirinto della Masone<\/a><\/li><\/ul><\/li><li><a class=\"aioseo-toc-item\" href=\"#fidenza\">Fidenza<\/a><ul><li><a class=\"aioseo-toc-item\" href=\"#fidenza-cathedral\">Duomo di Fidenza<\/a><\/li><li><a class=\"aioseo-toc-item\" href=\"#palazzo-comunale\">Palazzo Comunale<\/a><\/li><\/ul><\/li><li><a class=\"aioseo-toc-item\" href=\"#soragna\">Soragna<\/a><ul><li><a class=\"aioseo-toc-item\" href=\"#rocca-meli-lupi\">Rocca Meli Lupi<\/a><\/li><\/ul><\/li><li><a class=\"aioseo-toc-item\" href=\"#busseto\">Busseto<\/a><ul><li><a class=\"aioseo-toc-item\" href=\"#national-museum-of-giuseppe-verdi\">\u272a Museo Nazionale Giuseppe Verdi<\/a><\/li><li><a class=\"aioseo-toc-item\" href=\"#rocca-pallavicino\">Rocca Pallavicino<\/a><\/li><li><a class=\"aioseo-toc-item\" href=\"#casa-barezzi\">Casa Barezzi<\/a><\/li><li><a class=\"aioseo-toc-item\" href=\"#birthplace-of-giuseppe-verdi\">Casa Natale di Giuseppe Verdi<\/a><\/li><\/ul><\/li><\/ul><\/div>\n\n<\/div><\/div><\/div>\n\n\n\n<h2 class=\"wp-block-heading\" id=\"colorno\"><strong>Colorno<\/strong><\/h2>\n\n\n\n<p>Colorno \u00e8 una citt\u00e0 a nord di Parma, nota per il suo grande palazzo storico. Il paese sorse durante il Medioevo, divenendo un centro di rilevanza regionale prima di vivere il suo periodo d'oro durante il diciottesimo secolo.<\/p>\n\n\n<div class=\"wp-block-ub-divider ub_divider ub-divider-orientation-horizontal\" id=\"ub_divider_4cef7b63-3524-4c75-a031-6784f72facb3\"><div class=\"ub_divider_wrapper\" style=\"position: relative; margin-bottom: 2px; width: 100%; height: 2px; \" data-divider-alignment=\"center\"><div class=\"ub_divider_line\" style=\"border-top: 2px solid #ccc; margin-top: 2px; \"><\/div><\/div><\/div>\n\n\n<h4 class=\"wp-block-heading\" id=\"ducal-palace-of-colorno\"><strong>\u272a Palazzo Ducale di Colorno<\/strong><\/h4>\n\n\n\n<p class=\"has-text-align-left\">Anche noto come: Reggia di Colorno<\/p>\n\n\n\n<p class=\"translation-block\">Il Palazzo Ducale di Colorno \u00e8 un grande palazzo costruito sul sito di alcune precedenti fortificazioni. L'edificio era in origine una fortezza, trasformata in residenza nobiliare tra il sedicesimo e il diciassettesimo secolo e successivamente ampliata e abbellita con ricche decorazioni barocche e rococ\u00f2. Nel corso della sua storia \u00e8 stata residenza di nobili famiglie come i Farnese e i Borboni, e della moglie di Napoleone, Maria Luisa. Il palazzo ospita numerose sale decorate ed \u00e8 dotato di un ampio parco. Adiacente all'edificio si trova la <strong>Cappella Ducale di San Liborio<\/strong>, una chiesa settecentesca riccamente ornata.<\/p>\n\n\n\n<div class=\"wp-block-columns is-layout-flex wp-container-core-columns-is-layout-9d6595d7 wp-block-columns-is-layout-flex\">\n<div class=\"wp-block-column is-layout-flow wp-block-column-is-layout-flow\" style=\"flex-basis:85%\">\n<p>Indirizzo: Piazza Giuseppe Garibaldi, 26, 43052 Colorno PR<br>Coordinate: 44.9302, 10.3765<\/p>\n<\/div>\n\n\n\n<div class=\"wp-block-column is-layout-flow wp-block-column-is-layout-flow\" style=\"flex-basis:15%\">\n<p class=\"has-text-align-right\"><a href=\"https:\/\/goo.gl\/maps\/EsiuBuoentLnLx4Y6\" target=\"_blank\" aria-label=\" (opens in a new tab)\" rel=\"noreferrer noopener\" class=\"ek-link\">Google Maps<\/a><\/p>\n<\/div>\n<\/div>\n\n\n<div style=\"margin-top: var(--wp--preset--spacing--40); margin-bottom: var(--wp--preset--spacing--40); \" class=\"wp-block-ub-divider ub_divider ub-divider-orientation-horizontal\" id=\"ub_divider_b7b8f687-4611-4ef3-8856-a1d9695e1234\"><div class=\"ub_divider_wrapper\" style=\"position: relative; margin-bottom: 10px; width: 100%; height: 10px; \" data-divider-alignment=\"center\"><div class=\"ub_divider_line\" style=\"border-top: 2px solid #000000; margin-top: 10px; \"><\/div><\/div><\/div>\n\n\n<h2 class=\"wp-block-heading\" id=\"san-secondo-parmense\"><strong>San Secondo Parmense<\/strong><\/h2>\n\n\n\n<p>San Secondo Parmense \u00e8 un paesino nella Pianura Padana, situato a nord-est di Parma. Il paese \u00e8 un centro agricolo, meglio conosciuto per il suo storico castello.<\/p>\n\n\n<div class=\"wp-block-ub-divider ub_divider ub-divider-orientation-horizontal\" id=\"ub_divider_cbbb86ac-e6e2-4800-a4a3-7e33a58ffe8b\"><div class=\"ub_divider_wrapper\" style=\"position: relative; margin-bottom: 2px; width: 100%; height: 2px; \" data-divider-alignment=\"center\"><div class=\"ub_divider_line\" style=\"border-top: 2px solid #ccc; margin-top: 2px; \"><\/div><\/div><\/div>\n\n\n<h4 class=\"wp-block-heading\" id=\"rocca-dei-rossi\"><strong><strong>Rocca dei Rossi<\/strong><\/strong><\/h4>\n\n\n\n<p>La Rocca dei Rossi \u00e8 una fortezza situata nel centro di San Secondo Parmense. Il primo castello qui fu costruito nel quindicesimo secolo, e successivamente fu rimaneggiato e ampliato. Alcune parti furono demolite nell'Ottocento, ma il castello presenta ancora diverse sale adornate da affreschi rinascimentali.<\/p>\n\n\n\n<div class=\"wp-block-columns is-layout-flex wp-container-core-columns-is-layout-9d6595d7 wp-block-columns-is-layout-flex\">\n<div class=\"wp-block-column is-layout-flow wp-block-column-is-layout-flow\" style=\"flex-basis:85%\">\n<p>Indirizzo: Piazza Giuseppe Mazzini, 12, 43017 San Secondo Parmense PR<br>Coordinate: 44.9205, 10.2264<\/p>\n<\/div>\n\n\n\n<div class=\"wp-block-column is-layout-flow wp-block-column-is-layout-flow\" style=\"flex-basis:15%\">\n<p class=\"has-text-align-right\"><a href=\"https:\/\/goo.gl\/maps\/cFhvje8QKNwkBwEU7\" target=\"_blank\" aria-label=\" (opens in a new tab)\" rel=\"noreferrer noopener\" class=\"ek-link\">Google Maps<\/a><\/p>\n<\/div>\n<\/div>\n\n\n<div style=\"margin-top: var(--wp--preset--spacing--40); margin-bottom: var(--wp--preset--spacing--40); \" class=\"wp-block-ub-divider ub_divider ub-divider-orientation-horizontal\" id=\"ub_divider_f6c3e264-f154-4344-9411-c578189e2471\"><div class=\"ub_divider_wrapper\" style=\"position: relative; margin-bottom: 10px; width: 100%; height: 10px; \" data-divider-alignment=\"center\"><div class=\"ub_divider_line\" style=\"border-top: 2px solid #000000; margin-top: 10px; \"><\/div><\/div><\/div>\n\n\n<h2 class=\"wp-block-heading\" id=\"fontanellato\"><strong>Fontanellato<\/strong><\/h2>\n\n\n\n<p>Fontanellato \u00e8 un paese che si trova a ovest di Parma nella Pianura Padana. La citt\u00e0 \u00e8 sorta durante il Medioevo, sviluppandosi attorno a una grande fortezza, ed \u00e8 oggi nota per ospitare alcune interessanti attrazioni.<\/p>\n\n\n<div class=\"wp-block-ub-divider ub_divider ub-divider-orientation-horizontal\" id=\"ub_divider_2086979d-a412-4554-9285-ed2f79c9f166\"><div class=\"ub_divider_wrapper\" style=\"position: relative; margin-bottom: 2px; width: 100%; height: 2px; \" data-divider-alignment=\"center\"><div class=\"ub_divider_line\" style=\"border-top: 2px solid #ccc; margin-top: 2px; \"><\/div><\/div><\/div>\n\n\n<h4 class=\"wp-block-heading\" id=\"rocca-sanvitale\"><strong>\u272a Rocca Sanvitale<\/strong><\/h4>\n\n\n\n<p class=\"translation-block\">La Rocca Sanvitale \u00e8 una fortezza medievale circondata da un fossato nel centro di Fontanellato. Eretta in pi\u00f9 fasi durante l'Alto Medioevo, fu successivamente trasformata in residenza nobiliare. Il castello ben conservato \u00e8 oggi un museo che ospita diverse sale decorate, tra cui la <em>Stufetta di Diana e Atteone<\/em>, una sala con una serie di affreschi cinquecenteschi dipinti dal Parmigianino. Di fronte alla Rocca si trovano le storiche scuderie del castello, conosciute come <strong>Scuderie Sanvitale<\/strong>.<\/p>\n\n\n\n<div class=\"wp-block-columns is-layout-flex wp-container-core-columns-is-layout-9d6595d7 wp-block-columns-is-layout-flex\">\n<div class=\"wp-block-column is-layout-flow wp-block-column-is-layout-flow\" style=\"flex-basis:85%\">\n<p>Indirizzo: Piazza Giacomo Matteotti, 1, 43012 Fontanellato PR<br>Coordinate: 44.8826, 10.1728<\/p>\n<\/div>\n\n\n\n<div class=\"wp-block-column is-layout-flow wp-block-column-is-layout-flow\" style=\"flex-basis:15%\">\n<p class=\"has-text-align-right\"><a href=\"https:\/\/goo.gl\/maps\/XjkYhtPXknzM7eaH8\" target=\"_blank\" aria-label=\" (opens in a new tab)\" rel=\"noreferrer noopener\" class=\"ek-link\">Google Maps<\/a><\/p>\n<\/div>\n<\/div>\n\n\n<div class=\"wp-block-ub-divider ub_divider ub-divider-orientation-horizontal\" id=\"ub_divider_4b78c8d6-e91b-47b3-8a51-2cbda1c99aca\"><div class=\"ub_divider_wrapper\" style=\"position: relative; margin-bottom: 2px; width: 100%; height: 2px; \" data-divider-alignment=\"center\"><div class=\"ub_divider_line\" style=\"border-top: 2px solid #ccc; margin-top: 2px; \"><\/div><\/div><\/div>\n\n\n<h4 class=\"wp-block-heading\" id=\"sanctuary-of-beata-vergine-del-santo-rosario\"><strong><strong>Santuario della Beata Vergine del Santo Rosario<\/strong><\/strong><\/h4>\n\n\n\n<p>Il Santuario della Beata Vergine del Santo Rosario \u00e8 una chiesa barocca a Fontanellato eretta nel diciassettesimo secolo. La facciata della chiesa presenta varie statue e decorazioni elaborate, mentre l'interno ospita alcune opere d'arte.<\/p>\n\n\n\n<div class=\"wp-block-columns is-layout-flex wp-container-core-columns-is-layout-9d6595d7 wp-block-columns-is-layout-flex\">\n<div class=\"wp-block-column is-layout-flow wp-block-column-is-layout-flow\" style=\"flex-basis:85%\">\n<p>Indirizzo: Via IV Novembre, 19, 43012 Fontanellato PR<br>Coordinate: 44.8803, 10.1761<\/p>\n<\/div>\n\n\n\n<div class=\"wp-block-column is-layout-flow wp-block-column-is-layout-flow\" style=\"flex-basis:15%\">\n<p class=\"has-text-align-right\"><a href=\"https:\/\/goo.gl\/maps\/ivfKeVVkE628TH4M9\" target=\"_blank\" aria-label=\" (opens in a new tab)\" rel=\"noreferrer noopener\" class=\"ek-link\">Google Maps<\/a><\/p>\n<\/div>\n<\/div>\n\n\n<div class=\"wp-block-ub-divider ub_divider ub-divider-orientation-horizontal\" id=\"ub_divider_21c51b23-4c57-4234-9753-5476cebb87ca\"><div class=\"ub_divider_wrapper\" style=\"position: relative; margin-bottom: 2px; width: 100%; height: 2px; \" data-divider-alignment=\"center\"><div class=\"ub_divider_line\" style=\"border-top: 2px solid #ccc; margin-top: 2px; \"><\/div><\/div><\/div>\n\n\n<h4 class=\"wp-block-heading\" id=\"labirinto-della-masone\"><strong><strong>Labirinto della Masone<\/strong><\/strong><\/h4>\n\n\n\n<p>Il Labirinto della Masone \u00e8 un parco nella campagna a sud di Fontanellato, che comprende un grande labirinto di bamb\u00f9. L'area ospita anche una collezione di opere d'arte che attraversano un periodo che va dal Rinascimento fino ai giorni nostri.<\/p>\n\n\n\n<div class=\"wp-block-columns is-layout-flex wp-container-core-columns-is-layout-9d6595d7 wp-block-columns-is-layout-flex\">\n<div class=\"wp-block-column is-layout-flow wp-block-column-is-layout-flow\" style=\"flex-basis:85%\">\n<p>Indirizzo: Str. Masone, 121, 43012 Fontanellato PR<br>Coordinate: 44.8540, 10.1460<\/p>\n<\/div>\n\n\n\n<div class=\"wp-block-column is-layout-flow wp-block-column-is-layout-flow\" style=\"flex-basis:15%\">\n<p class=\"has-text-align-right\"><a href=\"https:\/\/goo.gl\/maps\/5L6NRwbM7zBsNgBk9\" target=\"_blank\" aria-label=\" (opens in a new tab)\" rel=\"noreferrer noopener\" class=\"ek-link\">Google Maps<\/a><\/p>\n<\/div>\n<\/div>\n\n\n<div style=\"margin-top: var(--wp--preset--spacing--40); margin-bottom: var(--wp--preset--spacing--40); \" class=\"wp-block-ub-divider ub_divider ub-divider-orientation-horizontal\" id=\"ub_divider_277acb1e-3944-48a5-b37e-6c3b426b360c\"><div class=\"ub_divider_wrapper\" style=\"position: relative; margin-bottom: 10px; width: 100%; height: 10px; \" data-divider-alignment=\"center\"><div class=\"ub_divider_line\" style=\"border-top: 2px solid #000000; margin-top: 10px; \"><\/div><\/div><\/div>\n\n\n<h2 class=\"wp-block-heading\" id=\"fidenza\"><strong>Fidenza<\/strong><\/h2>\n\n\n\n<p class=\"translation-block\">Fidenza \u00e8 la seconda citt\u00e0 pi\u00f9 grande della Provincia di Parma, situata a ovest di Parma lungo la Via Emilia. Era una citt\u00e0 romana con il nome <em>Fidentia<\/em>, ma fu distrutta da un'invasione barbarica nel quinto secolo. Successivamente ricostruita come Borgo San Donnino, fu per breve tempo capitale del medievale Regno d'Italia alla fine dell'undicesimo secolo, per poi diventare un libero comune. I secoli successivi videro un periodo di tumulti politici che si conclusero con il paese sotto il dominio del Ducato di Parma e <a href=\"https:\/\/www.cosmundus.com\/it\/destinations\/piacenza\/\" class=\"ek-link\" target=\"_self\">Piacenza<\/a>. Borgo San Donnino fu ribattezzata Fidenza nel 1927, richiamando il suo nome romano, e ora presenta alcuni interessanti edifici storici.<\/p>\n\n\n<div class=\"wp-block-ub-divider ub_divider ub-divider-orientation-horizontal\" id=\"ub_divider_257e8726-a3c7-4ab0-86f4-ba2047cc15ce\"><div class=\"ub_divider_wrapper\" style=\"position: relative; margin-bottom: 2px; width: 100%; height: 2px; \" data-divider-alignment=\"center\"><div class=\"ub_divider_line\" style=\"border-top: 2px solid #ccc; margin-top: 2px; \"><\/div><\/div><\/div>\n\n\n<h4 class=\"wp-block-heading\" id=\"fidenza-cathedral\"><strong>Duomo di Fidenza<\/strong><\/h4>\n\n\n\n<p class=\"has-text-align-left\">Anche noto come: Cattedrale di San Donnino<\/p>\n\n\n\n<p class=\"translation-block\">Il Duomo di Fidenza \u00e8 una chiesa romanica eretta nel dodicesimo secolo. La sua facciata \u00e8 incompleta ma la met\u00e0 inferiore presenta alcuni elaborati rilievi, sculture e decorazioni risalenti al tardo Medioevo. La cripta della chiesa ospita le reliquie di San Donnino di Fidenza. Un piccolo museo adiacente alla chiesa ospita alcune opere storiche di arte sacra. Nei pressi del Duomo si trovano anche i resti di un ponte romano e l'antica porta cittadina <strong>Porta di San Donnino<\/strong>.<\/p>\n\n\n\n<div class=\"wp-block-columns is-layout-flex wp-container-core-columns-is-layout-9d6595d7 wp-block-columns-is-layout-flex\">\n<div class=\"wp-block-column is-layout-flow wp-block-column-is-layout-flow\" style=\"flex-basis:85%\">\n<p>Indirizzo: Piazza Duomo, 43036 Fidenza PR<br>Coordinate: 44.8664, 10.0576<\/p>\n<\/div>\n\n\n\n<div class=\"wp-block-column is-layout-flow wp-block-column-is-layout-flow\" style=\"flex-basis:15%\">\n<p class=\"has-text-align-right\"><a href=\"https:\/\/goo.gl\/maps\/DVPRUfoGEcRNCA7U9\" target=\"_blank\" aria-label=\" (opens in a new tab)\" rel=\"noreferrer noopener\" class=\"ek-link\">Google Maps<\/a><\/p>\n<\/div>\n<\/div>\n\n\n<div class=\"wp-block-ub-divider ub_divider ub-divider-orientation-horizontal\" id=\"ub_divider_39bf91b9-1dff-43a0-b5aa-2073171eac70\"><div class=\"ub_divider_wrapper\" style=\"position: relative; margin-bottom: 2px; width: 100%; height: 2px; \" data-divider-alignment=\"center\"><div class=\"ub_divider_line\" style=\"border-top: 2px solid #ccc; margin-top: 2px; \"><\/div><\/div><\/div>\n\n\n<h4 class=\"wp-block-heading\" id=\"palazzo-comunale\"><strong><strong>Palazzo Comunale<\/strong><\/strong><\/h4>\n\n\n\n<p>Il Palazzo Comunale \u00e8 il municipio di Fidenza, originariamente eretto nel tredicesimo secolo. Buon esempio di architettura gotica, fu pi\u00f9 volte rimaneggiato e completamente restaurato alla fine dell'Ottocento.<\/p>\n\n\n\n<div class=\"wp-block-columns is-layout-flex wp-container-core-columns-is-layout-9d6595d7 wp-block-columns-is-layout-flex\">\n<div class=\"wp-block-column is-layout-flow wp-block-column-is-layout-flow\" style=\"flex-basis:85%\">\n<p>Indirizzo: Via Gandolfi, 1, 43036 Fidenza PR<br>Coordinate: 44.8657, 10.0607<\/p>\n<\/div>\n\n\n\n<div class=\"wp-block-column is-layout-flow wp-block-column-is-layout-flow\" style=\"flex-basis:15%\">\n<p class=\"has-text-align-right\"><a href=\"https:\/\/goo.gl\/maps\/chuaWuFxSkWXDpZi6\" target=\"_blank\" aria-label=\" (opens in a new tab)\" rel=\"noreferrer noopener\" class=\"ek-link\">Google Maps<\/a><\/p>\n<\/div>\n<\/div>\n\n\n<div style=\"margin-top: var(--wp--preset--spacing--40); margin-bottom: var(--wp--preset--spacing--40); \" class=\"wp-block-ub-divider ub_divider ub-divider-orientation-horizontal\" id=\"ub_divider_2c55cd42-e6bd-4ebd-94d0-f62c1cc6581e\"><div class=\"ub_divider_wrapper\" style=\"position: relative; margin-bottom: 10px; width: 100%; height: 10px; \" data-divider-alignment=\"center\"><div class=\"ub_divider_line\" style=\"border-top: 2px solid #000000; margin-top: 10px; \"><\/div><\/div><\/div>\n\n\n<h2 class=\"wp-block-heading\" id=\"soragna\"><strong>Soragna<\/strong><\/h2>\n\n\n\n<p>Soragna \u00e8 un piccolo paese nella Pianura Padana, situato a ovest di Parma. Il borgo sorse durante il medioevo, divenendo un centro di importanza regionale grazie alla sua rocca.<\/p>\n\n\n<div class=\"wp-block-ub-divider ub_divider ub-divider-orientation-horizontal\" id=\"ub_divider_84308b9a-df44-41e5-a307-6836a8044c44\"><div class=\"ub_divider_wrapper\" style=\"position: relative; margin-bottom: 2px; width: 100%; height: 2px; \" data-divider-alignment=\"center\"><div class=\"ub_divider_line\" style=\"border-top: 2px solid #ccc; margin-top: 2px; \"><\/div><\/div><\/div>\n\n\n<h4 class=\"wp-block-heading\" id=\"rocca-meli-lupi\"><strong><strong>Rocca Meli Lupi<\/strong><\/strong><\/h4>\n\n\n\n<p class=\"translation-block\">La Rocca Meli Lupi \u00e8 una fortezza storica nel centro di Soragna. Originariamente eretta durante il Medioevo, fu poi trasformata in residenza nobiliare per i signori locali, e ora ospita alcune opere d'arte e alcune sale affrescate. Un piccolo edificio storico nelle vicinanze ospita il <strong>Museo del Parmigiano-Reggiano<\/strong>, una mostra sulla storia e la produzione del formaggio famoso in tutto il mondo.<\/p>\n\n\n\n<div class=\"wp-block-columns is-layout-flex wp-container-core-columns-is-layout-9d6595d7 wp-block-columns-is-layout-flex\">\n<div class=\"wp-block-column is-layout-flow wp-block-column-is-layout-flow\" style=\"flex-basis:85%\">\n<p>Indirizzo: Piazzale Meli Lupi, 5, 43019 Soragna PR<br>Coordinate: 44.9272, 10.1223<\/p>\n<\/div>\n\n\n\n<div class=\"wp-block-column is-layout-flow wp-block-column-is-layout-flow\" style=\"flex-basis:15%\">\n<p class=\"has-text-align-right\"><a href=\"https:\/\/goo.gl\/maps\/sNEsRe5jTDU7Q56A7\" target=\"_blank\" aria-label=\" (opens in a new tab)\" rel=\"noreferrer noopener\" class=\"ek-link\">Google Maps<\/a><\/p>\n<\/div>\n<\/div>\n\n\n<div style=\"margin-top: var(--wp--preset--spacing--40); margin-bottom: var(--wp--preset--spacing--40); \" class=\"wp-block-ub-divider ub_divider ub-divider-orientation-horizontal\" id=\"ub_divider_4ec74466-d43f-48c1-b83a-884c76fa51cd\"><div class=\"ub_divider_wrapper\" style=\"position: relative; margin-bottom: 10px; width: 100%; height: 10px; \" data-divider-alignment=\"center\"><div class=\"ub_divider_line\" style=\"border-top: 2px solid #000000; margin-top: 10px; \"><\/div><\/div><\/div>\n\n\n<h2 class=\"wp-block-heading\" id=\"busseto\"><strong>Busseto<\/strong><\/h2>\n\n\n\n<p>Busseto \u00e8 una citt\u00e0 in Emilia-Romagna, che si trova tra Parma e Piacenza. La citt\u00e0 sorse nel Medioevo, e fu per secoli la capitale di un piccolo stato che fu poi assorbito nel Ducato di Parma e Piacenza. Tuttavia, Busseto \u00e8 meglio conosciuta come il luogo di nascita del compositore Giuseppe Verdi.<\/p>\n\n\n<div class=\"wp-block-ub-divider ub_divider ub-divider-orientation-horizontal\" id=\"ub_divider_c43acd43-8045-49b0-a5e1-eff8f49b4053\"><div class=\"ub_divider_wrapper\" style=\"position: relative; margin-bottom: 2px; width: 100%; height: 2px; \" data-divider-alignment=\"center\"><div class=\"ub_divider_line\" style=\"border-top: 2px solid #ccc; margin-top: 2px; \"><\/div><\/div><\/div>\n\n\n<h4 class=\"wp-block-heading\" id=\"national-museum-of-giuseppe-verdi\"><strong>\u272a\u00a0Museo Nazionale Giuseppe Verdi<\/strong><\/h4>\n\n\n\n<p class=\"translation-block\">il Museo Nazionale Giuseppe Verdi \u00e8 un museo dedicato al grande compositore, ospitato nella rinascimentale <strong>Villa Pallavicino<\/strong> a Busseto. La mostra mette in mostra i lavori di Verdi con esposizioni incentrate su ciascuna delle sue opere. In un edificio attiguo alla villa \u00e8 ospitato il <strong>Museo Renata Tebaldi<\/strong>, dedicato all'omonima cantante lirica.<\/p>\n\n\n\n<div class=\"wp-block-columns is-layout-flex wp-container-core-columns-is-layout-9d6595d7 wp-block-columns-is-layout-flex\">\n<div class=\"wp-block-column is-layout-flow wp-block-column-is-layout-flow\" style=\"flex-basis:85%\">\n<p>Indirizzo: Via Ferdinando Provesi, 35, 43010 Busseto PR<br>Coordinate: 44.9776, 10.0375<\/p>\n<\/div>\n\n\n\n<div class=\"wp-block-column is-layout-flow wp-block-column-is-layout-flow\" style=\"flex-basis:15%\">\n<p class=\"has-text-align-right\"><a href=\"https:\/\/goo.gl\/maps\/gkXTwBR32HuQRfHz5\" target=\"_blank\" aria-label=\" (opens in a new tab)\" rel=\"noreferrer noopener\" class=\"ek-link\">Google Maps<\/a><\/p>\n<\/div>\n<\/div>\n\n\n<div class=\"wp-block-ub-divider ub_divider ub-divider-orientation-horizontal\" id=\"ub_divider_10e40e2b-a4ed-4886-bcf5-2d2802e8ea87\"><div class=\"ub_divider_wrapper\" style=\"position: relative; margin-bottom: 2px; width: 100%; height: 2px; \" data-divider-alignment=\"center\"><div class=\"ub_divider_line\" style=\"border-top: 2px solid #ccc; margin-top: 2px; \"><\/div><\/div><\/div>\n\n\n<h4 class=\"wp-block-heading\" id=\"rocca-pallavicino\"><span><strong>Rocca Pallavicino<\/strong><\/span><\/h4>\n\n\n\n<p class=\"translation-block\">La Rocca Pallavicino \u00e8 un castello medievale situato nel centro di Busseto. Eretto a partire dal decimo secolo, fu successivamente ampliato e trasformato in residenza dei signori locali. La fortezza fu rimaneggiata nel corso dell'Ottocento, con l'aggiunta del <strong>Teatro Verdi<\/strong>. Questo teatro presenta elaborate decorazioni ed \u00e8 ospitato in un'ala del castello.<\/p>\n\n\n\n<div class=\"wp-block-columns is-layout-flex wp-container-core-columns-is-layout-9d6595d7 wp-block-columns-is-layout-flex\">\n<div class=\"wp-block-column is-layout-flow wp-block-column-is-layout-flow\" style=\"flex-basis:85%\">\n<p>Indirizzo: Piazza Giuseppe Verdi, 10, 43011 Busseto PR<br>Coordinate: 44.9813, 10.0414<\/p>\n<\/div>\n\n\n\n<div class=\"wp-block-column is-layout-flow wp-block-column-is-layout-flow\" style=\"flex-basis:15%\">\n<p class=\"has-text-align-right\"><a href=\"https:\/\/goo.gl\/maps\/vXVPHPhVwJf7K4wH7\" target=\"_blank\" aria-label=\" (opens in a new tab)\" rel=\"noreferrer noopener\" class=\"ek-link\">Google Maps<\/a><\/p>\n<\/div>\n<\/div>\n\n\n<div class=\"wp-block-ub-divider ub_divider ub-divider-orientation-horizontal\" id=\"ub_divider_c6e8436c-a57b-4f7d-b9ac-21fc8832c578\"><div class=\"ub_divider_wrapper\" style=\"position: relative; margin-bottom: 2px; width: 100%; height: 2px; \" data-divider-alignment=\"center\"><div class=\"ub_divider_line\" style=\"border-top: 2px solid #ccc; margin-top: 2px; \"><\/div><\/div><\/div>\n\n\n<h4 class=\"wp-block-heading\" id=\"casa-barezzi\"><strong>Casa Barezzi<\/strong><\/h4>\n\n\n\n<p>Casa Barezzi \u00e8 un museo a Busseto, ospitato in una casa un tempo appartenuta al mecenate e suocero di Giuseppe Verdi, Antonio Barezzi. Qui Verdi tenne il suo primo concerto e l'edificio ospita oggi una mostra sulle opere del compositore.<\/p>\n\n\n\n<div class=\"wp-block-columns is-layout-flex wp-container-core-columns-is-layout-9d6595d7 wp-block-columns-is-layout-flex\">\n<div class=\"wp-block-column is-layout-flow wp-block-column-is-layout-flow\" style=\"flex-basis:85%\">\n<p>Indirizzo: Via Roma, 119, 43011 Busseto PR<br>Coordinate: 44.9808, 10.0426<\/p>\n<\/div>\n\n\n\n<div class=\"wp-block-column is-layout-flow wp-block-column-is-layout-flow\" style=\"flex-basis:15%\">\n<p class=\"has-text-align-right\"><a href=\"https:\/\/goo.gl\/maps\/PtVPeUb8EjtjDAMG6\" target=\"_blank\" aria-label=\" (opens in a new tab)\" rel=\"noreferrer noopener\" class=\"ek-link\">Google Maps<\/a><\/p>\n<\/div>\n<\/div>\n\n\n<div class=\"wp-block-ub-divider ub_divider ub-divider-orientation-horizontal\" id=\"ub_divider_7bbb1554-4576-4e5c-bfb5-caa3716b6662\"><div class=\"ub_divider_wrapper\" style=\"position: relative; margin-bottom: 2px; width: 100%; height: 2px; \" data-divider-alignment=\"center\"><div class=\"ub_divider_line\" style=\"border-top: 2px solid #ccc; margin-top: 2px; \"><\/div><\/div><\/div>\n\n\n<h4 class=\"wp-block-heading\" id=\"birthplace-of-giuseppe-verdi\"><strong>Casa Natale di Giuseppe Verdi<\/strong><\/h4>\n\n\n\n<p>Giuseppe Verdi nacque nel 1813 a Roncole Verdi, un piccolo paese vicino a Busseto. La sua umile casa natale \u00e8 stata ora trasformata in un museo, che presenta una mostra sulla vita del grande compositore.<\/p>\n\n\n\n<div class=\"wp-block-columns is-layout-flex wp-container-core-columns-is-layout-9d6595d7 wp-block-columns-is-layout-flex\">\n<div class=\"wp-block-column is-layout-flow wp-block-column-is-layout-flow\" style=\"flex-basis:85%\">\n<p>Indirizzo: Strada Processione, 1, 43011 Roncole Verdi PR<br>Coordinate: 44.9520, 10.0724<\/p>\n<\/div>\n\n\n\n<div class=\"wp-block-column is-layout-flow wp-block-column-is-layout-flow\" style=\"flex-basis:15%\">\n<p class=\"has-text-align-right\"><a href=\"https:\/\/goo.gl\/maps\/xwdhDAKJaUQGZ3H68\" target=\"_blank\" aria-label=\" (opens in a new tab)\" rel=\"noreferrer noopener\" class=\"ek-link\">Google Maps<\/a><\/p>\n<\/div>\n<\/div>","protected":false},"excerpt":{"rendered":"<p>&lt;&lt;\u00a0Emilia-Romagna The low-lying area north of Parma is known as Bassa Parmense. A mostly agricultural area, it features various towns with interesting historic landmarks, especially Colorno, Busseto, Fontanellato, and Fidenza. Part of this territory is also called Terre Verdiane (&#8220;Lands of Verdi&#8221;) because of its connection with composer Giuseppe Verdi. Colorno Colorno is town north of Parma, known for its large historic palace. The town emerged during the Middle Ages, becoming a center of regional relevance before living its golden age during the 18th century. \u272a Ducal Palace of Colorno Also known as: Reggia of Colorno The Ducal Palace of Colorno (Palazzo Ducale di Colorno) is a large palace built on the site of some previous fortifications. The building was originally a fortress, turned into a noble residence between the 16th and 17th century and later expanded and adorned with rich Baroque and Rococo decorations. Over its history, it has been the residence of noble families such as the Farnese and the Bourbons, and the wife of Napoleon, Marie Louise. The palace houses numerous decorated halls and it features a large park. Adjacent to the building is the Ducal Chapel of San Liborio (Cappella Ducale di San Liborio), a richly adorned 18th-century church. Address: Piazza Giuseppe Garibaldi, 26, 43052 Colorno PRCoordinates: 44.9302, 10.3765 Google Maps San Secondo Parmense San Secondo Parmense is small town in the Po Valley, located northeast of Parma. The village is an agricultural center, best known for its historic castle. Rocca dei Rossi Rocca dei Rossi is a fortress located in the center of San Secondo Parmense. The first castle here was built in the 15th century, and it was later reworked and expanded. Some sections were demolished in the 19th century, but the castle still features various halls adorned with Renaissance frescoes. Address: Piazza Giuseppe Mazzini, 12, 43017 San Secondo Parmense PRCoordinates: 44.9205, 10.2264 Google Maps Fontanellato Fontanellato is a town located west of Parma in the Po Valley. The city emerged during the Middle Ages, growing around a large fortress, and it is now known for hosting a few interesting attractions. \u272a Rocca Sanvitale Rocca Sanvitale is a medieval fortress surrounded by a moat in the center of Fontanellato. Erected in various phases during the Late Middle Ages, it was later turned into a noble residence. The well-preserved castle is now a museum hosting several decorated halls, including the Stufetta di Diana e Atteone, a room featuring a series of 16th-century frescoes painted by Parmigianino. The historic stables of the castle, known as Scuderie Sanvitale, are located in front of the Rocca. Address: Piazza Giacomo Matteotti, 1, 43012 Fontanellato PRCoordinates: 44.8826, 10.1728 Google Maps Sanctuary of Beata Vergine del Santo Rosario The Sanctuary of Beata Vergine del Santo Rosario is a Baroque church in Fontanellato erected during the 17th century. The facade of the church features various statues and elaborate decorations, while the interior houses a few artworks. Address: Via IV Novembre, 19, 43012 Fontanellato PRCoordinates: 44.8803, 10.1761 Google Maps Labirinto della Masone Labirinto della Masone is a park in the countryside south of Fontanellato, which includes a large labyrinth made of bamboos. The area also houses a collection of artworks spanning a period from the Renaissance until the present. Address: Str. Masone, 121, 43012 Fontanellato PRCoordinates: 44.8540, 10.1460 Google Maps Fidenza Fidenza is the second largest city in the Province of Parma, located west of Parma along the Via Emilia. It was a Roman town with the name Fidentia, but it was destroyed by a barbarian invasion in the 5th century. Later rebuilt as Borgo San Donnino, it was briefly the capital of the medieval Kingdom of Italy in the late 11th century, and then became a free comune. The following centuries saw a period of political turmoil that ended with the town under the rule of the Duchy of Parma and Piacenza. Borgo San Donnino was renamed Fidenza in 1927, recalling its Roman name, and now it features some interesting historic buildings. Fidenza Cathedral Also known as: Cathedral of San Donnino The Fidenza Cathedral (Duomo di Fidenza) is a Romanesque church erected in the 12th century. Its facade is incomplete but the lower half features some elaborate reliefs, sculptures, and decorations dating from the Late Middle Ages. The crypt of the church hosts the relics of Saint Domninus of Fidenza. A small museum adjacent to the church houses a few historic works of religious art. The ruins of a Roman bridge and the ancient city gate Porta di San Donnino are also near the Cathedral. Address: Piazza Duomo, 43036 Fidenza PRCoordinates: 44.8664, 10.0576 Google Maps Palazzo Comunale Palazzo Comunale is the town hall of Fidenza, originally erected during the 13th century. A good example of Gothic architecture, it was reworked a few times and completely restored in the late 19th century. Address: Via Gandolfi, 1, 43036 Fidenza PRCoordinates: 44.8657, 10.0607 Google Maps Soragna Soragna is a small town in the Po Valley, located west of Parma. The village emerged during the Middle Ages, becoming a center of regional importance thanks to its fortress. Rocca Meli Lupi Rocca Meli Lupi is a historic fortress in the center of Soragna. Originally erected during the Middle Ages, it was later turned into a noble residence for the local lords, and now it hosts a few artworks and some frescoed halls. A small historic building nearby hosts the Museum of Parmesan (Museo del Parmigiano-Reggiano), an exhibition on the history and production of the world-famous cheese. Address: Piazzale Meli Lupi, 5, 43019 Soragna PRCoordinates: 44.9272, 10.1223 Google Maps Busseto Busseto is a town in Emilia-Romagna, located between Parma and Piacenza. The city emerged in the Middle Ages, and it was for centuries the capital of a small state that was eventually absorbed into the Duchy of Parma and Piacenza. However, Busseto is best known as the birthplace of composer Giuseppe Verdi. \u272a&nbsp;National Museum of Giuseppe Verdi The National Museum of Giuseppe Verdi (Museo Nazionale Giuseppe Verdi) is a museum dedicated to the great opera composer, hosted&#8230;<\/p>","protected":false},"author":1,"featured_media":0,"parent":932,"menu_order":0,"comment_status":"closed","ping_status":"closed","template":"","meta":{"_editorskit_title_hidden":false,"_editorskit_reading_time":0,"_editorskit_is_block_options_detached":false,"_editorskit_block_options_position":"{}","om_disable_all_campaigns":false,"_uag_custom_page_level_css":"","advgb_blocks_editor_width":"","advgb_blocks_columns_visual_guide":"","_monsterinsights_skip_tracking":false,"_monsterinsights_sitenote_active":false,"_monsterinsights_sitenote_note":"","_monsterinsights_sitenote_category":0,"footnotes":""},"class_list":["post-9539","page","type-page","status-publish","hentry"],"aioseo_notices":[],"featured_image_src":null,"uagb_featured_image_src":{"full":false,"thumbnail":false,"medium":false,"medium_large":false,"large":false,"1536x1536":false,"2048x2048":false,"trp-custom-language-flag":false,"xs-thumb":false,"post-thumbnail":false,"minimalistblogger-grid":false,"minimalistblogger-slider":false,"minimalistblogger-small":false},"uagb_author_info":{"display_name":"Stefano Cammisa","author_link":"https:\/\/www.cosmundus.com\/it\/author\/stefano-cammisa\/"},"uagb_comment_info":0,"uagb_excerpt":"&lt;&lt;\u00a0Emilia-Romagna The low-lying area north of Parma is known as Bassa Parmense. A mostly agricultural area, it features various towns with interesting historic landmarks, especially Colorno, Busseto, Fontanellato, and Fidenza. Part of this territory is also called Terre Verdiane (&#8220;Lands of Verdi&#8221;) because of its connection with composer Giuseppe Verdi. Colorno Colorno is town north&hellip;","coauthors":[],"author_meta":{"author_link":"https:\/\/www.cosmundus.com\/it\/author\/stefano-cammisa\/","display_name":"Stefano Cammisa"},"relative_dates":{"created":"Pubblicato 2 anni fa","modified":"Aggiornato 2 anni fa"},"absolute_dates":{"created":"Pubblicato il 28 Febbraio 2024","modified":"Aggiornato il 28 Febbraio 2024"},"absolute_dates_time":{"created":"Pubblicato il 28 Febbraio 2024 11:19 am","modified":"Aggiornato il 28 Febbraio 2024 11:19 am"},"featured_img_caption":"","featured_img":false,"series_order":"","_links":{"self":[{"href":"https:\/\/www.cosmundus.com\/it\/wp-json\/wp\/v2\/pages\/9539","targetHints":{"allow":["GET"]}}],"collection":[{"href":"https:\/\/www.cosmundus.com\/it\/wp-json\/wp\/v2\/pages"}],"about":[{"href":"https:\/\/www.cosmundus.com\/it\/wp-json\/wp\/v2\/types\/page"}],"author":[{"embeddable":true,"href":"https:\/\/www.cosmundus.com\/it\/wp-json\/wp\/v2\/users\/1"}],"replies":[{"embeddable":true,"href":"https:\/\/www.cosmundus.com\/it\/wp-json\/wp\/v2\/comments?post=9539"}],"version-history":[{"count":5,"href":"https:\/\/www.cosmundus.com\/it\/wp-json\/wp\/v2\/pages\/9539\/revisions"}],"predecessor-version":[{"id":9553,"href":"https:\/\/www.cosmundus.com\/it\/wp-json\/wp\/v2\/pages\/9539\/revisions\/9553"}],"up":[{"embeddable":true,"href":"https:\/\/www.cosmundus.com\/it\/wp-json\/wp\/v2\/pages\/932"}],"wp:attachment":[{"href":"https:\/\/www.cosmundus.com\/it\/wp-json\/wp\/v2\/media?parent=9539"}],"curies":[{"name":"wp","href":"https:\/\/api.w.org\/{rel}","templated":true}]}}