{"id":9482,"date":"2024-02-27T13:53:57","date_gmt":"2024-02-27T12:53:57","guid":{"rendered":"https:\/\/www.cosmundus.com\/?page_id=9482"},"modified":"2024-02-27T13:54:14","modified_gmt":"2024-02-27T12:54:14","slug":"forlivese","status":"publish","type":"page","link":"https:\/\/www.cosmundus.com\/it\/destinations\/forlivese\/","title":{"rendered":"Forlivese"},"content":{"rendered":"<p class=\"has-text-align-right\">&lt;&lt;\u00a0<a href=\"https:\/\/www.cosmundus.com\/it\/atlas\/europe\/southern-europe\/italy\/northeast-italy\/emilia-romagna\/\">Emilia-Romagna<\/a><\/p>\n\n\n\n<p class=\"translation-block\">Il Forlivese \u00e8 la parte occidentale della Provincia di Forl\u00ec-<a href=\"https:\/\/www.cosmundus.com\/it\/destinations\/cesenate\/#cesena\" class=\"ek-link\" target=\"_self\">Cesena<\/a>, incentrato sulla citt\u00e0 di Forl\u00ec. Questa zona \u00e8 caratterizzata da diversi centri della pianura e ai piedi delle colline a nord, e dai monti dell'Appennino a sud.<\/p>\n\n\n\n<div class=\"wp-block-group\"><div class=\"wp-block-group__inner-container is-layout-constrained wp-block-group-is-layout-constrained\"><div style=\"border: 1px solid #8ed1fc; border-radius: 0%; background-color: inherit; \" class=\"ub-styled-box ub-bordered-box wp-block-ub-styled-box\" id=\"ub-styled-box-9cd316e5-32d8-4d02-bb86-a4f6d3649e36\">\n<p class=\"has-medium-font-size\" id=\"ub-styled-box-bordered-content-5c7675c1-bd62-451c-a23e-2cd50d4cc46c\">Posti da vedere nel Forlivese<\/p>\n\n\n<div class=\"wp-block-aioseo-table-of-contents\"><ul><li><a class=\"aioseo-toc-item\" href=\"#forli\">Forl\u00ec<\/a><ul><li><a class=\"aioseo-toc-item\" href=\"#abbey-of-san-mercuriale\">\u272a Abbazia di San Mercuriale<\/a><\/li><li><a class=\"aioseo-toc-item\" href=\"#piazza-aurelio-saffi\">Piazza Aurelio Saffi<\/a><\/li><li><a class=\"aioseo-toc-item\" href=\"#musei-di-san-domenico\">Musei di San Domenico<\/a><\/li><li><a class=\"aioseo-toc-item\" href=\"#cathedral-of-santa-croce\">Cattedrale di Santa Croce<\/a><\/li><li><a class=\"aioseo-toc-item\" href=\"#rocca-di-ravaldino\">Rocca di Ravaldino<\/a><\/li><li><a class=\"aioseo-toc-item\" href=\"#porta-schiavonia\">Porta Schiavonia<\/a><\/li><\/ul><\/li><li><a class=\"aioseo-toc-item\" href=\"#forlimpopoli\">Forlimpopoli<\/a><ul><li><a class=\"aioseo-toc-item\" href=\"#rocca-of-forlimpopoli\">Rocca di Forlimpopoli<\/a><\/li><\/ul><\/li><li><a class=\"aioseo-toc-item\" href=\"#bertinoro\">Bertinoro<\/a><ul><li><a class=\"aioseo-toc-item\" href=\"#palazzo-ordelaffi\">Palazzo Ordelaffi<\/a><\/li><li><a class=\"aioseo-toc-item\" href=\"#rocca-of-bertinoro\">Rocca di Bertinoro<\/a><\/li><\/ul><\/li><li><a class=\"aioseo-toc-item\" href=\"#castrocaro-terme-e-terra-del-sole\">Castrocaro Terme e Terra del Sole<\/a><ul><li><a class=\"aioseo-toc-item\" href=\"#fortress-of-castrocaro-terme\">Fortezza di Castrocaro Terme<\/a><\/li><li><a class=\"aioseo-toc-item\" href=\"#terra-del-sole\">Terra del Sole<\/a><\/li><\/ul><\/li><\/ul><\/div>\n\n<\/div><\/div><\/div>\n\n\n\n<h2 class=\"wp-block-heading\" id=\"forli\"><strong>Forl\u00ec<\/strong><\/h2>\n\n\n\n<p class=\"translation-block\">Forl\u00ec \u00e8 una citt\u00e0 della Romagna situata lungo la Via Emilia e capoluogo della Provincia di Forl\u00ec-Cesena. La zona era abitata in epoca preistorica, ma l'attuale citt\u00e0 fu fondata dai Romani come <em>Forum Livii<\/em>. Durante il Medioevo Forl\u00ec fu contesa per secoli tra le potenze locali, godendo anche di alcuni periodi come citt\u00e0-stato indipendente. Alla fine Forl\u00ec pass\u00f2 sotto il dominio dello Stato Pontificio, e poi condivise la storia del resto della Romagna, entrando a far parte dell'Italia durante la sua unificazione. Oggi Forl\u00ec \u00e8 un centro industriale e agricolo di importanza regionale con diversi edifici storici e interessanti attrazioni.<\/p>\n\n\n<div class=\"wp-block-ub-divider ub_divider ub-divider-orientation-horizontal\" id=\"ub_divider_a56fa4a8-f1b0-4ed2-87dd-a1999b31b178\"><div class=\"ub_divider_wrapper\" style=\"position: relative; margin-bottom: 2px; width: 100%; height: 2px; \" data-divider-alignment=\"center\"><div class=\"ub_divider_line\" style=\"border-top: 2px solid #ccc; margin-top: 2px; \"><\/div><\/div><\/div>\n\n\n<h4 class=\"wp-block-heading\" id=\"abbey-of-san-mercuriale\"><strong>\u272a Abbazia di San Mercuriale<\/strong><\/h4>\n\n\n\n<p class=\"translation-block\">L'Abbazia di San Mercuriale \u00e8 il principale edificio religioso di Forl\u00ec, situato nel centro della citt\u00e0 di fronte a Piazza Aurelio Saffi. Questa chiesa romanica fu costruita nel dodicesimo secolo sul sito di un precedente luogo di culto. La facciata presenta decorazioni semplici, mentre l'alto campanile \u00e8 considerato uno dei simboli non solo di Forl\u00ec, ma di tutta la Romagna. Varie opere d'arte sono ospitate all'interno della chiesa, inclusi elaborati monumenti funerari e dipinti rinascimentali.<\/p>\n\n\n\n<div class=\"wp-block-columns is-layout-flex wp-container-core-columns-is-layout-9d6595d7 wp-block-columns-is-layout-flex\">\n<div class=\"wp-block-column is-layout-flow wp-block-column-is-layout-flow\" style=\"flex-basis:85%\">\n<p>Indirizzo: Piazza Aurelio Saffi, 17, 47121 Forl\u00ec FC<br>Coordinate: 44.2227, 12.0422<\/p>\n<\/div>\n\n\n\n<div class=\"wp-block-column is-layout-flow wp-block-column-is-layout-flow\" style=\"flex-basis:15%\">\n<p class=\"has-text-align-right\"><a href=\"https:\/\/goo.gl\/maps\/dKSiDEXdSJZoTVzU8\" target=\"_blank\" aria-label=\" (opens in a new tab)\" rel=\"noreferrer noopener\" class=\"ek-link\">Google Maps<\/a><\/p>\n<\/div>\n<\/div>\n\n\n<div class=\"wp-block-ub-divider ub_divider ub-divider-orientation-horizontal\" id=\"ub_divider_43cc32be-46e4-4971-ba40-2b78b1f0eb6d\"><div class=\"ub_divider_wrapper\" style=\"position: relative; margin-bottom: 2px; width: 100%; height: 2px; \" data-divider-alignment=\"center\"><div class=\"ub_divider_line\" style=\"border-top: 2px solid #ccc; margin-top: 2px; \"><\/div><\/div><\/div>\n\n\n<h4 class=\"wp-block-heading\" id=\"piazza-aurelio-saffi\"><strong><strong>Piazza Aurelio Saffi<\/strong><\/strong><\/h4>\n\n\n\n<p class=\"translation-block\">Piazza Aurelio Saffi \u00e8 la piazza principale di Forl\u00ec ed \u00e8 ornata da una statua di Aurelio Saffi, una importante figura del Risorgimento italiano. Il lato orientale della piazza \u00e8 dominato dall'Abbazia di San Mercuriale, mentre quello occidentale ospita il grande <strong>Palazzo Comunale<\/strong>. Dietro questo palazzo si trova l'alta <strong>Torre Civica<\/strong>. Tra gli altri edifici che si affacciano su Piazza Aurelio Saffi, il pi\u00f9 notevole \u00e8 il <strong>Palazzo del Podest\u00e0<\/strong>, eretto nel corso del quindicesimo secolo.<\/p>\n\n\n\n<div class=\"wp-block-columns is-layout-flex wp-container-core-columns-is-layout-9d6595d7 wp-block-columns-is-layout-flex\">\n<div class=\"wp-block-column is-layout-flow wp-block-column-is-layout-flow\" style=\"flex-basis:85%\">\n<p>Indirizzo: Piazza Aurelio Saffi, 47121 Forl\u00ec FC<br>Coordinate: 44.2226, 12.0409<\/p>\n<\/div>\n\n\n\n<div class=\"wp-block-column is-layout-flow wp-block-column-is-layout-flow\" style=\"flex-basis:15%\">\n<p class=\"has-text-align-right\"><a href=\"https:\/\/goo.gl\/maps\/efJsZr4vKBVeWEw19\" target=\"_blank\" aria-label=\" (opens in a new tab)\" rel=\"noreferrer noopener\" class=\"ek-link\">Google Maps<\/a><\/p>\n<\/div>\n<\/div>\n\n\n<div class=\"wp-block-ub-divider ub_divider ub-divider-orientation-horizontal\" id=\"ub_divider_27ecd7e0-c22f-488a-bb61-ed3bc18dc264\"><div class=\"ub_divider_wrapper\" style=\"position: relative; margin-bottom: 2px; width: 100%; height: 2px; \" data-divider-alignment=\"center\"><div class=\"ub_divider_line\" style=\"border-top: 2px solid #ccc; margin-top: 2px; \"><\/div><\/div><\/div>\n\n\n<h4 class=\"wp-block-heading\" id=\"musei-di-san-domenico\"><strong><strong>Musei di San Domenico<\/strong><\/strong><\/h4>\n\n\n\n<p class=\"translation-block\">I Musei di San Domenico sono un complesso religioso ed ex monastero situato appena fuori dal centro della citt\u00e0 di Forl\u00ec. Il complesso ospita la <strong>Pinacoteca Civica<\/strong>, una galleria d'arte con dipinti di molti artisti italiani.<\/p>\n\n\n\n<div class=\"wp-block-columns is-layout-flex wp-container-core-columns-is-layout-9d6595d7 wp-block-columns-is-layout-flex\">\n<div class=\"wp-block-column is-layout-flow wp-block-column-is-layout-flow\" style=\"flex-basis:85%\">\n<p>Indirizzo: P.le Guido da Montefeltro, 12, 47121 Forl\u00ec FC<br>Coordinate: 44.2214, 12.0359<\/p>\n<\/div>\n\n\n\n<div class=\"wp-block-column is-layout-flow wp-block-column-is-layout-flow\" style=\"flex-basis:15%\">\n<p class=\"has-text-align-right\"><a href=\"https:\/\/goo.gl\/maps\/JeNphaRe6UqDZq288\" target=\"_blank\" aria-label=\" (opens in a new tab)\" rel=\"noreferrer noopener\" class=\"ek-link\">Google Maps<\/a><\/p>\n<\/div>\n<\/div>\n\n\n<div class=\"wp-block-ub-divider ub_divider ub-divider-orientation-horizontal\" id=\"ub_divider_476df46a-c34c-4563-9eee-c421fc4b978d\"><div class=\"ub_divider_wrapper\" style=\"position: relative; margin-bottom: 2px; width: 100%; height: 2px; \" data-divider-alignment=\"center\"><div class=\"ub_divider_line\" style=\"border-top: 2px solid #ccc; margin-top: 2px; \"><\/div><\/div><\/div>\n\n\n<h4 class=\"wp-block-heading\" id=\"cathedral-of-santa-croce\"><strong><strong>Cattedrale di Santa Croce<\/strong><\/strong><\/h4>\n\n\n\n<p class=\"translation-block\">La Cattedrale di Santa Croce \u00e8 una grande chiesa eretta durante il Medioevo ma successivamente ristrutturata in stile neoclassico. Comprende varie decorazioni e bellissime opere d'arte e ospita un'elaborata cappella con la <em>Madonna del Fuoco<\/em>, un'immagine in legno della Madonna del quindicesimo secolo che un tempo sopravvisse a un incendio.<\/p>\n\n\n\n<div class=\"wp-block-columns is-layout-flex wp-container-core-columns-is-layout-9d6595d7 wp-block-columns-is-layout-flex\">\n<div class=\"wp-block-column is-layout-flow wp-block-column-is-layout-flow\" style=\"flex-basis:85%\">\n<p>Indirizzo: Piazza Ordelaffi, 1, 47121 Forl\u00ec FC<br>Coordinate: 44.2240, 12.0379<\/p>\n<\/div>\n\n\n\n<div class=\"wp-block-column is-layout-flow wp-block-column-is-layout-flow\" style=\"flex-basis:15%\">\n<p class=\"has-text-align-right\"><a href=\"https:\/\/goo.gl\/maps\/6tiwBgJLQjNqVwiS7\" target=\"_blank\" aria-label=\" (opens in a new tab)\" rel=\"noreferrer noopener\" class=\"ek-link\">Google Maps<\/a><\/p>\n<\/div>\n<\/div>\n\n\n<div class=\"wp-block-ub-divider ub_divider ub-divider-orientation-horizontal\" id=\"ub_divider_bbc60d45-6f4a-4e36-a58d-3448ef331181\"><div class=\"ub_divider_wrapper\" style=\"position: relative; margin-bottom: 2px; width: 100%; height: 2px; \" data-divider-alignment=\"center\"><div class=\"ub_divider_line\" style=\"border-top: 2px solid #ccc; margin-top: 2px; \"><\/div><\/div><\/div>\n\n\n<h4 class=\"wp-block-heading\" id=\"rocca-di-ravaldino\"><strong><strong>Rocca di Ravaldino<\/strong><\/strong><\/h4>\n\n\n\n<p>La Rocca di Ravaldino \u00e8 una fortezza medievale situata nella parte meridionale di Forl\u00ec. La prima fortificazione qui fu costruita nel quattordicesimo secolo ma fu successivamente ampliata, acquisendo l'aspetto attuale. Dopo aver perso la sua importanza strategica, fu trasformato in una prigione. Oggi \u00e8 circondata da un parco ed \u00e8 ancora in parte adibita a carcere.<\/p>\n\n\n\n<div class=\"wp-block-columns is-layout-flex wp-container-core-columns-is-layout-9d6595d7 wp-block-columns-is-layout-flex\">\n<div class=\"wp-block-column is-layout-flow wp-block-column-is-layout-flow\" style=\"flex-basis:85%\">\n<p>Indirizzo: Via Giovanni dalle Bande Nere, 1, 47121 Forl\u00ec FC<br>Coordinate: 44.2163, 12.0371<\/p>\n<\/div>\n\n\n\n<div class=\"wp-block-column is-layout-flow wp-block-column-is-layout-flow\" style=\"flex-basis:15%\">\n<p class=\"has-text-align-right\"><a href=\"https:\/\/goo.gl\/maps\/KFXsKxgo2a6LUvrR7\" target=\"_blank\" aria-label=\" (opens in a new tab)\" rel=\"noreferrer noopener\" class=\"ek-link\">Google Maps<\/a><\/p>\n<\/div>\n<\/div>\n\n\n<div class=\"wp-block-ub-divider ub_divider ub-divider-orientation-horizontal\" id=\"ub_divider_9bfc941b-9a9e-47ad-9e7d-9c2e428f65e1\"><div class=\"ub_divider_wrapper\" style=\"position: relative; margin-bottom: 2px; width: 100%; height: 2px; \" data-divider-alignment=\"center\"><div class=\"ub_divider_line\" style=\"border-top: 2px solid #ccc; margin-top: 2px; \"><\/div><\/div><\/div>\n\n\n<h4 class=\"wp-block-heading\" id=\"porta-schiavonia\"><strong><strong>Porta Schiavonia<\/strong><\/strong><\/h4>\n\n\n\n<p>Porta Schiavonia \u00e8 l'unica porta rimasta della citt\u00e0 di Forl\u00ec, situata all'estremit\u00e0 occidentale della citt\u00e0 lungo la via Emilia. Originariamente eretta durante il Medioevo, fu successivamente demolita, ricostruita e ampliata pi\u00f9 volte. La maggior parte della struttura fu rimossa insieme alle mura della citt\u00e0 all'inizio del ventesimo secolo, ma l'arco centrale e poche altre sezioni sopravvivono ancora oggi.<\/p>\n\n\n\n<div class=\"wp-block-columns is-layout-flex wp-container-core-columns-is-layout-9d6595d7 wp-block-columns-is-layout-flex\">\n<div class=\"wp-block-column is-layout-flow wp-block-column-is-layout-flow\" style=\"flex-basis:85%\">\n<p>Indirizzo: Piazzale di Porta Schiavonia, 17, 47121 Forl\u00ec FC<br>Coordinate: 44.2264, 12.0288<\/p>\n<\/div>\n\n\n\n<div class=\"wp-block-column is-layout-flow wp-block-column-is-layout-flow\" style=\"flex-basis:15%\">\n<p class=\"has-text-align-right\"><a href=\"https:\/\/goo.gl\/maps\/ds83KqcLzPUWoGNW7\" target=\"_blank\" aria-label=\" (opens in a new tab)\" rel=\"noreferrer noopener\" class=\"ek-link\">Google Maps<\/a><\/p>\n<\/div>\n<\/div>\n\n\n<div style=\"margin-top: var(--wp--preset--spacing--40); margin-bottom: var(--wp--preset--spacing--40); \" class=\"wp-block-ub-divider ub_divider ub-divider-orientation-horizontal\" id=\"ub_divider_5cc0950c-decd-4e8c-9c21-d49116970f77\"><div class=\"ub_divider_wrapper\" style=\"position: relative; margin-bottom: 10px; width: 100%; height: 10px; \" data-divider-alignment=\"center\"><div class=\"ub_divider_line\" style=\"border-top: 2px solid #000000; margin-top: 10px; \"><\/div><\/div><\/div>\n\n\n<h2 class=\"wp-block-heading\" id=\"forlimpopoli\"><strong>Forlimpopoli<\/strong><\/h2>\n\n\n\n<p class=\"translation-block\">Forlimpopoli \u00e8 una citt\u00e0 situata lungo la Via Emilia in Romagna, tra Forl\u00ec e Cesena. Fu una fiorente citt\u00e0 romana con il nome di <em>Forum Popili<\/em>, e in seguito divenne sede vescovile nell'Alto Medioevo. La zona fu contesa tra le potenze locali e Forlimpopoli fu pesantemente danneggiata durante le guerre del quattordicesimo secolo. La citt\u00e0 fu successivamente ricostruita e, tornata sotto il dominio dello Stato Pontificio nel 1535, ha condiviso la storia del resto della Romagna fino ad oggi.<\/p>\n\n\n<div class=\"wp-block-ub-divider ub_divider ub-divider-orientation-horizontal\" id=\"ub_divider_e91cda7b-36e5-4d9a-979b-eddb7e3d234d\"><div class=\"ub_divider_wrapper\" style=\"position: relative; margin-bottom: 2px; width: 100%; height: 2px; \" data-divider-alignment=\"center\"><div class=\"ub_divider_line\" style=\"border-top: 2px solid #ccc; margin-top: 2px; \"><\/div><\/div><\/div>\n\n\n<h4 class=\"wp-block-heading\" id=\"rocca-of-forlimpopoli\"><strong><strong>Rocca di Forlimpopoli<\/strong><\/strong><\/h4>\n\n\n\n<p>Anche nota come: Rocca Albornoziana<\/p>\n\n\n\n<p>La Rocca di Forlimpopoli fu edificata nel quattordicesimo secolo sul sito di una precedente chiesa e di altri edifici distrutti durante una guerra. Fu per secoli sede del potere locale e ora funge da municipio. La fortezza ospita anche un museo archeologico e un teatro.<\/p>\n\n\n\n<div class=\"wp-block-columns is-layout-flex wp-container-core-columns-is-layout-9d6595d7 wp-block-columns-is-layout-flex\">\n<div class=\"wp-block-column is-layout-flow wp-block-column-is-layout-flow\" style=\"flex-basis:85%\">\n<p>Indirizzo: P.za Antonio Fratti, 47034 Forlimpopoli FC<br>Coordinate: 44.1873, 12.1264<\/p>\n<\/div>\n\n\n\n<div class=\"wp-block-column is-layout-flow wp-block-column-is-layout-flow\" style=\"flex-basis:15%\">\n<p class=\"has-text-align-right\"><a href=\"https:\/\/goo.gl\/maps\/DororoXu3ZExirhBA\" target=\"_blank\" aria-label=\" (opens in a new tab)\" rel=\"noreferrer noopener\" class=\"ek-link\">Google Maps<\/a><\/p>\n<\/div>\n<\/div>\n\n\n<div style=\"margin-top: var(--wp--preset--spacing--40); margin-bottom: var(--wp--preset--spacing--40); \" class=\"wp-block-ub-divider ub_divider ub-divider-orientation-horizontal\" id=\"ub_divider_61766523-066f-453f-9081-87b480266bb3\"><div class=\"ub_divider_wrapper\" style=\"position: relative; margin-bottom: 10px; width: 100%; height: 10px; \" data-divider-alignment=\"center\"><div class=\"ub_divider_line\" style=\"border-top: 2px solid #000000; margin-top: 10px; \"><\/div><\/div><\/div>\n\n\n<h2 class=\"wp-block-heading\" id=\"bertinoro\"><strong>Bertinoro<\/strong><\/h2>\n\n\n\n<p>Bertinoro \u00e8 un piccolo paese nelle colline romagnole, situato tra Forl\u00ec e Cesena. Durante l'Alto Medioevo fu un importante centro regionale conteso tra potenze locali.<\/p>\n\n\n<div class=\"wp-block-ub-divider ub_divider ub-divider-orientation-horizontal\" id=\"ub_divider_290c287c-c0e9-4e0c-8043-8b8242899db6\"><div class=\"ub_divider_wrapper\" style=\"position: relative; margin-bottom: 2px; width: 100%; height: 2px; \" data-divider-alignment=\"center\"><div class=\"ub_divider_line\" style=\"border-top: 2px solid #ccc; margin-top: 2px; \"><\/div><\/div><\/div>\n\n\n<h4 class=\"wp-block-heading\" id=\"palazzo-ordelaffi\"><strong>Palazzo Ordelaffi<\/strong><\/h4>\n\n\n\n<p class=\"translation-block\">Palazzo Ordelaffi \u00e8 il municipio di Bertinoro, costruito nel quattordicesimo secolo. \u00c8 dotato di una torre dell'orologio e si erge sulla piazza principale del paese, con una splendida vista panoramica sulla zona circostante. La <strong>Colonna degli Anelli<\/strong> si trova di fronte al palazzo e simboleggia l'ospitalit\u00e0 degli abitanti di Bertinoro.<\/p>\n\n\n\n<div class=\"wp-block-columns is-layout-flex wp-container-core-columns-is-layout-9d6595d7 wp-block-columns-is-layout-flex\">\n<div class=\"wp-block-column is-layout-flow wp-block-column-is-layout-flow\" style=\"flex-basis:85%\">\n<p>Indirizzo: Piazza della Libert\u00e0, 1, 47032 Bertinoro FC<br>Coordinate: 44.1492, 12.1334<\/p>\n<\/div>\n\n\n\n<div class=\"wp-block-column is-layout-flow wp-block-column-is-layout-flow\" style=\"flex-basis:15%\">\n<p class=\"has-text-align-right\"><a href=\"https:\/\/goo.gl\/maps\/vqG6E4N5R33xdG3w6\" target=\"_blank\" aria-label=\" (opens in a new tab)\" rel=\"noreferrer noopener\" class=\"ek-link\">Google Maps<\/a><\/p>\n<\/div>\n<\/div>\n\n\n<div class=\"wp-block-ub-divider ub_divider ub-divider-orientation-horizontal\" id=\"ub_divider_3e02361f-1976-445a-83e5-e6b534b590d8\"><div class=\"ub_divider_wrapper\" style=\"position: relative; margin-bottom: 2px; width: 100%; height: 2px; \" data-divider-alignment=\"center\"><div class=\"ub_divider_line\" style=\"border-top: 2px solid #ccc; margin-top: 2px; \"><\/div><\/div><\/div>\n\n\n<h4 class=\"wp-block-heading\" id=\"rocca-of-bertinoro\"><strong><strong>Rocca di Bertinoro<\/strong><\/strong><\/h4>\n\n\n\n<p>La Rocca \u00e8 una fortezza medievale su un colle che domina Bertinoro, eretta intorno all'undicesimo secolo. Un tempo era tra le fortificazioni pi\u00f9 importanti della zona e successivamente fu adibita a carcere. Oggi ospita un museo di arte sacra.<\/p>\n\n\n\n<div class=\"wp-block-columns is-layout-flex wp-container-core-columns-is-layout-9d6595d7 wp-block-columns-is-layout-flex\">\n<div class=\"wp-block-column is-layout-flow wp-block-column-is-layout-flow\" style=\"flex-basis:85%\">\n<p>Indirizzo: Via Aldruda Frangipane, 6, 47032 Bertinoro FC<br>Coordinate: 44.1475, 12.1334<\/p>\n<\/div>\n\n\n\n<div class=\"wp-block-column is-layout-flow wp-block-column-is-layout-flow\" style=\"flex-basis:15%\">\n<p class=\"has-text-align-right\"><a href=\"https:\/\/goo.gl\/maps\/ri9LknnQthEiexDy9\" target=\"_blank\" aria-label=\" (opens in a new tab)\" rel=\"noreferrer noopener\" class=\"ek-link\">Google Maps<\/a><\/p>\n<\/div>\n<\/div>\n\n\n<div style=\"margin-top: var(--wp--preset--spacing--40); margin-bottom: var(--wp--preset--spacing--40); \" class=\"wp-block-ub-divider ub_divider ub-divider-orientation-horizontal\" id=\"ub_divider_e63402e6-716c-48fc-93df-91c7036cc4d5\"><div class=\"ub_divider_wrapper\" style=\"position: relative; margin-bottom: 10px; width: 100%; height: 10px; \" data-divider-alignment=\"center\"><div class=\"ub_divider_line\" style=\"border-top: 2px solid #000000; margin-top: 10px; \"><\/div><\/div><\/div>\n\n\n<h2 class=\"wp-block-heading\" id=\"castrocaro-terme-e-terra-del-sole\"><strong>Castrocaro Terme e Terra del Sole<\/strong><\/h2>\n\n\n\n<p>Castrocaro Terme e Terra del Sole \u00e8 un comune nella Provincia di Forl\u00ec\u2013Cesena, con sede nella citt\u00e0 di Castrocaro Terme. Questo insediamento si svilupp\u00f2 intorno ad una fortezza durante il Medioevo, a cui si aggiunse poi la citt\u00e0 pianificata di Terra del Sole durante il Rinascimento. Castrocaro Terme \u00e8 oggi nota per le sue terme e per ospitare un festival musicale.<\/p>\n\n\n<div class=\"wp-block-ub-divider ub_divider ub-divider-orientation-horizontal\" id=\"ub_divider_3fc32e90-fe5b-4948-8387-4deb6685855c\"><div class=\"ub_divider_wrapper\" style=\"position: relative; margin-bottom: 2px; width: 100%; height: 2px; \" data-divider-alignment=\"center\"><div class=\"ub_divider_line\" style=\"border-top: 2px solid #ccc; margin-top: 2px; \"><\/div><\/div><\/div>\n\n\n<h4 class=\"wp-block-heading\" id=\"fortress-of-castrocaro-terme\"><strong>Fortezza di Castrocaro Terme<\/strong><\/h4>\n\n\n\n<p>La fortezza che domina Castrocaro Terme fu costruita intorno al decimo secolo e fu per lungo tempo uno dei castelli pi\u00f9 importanti della Romagna. Dopo aver perso la sua importanza strategica, la fortezza fu abbandonata e restaurata solo nel ventesimo secolo. Il castello ora funge da museo di storia locale.<\/p>\n\n\n\n<div class=\"wp-block-columns is-layout-flex wp-container-core-columns-is-layout-9d6595d7 wp-block-columns-is-layout-flex\">\n<div class=\"wp-block-column is-layout-flow wp-block-column-is-layout-flow\" style=\"flex-basis:85%\">\n<p>Indirizzo: Via Fortezza, 1, 47011 Castrocaro Terme FC<br>Coordinate: 44.1710, 11.9444<\/p>\n<\/div>\n\n\n\n<div class=\"wp-block-column is-layout-flow wp-block-column-is-layout-flow\" style=\"flex-basis:15%\">\n<p class=\"has-text-align-right\"><a href=\"https:\/\/goo.gl\/maps\/uGSjQydCrGpUhEtN9\" target=\"_blank\" aria-label=\" (opens in a new tab)\" rel=\"noreferrer noopener\" class=\"ek-link\">Google Maps<\/a><\/p>\n<\/div>\n<\/div>\n\n\n<div class=\"wp-block-ub-divider ub_divider ub-divider-orientation-horizontal\" id=\"ub_divider_5d9a8f28-89cb-4f23-ad72-4cbdd9681afa\"><div class=\"ub_divider_wrapper\" style=\"position: relative; margin-bottom: 2px; width: 100%; height: 2px; \" data-divider-alignment=\"center\"><div class=\"ub_divider_line\" style=\"border-top: 2px solid #ccc; margin-top: 2px; \"><\/div><\/div><\/div>\n\n\n<h4 class=\"wp-block-heading\" id=\"terra-del-sole\"><strong><strong>Terra del Sole<\/strong><\/strong><\/h4>\n\n\n\n<p class=\"translation-block\">Terra del Sole \u00e8 una citt\u00e0 pianificata eretta nel 1564 nei pressi di Castrocaro Terme. \u00c8 uno dei primi esempi del suo genere e presenta ancora le sue fortificazioni originali che circondano la citt\u00e0. La piazza centrale di Terra del Sole \u00e8 dominata dal <strong>Palazzo dei Commissari<\/strong>, palazzo rinascimentale oggi sede di un museo, e dalla <strong>Chiesa di Santa Reparata<\/strong> sul lato opposto.<\/p>\n\n\n\n<div class=\"wp-block-columns is-layout-flex wp-container-core-columns-is-layout-9d6595d7 wp-block-columns-is-layout-flex\">\n<div class=\"wp-block-column is-layout-flow wp-block-column-is-layout-flow\" style=\"flex-basis:85%\">\n<p>Indirizzo: Piazza Fulceri, 47011 Terra del Sole FC<br>Coordinate: 44.1854, 11.9594<\/p>\n<\/div>\n\n\n\n<div class=\"wp-block-column is-layout-flow wp-block-column-is-layout-flow\" style=\"flex-basis:15%\">\n<p class=\"has-text-align-right\"><a href=\"https:\/\/goo.gl\/maps\/x23NFG3eXQq2yL3A6\" target=\"_blank\" aria-label=\" (opens in a new tab)\" rel=\"noreferrer noopener\" class=\"ek-link\">Google Maps<\/a><\/p>\n<\/div>\n<\/div>","protected":false},"excerpt":{"rendered":"<p>&lt;&lt;\u00a0Emilia-Romagna The Forlivese is the western part of the Province of Forl\u00ec-Cesena, centered around the city of Forl\u00ec. This area features various towns in the plain and at the foot of the hills to the north, and the mountains of the Apennines to the south. Forl\u00ec Forl\u00ec is a city in Romagna located along the Via Emilia and the capital of the Province of Forl\u00ec-Cesena. The area was inhabited in prehistoric times, but the current city was founded by the Romans as Forum Livii. During the Middle Ages, Forl\u00ec was contested for centuries between local powers, also enjoying some periods as an independent city-state. Eventually, Forl\u00ec came under the rule of the Papal States, and then it shared the history of the rest of Romagna, becoming part of Italy during its unification. Today Forl\u00ec is a regional industrial and agricultural center featuring various historic buildings and interesting attractions. \u272a Abbey of San Mercuriale The Abbey of San Mercuriale (Abbazia di San Mercuriale) is the main religious building in Forl\u00ec, located in the center of the city facing Piazza Aurelio Saffi. This Romanesque church was built during the 12th century on the site of a previous place of worship. The facade includes simple decorations, while the tall bell tower is regarded as one of the symbols not only of Forl\u00ec, but of all of Romagna. Various artworks are hosted inside the church, including elaborate funerary monuments and Renaissance paintings. Address: Piazza Aurelio Saffi, 17, 47121 Forl\u00ec FCCoordinates: 44.2227, 12.0422 Google Maps Piazza Aurelio Saffi Piazza Aurelio Saffi is the main square of Forl\u00ec and it is adorned by a statue of Aurelio Saffi, an important figure during the Italian Risorgimento. The eastern side of the square is dominated by the Abbey of San Mercuriale, while the western one hosts the large Palazzo Comunale. The tall Civic Tower is located behind this palace. Among the other building facing Piazza Aurelio Saffi, the most notable is the Palazzo del Podest\u00e0, erected during the 15th century. Address: Piazza Aurelio Saffi, 47121 Forl\u00ec FCCoordinates: 44.2226, 12.0409 Google Maps Musei di San Domenico The Musei di San Domenico is a religious complex and former monastery located just outside the city center of Forl\u00ec. The complex houses the Pinacoteca Civica, an art gallery with paintings from many Italian artists. Address: P.le Guido da Montefeltro, 12, 47121 Forl\u00ec FCCoordinates: 44.2214, 12.0359 Google Maps Cathedral of Santa Croce The Cathedral of Santa Croce is a large church erected during the Middle Ages but later renovated in Neoclassical style. It includes various decorations and beautiful artworks, and houses an elaborate chapel with the Madonna del Fuoco, a 15th-century woodut image of the Madonna that once survived a fire. Address: Piazza Ordelaffi, 1, 47121 Forl\u00ec FCCoordinates: 44.2240, 12.0379 Google Maps Rocca di Ravaldino The Rocca di Ravaldino is a medieval fortress located on the southern part of Forl\u00ec. The first fortification here was built in the 14th century but it was later expanded, gaining its current appearance. After losing its strategic importance, it was turned into a prison. Today it is surrounded by a park and it is still partly used as a jailhouse. Address: Via Giovanni dalle Bande Nere, 1, 47121 Forl\u00ec FCCoordinates: 44.2163, 12.0371 Google Maps Porta Schiavonia Porta Schiavonia is the only remaining city gate of Forl\u00ec, located on the western edge of the city along Via Emilia. Originally erected during the Middle Ages, it was later demolished, rebuilt, and expanded various times. Most of the structure was removed along with the city walls in the early 20th century, but the central arch and a few other sections survive to this day. Address: Piazzale di Porta Schiavonia, 17, 47121 Forl\u00ec FCCoordinates: 44.2264, 12.0288 Google Maps Forlimpopoli Forlimpopoli is a town located along Via Emilia in Romagna, between Forl\u00ec and Cesena. It was a flourishing Roman town with the name of Forum Popili, and later became the seat of a bishopric in the Early Middle Ages. The area was contested between local powers and Forlimpopoli was heavily damaged during the wars of the 14th century. The city was later rebuilt and, after returning under the rule of the Papal States in 1535, it shared the history of the rest of Romagna until today. Rocca of Forlimpopoli Also known as: Rocca Albornoziana The Rocca of Forlimpopoli was built in the 14th century on the site of a previous church and other buildings destroyed during a war. It was for centuries the seat of local power and now it serves as town hall. The fortress also houses an archaeological museum and a theater. Address: P.za Antonio Fratti, 47034 Forlimpopoli FCCoordinates: 44.1873, 12.1264 Google Maps Bertinoro Bertinoro is a small town in the hills of Romagna, located between Forl\u00ec and Cesena. During the Late Middle Ages it was a relevant regional center contested between local powers. Palazzo Ordelaffi Palazzo Ordelaffi is the town hall of Bertinoro, built in the 14th century. It features a clock tower and it stands on the main square of the town, with a great panoramic view of the surrounding area. The Colonna degli Anelli (&#8220;Column of the Rings&#8221;) is located in front of the palace and it symbolizes the hospitality of the people of Bertinoro. Address: Piazza della Libert\u00e0, 1, 47032 Bertinoro FCCoordinates: 44.1492, 12.1334 Google Maps Rocca of Bertinoro The Rocca is a medieval fortress on a hill dominating over Bertinoro, erected around the 11th century. It was once among the most important fortifications in the area and was later used as a prison. Today it hosts a museum of religious art. Address: Via Aldruda Frangipane, 6, 47032 Bertinoro FCCoordinates: 44.1475, 12.1334 Google Maps Castrocaro Terme e Terra del Sole Castrocaro Terme e Terra del Sole is a municipality in the Province of Forl\u00ec-Cesena, centered in the town of Castrocaro Terme. This settlement developed around a fortress during the Middle Ages, and was later joined by the planned city of Terra del Sole during the Renaissance. Castrocaro Terme is now known for its spas and&#8230;<\/p>","protected":false},"author":1,"featured_media":0,"parent":932,"menu_order":0,"comment_status":"closed","ping_status":"closed","template":"","meta":{"_editorskit_title_hidden":false,"_editorskit_reading_time":0,"_editorskit_is_block_options_detached":false,"_editorskit_block_options_position":"{}","om_disable_all_campaigns":false,"_uag_custom_page_level_css":"","advgb_blocks_editor_width":"","advgb_blocks_columns_visual_guide":"","_monsterinsights_skip_tracking":false,"_monsterinsights_sitenote_active":false,"_monsterinsights_sitenote_note":"","_monsterinsights_sitenote_category":0,"footnotes":""},"class_list":["post-9482","page","type-page","status-publish","hentry"],"aioseo_notices":[],"featured_image_src":null,"uagb_featured_image_src":{"full":false,"thumbnail":false,"medium":false,"medium_large":false,"large":false,"1536x1536":false,"2048x2048":false,"trp-custom-language-flag":false,"xs-thumb":false,"post-thumbnail":false,"minimalistblogger-grid":false,"minimalistblogger-slider":false,"minimalistblogger-small":false},"uagb_author_info":{"display_name":"Stefano Cammisa","author_link":"https:\/\/www.cosmundus.com\/it\/author\/stefano-cammisa\/"},"uagb_comment_info":0,"uagb_excerpt":"&lt;&lt;\u00a0Emilia-Romagna The Forlivese is the western part of the Province of Forl\u00ec-Cesena, centered around the city of Forl\u00ec. This area features various towns in the plain and at the foot of the hills to the north, and the mountains of the Apennines to the south. Forl\u00ec Forl\u00ec is a city in Romagna located along the&hellip;","coauthors":[],"author_meta":{"author_link":"https:\/\/www.cosmundus.com\/it\/author\/stefano-cammisa\/","display_name":"Stefano Cammisa"},"relative_dates":{"created":"Pubblicato 2 anni fa","modified":"Aggiornato 2 anni fa"},"absolute_dates":{"created":"Pubblicato il 27 Febbraio 2024","modified":"Aggiornato il 27 Febbraio 2024"},"absolute_dates_time":{"created":"Pubblicato il 27 Febbraio 2024 1:53 pm","modified":"Aggiornato il 27 Febbraio 2024 1:54 pm"},"featured_img_caption":"","featured_img":false,"series_order":"","_links":{"self":[{"href":"https:\/\/www.cosmundus.com\/it\/wp-json\/wp\/v2\/pages\/9482","targetHints":{"allow":["GET"]}}],"collection":[{"href":"https:\/\/www.cosmundus.com\/it\/wp-json\/wp\/v2\/pages"}],"about":[{"href":"https:\/\/www.cosmundus.com\/it\/wp-json\/wp\/v2\/types\/page"}],"author":[{"embeddable":true,"href":"https:\/\/www.cosmundus.com\/it\/wp-json\/wp\/v2\/users\/1"}],"replies":[{"embeddable":true,"href":"https:\/\/www.cosmundus.com\/it\/wp-json\/wp\/v2\/comments?post=9482"}],"version-history":[{"count":10,"href":"https:\/\/www.cosmundus.com\/it\/wp-json\/wp\/v2\/pages\/9482\/revisions"}],"predecessor-version":[{"id":9495,"href":"https:\/\/www.cosmundus.com\/it\/wp-json\/wp\/v2\/pages\/9482\/revisions\/9495"}],"up":[{"embeddable":true,"href":"https:\/\/www.cosmundus.com\/it\/wp-json\/wp\/v2\/pages\/932"}],"wp:attachment":[{"href":"https:\/\/www.cosmundus.com\/it\/wp-json\/wp\/v2\/media?parent=9482"}],"curies":[{"name":"wp","href":"https:\/\/api.w.org\/{rel}","templated":true}]}}