{"id":9277,"date":"2024-02-25T11:29:14","date_gmt":"2024-02-25T10:29:14","guid":{"rendered":"https:\/\/www.cosmundus.com\/?page_id=9277"},"modified":"2024-02-25T12:25:10","modified_gmt":"2024-02-25T11:25:10","slug":"pordenone-western-friuli-and-friulian-dolomites","status":"publish","type":"page","link":"https:\/\/www.cosmundus.com\/it\/destinations\/pordenone-western-friuli-and-friulian-dolomites\/","title":{"rendered":"Pordenone, Friuli Occidentale e Dolomiti Friulane"},"content":{"rendered":"<p class=\"has-text-align-right\">&lt;&lt;&nbsp;<a href=\"https:\/\/www.cosmundus.com\/it\/atlas\/europe\/southern-europe\/italy\/northeast-italy\/friuli-venezia-giulia\/\"><\/a><a href=\"https:\/\/www.cosmundus.com\/it\/atlas\/europe\/southern-europe\/italy\/northeast-italy\/friuli-venezia-giulia\/\">Friuli Venezia Giulia<\/a><\/p>\n\n\n\n<p>La Provincia di Pordenone occupa la parte occidentale della regione storica del Friuli. Mentre il sud \u00e8 un'ampia pianura con il capoluogo al centro, il nord \u00e8 molto montuoso. Qui si trovano le Dolomiti Friulane, costellate di piccoli borghi e diversi monumenti naturali.<\/p>\n\n\n\n<div class=\"wp-block-group\"><div class=\"wp-block-group__inner-container is-layout-constrained wp-block-group-is-layout-constrained\"><div style=\"border: 1px solid #8ed1fc; border-radius: 0%; background-color: inherit; \" class=\"ub-styled-box ub-bordered-box wp-block-ub-styled-box\" id=\"ub-styled-box-cec18d1e-439c-4108-a975-597f4dadd183\">\n<p class=\"has-medium-font-size\" id=\"ub-styled-box-bordered-content-95bbe0ca-e256-4e3a-8e71-5d9025a7bd6a\">Posti da vedere a Pordenone, nel Friuli Occidentale e nelle Dolomiti Friulane<\/p>\n\n\n<div class=\"wp-block-aioseo-table-of-contents\"><ul><li><a class=\"aioseo-toc-item\" href=\"#pordenone\">Pordenone<\/a><ul><li><a class=\"aioseo-toc-item\" href=\"#corso-vittorio-emanuele-ii\">\u272a\u00a0Corso Vittorio Emanuele II<\/a><\/li><li><a class=\"aioseo-toc-item\" href=\"#civic-art-museum-of-pordenone\">Museo Civico d\u2019Arte di Pordenone<\/a><\/li><li><a class=\"aioseo-toc-item\" href=\"#palazzo-comunale\">Palazzo Comunale<\/a><\/li><li><a class=\"aioseo-toc-item\" href=\"#pordenone-cathedral\">Duomo di Pordenone<\/a><\/li><\/ul><\/li><li><a class=\"aioseo-toc-item\" href=\"#barcis\">Barcis<\/a><ul><li><a class=\"aioseo-toc-item\" href=\"#forra-del-cellina\">Forra del Cellina<\/a><\/li><\/ul><\/li><li><a class=\"aioseo-toc-item\" href=\"#erto-e-casso\">Erto e Casso<\/a><ul><li><a class=\"aioseo-toc-item\" href=\"#vajont-dam\">\u272a Diga del Vajont<\/a><\/li><\/ul><\/li><li><a class=\"aioseo-toc-item\" href=\"#cimolais\">Cimolais<\/a><ul><li><a class=\"aioseo-toc-item\" href=\"#campanile-di-val-montanaia\">Campanile di Val Montanaia<\/a><\/li><\/ul><\/li><\/ul><\/div>\n\n<\/div><\/div><\/div>\n\n\n\n<h2 class=\"wp-block-heading\" id=\"pordenone\"><strong>Pordenone<\/strong><\/h2>\n\n\n\n<p class=\"translation-block\">Pordenone \u00e8 una citt\u00e0 tranquilla e il centro principale del Friuli Occidentale. Nata come piccolo porto sul fiume Noncello, la citt\u00e0 si svilupp\u00f2 realmente nel Medioevo, man mano che le vie commerciali della zona si fecero pi\u00f9 trafficate. Pordenone fu governata dall'Austria fino al sedicesimo secolo, quando fu conquistata da <a href=\"https:\/\/www.cosmundus.com\/it\/destinations\/venice\/\" class=\"ek-link\" target=\"_self\">Venezia<\/a>. La successiva storia di Pordenone rispecchia quella del resto del Friuli, poich\u00e9 fu governata da Venezia, e poi occupata da Francia e Austria prima di entrare a far parte dell'Italia nel 1866. Pordenone si svilupp\u00f2 poi come citt\u00e0 industriale, e infine divenne la capitale della propria provincia nel 1968, separandosi dalla provincia di <a href=\"https:\/\/www.cosmundus.com\/it\/destinations\/udine\/\" class=\"ek-link\" target=\"_self\">Udine<\/a>.<\/p>\n\n\n<div class=\"wp-block-ub-divider ub_divider ub-divider-orientation-horizontal\" id=\"ub_divider_b3c51970-b937-4565-abff-8535d4476350\"><div class=\"ub_divider_wrapper\" style=\"position: relative; margin-bottom: 2px; width: 100%; height: 2px; \" data-divider-alignment=\"center\"><div class=\"ub_divider_line\" style=\"border-top: 2px solid #ccc; margin-top: 2px; \"><\/div><\/div><\/div>\n\n\n<h4 class=\"wp-block-heading\" id=\"corso-vittorio-emanuele-ii\"><strong><strong>\u272a&nbsp;<\/strong>Corso Vittorio Emanuele II<\/strong><\/h4>\n\n\n\n<p>Un tempo noto come Contrada Maggiore, Corso Vittorio Emanuele \u00e8 la via principale di Pordenone. Presenta una lunga serie di bellissimi portici su entrambi i lati, con palazzi storici che ospitano numerosi bar, ristoranti e negozi, per finire con il Palazzo Comunale.<\/p>\n\n\n\n<div class=\"wp-block-columns is-layout-flex wp-container-core-columns-is-layout-9d6595d7 wp-block-columns-is-layout-flex\">\n<div class=\"wp-block-column is-layout-flow wp-block-column-is-layout-flow\" style=\"flex-basis:85%\">\n<p>Indirizzo: Corso Vittorio Emanuele II, 33170 Pordenone PN<br>Coordinate: 45.9565, 12.6597<\/p>\n<\/div>\n\n\n\n<div class=\"wp-block-column is-layout-flow wp-block-column-is-layout-flow\" style=\"flex-basis:15%\">\n<p class=\"has-text-align-right\"><a href=\"https:\/\/goo.gl\/maps\/QSH6qzQN1UGvhAXJ8\" target=\"_blank\" aria-label=\" (opens in a new tab)\" rel=\"noreferrer noopener\" class=\"ek-link\">Google Maps<\/a><\/p>\n<\/div>\n<\/div>\n\n\n<div class=\"wp-block-ub-divider ub_divider ub-divider-orientation-horizontal\" id=\"ub_divider_b372909a-224d-49e2-a411-7cddd10093be\"><div class=\"ub_divider_wrapper\" style=\"position: relative; margin-bottom: 2px; width: 100%; height: 2px; \" data-divider-alignment=\"center\"><div class=\"ub_divider_line\" style=\"border-top: 2px solid #ccc; margin-top: 2px; \"><\/div><\/div><\/div>\n\n\n<h4 class=\"wp-block-heading\" id=\"civic-art-museum-of-pordenone\"><strong>Museo Civico d\u2019Arte di Pordenone<\/strong><\/h4>\n\n\n\n<p class=\"translation-block\">Il Museo Civico d'Arte di Pordenone si trova in un palazzo storico di Corso Vittorio Emanuele II, vicino al Palazzo Comunale. Ospita una collezione di arte locale che comprende vari dipinti, disegni e sculture che attraversano diversi secoli.<\/p>\n\n\n\n<div class=\"wp-block-columns is-layout-flex wp-container-core-columns-is-layout-9d6595d7 wp-block-columns-is-layout-flex\">\n<div class=\"wp-block-column is-layout-flow wp-block-column-is-layout-flow\" style=\"flex-basis:85%\">\n<p>Indirizzo: Corso Vittorio Emanuele II, 51, 33170 Pordenone PN<br>Coordinate: 45.9549, 12.6601<\/p>\n<\/div>\n\n\n\n<div class=\"wp-block-column is-layout-flow wp-block-column-is-layout-flow\" style=\"flex-basis:15%\">\n<p class=\"has-text-align-right\"><a href=\"https:\/\/goo.gl\/maps\/fHT3QX9ddi5VbtRA7\" target=\"_blank\" aria-label=\" (opens in a new tab)\" rel=\"noreferrer noopener\" class=\"ek-link\">Google Maps<\/a><\/p>\n<\/div>\n<\/div>\n\n\n<div class=\"wp-block-ub-divider ub_divider ub-divider-orientation-horizontal\" id=\"ub_divider_a1e852fd-226c-4869-bdb2-be132dd7ba23\"><div class=\"ub_divider_wrapper\" style=\"position: relative; margin-bottom: 2px; width: 100%; height: 2px; \" data-divider-alignment=\"center\"><div class=\"ub_divider_line\" style=\"border-top: 2px solid #ccc; margin-top: 2px; \"><\/div><\/div><\/div>\n\n\n<h4 class=\"wp-block-heading\" id=\"palazzo-comunale\"><strong>Palazzo Comunale<\/strong><\/h4>\n\n\n\n<p>Lo storico municipio di Pordenone \u00e8 un palazzo gotico costruito tra il tredicesimo e il quattordicesimo secolo e situato proprio alla fine di Corso Vittorio Emanuele II. Presenta una loggia e una torre dell'orologio, ed \u00e8 uno dei simboli pi\u00f9 emblematici della citt\u00e0.<\/p>\n\n\n\n<div class=\"wp-block-columns is-layout-flex wp-container-core-columns-is-layout-9d6595d7 wp-block-columns-is-layout-flex\">\n<div class=\"wp-block-column is-layout-flow wp-block-column-is-layout-flow\" style=\"flex-basis:85%\">\n<p>Indirizzo: Corso Vittorio Emanuele II, 64, 33170 Pordenone PN<br>Coordinate: 45.9545, 12.6601<\/p>\n<\/div>\n\n\n\n<div class=\"wp-block-column is-layout-flow wp-block-column-is-layout-flow\" style=\"flex-basis:15%\">\n<p class=\"has-text-align-right\"><a href=\"https:\/\/goo.gl\/maps\/sfZ6G1bp3qhU2rJ79\" target=\"_blank\" aria-label=\" (opens in a new tab)\" rel=\"noreferrer noopener\" class=\"ek-link\">Google Maps<\/a><\/p>\n<\/div>\n<\/div>\n\n\n<div class=\"wp-block-ub-divider ub_divider ub-divider-orientation-horizontal\" id=\"ub_divider_f865bc4f-caf7-4d1c-9443-a53d15e73da9\"><div class=\"ub_divider_wrapper\" style=\"position: relative; margin-bottom: 2px; width: 100%; height: 2px; \" data-divider-alignment=\"center\"><div class=\"ub_divider_line\" style=\"border-top: 2px solid #ccc; margin-top: 2px; \"><\/div><\/div><\/div>\n\n\n<h4 class=\"wp-block-heading\" id=\"pordenone-cathedral\"><strong>Duomo di Pordenone<\/strong><\/h4>\n\n\n\n<p class=\"translation-block\">Il Duomo di Pordenone si trova accanto al Palazzo Comunale ed \u00e8 la chiesa principale della citt\u00e0. Fu edificato a partire dal tredicesimo secolo ma \u00e8 stato pi\u00f9 volte rimaneggiato e la facciata \u00e8 rimasta incompiuta. Al suo interno ospita alcune opere d'arte storiche interessanti, mentre proprio accanto alla cattedrale si trova un alto campanile medievale.<\/p>\n\n\n\n<div class=\"wp-block-columns is-layout-flex wp-container-core-columns-is-layout-9d6595d7 wp-block-columns-is-layout-flex\">\n<div class=\"wp-block-column is-layout-flow wp-block-column-is-layout-flow\" style=\"flex-basis:85%\">\n<p>Indirizzo: Piazza S. Marco, 8, 33170 Pordenone PN<br>Coordinate: 45.9544, 12.6609<\/p>\n<\/div>\n\n\n\n<div class=\"wp-block-column is-layout-flow wp-block-column-is-layout-flow\" style=\"flex-basis:15%\">\n<p class=\"has-text-align-right\"><a href=\"https:\/\/goo.gl\/maps\/geZHEFpF9RCFkfEy5\" target=\"_blank\" aria-label=\" (opens in a new tab)\" rel=\"noreferrer noopener\" class=\"ek-link\">Google Maps<\/a><\/p>\n<\/div>\n<\/div>\n\n\n<div style=\"margin-top: var(--wp--preset--spacing--40); margin-bottom: var(--wp--preset--spacing--40); \" class=\"wp-block-ub-divider ub_divider ub-divider-orientation-horizontal\" id=\"ub_divider_08c9de87-e692-477d-8215-216ffb5c2002\"><div class=\"ub_divider_wrapper\" style=\"position: relative; margin-bottom: 10px; width: 100%; height: 10px; \" data-divider-alignment=\"center\"><div class=\"ub_divider_line\" style=\"border-top: 2px solid #000000; margin-top: 10px; \"><\/div><\/div><\/div>\n\n\n<h2 class=\"wp-block-heading\" id=\"barcis\"><strong>Barcis<\/strong><\/h2>\n\n\n\n<p>Barcis \u00e8 un piccolo borgo tra le montagne della Provincia di Pordenone. \u00c8 meglio conosciuto per il suo bellissimo lago artificiale che attira molti turisti.<\/p>\n\n\n<div class=\"wp-block-ub-divider ub_divider ub-divider-orientation-horizontal\" id=\"ub_divider_ab3ab7b7-4a4f-4705-8d47-3786bbd7c0fa\"><div class=\"ub_divider_wrapper\" style=\"position: relative; margin-bottom: 2px; width: 100%; height: 2px; \" data-divider-alignment=\"center\"><div class=\"ub_divider_line\" style=\"border-top: 2px solid #ccc; margin-top: 2px; \"><\/div><\/div><\/div>\n\n\n<h4 class=\"wp-block-heading\" id=\"forra-del-cellina\"><strong>Forra del Cellina<\/strong><\/h4>\n\n\n\n<p>La Forra del Cellina \u00e8 un canyon formato dal torrente Cellina che taglia le montagne del Friuli. Il bellissimo canyon si snoda tra il Lago di Ravedis e il Lago di Barcis, entrambi laghi artificiali formati da dighe.<\/p>\n\n\n\n<div class=\"wp-block-columns is-layout-flex wp-container-core-columns-is-layout-9d6595d7 wp-block-columns-is-layout-flex\">\n<div class=\"wp-block-column is-layout-flow wp-block-column-is-layout-flow\" style=\"flex-basis:85%\">\n<p>Indirizzo: Riserva naturale Forra del Cellina, 33080 Barcis PN<br>Coordinate: 46.1876, 12.6024<\/p>\n<\/div>\n\n\n\n<div class=\"wp-block-column is-layout-flow wp-block-column-is-layout-flow\" style=\"flex-basis:15%\">\n<p class=\"has-text-align-right\"><a href=\"https:\/\/goo.gl\/maps\/8FW27JDr5pu8tW7FA\" target=\"_blank\" aria-label=\" (opens in a new tab)\" rel=\"noreferrer noopener\" class=\"ek-link\">Google Maps<\/a><\/p>\n<\/div>\n<\/div>\n\n\n<div style=\"margin-top: var(--wp--preset--spacing--40); margin-bottom: var(--wp--preset--spacing--40); \" class=\"wp-block-ub-divider ub_divider ub-divider-orientation-horizontal\" id=\"ub_divider_86d90a99-3aaf-4285-b750-56431a690972\"><div class=\"ub_divider_wrapper\" style=\"position: relative; margin-bottom: 10px; width: 100%; height: 10px; \" data-divider-alignment=\"center\"><div class=\"ub_divider_line\" style=\"border-top: 2px solid #000000; margin-top: 10px; \"><\/div><\/div><\/div>\n\n\n<h2 class=\"wp-block-heading\" id=\"erto-e-casso\"><strong>Erto e Casso<\/strong><\/h2>\n\n\n\n<p>Il comune di Erto e Casso \u00e8 composto da due minuscole frazioni situate tra le montagne vicino al confine tra Friuli Venezia Giulia e <a href=\"https:\/\/www.cosmundus.com\/it\/atlas\/europe\/southern-europe\/italy\/northeast-italy\/veneto\/\" class=\"ek-link\">Veneto<\/a>. \u00c8 tristemente noto per il disastro che colp\u00ec la sua diga nel 1963.<\/p>\n\n\n<div class=\"wp-block-ub-divider ub_divider ub-divider-orientation-horizontal\" id=\"ub_divider_2737fd12-82a7-44c2-9c83-966e4b438abf\"><div class=\"ub_divider_wrapper\" style=\"position: relative; margin-bottom: 2px; width: 100%; height: 2px; \" data-divider-alignment=\"center\"><div class=\"ub_divider_line\" style=\"border-top: 2px solid #ccc; margin-top: 2px; \"><\/div><\/div><\/div>\n\n\n<h4 class=\"wp-block-heading\" id=\"vajont-dam\"><strong><strong>\u272a&nbsp;<\/strong>Diga del Vajont<\/strong><\/h4>\n\n\n\n<p class=\"translation-block\">La Diga del Vajont \u00e8 una delle dighe pi\u00f9 alte del mondo, costruita negli anni cinquanta tra le montagne del Friuli. Nel 1963 un'enorme frana nel vicino lago provoc\u00f2 uno tsunami che travolse la diga, allagando Erto e Casso e distruggendo il paese di Longarone e altri paesi situati nella valle sottostante, in Veneto. Ora la diga \u00e8 in disuso e funge da museo e memoriale delle 2.000 vittime del disastro.<\/p>\n\n\n\n<div class=\"wp-block-columns is-layout-flex wp-container-core-columns-is-layout-9d6595d7 wp-block-columns-is-layout-flex\">\n<div class=\"wp-block-column is-layout-flow wp-block-column-is-layout-flow\" style=\"flex-basis:85%\">\n<p>Indirizzo: Diga del Vajont, 33080 Erto e Casso PN<br>Coordinate: 46.2674, 12.3292<\/p>\n<\/div>\n\n\n\n<div class=\"wp-block-column is-layout-flow wp-block-column-is-layout-flow\" style=\"flex-basis:15%\">\n<p class=\"has-text-align-right\"><a href=\"https:\/\/goo.gl\/maps\/SzjntPAVmX3nFi5N6\" target=\"_blank\" aria-label=\" (opens in a new tab)\" rel=\"noreferrer noopener\" class=\"ek-link\">Google Maps<\/a><\/p>\n<\/div>\n<\/div>\n\n\n<div style=\"margin-top: var(--wp--preset--spacing--40); margin-bottom: var(--wp--preset--spacing--40); \" class=\"wp-block-ub-divider ub_divider ub-divider-orientation-horizontal\" id=\"ub_divider_de2bda9c-5575-41bc-85ae-cad1114466cb\"><div class=\"ub_divider_wrapper\" style=\"position: relative; margin-bottom: 10px; width: 100%; height: 10px; \" data-divider-alignment=\"center\"><div class=\"ub_divider_line\" style=\"border-top: 2px solid #000000; margin-top: 10px; \"><\/div><\/div><\/div>\n\n\n<h2 class=\"wp-block-heading\" id=\"cimolais\"><strong>Cimolais<\/strong><\/h2>\n\n\n\n<p>Cimolais \u00e8 un piccolo villaggio di montagna nelle Alpi Friulane, situato lungo il torrente Cellina. \u00c8 una meta turistica grazie alla sua posizione nello splendido ambiente delle Dolomiti Friulane.<\/p>\n\n\n<div class=\"wp-block-ub-divider ub_divider ub-divider-orientation-horizontal\" id=\"ub_divider_fec1c47c-2185-425a-a890-3ca526fbcf99\"><div class=\"ub_divider_wrapper\" style=\"position: relative; margin-bottom: 2px; width: 100%; height: 2px; \" data-divider-alignment=\"center\"><div class=\"ub_divider_line\" style=\"border-top: 2px solid #ccc; margin-top: 2px; \"><\/div><\/div><\/div>\n\n\n<h4 class=\"wp-block-heading\" id=\"campanile-di-val-montanaia\"><strong>Campanile di Val Montanaia<\/strong><\/h4>\n\n\n\n<p>Il Campanile di Val Montanaia \u00e8 una peculiare formazione rocciosa situata nelle Dolomiti Friulane a nord di Cimolais. Formata da un lungo processo di erosione, si staglia come una torre nel mezzo di una valle, ed \u00e8 un'ambita meta per escursioni e arrampicate.<\/p>\n\n\n\n<div class=\"wp-block-columns is-layout-flex wp-container-core-columns-is-layout-9d6595d7 wp-block-columns-is-layout-flex\">\n<div class=\"wp-block-column is-layout-flow wp-block-column-is-layout-flow\" style=\"flex-basis:85%\">\n<p>Indirizzo: Campanile di Val Montanaia, 33080 Cimolais PN<br>Coordinate: 46.3833, 12.4666<\/p>\n<\/div>\n\n\n\n<div class=\"wp-block-column is-layout-flow wp-block-column-is-layout-flow\" style=\"flex-basis:15%\">\n<p class=\"has-text-align-right\"><a href=\"https:\/\/goo.gl\/maps\/ZwMCpCrQGANXvexg9\" target=\"_blank\" aria-label=\" (opens in a new tab)\" rel=\"noreferrer noopener\" class=\"ek-link\">Google Maps<\/a><\/p>\n<\/div>\n<\/div>","protected":false},"excerpt":{"rendered":"<p>&lt;&lt;&nbsp;Friuli Venezia Giulia The Province of Pordenone occupies the western part of the historic region of Friuli. While the south is a wide plain with the provincial capital at the center, the north is very mountainous. Here are the Friulian Dolomites, dotted with small villages and several natural landmarks. Pordenone Pordenone is a quiet town and the most important city in Western Friuli. Founded as a small port on the Noncello river, the town really developed in the Middle Ages, as the trade routes in the area became more busy. Pordenone was ruled by Austria until the 16th century, when it was taken by Venice. The history of Pordenone from here mirrors that of the rest of Friuli, as it was ruled by Venice, and then occupied by France and Austria before joining Italy in 1866. Pordenone then developed as an industrial city, and finally became the capital of its own province in 1968, separating from the Province of Udine. \u272a&nbsp;Corso Vittorio Emanuele II Once known as Contrada Maggiore, Corso Vittorio Emanuele is the main street of Pordenone. It features a long series of beautiful porticoes on both sides, with historic palaces hosting numerous bars, restaurants, and stores, ending with Palazzo Comunale. Address: Corso Vittorio Emanuele II, 33170 Pordenone PNCoordinates: 45.9565, 12.6597 Google Maps Civic Art Museum of Pordenone The Civic Art Museum of Pordenone (Museo Civico d&#8217;Arte di Pordenone) is located in a historic palace on Corso Vittorio Emanuele II, near Palazzo Comunale. It hosts a collection of local art including various paintings, drawings, and sculptures spanning several centuries. Address: Corso Vittorio Emanuele II, 51, 33170 Pordenone PNCoordinates: 45.9549, 12.6601 Google Maps Palazzo Comunale The historic town hall of Pordenone is a Gothic palace built between the 13th and 14th century and located right at the end of Corso Vittorio Emanuele II. It features a loggia and a clock tower, and it is one of the most emblematic symbols of the city. Address: Corso Vittorio Emanuele II, 64, 33170 Pordenone PNCoordinates: 45.9545, 12.6601 Google Maps Pordenone Cathedral The Pordenone Cathedral (Duomo di Pordenone) is located next to Palazzo Comunale and it&#8217;s the main church in the city. It was built starting in the 13th century but it has been reworked various times and the facade remained unfinished. Inside, it hosts a few interesting historic artworks, while right next to the cathedral is a tall medieval bell tower. Address: Piazza S. Marco, 8, 33170 Pordenone PNCoordinates: 45.9544, 12.6609 Google Maps Barcis Barcis is a tiny hamlet among the mountains of the Province of Pordenone. It is best known for its beautiful artificial lake that attracts many tourists. Forra del Cellina The Forra del Cellina is a canyon formed by the Cellina stream that cuts through the mountains of Friuli. The beautiful canyon runs between Lake Ravedis and Lake Barcis, both of which are artificial lakes formed by dams. Address: Riserva naturale Forra del Cellina, 33080 Barcis PNCoordinates: 46.1876, 12.6024 Google Maps Erto e Casso The municipality of Erto e Casso is composed of two tiny hamlets located among the mountains near the border between Friuli Venezia Giulia and Veneto. It is sadly known for the dam disaster of 1963. \u272a&nbsp;Vajont Dam The Vajont Dam (Diga del Vajont) is one of the tallest dams in the world, built in the 1950s among the mountains of Friuli. In 1963 a huge landslide in the nearby lake causing a tsunami that went over the dam, flooding Erto e Casso and destroying the town of Longarone and other villages located in the valley below, in Veneto. Now the dam is disused and it serves as a museum and memorial of the 2,000 victims of the disaster. Address: Diga del Vajont, 33080 Erto e Casso PNCoordinates: 46.2674, 12.3292 Google Maps Cimolais Cimolais is a small mountain village in the Alps of Friuli, located along the Cellina stream. It is a tourist destination due to its located among the gorgeous environment of the Friulian Dolomites. Campanile di Val Montanaia The Campanile di Val Montanaia is a peculiar rock formation located in the Friulian Dolomites north of Cimolais. Formed by a long process of erosion, it sticks out like a tower in the middle of a valley, and it is a popular destination for hiking and climbing. Address: Campanile di Val Montanaia, 33080 Cimolais PNCoordinates: 46.3833, 12.4666 Google Maps<\/p>","protected":false},"author":1,"featured_media":0,"parent":932,"menu_order":0,"comment_status":"closed","ping_status":"closed","template":"","meta":{"_editorskit_title_hidden":false,"_editorskit_reading_time":0,"_editorskit_is_block_options_detached":false,"_editorskit_block_options_position":"{}","om_disable_all_campaigns":false,"_uag_custom_page_level_css":"","advgb_blocks_editor_width":"","advgb_blocks_columns_visual_guide":"","_monsterinsights_skip_tracking":false,"_monsterinsights_sitenote_active":false,"_monsterinsights_sitenote_note":"","_monsterinsights_sitenote_category":0,"footnotes":""},"class_list":["post-9277","page","type-page","status-publish","hentry"],"aioseo_notices":[],"featured_image_src":null,"uagb_featured_image_src":{"full":false,"thumbnail":false,"medium":false,"medium_large":false,"large":false,"1536x1536":false,"2048x2048":false,"trp-custom-language-flag":false,"xs-thumb":false,"post-thumbnail":false,"minimalistblogger-grid":false,"minimalistblogger-slider":false,"minimalistblogger-small":false},"uagb_author_info":{"display_name":"Stefano Cammisa","author_link":"https:\/\/www.cosmundus.com\/it\/author\/stefano-cammisa\/"},"uagb_comment_info":0,"uagb_excerpt":"&lt;&lt;&nbsp;Friuli Venezia Giulia The Province of Pordenone occupies the western part of the historic region of Friuli. While the south is a wide plain with the provincial capital at the center, the north is very mountainous. Here are the Friulian Dolomites, dotted with small villages and several natural landmarks. Pordenone Pordenone is a quiet town&hellip;","coauthors":[],"author_meta":{"author_link":"https:\/\/www.cosmundus.com\/it\/author\/stefano-cammisa\/","display_name":"Stefano Cammisa"},"relative_dates":{"created":"Pubblicato 2 anni fa","modified":"Aggiornato 2 anni fa"},"absolute_dates":{"created":"Pubblicato il 25 Febbraio 2024","modified":"Aggiornato il 25 Febbraio 2024"},"absolute_dates_time":{"created":"Pubblicato il 25 Febbraio 2024 11:29 am","modified":"Aggiornato il 25 Febbraio 2024 12:25 pm"},"featured_img_caption":"","featured_img":false,"series_order":"","_links":{"self":[{"href":"https:\/\/www.cosmundus.com\/it\/wp-json\/wp\/v2\/pages\/9277","targetHints":{"allow":["GET"]}}],"collection":[{"href":"https:\/\/www.cosmundus.com\/it\/wp-json\/wp\/v2\/pages"}],"about":[{"href":"https:\/\/www.cosmundus.com\/it\/wp-json\/wp\/v2\/types\/page"}],"author":[{"embeddable":true,"href":"https:\/\/www.cosmundus.com\/it\/wp-json\/wp\/v2\/users\/1"}],"replies":[{"embeddable":true,"href":"https:\/\/www.cosmundus.com\/it\/wp-json\/wp\/v2\/comments?post=9277"}],"version-history":[{"count":5,"href":"https:\/\/www.cosmundus.com\/it\/wp-json\/wp\/v2\/pages\/9277\/revisions"}],"predecessor-version":[{"id":9304,"href":"https:\/\/www.cosmundus.com\/it\/wp-json\/wp\/v2\/pages\/9277\/revisions\/9304"}],"up":[{"embeddable":true,"href":"https:\/\/www.cosmundus.com\/it\/wp-json\/wp\/v2\/pages\/932"}],"wp:attachment":[{"href":"https:\/\/www.cosmundus.com\/it\/wp-json\/wp\/v2\/media?parent=9277"}],"curies":[{"name":"wp","href":"https:\/\/api.w.org\/{rel}","templated":true}]}}