{"id":9153,"date":"2024-02-20T14:07:02","date_gmt":"2024-02-20T13:07:02","guid":{"rendered":"https:\/\/www.cosmundus.com\/?page_id=9153"},"modified":"2024-02-20T14:30:30","modified_gmt":"2024-02-20T13:30:30","slug":"vicentine-alps-and-berici-hills","status":"publish","type":"page","link":"https:\/\/www.cosmundus.com\/it\/destinations\/vicentine-alps-and-berici-hills\/","title":{"rendered":"Prealpi Vicentine e Colli Berici"},"content":{"rendered":"<p class=\"has-text-align-right\">&lt;&lt;\u00a0<a href=\"https:\/\/www.cosmundus.com\/it\/atlas\/europe\/southern-europe\/italy\/northeast-italy\/veneto\/\">Veneto<\/a><\/p>\n\n\n\n<p class=\"translation-block\">Una grande parte della Provincia di <a href=\"https:\/\/www.cosmundus.com\/it\/destinations\/vicenza\/\" class=\"ek-link\" target=\"_self\">Vicenza<\/a> \u00e8 occupata da colline e montagne. Appena a sud del capoluogo si trovano i Colli Berici, mentre le Prealpi Vicentine sono a ovest e a nord. Ai piedi delle montagne si trovano diverse localit\u00e0 con attrazioni interessanti, prima tra tutte Bassano del Grappa. Le Prealpi Vicentine presentano alcuni massicci famosi, e qui si trova anche l'Altopiano di Asiago, noto per le sua bellezza naturale.<\/p>\n\n\n\n<div class=\"wp-block-group\"><div class=\"wp-block-group__inner-container is-layout-constrained wp-block-group-is-layout-constrained\"><div style=\"border: 1px solid #8ed1fc; border-radius: 0%; background-color: inherit; \" class=\"ub-styled-box ub-bordered-box wp-block-ub-styled-box\" id=\"ub-styled-box-b5770e4f-9aa8-4400-a534-a6e6921f4f87\">\n<p class=\"has-medium-font-size\" id=\"ub-styled-box-bordered-content-c6119ae7-a5a3-41ed-8bd2-2b9657144b9c\">Posti da vedere nelle Prealpi Vicentine e nei Colli Berici<\/p>\n\n\n<div class=\"wp-block-aioseo-table-of-contents\"><ul><li><a class=\"aioseo-toc-item\" href=\"#montecchio-maggiore\">Montecchio Maggiore<\/a><ul><li><a class=\"aioseo-toc-item\" href=\"#castles-of-romeo-and-juliet\">Castelli di Romeo e Giulietta<\/a><\/li><li><a class=\"aioseo-toc-item\" href=\"#villa-cordellina\">Villa Cordellina<\/a><\/li><\/ul><\/li><li><a class=\"aioseo-toc-item\" href=\"#bassano-del-grappa\">Bassano del Grappa<\/a><ul><li><a class=\"aioseo-toc-item\" href=\"#ponte-degli-alpini\">\u272a\u00a0Ponte degli Alpini<\/a><\/li><li><a class=\"aioseo-toc-item\" href=\"#palazzo-sturm\">Palazzo Sturm<\/a><\/li><li><a class=\"aioseo-toc-item\" href=\"#castle-of-the-ezzelini\">Castello degli Ezzelini<\/a><\/li><li><a class=\"aioseo-toc-item\" href=\"#piazza-garibaldi\">Piazza Garibaldi<\/a><\/li><li><a class=\"aioseo-toc-item\" href=\"#piazza-della-liberta\">Piazza della Libert\u00e0<\/a><\/li><li><a class=\"aioseo-toc-item\" href=\"#poli-grappa-museum\">Poli Museo della Grappa<\/a><\/li><\/ul><\/li><li><a class=\"aioseo-toc-item\" href=\"#marostica\">Marostica<\/a><ul><li><a class=\"aioseo-toc-item\" href=\"#piazza-degli-scacchi\">\u272a\u00a0Piazza degli Scacchi<\/a><\/li><li><a class=\"aioseo-toc-item\" href=\"#marostica-castle\">\u272a\u00a0Marostica Castle<\/a><\/li><\/ul><\/li><li><a class=\"aioseo-toc-item\" href=\"#thiene\">Thiene<\/a><ul><li><a class=\"aioseo-toc-item\" href=\"#thiene-castle\">Castello di Thiene<\/a><\/li><\/ul><\/li><li><a class=\"aioseo-toc-item\" href=\"#schio\">Schio<\/a><ul><li><a class=\"aioseo-toc-item\" href=\"#duomo-of-schio\">Duomo di Schio<\/a><\/li><\/ul><\/li><li><a class=\"aioseo-toc-item\" href=\"#pasubio\">Pasubio<\/a><ul><li><a class=\"aioseo-toc-item\" href=\"#strada-delle-52-gallerie\">\u272a\u00a0Strada delle 52 Gallerie<\/a><\/li><li><a class=\"aioseo-toc-item\" href=\"#military-memorial-of-pasubio\">Sacrario Militare del Pasubio<\/a><\/li><\/ul><\/li><li><a class=\"aioseo-toc-item\" href=\"#monte-cimone-di-tonezza\">Monte Cimone di Tonezza<\/a><ul><li><a class=\"aioseo-toc-item\" href=\"#ossuary-of-monte-cimone\">Ossario del Monte Cimone<\/a><\/li><\/ul><\/li><li><a class=\"aioseo-toc-item\" href=\"#asiago\">Asiago<\/a><ul><li><a class=\"aioseo-toc-item\" href=\"#asiago-war-memorial\">Sacrario Militare di Asiago<\/a><\/li><li><a class=\"aioseo-toc-item\" href=\"#asiago-astrophysical-observatory\">Osservatorio Astrofisico di Asiago<\/a><\/li><\/ul><\/li><\/ul><\/div>\n\n<\/div><\/div><\/div>\n\n\n\n<h2 class=\"wp-block-heading\" id=\"montecchio-maggiore\"><strong>Montecchio Maggiore<\/strong><\/h2>\n\n\n\n<p>Montecchio Maggiore \u00e8 una citt\u00e0 che si trova ad alcuni chilometri a ovest di Vicenza, tra le Prealpi Vicentine e i Colli Berici. Fu abitata fin dall'antichit\u00e0 e segu\u00ec sempre la storia del capoluogo, ma \u00e8 nota come il posto in cui \u00e8 nata la famosa storia di Romeo e Giulietta.<\/p>\n\n\n<div class=\"wp-block-ub-divider ub_divider ub-divider-orientation-horizontal\" id=\"ub_divider_6a7d29cb-5c28-453a-9d55-cf056c5d2faa\"><div class=\"ub_divider_wrapper\" style=\"position: relative; margin-bottom: 2px; width: 100%; height: 2px; \" data-divider-alignment=\"center\"><div class=\"ub_divider_line\" style=\"border-top: 2px solid #ccc; margin-top: 2px; \"><\/div><\/div><\/div>\n\n\n<h4 class=\"wp-block-heading\" id=\"castles-of-romeo-and-juliet\"><strong>Castelli di Romeo e Giulietta<\/strong><\/h4>\n\n\n\n<p class=\"translation-block\">Sulla sommit\u00e0 di un colle che domina Montecchio Maggiore si ergono due castelli medievali. Quello a sud \u00e8 il <strong>Castello della Bellaguardia<\/strong>, mentre quello a nord \u00e8 il <strong>Castello della Villa<\/strong>, e sono anche conosciuti rispettivamente come <strong>Castello di Giulietta<\/strong> e <strong>Castello di Romeo<\/strong>. Secondo una credenza popolare, la vista dei due castelli contrapposti ispir\u00f2 Luigi da Porto a scrivere la storia di Romeo e Giulietta, poi resa celebre da William Shakespeare.<\/p>\n\n\n\n<div class=\"wp-block-columns is-layout-flex wp-container-core-columns-is-layout-9d6595d7 wp-block-columns-is-layout-flex\">\n<div class=\"wp-block-column is-layout-flow wp-block-column-is-layout-flow\" style=\"flex-basis:85%\">\n<p>Indirizzo: Via Castelli 4 Martiri, 721, 36075 Montecchio Maggiore VI<br>Coordinate: 45.5099, 11.4111<\/p>\n<\/div>\n\n\n\n<div class=\"wp-block-column is-layout-flow wp-block-column-is-layout-flow\" style=\"flex-basis:15%\">\n<p class=\"has-text-align-right\"><a href=\"https:\/\/goo.gl\/maps\/8vaCoiLx8gh7S98K6\" target=\"_blank\" aria-label=\" (opens in a new tab)\" rel=\"noreferrer noopener\" class=\"ek-link\">Google Maps<\/a><\/p>\n<\/div>\n<\/div>\n\n\n<div class=\"wp-block-ub-divider ub_divider ub-divider-orientation-horizontal\" id=\"ub_divider_fbbda296-86a8-4924-80f9-36ed227ca6fa\"><div class=\"ub_divider_wrapper\" style=\"position: relative; margin-bottom: 2px; width: 100%; height: 2px; \" data-divider-alignment=\"center\"><div class=\"ub_divider_line\" style=\"border-top: 2px solid #ccc; margin-top: 2px; \"><\/div><\/div><\/div>\n\n\n<h4 class=\"wp-block-heading\" id=\"villa-cordellina\"><strong>Villa Cordellina<\/strong><\/h4>\n\n\n\n<p>Villa Cordellina \u00e8 una grande residenza patrizia costruita nel diciottesimo secolo appena fuori da Montecchio Maggiore. La villa, riccamente ornata, \u00e8 circondata da un parco e presenta un ciclo di affreschi di Tiepolo.<\/p>\n\n\n\n<div class=\"wp-block-columns is-layout-flex wp-container-core-columns-is-layout-9d6595d7 wp-block-columns-is-layout-flex\">\n<div class=\"wp-block-column is-layout-flow wp-block-column-is-layout-flow\" style=\"flex-basis:85%\">\n<p>Indirizzo: Via Lovara, 36, 36075 Montecchio Maggiore-Alte Ceccato VI<br>Coordinate: 45.5089, 11.4249<\/p>\n<\/div>\n\n\n\n<div class=\"wp-block-column is-layout-flow wp-block-column-is-layout-flow\" style=\"flex-basis:15%\">\n<p class=\"has-text-align-right\"><a href=\"https:\/\/goo.gl\/maps\/gvC6tgDVbkZJnvUv6\" target=\"_blank\" aria-label=\" (opens in a new tab)\" rel=\"noreferrer noopener\" class=\"ek-link\">Google Maps<\/a><\/p>\n<\/div>\n<\/div>\n\n\n<div style=\"margin-top: var(--wp--preset--spacing--40); margin-bottom: var(--wp--preset--spacing--40); \" class=\"wp-block-ub-divider ub_divider ub-divider-orientation-horizontal\" id=\"ub_divider_053c5e02-2a65-4881-84d9-f4141dbcda0a\"><div class=\"ub_divider_wrapper\" style=\"position: relative; margin-bottom: 10px; width: 100%; height: 10px; \" data-divider-alignment=\"center\"><div class=\"ub_divider_line\" style=\"border-top: 2px solid #000000; margin-top: 10px; \"><\/div><\/div><\/div>\n\n\n<h2 class=\"wp-block-heading\" id=\"bassano-del-grappa\"><strong>Bassano del Grappa<\/strong><\/h2>\n\n\n\n<p>Bassano del Grappa \u00e8 una citt\u00e0 del Veneto ai piedi delle montagne della Provincia di Vicenza, poco distante dal <a href=\"https:\/\/www.cosmundus.com\/it\/destinations\/marca-trevigiana\/#monte-grappa\" class=\"ek-link\">Monte Grappa<\/a>. Era gi\u00e0 abitata in epoca preromana e romana, ma si svilupp\u00f2 veramente solo nel Medioevo, diventando un importante centro regionale ed entrando infine a far parte della Repubblica di <a href=\"https:\/\/www.cosmundus.com\/it\/destinations\/venice\/\" class=\"ek-link\">Venezia<\/a> e infine dell'Italia. Bassano del Grappa si trov\u00f2 lungo il fronte durante la prima guerra mondiale e sub\u00ec danni anche nella seconda. Ora Bassano del Grappa \u00e8 una sviluppata citt\u00e0 industriale al centro di una conurbazione che comprende vari comuni limitrofi.<\/p>\n\n\n<div class=\"wp-block-ub-divider ub_divider ub-divider-orientation-horizontal\" id=\"ub_divider_9c875d49-6740-4913-a3f6-2da13a457fcf\"><div class=\"ub_divider_wrapper\" style=\"position: relative; margin-bottom: 2px; width: 100%; height: 2px; \" data-divider-alignment=\"center\"><div class=\"ub_divider_line\" style=\"border-top: 2px solid #ccc; margin-top: 2px; \"><\/div><\/div><\/div>\n\n\n<h4 class=\"wp-block-heading\" id=\"ponte-degli-alpini\"><strong><strong><strong>\u272a&nbsp;<\/strong><\/strong>Ponte degli Alpini<\/strong><\/h4>\n\n\n\n<p>Anche noto come: Ponte Vecchio<\/p>\n\n\n\n<p class=\"translation-block\">Il simbolo di Bassano del Grappa \u00e8 il ponte di legno coperto sul fiume Brenta, noto come Ponte degli Alpini o Ponte Vecchio. Il primo ponte in questo luogo fu eretto nel tredicesimo secolo, ma assunse la forma attuale da un progetto di Andrea Palladio nel 1569. Questo ponte fu distrutto e ricostruito tre volte. Croll\u00f2 dopo un'alluvione nel 1748, and\u00f2 a fuoco in un incendio nel 1913, e infine fu fatto esplodere nel 1945. La struttura attuale fu costruita nuovamente nel 1948 seguendo il disegno di Palladio e, dato che la ditta responsabile per il lavoro era legata al corpo militare degli Alpini, divenne noto come Ponte degli Alpini. Ad un'estremit\u00e0 del ponte si trova ora il <strong>Museo degli Alpini<\/strong>, un museo militare dedicato agli Alpini.<\/p>\n\n\n\n<div class=\"wp-block-columns is-layout-flex wp-container-core-columns-is-layout-9d6595d7 wp-block-columns-is-layout-flex\">\n<div class=\"wp-block-column is-layout-flow wp-block-column-is-layout-flow\" style=\"flex-basis:85%\">\n<p>Indirizzo: Ponte Vecchio, 36061 Bassano del Grappa VI<br>Coordinate: 45.7675, 11.7312<\/p>\n<\/div>\n\n\n\n<div class=\"wp-block-column is-layout-flow wp-block-column-is-layout-flow\" style=\"flex-basis:15%\">\n<p class=\"has-text-align-right\"><a href=\"https:\/\/goo.gl\/maps\/FMMeii7MUasiVsow9\" target=\"_blank\" aria-label=\" (opens in a new tab)\" rel=\"noreferrer noopener\" class=\"ek-link\">Google Maps<\/a><\/p>\n<\/div>\n<\/div>\n\n\n<div class=\"wp-block-ub-divider ub_divider ub-divider-orientation-horizontal\" id=\"ub_divider_b3055e36-ec9e-4d65-9509-d506a027f30f\"><div class=\"ub_divider_wrapper\" style=\"position: relative; margin-bottom: 2px; width: 100%; height: 2px; \" data-divider-alignment=\"center\"><div class=\"ub_divider_line\" style=\"border-top: 2px solid #ccc; margin-top: 2px; \"><\/div><\/div><\/div>\n\n\n<h4 class=\"wp-block-heading\" id=\"palazzo-sturm\"><strong>Palazzo Sturm<\/strong><\/h4>\n\n\n\n<p class=\"translation-block\">Palazzo Sturm \u00e8 un grande palazzo decorato del diciottesimo secolo situato lungo il fiume Brenta, e odspita due musei. Uno \u00e8 il <strong>Museo della Ceramica<\/strong>, che mostra la lunga storia della produzione ceramica a Bassano del Grappa. L'altro \u00e8 il <strong>Museo della Stampa Remondini<\/strong>, incentrato sulla storia della stampa e dell'industria ad essa collegata.<\/p>\n\n\n\n<div class=\"wp-block-columns is-layout-flex wp-container-core-columns-is-layout-9d6595d7 wp-block-columns-is-layout-flex\">\n<div class=\"wp-block-column is-layout-flow wp-block-column-is-layout-flow\" style=\"flex-basis:85%\">\n<p>Indirizzo: Via Schiavonetti, 40, 36061 Bassano del Grappa VI<br>Coordinate: 45.7663, 11.7315<\/p>\n<\/div>\n\n\n\n<div class=\"wp-block-column is-layout-flow wp-block-column-is-layout-flow\" style=\"flex-basis:15%\">\n<p class=\"has-text-align-right\"><a href=\"https:\/\/goo.gl\/maps\/vFYE8D6TnmvBFhRMA\" target=\"_blank\" aria-label=\" (opens in a new tab)\" rel=\"noreferrer noopener\" class=\"ek-link\">Google Maps<\/a><\/p>\n<\/div>\n<\/div>\n\n\n<div class=\"wp-block-ub-divider ub_divider ub-divider-orientation-horizontal\" id=\"ub_divider_19f52b1b-9d68-4a77-95c4-2312ac8c492e\"><div class=\"ub_divider_wrapper\" style=\"position: relative; margin-bottom: 2px; width: 100%; height: 2px; \" data-divider-alignment=\"center\"><div class=\"ub_divider_line\" style=\"border-top: 2px solid #ccc; margin-top: 2px; \"><\/div><\/div><\/div>\n\n\n<h4 class=\"wp-block-heading\" id=\"castle-of-the-ezzelini\"><strong>Castello degli Ezzelini<\/strong><\/h4>\n\n\n\n<p class=\"translation-block\">Anche noto come: Castello Superiore<\/p>\n\n\n\n<p class=\"translation-block\">Il Castello degli Ezzelini \u00e8 un complesso fortificato situato su un colle a Bassano del Grappa. Costruito durante il Medioevo, il castello perse in seguito la sua importanza militare. Il principale edificio religioso della citt\u00e0, il <strong>Duomo<\/strong>, si trova all'interno dell'ex castello e ospita diverse opere d'arte.<\/p>\n\n\n\n<div class=\"wp-block-columns is-layout-flex wp-container-core-columns-is-layout-9d6595d7 wp-block-columns-is-layout-flex\">\n<div class=\"wp-block-column is-layout-flow wp-block-column-is-layout-flow\" style=\"flex-basis:85%\">\n<p>Indirizzo: Piazza Castello Ezzelini, 3, 36061 Bassano del Grappa VI<br>Coordinate: 45.7696, 11.7330<\/p>\n<\/div>\n\n\n\n<div class=\"wp-block-column is-layout-flow wp-block-column-is-layout-flow\" style=\"flex-basis:15%\">\n<p class=\"has-text-align-right\"><a href=\"https:\/\/goo.gl\/maps\/pYMrGJCiRhsrKvMi8\" target=\"_blank\" aria-label=\" (opens in a new tab)\" rel=\"noreferrer noopener\" class=\"ek-link\">Google Maps<\/a><\/p>\n<\/div>\n<\/div>\n\n\n<div class=\"wp-block-ub-divider ub_divider ub-divider-orientation-horizontal\" id=\"ub_divider_c49818cc-617c-435c-9eb3-17de385018d1\"><div class=\"ub_divider_wrapper\" style=\"position: relative; margin-bottom: 2px; width: 100%; height: 2px; \" data-divider-alignment=\"center\"><div class=\"ub_divider_line\" style=\"border-top: 2px solid #ccc; margin-top: 2px; \"><\/div><\/div><\/div>\n\n\n<h4 class=\"wp-block-heading\" id=\"piazza-garibaldi\"><strong><strong>Piazza Garibaldi<\/strong><\/strong><\/h4>\n\n\n\n<p class=\"translation-block\">Piazza Garibaldi \u00e8 la storica piazza centrale di Bassano del Grappa. Il lato nord della piazza \u00e8 dominato dalla medievale <strong>Torre Civica<\/strong>, mentre la parte meridionale ospita la romanica <strong>Chiesa di San Francesco<\/strong> e l'ex convento annesso che ospita il <strong>Museo Civico di Bassano del Grappa<\/strong>. Questo museo presenta un'interessante collezione incentrata sull'arte, l'architettura e l'archeologia locali.<\/p>\n\n\n\n<div class=\"wp-block-columns is-layout-flex wp-container-core-columns-is-layout-9d6595d7 wp-block-columns-is-layout-flex\">\n<div class=\"wp-block-column is-layout-flow wp-block-column-is-layout-flow\" style=\"flex-basis:85%\">\n<p>Indirizzo: P.za Garibaldi, 36061 Bassano del Grappa VI<br>Coordinate: 45.7669, 11.7352<\/p>\n<\/div>\n\n\n\n<div class=\"wp-block-column is-layout-flow wp-block-column-is-layout-flow\" style=\"flex-basis:15%\">\n<p class=\"has-text-align-right\"><a href=\"https:\/\/goo.gl\/maps\/21RvAemdrAXAkbf76\" target=\"_blank\" aria-label=\" (opens in a new tab)\" rel=\"noreferrer noopener\" class=\"ek-link\">Google Maps<\/a><\/p>\n<\/div>\n<\/div>\n\n\n<div class=\"wp-block-ub-divider ub_divider ub-divider-orientation-horizontal\" id=\"ub_divider_6affdd23-067d-4666-8cec-944688286440\"><div class=\"ub_divider_wrapper\" style=\"position: relative; margin-bottom: 2px; width: 100%; height: 2px; \" data-divider-alignment=\"center\"><div class=\"ub_divider_line\" style=\"border-top: 2px solid #ccc; margin-top: 2px; \"><\/div><\/div><\/div>\n\n\n<h4 class=\"wp-block-heading\" id=\"piazza-della-liberta\"><strong><strong>Piazza della Libert\u00e0<\/strong><\/strong><\/h4>\n\n\n\n<p class=\"translation-block\">Piazza della Libert\u00e0 \u00e8 una delle due piazze principali di Bassano del Grappa. Oltre ad alcuni monumenti, ospita la neoclassica <strong>Chiesa di San Giovanni Battista<\/strong> e la cinquecentesca <strong>Loggia del Comune<\/strong>.<\/p>\n\n\n\n<div class=\"wp-block-columns is-layout-flex wp-container-core-columns-is-layout-9d6595d7 wp-block-columns-is-layout-flex\">\n<div class=\"wp-block-column is-layout-flow wp-block-column-is-layout-flow\" style=\"flex-basis:85%\">\n<p>Indirizzo: Piazza Libert\u00e0, 35, 36061 Bassano del Grappa VI<br>Coordinate: 45.7667, 11.7339<\/p>\n<\/div>\n\n\n\n<div class=\"wp-block-column is-layout-flow wp-block-column-is-layout-flow\" style=\"flex-basis:15%\">\n<p class=\"has-text-align-right\"><a href=\"https:\/\/goo.gl\/maps\/tpbYaJhtRDuzNq7F7\" target=\"_blank\" aria-label=\" (opens in a new tab)\" rel=\"noreferrer noopener\" class=\"ek-link\">Google Maps<\/a><\/p>\n<\/div>\n<\/div>\n\n\n<div class=\"wp-block-ub-divider ub_divider ub-divider-orientation-horizontal\" id=\"ub_divider_c1d079c9-e1a3-42dd-b923-af719bc5cc2c\"><div class=\"ub_divider_wrapper\" style=\"position: relative; margin-bottom: 2px; width: 100%; height: 2px; \" data-divider-alignment=\"center\"><div class=\"ub_divider_line\" style=\"border-top: 2px solid #ccc; margin-top: 2px; \"><\/div><\/div><\/div>\n\n\n<h4 class=\"wp-block-heading\" id=\"poli-grappa-museum\"><strong><strong>Poli Museo della Grappa<\/strong><\/strong><\/h4>\n\n\n\n<p class=\"translation-block\">Il Poli Museo della Grappa \u00e8 un piccolo museo dedicato alla grappa, la famosa bevanda alcolica locale. Il museo si trova all'interno di una distilleria di Bassano del Grappa, e propone mostre sulla storia e la produzione della grappa.<\/p>\n\n\n\n<div class=\"wp-block-columns is-layout-flex wp-container-core-columns-is-layout-9d6595d7 wp-block-columns-is-layout-flex\">\n<div class=\"wp-block-column is-layout-flow wp-block-column-is-layout-flow\" style=\"flex-basis:85%\">\n<p>Indirizzo: Via B. Gamba, 6, 36061 Bassano del Grappa VI<br>Coordinate: 45.7677, 11.7322<\/p>\n<\/div>\n\n\n\n<div class=\"wp-block-column is-layout-flow wp-block-column-is-layout-flow\" style=\"flex-basis:15%\">\n<p class=\"has-text-align-right\"><a href=\"https:\/\/goo.gl\/maps\/ZfhU712rqFJoVU9n7\" target=\"_blank\" aria-label=\" (opens in a new tab)\" rel=\"noreferrer noopener\" class=\"ek-link\">Google Maps<\/a><\/p>\n<\/div>\n<\/div>\n\n\n<div style=\"margin-top: var(--wp--preset--spacing--40); margin-bottom: var(--wp--preset--spacing--40); \" class=\"wp-block-ub-divider ub_divider ub-divider-orientation-horizontal\" id=\"ub_divider_0c457e41-747f-4520-8346-9bfa05349c63\"><div class=\"ub_divider_wrapper\" style=\"position: relative; margin-bottom: 10px; width: 100%; height: 10px; \" data-divider-alignment=\"center\"><div class=\"ub_divider_line\" style=\"border-top: 2px solid #000000; margin-top: 10px; \"><\/div><\/div><\/div>\n\n\n<h2 class=\"wp-block-heading\" id=\"marostica\"><strong>Marostica<\/strong><\/h2>\n\n\n\n<p>Marostica \u00e8 una citt\u00e0 del Veneto situata ai piedi dei monti appena ad ovest di Bassano del Grappa. La citt\u00e0 si svilupp\u00f2 durante il Medioevo, diventando un'importante postazione militare con le sue mura e i suoi castelli, e conserva ancora oggi la sua atmosfera medievale. Marostica \u00e8 famosa per la partita di scacchi con personaggi viventi che si svolge nella sua piazza principale.<\/p>\n\n\n<div class=\"wp-block-ub-divider ub_divider ub-divider-orientation-horizontal\" id=\"ub_divider_bea89d49-aa0c-418f-b5af-1b12236b3499\"><div class=\"ub_divider_wrapper\" style=\"position: relative; margin-bottom: 2px; width: 100%; height: 2px; \" data-divider-alignment=\"center\"><div class=\"ub_divider_line\" style=\"border-top: 2px solid #ccc; margin-top: 2px; \"><\/div><\/div><\/div>\n\n\n<h4 class=\"wp-block-heading\" id=\"piazza-degli-scacchi\"><strong><strong><strong>\u272a&nbsp;<\/strong><\/strong>Piazza degli Scacchi<\/strong><\/h4>\n\n\n\n<p class=\"translation-block\">Piazza degli Scacchi \u00e8 la piazza principale di Marostica, ed \u00e8 famosa per la sua scacchiera dipinta sul pavimento, che ogni due anni ospita una partita di scacchi umani. La piazza \u00e8 circondata da portici ed edifici storici, dominata dal Castello Inferiore a sud, e dal <strong>Palazzo del Doglione<\/strong> sul lato settentrionale.<\/p>\n\n\n\n<div class=\"wp-block-columns is-layout-flex wp-container-core-columns-is-layout-9d6595d7 wp-block-columns-is-layout-flex\">\n<div class=\"wp-block-column is-layout-flow wp-block-column-is-layout-flow\" style=\"flex-basis:85%\">\n<p>Indirzzo: Piazza degli Scacchi, 36063 Marostica VI<br>Coordinate: 45.7456, 11.6553<\/p>\n<\/div>\n\n\n\n<div class=\"wp-block-column is-layout-flow wp-block-column-is-layout-flow\" style=\"flex-basis:15%\">\n<p class=\"has-text-align-right\"><a href=\"https:\/\/goo.gl\/maps\/FEnWjsjTd8QqAdPD9\" target=\"_blank\" aria-label=\" (opens in a new tab)\" rel=\"noreferrer noopener\" class=\"ek-link\">Google Maps<\/a><\/p>\n<\/div>\n<\/div>\n\n\n<div class=\"wp-block-ub-divider ub_divider ub-divider-orientation-horizontal\" id=\"ub_divider_4fc4a819-3af4-4680-83c7-cc9456eeb396\"><div class=\"ub_divider_wrapper\" style=\"position: relative; margin-bottom: 2px; width: 100%; height: 2px; \" data-divider-alignment=\"center\"><div class=\"ub_divider_line\" style=\"border-top: 2px solid #ccc; margin-top: 2px; \"><\/div><\/div><\/div>\n\n\n<h4 class=\"wp-block-heading\" id=\"marostica-castle\"><strong><strong><strong>\u272a&nbsp;<\/strong><\/strong>Castello di Marostica<\/strong><\/h4>\n\n\n\n<p class=\"translation-block\">Il Castello di Marostica \u00e8 una serie di fortificazioni medievali che circondano il centro della citt\u00e0 di Marostica. Il complesso fu costruito durante il quattordicesimo secolo ed \u00e8 formato dal <strong>Castello Superiore<\/strong>, situato sulla sommit\u00e0 di un colle, e dal <strong>Castello Inferiore<\/strong>, affacciato su Piazza degli Scacchi. Il Castello Inferiore ospita un museo che racconta la storia della partita a scacchi viventi di Marostica. I due castelli sono collegati da delle mura ben conservate che presentano varie porte cittadine.<\/p>\n\n\n\n<div class=\"wp-block-columns is-layout-flex wp-container-core-columns-is-layout-9d6595d7 wp-block-columns-is-layout-flex\">\n<div class=\"wp-block-column is-layout-flow wp-block-column-is-layout-flow\" style=\"flex-basis:85%\">\n<p>Indirizzo: Via Cansignorio della Scala, 4, 36063 Marostica VI<br>Coordinate: 45.7494, 11.6528<\/p>\n<\/div>\n\n\n\n<div class=\"wp-block-column is-layout-flow wp-block-column-is-layout-flow\" style=\"flex-basis:15%\">\n<p class=\"has-text-align-right\"><a href=\"https:\/\/goo.gl\/maps\/1UtjaxAxjDe5oMvM8\" target=\"_blank\" aria-label=\" (opens in a new tab)\" rel=\"noreferrer noopener\" class=\"ek-link\">Google Maps<\/a><\/p>\n<\/div>\n<\/div>\n\n\n<div style=\"margin-top: var(--wp--preset--spacing--40); margin-bottom: var(--wp--preset--spacing--40); \" class=\"wp-block-ub-divider ub_divider ub-divider-orientation-horizontal\" id=\"ub_divider_ed6b6946-79fc-4b00-986d-c5e34bfeac8a\"><div class=\"ub_divider_wrapper\" style=\"position: relative; margin-bottom: 10px; width: 100%; height: 10px; \" data-divider-alignment=\"center\"><div class=\"ub_divider_line\" style=\"border-top: 2px solid #000000; margin-top: 10px; \"><\/div><\/div><\/div>\n\n\n<h2 class=\"wp-block-heading\" id=\"thiene\"><strong>Thiene<\/strong><\/h2>\n\n\n\n<p>Thiene \u00e8 una citt\u00e0 in Provincia di Vicenza che ha le sue origini nel Medioevo, sviluppandosi probabilmente attorno ad un antico castello. Dal diciannovesimo secolo \u00e8 un importante centro industriale.<\/p>\n\n\n<div class=\"wp-block-ub-divider ub_divider ub-divider-orientation-horizontal\" id=\"ub_divider_8393a843-8a8c-4569-bf7e-41b65e5c68c7\"><div class=\"ub_divider_wrapper\" style=\"position: relative; margin-bottom: 2px; width: 100%; height: 2px; \" data-divider-alignment=\"center\"><div class=\"ub_divider_line\" style=\"border-top: 2px solid #ccc; margin-top: 2px; \"><\/div><\/div><\/div>\n\n\n<h4 class=\"wp-block-heading\" id=\"thiene-castle\"><strong>Castello di Thiene<\/strong><\/h4>\n\n\n\n<p>Anche noto come: Palazzo Porto Colleoni Thiene<\/p>\n\n\n\n<p>Il Castello di Thiene \u00e8 una residenza nobiliare fortificata edificata nel quindicesimo secolo nel centro di Thiene. Pur non essendo un vero e proprio castello, \u00e8 circondato da mura difensive con alcune torri. I saloni interni riccamente decorati sono ornati da vari affreschi rinascimentali.<\/p>\n\n\n\n<div class=\"wp-block-columns is-layout-flex wp-container-core-columns-is-layout-9d6595d7 wp-block-columns-is-layout-flex\">\n<div class=\"wp-block-column is-layout-flow wp-block-column-is-layout-flow\" style=\"flex-basis:85%\">\n<p>Indirizzo: Corso Giuseppe Garibaldi, 2, 36016 Thiene VI<br>Coordinate: 45.7066, 11.4784<\/p>\n<\/div>\n\n\n\n<div class=\"wp-block-column is-layout-flow wp-block-column-is-layout-flow\" style=\"flex-basis:15%\">\n<p class=\"has-text-align-right\"><a href=\"https:\/\/goo.gl\/maps\/UL8YDXxaoi6S153P8\" target=\"_blank\" aria-label=\" (opens in a new tab)\" rel=\"noreferrer noopener\" class=\"ek-link\">Google Maps<\/a><\/p>\n<\/div>\n<\/div>\n\n\n<div style=\"margin-top: var(--wp--preset--spacing--40); margin-bottom: var(--wp--preset--spacing--40); \" class=\"wp-block-ub-divider ub_divider ub-divider-orientation-horizontal\" id=\"ub_divider_59d72f5c-cbed-4b67-a74e-f81b8578315c\"><div class=\"ub_divider_wrapper\" style=\"position: relative; margin-bottom: 10px; width: 100%; height: 10px; \" data-divider-alignment=\"center\"><div class=\"ub_divider_line\" style=\"border-top: 2px solid #000000; margin-top: 10px; \"><\/div><\/div><\/div>\n\n\n<h2 class=\"wp-block-heading\" id=\"schio\"><strong>Schio<\/strong><\/h2>\n\n\n\n<p class=\"translation-block\">Schio \u00e8 una citt\u00e0 nella Provincia di Vicenza che si trova ai piedi del massiccio del Pasubio. La citt\u00e0 si \u00e8 sviluppata durante il Medioevo e da allora \u00e8 stata un importante centro regionale. Mentre Schio era sotto il dominio di <a href=\"https:\/\/www.cosmundus.com\/it\/destinations\/venice\/\" class=\"ek-link\" target=\"_self\">Venezia<\/a> divenne un importante sito per la lavorazione della lana ed \u00e8 stato un notevole centro industriale sin dal diciannovesimo secolo.<\/p>\n\n\n<div class=\"wp-block-ub-divider ub_divider ub-divider-orientation-horizontal\" id=\"ub_divider_6f59119d-e9d1-4b14-828f-3994316a6631\"><div class=\"ub_divider_wrapper\" style=\"position: relative; margin-bottom: 2px; width: 100%; height: 2px; \" data-divider-alignment=\"center\"><div class=\"ub_divider_line\" style=\"border-top: 2px solid #ccc; margin-top: 2px; \"><\/div><\/div><\/div>\n\n\n<h4 class=\"wp-block-heading\" id=\"duomo-of-schio\"><strong><strong>Duomo di Schio<\/strong><\/strong><\/h4>\n\n\n\n<p>Anche noto come: Duomo di San Pietro<\/p>\n\n\n\n<p>Il Duomo \u00e8 il principale edificio religioso di Schio. \u00c8 una grande chiesa neoclassica costruita tra il diciottesimo e il diciannovesimo secolo su una piattaforma sopraelevata, e domina il centro della citt\u00e0. L'interno ospita alcune interessanti opere d'arte.<\/p>\n\n\n\n<div class=\"wp-block-columns is-layout-flex wp-container-core-columns-is-layout-9d6595d7 wp-block-columns-is-layout-flex\">\n<div class=\"wp-block-column is-layout-flow wp-block-column-is-layout-flow\" style=\"flex-basis:85%\">\n<p>Indirizzo: Via Cavour, 36015 Schio VI<br>Coordinate: 45.7142, 11.3595<\/p>\n<\/div>\n\n\n\n<div class=\"wp-block-column is-layout-flow wp-block-column-is-layout-flow\" style=\"flex-basis:15%\">\n<p class=\"has-text-align-right\"><a href=\"https:\/\/goo.gl\/maps\/7dgkDVddY38nyKLz6\" target=\"_blank\" aria-label=\" (opens in a new tab)\" rel=\"noreferrer noopener\" class=\"ek-link\">Google Maps<\/a><\/p>\n<\/div>\n<\/div>\n\n\n<div style=\"margin-top: var(--wp--preset--spacing--40); margin-bottom: var(--wp--preset--spacing--40); \" class=\"wp-block-ub-divider ub_divider ub-divider-orientation-horizontal\" id=\"ub_divider_1133f2cf-93b4-4be7-911c-72d1cf2eb1b9\"><div class=\"ub_divider_wrapper\" style=\"position: relative; margin-bottom: 10px; width: 100%; height: 10px; \" data-divider-alignment=\"center\"><div class=\"ub_divider_line\" style=\"border-top: 2px solid #000000; margin-top: 10px; \"><\/div><\/div><\/div>\n\n\n<h2 class=\"wp-block-heading\" id=\"pasubio\"><strong>Pasubio<\/strong><\/h2>\n\n\n\n<p>Il Pasubio \u00e8 un massiccio delle Alpi Vicentine, lungo il confine tra Veneto e <a href=\"https:\/\/www.cosmundus.com\/it\/atlas\/europe\/southern-europe\/italy\/northeast-italy\/trentino-alto-adige\/\" class=\"ek-link\">Trentino-Alto Adige<\/a>. A causa della sua posizione strategica e la notevole altezza, fu teatro di feroci combattimenti tra Italia e Austria durante la prima guerra mondiale. Oggi ospita diverse attrazioni storiche e memoriali della guerra, in un bellissimo ambiente montano.<\/p>\n\n\n<div class=\"wp-block-ub-divider ub_divider ub-divider-orientation-horizontal\" id=\"ub_divider_a54f55c7-3465-4649-8bbb-dd06931ab632\"><div class=\"ub_divider_wrapper\" style=\"position: relative; margin-bottom: 2px; width: 100%; height: 2px; \" data-divider-alignment=\"center\"><div class=\"ub_divider_line\" style=\"border-top: 2px solid #ccc; margin-top: 2px; \"><\/div><\/div><\/div>\n\n\n<h4 class=\"wp-block-heading\" id=\"strada-delle-52-gallerie\"><strong><strong>\u272a&nbsp;<\/strong>Strada delle 52 Gallerie<\/strong><\/h4>\n\n\n\n<p>La Strada delle 52 Gallerie \u00e8 una mulattiera militare che percorre per chilometri il massiccio del Pasubio. La strada fu costruita durante la prima guerra mondiale dai soldati italiani per consentire la comunicazione e il trasferimento dei rifornimenti verso la cima del Pasubio. \u00c8 dotato di 52 tunnel che tagliano la montagna formando ora uno spettacolare e duro sentiero escursionistico. <\/p>\n\n\n\n<div class=\"wp-block-columns is-layout-flex wp-container-core-columns-is-layout-9d6595d7 wp-block-columns-is-layout-flex\">\n<div class=\"wp-block-column is-layout-flow wp-block-column-is-layout-flow\" style=\"flex-basis:85%\">\n<p>Indirizzo: Strada della Prima Armata, 36030 Valli del Pasubio VI<br>Coordinate: 45.7787, 11.2277<\/p>\n<\/div>\n\n\n\n<div class=\"wp-block-column is-layout-flow wp-block-column-is-layout-flow\" style=\"flex-basis:15%\">\n<p class=\"has-text-align-right\"><a href=\"https:\/\/goo.gl\/maps\/Wqqk2mrwGGRsdFY28\" target=\"_blank\" aria-label=\" (opens in a new tab)\" rel=\"noreferrer noopener\" class=\"ek-link\">Google Maps<\/a><\/p>\n<\/div>\n<\/div>\n\n\n<div class=\"wp-block-ub-divider ub_divider ub-divider-orientation-horizontal\" id=\"ub_divider_167ed2a7-ceb2-4be8-9642-b969cbe9c574\"><div class=\"ub_divider_wrapper\" style=\"position: relative; margin-bottom: 2px; width: 100%; height: 2px; \" data-divider-alignment=\"center\"><div class=\"ub_divider_line\" style=\"border-top: 2px solid #ccc; margin-top: 2px; \"><\/div><\/div><\/div>\n\n\n<h4 class=\"wp-block-heading\" id=\"military-memorial-of-pasubio\"><strong><strong>Sacrario Militare del Pasubio<\/strong><\/strong><\/h4>\n\n\n\n<p class=\"translation-block\">Anche noto come: Ossario del Pasubio<\/p>\n\n\n\n<p class=\"translation-block\">Il Sacrario Militare del Pasubio \u00e8 uno degli ossari pi\u00f9 importanti d'Italia, e ospita le spoglie di oltre 5.000 caduti nella prima guerra mondiale. Il grande monumento fu costruito negli anni venti sul massiccio del Pasubio, una delle zone pi\u00f9 contese durante la guerra. Vicino all'ossario sorge un piccolo museo militare.<\/p>\n\n\n\n<div class=\"wp-block-columns is-layout-flex wp-container-core-columns-is-layout-9d6595d7 wp-block-columns-is-layout-flex\">\n<div class=\"wp-block-column is-layout-flow wp-block-column-is-layout-flow\" style=\"flex-basis:85%\">\n<p>Indirizzo: Pian delle Fugazze, 36030 Valli del Pasubio VI<br>Coordinate: 45.7517, 11.1926<\/p>\n<\/div>\n\n\n\n<div class=\"wp-block-column is-layout-flow wp-block-column-is-layout-flow\" style=\"flex-basis:15%\">\n<p class=\"has-text-align-right\"><a href=\"https:\/\/goo.gl\/maps\/rhTwhrB2sdoLz7ti7\" target=\"_blank\" aria-label=\" (opens in a new tab)\" rel=\"noreferrer noopener\" class=\"ek-link\">Google Maps<\/a><\/p>\n<\/div>\n<\/div>\n\n\n<div style=\"margin-top: var(--wp--preset--spacing--40); margin-bottom: var(--wp--preset--spacing--40); \" class=\"wp-block-ub-divider ub_divider ub-divider-orientation-horizontal\" id=\"ub_divider_7cf066c1-6dce-443a-b241-74255f9b45a4\"><div class=\"ub_divider_wrapper\" style=\"position: relative; margin-bottom: 10px; width: 100%; height: 10px; \" data-divider-alignment=\"center\"><div class=\"ub_divider_line\" style=\"border-top: 2px solid #000000; margin-top: 10px; \"><\/div><\/div><\/div>\n\n\n<h2 class=\"wp-block-heading\" id=\"monte-cimone-di-tonezza\"><strong>Monte Cimone di Tonezza<\/strong><\/h2>\n\n\n\n<p>Il Monte Cimone di Tonezza \u00e8 una montagna delle Prealpi Vicentine, famosa per i feroci combattimenti che si svolsero qui durante la prima guerra mondiale. La zona sub\u00ec gravi danni e ancora oggi sopravvivono alcune delle gallerie e delle trincee costruite durante la guerra.<\/p>\n\n\n<div class=\"wp-block-ub-divider ub_divider ub-divider-orientation-horizontal\" id=\"ub_divider_6ea9e78f-78ce-4c86-afd4-559b62d8acf7\"><div class=\"ub_divider_wrapper\" style=\"position: relative; margin-bottom: 2px; width: 100%; height: 2px; \" data-divider-alignment=\"center\"><div class=\"ub_divider_line\" style=\"border-top: 2px solid #ccc; margin-top: 2px; \"><\/div><\/div><\/div>\n\n\n<h4 class=\"wp-block-heading\" id=\"ossuary-of-monte-cimone\"><strong><strong>Ossario del Monte Cimone<\/strong><\/strong><\/h4>\n\n\n\n<p class=\"translation-block\">L'Ossario del Monte Cimone \u00e8 un sacrario militare situato in cima al Monte Cimone di Tonezza. Inaugurato nel 1929, ospita i resti di oltre 1.000 soldati morti in un'esplosione che distrusse la vetta del monte nel 1916.<\/p>\n\n\n\n<div class=\"wp-block-columns is-layout-flex wp-container-core-columns-is-layout-9d6595d7 wp-block-columns-is-layout-flex\">\n<div class=\"wp-block-column is-layout-flow wp-block-column-is-layout-flow\" style=\"flex-basis:85%\">\n<p>Indirizzo: Ossario del Monte Cimone, 36040 Tonezza del Cimone VI<br>Coordinate: 45.8216, 11.3475<\/p>\n<\/div>\n\n\n\n<div class=\"wp-block-column is-layout-flow wp-block-column-is-layout-flow\" style=\"flex-basis:15%\">\n<p class=\"has-text-align-right\"><a href=\"https:\/\/goo.gl\/maps\/qT62eFi2TqdBrXLAA\" target=\"_blank\" aria-label=\" (opens in a new tab)\" rel=\"noreferrer noopener\" class=\"ek-link\">Google Maps<\/a><\/p>\n<\/div>\n<\/div>\n\n\n<div style=\"margin-top: var(--wp--preset--spacing--40); margin-bottom: var(--wp--preset--spacing--40); \" class=\"wp-block-ub-divider ub_divider ub-divider-orientation-horizontal\" id=\"ub_divider_2c1f0e04-488b-44be-99e0-160dafc9322d\"><div class=\"ub_divider_wrapper\" style=\"position: relative; margin-bottom: 10px; width: 100%; height: 10px; \" data-divider-alignment=\"center\"><div class=\"ub_divider_line\" style=\"border-top: 2px solid #000000; margin-top: 10px; \"><\/div><\/div><\/div>\n\n\n<h2 class=\"wp-block-heading\" id=\"asiago\"><strong>Asiago<\/strong><\/h2>\n\n\n\n<p>Asiago \u00e8 una citt\u00e0 situata al centro dell'Altopiano di Asiago, ai piedi delle Alpi. Assunse importanza durante il Medioevo, come capitale della Federazione dei Sette Comuni, una confederazione dei paesi dell'altopiano. L'area fu successivamente governata da Venezia prima di entrare a far parte dell'Italia. Durante la prima guerra mondiale si trov\u00f2 lungo il fronte e sub\u00ec gravi danni nelle battaglie tra l'esercito italiano e quello austriaco. Ora \u00e8 una meta turistica popolare sia in inverno che in estate.<\/p>\n\n\n<div class=\"wp-block-ub-divider ub_divider ub-divider-orientation-horizontal\" id=\"ub_divider_f3ce06e0-ded4-44bc-9c84-adab435d1634\"><div class=\"ub_divider_wrapper\" style=\"position: relative; margin-bottom: 2px; width: 100%; height: 2px; \" data-divider-alignment=\"center\"><div class=\"ub_divider_line\" style=\"border-top: 2px solid #ccc; margin-top: 2px; \"><\/div><\/div><\/div>\n\n\n<h4 class=\"wp-block-heading\" id=\"asiago-war-memorial\"><strong>Sacrario Militare di Asiago<\/strong><\/h4>\n\n\n\n<p class=\"translation-block\">Il Sacrario Militare di Asiago \u00e8 un grande monumento situato appena fuori dal centro cittadino di Asiago. Uno dei pi\u00f9 importanti monumenti ai caduti in Italia, ospita i resti di oltre 50.000 soldati italiani e austriaci della prima guerra mondiale. Fu costruito negli anni trenta e ospita anche un museo con cimeli e oggetti appartenuti ai caduti.<\/p>\n\n\n\n<div class=\"wp-block-columns is-layout-flex wp-container-core-columns-is-layout-9d6595d7 wp-block-columns-is-layout-flex\">\n<div class=\"wp-block-column is-layout-flow wp-block-column-is-layout-flow\" style=\"flex-basis:85%\">\n<p>Indirizzo: Piazzale degli Eroi, 1, 36012 Asiago VI<br>Coordinate: 45.8746, 11.5209<\/p>\n<\/div>\n\n\n\n<div class=\"wp-block-column is-layout-flow wp-block-column-is-layout-flow\" style=\"flex-basis:15%\">\n<p class=\"has-text-align-right\"><a href=\"https:\/\/goo.gl\/maps\/dVkHbJCsnorYMw5P6\" target=\"_blank\" aria-label=\" (opens in a new tab)\" rel=\"noreferrer noopener\" class=\"ek-link\">Google Maps<\/a><\/p>\n<\/div>\n<\/div>\n\n\n<div class=\"wp-block-ub-divider ub_divider ub-divider-orientation-horizontal\" id=\"ub_divider_f82763fa-18d6-4344-88bf-860d17376fb8\"><div class=\"ub_divider_wrapper\" style=\"position: relative; margin-bottom: 2px; width: 100%; height: 2px; \" data-divider-alignment=\"center\"><div class=\"ub_divider_line\" style=\"border-top: 2px solid #ccc; margin-top: 2px; \"><\/div><\/div><\/div>\n\n\n<h4 class=\"wp-block-heading\" id=\"asiago-astrophysical-observatory\"><strong>Osservatorio Astrofisico di Asiago<\/strong><\/h4>\n\n\n\n<p class=\"translation-block\">L'Osservatorio Astrofisico di Asiago \u00e8 un osservatorio astronomico nei pressi di Asiago gestito dall'Universit\u00e0 di <a href=\"https:\/\/www.cosmundus.com\/it\/destinations\/padua\/\" class=\"ek-link\" target=\"_self\">Padova<\/a>. Fondato nel 1942, all'epoca ospitava il pi\u00f9 grande telescopio d'Europa. Ora, il telescopio pi\u00f9 grande d'Italia \u00e8 ospitato in un'altra struttura, situata su una montagna vicina, la <strong>Stazione Osservativa di Cima Ekar<\/strong>, ma il suo centro di controllo si trova all'Osservatorio Astrofisico di Asiago. Il complesso, che ospita anche un museo di strumenti astronomici, \u00e8 una delle principali strutture di ricerca nel campo dell'astronomia in Italia.<\/p>\n\n\n\n<div class=\"wp-block-columns is-layout-flex wp-container-core-columns-is-layout-9d6595d7 wp-block-columns-is-layout-flex\">\n<div class=\"wp-block-column is-layout-flow wp-block-column-is-layout-flow\" style=\"flex-basis:85%\">\n<p>Indirizzo: Via Osservatorio Astronomico, 8, 36012 Asiago VI<br>Coordinate: 45.8664, 11.5256<\/p>\n<\/div>\n\n\n\n<div class=\"wp-block-column is-layout-flow wp-block-column-is-layout-flow\" style=\"flex-basis:15%\">\n<p class=\"has-text-align-right\"><a href=\"https:\/\/goo.gl\/maps\/Ee4cUDAjLhRT9CgM7\" target=\"_blank\" aria-label=\" (opens in a new tab)\" rel=\"noreferrer noopener\" class=\"ek-link\">Google Maps<\/a><\/p>\n<\/div>\n<\/div>","protected":false},"excerpt":{"rendered":"<p>&lt;&lt;\u00a0Veneto A large portion of the Province of Vicenza is occupied by hills and mountains. Just south of the provincial capital are the Berici Hills (Colli Berici), while to the west and north are the Vicentine Alps (Prealpi Vicentine). Various towns with interesting attractions are located at the foot of the mountains, most notably Bassano del Grappa. The Vicentine Alps also feature a few famous massifs, and here is also the Asiago Plateau, known for its natural beauty. Montecchio Maggiore Montecchio Maggiore is a town located just a few kilometers west of Vicenza, between the Vicentine Alps and the Berici Hills. It was inhabited since ancient times and it has always followed the history of the capital of the province, but it is noted as the place in which the famous history of Romeo and Juliet was born. Castles of Romeo and Juliet Two medieval castles stand on top of a hill overlooking Montecchio Maggiore. The southern one is Castello della Bellaguardia, while the northern one is Castello della Villa, and they are also respectively known as Castle of Juliet (Castello di Giulietta) and Castle of Romeo (Castello di Romeo). According to a popular belief, the sight of the two opposing castles inspired Luigi da Porto to write the story of Romeo and Juliet, then made famous by William Shakespeare. Address: Via Castelli 4 Martiri, 721, 36075 Montecchio Maggiore VICoordinates: 45.5099, 11.4111 Google Maps Villa Cordellina Villa Cordellina is a large patrician residence built in the 18th century just outside of Montecchio Maggiore. The richly adorned villa is surrounded by a park and features a series of frescoes by Tiepolo. Address: Via Lovara, 36, 36075 Montecchio Maggiore-Alte Ceccato VICoordinates: 45.5089, 11.4249 Google Maps Bassano del Grappa Bassano del Grappa is a city in Veneto at the foot of the mountains of the Province of Vicenza, not far from Monte Grappa. It was inhabited in the pre-Roman and Roman period, but it truly developed in the the Middle Ages, growing into an important regional center and eventually becoming part of the Republic of Venice and finally Italy. Bassano del Grappa was on the frontline during World War I and also suffered damage in World War II. Now Bassano del Grappa is a developed industrial city at the center of conurbation that includes various neighboring towns. \u272a&nbsp;Ponte degli Alpini Also known as: Ponte Vecchio The symbol of Bassano del Grappa is the covered wooden bridge over the Brenta river, known as Ponte degli Alpini (&#8220;Bridge of the Alpini&#8221;) or Ponte Vecchio (&#8220;Old Bridge&#8221;). The first bridge here was erected in the 13th century but it was replaced with the current design, by Andrea Palladio, in 1569. This bridge was destroyed and rebuilt three times. It collapsed after a flood in 1748, it burned down in a fire in 1913, and finally ruined by an explosion in 1945. The current structure was built again in 1948 following the Palladian design, and since the firm responsible for the work was linked with the Alpini military corps, it became known as Ponte degli Alpini. One end of the bridge now features the Museo degli Alpini, a military museum dedicated to the Alpini. Address: Ponte Vecchio, 36061 Bassano del Grappa VICoordinates: 45.7675, 11.7312 Google Maps Palazzo Sturm Palazzo Sturm is a large 18th-century decorated palace located along the Brenta river, hosting two museums. One is the Ceramics Museum (Museo della Ceramica), showcasing the long history of ceramics production in Bassano del Grappa. The other one is the Remondini Printing Museum (Museo della Stampa Remondini), focused on the history of printing and the related industry. Address: Via Schiavonetti, 40, 36061 Bassano del Grappa VICoordinates: 45.7663, 11.7315 Google Maps Castle of the Ezzelini Also known as: Upper Castle (Castello Superiore) The Castle of the Ezzelini (Castello degli Ezzelini) is a fortified complex located on a hill in Bassano del Grappa. Built during the Middle Ages, the castle later lost its military importance. The main religious building of the city, the Duomo, is inside the former castle and it hosts various artworks. Address: Piazza Castello Ezzelini, 3, 36061 Bassano del Grappa VICoordinates: 45.7696, 11.7330 Google Maps Piazza Garibaldi Piazza Garibaldi is the historic central square of Bassano del Grappa. The north side of the square is dominated by the medieval Civic Tower, while the southern part houses the Romanesque Church of San Francesco and its former adjacent monastery which hosts the Civic Museum of Bassano del Grappa (Museo Civico di Bassano del Grappa). This museum features an interesting collection focused on local art, architecture, and archaeology. Address: P.za Garibaldi, 36061 Bassano del Grappa VICoordinates: 45.7669, 11.7352 Google Maps Piazza della Libert\u00e0 Piazza della Libert\u00e0 is one of the two main squares of Bassano del Grappa. Along with some monuments, it hosts the Neoclassical Church of San Giovanni Battista and the 16th-century Loggia del Comune. Address: Piazza Libert\u00e0, 35, 36061 Bassano del Grappa VICoordinates: 45.7667, 11.7339 Google Maps Poli Grappa Museum The Poli Grappa Museum (Poli Museo della Grappa) is a small museum focused on grappa, the famous local alcoholic beverage. The museum is located inside a distillery in Bassano del Grappa, and features exhibitions on the history and the production of grappa. Address: Via B. Gamba, 6, 36061 Bassano del Grappa VICoordinates: 45.7677, 11.7322 Google Maps Marostica Marostica is a town in Veneto located at the foot of the mountains just west of Bassano del Grappa. The city developed during the Middle Ages, growing into an important military post with its walls and castles, and it keeps its medieval atmosphere to this day. Marostica is famous for hosting a human chess event in its main square. \u272a&nbsp;Piazza degli Scacchi Piazza degli Scacchi (&#8220;Chess Square&#8221;) is the main square of Marostica, and it is famous for its chessboard painted on the ground, which hosts a human chess game every two years. The square is surrounded by porticoes and historic buildings, dominated by the Lower Castle to the south, and Palazzo del Doglione on the northern side. Address: Piazza degli&#8230;<\/p>","protected":false},"author":1,"featured_media":0,"parent":932,"menu_order":0,"comment_status":"closed","ping_status":"closed","template":"","meta":{"_editorskit_title_hidden":false,"_editorskit_reading_time":0,"_editorskit_is_block_options_detached":false,"_editorskit_block_options_position":"{}","om_disable_all_campaigns":false,"_uag_custom_page_level_css":"","advgb_blocks_editor_width":"","advgb_blocks_columns_visual_guide":"","_monsterinsights_skip_tracking":false,"_monsterinsights_sitenote_active":false,"_monsterinsights_sitenote_note":"","_monsterinsights_sitenote_category":0,"footnotes":""},"class_list":["post-9153","page","type-page","status-publish","hentry"],"aioseo_notices":[],"featured_image_src":null,"uagb_featured_image_src":{"full":false,"thumbnail":false,"medium":false,"medium_large":false,"large":false,"1536x1536":false,"2048x2048":false,"trp-custom-language-flag":false,"xs-thumb":false,"post-thumbnail":false,"minimalistblogger-grid":false,"minimalistblogger-slider":false,"minimalistblogger-small":false},"uagb_author_info":{"display_name":"Stefano Cammisa","author_link":"https:\/\/www.cosmundus.com\/it\/author\/stefano-cammisa\/"},"uagb_comment_info":0,"uagb_excerpt":"&lt;&lt;\u00a0Veneto A large portion of the Province of Vicenza is occupied by hills and mountains. Just south of the provincial capital are the Berici Hills (Colli Berici), while to the west and north are the Vicentine Alps (Prealpi Vicentine). Various towns with interesting attractions are located at the foot of the mountains, most notably Bassano&hellip;","coauthors":[],"author_meta":{"author_link":"https:\/\/www.cosmundus.com\/it\/author\/stefano-cammisa\/","display_name":"Stefano Cammisa"},"relative_dates":{"created":"Pubblicato 2 anni fa","modified":"Aggiornato 2 anni fa"},"absolute_dates":{"created":"Pubblicato il 20 Febbraio 2024","modified":"Aggiornato il 20 Febbraio 2024"},"absolute_dates_time":{"created":"Pubblicato il 20 Febbraio 2024 2:07 pm","modified":"Aggiornato il 20 Febbraio 2024 2:30 pm"},"featured_img_caption":"","featured_img":false,"series_order":"","_links":{"self":[{"href":"https:\/\/www.cosmundus.com\/it\/wp-json\/wp\/v2\/pages\/9153","targetHints":{"allow":["GET"]}}],"collection":[{"href":"https:\/\/www.cosmundus.com\/it\/wp-json\/wp\/v2\/pages"}],"about":[{"href":"https:\/\/www.cosmundus.com\/it\/wp-json\/wp\/v2\/types\/page"}],"author":[{"embeddable":true,"href":"https:\/\/www.cosmundus.com\/it\/wp-json\/wp\/v2\/users\/1"}],"replies":[{"embeddable":true,"href":"https:\/\/www.cosmundus.com\/it\/wp-json\/wp\/v2\/comments?post=9153"}],"version-history":[{"count":12,"href":"https:\/\/www.cosmundus.com\/it\/wp-json\/wp\/v2\/pages\/9153\/revisions"}],"predecessor-version":[{"id":9175,"href":"https:\/\/www.cosmundus.com\/it\/wp-json\/wp\/v2\/pages\/9153\/revisions\/9175"}],"up":[{"embeddable":true,"href":"https:\/\/www.cosmundus.com\/it\/wp-json\/wp\/v2\/pages\/932"}],"wp:attachment":[{"href":"https:\/\/www.cosmundus.com\/it\/wp-json\/wp\/v2\/media?parent=9153"}],"curies":[{"name":"wp","href":"https:\/\/api.w.org\/{rel}","templated":true}]}}