{"id":9152,"date":"2024-02-20T15:23:17","date_gmt":"2024-02-20T14:23:17","guid":{"rendered":"https:\/\/www.cosmundus.com\/?page_id=9152"},"modified":"2024-02-20T15:28:49","modified_gmt":"2024-02-20T14:28:49","slug":"lessinia-lake-garda-and-veronese-countryside","status":"publish","type":"page","link":"https:\/\/www.cosmundus.com\/it\/destinations\/lessinia-lake-garda-and-veronese-countryside\/","title":{"rendered":"Lessinia, Lago di Garda e Campagna Veronese"},"content":{"rendered":"<p class=\"has-text-align-right\">&lt;&lt;&nbsp;<a href=\"https:\/\/www.cosmundus.com\/it\/atlas\/europe\/southern-europe\/italy\/northeast-italy\/veneto\/\">Veneto<\/a><\/p>\n\n\n\n<p class=\"translation-block\">Appena a nord di <a href=\"https:\/\/www.cosmundus.com\/it\/destinations\/verona\/\" class=\"ek-link\" target=\"_self\">Verona<\/a> si trova una regione montuosa conosciuta come Lessinia, che comprende la famosa zona vinicola della Valpolicella e vari altri punti di riferimento. La Provincia di Verona include anche la sponda orientale del Lago di Garda, costellata di diverse bellissime cittadine. A sud di Verona si trova invece una vasta area rurale.<\/p>\n\n\n\n<div class=\"wp-block-group\"><div class=\"wp-block-group__inner-container is-layout-constrained wp-block-group-is-layout-constrained\"><div style=\"border: 1px solid #8ed1fc; border-radius: 0%; background-color: inherit; \" class=\"ub-styled-box ub-bordered-box wp-block-ub-styled-box\" id=\"ub-styled-box-c62a9cb2-58bc-4e7f-8cf3-2578fbe49f52\">\n<p class=\"has-medium-font-size\" id=\"ub-styled-box-bordered-content-fd218347-42ba-4846-8a28-a822feecfa9f\">Posti da vedere in Lessinia, sul Lago di Garda e nella Campagna Veronese<\/p>\n\n\n<div class=\"wp-block-aioseo-table-of-contents\"><ul><li><a class=\"aioseo-toc-item\" href=\"#soave\">Soave<\/a><ul><li><a class=\"aioseo-toc-item\" href=\"#scaliger-castle-of-soave\">\u272a Castello Scaligero di Soave<\/a><\/li><\/ul><\/li><li><a class=\"aioseo-toc-item\" href=\"#bolca\">Bolca<\/a><ul><li><a class=\"aioseo-toc-item\" href=\"#museum-of-the-fossils-of-bolca\">Museo dei Fossili di Bolca<\/a><\/li><\/ul><\/li><li><a class=\"aioseo-toc-item\" href=\"#san-giorgio-di-valpolicella\">San Giorgio di Valpolicella<\/a><ul><li><a class=\"aioseo-toc-item\" href=\"#pieve-of-san-giorgio-di-valpolicella\">Pieve di San Giorgio di Valpolicella<\/a><\/li><\/ul><\/li><li><a class=\"aioseo-toc-item\" href=\"#spiazzi\">Spiazzi<\/a><ul><li><a class=\"aioseo-toc-item\" href=\"#sanctuary-of-madonna-della-corona\">\u272a Santuario della Madonna della Corona<\/a><\/li><\/ul><\/li><li><a class=\"aioseo-toc-item\" href=\"#malcesine\">Malcesine<\/a><ul><li><a class=\"aioseo-toc-item\" href=\"#scaliger-castle-of-malcesine\">\u272a\u00a0Castello Scaligero di Malcesine<\/a><\/li><\/ul><\/li><li><a class=\"aioseo-toc-item\" href=\"#torri-del-benaco\">Torri del Benaco<\/a><ul><li><a class=\"aioseo-toc-item\" href=\"#scaliger-castle-of-torri-del-benaco\">Castello Scaligero di Torri del Benaco<\/a><\/li><\/ul><\/li><li><a class=\"aioseo-toc-item\" href=\"#garda\">Garda<\/a><ul><li><a class=\"aioseo-toc-item\" href=\"#punta-san-vigilio\">\u272a Punta San Vigilio<\/a><\/li><\/ul><\/li><li><a class=\"aioseo-toc-item\" href=\"#lazise\">Lazise<\/a><ul><li><a class=\"aioseo-toc-item\" href=\"#gardaland\">\u272a Gardaland<\/a><\/li><li><a class=\"aioseo-toc-item\" href=\"#scaliger-castle-of-lazise\">Castello Scaligero di Lazise<\/a><\/li><li><a class=\"aioseo-toc-item\" href=\"#lazise-promenade\">Lungolago di Lazise<\/a><\/li><\/ul><\/li><li><a class=\"aioseo-toc-item\" href=\"#peschiera-del-garda\">Peschiera del Garda<\/a><ul><li><a class=\"aioseo-toc-item\" href=\"#fortress-of-peschiera-del-garda\">\u272a Fortezza di Peschiera del Garda<\/a><\/li><\/ul><\/li><li><a class=\"aioseo-toc-item\" href=\"#valeggio-sul-mincio\">Valeggio sul Mincio<\/a><ul><li><a class=\"aioseo-toc-item\" href=\"#borghetto\">\u272a Borghetto<\/a><\/li><li><a class=\"aioseo-toc-item\" href=\"#parco-giardino-sigurta\">\u272a Parco Giardino Sigurt\u00e0<\/a><\/li><li><a class=\"aioseo-toc-item\" href=\"#scaliger-castle-of-valeggio-sul-mincio\">Castello Scaligero di Valeggio sul Mincio<\/a><\/li><\/ul><\/li><li><a class=\"aioseo-toc-item\" href=\"#custoza\">Custoza<\/a><ul><li><a class=\"aioseo-toc-item\" href=\"#ossuary-of-custoza\">Ossario di Custoza<\/a><\/li><\/ul><\/li><li><a class=\"aioseo-toc-item\" href=\"#villafranca-di-verona\">Villafranca di Verona<\/a><ul><li><a class=\"aioseo-toc-item\" href=\"#scaliger-castle-of-villafranca-di-verona\">Castello Scaligero di Villafranca di Verona<\/a><\/li><\/ul><\/li><\/ul><\/div>\n\n<\/div><\/div><\/div>\n\n\n\n<h2 class=\"wp-block-heading\" id=\"soave\"><strong>Soave<\/strong><\/h2>\n\n\n\n<p>Soave \u00e8 un paese che si trova a met\u00e0 strada tra Verona e <a href=\"https:\/\/www.cosmundus.com\/it\/destinations\/vicenza\/\">Vicenza<\/a>. Era abitata gi\u00e0 in epoca romana ed era una postazione militare nel Medioevo. Ora \u00e8 famosa per il suo castello e per il locale vino Soave.<\/p>\n\n\n<div class=\"wp-block-ub-divider ub_divider ub-divider-orientation-horizontal\" id=\"ub_divider_07119f6e-bde5-4274-a69d-eafbcc5049bf\"><div class=\"ub_divider_wrapper\" style=\"position: relative; margin-bottom: 2px; width: 100%; height: 2px; \" data-divider-alignment=\"center\"><div class=\"ub_divider_line\" style=\"border-top: 2px solid #ccc; margin-top: 2px; \"><\/div><\/div><\/div>\n\n\n<h4 class=\"wp-block-heading\" id=\"scaliger-castle-of-soave\"><strong>\u272a Castello Scaligero di Soave<\/strong><\/h4>\n\n\n\n<p class=\"translation-block\">Il Castello Scaligero \u00e8 un grande complesso fortificato a Soave, eretto nel tredicesimo secolo. Nonostante il nome, fu costruito prima dei tempi della signoria, e solo successivamente ampliato dagli Scaligeri. La struttura ben conservata domina l'abitato ed \u00e8 collegata con le mura medievali che circondano completamente il centro cittadino di Soave, adornato da torri e tre porte cittadine.<\/p>\n\n\n\n<div class=\"wp-block-columns is-layout-flex wp-container-core-columns-is-layout-9d6595d7 wp-block-columns-is-layout-flex\">\n<div class=\"wp-block-column is-layout-flow wp-block-column-is-layout-flow\" style=\"flex-basis:85%\">\n<p>Indirizzo: Via Castello Scaligero, 12\/14, 37038 Soave VR<br>Coordinate: 45.4230, 11.2507<\/p>\n<\/div>\n\n\n\n<div class=\"wp-block-column is-layout-flow wp-block-column-is-layout-flow\" style=\"flex-basis:15%\">\n<p class=\"has-text-align-right\"><a href=\"https:\/\/goo.gl\/maps\/QrVDwSfqQmoGm5zg9\" target=\"_blank\" aria-label=\" (opens in a new tab)\" rel=\"noreferrer noopener\" class=\"ek-link\">Google Maps<\/a><\/p>\n<\/div>\n<\/div>\n\n\n<div style=\"margin-top: var(--wp--preset--spacing--40); margin-bottom: var(--wp--preset--spacing--40); \" class=\"wp-block-ub-divider ub_divider ub-divider-orientation-horizontal\" id=\"ub_divider_e833cd54-5923-487c-8552-1f451b87d11e\"><div class=\"ub_divider_wrapper\" style=\"position: relative; margin-bottom: 10px; width: 100%; height: 10px; \" data-divider-alignment=\"center\"><div class=\"ub_divider_line\" style=\"border-top: 2px solid #000000; margin-top: 10px; \"><\/div><\/div><\/div>\n\n\n<h2 class=\"wp-block-heading\" id=\"bolca\"><strong>Bolca<\/strong><\/h2>\n\n\n\n<p>Bolca \u00e8 un paese situato tra le montagne della Provincia di Verona, ed \u00e8 una frazione del comune di Vestenanova. \u00c8 famosa per la grande quantit\u00e0 di fossili marini incredibilmente ben conservati trovati nell'area, che era sotto il fondo dell'oceano milioni di anni fa, ed \u00e8 stata sollevata dalla formazione delle Alpi.<\/p>\n\n\n<div class=\"wp-block-ub-divider ub_divider ub-divider-orientation-horizontal\" id=\"ub_divider_369b52ed-971f-48bf-9443-c687b7775cf6\"><div class=\"ub_divider_wrapper\" style=\"position: relative; margin-bottom: 2px; width: 100%; height: 2px; \" data-divider-alignment=\"center\"><div class=\"ub_divider_line\" style=\"border-top: 2px solid #ccc; margin-top: 2px; \"><\/div><\/div><\/div>\n\n\n<h4 class=\"wp-block-heading\" id=\"museum-of-the-fossils-of-bolca\"><strong>Museo dei Fossili di Bolca<\/strong><\/h4>\n\n\n\n<p class=\"translation-block\">Il Museo dei Fossili di Bolca ospita una raccolta di interessanti fossili rinvenuti nel territorio del paese, con reperti che illustrano l'evoluzione dell'ambiente locale. Parte del museo \u00e8 anche la <strong>Pesciara<\/strong>, un sito sulla vicina montagna dove sono stati ritrovati fossili marini eccezionalmente ben conservati.<\/p>\n\n\n\n<div class=\"wp-block-columns is-layout-flex wp-container-core-columns-is-layout-9d6595d7 wp-block-columns-is-layout-flex\">\n<div class=\"wp-block-column is-layout-flow wp-block-column-is-layout-flow\" style=\"flex-basis:85%\">\n<p>Indirizzo: Via S. Giovanni Battista, 50, 37030 Bolca VR<br>Coordinate: 45.5945, 11.2099<\/p>\n<\/div>\n\n\n\n<div class=\"wp-block-column is-layout-flow wp-block-column-is-layout-flow\" style=\"flex-basis:15%\">\n<p class=\"has-text-align-right\"><a href=\"https:\/\/goo.gl\/maps\/eDiRXQKgs8ACSfEH8\" target=\"_blank\" aria-label=\" (opens in a new tab)\" rel=\"noreferrer noopener\" class=\"ek-link\">Google Maps<\/a><\/p>\n<\/div>\n<\/div>\n\n\n<div style=\"margin-top: var(--wp--preset--spacing--40); margin-bottom: var(--wp--preset--spacing--40); \" class=\"wp-block-ub-divider ub_divider ub-divider-orientation-horizontal\" id=\"ub_divider_1e822a38-a492-436e-8873-832d0e971173\"><div class=\"ub_divider_wrapper\" style=\"position: relative; margin-bottom: 10px; width: 100%; height: 10px; \" data-divider-alignment=\"center\"><div class=\"ub_divider_line\" style=\"border-top: 2px solid #000000; margin-top: 10px; \"><\/div><\/div><\/div>\n\n\n<h2 class=\"wp-block-heading\" id=\"san-giorgio-di-valpolicella\"><strong>San Giorgio di Valpolicella<\/strong><\/h2>\n\n\n\n<p class=\"translation-block\">San Giorgio di Valpolicella \u00e8 un piccolo paesino nel comune di Sant'Ambrogio di Valpolicella. Per la sua atmosfera medievale e la spettacolare posizione su una collina che domina il Lago di Garda, \u00e8 considerato uno dei borghi pi\u00f9 belli della Provincia di Verona.<\/p>\n\n\n<div class=\"wp-block-ub-divider ub_divider ub-divider-orientation-horizontal\" id=\"ub_divider_62657eaf-73f9-4456-a9ac-5767093b85d6\"><div class=\"ub_divider_wrapper\" style=\"position: relative; margin-bottom: 2px; width: 100%; height: 2px; \" data-divider-alignment=\"center\"><div class=\"ub_divider_line\" style=\"border-top: 2px solid #ccc; margin-top: 2px; \"><\/div><\/div><\/div>\n\n\n<h4 class=\"wp-block-heading\" id=\"pieve-of-san-giorgio-di-valpolicella\"><strong>Pieve di San Giorgio di Valpolicella<\/strong><\/h4>\n\n\n\n<p>Anche nota come: Pieve of San Giorgio Ingannapoltron<\/p>\n\n\n\n<p>La Pieve di San Giorgio di Valpolicella \u00e8 una chiesa romanica che si classifica tra i migliori esempi di tale architettura nella provincia di Verona. Originariamente era un edificio religioso longobardo dell'Alto Medioevo, poi rimaneggiato nel dodicesimo secolo. Adiacente alla chiesa si trova un piccolo museo archeologico.<\/p>\n\n\n\n<div class=\"wp-block-columns is-layout-flex wp-container-core-columns-is-layout-9d6595d7 wp-block-columns-is-layout-flex\">\n<div class=\"wp-block-column is-layout-flow wp-block-column-is-layout-flow\" style=\"flex-basis:85%\">\n<p>Indirizzo: Piazza della Pieve, 22, 37015 San Giorgio di Valpolicella VR<br>Coordinate: 45.5353, 10.8498<\/p>\n<\/div>\n\n\n\n<div class=\"wp-block-column is-layout-flow wp-block-column-is-layout-flow\" style=\"flex-basis:15%\">\n<p class=\"has-text-align-right\"><a href=\"https:\/\/goo.gl\/maps\/3Fa65SpFX4xd2t6j6\" target=\"_blank\" aria-label=\" (opens in a new tab)\" rel=\"noreferrer noopener\" class=\"ek-link\">Google Maps<\/a><\/p>\n<\/div>\n<\/div>\n\n\n<div style=\"margin-top: var(--wp--preset--spacing--40); margin-bottom: var(--wp--preset--spacing--40); \" class=\"wp-block-ub-divider ub_divider ub-divider-orientation-horizontal\" id=\"ub_divider_3b5721c1-9565-4b1f-ac13-271218a69639\"><div class=\"ub_divider_wrapper\" style=\"position: relative; margin-bottom: 10px; width: 100%; height: 10px; \" data-divider-alignment=\"center\"><div class=\"ub_divider_line\" style=\"border-top: 2px solid #000000; margin-top: 10px; \"><\/div><\/div><\/div>\n\n\n<h2 class=\"wp-block-heading\" id=\"spiazzi\"><strong>Spiazzi<\/strong><\/h2>\n\n\n\n<p>Spiazzi \u00e8 un piccolo borgo alle pendici del Monte Baldo, una catena montuosa delle Alpi vicino al Lago di Garda. Fa parte del comune di Caprino Veronese.<\/p>\n\n\n<div class=\"wp-block-ub-divider ub_divider ub-divider-orientation-horizontal\" id=\"ub_divider_a8b1df33-08e5-40bd-ab98-975622d31358\"><div class=\"ub_divider_wrapper\" style=\"position: relative; margin-bottom: 2px; width: 100%; height: 2px; \" data-divider-alignment=\"center\"><div class=\"ub_divider_line\" style=\"border-top: 2px solid #ccc; margin-top: 2px; \"><\/div><\/div><\/div>\n\n\n<h4 class=\"wp-block-heading\" id=\"sanctuary-of-madonna-della-corona\"><strong>\u272a Santuario della Madonna della Corona<\/strong><\/h4>\n\n\n\n<p>Il Santuario della Madonna della Corona \u00e8 una spettacolare chiesa arroccata sul fianco di un monte nei pressi di Spiazzi. Il complesso, nato come romitorio nell'Alto Medioevo, fu pi\u00f9 volte ampliato con l'inaugurazione di una chiesa nel 1680 e l'ultimo restauro completato solo nel 1988. Per la sua particolare posizione, il santuario offre panorami mozzafiato sulle valli e le montagne circostanti.<\/p>\n\n\n\n<div class=\"wp-block-columns is-layout-flex wp-container-core-columns-is-layout-9d6595d7 wp-block-columns-is-layout-flex\">\n<div class=\"wp-block-column is-layout-flow wp-block-column-is-layout-flow\" style=\"flex-basis:85%\">\n<p>Indirizzo: Vicolo Santuario, 1, 37020 Spiazzi VR<br>Coordinate: 45.6494, 10.8563<\/p>\n<\/div>\n\n\n\n<div class=\"wp-block-column is-layout-flow wp-block-column-is-layout-flow\" style=\"flex-basis:15%\">\n<p class=\"has-text-align-right\"><a href=\"https:\/\/goo.gl\/maps\/F3jYRsAmSvmK4pvYA\" target=\"_blank\" aria-label=\" (opens in a new tab)\" rel=\"noreferrer noopener\" class=\"ek-link\">Google Maps<\/a><\/p>\n<\/div>\n<\/div>\n\n\n<div style=\"margin-top: var(--wp--preset--spacing--40); margin-bottom: var(--wp--preset--spacing--40); \" class=\"wp-block-ub-divider ub_divider ub-divider-orientation-horizontal\" id=\"ub_divider_708e37fd-2398-4550-bdf0-d7e9640270a0\"><div class=\"ub_divider_wrapper\" style=\"position: relative; margin-bottom: 10px; width: 100%; height: 10px; \" data-divider-alignment=\"center\"><div class=\"ub_divider_line\" style=\"border-top: 2px solid #000000; margin-top: 10px; \"><\/div><\/div><\/div>\n\n\n<h2 class=\"wp-block-heading\" id=\"malcesine\"><strong>Malcesine<\/strong><\/h2>\n\n\n\n<p>Malcesine \u00e8 una cittadina situata lungo la sponda orientale del Lago di Garda. Abitata gi\u00e0 in epoca antica, ha ospitato una rocca almeno sin dall'Alto Medioevo. Persa la sua importanza militare, Malcesine divenne una popolare meta turistica e ora il suo bellissimo paesaggio \u00e8 una grande attrazione turistica.<\/p>\n\n\n<div class=\"wp-block-ub-divider ub_divider ub-divider-orientation-horizontal\" id=\"ub_divider_4d08bad3-a7c8-439d-9a22-52c66f8f8b72\"><div class=\"ub_divider_wrapper\" style=\"position: relative; margin-bottom: 2px; width: 100%; height: 2px; \" data-divider-alignment=\"center\"><div class=\"ub_divider_line\" style=\"border-top: 2px solid #ccc; margin-top: 2px; \"><\/div><\/div><\/div>\n\n\n<h4 class=\"wp-block-heading\" id=\"scaliger-castle-of-malcesine\"><strong><strong>\u272a&nbsp;<\/strong>Castello Scaligero di Malcesine<\/strong><\/h4>\n\n\n\n<p class=\"translation-block\">Il Castello Scaligero di Malcesine \u00e8 un complesso fortificato arroccato su una rupe sopra il Lago di Garda. Fu inizialmente costruito dai Longobardi nell'Alto Medioevo, poi distrutto, ricostruito e ampliato, assunse l'aspetto attuale tra il tredicesimo e quattordicesimo secolo. Il castello divenne famoso nel diciannovesimo secolo dopo che Goethe lo descrisse nel suo libro <em>Viaggio in Italia<\/em>, e da allora \u00e8 diventato una popolare attrazione turistica. Oggi ospita un museo con sale dedicate allo scrittore e alla storia e vita locale.<\/p>\n\n\n\n<div class=\"wp-block-columns is-layout-flex wp-container-core-columns-is-layout-9d6595d7 wp-block-columns-is-layout-flex\">\n<div class=\"wp-block-column is-layout-flow wp-block-column-is-layout-flow\" style=\"flex-basis:85%\">\n<p>Indirizzo: Via Castello, 37018 Malcesine VR<br>Coordinate: 45.7662, 10.8083<\/p>\n<\/div>\n\n\n\n<div class=\"wp-block-column is-layout-flow wp-block-column-is-layout-flow\" style=\"flex-basis:15%\">\n<p class=\"has-text-align-right\"><a href=\"https:\/\/goo.gl\/maps\/6EFx3cS6U4h7YP4J7\" target=\"_blank\" aria-label=\" (opens in a new tab)\" rel=\"noreferrer noopener\" class=\"ek-link\">Google Maps<\/a><\/p>\n<\/div>\n<\/div>\n\n\n<div style=\"margin-top: var(--wp--preset--spacing--40); margin-bottom: var(--wp--preset--spacing--40); \" class=\"wp-block-ub-divider ub_divider ub-divider-orientation-horizontal\" id=\"ub_divider_9bf0cab5-f7b5-4db2-af80-b9ce1f70136f\"><div class=\"ub_divider_wrapper\" style=\"position: relative; margin-bottom: 10px; width: 100%; height: 10px; \" data-divider-alignment=\"center\"><div class=\"ub_divider_line\" style=\"border-top: 2px solid #000000; margin-top: 10px; \"><\/div><\/div><\/div>\n\n\n<h2 class=\"wp-block-heading\" id=\"torri-del-benaco\"><strong>Torri del Benaco<\/strong><\/h2>\n\n\n\n<p>Torri del Benaco \u00e8 un paese situato sulle sponde del Lago di Garda, a nord di Garda. Per secoli solo un minuscolo borgo, divenne rilevante nel Basso Medioevo come una delle pi\u00f9 importanti postazioni fortificate sul lago.<\/p>\n\n\n<div class=\"wp-block-ub-divider ub_divider ub-divider-orientation-horizontal\" id=\"ub_divider_8c46f402-b30e-4f47-925a-8dd1bf5fc6ed\"><div class=\"ub_divider_wrapper\" style=\"position: relative; margin-bottom: 2px; width: 100%; height: 2px; \" data-divider-alignment=\"center\"><div class=\"ub_divider_line\" style=\"border-top: 2px solid #ccc; margin-top: 2px; \"><\/div><\/div><\/div>\n\n\n<h4 class=\"wp-block-heading\" id=\"scaliger-castle-of-torri-del-benaco\"><strong>Castello Scaligero di Torri del Benaco<\/strong><\/h4>\n\n\n\n<p class=\"translation-block\">Il Castello Scaligero di Torri del Benaco trae probabilmente origine da una fortificazione romana, successivamente ampliata pi\u00f9 volte. La struttura attuale risale in gran parte al quattordicesimo secolo. Abbandonato da tempo, \u00e8 stato recentemente restaurato e trasformato in un museo di storia locale che ospita anche una serra per limoni e altri agrumi.<\/p>\n\n\n\n<div class=\"wp-block-columns is-layout-flex wp-container-core-columns-is-layout-9d6595d7 wp-block-columns-is-layout-flex\">\n<div class=\"wp-block-column is-layout-flow wp-block-column-is-layout-flow\" style=\"flex-basis:85%\">\n<p>Indirizzo: Viale Fratelli Lavanda, 2, 37010 Torri del Benaco VR<br>Coordinate: 45.6078, 10.6854<\/p>\n<\/div>\n\n\n\n<div class=\"wp-block-column is-layout-flow wp-block-column-is-layout-flow\" style=\"flex-basis:15%\">\n<p class=\"has-text-align-right\"><a href=\"https:\/\/goo.gl\/maps\/mbz8YX4hKbVQMSka9\" target=\"_blank\" aria-label=\" (opens in a new tab)\" rel=\"noreferrer noopener\" class=\"ek-link\">Google Maps<\/a><\/p>\n<\/div>\n<\/div>\n\n\n<div style=\"margin-top: var(--wp--preset--spacing--40); margin-bottom: var(--wp--preset--spacing--40); \" class=\"wp-block-ub-divider ub_divider ub-divider-orientation-horizontal\" id=\"ub_divider_1d9d3c95-3380-4b87-bc94-97fd398b0056\"><div class=\"ub_divider_wrapper\" style=\"position: relative; margin-bottom: 10px; width: 100%; height: 10px; \" data-divider-alignment=\"center\"><div class=\"ub_divider_line\" style=\"border-top: 2px solid #000000; margin-top: 10px; \"><\/div><\/div><\/div>\n\n\n<h2 class=\"wp-block-heading\" id=\"garda\"><strong>Garda<\/strong><\/h2>\n\n\n\n<p>Garda \u00e8 una piccola citt\u00e0 sulla sponda orientale del Lago di Garda, famosa per aver dato il nome all'intero lago. La sua fondazione risale probabilmente all'Alto Medioevo, quando gi\u00e0 era nota per la sua posizione strategica tra due monti che si stagliano lungo il litorale. Per secoli Garda \u00e8 stata la citt\u00e0 pi\u00f9 importante della zona, ed oggi \u00e8 una rinomata meta turistica, con il suo suggestivo centro storico e le bellezze paesaggistiche.<\/p>\n\n\n<div class=\"wp-block-ub-divider ub_divider ub-divider-orientation-horizontal\" id=\"ub_divider_e2bb2833-7c22-456d-83b2-ebf5f6d53674\"><div class=\"ub_divider_wrapper\" style=\"position: relative; margin-bottom: 2px; width: 100%; height: 2px; \" data-divider-alignment=\"center\"><div class=\"ub_divider_line\" style=\"border-top: 2px solid #ccc; margin-top: 2px; \"><\/div><\/div><\/div>\n\n\n<h4 class=\"wp-block-heading\" id=\"punta-san-vigilio\"><strong>\u272a Punta San Vigilio<\/strong><\/h4>\n\n\n\n<p class=\"translation-block\">Punta San Vigilio \u00e8 un piccolo promontorio sul Lago di Garda situato appena fuori da Garda. La zona \u00e8 famosa per i suoi incredibili panorami sul lago, in un bellissimo ambiente naturale. Punta San Vigilio ospita anche una grande villa e un parco con una spiaggia nota come <strong>Baia delle Sirene<\/strong>.<\/p>\n\n\n\n<div class=\"wp-block-columns is-layout-flex wp-container-core-columns-is-layout-9d6595d7 wp-block-columns-is-layout-flex\">\n<div class=\"wp-block-column is-layout-flow wp-block-column-is-layout-flow\" style=\"flex-basis:85%\">\n<p>Indirizzo: Punta S. Vigilio, 37016 Garda VR<br>Coordinate: 45.5735, 10.6730<\/p>\n<\/div>\n\n\n\n<div class=\"wp-block-column is-layout-flow wp-block-column-is-layout-flow\" style=\"flex-basis:15%\">\n<p class=\"has-text-align-right\"><a href=\"https:\/\/goo.gl\/maps\/KM89StYBRbvKYj439\" target=\"_blank\" aria-label=\" (opens in a new tab)\" rel=\"noreferrer noopener\" class=\"ek-link\">Google Maps<\/a><\/p>\n<\/div>\n<\/div>\n\n\n<div style=\"margin-top: var(--wp--preset--spacing--40); margin-bottom: var(--wp--preset--spacing--40); \" class=\"wp-block-ub-divider ub_divider ub-divider-orientation-horizontal\" id=\"ub_divider_b786d56b-0ec5-4069-b2f6-e3bff1153761\"><div class=\"ub_divider_wrapper\" style=\"position: relative; margin-bottom: 10px; width: 100%; height: 10px; \" data-divider-alignment=\"center\"><div class=\"ub_divider_line\" style=\"border-top: 2px solid #000000; margin-top: 10px; \"><\/div><\/div><\/div>\n\n\n<h2 class=\"wp-block-heading\" id=\"lazise\"><strong>Lazise<\/strong><\/h2>\n\n\n\n<p class=\"translation-block\">Lazise \u00e8 un paese sulla sponda orientale del Lago di Garda, e una popolare attrazione turistica grazie al suo bellissimo paesaggio, l'atmosfera affascinante e i vari parchi di divertimento situati nelle vicinanze. Lazise era gi\u00e0 un centro rilevante in epoca romana, ma assunse importanza nel Medioevo. Nel 983 la citt\u00e0 ottenne una serie di privilegi speciali dall'imperatore del Sacro Romano Impero, che potrebbero averlo reso il primo comune d'Italia. Dopo un periodo di indipendenza pass\u00f2 sotto il dominio di Verona, e ha seguito la storia del resto della provincia fino ad oggi.<\/p>\n\n\n<div class=\"wp-block-ub-divider ub_divider ub-divider-orientation-horizontal\" id=\"ub_divider_ea08f55a-fbd5-4879-ad79-61d81624f032\"><div class=\"ub_divider_wrapper\" style=\"position: relative; margin-bottom: 2px; width: 100%; height: 2px; \" data-divider-alignment=\"center\"><div class=\"ub_divider_line\" style=\"border-top: 2px solid #ccc; margin-top: 2px; \"><\/div><\/div><\/div>\n\n\n<h4 class=\"wp-block-heading\" id=\"gardaland\"><strong><strong><strong>\u272a Gardaland<\/strong><\/strong><\/strong><\/h4>\n\n\n\n<p class=\"translation-block\">Gardaland \u00e8 un grande parco divertimenti situato tra i comuni di Lazise e Castelnuovo del Garda, vicino a Peschiera del Garda e alla costa del Lago di Garda. Inaugurato nel 1975, \u00e8 cresciuto fino a diventare il parco tematico pi\u00f9 visitato d'Italia e uno dei pi\u00f9 frequentati d'Europa. Il parco comprende diverse attrazioni, alcuni hotel, un acquario e altro ancora.<\/p>\n\n\n\n<div class=\"wp-block-columns is-layout-flex wp-container-core-columns-is-layout-9d6595d7 wp-block-columns-is-layout-flex\">\n<div class=\"wp-block-column is-layout-flow wp-block-column-is-layout-flow\" style=\"flex-basis:85%\">\n<p>Indirizzo: Gardaland Resort, 37014 Castelnuovo del Garda VR<br>Coordinate: 45.4550, 10.7138<\/p>\n<\/div>\n\n\n\n<div class=\"wp-block-column is-layout-flow wp-block-column-is-layout-flow\" style=\"flex-basis:15%\">\n<p class=\"has-text-align-right\"><a href=\"https:\/\/goo.gl\/maps\/AAQqkjU4FzFb7DS4A\" target=\"_blank\" aria-label=\" (opens in a new tab)\" rel=\"noreferrer noopener\" class=\"ek-link\">Google Maps<\/a><\/p>\n<\/div>\n<\/div>\n\n\n<div class=\"wp-block-ub-divider ub_divider ub-divider-orientation-horizontal\" id=\"ub_divider_592591e8-7c72-4e19-b13d-e65cac18dd0e\"><div class=\"ub_divider_wrapper\" style=\"position: relative; margin-bottom: 2px; width: 100%; height: 2px; \" data-divider-alignment=\"center\"><div class=\"ub_divider_line\" style=\"border-top: 2px solid #ccc; margin-top: 2px; \"><\/div><\/div><\/div>\n\n\n<h4 class=\"wp-block-heading\" id=\"scaliger-castle-of-lazise\"><strong><strong>Castello Scaligero di Lazise<\/strong><\/strong><\/h4>\n\n\n\n<p class=\"translation-block\">Lazise conserva ancora oggi gran parte delle sue antiche mura medievali che circondano quasi completamente il paese e sono adornate da torri e porte cittadine. A queste mura \u00e8 collegato il Castello Scaligero, costruito nel quattordicesimo secolo ampliando le precedenti fortificazioni. Il castello \u00e8 circondato da giardini che si estendono fino alle rive del Lago di Garda.<\/p>\n\n\n\n<div class=\"wp-block-columns is-layout-flex wp-container-core-columns-is-layout-9d6595d7 wp-block-columns-is-layout-flex\">\n<div class=\"wp-block-column is-layout-flow wp-block-column-is-layout-flow\" style=\"flex-basis:85%\">\n<p>Indirizzo: Via Rosenheim, 13, 37017 Lazise VR<br>Coordinate: 45.5040, 10.7328<\/p>\n<\/div>\n\n\n\n<div class=\"wp-block-column is-layout-flow wp-block-column-is-layout-flow\" style=\"flex-basis:15%\">\n<p class=\"has-text-align-right\"><a href=\"https:\/\/goo.gl\/maps\/9JfuFMnDy6xRNS9j9\" target=\"_blank\" aria-label=\" (opens in a new tab)\" rel=\"noreferrer noopener\" class=\"ek-link\">Google Maps<\/a><\/p>\n<\/div>\n<\/div>\n\n\n<div class=\"wp-block-ub-divider ub_divider ub-divider-orientation-horizontal\" id=\"ub_divider_a1f399c6-c8b0-4276-85b9-1332085d1a1e\"><div class=\"ub_divider_wrapper\" style=\"position: relative; margin-bottom: 2px; width: 100%; height: 2px; \" data-divider-alignment=\"center\"><div class=\"ub_divider_line\" style=\"border-top: 2px solid #ccc; margin-top: 2px; \"><\/div><\/div><\/div>\n\n\n<h4 class=\"wp-block-heading\" id=\"lazise-promenade\"><strong><strong>Lungolago di Lazise<\/strong><\/strong><\/h4>\n\n\n\n<p class=\"translation-block\">Il lungolago di Lazise, che costeggia le sponde del Lago di Garda, \u00e8 famoso per la sua affascinante bellezza. Inizia dal porticciolo nei pressi del Castello Scaligero, che ospita l'antica postazione di confine nota come <strong>Dogana Veneta<\/strong>, oggi adibita ad ospitare eventi. La passeggiata prosegue poi verso nord lungo il litorale e offre una vista mozzafiato sul Lago di Garda.<\/p>\n\n\n\n<div class=\"wp-block-columns is-layout-flex wp-container-core-columns-is-layout-9d6595d7 wp-block-columns-is-layout-flex\">\n<div class=\"wp-block-column is-layout-flow wp-block-column-is-layout-flow\" style=\"flex-basis:85%\">\n<p>Indirizzo: Lazise Promenade, 37017 Lazise VR<br>Coordinate: 45.5052, 10.7322<\/p>\n<\/div>\n\n\n\n<div class=\"wp-block-column is-layout-flow wp-block-column-is-layout-flow\" style=\"flex-basis:15%\">\n<p class=\"has-text-align-right\"><a href=\"https:\/\/goo.gl\/maps\/Lv4YzaSj8CfoREXE9\" target=\"_blank\" aria-label=\" (opens in a new tab)\" rel=\"noreferrer noopener\" class=\"ek-link\">Google Maps<\/a><\/p>\n<\/div>\n<\/div>\n\n\n<div style=\"margin-top: var(--wp--preset--spacing--40); margin-bottom: var(--wp--preset--spacing--40); \" class=\"wp-block-ub-divider ub_divider ub-divider-orientation-horizontal\" id=\"ub_divider_34662b4e-61da-4be4-9dfe-5767e3385275\"><div class=\"ub_divider_wrapper\" style=\"position: relative; margin-bottom: 10px; width: 100%; height: 10px; \" data-divider-alignment=\"center\"><div class=\"ub_divider_line\" style=\"border-top: 2px solid #000000; margin-top: 10px; \"><\/div><\/div><\/div>\n\n\n<h2 class=\"wp-block-heading\" id=\"peschiera-del-garda\"><strong>Peschiera del Garda<\/strong><\/h2>\n\n\n\n<p>Peschiera del Garda \u00e8 una citt\u00e0 situata sulla sponda meridionale del Lago di Garda, nel punto in cui il fiume Mincio esce dal lago. Originariamente citt\u00e0 romana, divenne un'importante postazione militare nell'Alto Medioevo, grazie alla sua posizione strategica. Peschiera del Garda mantenne la sua importanza fino al diciannovesimo secolo, quando fu parte fondamentale del sistema difensivo austriaco tra Veneto e Lombardia, ma divenne infine parte dell'Italia nel 1866.<\/p>\n\n\n<div class=\"wp-block-ub-divider ub_divider ub-divider-orientation-horizontal\" id=\"ub_divider_4b861922-85c6-40e9-a6eb-d71be572ff9f\"><div class=\"ub_divider_wrapper\" style=\"position: relative; margin-bottom: 2px; width: 100%; height: 2px; \" data-divider-alignment=\"center\"><div class=\"ub_divider_line\" style=\"border-top: 2px solid #ccc; margin-top: 2px; \"><\/div><\/div><\/div>\n\n\n<h4 class=\"wp-block-heading\" id=\"fortress-of-peschiera-del-garda\"><strong><strong><strong>\u272a <\/strong>Fortress of Peschiera del Garda<\/strong><\/strong><\/h4>\n\n\n\n<p>La Fortezza di Peschiera del Garda \u00e8 un sistema di fortificazioni che occupa le isole nel punto in cui finisce il Lago di Garda e inizia il fiume Mincio. L'attuale fortezza fu costruita nel quindicesimo secolo dai Veneziani, rielaborando alcune strutture precedenti. Fu successivamente ampliata pi\u00f9 volte, soprattutto sotto il dominio austriaco nel diciannovesimo secolo, quando divenne la fortezza pi\u00f9 importante della zona. Comprende numerosi edifici militari, insieme a ponti storici, porte e bastioni.<\/p>\n\n\n\n<div class=\"wp-block-columns is-layout-flex wp-container-core-columns-is-layout-9d6595d7 wp-block-columns-is-layout-flex\">\n<div class=\"wp-block-column is-layout-flow wp-block-column-is-layout-flow\" style=\"flex-basis:85%\">\n<p>Indirizzo: Parco Catullo, 37019 Peschiera del Garda VR<br>Coordinate: 45.4398, 10.6945<\/p>\n<\/div>\n\n\n\n<div class=\"wp-block-column is-layout-flow wp-block-column-is-layout-flow\" style=\"flex-basis:15%\">\n<p class=\"has-text-align-right\"><a href=\"https:\/\/goo.gl\/maps\/DKPvLthjwarCfx6n8\" target=\"_blank\" aria-label=\" (opens in a new tab)\" rel=\"noreferrer noopener\" class=\"ek-link\">Google Maps<\/a><\/p>\n<\/div>\n<\/div>\n\n\n<div style=\"margin-top: var(--wp--preset--spacing--40); margin-bottom: var(--wp--preset--spacing--40); \" class=\"wp-block-ub-divider ub_divider ub-divider-orientation-horizontal\" id=\"ub_divider_838f1dc8-d3b3-4cfb-a56b-504759d5f464\"><div class=\"ub_divider_wrapper\" style=\"position: relative; margin-bottom: 10px; width: 100%; height: 10px; \" data-divider-alignment=\"center\"><div class=\"ub_divider_line\" style=\"border-top: 2px solid #000000; margin-top: 10px; \"><\/div><\/div><\/div>\n\n\n<h2 class=\"wp-block-heading\" id=\"valeggio-sul-mincio\"><strong>Valeggio sul Mincio<\/strong><\/h2>\n\n\n\n<p>Valeggio sul Mincio \u00e8 una citt\u00e0 nella Pianura Padana situata lungo il fiume Mincio, al confine tra Veneto e Lombardia. Fondata nel Medioevo, ha avuto per secoli un'importanza strategica per la sua posizione, ma oggi \u00e8 un centro prevalentemente agricolo.<\/p>\n\n\n<div class=\"wp-block-ub-divider ub_divider ub-divider-orientation-horizontal\" id=\"ub_divider_8da4f128-782f-41ac-85de-676a650e374a\"><div class=\"ub_divider_wrapper\" style=\"position: relative; margin-bottom: 2px; width: 100%; height: 2px; \" data-divider-alignment=\"center\"><div class=\"ub_divider_line\" style=\"border-top: 2px solid #ccc; margin-top: 2px; \"><\/div><\/div><\/div>\n\n\n<h4 class=\"wp-block-heading\" id=\"borghetto\"><strong><strong><strong>\u272a <\/strong>Borghetto<\/strong><\/strong><\/h4>\n\n\n\n<p class=\"translation-block\">Borghetto \u00e8 un minuscolo villaggio adiacente a Valeggio sul Mincio, situato sul fiume Mincio. \u00c8 famoso per i suoi mulini ad acqua e per il bellissimo ambiente creato dagli edifici che si affacciano sul fiume. Una splendida vista su Borghetto si pu\u00f2 godere dal <strong>Ponte Visconteo<\/strong>, una diga fortificata costruita nel 1393 che si erge proprio di fronte al piccolo borgo.<\/p>\n\n\n\n<div class=\"wp-block-columns is-layout-flex wp-container-core-columns-is-layout-9d6595d7 wp-block-columns-is-layout-flex\">\n<div class=\"wp-block-column is-layout-flow wp-block-column-is-layout-flow\" style=\"flex-basis:85%\">\n<p>Indirizzo: Borghetto, 37067 Valeggio sul Mincio VR<br>Coordinate: 45.3536, 10.7244<\/p>\n<\/div>\n\n\n\n<div class=\"wp-block-column is-layout-flow wp-block-column-is-layout-flow\" style=\"flex-basis:15%\">\n<p class=\"has-text-align-right\"><a href=\"https:\/\/goo.gl\/maps\/krizppqXqMbzMWpW7\" target=\"_blank\" aria-label=\" (opens in a new tab)\" rel=\"noreferrer noopener\" class=\"ek-link\">Google Maps<\/a><\/p>\n<\/div>\n<\/div>\n\n\n<div class=\"wp-block-ub-divider ub_divider ub-divider-orientation-horizontal\" id=\"ub_divider_ab789bbc-f133-4d2d-9798-04028503c97c\"><div class=\"ub_divider_wrapper\" style=\"position: relative; margin-bottom: 2px; width: 100%; height: 2px; \" data-divider-alignment=\"center\"><div class=\"ub_divider_line\" style=\"border-top: 2px solid #ccc; margin-top: 2px; \"><\/div><\/div><\/div>\n\n\n<h4 class=\"wp-block-heading\" id=\"parco-giardino-sigurta\"><strong>\u272a Parco Giardino Sigurt\u00e0<\/strong><\/h4>\n\n\n\n<p>Il Parco Giardino Sigurt\u00e0 \u00e8 un grande giardino e parco naturale considerato tra i pi\u00f9 belli d'Europa. Il lussureggiante parco \u00e8 famoso per il suo meraviglioso ambiente, con attrazioni come il popolare labirinto di siepi e milioni di fiori, ma comprende anche vari laghi, stagni e alberi storici.<\/p>\n\n\n\n<div class=\"wp-block-columns is-layout-flex wp-container-core-columns-is-layout-9d6595d7 wp-block-columns-is-layout-flex\">\n<div class=\"wp-block-column is-layout-flow wp-block-column-is-layout-flow\" style=\"flex-basis:85%\">\n<p>Indirizzo: Via Cavour, 1, 37067 Valeggio sul Mincio VR<br>Coordinate: 45.3578, 10.7312<\/p>\n<\/div>\n\n\n\n<div class=\"wp-block-column is-layout-flow wp-block-column-is-layout-flow\" style=\"flex-basis:15%\">\n<p class=\"has-text-align-right\"><a href=\"https:\/\/goo.gl\/maps\/bNP53vDheHuFYxn97\" target=\"_blank\" aria-label=\" (opens in a new tab)\" rel=\"noreferrer noopener\" class=\"ek-link\">Google Maps<\/a><\/p>\n<\/div>\n<\/div>\n\n\n<div class=\"wp-block-ub-divider ub_divider ub-divider-orientation-horizontal\" id=\"ub_divider_c2fb92ab-31a1-4be2-9907-7bd06d192b84\"><div class=\"ub_divider_wrapper\" style=\"position: relative; margin-bottom: 2px; width: 100%; height: 2px; \" data-divider-alignment=\"center\"><div class=\"ub_divider_line\" style=\"border-top: 2px solid #ccc; margin-top: 2px; \"><\/div><\/div><\/div>\n\n\n<h4 class=\"wp-block-heading\" id=\"scaliger-castle-of-valeggio-sul-mincio\"><strong><strong>Castello Scaligero di Valeggio sul Mincio<\/strong><\/strong><\/h4>\n\n\n\n<p class=\"translation-block\">Il Castello Scaligero di Valeggio sul Mincio fu costruito nel tredicesimo secolo in una posizione strategicamente importante lungo il fiume Mincio. Dopo che i domini di Verona entrarono a far parte della Repubblica di <a href=\"https:\/\/www.cosmundus.com\/it\/destinations\/venice\/\" class=\"ek-link\" target=\"_self\">Venezia<\/a> nel 1405, il castello fu abbandonato e restaurato solo nel ventesimo secolo.<\/p>\n\n\n\n<div class=\"wp-block-columns is-layout-flex wp-container-core-columns-is-layout-9d6595d7 wp-block-columns-is-layout-flex\">\n<div class=\"wp-block-column is-layout-flow wp-block-column-is-layout-flow\" style=\"flex-basis:85%\">\n<p>Indirizzo: Via degli Scaligeri, 37067 Valeggio sul Mincio VR<br>Coordinate: 45.3529, 10.7302<\/p>\n<\/div>\n\n\n\n<div class=\"wp-block-column is-layout-flow wp-block-column-is-layout-flow\" style=\"flex-basis:15%\">\n<p class=\"has-text-align-right\"><a href=\"https:\/\/goo.gl\/maps\/AVxXuswoCK6fK3gZ7\" target=\"_blank\" aria-label=\" (opens in a new tab)\" rel=\"noreferrer noopener\" class=\"ek-link\">Google Maps<\/a><\/p>\n<\/div>\n<\/div>\n\n\n<div style=\"margin-top: var(--wp--preset--spacing--40); margin-bottom: var(--wp--preset--spacing--40); \" class=\"wp-block-ub-divider ub_divider ub-divider-orientation-horizontal\" id=\"ub_divider_d02b98e7-a182-4890-bcd9-65fa1a4e9202\"><div class=\"ub_divider_wrapper\" style=\"position: relative; margin-bottom: 10px; width: 100%; height: 10px; \" data-divider-alignment=\"center\"><div class=\"ub_divider_line\" style=\"border-top: 2px solid #000000; margin-top: 10px; \"><\/div><\/div><\/div>\n\n\n<h2 class=\"wp-block-heading\" id=\"custoza\"><strong>Custoza<\/strong><\/h2>\n\n\n\n<p>Custoza \u00e8 un paesino in Provincia di Verona che fa parte del comune di Sommacampagna. \u00c8 famosa per essere stato il luogo di due importanti battaglie durante le guerre d'indipendenza italiane.<\/p>\n\n\n<div class=\"wp-block-ub-divider ub_divider ub-divider-orientation-horizontal\" id=\"ub_divider_65bf4a12-e300-447b-a6ef-3947395d7721\"><div class=\"ub_divider_wrapper\" style=\"position: relative; margin-bottom: 2px; width: 100%; height: 2px; \" data-divider-alignment=\"center\"><div class=\"ub_divider_line\" style=\"border-top: 2px solid #ccc; margin-top: 2px; \"><\/div><\/div><\/div>\n\n\n<h4 class=\"wp-block-heading\" id=\"ossuary-of-custoza\"><strong>Ossario di Custoza<\/strong><\/h4>\n\n\n\n<p class=\"translation-block\">L'Ossario di Custoza \u00e8 un monumento ai caduti che si trova a Custoza, sul luogo di due battaglie del Risorgimento italiano, combattute nel 1848 e nel 1866. Il monumento ospita i resti di soldati caduti nelle guerre d'indipendenza italiane e fu inaugurato nel 1879.<\/p>\n\n\n\n<div class=\"wp-block-columns is-layout-flex wp-container-core-columns-is-layout-9d6595d7 wp-block-columns-is-layout-flex\">\n<div class=\"wp-block-column is-layout-flow wp-block-column-is-layout-flow\" style=\"flex-basis:85%\">\n<p>Indirizzo: Str. Ossario, 17, 37066 Sommacampagna VR<br>Coordinate: 45.3789, 10.7938<\/p>\n<\/div>\n\n\n\n<div class=\"wp-block-column is-layout-flow wp-block-column-is-layout-flow\" style=\"flex-basis:15%\">\n<p class=\"has-text-align-right\"><a href=\"https:\/\/goo.gl\/maps\/juMwtvGpnHFhD37i9\" target=\"_blank\" aria-label=\" (opens in a new tab)\" rel=\"noreferrer noopener\" class=\"ek-link\">Google Maps<\/a><\/p>\n<\/div>\n<\/div>\n\n\n<div style=\"margin-top: var(--wp--preset--spacing--40); margin-bottom: var(--wp--preset--spacing--40); \" class=\"wp-block-ub-divider ub_divider ub-divider-orientation-horizontal\" id=\"ub_divider_beaaa2b6-0fc0-4e98-bc61-54886f0b0b5d\"><div class=\"ub_divider_wrapper\" style=\"position: relative; margin-bottom: 10px; width: 100%; height: 10px; \" data-divider-alignment=\"center\"><div class=\"ub_divider_line\" style=\"border-top: 2px solid #000000; margin-top: 10px; \"><\/div><\/div><\/div>\n\n\n<h2 class=\"wp-block-heading\" id=\"villafranca-di-verona\"><strong>Villafranca di Verona<\/strong><\/h2>\n\n\n\n<p>Villafranca di Verona \u00e8 una citt\u00e0 che si trova a sud-ovest di Verona e ha avuto origine come postazione militare nel Medioevo. La citt\u00e0 fu nuovamente importante dal punto di vista militare durante il Risorgimento italiano e fu il luogo in cui venne firmato l'armistizio di Villafranca nel 1859, che pose fine alla seconda guerra d'indipendenza italiana.<\/p>\n\n\n<div class=\"wp-block-ub-divider ub_divider ub-divider-orientation-horizontal\" id=\"ub_divider_4d52fdb6-6df9-47d7-973c-21d9f8449eab\"><div class=\"ub_divider_wrapper\" style=\"position: relative; margin-bottom: 2px; width: 100%; height: 2px; \" data-divider-alignment=\"center\"><div class=\"ub_divider_line\" style=\"border-top: 2px solid #ccc; margin-top: 2px; \"><\/div><\/div><\/div>\n\n\n<h4 class=\"wp-block-heading\" id=\"scaliger-castle-of-villafranca-di-verona\"><strong>Castello Scaligero di Villafranca di Verona<\/strong><\/h4>\n\n\n\n<p class=\"translation-block\">Il ben conservato Castello Scaligero di Villafranca di Verona fu costruito nel dodicesimo secolo ed era all'epoca una delle fortezze pi\u00f9 importanti del territorio governato da Verona. Successivamente abbandonato, \u00e8 stato restaurato nel diciannovesimo e ventesimo secolo, e ora i suoi giardini sono utilizzati come sede di concerti ed eventi.<\/p>\n\n\n\n<div class=\"wp-block-columns is-layout-flex wp-container-core-columns-is-layout-9d6595d7 wp-block-columns-is-layout-flex\">\n<div class=\"wp-block-column is-layout-flow wp-block-column-is-layout-flow\" style=\"flex-basis:85%\">\n<p>Indirizzo: Castello Scaligero, 37069 Villafranca di Verona VR<br>Coordinate: 45.3499, 10.8426<\/p>\n<\/div>\n\n\n\n<div class=\"wp-block-column is-layout-flow wp-block-column-is-layout-flow\" style=\"flex-basis:15%\">\n<p class=\"has-text-align-right\"><a href=\"https:\/\/goo.gl\/maps\/9UN53UE4E7Q2QDbZ8\" target=\"_blank\" aria-label=\" (opens in a new tab)\" rel=\"noreferrer noopener\" class=\"ek-link\">Google Maps<\/a><\/p>\n<\/div>\n<\/div>","protected":false},"excerpt":{"rendered":"<p>&lt;&lt;&nbsp;Veneto Just north of Verona is a mountainous region known as Lessinia, which includes the famous wine-making area of Valpolicella, and various other landmarks. The Province of Verona also includes the eastern shore of Lake Garda, dotted with several beautiful towns. South of Verona is instead a vast rural area. Soave Soave is a town located halfway between Verona and Vicenza. It was already inhabited during the Roman period and a military post in the Middle Ages. Now it is famous for its castle and the local Soave wine. \u272a Scaliger Castle of Soave The Scaliger Castle (Castello Scaligero) is a large fortified complex in Soave, erected in the 13th century. Despite the name, it was built before the times of the signoria, and only later expanded by the Scaligers. The well preserved structure dominates over the town and it is connected with the medieval walls that completely surround the city center of Soave, adorned with towers and three city gates. Address: Via Castello Scaligero, 12\/14, 37038 Soave VRCoordinates: 45.4230, 11.2507 Google Maps Bolca Bolca is a village located among the mountains of the Province of Verona, part of the municipality of Vestenanova. It is famous for the large amount of incredibly well-preserved marine fossils found in the area, which was under the ocean floor millions of years ago, and has been uplifted by the formation of the Alps. Museum of the Fossils of Bolca The Museum of the Fossils of Bolca (Museo dei Fossili di Bolca) hosts a collection of interesting fossils unearthed in the area around the town, with exhibits that display the evolution of the local environment. Part of the museum is also the Pesciara, an excavation site on the nearby mountain where exceptionally well-preserved marine fossils have been found. Address: Via S. Giovanni Battista, 50, 37030 Bolca VRCoordinates: 45.5945, 11.2099 Google Maps San Giorgio di Valpolicella San Giorgio di Valpolicella is a tiny village part of the municipality of Sant&#8217;Ambrogio di Valpolicella. Due to its medieval atmosphere and spectacular position on a hill overlooking Lake Garda, it is regarded as one of the most beautiful towns of the Province of Verona. Pieve of San Giorgio di Valpolicella Also known as: Pieve of San Giorgio Ingannapoltron The Pieve of San Giorgio di Valpolicella is a Romanesque church ranked among the best examples of such architecture in the Province of Verona. This was originally a Lombard religious building in the Early Middle Ages, later reworked in the 12th century. Adjacent to the church there is a small archaeological museum. Address: Piazza della Pieve, 22, 37015 San Giorgio di Valpolicella VRCoordinates: 45.5353, 10.8498 Google Maps Spiazzi Spiazzi is a tiny hamlet on the slopes of Monte Baldo, a mountain range in the Alps near Lake Garda. It forms part of the municipality of Caprino Veronese. \u272a Sanctuary of Madonna della Corona The Sanctuary of Madonna della Corona is a spectacular church perched on the side of a mountain near Spiazzi. The complex originated as a hermitage during the Late Middle Ages, and it was expanded several times with a church inaugurated in 1680 and the final restoration only being completed in 1988. Due to its peculiar position, the sanctuary offers breathtaking views over the surrounding valleys and mountains. Address: Vicolo Santuario, 1, 37020 Spiazzi VRCoordinates: 45.6494, 10.8563 Google Maps Malcesine Malcesine is a town located along the eastern shores of Lake Garda. It was already inhabited in ancient times, and it has hosted a fortress at least since the Early Middle Ages. Once its military importance was lost, Malcesine became a popular tourist destination and now its beautiful landscape is a major attraction. \u272a&nbsp;Scaliger Castle of Malcesine The Scaliger Castle of Malcesine (Castello Scaligero di Malcesine) is a fortified complex perched on a cliff above Lake Garda. It was initially built by the Lombards in the Early Middle Ages, and later destroyed, rebuilt, and expanded, with its current appearance dating from the 13th and 14th century. The castle became famous in the 19th century after Goethe described it in his book Italian Journey, and it has since been a popular tourist attraction. Now it hosts a museum with halls dedicated to the writer and to local history and life. Address: Via Castello, 37018 Malcesine VRCoordinates: 45.7662, 10.8083 Google Maps Torri del Benaco Torri del Benaco is a small town located on the shores of Lake Garda, north of Garda. For centuries just a tiny village, it became relevant in the Late Middle Ages as one of the most important fortified positions on the lake. Scaliger Castle of Torri del Benaco The Scaliger Castle of Torri del Benaco (Castello Scaligero di Torri del Benaco) probably has its origins in a Roman fortification, later expanded several times. The current structure mostly dates from the 14th century. Abandoned for a long time, it was recently restored and turned into a museum of local history which also hosts a greenhouse for lemons and other citrus fruits. Address: Viale Fratelli Lavanda, 2, 37010 Torri del Benaco VRCoordinates: 45.6078, 10.6854 Google Maps Garda Garda is a small town of the eastern shore of Lake Garda, famous for giving its name to the entire lake. It was founded probably in the Early Middle Ages, when it was already noted for its strategic position between two mountains that stand along the shoreline. For centuries Garda was the most important city in the area, and now it is a renowned tourist destination, with its charming old town and beautiful landscape. \u272a Punta San Vigilio Punta San Vigilio is a small promontory on Lake Garda located just outside Garda. The area is famous for its incredible vistas over the lake, among a beautiful natural environment. Punta San Vigilio also features a large villa, and a park with a beach known as Baia delle Sirene (&#8220;Bay of the Mermaids&#8221;). Address: Punta S. Vigilio, 37016 Garda VRCoordinates: 45.5735, 10.6730 Google Maps Lazise Lazise is a town on the eastern shore of Lake Garda, and a popular tourist attraction thanks to&#8230;<\/p>","protected":false},"author":1,"featured_media":0,"parent":932,"menu_order":0,"comment_status":"closed","ping_status":"closed","template":"","meta":{"_editorskit_title_hidden":false,"_editorskit_reading_time":0,"_editorskit_is_block_options_detached":false,"_editorskit_block_options_position":"{}","om_disable_all_campaigns":false,"_uag_custom_page_level_css":"","advgb_blocks_editor_width":"","advgb_blocks_columns_visual_guide":"","_monsterinsights_skip_tracking":false,"_monsterinsights_sitenote_active":false,"_monsterinsights_sitenote_note":"","_monsterinsights_sitenote_category":0,"footnotes":""},"class_list":["post-9152","page","type-page","status-publish","hentry"],"aioseo_notices":[],"featured_image_src":null,"uagb_featured_image_src":{"full":false,"thumbnail":false,"medium":false,"medium_large":false,"large":false,"1536x1536":false,"2048x2048":false,"trp-custom-language-flag":false,"xs-thumb":false,"post-thumbnail":false,"minimalistblogger-grid":false,"minimalistblogger-slider":false,"minimalistblogger-small":false},"uagb_author_info":{"display_name":"Stefano Cammisa","author_link":"https:\/\/www.cosmundus.com\/it\/author\/stefano-cammisa\/"},"uagb_comment_info":0,"uagb_excerpt":"&lt;&lt;&nbsp;Veneto Just north of Verona is a mountainous region known as Lessinia, which includes the famous wine-making area of Valpolicella, and various other landmarks. The Province of Verona also includes the eastern shore of Lake Garda, dotted with several beautiful towns. South of Verona is instead a vast rural area. Soave Soave is a town&hellip;","coauthors":[],"author_meta":{"author_link":"https:\/\/www.cosmundus.com\/it\/author\/stefano-cammisa\/","display_name":"Stefano Cammisa"},"relative_dates":{"created":"Pubblicato 2 anni fa","modified":"Aggiornato 2 anni fa"},"absolute_dates":{"created":"Pubblicato il 20 Febbraio 2024","modified":"Aggiornato il 20 Febbraio 2024"},"absolute_dates_time":{"created":"Pubblicato il 20 Febbraio 2024 3:23 pm","modified":"Aggiornato il 20 Febbraio 2024 3:28 pm"},"featured_img_caption":"","featured_img":false,"series_order":"","_links":{"self":[{"href":"https:\/\/www.cosmundus.com\/it\/wp-json\/wp\/v2\/pages\/9152","targetHints":{"allow":["GET"]}}],"collection":[{"href":"https:\/\/www.cosmundus.com\/it\/wp-json\/wp\/v2\/pages"}],"about":[{"href":"https:\/\/www.cosmundus.com\/it\/wp-json\/wp\/v2\/types\/page"}],"author":[{"embeddable":true,"href":"https:\/\/www.cosmundus.com\/it\/wp-json\/wp\/v2\/users\/1"}],"replies":[{"embeddable":true,"href":"https:\/\/www.cosmundus.com\/it\/wp-json\/wp\/v2\/comments?post=9152"}],"version-history":[{"count":18,"href":"https:\/\/www.cosmundus.com\/it\/wp-json\/wp\/v2\/pages\/9152\/revisions"}],"predecessor-version":[{"id":9205,"href":"https:\/\/www.cosmundus.com\/it\/wp-json\/wp\/v2\/pages\/9152\/revisions\/9205"}],"up":[{"embeddable":true,"href":"https:\/\/www.cosmundus.com\/it\/wp-json\/wp\/v2\/pages\/932"}],"wp:attachment":[{"href":"https:\/\/www.cosmundus.com\/it\/wp-json\/wp\/v2\/media?parent=9152"}],"curies":[{"name":"wp","href":"https:\/\/api.w.org\/{rel}","templated":true}]}}