{"id":9038,"date":"2024-02-19T16:09:47","date_gmt":"2024-02-19T15:09:47","guid":{"rendered":"https:\/\/www.cosmundus.com\/?page_id=9038"},"modified":"2024-02-19T16:15:50","modified_gmt":"2024-02-19T15:15:50","slug":"marca-trevigiana","status":"publish","type":"page","link":"https:\/\/www.cosmundus.com\/it\/destinations\/marca-trevigiana\/","title":{"rendered":"Marca Trevigiana"},"content":{"rendered":"<p class=\"has-text-align-right\">&lt;&lt;&nbsp;<a href=\"https:\/\/www.cosmundus.com\/it\/atlas\/europe\/southern-europe\/italy\/northeast-italy\/veneto\/\">Veneto<\/a><\/p>\n\n\n\n<p class=\"translation-block\">Marca Trevigiana \u00e8 il nome dato al territorio attorno alla citt\u00e0 di <a href=\"https:\/\/www.cosmundus.com\/it\/destinations\/treviso\/\" target=\"_self\">Treviso<\/a>. Nel Medioevo si trattava di un'area vagamente delimitata del Veneto nord-orientale intorno a Treviso, e oggi con questo nome si identifica l'intera provincia. La parte meridionale \u00e8 una pianura prevalentemente rurale, con delle citt\u00e0 pi\u00f9 grandi e alcune interessanti attrazioni. Spostandosi verso nord, diverse belle cittadine si trovano ai piedi delle colline e tra le montagne.<\/p>\n\n\n\n<div class=\"wp-block-group\"><div class=\"wp-block-group__inner-container is-layout-constrained wp-block-group-is-layout-constrained\"><div style=\"border: 1px solid #8ed1fc; border-radius: 0%; background-color: inherit; \" class=\"ub-styled-box ub-bordered-box wp-block-ub-styled-box\" id=\"ub-styled-box-2fbe5ac5-0fea-437f-a8ba-62efd555a540\">\n<p class=\"has-medium-font-size\" id=\"ub-styled-box-bordered-content-c102b277-426c-4e44-bec9-0842604f198d\">Posti da vedere nella Marca Trevigiana<\/p>\n\n\n<div class=\"wp-block-aioseo-table-of-contents\"><ul><li><a class=\"aioseo-toc-item\" href=\"#castelfranco-veneto\">Castelfranco Veneto<\/a><ul><li><a class=\"aioseo-toc-item\" href=\"#castelfranco-veneto-castle\">\u272a Castello di Castelfranco Veneto<\/a><\/li><li><a class=\"aioseo-toc-item\" href=\"#castelfranco-veneto-cathedral\">\u272a Duomo di Castelfranco Veneto<\/a><\/li><li><a class=\"aioseo-toc-item\" href=\"#museo-casa-giorgione\">Museo Casa Giorgione<\/a><\/li><\/ul><\/li><li><a class=\"aioseo-toc-item\" href=\"#fanzolo\">Fanzolo<\/a><ul><li><a class=\"aioseo-toc-item\" href=\"#villa-emo\">Villa Emo<\/a><\/li><\/ul><\/li><li><a class=\"aioseo-toc-item\" href=\"#altivole\">Altivole<\/a><ul><li><a class=\"aioseo-toc-item\" href=\"#brion-tomb\">Tomba Brion<\/a><\/li><\/ul><\/li><li><a class=\"aioseo-toc-item\" href=\"#asolo\">Asolo<\/a><ul><li><a class=\"aioseo-toc-item\" href=\"#asolo-castle\">\u272a\u00a0Castello di Asolo<\/a><\/li><li><a class=\"aioseo-toc-item\" href=\"#rocca-of-asolo\">Rocca di Asolo<\/a><\/li><li><a class=\"aioseo-toc-item\" href=\"#asolo-cathedral\">Duomo di Asolo<\/a><\/li><li><a class=\"aioseo-toc-item\" href=\"#civic-museum-of-asolo\">Museo Civico di Asolo<\/a><\/li><\/ul><\/li><li><a class=\"aioseo-toc-item\" href=\"#maser\">Maser<\/a><ul><li><a class=\"aioseo-toc-item\" href=\"#villa-barbaro\">Villa Barbaro<\/a><\/li><\/ul><\/li><li><a class=\"aioseo-toc-item\" href=\"#cornuda\">Cornuda<\/a><ul><li><a class=\"aioseo-toc-item\" href=\"#tipoteca-italiana\">Tipoteca Italiana<\/a><\/li><\/ul><\/li><li><a class=\"aioseo-toc-item\" href=\"#possagno\">Possagno<\/a><ul><li><a class=\"aioseo-toc-item\" href=\"#museo-gypsotheca-antonio-canova\">\u272a\u00a0Museo Gypsotheca Antonio Canova<\/a><\/li><li><a class=\"aioseo-toc-item\" href=\"#tempio-canoviano\">\u272a\u00a0Tempio Canoviano<\/a><\/li><\/ul><\/li><li><a class=\"aioseo-toc-item\" href=\"#monte-grappa\">Monte Grappa<\/a><ul><li><a class=\"aioseo-toc-item\" href=\"#military-memorial-of-monte-grappa\">\u272a\u00a0Sacrario Militare del Monte Grappa<\/a><\/li><\/ul><\/li><li><a class=\"aioseo-toc-item\" href=\"#nervesa-della-battaglia\">Nervesa della Battaglia<\/a><ul><li><a class=\"aioseo-toc-item\" href=\"#abbey-of-santeustachio\">Abbazia di Sant'Eustachio<\/a><\/li><li><a class=\"aioseo-toc-item\" href=\"#military-memorial-of-montello\">Sacrario Militare del Montello<\/a><\/li><\/ul><\/li><li><a class=\"aioseo-toc-item\" href=\"#conegliano\">Conegliano<\/a><ul><li><a class=\"aioseo-toc-item\" href=\"#conegliano-cathedral\">\u272a Duomo di Conegliano<\/a><\/li><li><a class=\"aioseo-toc-item\" href=\"#conegliano-castle\">Castello di Conegliano<\/a><\/li><\/ul><\/li><li><a class=\"aioseo-toc-item\" href=\"#vittorio-veneto\">Vittorio Veneto<\/a><ul><li><a class=\"aioseo-toc-item\" href=\"#museo-del-cenedese\">Museo del Cenedese<\/a><\/li><li><a class=\"aioseo-toc-item\" href=\"#museum-of-the-battle-of-vittorio-veneto\">Museo della Battaglia di Vittorio Veneto<\/a><\/li><\/ul><\/li><li><a class=\"aioseo-toc-item\" href=\"#cison-di-valmarino\">Cison di Valmarino<\/a><ul><li><a class=\"aioseo-toc-item\" href=\"#castelbrando\">Castelbrando<\/a><\/li><\/ul><\/li><li><a class=\"aioseo-toc-item\" href=\"#follina\">Follina<\/a><ul><li><a class=\"aioseo-toc-item\" href=\"#abbey-of-santa-maria\">Abbazia di Santa Maria<\/a><\/li><\/ul><\/li><li><a class=\"aioseo-toc-item\" href=\"#oderzo\">Oderzo<\/a><ul><li><a class=\"aioseo-toc-item\" href=\"#eno-bellis-archaeological-museum\">Museo Archeologico Eno Bellis<\/a><\/li><\/ul><\/li><\/ul><\/div>\n\n<\/div><\/div><\/div>\n\n\n\n<h2 class=\"wp-block-heading\" id=\"castelfranco-veneto\"><strong>Castelfranco Veneto<\/strong><\/h2>\n\n\n\n<p class=\"translation-block\">Castelfranco Veneto \u00e8 una citt\u00e0 murata posta tra Treviso, <a href=\"https:\/\/www.cosmundus.com\/it\/destinations\/padua\/\" class=\"ek-link\" target=\"_self\">Padova<\/a>, e <a href=\"https:\/\/www.cosmundus.com\/it\/destinations\/vicenza\/\" class=\"ek-link\" target=\"_self\">Vicenza<\/a>. Fu fondata tra il 1195 e il 1199 come avamposto militare di Treviso per difendersi dai vicini rivali. Successivamente la citt\u00e0 pass\u00f2 sotto il dominio di <a href=\"https:\/\/www.cosmundus.com\/it\/destinations\/venice\/\" class=\"ek-link\" target=\"_self\">Venezia<\/a> e visse il suo massimo splendore nell'epoca rinascimentale, quando fu abitata da ricche famiglie patrizie e divenne famosa come centro culturale e luogo di nascita dell'artista Giorgione. Oggi, Castelfranco Veneto conserva ancora il suo centro storico e il castello medievale ed \u00e8 rinomata per il suo ricco patrimonio culturale.<\/p>\n\n\n<div class=\"wp-block-ub-divider ub_divider ub-divider-orientation-horizontal\" id=\"ub_divider_a299d9e8-a1fc-4514-9be3-212ec2009684\"><div class=\"ub_divider_wrapper\" style=\"position: relative; margin-bottom: 2px; width: 100%; height: 2px; \" data-divider-alignment=\"center\"><div class=\"ub_divider_line\" style=\"border-top: 2px solid #ccc; margin-top: 2px; \"><\/div><\/div><\/div>\n\n\n<h4 class=\"wp-block-heading\" id=\"castelfranco-veneto-castle\"><strong>\u272a Castello di Castelfranco Veneto<\/strong><\/h4>\n\n\n\n<p class=\"translation-block\">Un castello medievale domina il centro della citt\u00e0 di Castelfranco Veneto. Fu eretta alla fine del dodicesimo secolo ed \u00e8 una delle fortificazioni storiche meglio conservate del Veneto. Il castello \u00e8 circondato da un fossato e presenta diverse torri, tra cui la <strong>Torre Civica<\/strong>, che si erge in cima a una delle porte.<\/p>\n\n\n\n<div class=\"wp-block-columns is-layout-flex wp-container-core-columns-is-layout-9d6595d7 wp-block-columns-is-layout-flex\">\n<div class=\"wp-block-column is-layout-flow wp-block-column-is-layout-flow\" style=\"flex-basis:66.66%\">\n<p>Indirizzo: Piazza Giorgione, 31033 Castelfranco Veneto TV<br>Coordinate: 45.6727, 11.9253<\/p>\n<\/div>\n\n\n\n<div class=\"wp-block-column is-layout-flow wp-block-column-is-layout-flow\" style=\"flex-basis:33.33%\">\n<p class=\"has-text-align-right\"><a href=\"https:\/\/goo.gl\/maps\/t5dcA2ja2tDFvUe57\" target=\"_blank\" aria-label=\" (opens in a new tab)\" rel=\"noreferrer noopener\" class=\"ek-link\">Google Maps<\/a><\/p>\n<\/div>\n<\/div>\n\n\n<div class=\"wp-block-ub-divider ub_divider ub-divider-orientation-horizontal\" id=\"ub_divider_fd8e382f-fcbe-45e5-bf88-dbd889d40030\"><div class=\"ub_divider_wrapper\" style=\"position: relative; margin-bottom: 2px; width: 100%; height: 2px; \" data-divider-alignment=\"center\"><div class=\"ub_divider_line\" style=\"border-top: 2px solid #ccc; margin-top: 2px; \"><\/div><\/div><\/div>\n\n\n<h4 class=\"wp-block-heading\" id=\"castelfranco-veneto-cathedral\"><strong>\u272a Duomo di Castelfranco Veneto<\/strong><\/h4>\n\n\n\n<p class=\"translation-block\">Il Duomo di Castelfranco Veneto fu costruito in stile neoclassico durante il diciottesimo secolo sul sito di una precedente chiesa pi\u00f9 antica. \u00c8 famoso per ospitare la celebre <em>Pala di Castelfranco<\/em>, dipinta da Giorgione nel 1504, e tra le sue opere pi\u00f9 iconiche. La sagrestia ospita anche un ciclo di affreschi di Veronese.<\/p>\n\n\n\n<div class=\"wp-block-columns is-layout-flex wp-container-core-columns-is-layout-9d6595d7 wp-block-columns-is-layout-flex\">\n<div class=\"wp-block-column is-layout-flow wp-block-column-is-layout-flow\" style=\"flex-basis:66.66%\">\n<p>Indirizzo: Vicolo del Cristo, 14, 31033 Castelfranco Veneto TV<br>Coordinate: 45.6710, 11.9266<\/p>\n<\/div>\n\n\n\n<div class=\"wp-block-column is-layout-flow wp-block-column-is-layout-flow\" style=\"flex-basis:33.33%\">\n<p class=\"has-text-align-right\"><a href=\"https:\/\/goo.gl\/maps\/XmAAarjGdPxZauNy6\" target=\"_blank\" aria-label=\" (opens in a new tab)\" rel=\"noreferrer noopener\" class=\"ek-link\">Google Maps<\/a><\/p>\n<\/div>\n<\/div>\n\n\n<div class=\"wp-block-ub-divider ub_divider ub-divider-orientation-horizontal\" id=\"ub_divider_aa71ff95-b0a5-48c0-b023-af23cd10c99f\"><div class=\"ub_divider_wrapper\" style=\"position: relative; margin-bottom: 2px; width: 100%; height: 2px; \" data-divider-alignment=\"center\"><div class=\"ub_divider_line\" style=\"border-top: 2px solid #ccc; margin-top: 2px; \"><\/div><\/div><\/div>\n\n\n<h4 class=\"wp-block-heading\" id=\"museo-casa-giorgione\"><strong><strong>Museo Casa Giorgione<\/strong><\/strong><\/h4>\n\n\n\n<p>Situato accanto al Duomo, il Museo Casa Giorgione \u00e8 un museo dedicato al celebre artista che nacque a Castelfranco Veneto. La collezione di questo museo mette in mostra non solo l'artista, ma anche il ricco ambiente culturale della citt\u00e0 durante il Rinascimento.<\/p>\n\n\n\n<div class=\"wp-block-columns is-layout-flex wp-container-core-columns-is-layout-9d6595d7 wp-block-columns-is-layout-flex\">\n<div class=\"wp-block-column is-layout-flow wp-block-column-is-layout-flow\" style=\"flex-basis:66.66%\">\n<p>Indirizzo: Piazza S. Liberale, 31033 Castelfranco Veneto TV<br>Coordinate: 45.6709, 11.9270<\/p>\n<\/div>\n\n\n\n<div class=\"wp-block-column is-layout-flow wp-block-column-is-layout-flow\" style=\"flex-basis:33.33%\">\n<p class=\"has-text-align-right\"><a href=\"https:\/\/goo.gl\/maps\/tH5Ndj7ndhfPp6uk8\" target=\"_blank\" aria-label=\" (opens in a new tab)\" rel=\"noreferrer noopener\" class=\"ek-link\">Google Maps<\/a><\/p>\n<\/div>\n<\/div>\n\n\n<div style=\"margin-top: var(--wp--preset--spacing--40); margin-bottom: var(--wp--preset--spacing--40); \" class=\"wp-block-ub-divider ub_divider ub-divider-orientation-horizontal\" id=\"ub_divider_800ff56e-b609-4622-b9c8-728d5c8fbc5f\"><div class=\"ub_divider_wrapper\" style=\"position: relative; margin-bottom: 10px; width: 100%; height: 10px; \" data-divider-alignment=\"center\"><div class=\"ub_divider_line\" style=\"border-top: 2px solid #000000; margin-top: 10px; \"><\/div><\/div><\/div>\n\n\n<h2 class=\"wp-block-heading\" id=\"fanzolo\"><strong>Fanzolo<\/strong><\/h2>\n\n\n\n<p>Fanzolo \u00e8 un paesino a nord-est di Castelfranco Veneto, e fa parte del comune di Vedelago. \u00c8 solo un piccolo villaggio ma \u00e8 noto per ospitare una delle pi\u00f9 famose ville palladiane.<\/p>\n\n\n<div class=\"wp-block-ub-divider ub_divider ub-divider-orientation-horizontal\" id=\"ub_divider_60f1b45f-9869-420b-854a-2d35c0d490e7\"><div class=\"ub_divider_wrapper\" style=\"position: relative; margin-bottom: 2px; width: 100%; height: 2px; \" data-divider-alignment=\"center\"><div class=\"ub_divider_line\" style=\"border-top: 2px solid #ccc; margin-top: 2px; \"><\/div><\/div><\/div>\n\n\n<h4 class=\"wp-block-heading\" id=\"villa-emo\"><strong>Villa Emo<\/strong><\/h4>\n\n\n\n<p>Villa Emo \u00e8 una grande residenza patrizia progettata da Andrea Palladio ed eretta nel corso del sedicesimo secolo. Una delle opere pi\u00f9 notevoli dell'architetto, \u00e8 nella lista dei siti Patrimonio Mondiale dell'UNESCO. L'edificio centrale presenta un salone decorato da un imponente ciclo di affreschi, ed \u00e8 fiancheggiato da due lunghe ali colonnate. <\/p>\n\n\n\n<div class=\"wp-block-columns is-layout-flex wp-container-core-columns-is-layout-9d6595d7 wp-block-columns-is-layout-flex\">\n<div class=\"wp-block-column is-layout-flow wp-block-column-is-layout-flow\" style=\"flex-basis:85%\">\n<p>Indirizzo: Via Stazione, 5, 31050 Fanzolo TV<br>Coordinate: 45.7117, 11.9913<\/p>\n<\/div>\n\n\n\n<div class=\"wp-block-column is-layout-flow wp-block-column-is-layout-flow\" style=\"flex-basis:15%\">\n<p class=\"has-text-align-right\"><a href=\"https:\/\/goo.gl\/maps\/FEr3AGyb8FgjLbc96\" target=\"_blank\" aria-label=\" (opens in a new tab)\" rel=\"noreferrer noopener\" class=\"ek-link\">Google Maps<\/a><\/p>\n<\/div>\n<\/div>\n\n\n<div style=\"margin-top: var(--wp--preset--spacing--40); margin-bottom: var(--wp--preset--spacing--40); \" class=\"wp-block-ub-divider ub_divider ub-divider-orientation-horizontal\" id=\"ub_divider_c48186ad-c7bc-4b45-b864-d1105d77c7b1\"><div class=\"ub_divider_wrapper\" style=\"position: relative; margin-bottom: 10px; width: 100%; height: 10px; \" data-divider-alignment=\"center\"><div class=\"ub_divider_line\" style=\"border-top: 2px solid #000000; margin-top: 10px; \"><\/div><\/div><\/div>\n\n\n<h2 class=\"wp-block-heading\" id=\"altivole\"><strong>Altivole<\/strong><\/h2>\n\n\n\n<p>Altivole \u00e8 un paesino in Provincia di Treviso. \u00c8 noto soprattutto per il complesso funerario modernista nella vicina frazione di San Vito d'Altivole.<\/p>\n\n\n<div class=\"wp-block-ub-divider ub_divider ub-divider-orientation-horizontal\" id=\"ub_divider_3449bdb2-5285-48c9-83b5-1c26e492de43\"><div class=\"ub_divider_wrapper\" style=\"position: relative; margin-bottom: 2px; width: 100%; height: 2px; \" data-divider-alignment=\"center\"><div class=\"ub_divider_line\" style=\"border-top: 2px solid #ccc; margin-top: 2px; \"><\/div><\/div><\/div>\n\n\n<h4 class=\"wp-block-heading\" id=\"brion-tomb\"><strong><strong>Tomba Brion<\/strong><\/strong><\/h4>\n\n\n\n<p class=\"translation-block\">La Tomba Brion \u00e8 un monumento funerario situato nel cimitero di San Vito, vicino ad Altivole. Il complesso \u00e8 stato progettato da Carlo Scarpa ed eretto negli anni settanta. Il peculiare complesso monumentale presenta vari imponenti pezzi di architettura modernista e funge da luogo di sepoltura della famiglia Brion.<\/p>\n\n\n\n<div class=\"wp-block-columns is-layout-flex wp-container-core-columns-is-layout-9d6595d7 wp-block-columns-is-layout-flex\">\n<div class=\"wp-block-column is-layout-flow wp-block-column-is-layout-flow\" style=\"flex-basis:85%\">\n<p>Indirizzo: Cimitero di San Vito, Via Brioni, 31030 Altivole TV<br>Coordinate: 45.7512, 11.9137<\/p>\n<\/div>\n\n\n\n<div class=\"wp-block-column is-layout-flow wp-block-column-is-layout-flow\" style=\"flex-basis:15%\">\n<p class=\"has-text-align-right\"><a href=\"https:\/\/goo.gl\/maps\/LY8udVsNWJAA7aKS6\" target=\"_blank\" aria-label=\" (opens in a new tab)\" rel=\"noreferrer noopener\" class=\"ek-link\">Google Maps<\/a><\/p>\n<\/div>\n<\/div>\n\n\n<div style=\"margin-top: var(--wp--preset--spacing--40); margin-bottom: var(--wp--preset--spacing--40); \" class=\"wp-block-ub-divider ub_divider ub-divider-orientation-horizontal\" id=\"ub_divider_2d7b50ce-5526-4001-bba2-039b640e23b9\"><div class=\"ub_divider_wrapper\" style=\"position: relative; margin-bottom: 10px; width: 100%; height: 10px; \" data-divider-alignment=\"center\"><div class=\"ub_divider_line\" style=\"border-top: 2px solid #000000; margin-top: 10px; \"><\/div><\/div><\/div>\n\n\n<h2 class=\"wp-block-heading\" id=\"asolo\"><strong>Asolo<\/strong><\/h2>\n\n\n\n<p>Asolo \u00e8 un comune situato lungo i fianchi di un colle in Provincia di Treviso. Abitata fin dall'antichit\u00e0, visse il suo periodo d'oro durante il Basso Medioevo, e conserva ancora molte delle sue caratteristiche medievali, come le strade strette e le varie fortificazioni. La sua bellezza unica e l'atmosfera medievale rendono oggi Asolo una rinomata meta turistica.<\/p>\n\n\n<div class=\"wp-block-ub-divider ub_divider ub-divider-orientation-horizontal\" id=\"ub_divider_8c470de8-3395-4f34-bded-1893b3a667ca\"><div class=\"ub_divider_wrapper\" style=\"position: relative; margin-bottom: 2px; width: 100%; height: 2px; \" data-divider-alignment=\"center\"><div class=\"ub_divider_line\" style=\"border-top: 2px solid #ccc; margin-top: 2px; \"><\/div><\/div><\/div>\n\n\n<h4 class=\"wp-block-heading\" id=\"asolo-castle\"><strong><strong>\u272a&nbsp;<\/strong>Castello di Asolo<\/strong><\/h4>\n\n\n\n<p class=\"translation-block\">Anche noto come: Castello della Regina Cornaro<\/p>\n\n\n\n<p>Il Castello di Asolo \u00e8 un palazzo fortificato di origine medievale e pi\u00f9 volte ampliato. Nel 1489 divenne residenza di Caterina Cornaro, regina di Cipro e, in questo periodo, il castello assunse l'aspetto attuale. Il castello divenne un importante centro di vita culturale ospitando artisti e studiosi ma cadde in declino dopo la morte della regina. Ora restaurato, dal castello si possono godere splendide viste sulle zone circostanti.<\/p>\n\n\n\n<div class=\"wp-block-columns is-layout-flex wp-container-core-columns-is-layout-9d6595d7 wp-block-columns-is-layout-flex\">\n<div class=\"wp-block-column is-layout-flow wp-block-column-is-layout-flow\" style=\"flex-basis:85%\">\n<p>Indirizzo: Via Sottocastello, 31011 Asolo TV<br>Coordinate: 45.8018, 11.9124<\/p>\n<\/div>\n\n\n\n<div class=\"wp-block-column is-layout-flow wp-block-column-is-layout-flow\" style=\"flex-basis:15%\">\n<p class=\"has-text-align-right\"><a href=\"https:\/\/goo.gl\/maps\/CN6eoxHZE6fxGFwR9\" target=\"_blank\" aria-label=\" (opens in a new tab)\" rel=\"noreferrer noopener\" class=\"ek-link\">Google Maps<\/a><\/p>\n<\/div>\n<\/div>\n\n\n<div class=\"wp-block-ub-divider ub_divider ub-divider-orientation-horizontal\" id=\"ub_divider_4f994f9f-c939-472f-8fe9-0c5267b2f3be\"><div class=\"ub_divider_wrapper\" style=\"position: relative; margin-bottom: 2px; width: 100%; height: 2px; \" data-divider-alignment=\"center\"><div class=\"ub_divider_line\" style=\"border-top: 2px solid #ccc; margin-top: 2px; \"><\/div><\/div><\/div>\n\n\n<h4 class=\"wp-block-heading\" id=\"rocca-of-asolo\"><strong>Rocca di Asolo<\/strong><\/h4>\n\n\n\n<p>La Rocca di Asolo \u00e8 una fortificazione medievale posta su un colle che domina il paese. Fu costruito tra il dodicesimo e il tredicesimo secolo e un tempo era un importante avamposto militare. Oggi presenta alte mura ben conservate ed \u00e8 uno dei simboli della citt\u00e0 di Asolo.<\/p>\n\n\n\n<div class=\"wp-block-columns is-layout-flex wp-container-core-columns-is-layout-9d6595d7 wp-block-columns-is-layout-flex\">\n<div class=\"wp-block-column is-layout-flow wp-block-column-is-layout-flow\" style=\"flex-basis:85%\">\n<p>Indirizzo: Via Rocca, 31011 Asolo TV<br>Coordinate: 45.8041, 11.9165<\/p>\n<\/div>\n\n\n\n<div class=\"wp-block-column is-layout-flow wp-block-column-is-layout-flow\" style=\"flex-basis:15%\">\n<p class=\"has-text-align-right\"><a href=\"https:\/\/goo.gl\/maps\/BZvCS8sme1z6mwNW9\" target=\"_blank\" aria-label=\" (opens in a new tab)\" rel=\"noreferrer noopener\" class=\"ek-link\">Google Maps<\/a><\/p>\n<\/div>\n<\/div>\n\n\n<div class=\"wp-block-ub-divider ub_divider ub-divider-orientation-horizontal\" id=\"ub_divider_6fdab4f0-28b3-4b33-98f9-69707aa73f46\"><div class=\"ub_divider_wrapper\" style=\"position: relative; margin-bottom: 2px; width: 100%; height: 2px; \" data-divider-alignment=\"center\"><div class=\"ub_divider_line\" style=\"border-top: 2px solid #ccc; margin-top: 2px; \"><\/div><\/div><\/div>\n\n\n<h4 class=\"wp-block-heading\" id=\"asolo-cathedral\"><strong><strong>Duomo di Asolo<\/strong><\/strong><\/h4>\n\n\n\n<p class=\"translation-block\">Il principale edificio religioso di Asolo \u00e8 il Duomo, edificato in epoca rinascimentale su una precedente chiesa antica. Presenta alcune opere d'arte, in particolare la famosa <em>Pala di Asolo<\/em>, dipinta nel 1506 da Lorenzo Lotto.<\/p>\n\n\n\n<div class=\"wp-block-columns is-layout-flex wp-container-core-columns-is-layout-9d6595d7 wp-block-columns-is-layout-flex\">\n<div class=\"wp-block-column is-layout-flow wp-block-column-is-layout-flow\" style=\"flex-basis:85%\">\n<p>Indirizzo: Piazzetta S. Pio X, 192, 31011 Asolo TV<br>Coordinate: 45.8019, 11.9136<\/p>\n<\/div>\n\n\n\n<div class=\"wp-block-column is-layout-flow wp-block-column-is-layout-flow\" style=\"flex-basis:15%\">\n<p class=\"has-text-align-right\"><a href=\"https:\/\/goo.gl\/maps\/zi8FqCDAoskfZeVq9\" target=\"_blank\" aria-label=\" (opens in a new tab)\" rel=\"noreferrer noopener\" class=\"ek-link\">Google Maps<\/a><\/p>\n<\/div>\n<\/div>\n\n\n<div class=\"wp-block-ub-divider ub_divider ub-divider-orientation-horizontal\" id=\"ub_divider_1e3799fc-3b74-4b81-9fc6-59109f5c9747\"><div class=\"ub_divider_wrapper\" style=\"position: relative; margin-bottom: 2px; width: 100%; height: 2px; \" data-divider-alignment=\"center\"><div class=\"ub_divider_line\" style=\"border-top: 2px solid #ccc; margin-top: 2px; \"><\/div><\/div><\/div>\n\n\n<h4 class=\"wp-block-heading\" id=\"civic-museum-of-asolo\"><strong>Museo Civico di <strong>Asolo<\/strong><\/strong><\/h4>\n\n\n\n<p class=\"translation-block\">Il Museo Civico di Asolo \u00e8 ospitato in un palazzo del quindicesimo secolo e presenta una ricca collezione di archeologia e arte che mostra la storia della citt\u00e0. Il museo ospita opere che spaziano da reperti preistorici a oggetti del ventesimo secolo, tra cui una serie di dipinti rinascimentali e barocchi.<\/p>\n\n\n\n<div class=\"wp-block-columns is-layout-flex wp-container-core-columns-is-layout-9d6595d7 wp-block-columns-is-layout-flex\">\n<div class=\"wp-block-column is-layout-flow wp-block-column-is-layout-flow\" style=\"flex-basis:85%\">\n<p>Indirizzo: Via Regina Cornaro, 74, 31011 Asolo TV<br>Coordinate: 45.8019, 11.9132<\/p>\n<\/div>\n\n\n\n<div class=\"wp-block-column is-layout-flow wp-block-column-is-layout-flow\" style=\"flex-basis:15%\">\n<p class=\"has-text-align-right\"><a href=\"https:\/\/goo.gl\/maps\/n44fXjUXfHMzzUnt7\" target=\"_blank\" aria-label=\" (opens in a new tab)\" rel=\"noreferrer noopener\" class=\"ek-link\">Google Maps<\/a><\/p>\n<\/div>\n<\/div>\n\n\n<div style=\"margin-top: var(--wp--preset--spacing--40); margin-bottom: var(--wp--preset--spacing--40); \" class=\"wp-block-ub-divider ub_divider ub-divider-orientation-horizontal\" id=\"ub_divider_44cb23b0-3c67-4271-a81c-b8a7f9201866\"><div class=\"ub_divider_wrapper\" style=\"position: relative; margin-bottom: 10px; width: 100%; height: 10px; \" data-divider-alignment=\"center\"><div class=\"ub_divider_line\" style=\"border-top: 2px solid #000000; margin-top: 10px; \"><\/div><\/div><\/div>\n\n\n<h2 class=\"wp-block-heading\" id=\"maser\"><strong>Maser<\/strong><\/h2>\n\n\n\n<p>Maser \u00e8 un paese situato ai piedi delle colline della Provincia di Treviso, tra Asolo e Cornuda. \u00c8 noto soprattutto per essere il luogo in cui mor\u00ec Andrea Palladio e per la presenza di alcune storiche ville patrizie.<\/p>\n\n\n<div class=\"wp-block-ub-divider ub_divider ub-divider-orientation-horizontal\" id=\"ub_divider_c9fbcc3c-322b-403f-9a19-6854e5363b87\"><div class=\"ub_divider_wrapper\" style=\"position: relative; margin-bottom: 2px; width: 100%; height: 2px; \" data-divider-alignment=\"center\"><div class=\"ub_divider_line\" style=\"border-top: 2px solid #ccc; margin-top: 2px; \"><\/div><\/div><\/div>\n\n\n<h4 class=\"wp-block-heading\" id=\"villa-barbaro\"><strong>Villa Barbaro<\/strong><\/h4>\n\n\n\n<p class=\"translation-block\">Villa Barbaro \u00e8 una residenza patrizia del sedicesimo secolo progettata da Andrea Palladio. \u00c8 una delle opere pi\u00f9 famose e imponenti dell'architetto ed \u00e8 nella lista dei Patrimoni dell'Umanit\u00e0 dell'UNESCO. La villa \u00e8 riccamente decorata e presenta una vasta serie di bellissimi affreschi di Paolo Veronese. Il palazzo \u00e8 circondato da un parco, e appena fuori da questo si trova il <strong>Tempietto Barbaro<\/strong>, una splendida chiesetta riccamente ornata anch'essa progettata da Palladio.<\/p>\n\n\n\n<div class=\"wp-block-columns is-layout-flex wp-container-core-columns-is-layout-9d6595d7 wp-block-columns-is-layout-flex\">\n<div class=\"wp-block-column is-layout-flow wp-block-column-is-layout-flow\" style=\"flex-basis:85%\">\n<p>Indirizzo: Via Cornuda, 7, 31010 Maser TV<br>Coordinate: 45.8121, 11.9766<\/p>\n<\/div>\n\n\n\n<div class=\"wp-block-column is-layout-flow wp-block-column-is-layout-flow\" style=\"flex-basis:15%\">\n<p class=\"has-text-align-right\"><a href=\"https:\/\/goo.gl\/maps\/FraBL1Ue1qSRzjsKA\" target=\"_blank\" aria-label=\" (opens in a new tab)\" rel=\"noreferrer noopener\" class=\"ek-link\">Google Maps<\/a><\/p>\n<\/div>\n<\/div>\n\n\n<div style=\"margin-top: var(--wp--preset--spacing--40); margin-bottom: var(--wp--preset--spacing--40); \" class=\"wp-block-ub-divider ub_divider ub-divider-orientation-horizontal\" id=\"ub_divider_d7aa5360-d207-4696-8dd6-0a32eb6a7eea\"><div class=\"ub_divider_wrapper\" style=\"position: relative; margin-bottom: 10px; width: 100%; height: 10px; \" data-divider-alignment=\"center\"><div class=\"ub_divider_line\" style=\"border-top: 2px solid #000000; margin-top: 10px; \"><\/div><\/div><\/div>\n\n\n<h2 class=\"wp-block-heading\" id=\"cornuda\"><strong>Cornuda<\/strong><\/h2>\n\n\n\n<p>Cornuda \u00e8 un paesino situato ai piedi delle colline della Provincia di Treviso, vicino al fiume Piave. Abitata gi\u00e0 in epoca antica, fu un rilevante centro regionale durante il Medioevo.<\/p>\n\n\n<div class=\"wp-block-ub-divider ub_divider ub-divider-orientation-horizontal\" id=\"ub_divider_e7444efd-6813-4eab-9502-8250e7b386e4\"><div class=\"ub_divider_wrapper\" style=\"position: relative; margin-bottom: 2px; width: 100%; height: 2px; \" data-divider-alignment=\"center\"><div class=\"ub_divider_line\" style=\"border-top: 2px solid #ccc; margin-top: 2px; \"><\/div><\/div><\/div>\n\n\n<h4 class=\"wp-block-heading\" id=\"tipoteca-italiana\"><strong><strong>Tipoteca Italiana<\/strong><\/strong><\/h4>\n\n\n\n<p class=\"translation-block\">Anche nota come: Museo della Stampa e del Design Tipografico<\/p>\n\n\n\n<p>Questo peculiare museo ospita una vasta collezione di macchinari legati alla stampa e alla tipografia, una delle pi\u00f9 grandi al mondo nel suo genere, e comprende anche una biblioteca. L'area che ospita il museo era in origine un complesso industriale inaugurato nel 1883, e oggi ospita anche mostre temporanee ed eventi culturali.<\/p>\n\n\n\n<div class=\"wp-block-columns is-layout-flex wp-container-core-columns-is-layout-9d6595d7 wp-block-columns-is-layout-flex\">\n<div class=\"wp-block-column is-layout-flow wp-block-column-is-layout-flow\" style=\"flex-basis:85%\">\n<p>Indirizzo: Via Canapificio, 3, 31041 Cornuda TV<br>Coordinate: 45.8327, 12.0313<\/p>\n<\/div>\n\n\n\n<div class=\"wp-block-column is-layout-flow wp-block-column-is-layout-flow\" style=\"flex-basis:15%\">\n<p class=\"has-text-align-right\"><a href=\"https:\/\/goo.gl\/maps\/kiNZLc5CEgtCzXB77\" target=\"_blank\" aria-label=\" (opens in a new tab)\" rel=\"noreferrer noopener\" class=\"ek-link\">Google Maps<\/a><\/p>\n<\/div>\n<\/div>\n\n\n<div style=\"margin-top: var(--wp--preset--spacing--40); margin-bottom: var(--wp--preset--spacing--40); \" class=\"wp-block-ub-divider ub_divider ub-divider-orientation-horizontal\" id=\"ub_divider_bde83c27-3b85-41d7-bd52-796ef498444e\"><div class=\"ub_divider_wrapper\" style=\"position: relative; margin-bottom: 10px; width: 100%; height: 10px; \" data-divider-alignment=\"center\"><div class=\"ub_divider_line\" style=\"border-top: 2px solid #000000; margin-top: 10px; \"><\/div><\/div><\/div>\n\n\n<h2 class=\"wp-block-heading\" id=\"possagno\"><strong>Possagno<\/strong><\/h2>\n\n\n\n<p>Possagno \u00e8 un paese tra le colline della Provincia di Treviso. \u00c8 famoso per essere la citt\u00e0 natale dello scultore neoclassico Antonio Canova e presenta varie attrazioni legate all'artista.<\/p>\n\n\n<div class=\"wp-block-ub-divider ub_divider ub-divider-orientation-horizontal\" id=\"ub_divider_b7466030-cd73-427f-b636-1efcef374dfe\"><div class=\"ub_divider_wrapper\" style=\"position: relative; margin-bottom: 2px; width: 100%; height: 2px; \" data-divider-alignment=\"center\"><div class=\"ub_divider_line\" style=\"border-top: 2px solid #ccc; margin-top: 2px; \"><\/div><\/div><\/div>\n\n\n<h4 class=\"wp-block-heading\" id=\"museo-gypsotheca-antonio-canova\"><strong><strong>\u272a&nbsp;<\/strong>Museo Gypsotheca Antonio Canova<\/strong><\/h4>\n\n\n\n<p>Il museo dedicato ad Antonio Canova nella sua citt\u00e0 natale di Possagno, si compone di diverse sezioni. L'area principale \u00e8 la gipsoteca, una vasta collezione di calchi e modelli in gesso e delle famose sculture di Canova. Il museo comprende anche la casa natale di Canova, oggi sede di una pinacoteca, e una biblioteca.<\/p>\n\n\n\n<div class=\"wp-block-columns is-layout-flex wp-container-core-columns-is-layout-9d6595d7 wp-block-columns-is-layout-flex\">\n<div class=\"wp-block-column is-layout-flow wp-block-column-is-layout-flow\" style=\"flex-basis:85%\">\n<p>Indirizzo: Via Canova, 74, 31054 Possagno TV<br>Coordinate: 45.8545, 11.8813<\/p>\n<\/div>\n\n\n\n<div class=\"wp-block-column is-layout-flow wp-block-column-is-layout-flow\" style=\"flex-basis:15%\">\n<p class=\"has-text-align-right\"><a href=\"https:\/\/goo.gl\/maps\/7GSXvCfsSTsx7FYi7\" target=\"_blank\" aria-label=\" (opens in a new tab)\" rel=\"noreferrer noopener\" class=\"ek-link\">Google Maps<\/a><\/p>\n<\/div>\n<\/div>\n\n\n<div class=\"wp-block-ub-divider ub_divider ub-divider-orientation-horizontal\" id=\"ub_divider_014c3369-447f-486d-b2cb-b1f340b71d95\"><div class=\"ub_divider_wrapper\" style=\"position: relative; margin-bottom: 2px; width: 100%; height: 2px; \" data-divider-alignment=\"center\"><div class=\"ub_divider_line\" style=\"border-top: 2px solid #ccc; margin-top: 2px; \"><\/div><\/div><\/div>\n\n\n<h4 class=\"wp-block-heading\" id=\"tempio-canoviano\"><strong><strong>\u272a&nbsp;<\/strong>Tempio Canoviano<\/strong><\/h4>\n\n\n\n<p class=\"translation-block\">Il Tempio Canoviano \u00e8 una grande chiesa neoclassica progettata da Antonio Canova e completata nel 1830, dopo la morte dell'artista. L'enorme chiesa si ispira al Pantheon di <a href=\"https:\/\/www.cosmundus.com\/it\/destinations\/rome\/\" class=\"ek-link\" target=\"_self\">Roma<\/a> e domina il paese di Possagno. L'interno presenta ricche decorazioni e la tomba di Canova, tra varie opere d'arte.<\/p>\n\n\n\n<div class=\"wp-block-columns is-layout-flex wp-container-core-columns-is-layout-9d6595d7 wp-block-columns-is-layout-flex\">\n<div class=\"wp-block-column is-layout-flow wp-block-column-is-layout-flow\" style=\"flex-basis:85%\">\n<p>Indirizzo: Via Stradone del Tempio, 31054 Possagno TV<br>Coordinate: 45.8582, 11.8781<\/p>\n<\/div>\n\n\n\n<div class=\"wp-block-column is-layout-flow wp-block-column-is-layout-flow\" style=\"flex-basis:15%\">\n<p class=\"has-text-align-right\"><a href=\"https:\/\/goo.gl\/maps\/YJUxn4qrGrXp1myZ7\" target=\"_blank\" aria-label=\" (opens in a new tab)\" rel=\"noreferrer noopener\" class=\"ek-link\">Google Maps<\/a><\/p>\n<\/div>\n<\/div>\n\n\n<div style=\"margin-top: var(--wp--preset--spacing--40); margin-bottom: var(--wp--preset--spacing--40); \" class=\"wp-block-ub-divider ub_divider ub-divider-orientation-horizontal\" id=\"ub_divider_63e8eb64-8151-4111-af77-a1c6f01612f1\"><div class=\"ub_divider_wrapper\" style=\"position: relative; margin-bottom: 10px; width: 100%; height: 10px; \" data-divider-alignment=\"center\"><div class=\"ub_divider_line\" style=\"border-top: 2px solid #000000; margin-top: 10px; \"><\/div><\/div><\/div>\n\n\n<h2 class=\"wp-block-heading\" id=\"monte-grappa\"><strong>Monte Grappa<\/strong><\/h2>\n\n\n\n<p class=\"translation-block\">Il Monte Grappa \u00e8 una montagna in Veneto che si erge al confine tra le province di Treviso, Vicenza e <a href=\"https:\/\/www.cosmundus.com\/it\/destinations\/valbelluna-and-feltrino\/#belluno\" class=\"ek-link\" target=\"_self\">Belluno<\/a>, con la cima situata in Provincia di Treviso. Il massiccio del Monte Grappa \u00e8 ricco di flora e fauna, ma \u00e8 famoso soprattutto per il suo ruolo durante la prima guerra mondiale. Dopo la sconfitta italiana a Caporetto, il Monte Grappa divenne la pi\u00f9 importante posizione difensiva degli italiani lungo la linea del fronte. Le pendici e la vetta della montagna videro una serie di feroci battaglie tra il 1917 e il 1918, con gli austriaci che alla fine non riuscirono a conquistare la cima.<\/p>\n\n\n<div class=\"wp-block-ub-divider ub_divider ub-divider-orientation-horizontal\" id=\"ub_divider_d8f7de2a-361a-4cfa-a81f-363177b30eef\"><div class=\"ub_divider_wrapper\" style=\"position: relative; margin-bottom: 2px; width: 100%; height: 2px; \" data-divider-alignment=\"center\"><div class=\"ub_divider_line\" style=\"border-top: 2px solid #ccc; margin-top: 2px; \"><\/div><\/div><\/div>\n\n\n<h4 class=\"wp-block-heading\" id=\"military-memorial-of-monte-grappa\"><strong><strong>\u272a&nbsp;<\/strong>Sacrario Militare del Monte Grappa<\/strong><\/h4>\n\n\n\n<p class=\"translation-block\">La sommit\u00e0 del Monte Grappa ospita un enorme e imponente sacrario militare, il pi\u00f9 grande ossario della prima guerra mondiale in Italia. Fu costruito negli anni trenta e ospita i resti di oltre 22.000 soldati italiani e austriaci caduti. Il solenne memoriale si erge a ben 1.776 metri sopra il livello del mare, con una vista panoramica mozzafiato sulla regione circostante.<\/p>\n\n\n\n<div class=\"wp-block-columns is-layout-flex wp-container-core-columns-is-layout-9d6595d7 wp-block-columns-is-layout-flex\">\n<div class=\"wp-block-column is-layout-flow wp-block-column-is-layout-flow\" style=\"flex-basis:85%\">\n<p>Address: Via Madonna Del Volo, 101, 31017 Pieve del Grappa TV<br>Coordinates: 45.8726, 11.7994<\/p>\n<\/div>\n\n\n\n<div class=\"wp-block-column is-layout-flow wp-block-column-is-layout-flow\" style=\"flex-basis:15%\">\n<p class=\"has-text-align-right\"><a href=\"https:\/\/goo.gl\/maps\/vcWk5RTUNuZSgsnr5\" target=\"_blank\" aria-label=\" (opens in a new tab)\" rel=\"noreferrer noopener\" class=\"ek-link\">Google Maps<\/a><\/p>\n<\/div>\n<\/div>\n\n\n<div style=\"margin-top: var(--wp--preset--spacing--40); margin-bottom: var(--wp--preset--spacing--40); \" class=\"wp-block-ub-divider ub_divider ub-divider-orientation-horizontal\" id=\"ub_divider_01fbfaf3-0e7c-4434-8aab-1917f9afff24\"><div class=\"ub_divider_wrapper\" style=\"position: relative; margin-bottom: 10px; width: 100%; height: 10px; \" data-divider-alignment=\"center\"><div class=\"ub_divider_line\" style=\"border-top: 2px solid #000000; margin-top: 10px; \"><\/div><\/div><\/div>\n\n\n<h2 class=\"wp-block-heading\" id=\"nervesa-della-battaglia\"><strong>Nervesa della Battaglia<\/strong><\/h2>\n\n\n\n<p>Nervesa della Battaglia \u00e8 un piccolo paese situato ai piedi del Montello e vicino al fiume Piave. Fu un centro regionale che ospitava un'abbazia e una certosa durante il Medioevo, ma ora \u00e8 famoso soprattutto per le battaglie combattute nella zona durante la prima guerra mondiale.<\/p>\n\n\n<div class=\"wp-block-ub-divider ub_divider ub-divider-orientation-horizontal\" id=\"ub_divider_c42408af-62c7-4b99-927f-73ea9df598b1\"><div class=\"ub_divider_wrapper\" style=\"position: relative; margin-bottom: 2px; width: 100%; height: 2px; \" data-divider-alignment=\"center\"><div class=\"ub_divider_line\" style=\"border-top: 2px solid #ccc; margin-top: 2px; \"><\/div><\/div><\/div>\n\n\n<h4 class=\"wp-block-heading\" id=\"abbey-of-santeustachio\"><strong>Abbazia di Sant'Eustachio<\/strong><\/h4>\n\n\n\n<p class=\"translation-block\">I ruderi della medievale Abbazia di Sant'Eustachio si trovano appena fuori dall'abitato di Nervesa della Battaglia. Dopo aver prosperato come importante centro religioso nel Basso Medioevo, l'abbazia fu soppressa nel sedicesimo secolo e abbandonata. Successivamente sub\u00ec gravi danni durante le battaglie della prima guerra mondiale.<\/p>\n\n\n\n<div class=\"wp-block-columns is-layout-flex wp-container-core-columns-is-layout-9d6595d7 wp-block-columns-is-layout-flex\">\n<div class=\"wp-block-column is-layout-flow wp-block-column-is-layout-flow\" style=\"flex-basis:85%\">\n<p>Indirizzo: Via Collalto, 1, 31040 Nervesa della Battaglia TV<br>Coordinate: 45.8240, 12.1943<\/p>\n<\/div>\n\n\n\n<div class=\"wp-block-column is-layout-flow wp-block-column-is-layout-flow\" style=\"flex-basis:15%\">\n<p class=\"has-text-align-right\"><a href=\"https:\/\/goo.gl\/maps\/PcAGZGjnC5HBfYP37\" target=\"_blank\" aria-label=\" (opens in a new tab)\" rel=\"noreferrer noopener\" class=\"ek-link\">Google Maps<\/a><\/p>\n<\/div>\n<\/div>\n\n\n<div class=\"wp-block-ub-divider ub_divider ub-divider-orientation-horizontal\" id=\"ub_divider_5a4e0765-1a52-4e8e-a51c-b0921e4260ac\"><div class=\"ub_divider_wrapper\" style=\"position: relative; margin-bottom: 2px; width: 100%; height: 2px; \" data-divider-alignment=\"center\"><div class=\"ub_divider_line\" style=\"border-top: 2px solid #ccc; margin-top: 2px; \"><\/div><\/div><\/div>\n\n\n<h4 class=\"wp-block-heading\" id=\"military-memorial-of-montello\"><strong><strong>Sacrario Militare del Montello<\/strong><\/strong><\/h4>\n\n\n\n<p class=\"translation-block\">Il Sacrario Militare del Montello \u00e8 un grande ossario sul colle del Montello nei pressi di Nervesa della Battaglia. L'imponente edificio fu eretto negli anni trenta per ospitare le spoglie di quasi 10.000 soldati caduti combattendo lungo il fiume Piave durante la prima guerra mondiale. \u00c8 uno dei pi\u00f9 grandi sacrari militari d'Italia.<\/p>\n\n\n\n<div class=\"wp-block-columns is-layout-flex wp-container-core-columns-is-layout-9d6595d7 wp-block-columns-is-layout-flex\">\n<div class=\"wp-block-column is-layout-flow wp-block-column-is-layout-flow\" style=\"flex-basis:85%\">\n<p>Indirizzo: Viale degli Eroi, 2, 31040 Nervesa della Battaglia TV<br>Coordinate: 45.8278, 12.1972<\/p>\n<\/div>\n\n\n\n<div class=\"wp-block-column is-layout-flow wp-block-column-is-layout-flow\" style=\"flex-basis:15%\">\n<p class=\"has-text-align-right\"><a href=\"https:\/\/goo.gl\/maps\/3E2LGoA25Y3PN8DZ8\" target=\"_blank\" aria-label=\" (opens in a new tab)\" rel=\"noreferrer noopener\" class=\"ek-link\">Google Maps<\/a><\/p>\n<\/div>\n<\/div>\n\n\n<div style=\"margin-top: var(--wp--preset--spacing--40); margin-bottom: var(--wp--preset--spacing--40); \" class=\"wp-block-ub-divider ub_divider ub-divider-orientation-horizontal\" id=\"ub_divider_c8285a2e-2b4d-4375-8e40-7cafdb2eafcd\"><div class=\"ub_divider_wrapper\" style=\"position: relative; margin-bottom: 10px; width: 100%; height: 10px; \" data-divider-alignment=\"center\"><div class=\"ub_divider_line\" style=\"border-top: 2px solid #000000; margin-top: 10px; \"><\/div><\/div><\/div>\n\n\n<h2 class=\"wp-block-heading\" id=\"conegliano\"><strong>Conegliano<\/strong><\/h2>\n\n\n\n<p>Conegliano \u00e8 una citt\u00e0 che si trova a nord di Treviso, ed \u00e8 il secondo comune pi\u00f9 popoloso della provincia. Ha le sue origini nel Medioevo, e ben presto pass\u00f2 sotto il dominio di Treviso e poi di Venezia, prima di diventare parte dell'Italia. Insieme alle colline circostanti, \u00e8 famosa per la produzione di vino, ma \u00e8 nota anche per il suo patrimonio artistico, poich\u00e9 ha dato i natali al pittore rinascimentale Cima da Conegliano.<\/p>\n\n\n<div class=\"wp-block-ub-divider ub_divider ub-divider-orientation-horizontal\" id=\"ub_divider_65be953a-aa97-480d-81e7-3e9aff5ad43b\"><div class=\"ub_divider_wrapper\" style=\"position: relative; margin-bottom: 2px; width: 100%; height: 2px; \" data-divider-alignment=\"center\"><div class=\"ub_divider_line\" style=\"border-top: 2px solid #ccc; margin-top: 2px; \"><\/div><\/div><\/div>\n\n\n<h4 class=\"wp-block-heading\" id=\"conegliano-cathedral\"><strong><strong><strong>\u272a&nbsp;<\/strong><\/strong>Duomo di Conegliano<\/strong><\/h4>\n\n\n\n<p class=\"translation-block\">Il Duomo di Conegliano \u00e8 l'edificio religioso pi\u00f9 importante della citt\u00e0, situato lungo la principale via storica nota come <strong>Contrada Granda<\/strong>. La chiesa romanico-gotica fu costruita tra il quattordicesimo e il sedicesimo secolo e ospita una serie di interessanti opere d'arte, prima fra tutte la <em>Pala di Conegliano<\/em> di Cima da Conegliano. Del complesso del Duomo fa parte anche lo storico edificio ad archi che ospita la <strong>Sala dei Battuti<\/strong>, un salone decorato da meravigliosi affreschi cinquecenteschi.<\/p>\n\n\n\n<div class=\"wp-block-columns is-layout-flex wp-container-core-columns-is-layout-9d6595d7 wp-block-columns-is-layout-flex\">\n<div class=\"wp-block-column is-layout-flow wp-block-column-is-layout-flow\" style=\"flex-basis:85%\">\n<p>Indirizzo: Via XX Settembre, 44, 31015 Conegliano TV<br>Coordinate: 45.8867, 12.2965<\/p>\n<\/div>\n\n\n\n<div class=\"wp-block-column is-layout-flow wp-block-column-is-layout-flow\" style=\"flex-basis:15%\">\n<p class=\"has-text-align-right\"><a href=\"https:\/\/goo.gl\/maps\/gofnfctcvrWsG2xaA\" target=\"_blank\" aria-label=\" (opens in a new tab)\" rel=\"noreferrer noopener\" class=\"ek-link\">Google Maps<\/a><\/p>\n<\/div>\n<\/div>\n\n\n<div class=\"wp-block-ub-divider ub_divider ub-divider-orientation-horizontal\" id=\"ub_divider_d15fc31c-f085-4a89-8277-064d716bba8a\"><div class=\"ub_divider_wrapper\" style=\"position: relative; margin-bottom: 2px; width: 100%; height: 2px; \" data-divider-alignment=\"center\"><div class=\"ub_divider_line\" style=\"border-top: 2px solid #ccc; margin-top: 2px; \"><\/div><\/div><\/div>\n\n\n<h4 class=\"wp-block-heading\" id=\"conegliano-castle\"><strong><strong>Castello di Conegliano<\/strong><\/strong><\/h4>\n\n\n\n<p class=\"translation-block\">Il Castello di Conegliano \u00e8 un palazzo fortificato costruito nel dodicesimo secolo su un colle che domina la citt\u00e0. Si tratta di un esempio ben conservato di castello medievale con ancora alcune torri e circondato da tratti delle antiche mura. Oggi ospita il <strong>Museo Civico di Conegliano<\/strong>, un museo di storia e arte locale.<\/p>\n\n\n\n<div class=\"wp-block-columns is-layout-flex wp-container-core-columns-is-layout-9d6595d7 wp-block-columns-is-layout-flex\">\n<div class=\"wp-block-column is-layout-flow wp-block-column-is-layout-flow\" style=\"flex-basis:85%\">\n<p>Indirizzo: Via Coderta, 3, 31015 Conegliano TV<br>Coordinate: 45.8896, 12.2943<\/p>\n<\/div>\n\n\n\n<div class=\"wp-block-column is-layout-flow wp-block-column-is-layout-flow\" style=\"flex-basis:15%\">\n<p class=\"has-text-align-right\"><a href=\"https:\/\/goo.gl\/maps\/2efeKVAqTuGk3CAp9\" target=\"_blank\" aria-label=\" (opens in a new tab)\" rel=\"noreferrer noopener\" class=\"ek-link\">Google Maps<\/a><\/p>\n<\/div>\n<\/div>\n\n\n<div style=\"margin-top: var(--wp--preset--spacing--40); margin-bottom: var(--wp--preset--spacing--40); \" class=\"wp-block-ub-divider ub_divider ub-divider-orientation-horizontal\" id=\"ub_divider_8caccca3-69be-4fa0-afb8-76a3c16c8194\"><div class=\"ub_divider_wrapper\" style=\"position: relative; margin-bottom: 10px; width: 100%; height: 10px; \" data-divider-alignment=\"center\"><div class=\"ub_divider_line\" style=\"border-top: 2px solid #000000; margin-top: 10px; \"><\/div><\/div><\/div>\n\n\n<h2 class=\"wp-block-heading\" id=\"vittorio-veneto\"><strong>Vittorio Veneto<\/strong><\/h2>\n\n\n\n<p>Vittorio Veneto \u00e8 una citt\u00e0 ai piedi delle montagne della Provincia di Treviso, a nord di Conegliano. Nacque nel 1866, dopo l'unione dei due paesi storici di Ceneda e Serravalle, ed \u00e8 famoso per essere stato il luogo della battaglia in cui l'esercito italiano sconfisse definitivamente gli austriaci ponendo fine alla prima guerra mondiale. Vittorio Veneto oggi ospita ancora molte attrazioni interessanti dal suo passato come due villaggi distinti.<\/p>\n\n\n<div class=\"wp-block-ub-divider ub_divider ub-divider-orientation-horizontal\" id=\"ub_divider_a920a70b-4add-4869-86a3-bd721b1e1a5e\"><div class=\"ub_divider_wrapper\" style=\"position: relative; margin-bottom: 2px; width: 100%; height: 2px; \" data-divider-alignment=\"center\"><div class=\"ub_divider_line\" style=\"border-top: 2px solid #ccc; margin-top: 2px; \"><\/div><\/div><\/div>\n\n\n<h4 class=\"wp-block-heading\" id=\"museo-del-cenedese\"><strong>Museo del Cenedese<\/strong><\/h4>\n\n\n\n<p class=\"translation-block\">Il Museo del Cenedese \u00e8 un museo dedicato alla storia locale ospitato nel pregiato <strong>Palazzo della Comunit\u00e0<\/strong> del quindicesimo secolo, affacciato su <strong>Piazza Flaminio<\/strong> a Serravalle, e affiancato dalla <strong>Torre Civica <\/strong>. Le storiche sale decorate del palazzo ospitano una collezione di reperti archeologici e opere d'arte di epoche diverse.<\/p>\n\n\n\n<div class=\"wp-block-columns is-layout-flex wp-container-core-columns-is-layout-9d6595d7 wp-block-columns-is-layout-flex\">\n<div class=\"wp-block-column is-layout-flow wp-block-column-is-layout-flow\" style=\"flex-basis:85%\">\n<p>Indirizzo: P.za Marc\u2019Antonio Flaminio, 1, 31029 Vittorio Veneto TV<br>Coordinate: 45.9992, 12.2896<\/p>\n<\/div>\n\n\n\n<div class=\"wp-block-column is-layout-flow wp-block-column-is-layout-flow\" style=\"flex-basis:15%\">\n<p class=\"has-text-align-right\"><a href=\"https:\/\/goo.gl\/maps\/htWZvZi5gDvLQJY58\" target=\"_blank\" aria-label=\" (opens in a new tab)\" rel=\"noreferrer noopener\" class=\"ek-link\">Google Maps<\/a><\/p>\n<\/div>\n<\/div>\n\n\n<div class=\"wp-block-ub-divider ub_divider ub-divider-orientation-horizontal\" id=\"ub_divider_da9be288-c0ce-4d4b-ad21-b9bfb4a95ab9\"><div class=\"ub_divider_wrapper\" style=\"position: relative; margin-bottom: 2px; width: 100%; height: 2px; \" data-divider-alignment=\"center\"><div class=\"ub_divider_line\" style=\"border-top: 2px solid #ccc; margin-top: 2px; \"><\/div><\/div><\/div>\n\n\n<h4 class=\"wp-block-heading\" id=\"museum-of-the-battle-of-vittorio-veneto\"><strong><strong>Museo della Battaglia di Vittorio Veneto<\/strong><\/strong><\/h4>\n\n\n\n<p class=\"translation-block\">Il Museo della Battaglia di Vittorio Veneto si trova a Ceneda e ospita una collezione di oggetti, armi e cimeli della famosa battaglia alla fine della prima guerra mondiale. Il museo ospita anche delle mostre sulla vita durante la guerra.<\/p>\n\n\n\n<div class=\"wp-block-columns is-layout-flex wp-container-core-columns-is-layout-9d6595d7 wp-block-columns-is-layout-flex\">\n<div class=\"wp-block-column is-layout-flow wp-block-column-is-layout-flow\" style=\"flex-basis:85%\">\n<p>Indirizzo: Piazza Papa Giovanni Paolo I, 1, 31029 Vittorio Veneto TV<br>Coordinate: 45.9769, 12.2927<\/p>\n<\/div>\n\n\n\n<div class=\"wp-block-column is-layout-flow wp-block-column-is-layout-flow\" style=\"flex-basis:15%\">\n<p class=\"has-text-align-right\"><a href=\"https:\/\/goo.gl\/maps\/M4R4RJApfu7RrZ3r5\" target=\"_blank\" aria-label=\" (opens in a new tab)\" rel=\"noreferrer noopener\" class=\"ek-link\">Google Maps<\/a><\/p>\n<\/div>\n<\/div>\n\n\n<div style=\"margin-top: var(--wp--preset--spacing--40); margin-bottom: var(--wp--preset--spacing--40); \" class=\"wp-block-ub-divider ub_divider ub-divider-orientation-horizontal\" id=\"ub_divider_10dd06ee-9c61-4757-9bad-0e7075ad003a\"><div class=\"ub_divider_wrapper\" style=\"position: relative; margin-bottom: 10px; width: 100%; height: 10px; \" data-divider-alignment=\"center\"><div class=\"ub_divider_line\" style=\"border-top: 2px solid #000000; margin-top: 10px; \"><\/div><\/div><\/div>\n\n\n<h2 class=\"wp-block-heading\" id=\"cison-di-valmarino\"><strong>Cison di Valmarino<\/strong><\/h2>\n\n\n\n<p>Cison di Valmarino \u00e8 un paese situato tra le colline della Provincia di Treviso. I turisti sono attratti in questo paesino soprattutto per la bellezza dell'ambiente circostante e per il vino che si produce in questa zona.<\/p>\n\n\n<div class=\"wp-block-ub-divider ub_divider ub-divider-orientation-horizontal\" id=\"ub_divider_5f15fc2d-d674-4800-929d-64f90a981fa2\"><div class=\"ub_divider_wrapper\" style=\"position: relative; margin-bottom: 2px; width: 100%; height: 2px; \" data-divider-alignment=\"center\"><div class=\"ub_divider_line\" style=\"border-top: 2px solid #ccc; margin-top: 2px; \"><\/div><\/div><\/div>\n\n\n<h4 class=\"wp-block-heading\" id=\"castelbrando\"><strong><strong>Castelbrando<\/strong><\/strong><\/h4>\n\n\n\n<p>Castelbrando \u00e8 un grande palazzo fortificato situato sulla sommit\u00e0 di un colle che domina i paesi di Cison di Valmarino e Valmareno. Il castello fu inizialmente eretto come postazione militare nel corso del decimo secolo, ma l'aspetto attuale risale alla trasformazione in residenza patrizia dopo essere diventato possedimento della famiglia Brandolini. Tra il sedicesimo e il diciottesimo secolo il castello fu ampliato e abbellito con affreschi e opere d'arte. Ora ospita un hotel.<\/p>\n\n\n\n<div class=\"wp-block-columns is-layout-flex wp-container-core-columns-is-layout-9d6595d7 wp-block-columns-is-layout-flex\">\n<div class=\"wp-block-column is-layout-flow wp-block-column-is-layout-flow\" style=\"flex-basis:85%\">\n<p>Indirizzo: Via Brandolini Brando, 29, 31030 Cison di Valmarino TV<br>Coordinate: 45.9686, 12.1358<\/p>\n<\/div>\n\n\n\n<div class=\"wp-block-column is-layout-flow wp-block-column-is-layout-flow\" style=\"flex-basis:15%\">\n<p class=\"has-text-align-right\"><a href=\"https:\/\/goo.gl\/maps\/9uyQRKHVWt12Yix39\" target=\"_blank\" aria-label=\" (opens in a new tab)\" rel=\"noreferrer noopener\" class=\"ek-link\">Google Maps<\/a><\/p>\n<\/div>\n<\/div>\n\n\n<div style=\"margin-top: var(--wp--preset--spacing--40); margin-bottom: var(--wp--preset--spacing--40); \" class=\"wp-block-ub-divider ub_divider ub-divider-orientation-horizontal\" id=\"ub_divider_71053313-391a-4220-a1a6-67a1c6a7715f\"><div class=\"ub_divider_wrapper\" style=\"position: relative; margin-bottom: 10px; width: 100%; height: 10px; \" data-divider-alignment=\"center\"><div class=\"ub_divider_line\" style=\"border-top: 2px solid #000000; margin-top: 10px; \"><\/div><\/div><\/div>\n\n\n<h2 class=\"wp-block-heading\" id=\"follina\"><strong>Follina<\/strong><\/h2>\n\n\n\n<p>Follina \u00e8 un paesino in Provincia di Treviso, situato tra le colline famose per la produzione del vino. Fu un centro religioso di rilevanza regionale durante il Tardo Medioevo.<\/p>\n\n\n<div class=\"wp-block-ub-divider ub_divider ub-divider-orientation-horizontal\" id=\"ub_divider_fc872454-2fce-4465-8f0d-f2067965607c\"><div class=\"ub_divider_wrapper\" style=\"position: relative; margin-bottom: 2px; width: 100%; height: 2px; \" data-divider-alignment=\"center\"><div class=\"ub_divider_line\" style=\"border-top: 2px solid #ccc; margin-top: 2px; \"><\/div><\/div><\/div>\n\n\n<h4 class=\"wp-block-heading\" id=\"abbey-of-santa-maria\"><strong>Abbazia di Santa Maria<\/strong><\/h4>\n\n\n\n<p class=\"translation-block\">L'Abbazia di Santa Maria \u00e8 un ex monastero risalente al dodicesimo secolo, divenuto ben presto uno dei siti religiosi pi\u00f9 importanti della regione. Dopo un periodo di decadenza, fu chiuso nel 1771. L'edificio \u00e8 un ottimo esempio di architettura gotica e presenta diverse opere d'arte.<\/p>\n\n\n\n<div class=\"wp-block-columns is-layout-flex wp-container-core-columns-is-layout-9d6595d7 wp-block-columns-is-layout-flex\">\n<div class=\"wp-block-column is-layout-flow wp-block-column-is-layout-flow\" style=\"flex-basis:85%\">\n<p>Indirizzo: Via Pallade, 31051 Follina TV<br>Coordinate: 45.9538, 12.1181<\/p>\n<\/div>\n\n\n\n<div class=\"wp-block-column is-layout-flow wp-block-column-is-layout-flow\" style=\"flex-basis:15%\">\n<p class=\"has-text-align-right\"><a href=\"https:\/\/goo.gl\/maps\/7zgNb58ZiNKzPQNb7\" target=\"_blank\" aria-label=\" (opens in a new tab)\" rel=\"noreferrer noopener\" class=\"ek-link\">Google Maps<\/a><\/p>\n<\/div>\n<\/div>\n\n\n<div style=\"margin-top: var(--wp--preset--spacing--40); margin-bottom: var(--wp--preset--spacing--40); \" class=\"wp-block-ub-divider ub_divider ub-divider-orientation-horizontal\" id=\"ub_divider_b2961d29-0846-4b9b-946f-966729f1cc82\"><div class=\"ub_divider_wrapper\" style=\"position: relative; margin-bottom: 10px; width: 100%; height: 10px; \" data-divider-alignment=\"center\"><div class=\"ub_divider_line\" style=\"border-top: 2px solid #000000; margin-top: 10px; \"><\/div><\/div><\/div>\n\n\n<h2 class=\"wp-block-heading\" id=\"oderzo\"><strong>Oderzo<\/strong><\/h2>\n\n\n\n<p class=\"translation-block\">Oderzo \u00e8 un paese di origini antichissime, fondato durante l'Et\u00e0 del ferro, e che fior\u00ec come la citt\u00e0 romana di Opitergium. In questo periodo la citt\u00e0 fu uno dei centri pi\u00f9 importanti della regione, ma fu pesantemente danneggiata da varie guerre e cadde in declino. Nel Basso Medioevo la citt\u00e0 fu conquistata da Treviso e poi Venezia, prima di entrare a far parte dell'Italia nel 1866. Oggi \u00e8 ancora famosa per il suo ricco patrimonio archeologico.<\/p>\n\n\n<div class=\"wp-block-ub-divider ub_divider ub-divider-orientation-horizontal\" id=\"ub_divider_fe088821-64fa-4ad3-ad11-f21bc9126345\"><div class=\"ub_divider_wrapper\" style=\"position: relative; margin-bottom: 2px; width: 100%; height: 2px; \" data-divider-alignment=\"center\"><div class=\"ub_divider_line\" style=\"border-top: 2px solid #ccc; margin-top: 2px; \"><\/div><\/div><\/div>\n\n\n<h4 class=\"wp-block-heading\" id=\"eno-bellis-archaeological-museum\"><strong>Museo Archeologico Eno Bellis<\/strong><\/h4>\n\n\n\n<p class=\"translation-block\">Il museo archeologico di Oderzo, intitolato all'archeologo locale Eno Bellis, \u00e8 uno dei musei pi\u00f9 antichi d'Italia, fondato nel 1876. Ospita una raccolta di reperti dalla ricca storia della citt\u00e0, concentrati principalmente sull'et\u00e0 romana. Nello stesso edificio si trova anche la <strong>Pinacoteca Alberto Martini<\/strong>, una galleria di arte contemporanea.<\/p>\n\n\n\n<div class=\"wp-block-columns is-layout-flex wp-container-core-columns-is-layout-9d6595d7 wp-block-columns-is-layout-flex\">\n<div class=\"wp-block-column is-layout-flow wp-block-column-is-layout-flow\" style=\"flex-basis:85%\">\n<p>Indirizzo: Via Giuseppe Garibaldi, 63, 31046 Oderzo TV<br>Coordinate: 45.7788, 12.4913<\/p>\n<\/div>\n\n\n\n<div class=\"wp-block-column is-layout-flow wp-block-column-is-layout-flow\" style=\"flex-basis:15%\">\n<p class=\"has-text-align-right\"><a href=\"https:\/\/goo.gl\/maps\/CjQUpyniffu3Dsnj8\" target=\"_blank\" aria-label=\" (opens in a new tab)\" rel=\"noreferrer noopener\" class=\"ek-link\">Google Maps<\/a><\/p>\n<\/div>\n<\/div>","protected":false},"excerpt":{"rendered":"<p>&lt;&lt;&nbsp;Veneto Marca Trevigiana (&#8220;March of Treviso&#8221;) is the name given to the territory around the city of Treviso. In the Middle Ages, this was a loosely defined area in northeastern Veneto surrounding Treviso, and this name is now used to identify the entire province. The southern part is a mostly rural plain, with some larger cities and a few interesting attractions. Moving north, various beautiful towns are located at the foot of the hills and among the mountains. Castelfranco Veneto Castelfranco Veneto is a walled city placed between Treviso, Padua, and Vicenza. It was founded between 1195 and 1199 as a military outpost of Treviso to defend against its neighboring rivals. The city later came under the rule of Venice and lived its golden age during the Renaissance, when it was inhabited by rich patrician families and became famous as cultural center and the birthplace of artist Giorgione. Today, Castelfranco Veneto still preserves its medieval old town and castle and it is renowned for its rich cultural heritage. \u272a Castelfranco Veneto Castle A medieval castle dominates the city center of Castelfranco Veneto. It was erected at the end of the 12th century and it is one of the best preserved historic fortifications in Veneto. The castle is surrounded by a moat and it features various towers, including the Civic Tower, which stands on top of one of the gates. Address: Piazza Giorgione, 31033 Castelfranco Veneto TVCoordinates: 45.6727, 11.9253 Google Maps \u272a Castelfranco Veneto Cathedral The Cathedral of Castelfranco Veneto (Duomo di Castelfranco Veneto) was built in Neoclassical style during the 18th century on the site of a previous older church. It is famous for hosting the renowned Castelfranco Madonna (Pala di Castelfranco), painted by Giorgione in 1504, and among its most iconic works. The sacristy also hosts a series of frescoes by Veronese. Address: Vicolo del Cristo, 14, 31033 Castelfranco Veneto TVCoordinates: 45.6710, 11.9266 Google Maps Museo Casa Giorgione Located next to the cathedral, Museo Casa Giorgione is a museum dedicated to the famous artist who was born in Castelfranco Veneto. The collection of this museum showcases not only the artist, but also the rich cultural environment of the city during the Renaissance. Address: Piazza S. Liberale, 31033 Castelfranco Veneto TVCoordinates: 45.6709, 11.9270 Google Maps Fanzolo Fanzolo is a small town northeast of Castelfranco Veneto, and it forms part of the municipality of Vedelago. It is only a tiny village but it is known for hosting one of the most famous Palladian Villas. Villa Emo Villa Emo is a large patrician residence designed by Andrea Palladio and erected during the 16th century. One of the most impressive works of the architect, it is in the list of UNESCO World Heritage sites. The central building features hall decorated with an impressive series of frescoes, and it is flanked by two long colonnated wings. Address: Via Stazione, 5, 31050 Fanzolo TVCoordinates: 45.7117, 11.9913 Google Maps Altivole Altivole is a small town in the Province of Treviso. It is mostly known for the modernist funerary complex in the village of San Vito d&#8217;Altivole located nearby. Brion Tomb The Brion Tomb (Tomba Brion) is a funerary monument located in the cemetery of San Vito, near the town of Altivole. The complex was designed by Carlo Scarpa and erected during the 1970s. The unique monumental complex features various impressive pieces of modernist architecture and it serves as a burial ground of the Brion family. Address: Cimitero di San Vito, Via Brioni, 31030 Altivole TVCoordinates: 45.7512, 11.9137 Google Maps Asolo Asolo is a town located along the sides of a hill in the Province of Treviso. Inhabited since ancient times, it lived its golden age during the Late Middle Ages, and it still features many of its medieval characteristics, such as the narrow roads and various fortifications. Its unique beauty and medieval atmosphere make now Asolo a popular tourist destination. \u272a&nbsp;Asolo Castle Also known as: Castle of Caterina Cornaro (Castello della Regina Cornaro) The Asolo Castle is a fortified palace originally built during the Middle Ages and expanded several times. In 1489 it became the residence of Caterina Cornaro, Queen of Cyprus and, during this time, the castle gained its current appearance. The castle became an important center of cultural life hosting artists and scholars but it fell into decline after the queen&#8217;s death. Now restored, some wonderful views of the surrounding areas can be enjoyed from the castle. Address: Via Sottocastello, 31011 Asolo TVCoordinates: 45.8018, 11.9124 Google Maps Rocca of Asolo The Rocca of Asolo is a medieval fortification located on a hill overlooking the town. It was built between the 12th and 13th century and it was once an important military post. Now it features tall and well-preserved walls, and it is a symbol of the city of Asolo. Address: Via Rocca, 31011 Asolo TVCoordinates: 45.8041, 11.9165 Google Maps Asolo Cathedral The main religious building of Asolo is the Cathedral (Duomo di Asolo), and was built during the Renaissance on the site of a previous ancient church. It features a few artworks, most notably the famous Asolo Altarpiece (Pala di Asolo), painted in 1506 by Lorenzo Lotto. Address: Piazzetta S. Pio X, 192, 31011 Asolo TVCoordinates: 45.8019, 11.9136 Google Maps Civic Museum of Asolo The Civic Museum of Asolo (Museo Civico di Asolo) is hosted in a 15th-century palace and it features a rich collection of archaeology and art showcasing the city&#8217;s history. The museum houses works that span from prehistoric findings to 20th century objects, including a series of Renaissance and Baroque paintings. Address: Via Regina Cornaro, 74, 31011 Asolo TVCoordinates: 45.8019, 11.9132 Google Maps Maser Maser is a small town located at the foot of a hill in the Province of Treviso, between Asolo and Cornuda. It is mostly notable for being the place where Andrea Palladio died, and for hosting some historic patrician villas. Villa Barbaro Villa Barbaro is a 16th-century patrician residence designed by Andrea Palladio. It is one of the most famous and impressive works by the architect&#8230;<\/p>","protected":false},"author":1,"featured_media":0,"parent":932,"menu_order":0,"comment_status":"closed","ping_status":"closed","template":"","meta":{"_editorskit_title_hidden":false,"_editorskit_reading_time":0,"_editorskit_is_block_options_detached":false,"_editorskit_block_options_position":"{}","om_disable_all_campaigns":false,"_uag_custom_page_level_css":"","advgb_blocks_editor_width":"","advgb_blocks_columns_visual_guide":"","_monsterinsights_skip_tracking":false,"_monsterinsights_sitenote_active":false,"_monsterinsights_sitenote_note":"","_monsterinsights_sitenote_category":0,"footnotes":""},"class_list":["post-9038","page","type-page","status-publish","hentry"],"aioseo_notices":[],"featured_image_src":null,"uagb_featured_image_src":{"full":false,"thumbnail":false,"medium":false,"medium_large":false,"large":false,"1536x1536":false,"2048x2048":false,"trp-custom-language-flag":false,"xs-thumb":false,"post-thumbnail":false,"minimalistblogger-grid":false,"minimalistblogger-slider":false,"minimalistblogger-small":false},"uagb_author_info":{"display_name":"Stefano Cammisa","author_link":"https:\/\/www.cosmundus.com\/it\/author\/stefano-cammisa\/"},"uagb_comment_info":0,"uagb_excerpt":"&lt;&lt;&nbsp;Veneto Marca Trevigiana (&#8220;March of Treviso&#8221;) is the name given to the territory around the city of Treviso. In the Middle Ages, this was a loosely defined area in northeastern Veneto surrounding Treviso, and this name is now used to identify the entire province. The southern part is a mostly rural plain, with some larger&hellip;","coauthors":[],"author_meta":{"author_link":"https:\/\/www.cosmundus.com\/it\/author\/stefano-cammisa\/","display_name":"Stefano Cammisa"},"relative_dates":{"created":"Pubblicato 2 anni fa","modified":"Aggiornato 2 anni fa"},"absolute_dates":{"created":"Pubblicato il 19 Febbraio 2024","modified":"Aggiornato il 19 Febbraio 2024"},"absolute_dates_time":{"created":"Pubblicato il 19 Febbraio 2024 4:09 pm","modified":"Aggiornato il 19 Febbraio 2024 4:15 pm"},"featured_img_caption":"","featured_img":false,"series_order":"","_links":{"self":[{"href":"https:\/\/www.cosmundus.com\/it\/wp-json\/wp\/v2\/pages\/9038","targetHints":{"allow":["GET"]}}],"collection":[{"href":"https:\/\/www.cosmundus.com\/it\/wp-json\/wp\/v2\/pages"}],"about":[{"href":"https:\/\/www.cosmundus.com\/it\/wp-json\/wp\/v2\/types\/page"}],"author":[{"embeddable":true,"href":"https:\/\/www.cosmundus.com\/it\/wp-json\/wp\/v2\/users\/1"}],"replies":[{"embeddable":true,"href":"https:\/\/www.cosmundus.com\/it\/wp-json\/wp\/v2\/comments?post=9038"}],"version-history":[{"count":28,"href":"https:\/\/www.cosmundus.com\/it\/wp-json\/wp\/v2\/pages\/9038\/revisions"}],"predecessor-version":[{"id":9077,"href":"https:\/\/www.cosmundus.com\/it\/wp-json\/wp\/v2\/pages\/9038\/revisions\/9077"}],"up":[{"embeddable":true,"href":"https:\/\/www.cosmundus.com\/it\/wp-json\/wp\/v2\/pages\/932"}],"wp:attachment":[{"href":"https:\/\/www.cosmundus.com\/it\/wp-json\/wp\/v2\/media?parent=9038"}],"curies":[{"name":"wp","href":"https:\/\/api.w.org\/{rel}","templated":true}]}}