{"id":9008,"date":"2024-02-19T11:49:20","date_gmt":"2024-02-19T10:49:20","guid":{"rendered":"https:\/\/www.cosmundus.com\/?page_id=9008"},"modified":"2026-01-23T11:39:30","modified_gmt":"2026-01-23T10:39:30","slug":"agordino-ampezzo-and-cadore","status":"publish","type":"page","link":"https:\/\/www.cosmundus.com\/it\/destinations\/agordino-ampezzo-and-cadore\/","title":{"rendered":"Agordino, Ampezzo e Cadore"},"content":{"rendered":"<p class=\"has-text-align-right\">&lt;&lt;&nbsp;<a href=\"https:\/\/www.cosmundus.com\/it\/atlas\/europe\/southern-europe\/italy\/northeast-italy\/veneto\/\">Veneto<\/a><\/p>\n\n\n\n<p class=\"translation-block\">La montuosa parte settentrionale della Provincia di <a href=\"https:\/\/www.cosmundus.com\/it\/destinations\/valbelluna-and-feltrino\/#belluno\" class=\"ek-link\" target=\"_self\">Belluno<\/a> \u00e8 nota per il suo bellissimo ambiente naturale, e comprende le famose Dolomiti. Questa catena montuosa \u00e8 una delle pi\u00f9 visitate delle Alpi e un patrimonio mondiale dell'UNESCO. La parte occidentale di questa zona \u00e8 incentrata attorno ad Agordo, ed \u00e8 conosciuta come Agordino, mentre a nord si trova la Valle d'Ampezzo, con la famosa stazione sciistica di Cortina d'Ampezzo. La parte centrale e orientale \u00e8 invece conosciuta come Cadore, un'altra regione nota per le sue bellissime montagne e i suoi borghi tradizionali.<\/p>\n\n\n\n<div class=\"wp-block-group\"><div class=\"wp-block-group__inner-container is-layout-constrained wp-block-group-is-layout-constrained\"><div style=\"border: 1px solid #8ed1fc; border-radius: 0%; background-color: inherit; \" class=\"ub-styled-box ub-bordered-box wp-block-ub-styled-box\" id=\"ub-styled-box-7e40135a-9296-40a8-8dd0-221a113b579e\">\n<p class=\"has-medium-font-size\" id=\"ub-styled-box-bordered-content-427ccd0f-2f04-4033-9642-066a2c646fc9\">Posti da vedere nell'Agordino, l'Ampezzo e il Cadore<\/p>\n\n\n<div class=\"wp-block-aioseo-table-of-contents\"><ul><li><a class=\"aioseo-toc-item\" href=\"#agordo\">Agordo<\/a><ul><li><a class=\"aioseo-toc-item\" href=\"#villa-crotta-de-manzoni\">Villa Crotta-De Manzoni<\/a><\/li><\/ul><\/li><li><a class=\"aioseo-toc-item\" href=\"#canale-dagordo\">Canale d&#8217;Agordo<\/a><ul><li><a class=\"aioseo-toc-item\" href=\"#museo-albino-luciani\">Museo Albino Luciani<\/a><\/li><\/ul><\/li><li><a class=\"aioseo-toc-item\" href=\"#alleghe\">Alleghe<\/a><ul><li><a class=\"aioseo-toc-item\" href=\"#lago-di-alleghe\">Lago di Alleghe<\/a><\/li><\/ul><\/li><li><a class=\"aioseo-toc-item\" href=\"#marmolada\">Marmolada<\/a><ul><li><a class=\"aioseo-toc-item\" href=\"#marmolada-terrace\">\u272a Terrazza Marmolada<\/a><\/li><li><a class=\"aioseo-toc-item\" href=\"#museo-marmolada-grande-guerra\">Museo Marmolada Grande Guerra<\/a><\/li><\/ul><\/li><li><a class=\"aioseo-toc-item\" href=\"#selva-di-cadore\">Selva di Cadore<\/a><ul><li><a class=\"aioseo-toc-item\" href=\"#museo-vittorino-cazzetta\">Museo Vittorino Cazzetta<\/a><\/li><\/ul><\/li><li><a class=\"aioseo-toc-item\" href=\"#cortina-dampezzo\">Cortina d&#8217;Ampezzo<\/a><ul><li><a class=\"aioseo-toc-item\" href=\"#basilica-of-santi-filippo-e-giacomo\">Basilica dei Santi Filippo e Giacomo<\/a><\/li><li><a class=\"aioseo-toc-item\" href=\"#mario-rimoldi-modern-art-museum\">Museo d\u2019Arte Moderna Mario Rimoldi<\/a><\/li><li><a class=\"aioseo-toc-item\" href=\"#paleontology-museum-and-ethnographic-museum\">Museo Paleontologico e Museo Etnografico<\/a><\/li><li><a class=\"aioseo-toc-item\" href=\"#pocol-war-memorial\">Sacrario Militare di Pocol<\/a><\/li><li><a class=\"aioseo-toc-item\" href=\"#cinque-torri\">Cinque Torri<\/a><\/li><\/ul><\/li><li><a class=\"aioseo-toc-item\" href=\"#auronzo-di-cadore\">Auronzo di Cadore<\/a><ul><li><a class=\"aioseo-toc-item\" href=\"#tre-cime-di-lavaredo-drei-zinnen\">\u272a\u00a0Tre Cime di Lavaredo\/Drei Zinnen<\/a><\/li><li><a class=\"aioseo-toc-item\" href=\"#lake-misurina\">\u272a Lago di Misurina<\/a><\/li><\/ul><\/li><li><a class=\"aioseo-toc-item\" href=\"#pieve-di-cadore\">Pieve di Cadore<\/a><ul><li><a class=\"aioseo-toc-item\" href=\"#palazzo-della-magnifica-comunita\">\u272a\u00a0Palazzo della Magnifica Comunit\u00e0<\/a><\/li><\/ul><\/li><\/ul><\/div>\n\n<\/div><\/div><\/div>\n\n\n\n<h2 class=\"wp-block-heading\" id=\"agordo\"><strong>Agordo<\/strong><\/h2>\n\n\n\n<p class=\"translation-block\">Agordo \u00e8 una bella cittadina situata tra le Alpi in Provincia di Belluno, ed \u00e8 il centro principale di un'area nota come Agordino. Negli ultimi secoli \u00e8 stato il principale centro minerario e industriale di questa regione, ma ora \u00e8 anche una localit\u00e0 turistica.<\/p>\n\n\n<div class=\"wp-block-ub-divider ub_divider ub-divider-orientation-horizontal\" id=\"ub_divider_3aa71cb9-da60-4354-8d81-8fa100db3640\"><div class=\"ub_divider_wrapper\" style=\"position: relative; margin-bottom: 2px; width: 100%; height: 2px; \" data-divider-alignment=\"center\"><div class=\"ub_divider_line\" style=\"border-top: 2px solid #ccc; margin-top: 2px; \"><\/div><\/div><\/div>\n\n\n<h4 class=\"wp-block-heading\" id=\"villa-crotta-de-manzoni\"><strong>Villa Crotta-De Manzoni<\/strong><\/h4>\n\n\n\n<p class=\"translation-block\">La Villa Crotta-De Manzoni \u00e8 una villa patrizia rinascimentale che include dei giardini sia davanti che dietro l'edificio. Alcune parti del complesso ospitano il <strong>Museo dell'Ottica<\/strong>, con una collezione di migliaia di occhiali da vista e altri strumenti ottici.<\/p>\n\n\n\n<div class=\"wp-block-columns is-layout-flex wp-container-core-columns-is-layout-9d6595d7 wp-block-columns-is-layout-flex\">\n<div class=\"wp-block-column is-layout-flow wp-block-column-is-layout-flow\" style=\"flex-basis:85%\">\n<p>Indirizzo: Corso Patrioti, 3A, 32021 Agordo BL<br>Coordinate: 46.2813, 12.0345<\/p>\n<\/div>\n\n\n\n<div class=\"wp-block-column is-layout-flow wp-block-column-is-layout-flow\" style=\"flex-basis:15%\">\n<p class=\"has-text-align-right\"><a href=\"https:\/\/goo.gl\/maps\/LsUGqx1qSKfoBtZF8\" target=\"_blank\" aria-label=\" (opens in a new tab)\" rel=\"noreferrer noopener\" class=\"ek-link\">Google Maps<\/a><\/p>\n<\/div>\n<\/div>\n\n\n<div style=\"margin-top: var(--wp--preset--spacing--40); margin-bottom: var(--wp--preset--spacing--40); \" class=\"wp-block-ub-divider ub_divider ub-divider-orientation-horizontal\" id=\"ub_divider_f0b4e320-c73a-4c5e-829f-259b8fe314ae\"><div class=\"ub_divider_wrapper\" style=\"position: relative; margin-bottom: 10px; width: 100%; height: 10px; \" data-divider-alignment=\"center\"><div class=\"ub_divider_line\" style=\"border-top: 2px solid #000000; margin-top: 10px; \"><\/div><\/div><\/div>\n\n\n<h2 class=\"wp-block-heading\" id=\"canale-dagordo\"><strong>Canale d&#8217;Agordo<\/strong><\/h2>\n\n\n\n<p>Canale d\u2019Agordo \u00e8 un paesino di montagna tra le Alpi, parte della regione nota come Agordino. \u00c8 famosa soprattutto per essere la citt\u00e0 natale di Papa Giovanni Paolo I.<\/p>\n\n\n<div class=\"wp-block-ub-divider ub_divider ub-divider-orientation-horizontal\" id=\"ub_divider_e56f0531-9fd6-450c-89df-837b043fe09e\"><div class=\"ub_divider_wrapper\" style=\"position: relative; margin-bottom: 2px; width: 100%; height: 2px; \" data-divider-alignment=\"center\"><div class=\"ub_divider_line\" style=\"border-top: 2px solid #ccc; margin-top: 2px; \"><\/div><\/div><\/div>\n\n\n<h4 class=\"wp-block-heading\" id=\"museo-albino-luciani\"><strong><strong>Museo Albino Luciani<\/strong><\/strong><\/h4>\n\n\n\n<p>Il Museo Albino Luciani \u00e8 un museo dedicato a Papa Giovanni Paolo I, che nacque come Albino Luciani a Canale d'Agordo e fu a capo della Chiesa cattolica per solo 33 giorni nel 1978. Il museo include una collezione variegata ed \u00e8 visitato da molti devoti al defunto pontefice.<\/p>\n\n\n\n<div class=\"wp-block-columns is-layout-flex wp-container-core-columns-is-layout-9d6595d7 wp-block-columns-is-layout-flex\">\n<div class=\"wp-block-column is-layout-flow wp-block-column-is-layout-flow\" style=\"flex-basis:85%\">\n<p>Indirizzo: Piazza Papa Luciani, 4, 32020 Canale d\u2019Agordo BL<br>Coordinate: 46.3609, 11.9148<\/p>\n<\/div>\n\n\n\n<div class=\"wp-block-column is-layout-flow wp-block-column-is-layout-flow\" style=\"flex-basis:15%\">\n<p class=\"has-text-align-right\"><a href=\"https:\/\/goo.gl\/maps\/8eV8AmGoriyMeT3o6\" target=\"_blank\" aria-label=\" (opens in a new tab)\" rel=\"noreferrer noopener\" class=\"ek-link\">Google Maps<\/a><\/p>\n<\/div>\n<\/div>\n\n\n<div style=\"margin-top: var(--wp--preset--spacing--40); margin-bottom: var(--wp--preset--spacing--40); \" class=\"wp-block-ub-divider ub_divider ub-divider-orientation-horizontal\" id=\"ub_divider_69683e4a-686e-44a0-9746-0684aca863c8\"><div class=\"ub_divider_wrapper\" style=\"position: relative; margin-bottom: 10px; width: 100%; height: 10px; \" data-divider-alignment=\"center\"><div class=\"ub_divider_line\" style=\"border-top: 2px solid #000000; margin-top: 10px; \"><\/div><\/div><\/div>\n\n\n<h2 class=\"wp-block-heading\" id=\"alleghe\"><strong>Alleghe<\/strong><\/h2>\n\n\n\n<p>Alleghe \u00e8 una cittadina su un lago in mezzo alle Dolomiti, vicino al Monte Civetta, una delle montagne pi\u00f9 importanti dell'area. Grazie al suo bellissimo ambiente, \u00e8 una notevole destinazione turistica.<\/p>\n\n\n<div class=\"wp-block-ub-divider ub_divider ub-divider-orientation-horizontal\" id=\"ub_divider_8d13985e-7eee-4f8e-bfff-428daca3e664\"><div class=\"ub_divider_wrapper\" style=\"position: relative; margin-bottom: 2px; width: 100%; height: 2px; \" data-divider-alignment=\"center\"><div class=\"ub_divider_line\" style=\"border-top: 2px solid #ccc; margin-top: 2px; \"><\/div><\/div><\/div>\n\n\n<h4 class=\"wp-block-heading\" id=\"lago-di-alleghe\"><strong><strong>Lago di Alleghe<\/strong><\/strong><\/h4>\n\n\n\n<p>Il lago che tocca Alleghe \u00e8 una popolare attrazione turistica che si trova in un bell'ambiente tra le alte montagne delle Dolomiti, ma si \u00e8 formato in seguito ad un evento drammatico. Nel 1771 un'immensa frana si stacc\u00f2 dal vicino Monte Piz, seppellendo vari villaggi e bloccando il corso del torrente Cordevole. L'acqua intrappolata sommerse gradualmente altri paesini, ma l'area infine si stabilizz\u00f2 formando il lago attuale.<\/p>\n\n\n\n<div class=\"wp-block-columns is-layout-flex wp-container-core-columns-is-layout-9d6595d7 wp-block-columns-is-layout-flex\">\n<div class=\"wp-block-column is-layout-flow wp-block-column-is-layout-flow\" style=\"flex-basis:85%\">\n<p>Indirizzo: Lago di Alleghe, 32022 Alleghe BL<br>Coordinate: 46.4064, 12.0165<\/p>\n<\/div>\n\n\n\n<div class=\"wp-block-column is-layout-flow wp-block-column-is-layout-flow\" style=\"flex-basis:15%\">\n<p class=\"has-text-align-right\"><a href=\"https:\/\/goo.gl\/maps\/LVWhpTXCXF3jdjX89\" target=\"_blank\" aria-label=\" (opens in a new tab)\" rel=\"noreferrer noopener\" class=\"ek-link\">Google Maps<\/a><\/p>\n<\/div>\n<\/div>\n\n\n<div style=\"margin-top: var(--wp--preset--spacing--40); margin-bottom: var(--wp--preset--spacing--40); \" class=\"wp-block-ub-divider ub_divider ub-divider-orientation-horizontal\" id=\"ub_divider_9c5ceb0f-61d9-4f54-ae0b-69199003a853\"><div class=\"ub_divider_wrapper\" style=\"position: relative; margin-bottom: 10px; width: 100%; height: 10px; \" data-divider-alignment=\"center\"><div class=\"ub_divider_line\" style=\"border-top: 2px solid #000000; margin-top: 10px; \"><\/div><\/div><\/div>\n\n\n<h2 class=\"wp-block-heading\" id=\"marmolada\"><strong>Marmolada<\/strong><\/h2>\n\n\n\n<p class=\"translation-block\">La Marmolada \u00e8 la montagna pi\u00f9 alta delle Dolomiti e delle Alpi orientali e, per questa ragione, \u00e8 anche chiamata \"Regina delle Dolomiti\", ed \u00e8 una delle principali attrazioni turistiche nella regione. Si trova al confine tra Veneto e <a href=\"https:\/\/www.cosmundus.com\/it\/atlas\/europe\/southern-europe\/italy\/northeast-italy\/trentino-alto-adige\/\" class=\"ek-link\" target=\"_self\">Trentino-Alto Adige<\/a>, ma \u00e8 accessibile pi\u00f9 facilmente tramite una funivia dal lato orientale, in Veneto.<\/p>\n\n\n<div class=\"wp-block-ub-divider ub_divider ub-divider-orientation-horizontal\" id=\"ub_divider_89e91e24-d6b3-4bfb-913b-3b450ba41c70\"><div class=\"ub_divider_wrapper\" style=\"position: relative; margin-bottom: 2px; width: 100%; height: 2px; \" data-divider-alignment=\"center\"><div class=\"ub_divider_line\" style=\"border-top: 2px solid #ccc; margin-top: 2px; \"><\/div><\/div><\/div>\n\n\n<h4 class=\"wp-block-heading\" id=\"marmolada-terrace\"><strong><strong>\u272a&nbsp;<\/strong>Terrazza Marmolada<\/strong><\/h4>\n\n\n\n<p class=\"translation-block\">La Terrazza Marmolada \u00e8 una terrazza panoramica che si trova su Punta Rocca, il secondo picco pi\u00f9 alto della Marmolada, a un altitudine di 3.265 metri. Facilmente accessibile da Malga Ciapela con una funivia, questa spettacolare terrazza si trova sopra il <strong>Ghiacciaio della Marmolada<\/strong> e offre una vista mozzafiato su tutte le Alpi orientali.<\/p>\n\n\n\n<div class=\"wp-block-columns is-layout-flex wp-container-core-columns-is-layout-9d6595d7 wp-block-columns-is-layout-flex\">\n<div class=\"wp-block-column is-layout-flow wp-block-column-is-layout-flow\" style=\"flex-basis:85%\">\n<p>Indirizzo: Terrazza Marmolada, 32023 Malga Ciapela BL<br>Coordinate: 46.4336, 11.8620<\/p>\n<\/div>\n\n\n\n<div class=\"wp-block-column is-layout-flow wp-block-column-is-layout-flow\" style=\"flex-basis:15%\">\n<p class=\"has-text-align-right\"><a href=\"https:\/\/goo.gl\/maps\/wK8CcMUhqJ3jxrwL6\" target=\"_blank\" aria-label=\" (opens in a new tab)\" rel=\"noreferrer noopener\" class=\"ek-link\">Google Maps<\/a><\/p>\n<\/div>\n<\/div>\n\n\n<div class=\"wp-block-ub-divider ub_divider ub-divider-orientation-horizontal\" id=\"ub_divider_54e05024-50ad-4224-8871-48d1d3131be6\"><div class=\"ub_divider_wrapper\" style=\"position: relative; margin-bottom: 2px; width: 100%; height: 2px; \" data-divider-alignment=\"center\"><div class=\"ub_divider_line\" style=\"border-top: 2px solid #ccc; margin-top: 2px; \"><\/div><\/div><\/div>\n\n\n<h4 class=\"wp-block-heading\" id=\"museo-marmolada-grande-guerra\"><strong>Museo Marmolada Grande Guerra<\/strong><\/h4>\n\n\n\n<p>La Marmolada si trovava proprio al confine tra Italia e Austria durante la prima guerra mondiale e vide feroci scontri fino alla cima durante quel conflitto. Un museo militare dedicato alle battaglie combattute sulla Marmolada si trova ora nella stazione della funivia di Serauta, a un altitudine di quasi 3.000 metri, ed \u00e8 il museo pi\u00f9 alto d'Europa.<\/p>\n\n\n\n<div class=\"wp-block-columns is-layout-flex wp-container-core-columns-is-layout-9d6595d7 wp-block-columns-is-layout-flex\">\n<div class=\"wp-block-column is-layout-flow wp-block-column-is-layout-flow\" style=\"flex-basis:85%\">\n<p>Indirizzo:  Museo Marmolada Grande Guerra 3000 M, 32023 Rocca Pietore BL<br>Coordinate: 46.4378, 11.8793<\/p>\n<\/div>\n\n\n\n<div class=\"wp-block-column is-layout-flow wp-block-column-is-layout-flow\" style=\"flex-basis:15%\">\n<p class=\"has-text-align-right\"><a href=\"https:\/\/goo.gl\/maps\/7i7yeYCHUp8TbN6s6\" target=\"_blank\" aria-label=\" (opens in a new tab)\" rel=\"noreferrer noopener\" class=\"ek-link\">Google Maps<\/a><\/p>\n<\/div>\n<\/div>\n\n\n<div style=\"margin-top: var(--wp--preset--spacing--40); margin-bottom: var(--wp--preset--spacing--40); \" class=\"wp-block-ub-divider ub_divider ub-divider-orientation-horizontal\" id=\"ub_divider_216d31a0-8fc5-4584-9d91-bcd0bd86beda\"><div class=\"ub_divider_wrapper\" style=\"position: relative; margin-bottom: 10px; width: 100%; height: 10px; \" data-divider-alignment=\"center\"><div class=\"ub_divider_line\" style=\"border-top: 2px solid #000000; margin-top: 10px; \"><\/div><\/div><\/div>\n\n\n<h2 class=\"wp-block-heading\" id=\"selva-di-cadore\"><strong>Selva di Cadore<\/strong><\/h2>\n\n\n\n<p>Selva di Cadore \u00e8 un piccolo villaggio di montagna nelle Alpi, situato tra le regioni dell'Agordino, l'Ampezzo e il Cadore nella Provincia di Belluno. \u00c8 una localit\u00e0 turistica grazie alla sua prossimit\u00e0 ad alcune delle montagne pi\u00f9 alte delle Dolomiti.<\/p>\n\n\n<div class=\"wp-block-ub-divider ub_divider ub-divider-orientation-horizontal\" id=\"ub_divider_4e2d09a4-d7e9-4b0e-9186-26b8291a85a0\"><div class=\"ub_divider_wrapper\" style=\"position: relative; margin-bottom: 2px; width: 100%; height: 2px; \" data-divider-alignment=\"center\"><div class=\"ub_divider_line\" style=\"border-top: 2px solid #ccc; margin-top: 2px; \"><\/div><\/div><\/div>\n\n\n<h4 class=\"wp-block-heading\" id=\"museo-vittorino-cazzetta\"><strong><strong>Museo Vittorino Cazzetta<\/strong><\/strong><\/h4>\n\n\n\n<p class=\"translation-block\">Il Museo Vittorino Cazzetta \u00e8 un museo dedicato alla paleontologia e all'archeologia nel Cadore e nelle Dolomite. Ospita una grande collezione di fossili e l'<em>Uomo di Mondeval<\/em>, una sepoltura mesolitica con lo scheletro di un cacciatore preistorico trovato nella vicina valle del Mondeval.<\/p>\n\n\n\n<div class=\"wp-block-columns is-layout-flex wp-container-core-columns-is-layout-9d6595d7 wp-block-columns-is-layout-flex\">\n<div class=\"wp-block-column is-layout-flow wp-block-column-is-layout-flow\" style=\"flex-basis:85%\">\n<p>Indirizzo: Via IV Novembre, 51, 32020 Selva di Cadore BL<br>Coordinate: 46.4510, 12.0392<\/p>\n<\/div>\n\n\n\n<div class=\"wp-block-column is-layout-flow wp-block-column-is-layout-flow\" style=\"flex-basis:15%\">\n<p class=\"has-text-align-right\"><a href=\"https:\/\/goo.gl\/maps\/9neGmjNctWhrRc8z6\" target=\"_blank\" aria-label=\" (opens in a new tab)\" rel=\"noreferrer noopener\" class=\"ek-link\">Google Maps<\/a><\/p>\n<\/div>\n<\/div>\n\n\n<div style=\"margin-top: var(--wp--preset--spacing--40); margin-bottom: var(--wp--preset--spacing--40); \" class=\"wp-block-ub-divider ub_divider ub-divider-orientation-horizontal\" id=\"ub_divider_2cc2e92f-47a6-4348-9e77-ec1c2b38ae76\"><div class=\"ub_divider_wrapper\" style=\"position: relative; margin-bottom: 10px; width: 100%; height: 10px; \" data-divider-alignment=\"center\"><div class=\"ub_divider_line\" style=\"border-top: 2px solid #000000; margin-top: 10px; \"><\/div><\/div><\/div>\n\n\n<h2 class=\"wp-block-heading\" id=\"cortina-dampezzo\"><strong>Cortina d&#8217;Ampezzo<\/strong><\/h2>\n\n\n\n<p>Cortina d\u2019Ampezzo \u00e8 una citt\u00e0 situata nel mezzo delle Dolomiti ed \u00e8 una delle pi\u00f9 popolari localit\u00e0 turistiche nelle Alpi. \u00c8 nota per il suo ambiente spettacolare, la vicinanza a molti impianti sciistici, e i suoi hotel di lusso, ed \u00e8 spesso frequentata da persone ricche e famose. Una stazione sciistica e importante centro per gli sport invernali, ha ospitato molti eventi sportivi, in particolare le Olimpiadi invernali del 1956, e ospiter\u00e0 parte di quelle del 2026.<\/p>\n\n\n<div class=\"wp-block-ub-divider ub_divider ub-divider-orientation-horizontal\" id=\"ub_divider_ab42e7d1-8a94-43c8-a6f0-5fe8ed8d55d2\"><div class=\"ub_divider_wrapper\" style=\"position: relative; margin-bottom: 2px; width: 100%; height: 2px; \" data-divider-alignment=\"center\"><div class=\"ub_divider_line\" style=\"border-top: 2px solid #ccc; margin-top: 2px; \"><\/div><\/div><\/div>\n\n\n<h4 class=\"wp-block-heading\" id=\"basilica-of-santi-filippo-e-giacomo\"><strong>Basilica dei Santi Filippo e Giacomo<\/strong><\/h4>\n\n\n\n<p>La Basilica dei Santi Filippo e Giacomo \u00e8 la chiesa principale di Cortina d'Ampezzo, e si trova nella piazza centrale della citt\u00e0. Questa basilica barocca fu costruita nel diciottesimo secolo al posto di una chiesa precedente, e include un alto campanile.<\/p>\n\n\n\n<div class=\"wp-block-columns is-layout-flex wp-container-core-columns-is-layout-9d6595d7 wp-block-columns-is-layout-flex\">\n<div class=\"wp-block-column is-layout-flow wp-block-column-is-layout-flow\" style=\"flex-basis:85%\">\n<p>Indirizzo: Corso Italia, 88, 32043 Cortina d\u2019Ampezzo BL<br>Coordinate: 46.5374, 12.1366<\/p>\n<\/div>\n\n\n\n<div class=\"wp-block-column is-layout-flow wp-block-column-is-layout-flow\" style=\"flex-basis:15%\">\n<p class=\"has-text-align-right\"><a href=\"https:\/\/goo.gl\/maps\/dDijxqrKpuw2atcY7\" target=\"_blank\" aria-label=\" (opens in a new tab)\" rel=\"noreferrer noopener\" class=\"ek-link\">Google Maps<\/a><\/p>\n<\/div>\n<\/div>\n\n\n<div class=\"wp-block-ub-divider ub_divider ub-divider-orientation-horizontal\" id=\"ub_divider_4c5741d9-bcdc-4ebf-907e-8945f668a4a0\"><div class=\"ub_divider_wrapper\" style=\"position: relative; margin-bottom: 2px; width: 100%; height: 2px; \" data-divider-alignment=\"center\"><div class=\"ub_divider_line\" style=\"border-top: 2px solid #ccc; margin-top: 2px; \"><\/div><\/div><\/div>\n\n\n<h4 class=\"wp-block-heading\" id=\"mario-rimoldi-modern-art-museum\"><strong><strong>Museo d\u2019Arte Moderna Mario Rimoldi<\/strong><\/strong><\/h4>\n\n\n\n<p class=\"translation-block\">Il Museo d\u2019Arte Moderna Mario Rimoldi \u00e8 una galleria di arte moderna ospitata in un palazzo storico sulla piazza principale di Cortina d'Ampezzo. Include una collezione di centinaia di dipinti di alcuni dei pi\u00f9 famosi artisti italiani del ventesimo secolo.<\/p>\n\n\n\n<div class=\"wp-block-columns is-layout-flex wp-container-core-columns-is-layout-9d6595d7 wp-block-columns-is-layout-flex\">\n<div class=\"wp-block-column is-layout-flow wp-block-column-is-layout-flow\" style=\"flex-basis:85%\">\n<p>Indirizzo: Corso Italia, 69, 32043 Cortina d\u2019Ampezzo BL<br>Coordinate: 46.5370, 12.1373<\/p>\n<\/div>\n\n\n\n<div class=\"wp-block-column is-layout-flow wp-block-column-is-layout-flow\" style=\"flex-basis:15%\">\n<p class=\"has-text-align-right\"><a href=\"https:\/\/goo.gl\/maps\/Jn9hx3MnUdhbSVhM8\" target=\"_blank\" aria-label=\" (opens in a new tab)\" rel=\"noreferrer noopener\" class=\"ek-link\">Google Maps<\/a><\/p>\n<\/div>\n<\/div>\n\n\n<div class=\"wp-block-ub-divider ub_divider ub-divider-orientation-horizontal\" id=\"ub_divider_916d5962-646c-4db2-8557-130bce13134f\"><div class=\"ub_divider_wrapper\" style=\"position: relative; margin-bottom: 2px; width: 100%; height: 2px; \" data-divider-alignment=\"center\"><div class=\"ub_divider_line\" style=\"border-top: 2px solid #ccc; margin-top: 2px; \"><\/div><\/div><\/div>\n\n\n<h4 class=\"wp-block-heading\" id=\"paleontology-museum-and-ethnographic-museum\"><strong>Museo Paleontologico e Museo Etnografico<\/strong><\/h4>\n\n\n\n<p class=\"translation-block\">Un complesso di due musei che si trovano appena fuori dal centro di Cortina d'Ampezzo. Una sezione \u00e8 il Museo Paleontologico Rinaldo Zardini, che ospita una collezione di fossili da quest'area, mentre il secondo \u00e8 il Museo Etnografico Regole d\u2019Ampezzo, un esposizione sulla storia e cultura locale.<\/p>\n\n\n\n<div class=\"wp-block-columns is-layout-flex wp-container-core-columns-is-layout-9d6595d7 wp-block-columns-is-layout-flex\">\n<div class=\"wp-block-column is-layout-flow wp-block-column-is-layout-flow\" style=\"flex-basis:85%\">\n<p>Indirizzo: Via Marangoi, 1, 32043 Cortina d\u2019Ampezzo BL<br>Coordinate: 46.5401, 12.1314<\/p>\n<\/div>\n\n\n\n<div class=\"wp-block-column is-layout-flow wp-block-column-is-layout-flow\" style=\"flex-basis:15%\">\n<p class=\"has-text-align-right\"><a href=\"https:\/\/goo.gl\/maps\/CWJiVzB34rppTMFEA\" target=\"_blank\" aria-label=\" (opens in a new tab)\" rel=\"noreferrer noopener\" class=\"ek-link\">Google Maps<\/a><\/p>\n<\/div>\n<\/div>\n\n\n<div class=\"wp-block-ub-divider ub_divider ub-divider-orientation-horizontal\" id=\"ub_divider_6f480b71-f1d3-4646-b0bb-125d36877d4d\"><div class=\"ub_divider_wrapper\" style=\"position: relative; margin-bottom: 2px; width: 100%; height: 2px; \" data-divider-alignment=\"center\"><div class=\"ub_divider_line\" style=\"border-top: 2px solid #ccc; margin-top: 2px; \"><\/div><\/div><\/div>\n\n\n<h4 class=\"wp-block-heading\" id=\"pocol-war-memorial\"><strong>Sacrario Militare di Pocol<\/strong><\/h4>\n\n\n\n<p class=\"translation-block\">Il Sacrario Militare di Pocol \u00e8 un monumento e un cimitero che si trova su una collina a Pocol, appena fuori da Cortina d'Ampezzo. Fu costruito negli anni trenta per ospitare migliaia di soldati caduti in battaglia durante la prima guerra mondiale, quando quest'area era sul fronte e vide feroci scontri.<\/p>\n\n\n\n<div class=\"wp-block-columns is-layout-flex wp-container-core-columns-is-layout-9d6595d7 wp-block-columns-is-layout-flex\">\n<div class=\"wp-block-column is-layout-flow wp-block-column-is-layout-flow\" style=\"flex-basis:85%\">\n<p>Indirizzo: Sacrario Militare, 32043 Pocol BL<br>Coordinate: 46.5272, 12.1169<\/p>\n<\/div>\n\n\n\n<div class=\"wp-block-column is-layout-flow wp-block-column-is-layout-flow\" style=\"flex-basis:15%\">\n<p class=\"has-text-align-right\"><a href=\"https:\/\/goo.gl\/maps\/GssD3RqiRSWzz4XW7\" target=\"_blank\" aria-label=\" (opens in a new tab)\" rel=\"noreferrer noopener\" class=\"ek-link\">Google Maps<\/a><\/p>\n<\/div>\n<\/div>\n\n\n<div class=\"wp-block-ub-divider ub_divider ub-divider-orientation-horizontal\" id=\"ub_divider_d6f6df77-5203-4b07-bb09-c0ce43712762\"><div class=\"ub_divider_wrapper\" style=\"position: relative; margin-bottom: 2px; width: 100%; height: 2px; \" data-divider-alignment=\"center\"><div class=\"ub_divider_line\" style=\"border-top: 2px solid #ccc; margin-top: 2px; \"><\/div><\/div><\/div>\n\n\n<h4 class=\"wp-block-heading\" id=\"cinque-torri\"><strong>Cinque Torri<\/strong><\/h4>\n\n\n\n<p>Le Cinque Torri sono uno spettacolare gruppo di cinque alte formazioni rocciose che si trovano tra le Dolomiti, alcuni chilometri ad ovest di Cortina d'Ampezzo. Grazie alle sue forme peculiari e il suo ambiente stupendo, \u00e8 una popolare destinazione per escursioni.<\/p>\n\n\n\n<div class=\"wp-block-columns is-layout-flex wp-container-core-columns-is-layout-9d6595d7 wp-block-columns-is-layout-flex\">\n<div class=\"wp-block-column is-layout-flow wp-block-column-is-layout-flow\" style=\"flex-basis:85%\">\n<p>Indirizzo: Cinque Torri, 32043 Cortina d\u2019Ampezzo BL<br>Coordinate: 46.5099, 12.0515<\/p>\n<\/div>\n\n\n\n<div class=\"wp-block-column is-layout-flow wp-block-column-is-layout-flow\" style=\"flex-basis:15%\">\n<p class=\"has-text-align-right\"><a href=\"https:\/\/goo.gl\/maps\/PRxHx5MVpyCNW7Lb9\" target=\"_blank\" aria-label=\" (opens in a new tab)\" rel=\"noreferrer noopener\" class=\"ek-link\">Google Maps<\/a><\/p>\n<\/div>\n<\/div>\n\n\n<div style=\"margin-top: var(--wp--preset--spacing--40); margin-bottom: var(--wp--preset--spacing--40); \" class=\"wp-block-ub-divider ub_divider ub-divider-orientation-horizontal\" id=\"ub_divider_7485edde-d563-4e7f-a4a7-25fb825ed975\"><div class=\"ub_divider_wrapper\" style=\"position: relative; margin-bottom: 10px; width: 100%; height: 10px; \" data-divider-alignment=\"center\"><div class=\"ub_divider_line\" style=\"border-top: 2px solid #000000; margin-top: 10px; \"><\/div><\/div><\/div>\n\n\n<h2 class=\"wp-block-heading\" id=\"auronzo-di-cadore\"><strong>Auronzo di Cadore<\/strong><\/h2>\n\n\n\n<p>Auronzo di Cadore \u00e8 un paesino di montagna collocato in una stretta valle in mezzo alle Dolomiti. Mentre il paese non offre molto, \u00e8 famoso per ospitare nel suo territorio due delle attrazioni pi\u00f9 popolari dell'intera regione.<\/p>\n\n\n<div class=\"wp-block-ub-divider ub_divider ub-divider-orientation-horizontal\" id=\"ub_divider_536bacc7-3225-446f-81fd-bac92b763d2a\"><div class=\"ub_divider_wrapper\" style=\"position: relative; margin-bottom: 2px; width: 100%; height: 2px; \" data-divider-alignment=\"center\"><div class=\"ub_divider_line\" style=\"border-top: 2px solid #ccc; margin-top: 2px; \"><\/div><\/div><\/div>\n\n\n<h4 class=\"wp-block-heading\" id=\"tre-cime-di-lavaredo-drei-zinnen\"><strong><strong>\u272a&nbsp;<\/strong>Tre Cime di Lavaredo\/Drei Zinnen<\/strong><\/h4>\n\n\n\n<p>Le Tre Cime di Lavaredo sono un gruppo di tre alti picchi nelle Dolomiti, ed \u00e8 uno dei luoghi pi\u00f9 famosi ed emblematici nelle Alpi. Si trova al confine tra Veneto e Trentino-Alto Adige, ad alcuni chilometri da Auronzo di Cadore. L'intera catena montuosa che circonda le Tre Cime di Lavaredo \u00e8 una popolare attrazione turistica e offre viste mozzafiato e un ambiente bellissimo e rigoglioso.<\/p>\n\n\n\n<div class=\"wp-block-columns is-layout-flex wp-container-core-columns-is-layout-9d6595d7 wp-block-columns-is-layout-flex\">\n<div class=\"wp-block-column is-layout-flow wp-block-column-is-layout-flow\" style=\"flex-basis:85%\">\n<p>Indirizzo: Tre Cime Di Lavaredo, 32041 Auronzo di Cadore BL<br>Coordinate: 46.6179, 12.3009<\/p>\n<\/div>\n\n\n\n<div class=\"wp-block-column is-layout-flow wp-block-column-is-layout-flow\" style=\"flex-basis:15%\">\n<p class=\"has-text-align-right\"><a href=\"https:\/\/goo.gl\/maps\/oQPTQcURaGvv7kDv6\" target=\"_blank\" aria-label=\" (opens in a new tab)\" rel=\"noreferrer noopener\" class=\"ek-link\">Google Maps<\/a><\/p>\n<\/div>\n<\/div>\n\n\n<div class=\"wp-block-ub-divider ub_divider ub-divider-orientation-horizontal\" id=\"ub_divider_5f5a7032-df7d-4382-bac3-07d3a06819fe\"><div class=\"ub_divider_wrapper\" style=\"position: relative; margin-bottom: 2px; width: 100%; height: 2px; \" data-divider-alignment=\"center\"><div class=\"ub_divider_line\" style=\"border-top: 2px solid #ccc; margin-top: 2px; \"><\/div><\/div><\/div>\n\n\n<h4 class=\"wp-block-heading\" id=\"lake-misurina\"><strong><strong>\u272a&nbsp;<\/strong>Lago di Misurina<\/strong><\/h4>\n\n\n\n<p class=\"translation-block\">Situato alcuni chilometri ad ovest di Auronzo di Cadore, il Lago di Misurina \u00e8 un lago alpino e una popolare attrazione turistica. \u00c8 il pi\u00f9 grande lago nel Cadore ed \u00e8 noto per la sua aria pulita e acqua cristallina, e per offrire viste incredibili delle Dolomiti.<\/p>\n\n\n\n<div class=\"wp-block-columns is-layout-flex wp-container-core-columns-is-layout-9d6595d7 wp-block-columns-is-layout-flex\">\n<div class=\"wp-block-column is-layout-flow wp-block-column-is-layout-flow\" style=\"flex-basis:85%\">\n<p>Indirizzo: Lago di Misurina, 32041 Auronzo di Cadore BL<br>Coordinate: 46.5826, 12.2545<\/p>\n<\/div>\n\n\n\n<div class=\"wp-block-column is-layout-flow wp-block-column-is-layout-flow\" style=\"flex-basis:15%\">\n<p class=\"has-text-align-right\"><a href=\"https:\/\/goo.gl\/maps\/9dTymNujYdjYxsvC6\" target=\"_blank\" aria-label=\" (opens in a new tab)\" rel=\"noreferrer noopener\" class=\"ek-link\">Google Maps<\/a><\/p>\n<\/div>\n<\/div>\n\n\n<div style=\"margin-top: var(--wp--preset--spacing--40); margin-bottom: var(--wp--preset--spacing--40); \" class=\"wp-block-ub-divider ub_divider ub-divider-orientation-horizontal\" id=\"ub_divider_7e37b063-f0ba-4263-9da7-fde7271a98ea\"><div class=\"ub_divider_wrapper\" style=\"position: relative; margin-bottom: 10px; width: 100%; height: 10px; \" data-divider-alignment=\"center\"><div class=\"ub_divider_line\" style=\"border-top: 2px solid #000000; margin-top: 10px; \"><\/div><\/div><\/div>\n\n\n<h2 class=\"wp-block-heading\" id=\"pieve-di-cadore\"><strong>Pieve di Cadore<\/strong><\/h2>\n\n\n\n<p class=\"translation-block\">Nonostante sia una piccola citt\u00e0, Pieve di Cadore \u00e8 stata per secoli il centro principale del Cadore, la montagnosa parte settentrionale della Provincia di Belluno. Una popolare destinazione turistica tra le Dolomiti, \u00e8 anche nota per essere la citt\u00e0 natale del pittore Tiziano.<\/p>\n\n\n<div class=\"wp-block-ub-divider ub_divider ub-divider-orientation-horizontal\" id=\"ub_divider_f0e458a9-4545-4f8f-bb93-2efac82c6cd7\"><div class=\"ub_divider_wrapper\" style=\"position: relative; margin-bottom: 2px; width: 100%; height: 2px; \" data-divider-alignment=\"center\"><div class=\"ub_divider_line\" style=\"border-top: 2px solid #ccc; margin-top: 2px; \"><\/div><\/div><\/div>\n\n\n<h4 class=\"wp-block-heading\" id=\"palazzo-della-magnifica-comunita\"><strong><strong>\u272a&nbsp;<\/strong>Palazzo della Magnifica Comunit\u00e0<\/strong><\/h4>\n\n\n\n<p class=\"translation-block\">Sin dal Medioevo Pieve di Cadore \u00e8 stata la sede della Magnifica Comunit\u00e0 di Cadore, un'istituzione che radunava tutti i villaggi circostanti e che govern\u00f2 la regione per secoli. Il palazzo, che si trova su Piazza Tiziano, fu costruito nel quindicesimo secolo e include una torre dell'orologio. L'interno ospita alcune opere d'arte e il <strong>Museo Archeologico Cadorino<\/strong>, una ricca collezione di reperti archeologici da tutto il Cadore.<\/p>\n\n\n\n<div class=\"wp-block-columns is-layout-flex wp-container-core-columns-is-layout-9d6595d7 wp-block-columns-is-layout-flex\">\n<div class=\"wp-block-column is-layout-flow wp-block-column-is-layout-flow\" style=\"flex-basis:85%\">\n<p>Indirizzo: Piazza Tiziano, 2, 32044 Pieve di Cadore BL<br>Coordinate: 46.4287, 12.3751<\/p>\n<\/div>\n\n\n\n<div class=\"wp-block-column is-layout-flow wp-block-column-is-layout-flow\" style=\"flex-basis:15%\">\n<p class=\"has-text-align-right\"><a href=\"https:\/\/goo.gl\/maps\/DPQa4hw6wiC1F4tYA\" target=\"_blank\" aria-label=\" (opens in a new tab)\" rel=\"noreferrer noopener\" class=\"ek-link\">Google Maps<\/a><\/p>\n<\/div>\n<\/div>","protected":false},"excerpt":{"rendered":"<p>&lt;&lt;&nbsp;Veneto The mountainous northern part of the Province of Belluno is known for its beautiful natural environment, and includes the famous Dolomites. This mountain range is one of most visited in the Alps, and a UNESCO World Heritage Site. The western part of this area is centered around Agordo, and it is known as Agordino, while to the north is the Ampezzo Valley (Valle d&#8217;Ampezzo), with the famous ski resort of Cortina d&#8217;Ampezzo. The central and eastern portion is instead known as Cadore, another region noted for its beautiful mountains and traditional villages. Agordo Agordo is a beautiful small town located among the Alps in the Province of Belluno, and it is the main center of an area known as Agordino. In the past few centuries it has been the minerary and industrial heart of the region, but it is now also a tourist destination. Villa Crotta-De Manzoni Villa Crotta-De Manzoni is a decorated Renaissance patrician palace featuring gardens both on the front and the back of the building. Some parts of the complex host the Museum of Optics, with a collection of thousands of eyeglasses and other optical instruments. Address: Corso Patrioti, 3A, 32021 Agordo BLCoordinates: 46.2813, 12.0345 Google Maps Canale d&#8217;Agordo Canale d&#8217;Agordo is a small mountain town among the Alps, part of the region known as Agordino. It is mostly famous for being the hometown of Pope John Paul I. Museo Albino Luciani Museo Albino Luciani is a museum dedicated to Pope John Paul I, who was born as Albino Luciani in Canale d&#8217;Agordo and was the head of the Catholic Church for just 33 days in 1978. The museum features a varied collection and it is visited by many devotees to the late Pope. Address: Piazza Papa Luciani, 4, 32020 Canale d&#8217;Agordo BLCoordinates: 46.3609, 11.9148 Google Maps Alleghe Alleghe is a small town on a lake among the Dolomites, close to Monte Civetta, one of most prominent mountains in the area. Thanks to its beautiful environment, it is a notable tourist destination. Lago di Alleghe The lake that touches Alleghe is a popular tourist attraction located in a beautiful environment among the tall mountains of the Dolomites, but it was formed with a very dramatic event. In 1771 a huge landslide detached from the nearby Monte Piz, burying various villages and blocking the flow of the Cordevole stream. The blocked water gradually submerged a few more hamlets, but the area eventually stabilized forming the current lake. Address: Lago di Alleghe, 32022 Alleghe BLCoordinates: 46.4064, 12.0165 Google Maps Marmolada Marmolada is the tallest mountain in the Dolomites and the Eastern Alps and, for this reason, it is also known as &#8220;Queen of the Dolomites&#8221;, and is one of the main tourist attractions in the region. It stands at the border between Veneto and Trentino-Alto Adige, but it is more easily accessible with a cableway from the eastern side, in Veneto. \u272a&nbsp;Marmolada Terrace The Marmolada Terrace (Terrazza Marmolada) is a panoramic terrace standing on Punta Rocca, the second highest peak of Marmolada, at an altitude of 3,265 meters. Easily reachable from Malga Ciapela with a cableway, this spectacular terrace stands on top of the Marmolada Glacier and offers a breathtaking views over the entire Eastern Alps. Address: Terrazza Marmolada, 32023 Malga Ciapela BLCoordinates: 46.4336, 11.8620 Google Maps Museo Marmolada Grande Guerra Marmolada was right at the border between Italy and Austria during World War I, and it saw fierce fighting all the way to the top during that conflict. A military museum focused on the battles fought on Marmolada is now located in the cablecar station of Serauta, at an altitude of almost 3,000 meters, and it is the highest museum in Europe. Address: Museo Marmolada Grande Guerra 3000 M, 32023 Rocca Pietore BLCoordinates: 46.4378, 11.8793 Google Maps Selva di Cadore Selva di Cadore is a small mountain village in the Alps, located between the regions of Agordino, Ampezzo, and Cadore in the Province of Belluno. It is a tourist destination thanks to its proximity to many of the most prominent mountains of the Dolomites. Museo Vittorino Cazzetta The Museo Vittorino Cazzetta is a museum focused on local paleontolgy and archaeology of Cadore and the Dolomites. It hosts a large fossil collection and the Mondeval Man, a Mesolithic burial with the skeleton of a prehistoric hunter found on the nearby Mondeval valley. Address: Via IV Novembre, 51, 32020 Selva di Cadore BLCoordinates: 46.4510, 12.0392 Google Maps Cortina d&#8217;Ampezzo Cortina d&#8217;Ampezzo is a town located among the Dolomites and one of the most popular tourist destinations in the Alps. It is noted for its gorgeous environment, proximity to many skiing trails, and luxury hotels, and it is often frequented by rich and famous people. A ski resort and a hub for winter sports, it hosted many sporting events, most notably the 1956 Winter Olympics, and will co-host the 2026 Winter Olympics. Basilica of Santi Filippo e Giacomo The Basilica of Santi Filippo e Giacomo is the main church of Cortina d&#8217;Ampezzo, standing in the central square of the town. The Baroque basilica was built during the 18th century on the site of a previous church, and it features a tall bell tower. Address: Corso Italia, 88, 32043 Cortina d&#8217;Ampezzo BLCoordinates: 46.5374, 12.1366 Google Maps Mario Rimoldi Modern Art Museum The Mario Rimoldi Modern Art Museum (Museo d&#8217;Arte Moderna Mario Rimoldi) is a modern art gallery hosted in a historic building on the main square of Cortina d&#8217;Ampezzo. It features a collection of hundreds of paintings by some of the most famous Italian artists of the 20th century. Address: Corso Italia, 69, 32043 Cortina d&#8217;Ampezzo BLCoordinates: 46.5370, 12.1373 Google Maps Paleontology Museum and Ethnographic Museum A complex of two museums located just outside the city center of Cortina d&#8217;Ampezzo. One section is the Rinaldo Zardini Paleontology Museum (Museo Paleontologico Rinaldo Zardini), which hosts a collection of fossils from this area, while the second one is the Regole of Ampezzo Ethnographic Museum (Museo Etnografico Regole d&#8217;Ampezzo), an exhibition on local&#8230;<\/p>","protected":false},"author":1,"featured_media":0,"parent":932,"menu_order":0,"comment_status":"closed","ping_status":"closed","template":"","meta":{"_editorskit_title_hidden":false,"_editorskit_reading_time":0,"_editorskit_is_block_options_detached":false,"_editorskit_block_options_position":"{}","om_disable_all_campaigns":false,"_uag_custom_page_level_css":"","advgb_blocks_editor_width":"","advgb_blocks_columns_visual_guide":"","_monsterinsights_skip_tracking":false,"_monsterinsights_sitenote_active":false,"_monsterinsights_sitenote_note":"","_monsterinsights_sitenote_category":0,"footnotes":""},"class_list":["post-9008","page","type-page","status-publish","hentry"],"aioseo_notices":[],"featured_image_src":null,"uagb_featured_image_src":{"full":false,"thumbnail":false,"medium":false,"medium_large":false,"large":false,"1536x1536":false,"2048x2048":false,"trp-custom-language-flag":false,"xs-thumb":false,"post-thumbnail":false,"minimalistblogger-grid":false,"minimalistblogger-slider":false,"minimalistblogger-small":false},"uagb_author_info":{"display_name":"Stefano Cammisa","author_link":"https:\/\/www.cosmundus.com\/it\/author\/stefano-cammisa\/"},"uagb_comment_info":0,"uagb_excerpt":"&lt;&lt;&nbsp;Veneto The mountainous northern part of the Province of Belluno is known for its beautiful natural environment, and includes the famous Dolomites. This mountain range is one of most visited in the Alps, and a UNESCO World Heritage Site. The western part of this area is centered around Agordo, and it is known as Agordino,&hellip;","coauthors":[],"author_meta":{"author_link":"https:\/\/www.cosmundus.com\/it\/author\/stefano-cammisa\/","display_name":"Stefano Cammisa"},"relative_dates":{"created":"Pubblicato 2 anni fa","modified":"Aggiornato 3 mesi fa"},"absolute_dates":{"created":"Pubblicato il 19 Febbraio 2024","modified":"Aggiornato il 23 Gennaio 2026"},"absolute_dates_time":{"created":"Pubblicato il 19 Febbraio 2024 11:49 am","modified":"Aggiornato il 23 Gennaio 2026 11:39 am"},"featured_img_caption":"","featured_img":false,"series_order":"","_links":{"self":[{"href":"https:\/\/www.cosmundus.com\/it\/wp-json\/wp\/v2\/pages\/9008","targetHints":{"allow":["GET"]}}],"collection":[{"href":"https:\/\/www.cosmundus.com\/it\/wp-json\/wp\/v2\/pages"}],"about":[{"href":"https:\/\/www.cosmundus.com\/it\/wp-json\/wp\/v2\/types\/page"}],"author":[{"embeddable":true,"href":"https:\/\/www.cosmundus.com\/it\/wp-json\/wp\/v2\/users\/1"}],"replies":[{"embeddable":true,"href":"https:\/\/www.cosmundus.com\/it\/wp-json\/wp\/v2\/comments?post=9008"}],"version-history":[{"count":9,"href":"https:\/\/www.cosmundus.com\/it\/wp-json\/wp\/v2\/pages\/9008\/revisions"}],"predecessor-version":[{"id":12432,"href":"https:\/\/www.cosmundus.com\/it\/wp-json\/wp\/v2\/pages\/9008\/revisions\/12432"}],"up":[{"embeddable":true,"href":"https:\/\/www.cosmundus.com\/it\/wp-json\/wp\/v2\/pages\/932"}],"wp:attachment":[{"href":"https:\/\/www.cosmundus.com\/it\/wp-json\/wp\/v2\/media?parent=9008"}],"curies":[{"name":"wp","href":"https:\/\/api.w.org\/{rel}","templated":true}]}}