{"id":9007,"date":"2024-02-19T10:34:11","date_gmt":"2024-02-19T09:34:11","guid":{"rendered":"https:\/\/www.cosmundus.com\/?page_id=9007"},"modified":"2024-02-19T10:36:35","modified_gmt":"2024-02-19T09:36:35","slug":"valbelluna-and-feltrino","status":"publish","type":"page","link":"https:\/\/www.cosmundus.com\/it\/destinations\/valbelluna-and-feltrino\/","title":{"rendered":"Valbelluna e Feltrino"},"content":{"rendered":"<p class=\"has-text-align-right\">&lt;&lt;&nbsp;<a href=\"https:\/\/www.cosmundus.com\/it\/atlas\/europe\/southern-europe\/italy\/northeast-italy\/veneto\/\">Veneto<\/a><\/p>\n\n\n\n<p>La valle formata dal fiume Piave tra le Alpi nella parte meridionale della Provincia di Belluno \u00e8 conosciuta come Valbelluna. Qui si trova il capoluogo di provincia e la seconda maggiore citt\u00e0 della zona, Feltre, che \u00e8 al centro di una regione chiamata Feltrino. Queste citt\u00e0 offrono varie attrazioni storiche e sono circondate da bellissime montagne.<\/p>\n\n\n\n<div class=\"wp-block-group\"><div class=\"wp-block-group__inner-container is-layout-constrained wp-block-group-is-layout-constrained\"><div style=\"border: 1px solid #8ed1fc; border-radius: 0%; background-color: inherit; \" class=\"ub-styled-box ub-bordered-box wp-block-ub-styled-box\" id=\"ub-styled-box-4c74d20f-a137-45c2-b28a-81fc4dda14a4\">\n<p class=\"has-medium-font-size\" id=\"ub-styled-box-bordered-content-6102b9b6-80d5-45fa-be37-f00d35a40da1\">Posti da vedere in Valbelluna e nel Feltrino<\/p>\n\n\n<div class=\"wp-block-aioseo-table-of-contents\"><ul><li><a class=\"aioseo-toc-item\" href=\"#belluno\">Belluno<\/a><ul><li><a class=\"aioseo-toc-item\" href=\"#piazza-dei-martiri\">\u272a\u00a0Piazza dei Martiri<\/a><\/li><li><a class=\"aioseo-toc-item\" href=\"#piazza-duomo\">\u272a\u00a0Piazza Duomo<\/a><\/li><li><a class=\"aioseo-toc-item\" href=\"#belluno-cathedral\">Duomo di Belluno<\/a><\/li><li><a class=\"aioseo-toc-item\" href=\"#civic-museum-of-belluno\">Museo Civico di Belluno<\/a><\/li><\/ul><\/li><li><a class=\"aioseo-toc-item\" href=\"#nevegal\">Nevegal<\/a><ul><li><a class=\"aioseo-toc-item\" href=\"#botanical-garden-of-the-eastern-alps\">Giardino Botanico delle Alpi Orientali<\/a><\/li><\/ul><\/li><li><a class=\"aioseo-toc-item\" href=\"#feltre\">Feltre<\/a><ul><li><a class=\"aioseo-toc-item\" href=\"#piazza-maggiore\">\u272a\u00a0Piazza Maggiore<\/a><\/li><li><a class=\"aioseo-toc-item\" href=\"#walls-of-feltre\">Mura di Feltre<\/a><\/li><li><a class=\"aioseo-toc-item\" href=\"#feltre-cathedral\">Concattedrale di Feltre<\/a><\/li><li><a class=\"aioseo-toc-item\" href=\"#sanctuary-of-santi-vittore-e-corona\">Santuario dei Santi Vittore e Corona<\/a><\/li><\/ul><\/li><\/ul><\/div>\n\n<\/div><\/div><\/div>\n\n\n\n<h2 class=\"wp-block-heading\" id=\"belluno\"><strong>Belluno<\/strong><\/h2>\n\n\n\n<p class=\"translation-block\">Belluno \u00e8 una citt\u00e0 nel Veneto settentrionale, posizionata in una valle formata dal fiume Piave tra le Alpi, ed \u00e8 uno dei centri pi\u00f9 importanti delle Dolomiti orientali. Belluno ha una lunga storia, era una citt\u00e0 romana ed \u00e8 stata governata dai Longobardi e poi dai Franchi nell'Alto Medioevo, prima di diventare un libero comune. Belluno infine si sottomise a <a href=\"https:\/\/www.cosmundus.com\/it\/destinations\/venice\/\" class=\"ek-link\" target=\"_self\">Venezia<\/a> e, dopo la breve occupazione francese e poi austriaca, divent\u00f2 parte dell'Italia nel 1866. Per secoli Belluno \u00e8 stata un collegamento tra la Pianura Padana e le Alpi, ed \u00e8 ora un punto d'accesso alle Dolomiti per i turisti.<\/p>\n\n\n<div class=\"wp-block-ub-divider ub_divider ub-divider-orientation-horizontal\" id=\"ub_divider_bdc94977-d81a-45f9-8d29-db4d67e1cf67\"><div class=\"ub_divider_wrapper\" style=\"position: relative; margin-bottom: 2px; width: 100%; height: 2px; \" data-divider-alignment=\"center\"><div class=\"ub_divider_line\" style=\"border-top: 2px solid #ccc; margin-top: 2px; \"><\/div><\/div><\/div>\n\n\n<h4 class=\"wp-block-heading\" id=\"piazza-dei-martiri\"><strong><strong><strong><strong>\u272a&nbsp;<\/strong><\/strong><\/strong>Piazza dei Martiri<\/strong><\/h4>\n\n\n\n<p class=\"translation-block\">Piazza dei Martiri \u00e8 la pi\u00f9 grande e affollata piazza di Belluno, circondata da edifici storici e decorata con alberi e monumenti. Sul lato meridionale della piazza, due porte storiche connettono quest'area con la citt\u00e0 vecchia, la stretta <strong>Porta Dante<\/strong> e la decorata <strong>Porta Dojona<\/strong>, la seconda adiacente al neoclassico <strong>Teatro Comunale<\/strong>. Il lato settentrionale contiene invece la rinascimentale <strong>Chiesa di San Rocco<\/strong>.<\/p>\n\n\n\n<div class=\"wp-block-columns is-layout-flex wp-container-core-columns-is-layout-9d6595d7 wp-block-columns-is-layout-flex\">\n<div class=\"wp-block-column is-layout-flow wp-block-column-is-layout-flow\" style=\"flex-basis:85%\">\n<p>Indirizzo: Piazza dei Martiri, 32100 Belluno BL<br>Coordinate: 46.1391, 12.2164<\/p>\n<\/div>\n\n\n\n<div class=\"wp-block-column is-layout-flow wp-block-column-is-layout-flow\" style=\"flex-basis:15%\">\n<p class=\"has-text-align-right\"><a href=\"https:\/\/goo.gl\/maps\/xVYajbr5KZezGuTA7\" target=\"_blank\" aria-label=\" (opens in a new tab)\" rel=\"noreferrer noopener\" class=\"ek-link\">Google Maps<\/a><\/p>\n<\/div>\n<\/div>\n\n\n<div class=\"wp-block-ub-divider ub_divider ub-divider-orientation-horizontal\" id=\"ub_divider_b3e3ce94-8e30-478d-a579-6c867846b571\"><div class=\"ub_divider_wrapper\" style=\"position: relative; margin-bottom: 2px; width: 100%; height: 2px; \" data-divider-alignment=\"center\"><div class=\"ub_divider_line\" style=\"border-top: 2px solid #ccc; margin-top: 2px; \"><\/div><\/div><\/div>\n\n\n<h4 class=\"wp-block-heading\" id=\"piazza-duomo\"><strong><strong><strong><strong>\u272a&nbsp;<\/strong><\/strong>Piazza Duomo<\/strong><\/strong><\/h4>\n\n\n\n<p class=\"translation-block\">Piazza Duomo si trova di fronte al Duomo di Belluno ed \u00e8 circondata da vari altri importanti edifici storici. Il <strong>Palazzo Rosso<\/strong>, un palazzo neogotico che ospita la sede del comune si trova sul lato occidentale. Il rinascimentale <strong>Palazzo dei Rettori<\/strong> domina il lato settentrionale di Piazza Duomo e include una torre dell'orologio. A est si trova il <strong>Palazzo dei Vescovi-Conti<\/strong>, un tempo residenza dei vescovi locali che governavano la citt\u00e0. Questo palazzo \u00e8 sormontato dalla <strong>Torre Civica<\/strong> e fu originariamente costruito nel dodicesimo secolo, ma \u00e8 stato rielaborato molte volte e ora ospita un auditorium.<\/p>\n\n\n\n<div class=\"wp-block-columns is-layout-flex wp-container-core-columns-is-layout-9d6595d7 wp-block-columns-is-layout-flex\">\n<div class=\"wp-block-column is-layout-flow wp-block-column-is-layout-flow\" style=\"flex-basis:85%\">\n<p>Indirizzo: Piazza Duomo, 32100 Belluno BL<br>Coordinate: 46.1380, 12.2173<\/p>\n<\/div>\n\n\n\n<div class=\"wp-block-column is-layout-flow wp-block-column-is-layout-flow\" style=\"flex-basis:15%\">\n<p class=\"has-text-align-right\"><a href=\"https:\/\/goo.gl\/maps\/v2Fcwf3Po3r6GUZM7\" target=\"_blank\" aria-label=\" (opens in a new tab)\" rel=\"noreferrer noopener\" class=\"ek-link\">Google Maps<\/a><\/p>\n<\/div>\n<\/div>\n\n\n<div class=\"wp-block-ub-divider ub_divider ub-divider-orientation-horizontal\" id=\"ub_divider_37ba6de4-06ec-40b6-ad0a-d28f45023c75\"><div class=\"ub_divider_wrapper\" style=\"position: relative; margin-bottom: 2px; width: 100%; height: 2px; \" data-divider-alignment=\"center\"><div class=\"ub_divider_line\" style=\"border-top: 2px solid #ccc; margin-top: 2px; \"><\/div><\/div><\/div>\n\n\n<h4 class=\"wp-block-heading\" id=\"belluno-cathedral\"><strong><strong>Duomo di Belluno<\/strong><\/strong><\/h4>\n\n\n\n<p class=\"translation-block\">Anche noto come: Basilica Cattedrale di San Martino<\/p>\n\n\n\n<p class=\"translation-block\">Il Duomo di Belluno \u00e8 la chiesa principale della citt\u00e0. Fu costruito tra il sedicesimo e il diciassettesimo secolo in stile rinascimentale con influenze gotiche e barocche. La chiesa domina Piazza Duomo, include una facciata incompiuta e ospita alcune opere d'arte.<\/p>\n\n\n\n<div class=\"wp-block-columns is-layout-flex wp-container-core-columns-is-layout-9d6595d7 wp-block-columns-is-layout-flex\">\n<div class=\"wp-block-column is-layout-flow wp-block-column-is-layout-flow\" style=\"flex-basis:85%\">\n<p>Indirizzo: Piazza Duomo, 2, 32100 Belluno BL<br>Coordinate: 46.1377, 12.2174<\/p>\n<\/div>\n\n\n\n<div class=\"wp-block-column is-layout-flow wp-block-column-is-layout-flow\" style=\"flex-basis:15%\">\n<p class=\"has-text-align-right\"><a href=\"https:\/\/goo.gl\/maps\/fYdrNfE7QR51vhZd7\" target=\"_blank\" aria-label=\" (opens in a new tab)\" rel=\"noreferrer noopener\" class=\"ek-link\">Google Maps<\/a><\/p>\n<\/div>\n<\/div>\n\n\n<div class=\"wp-block-ub-divider ub_divider ub-divider-orientation-horizontal\" id=\"ub_divider_46c3cfe3-ee8b-49fc-8883-c1ba80a388d7\"><div class=\"ub_divider_wrapper\" style=\"position: relative; margin-bottom: 2px; width: 100%; height: 2px; \" data-divider-alignment=\"center\"><div class=\"ub_divider_line\" style=\"border-top: 2px solid #ccc; margin-top: 2px; \"><\/div><\/div><\/div>\n\n\n<h4 class=\"wp-block-heading\" id=\"civic-museum-of-belluno\"><strong>Museo Civico di Belluno<\/strong><\/h4>\n\n\n\n<p class=\"translation-block\">Il Museo Civico di Belluno ospita una ricca collezione di opere d'arte di artisti che hanno lavorato nella citt\u00e0, perlopi\u00f9 dal quindicesimo secolo ad oggi. Il museo include anche una sezione archeologica che mostra la storia di Belluno e del suo territorio.<\/p>\n\n\n\n<div class=\"wp-block-columns is-layout-flex wp-container-core-columns-is-layout-9d6595d7 wp-block-columns-is-layout-flex\">\n<div class=\"wp-block-column is-layout-flow wp-block-column-is-layout-flow\" style=\"flex-basis:85%\">\n<p>Indirizzo Via Roma, 28, 32100 Belluno BL<br>Coordinate: 46.1401, 12.2176<\/p>\n<\/div>\n\n\n\n<div class=\"wp-block-column is-layout-flow wp-block-column-is-layout-flow\" style=\"flex-basis:15%\">\n<p class=\"has-text-align-right\"><a href=\"https:\/\/goo.gl\/maps\/HvueYfDwip3QGyAx6\" target=\"_blank\" aria-label=\" (opens in a new tab)\" rel=\"noreferrer noopener\" class=\"ek-link\">Google Maps<\/a><\/p>\n<\/div>\n<\/div>\n\n\n<div style=\"margin-top: var(--wp--preset--spacing--40); margin-bottom: var(--wp--preset--spacing--40); \" class=\"wp-block-ub-divider ub_divider ub-divider-orientation-horizontal\" id=\"ub_divider_6dc02e5d-e003-4d7e-8738-d30106ec441f\"><div class=\"ub_divider_wrapper\" style=\"position: relative; margin-bottom: 10px; width: 100%; height: 10px; \" data-divider-alignment=\"center\"><div class=\"ub_divider_line\" style=\"border-top: 2px solid #000000; margin-top: 10px; \"><\/div><\/div><\/div>\n\n\n<h2 class=\"wp-block-heading\" id=\"nevegal\"><strong>Nevegal<\/strong><\/h2>\n\n\n\n<p class=\"translation-block\">Il Nevegal \u00e8 un altopiano che si trova tra le montagne a sud-est di Belluno. Una popolare destinazione turistica sia in estate che in inverno, offre viste spettacolari sulle valli che lo circondano e sulle Alpi.<\/p>\n\n\n<div class=\"wp-block-ub-divider ub_divider ub-divider-orientation-horizontal\" id=\"ub_divider_ffd00bd4-49b5-47e5-a5b5-c19b1f62abe9\"><div class=\"ub_divider_wrapper\" style=\"position: relative; margin-bottom: 2px; width: 100%; height: 2px; \" data-divider-alignment=\"center\"><div class=\"ub_divider_line\" style=\"border-top: 2px solid #ccc; margin-top: 2px; \"><\/div><\/div><\/div>\n\n\n<h4 class=\"wp-block-heading\" id=\"botanical-garden-of-the-eastern-alps\"><strong>Giardino Botanico delle Alpi Orientali<\/strong><\/h4>\n\n\n\n<p class=\"translation-block\">Il Giardino Botanico delle Alpi Orientali si trova sull'altopiano del Nevegal e ospita una grande variet\u00e0 di specie di piante e alberi alpini. L'area offre anche una bella vista della regione circostante.<\/p>\n\n\n\n<div class=\"wp-block-columns is-layout-flex wp-container-core-columns-is-layout-9d6595d7 wp-block-columns-is-layout-flex\">\n<div class=\"wp-block-column is-layout-flow wp-block-column-is-layout-flow\" style=\"flex-basis:85%\">\n<p>Indirizzo: Giardino Botanico delle Alpi Orientali, 32100 Nevegal BL<br>Coordinate: 46.0836, 12.3008<\/p>\n<\/div>\n\n\n\n<div class=\"wp-block-column is-layout-flow wp-block-column-is-layout-flow\" style=\"flex-basis:15%\">\n<p class=\"has-text-align-right\"><a href=\"https:\/\/goo.gl\/maps\/54bGLRzh5BYXCnDNA\" target=\"_blank\" aria-label=\" (opens in a new tab)\" rel=\"noreferrer noopener\" class=\"ek-link\">Google Maps<\/a><\/p>\n<\/div>\n<\/div>\n\n\n<div style=\"margin-top: var(--wp--preset--spacing--40); margin-bottom: var(--wp--preset--spacing--40); \" class=\"wp-block-ub-divider ub_divider ub-divider-orientation-horizontal\" id=\"ub_divider_6f0b7e83-b0a9-4098-bb7e-29d729fb7923\"><div class=\"ub_divider_wrapper\" style=\"position: relative; margin-bottom: 10px; width: 100%; height: 10px; \" data-divider-alignment=\"center\"><div class=\"ub_divider_line\" style=\"border-top: 2px solid #000000; margin-top: 10px; \"><\/div><\/div><\/div>\n\n\n<h2 class=\"wp-block-heading\" id=\"feltre\"><strong>Feltre<\/strong><\/h2>\n\n\n\n<p class=\"translation-block\">Feltre \u00e8 una citt\u00e0 murata che si trova tra le colline appena a sud delle Dolomiti, ed \u00e8 il secondo centro pi\u00f9 importante dell'area, dopo Belluno. Era gi\u00e0 una citt\u00e0 fiorente nell'epoca romana, ma poi sub\u00ec un declino e fu dominata da altre potenze locali, compreso un periodo di governo veneziano durato quattro secoli. Ora \u00e8 nota perlopi\u00f9 come localit\u00e0 turistica grazie alla sua posizione e alla sua piacevole citt\u00e0 vecchia.<\/p>\n\n\n<div class=\"wp-block-ub-divider ub_divider ub-divider-orientation-horizontal\" id=\"ub_divider_e9ceddc9-c0b5-422f-8eea-e5b3320edb22\"><div class=\"ub_divider_wrapper\" style=\"position: relative; margin-bottom: 2px; width: 100%; height: 2px; \" data-divider-alignment=\"center\"><div class=\"ub_divider_line\" style=\"border-top: 2px solid #ccc; margin-top: 2px; \"><\/div><\/div><\/div>\n\n\n<h4 class=\"wp-block-heading\" id=\"piazza-maggiore\"><strong><strong><strong><strong>\u272a&nbsp;<\/strong><\/strong>Piazza Maggiore<\/strong><\/strong><\/h4>\n\n\n\n<p class=\"translation-block\">Piazza Maggiore \u00e8 la piazza principale di Feltre. \u00c8 dominata dalla <strong>Chiesa dei Santi Rocco e Sebastiano<\/strong>, che si trova adiacente al medievale <strong>Castello di Alboino<\/strong>, decorato con una torre dell'orologio. Le fontana decorate note come <strong>Fontane Lombardesche<\/strong> si trovano giusto sotto la chiesa, mentre la parte centrale della piazza \u00e8 decorata con delle statue. Il rinascimentale Palazzo della Ragione, nell'angolo sud-occidentale di <strong>Palazzo della Ragione<\/strong>, ospita lo storico ed elaborato <strong>Teatro de la Sena<\/strong>.<\/p>\n\n\n\n<div class=\"wp-block-columns is-layout-flex wp-container-core-columns-is-layout-9d6595d7 wp-block-columns-is-layout-flex\">\n<div class=\"wp-block-column is-layout-flow wp-block-column-is-layout-flow\" style=\"flex-basis:85%\">\n<p>Indirizzo: Piazza Maggiore, 32032 Feltre BL<br>Coordinate: 46.0183, 11.9102<\/p>\n<\/div>\n\n\n\n<div class=\"wp-block-column is-layout-flow wp-block-column-is-layout-flow\" style=\"flex-basis:15%\">\n<p class=\"has-text-align-right\"><a href=\"https:\/\/goo.gl\/maps\/WBUKvyA4CKGrJx4Z9\" target=\"_blank\" aria-label=\" (opens in a new tab)\" rel=\"noreferrer noopener\" class=\"ek-link\">Google Maps<\/a><\/p>\n<\/div>\n<\/div>\n\n\n<div class=\"wp-block-ub-divider ub_divider ub-divider-orientation-horizontal\" id=\"ub_divider_9e46b8f5-f5d6-4a20-910b-805760486683\"><div class=\"ub_divider_wrapper\" style=\"position: relative; margin-bottom: 2px; width: 100%; height: 2px; \" data-divider-alignment=\"center\"><div class=\"ub_divider_line\" style=\"border-top: 2px solid #ccc; margin-top: 2px; \"><\/div><\/div><\/div>\n\n\n<h4 class=\"wp-block-heading\" id=\"walls-of-feltre\"><strong>Mura di Feltre<\/strong><\/h4>\n\n\n\n<p class=\"translation-block\">Feltre \u00e8 ancora per la maggior parte circondata dalle sua antiche mura, con la citt\u00e0 vecchia posizionata su un'area pi\u00f9 elevata. Camminando attorno alle mura, le attrazioni principali sono le tre porte storiche <strong>Porta Imperiale<\/strong>, <strong>Porta Pusterla<\/strong> e <strong>Porta Oria<\/strong>.<\/p>\n\n\n\n<div class=\"wp-block-columns is-layout-flex wp-container-core-columns-is-layout-9d6595d7 wp-block-columns-is-layout-flex\">\n<div class=\"wp-block-column is-layout-flow wp-block-column-is-layout-flow\" style=\"flex-basis:85%\">\n<p>Indirizzo: Via Paradiso, 461, 32032 Feltre BL<br>Coordinate: 46.0166, 11.9049<\/p>\n<\/div>\n\n\n\n<div class=\"wp-block-column is-layout-flow wp-block-column-is-layout-flow\" style=\"flex-basis:15%\">\n<p class=\"has-text-align-right\"><a href=\"https:\/\/goo.gl\/maps\/zoUWXuBK6aZRHsCN8\" target=\"_blank\" aria-label=\" (opens in a new tab)\" rel=\"noreferrer noopener\" class=\"ek-link\">Google Maps<\/a><\/p>\n<\/div>\n<\/div>\n\n\n<div class=\"wp-block-ub-divider ub_divider ub-divider-orientation-horizontal\" id=\"ub_divider_03e33414-fa9f-4a70-8a01-f51a20811ccd\"><div class=\"ub_divider_wrapper\" style=\"position: relative; margin-bottom: 2px; width: 100%; height: 2px; \" data-divider-alignment=\"center\"><div class=\"ub_divider_line\" style=\"border-top: 2px solid #ccc; margin-top: 2px; \"><\/div><\/div><\/div>\n\n\n<h4 class=\"wp-block-heading\" id=\"feltre-cathedral\"><strong>Concattedrale di Feltre<\/strong><\/h4>\n\n\n\n<p class=\"translation-block\">Anche nota come: Concattedrale di San Pietro Apostolo<\/p>\n\n\n\n<p class=\"translation-block\">La Concattedrale di Feltre \u00e8 il pi\u00f9 importante edificio religioso nella citt\u00e0, e si trova appena a sud dell'antica citt\u00e0 murata. \u00c8 una grande chiesa rinascimentale che ospita alcune opere d'arte e una cripta. Di fronte alla cattedrale si trova una piccola <strong>Area Archeologica<\/strong> che risale all'et\u00e0 romana.<\/p>\n\n\n\n<div class=\"wp-block-columns is-layout-flex wp-container-core-columns-is-layout-9d6595d7 wp-block-columns-is-layout-flex\">\n<div class=\"wp-block-column is-layout-flow wp-block-column-is-layout-flow\" style=\"flex-basis:85%\">\n<p>Indirizzo: Via Antonio Vecellio, 7, 32032 Feltre BL<br>Coordinate: 46.0168, 11.9094<\/p>\n<\/div>\n\n\n\n<div class=\"wp-block-column is-layout-flow wp-block-column-is-layout-flow\" style=\"flex-basis:15%\">\n<p class=\"has-text-align-right\"><a href=\"https:\/\/goo.gl\/maps\/4cEnYiGeUFCtJUyB6\" target=\"_blank\" aria-label=\" (opens in a new tab)\" rel=\"noreferrer noopener\" class=\"ek-link\">Google Maps<\/a><\/p>\n<\/div>\n<\/div>\n\n\n<div class=\"wp-block-ub-divider ub_divider ub-divider-orientation-horizontal\" id=\"ub_divider_13ae0e5a-cc70-48e7-afa6-3a4656d810c3\"><div class=\"ub_divider_wrapper\" style=\"position: relative; margin-bottom: 2px; width: 100%; height: 2px; \" data-divider-alignment=\"center\"><div class=\"ub_divider_line\" style=\"border-top: 2px solid #ccc; margin-top: 2px; \"><\/div><\/div><\/div>\n\n\n<h4 class=\"wp-block-heading\" id=\"sanctuary-of-santi-vittore-e-corona\"><strong>Santuario dei Santi Vittore e Corona<\/strong><\/h4>\n\n\n\n<p>Il Santuario dei Santi Vittore e Corona si trova in cima a una collina pochi chilometri a sud di Feltre, vicino al villaggio di Anz\u00f9. La chiesa fu inaugurata nel 1101 e unisce l'architettura romanica con bellissimi affreschi e decorazione di stile bizantino.<\/p>\n\n\n\n<div class=\"wp-block-columns is-layout-flex wp-container-core-columns-is-layout-9d6595d7 wp-block-columns-is-layout-flex\">\n<div class=\"wp-block-column is-layout-flow wp-block-column-is-layout-flow\" style=\"flex-basis:85%\">\n<p>Indirizzo: Viale Ss. Mm. Vittore e Corona, 19, 32032 Anz\u00f9, Feltre BL<br>Coordinate: 46.0020, 11.9412<\/p>\n<\/div>\n\n\n\n<div class=\"wp-block-column is-layout-flow wp-block-column-is-layout-flow\" style=\"flex-basis:15%\">\n<p class=\"has-text-align-right\"><a href=\"https:\/\/goo.gl\/maps\/rFBEBWwdeACWP6Q39\" target=\"_blank\" aria-label=\" (opens in a new tab)\" rel=\"noreferrer noopener\" class=\"ek-link\">Google Maps<\/a><\/p>\n<\/div>\n<\/div>","protected":false},"excerpt":{"rendered":"<p>&lt;&lt;&nbsp;Veneto The valley formed by the Piave river among the Alps in the southern part of the Province of Belluno is known as Valbelluna. The provincial capital is located here, as well as the second largest town in the area, Feltre, which is at the center of a region called Feltrino. These cities offer various historic attractions and are surrounded by beautiful mountains. Belluno Belluno is a city in the northern part of Veneto, located in a valley formed by the Piave river among the Alps, and it is the most important center on the Eastern side of the Dolomites. Belluno has a long history, it was a Roman city and it was ruled by the Lombards and then the Franks in the Early Middle Ages, before becoming a free comune. Belluno eventually submitted to Venice and, after the short French and Austrian occupations, became part of Italy in 1866. For centuries Belluno has been a link between the Po Valley and the Alps, and it is now a tourist access point toward the Dolomites. \u272a&nbsp;Piazza dei Martiri Piazza dei Martiri is the largest and busiest square in Belluno, surrounded by historic buildings and adorned with trees and monuments. On the southern side of the square, two city gates connect this plaza with the old town, the narrow Porta Dante and the decorated Porta Dojona, with the second one being adjacent to the Neoclassical Teatro Comunale. Meanwhile, the northern side host the Renaissance Church of San Rocco. Address: Piazza dei Martiri, 32100 Belluno BLCoordinates: 46.1391, 12.2164 Google Maps \u272a&nbsp;Piazza Duomo Piazza Duomo stands in front of the Belluno Cathedral and it is surrounded by other various important and historic buildings. Palazzo Rosso, a Gothic Revival palace hosting the local municipality stands on the western side. The Renaissance Palazzo dei Rettori dominates the northern side of Piazza Duomo and it features a clock tower. To the east is the Palazzo dei Vescovi-Conti, former seat of the local bishops that ruled the city. This palace is topped by the Civic Tower and was originally built in the 12th century, but it has been reworked several times and now it hosts an auditorium. Address: Piazza Duomo, 32100 Belluno BLCoordinates: 46.1380, 12.2173 Google Maps Belluno Cathedral Also known as: Basilica Cathedral of San Martino (Basilica Cattedrale di San Martino) The Belluno Cathedral (Duomo di Belluno) is the main church in the city. It was built between the 16th and 17th century in Renaissance style with Gothic and Baroque influences. The church dominates over Piazza Duomo, it features an unfinished facade and it hosts a few artworks. Address: Piazza Duomo, 2, 32100 Belluno BLCoordinates: 46.1377, 12.2174 Google Maps Civic Museum of Belluno The Civic Museum of Belluno (Museo Civico di Belluno) hosts a rich collection of artworks from artists that worked in the city, mostly from the 15th century until today. The museum also houses an archaeological section showcasing the history of Belluno and its territory. Address: Via Roma, 28, 32100 Belluno BLCoordinates: 46.1401, 12.2176 Google Maps Nevegal Nevegal is a plateau located among the mountains to the southeast of Belluno. A popular tourist destination both in summer and in winter, it offers spectacular views over the surrounding valley and the Alps. Botanical Garden of the Eastern Alps The Botanical Garden of the Eastern Alps (Giardino Botanico delle Alpi Orientali) is located on the Nevegal plateau and it hosts a wide range of alpine plants and trees. The area also offers great views over the surrounding region. Address: Giardino Botanico delle Alpi Orientali, 32100 Nevegal BLCoordinates: 46.0836, 12.3008 Google Maps Feltre Feltre is a walled city located in the hills just south of the Dolomites, and it&#8217;s the second most important center in the area, after Belluno. It was already a flourishing city during the Roman period, but later declined and was ruled by surrounding local powers, including almost four centuries of Venetian domination. Now it is mainly known as a tourist destination due to its position and beautiful old town. \u272a&nbsp;Piazza Maggiore Piazza Maggiore is the main square of Feltre. It is dominated by the Church of Santi Rocco e Sebastiano, which stands close to the medieval Castle of Alboin, adorned with a clock tower. The decorated fountains known as Fontane Lombardesche are located just under the church, while the central part of the square is adorned with statues. The Renaissance Palazzo della Ragione, on the southwestern corner of Piazza Maggiore, hosts the historic and elaborate Teatro de la Sena. Address: Piazza Maggiore, 32032 Feltre BLCoordinates: 46.0183, 11.9102 Google Maps Walls of Feltre Feltre is still mostly surrounded by its ancient city walls, with the old town located on an elevated area. Walking around the walls, the main sights are the three historic city gates Porta Imperiale, Porta Pusterla and Porta Oria. Address: Via Paradiso, 461, 32032 Feltre BLCoordinates: 46.0166, 11.9049 Google Maps Feltre Cathedral Also known as: Cathedral of San Pietro Apostolo (Concattedrale di San Pietro Apostolo) The Feltre Cathedral is the main religious building in the city, and it stands just south of the old walled town. It&#8217;s a large Renaissance church hosting some artworks and a crypt. In front of the cathedral there is a small Archaeological Area dating from the Roman age. Address: Via Antonio Vecellio, 7, 32032 Feltre BLCoordinates: 46.0168, 11.9094 Google Maps Sanctuary of Santi Vittore e Corona The Sanctuary of Santi Vittore e Corona stands on top of a hill just a few kilometers south of Feltre, near the village of Anz\u00f9. The church was inaugurated in 1101 and it blends Romanesque architecture with beautiful Byzantine-style frescoes and decorations. Address: Viale Ss. Mm. Vittore e Corona, 19, 32032 Anz\u00f9, Feltre BLCoordinates: 46.0020, 11.9412 Google Maps<\/p>","protected":false},"author":1,"featured_media":0,"parent":932,"menu_order":0,"comment_status":"closed","ping_status":"closed","template":"","meta":{"_editorskit_title_hidden":false,"_editorskit_reading_time":0,"_editorskit_is_block_options_detached":false,"_editorskit_block_options_position":"{}","om_disable_all_campaigns":false,"_uag_custom_page_level_css":"","advgb_blocks_editor_width":"","advgb_blocks_columns_visual_guide":"","_monsterinsights_skip_tracking":false,"_monsterinsights_sitenote_active":false,"_monsterinsights_sitenote_note":"","_monsterinsights_sitenote_category":0,"footnotes":""},"class_list":["post-9007","page","type-page","status-publish","hentry"],"aioseo_notices":[],"featured_image_src":null,"uagb_featured_image_src":{"full":false,"thumbnail":false,"medium":false,"medium_large":false,"large":false,"1536x1536":false,"2048x2048":false,"trp-custom-language-flag":false,"xs-thumb":false,"post-thumbnail":false,"minimalistblogger-grid":false,"minimalistblogger-slider":false,"minimalistblogger-small":false},"uagb_author_info":{"display_name":"Stefano Cammisa","author_link":"https:\/\/www.cosmundus.com\/it\/author\/stefano-cammisa\/"},"uagb_comment_info":0,"uagb_excerpt":"&lt;&lt;&nbsp;Veneto The valley formed by the Piave river among the Alps in the southern part of the Province of Belluno is known as Valbelluna. The provincial capital is located here, as well as the second largest town in the area, Feltre, which is at the center of a region called Feltrino. These cities offer various&hellip;","coauthors":[],"author_meta":{"author_link":"https:\/\/www.cosmundus.com\/it\/author\/stefano-cammisa\/","display_name":"Stefano Cammisa"},"relative_dates":{"created":"Pubblicato 2 anni fa","modified":"Aggiornato 2 anni fa"},"absolute_dates":{"created":"Pubblicato il 19 Febbraio 2024","modified":"Aggiornato il 19 Febbraio 2024"},"absolute_dates_time":{"created":"Pubblicato il 19 Febbraio 2024 10:34 am","modified":"Aggiornato il 19 Febbraio 2024 10:36 am"},"featured_img_caption":"","featured_img":false,"series_order":"","_links":{"self":[{"href":"https:\/\/www.cosmundus.com\/it\/wp-json\/wp\/v2\/pages\/9007","targetHints":{"allow":["GET"]}}],"collection":[{"href":"https:\/\/www.cosmundus.com\/it\/wp-json\/wp\/v2\/pages"}],"about":[{"href":"https:\/\/www.cosmundus.com\/it\/wp-json\/wp\/v2\/types\/page"}],"author":[{"embeddable":true,"href":"https:\/\/www.cosmundus.com\/it\/wp-json\/wp\/v2\/users\/1"}],"replies":[{"embeddable":true,"href":"https:\/\/www.cosmundus.com\/it\/wp-json\/wp\/v2\/comments?post=9007"}],"version-history":[{"count":4,"href":"https:\/\/www.cosmundus.com\/it\/wp-json\/wp\/v2\/pages\/9007\/revisions"}],"predecessor-version":[{"id":9071,"href":"https:\/\/www.cosmundus.com\/it\/wp-json\/wp\/v2\/pages\/9007\/revisions\/9071"}],"up":[{"embeddable":true,"href":"https:\/\/www.cosmundus.com\/it\/wp-json\/wp\/v2\/pages\/932"}],"wp:attachment":[{"href":"https:\/\/www.cosmundus.com\/it\/wp-json\/wp\/v2\/media?parent=9007"}],"curies":[{"name":"wp","href":"https:\/\/api.w.org\/{rel}","templated":true}]}}