{"id":8964,"date":"2024-02-18T14:33:54","date_gmt":"2024-02-18T13:33:54","guid":{"rendered":"https:\/\/www.cosmundus.com\/?page_id=8964"},"modified":"2024-02-19T09:41:24","modified_gmt":"2024-02-19T08:41:24","slug":"euganean-hills-and-bassa-padovana","status":"publish","type":"page","link":"https:\/\/www.cosmundus.com\/it\/destinations\/euganean-hills-and-bassa-padovana\/","title":{"rendered":"Colli Euganei e Bassa Padovana"},"content":{"rendered":"<p class=\"has-text-align-right\">&lt;&lt;\u00a0<a href=\"https:\/\/www.cosmundus.com\/it\/atlas\/europe\/southern-europe\/italy\/northeast-italy\/veneto\/\">Veneto<\/a><\/p>\n\n\n\n<p class=\"translation-block\">Appena a sud di <a href=\"https:\/\/www.cosmundus.com\/it\/destinations\/padua\/\" class=\"ek-link\" target=\"_self\">Padova<\/a> si trovano i Colli Euganei, un gruppo di colline vulcaniche con diversi punti di riferimento e varie famose localit\u00e0 termali. Il resto della campagna a sud di Padova \u00e8 conosciuta come Bassa Padovana, e comprende principalmente piccoli centri rurali, ma anche alcune citt\u00e0 pi\u00f9 grandi come Monselice, Este e Montagnana. Queste tre citt\u00e0 hanno una ricca storia e offrono varie attrazioni storiche.<\/p>\n\n\n\n<div class=\"wp-block-group\"><div class=\"wp-block-group__inner-container is-layout-constrained wp-block-group-is-layout-constrained\"><div style=\"border: 1px solid #8ed1fc; border-radius: 0%; background-color: inherit; \" class=\"ub-styled-box ub-bordered-box wp-block-ub-styled-box\" id=\"ub-styled-box-6d4c3313-c5f7-4761-809b-a835c3aac357\">\n<p class=\"has-medium-font-size\" id=\"ub-styled-box-bordered-content-570d3e69-58cf-4538-a087-0a392588c0af\">Posti da vedere nei Colli Euganei e nella Bassa Padovana<\/p>\n\n\n<div class=\"wp-block-aioseo-table-of-contents\"><ul><li><a class=\"aioseo-toc-item\" href=\"#abano-terme\">Abano Terme<\/a><ul><li><a class=\"aioseo-toc-item\" href=\"#montirone-park\">Parco del Montirone<\/a><\/li><\/ul><\/li><li><a class=\"aioseo-toc-item\" href=\"#montegrotto-terme\">Montegrotto Terme<\/a><ul><li><a class=\"aioseo-toc-item\" href=\"#archaeological-areas-of-montegrotto-terme\">Aree Archeologiche di Montegrotto Terme<\/a><\/li><li><a class=\"aioseo-toc-item\" href=\"#butterfly-arc\">Butterfly Arc<\/a><\/li><\/ul><\/li><li><a class=\"aioseo-toc-item\" href=\"#euganean-hills\">Colli Euganei<\/a><ul><li><a class=\"aioseo-toc-item\" href=\"#praglia-abbey\">\u272a Abbazia di Praglia<\/a><\/li><li><a class=\"aioseo-toc-item\" href=\"#villa-dei-vescovi\">Villa dei Vescovi<\/a><\/li><li><a class=\"aioseo-toc-item\" href=\"#villa-barbarigo\">Villa Barbarigo<\/a><\/li><li><a class=\"aioseo-toc-item\" href=\"#villa-beatrice-deste\">Villa Beatrice d&#8217;Este<\/a><\/li><li><a class=\"aioseo-toc-item\" href=\"#monastery-of-the-olivetans\">Monastero degli Olivetani<\/a><\/li><\/ul><\/li><li><a class=\"aioseo-toc-item\" href=\"#battaglia-terme\">Battaglia Terme<\/a><ul><li><a class=\"aioseo-toc-item\" href=\"#catajo-castle\">Castello del Catajo<\/a><\/li><\/ul><\/li><li><a class=\"aioseo-toc-item\" href=\"#due-carrare\">Due Carrare<\/a><ul><li><a class=\"aioseo-toc-item\" href=\"#villa-zaborra-castello-di-san-pelagio\">Villa Zaborra Castello di San Pelagio<\/a><\/li><\/ul><\/li><li><a class=\"aioseo-toc-item\" href=\"#arqua-petrarca\">Arqu\u00e0 Petrarca<\/a><ul><li><a class=\"aioseo-toc-item\" href=\"#house-of-petrarch\">Casa del Petrarca<\/a><\/li><\/ul><\/li><li><a class=\"aioseo-toc-item\" href=\"#monselice\">Monselice<\/a><ul><li><a class=\"aioseo-toc-item\" href=\"#seven-churches-sanctuary\">\u272a Santuario delle Sette Chiesette<\/a><\/li><li><a class=\"aioseo-toc-item\" href=\"#monselice-castle\">\u272a Castello di Monselice<\/a><\/li><li><a class=\"aioseo-toc-item\" href=\"#mastio-federiciano\">Mastio Federiciano<\/a><\/li><li><a class=\"aioseo-toc-item\" href=\"#piazza-mazzini\">Piazza Mazzini<\/a><\/li><\/ul><\/li><li><a class=\"aioseo-toc-item\" href=\"#este\">Este<\/a><ul><li><a class=\"aioseo-toc-item\" href=\"#museo-nazionale-atestino\">\u272a\u00a0Museo Nazionale Atestino<\/a><\/li><li><a class=\"aioseo-toc-item\" href=\"#carrarese-castle-of-este\">\u272a Castello Carrarese di Este<\/a><\/li><li><a class=\"aioseo-toc-item\" href=\"#church-of-santa-tecla\">Chiesa di Santa Tecla<\/a><\/li><\/ul><\/li><li><a class=\"aioseo-toc-item\" href=\"#montagnana\">Montagnana<\/a><ul><li><a class=\"aioseo-toc-item\" href=\"#walls-of-montagnana\">\u272a Mura di Montagnana<\/a><\/li><li><a class=\"aioseo-toc-item\" href=\"#duomo-of-montagnana\">Duomo di Montagnana<\/a><\/li><\/ul><\/li><\/ul><\/div>\n\n<\/div><\/div><\/div>\n\n\n\n<h2 class=\"wp-block-heading\" id=\"abano-terme\"><strong>Abano Terme<\/strong><\/h2>\n\n\n\n<p>Posizionata all'estremit\u00e0 settentrionale dei Colli Euganei, Abano Terme \u00e8 il centro pi\u00f9 importante della vasta area termale delle Terme Euganee. Quest'area \u00e8 nota sin dai tempi antichi per le sue sorgenti e ora Abano Terme \u00e8 un grande centro termale che attrae numerosi turisti.<\/p>\n\n\n<div class=\"wp-block-ub-divider ub_divider ub-divider-orientation-horizontal\" id=\"ub_divider_acc21ee8-8228-47da-9a41-7668cfaf44a1\"><div class=\"ub_divider_wrapper\" style=\"position: relative; margin-bottom: 2px; width: 100%; height: 2px; \" data-divider-alignment=\"center\"><div class=\"ub_divider_line\" style=\"border-top: 2px solid #ccc; margin-top: 2px; \"><\/div><\/div><\/div>\n\n\n<h4 class=\"wp-block-heading\" id=\"montirone-park\"><strong><strong>Parco del Montirone<\/strong><\/strong><\/h4>\n\n\n\n<p>Il Montirone \u00e8 una piccola collina e un parco ad Abano Terme, che ospita una delle pi\u00f9 importanti sorgenti della citt\u00e0 termale. L'entrata monumentale del parco \u00e8 affiancata da due edifici che ospita un museo di arte locale.<\/p>\n\n\n\n<div class=\"wp-block-columns is-layout-flex wp-container-core-columns-is-layout-9d6595d7 wp-block-columns-is-layout-flex\">\n<div class=\"wp-block-column is-layout-flow wp-block-column-is-layout-flow\" style=\"flex-basis:85%\">\n<p>Indirizzo: Via P. d\u2019Abano, 13, 35031 Abano Terme PD<br>Coordinate: 45.3522, 11.7768<\/p>\n<\/div>\n\n\n\n<div class=\"wp-block-column is-layout-flow wp-block-column-is-layout-flow\" style=\"flex-basis:15%\">\n<p class=\"has-text-align-right\"><a href=\"https:\/\/goo.gl\/maps\/nkbvrtjrVuQv91hU8\" target=\"_blank\" aria-label=\"Google Maps (opens in a new tab)\" rel=\"noreferrer noopener\" class=\"ek-link\">Google Maps<\/a><\/p>\n<\/div>\n<\/div>\n\n\n<div style=\"margin-top: var(--wp--preset--spacing--40); margin-bottom: var(--wp--preset--spacing--40); \" class=\"wp-block-ub-divider ub_divider ub-divider-orientation-horizontal\" id=\"ub_divider_13df673c-91bc-4093-acdf-f012cd750625\"><div class=\"ub_divider_wrapper\" style=\"position: relative; margin-bottom: 10px; width: 100%; height: 10px; \" data-divider-alignment=\"center\"><div class=\"ub_divider_line\" style=\"border-top: 2px solid #000000; margin-top: 10px; \"><\/div><\/div><\/div>\n\n\n<h2 class=\"wp-block-heading\" id=\"montegrotto-terme\"><strong>Montegrotto Terme<\/strong><\/h2>\n\n\n\n<p>Montegrotto Terme \u00e8 una localit\u00e0 termale e uno dei principali centri delle Terme Euganee, situata ai piedi dei Colli Euganei. Anticamente la citt\u00e0 era abitata dai Romani, che conoscevano la zona per le sue sorgenti termali. L'importanza di questo distretto termale crebbe nuovamente a partire dall'et\u00e0 moderna ed oggi \u00e8 un centro benessere visitato da molti turisti.<\/p>\n\n\n<div class=\"wp-block-ub-divider ub_divider ub-divider-orientation-horizontal\" id=\"ub_divider_63324498-3bc0-40b1-8858-1b85ebc3b0a9\"><div class=\"ub_divider_wrapper\" style=\"position: relative; margin-bottom: 2px; width: 100%; height: 2px; \" data-divider-alignment=\"center\"><div class=\"ub_divider_line\" style=\"border-top: 2px solid #ccc; margin-top: 2px; \"><\/div><\/div><\/div>\n\n\n<h4 class=\"wp-block-heading\" id=\"archaeological-areas-of-montegrotto-terme\"><strong>Aree Archeologiche di Montegrotto Terme<\/strong><\/h4>\n\n\n\n<p class=\"translation-block\">Il citt\u00e0 di Montegrotto Terme era gi\u00e0 una localit\u00e0 termale al tempo dei Romani, ed oggi alcune aree archeologiche attestano la lunga storia di questo luogo. L'<strong>Area Archeologica di Viale Stazione<\/strong> si trova nei pressi della stazione ferroviaria del paese ed ospita un antico complesso termale del primo secolo a.C.. Poco pi\u00f9 a sud si trova la <strong>Villa Romana di Via Neroniana<\/strong>, i ruderi di un palazzo patrizio del primo secolo che ospitava anche delle antiche <em>thermae<\/em>.<\/p>\n\n\n\n<div class=\"wp-block-columns is-layout-flex wp-container-core-columns-is-layout-9d6595d7 wp-block-columns-is-layout-flex\">\n<div class=\"wp-block-column is-layout-flow wp-block-column-is-layout-flow\" style=\"flex-basis:85%\">\n<p>Indirizzo: Via Scavi, 15, 35036 Montegrotto Terme PD<br>Coordinate: 45.3293, 11.7926<\/p>\n<\/div>\n\n\n\n<div class=\"wp-block-column is-layout-flow wp-block-column-is-layout-flow\" style=\"flex-basis:15%\">\n<p class=\"has-text-align-right\"><a href=\"https:\/\/goo.gl\/maps\/Fuf7MDZbbnPSJq6V8\" target=\"_blank\" aria-label=\" (opens in a new tab)\" rel=\"noreferrer noopener\" class=\"ek-link\">Google Maps<\/a><\/p>\n<\/div>\n<\/div>\n\n\n<div class=\"wp-block-ub-divider ub_divider ub-divider-orientation-horizontal\" id=\"ub_divider_2cfd4033-77c7-4523-84ba-2bcfa09c737a\"><div class=\"ub_divider_wrapper\" style=\"position: relative; margin-bottom: 2px; width: 100%; height: 2px; \" data-divider-alignment=\"center\"><div class=\"ub_divider_line\" style=\"border-top: 2px solid #ccc; margin-top: 2px; \"><\/div><\/div><\/div>\n\n\n<h4 class=\"wp-block-heading\" id=\"butterfly-arc\"><strong><strong>Butterfly Arc<\/strong><\/strong><\/h4>\n\n\n\n<p class=\"translation-block\">Il parco naturale e museo Butterfly Arc \u00e8 composto da due diversi ambienti. Uno \u00e8 la <strong>Casa delle Farfalle<\/strong>, uno spazio espositivo che ospita migliaia di farfalle e ne mostra la vita e la diversit\u00e0. Il <strong>Bosco delle Fate<\/strong> \u00e8 invece un piccolo parco con un percorso incentrato su creature mitologiche e leggendarie.<\/p>\n\n\n\n<div class=\"wp-block-columns is-layout-flex wp-container-core-columns-is-layout-9d6595d7 wp-block-columns-is-layout-flex\">\n<div class=\"wp-block-column is-layout-flow wp-block-column-is-layout-flow\" style=\"flex-basis:85%\">\n<p>Indirizzo: Via Scavi, 21\/Bis, 35036 Montegrotto Terme PD<br>Coordinate: 45.3315, 11.7921<\/p>\n<\/div>\n\n\n\n<div class=\"wp-block-column is-layout-flow wp-block-column-is-layout-flow\" style=\"flex-basis:15%\">\n<p class=\"has-text-align-right\"><a href=\"https:\/\/goo.gl\/maps\/TspSM5zj4xT6eCRW7\" target=\"_blank\" aria-label=\" (opens in a new tab)\" rel=\"noreferrer noopener\" class=\"ek-link\">Google Maps<\/a><\/p>\n<\/div>\n<\/div>\n\n\n<div style=\"margin-top: var(--wp--preset--spacing--40); margin-bottom: var(--wp--preset--spacing--40); \" class=\"wp-block-ub-divider ub_divider ub-divider-orientation-horizontal\" id=\"ub_divider_0387fa24-0654-4eea-89d6-394d38a9d04a\"><div class=\"ub_divider_wrapper\" style=\"position: relative; margin-bottom: 10px; width: 100%; height: 10px; \" data-divider-alignment=\"center\"><div class=\"ub_divider_line\" style=\"border-top: 2px solid #000000; margin-top: 10px; \"><\/div><\/div><\/div>\n\n\n<h2 class=\"wp-block-heading\" id=\"euganean-hills\"><strong>Colli Euganei<\/strong><\/h2>\n\n\n\n<p class=\"translation-block\">I Colli Euganei sono un gruppo di colline di origine vulcanica che si trovano a sud di Padova, e si distinguono tra la pianura del Veneto centrale. Sono anche famosi per le loro sorgenti calde e il distretto termale delle Terme Euganee, ma sono anche visitati per la loro bellezza e l'ambiente pacifico. Castelli, ville e monasteri punteggiano l'area, collegati ai pittoreschi paesini da una rete di sentieri che attraversano la riserva naturale del Parco Regionale dei Colli Euganei.<\/p>\n\n\n<div class=\"wp-block-ub-divider ub_divider ub-divider-orientation-horizontal\" id=\"ub_divider_3a09f595-7a8e-4cfe-af98-d5a35d93b833\"><div class=\"ub_divider_wrapper\" style=\"position: relative; margin-bottom: 2px; width: 100%; height: 2px; \" data-divider-alignment=\"center\"><div class=\"ub_divider_line\" style=\"border-top: 2px solid #ccc; margin-top: 2px; \"><\/div><\/div><\/div>\n\n\n<h4 class=\"wp-block-heading\" id=\"praglia-abbey\"><strong>\u272a Abbazia di Praglia<\/strong><\/h4>\n\n\n\n<p class=\"translation-block\">L'Abbazia di Praglia \u00e8 un monastero benedettino fondato nel 1080 che si trova ai piedi dei Colli Euganei. Visse la sua et\u00e0 dell'oro tra il quattordicesimo e il sedicesimo secolo, quando la maggior parte del complesso fu ampliato e ricostruito e gli interni decorati con affreschi e sculture. Dopo essere stata chiusa e riaperta pi\u00f9 volte, \u00e8 ora nuovamente abitata da monaci ed \u00e8 stata trasformata in un importante centro per il restauro di libri antichi, e ospita anche una ricca biblioteca storica.<\/p>\n\n\n\n<div class=\"wp-block-columns is-layout-flex wp-container-core-columns-is-layout-9d6595d7 wp-block-columns-is-layout-flex\">\n<div class=\"wp-block-column is-layout-flow wp-block-column-is-layout-flow\" style=\"flex-basis:85%\">\n<p>Indirizzo: Via Abbazia di Praglia, 16, 35037 Teolo PD<br>Coordinate: 45.3637, 11.7346<\/p>\n<\/div>\n\n\n\n<div class=\"wp-block-column is-layout-flow wp-block-column-is-layout-flow\" style=\"flex-basis:15%\">\n<p class=\"has-text-align-right\"><a href=\"https:\/\/goo.gl\/maps\/NzhKZBYnTB7ZdJ3S7\" target=\"_blank\" aria-label=\" (opens in a new tab)\" rel=\"noreferrer noopener\" class=\"ek-link\">Google Maps<\/a><\/p>\n<\/div>\n<\/div>\n\n\n<div class=\"wp-block-ub-divider ub_divider ub-divider-orientation-horizontal\" id=\"ub_divider_b66989f0-bfb7-486c-804a-6a017e91b884\"><div class=\"ub_divider_wrapper\" style=\"position: relative; margin-bottom: 2px; width: 100%; height: 2px; \" data-divider-alignment=\"center\"><div class=\"ub_divider_line\" style=\"border-top: 2px solid #ccc; margin-top: 2px; \"><\/div><\/div><\/div>\n\n\n<h4 class=\"wp-block-heading\" id=\"villa-dei-vescovi\"><strong><strong>Villa dei Vescovi<\/strong><\/strong><\/h4>\n\n\n\n<p>La Villa dei Vescovi \u00e8 un palazzo rurale rinascimentale collocato sui pendii di una collina, appena fuori dalla citt\u00e0 di Torreglia. Fu costruita come una residenza estiva per gli arcivescovi di Padova tra il 1535 e il 1542 e fu ispirata dalle antiche ville romane. Gli interni riccamente decorati ospitano una notevole serie di affreschi del sedicesimo secolo.<\/p>\n\n\n\n<div class=\"wp-block-columns is-layout-flex wp-container-core-columns-is-layout-9d6595d7 wp-block-columns-is-layout-flex\">\n<div class=\"wp-block-column is-layout-flow wp-block-column-is-layout-flow\" style=\"flex-basis:85%\">\n<p>Indirizzo: Via dei Vescovi, 4, 35038 Torreglia PD<br>Coordinate: 45.3432, 11.7111<\/p>\n<\/div>\n\n\n\n<div class=\"wp-block-column is-layout-flow wp-block-column-is-layout-flow\" style=\"flex-basis:15%\">\n<p class=\"has-text-align-right\"><a href=\"https:\/\/goo.gl\/maps\/XBgJ52FPv9VcZkKf6\" target=\"_blank\" aria-label=\" (opens in a new tab)\" rel=\"noreferrer noopener\" class=\"ek-link\">Google Maps<\/a><\/p>\n<\/div>\n<\/div>\n\n\n<div class=\"wp-block-ub-divider ub_divider ub-divider-orientation-horizontal\" id=\"ub_divider_34413547-33dd-463b-bc62-6efbe9fb3d61\"><div class=\"ub_divider_wrapper\" style=\"position: relative; margin-bottom: 2px; width: 100%; height: 2px; \" data-divider-alignment=\"center\"><div class=\"ub_divider_line\" style=\"border-top: 2px solid #ccc; margin-top: 2px; \"><\/div><\/div><\/div>\n\n\n<h4 class=\"wp-block-heading\" id=\"villa-barbarigo\"><strong><strong>Villa Barbarigo<\/strong><\/strong><\/h4>\n\n\n\n<p>Villa Barbarigo \u00e8 una grande villa rurale collocata lungo i pendii dei Colli Euganei nella citt\u00e0 di Valsanzibio. Il palazzo in stile barocco fu costruito nel diciassettesimo secolo ed \u00e8 noto perlopi\u00f9 grazie ai suoi giardini. Il grande parco che circonda la villa ospita varie attrazioni come un labirinto e molte statue e fontane.<\/p>\n\n\n\n<div class=\"wp-block-columns is-layout-flex wp-container-core-columns-is-layout-9d6595d7 wp-block-columns-is-layout-flex\">\n<div class=\"wp-block-column is-layout-flow wp-block-column-is-layout-flow\" style=\"flex-basis:85%\">\n<p>Indirizzo: Via Barbarigo, 12, 35030 Valsanzibio PD<br>Coordinate: 45.2937, 11.7271<\/p>\n<\/div>\n\n\n\n<div class=\"wp-block-column is-layout-flow wp-block-column-is-layout-flow\" style=\"flex-basis:15%\">\n<p class=\"has-text-align-right\"><a href=\"https:\/\/goo.gl\/maps\/G6ALsXxJpC6s2QWQ6\" target=\"_blank\" aria-label=\" (opens in a new tab)\" rel=\"noreferrer noopener\" class=\"ek-link\">Google Maps<\/a><\/p>\n<\/div>\n<\/div>\n\n\n<div class=\"wp-block-ub-divider ub_divider ub-divider-orientation-horizontal\" id=\"ub_divider_d35fc5f8-33b5-4a25-a03f-832300657094\"><div class=\"ub_divider_wrapper\" style=\"position: relative; margin-bottom: 2px; width: 100%; height: 2px; \" data-divider-alignment=\"center\"><div class=\"ub_divider_line\" style=\"border-top: 2px solid #ccc; margin-top: 2px; \"><\/div><\/div><\/div>\n\n\n<h4 class=\"wp-block-heading\" id=\"villa-beatrice-deste\"><strong><strong>Villa Beatrice d&#8217;Este<\/strong><\/strong><\/h4>\n\n\n\n<p>Villa Beatrice d\u2019Este \u00e8 un palazzo patrizio rurale che si trova in cima a Monte Gemola vicino al paese di Baone. Costruito in origine come un monastero nel Medioevo, fu poi abbandonata e brevemente trasformata in lazzaretto. Dopo essere stata restaurata nel ventesimo secolo, ospita ora un museo di storia naturale.<\/p>\n\n\n\n<div class=\"wp-block-columns is-layout-flex wp-container-core-columns-is-layout-9d6595d7 wp-block-columns-is-layout-flex\">\n<div class=\"wp-block-column is-layout-flow wp-block-column-is-layout-flow\" style=\"flex-basis:85%\">\n<p>Indirizzo: Via Gemola, 7, 35030 Baone PD<br>Coordinate: 45.2771, 11.6792<\/p>\n<\/div>\n\n\n\n<div class=\"wp-block-column is-layout-flow wp-block-column-is-layout-flow\" style=\"flex-basis:15%\">\n<p class=\"has-text-align-right\"><a href=\"https:\/\/goo.gl\/maps\/3LH73sZwi8We3Mqk8\" target=\"_blank\" aria-label=\" (opens in a new tab)\" rel=\"noreferrer noopener\" class=\"ek-link\">Google Maps<\/a><\/p>\n<\/div>\n<\/div>\n\n\n<div class=\"wp-block-ub-divider ub_divider ub-divider-orientation-horizontal\" id=\"ub_divider_244d3fac-c00d-46c3-ad16-ca3e2a470284\"><div class=\"ub_divider_wrapper\" style=\"position: relative; margin-bottom: 2px; width: 100%; height: 2px; \" data-divider-alignment=\"center\"><div class=\"ub_divider_line\" style=\"border-top: 2px solid #ccc; margin-top: 2px; \"><\/div><\/div><\/div>\n\n\n<h4 class=\"wp-block-heading\" id=\"monastery-of-the-olivetans\"><strong><strong>Monastero degli Olivetani<\/strong><\/strong><\/h4>\n\n\n\n<p class=\"translation-block\">I ruderi dell'abbandonato Monastero degli Olivetani si trovano in cima al Monte Venda, il pi\u00f9 alto dei Colli Euganei. Fu costruito durante il Basso Medioevo e fu attivo fino al 1771, anno in cui fu chiuso. Le rovine sono raggiungibili salendo un lungo sentiero e da questo luogo si pu\u00f2 godere di una splendida vista panoramica sulle colline.<\/p>\n\n\n\n<div class=\"wp-block-columns is-layout-flex wp-container-core-columns-is-layout-9d6595d7 wp-block-columns-is-layout-flex\">\n<div class=\"wp-block-column is-layout-flow wp-block-column-is-layout-flow\" style=\"flex-basis:85%\">\n<p>Indirizzo: Monastero degli Olivetani, 35030 Galzignano Terme PD<br>Coordinate: 45.3131, 11.6909<\/p>\n<\/div>\n\n\n\n<div class=\"wp-block-column is-layout-flow wp-block-column-is-layout-flow\" style=\"flex-basis:15%\">\n<p class=\"has-text-align-right\"><a href=\"https:\/\/goo.gl\/maps\/RMsHBfcPLFB9ZLuj6\" target=\"_blank\" aria-label=\" (opens in a new tab)\" rel=\"noreferrer noopener\" class=\"ek-link\">Google Maps<\/a><\/p>\n<\/div>\n<\/div>\n\n\n<div style=\"margin-top: var(--wp--preset--spacing--40); margin-bottom: var(--wp--preset--spacing--40); \" class=\"wp-block-ub-divider ub_divider ub-divider-orientation-horizontal\" id=\"ub_divider_d5bd5579-c7b7-45ff-bf05-93f29d07dbd1\"><div class=\"ub_divider_wrapper\" style=\"position: relative; margin-bottom: 10px; width: 100%; height: 10px; \" data-divider-alignment=\"center\"><div class=\"ub_divider_line\" style=\"border-top: 2px solid #000000; margin-top: 10px; \"><\/div><\/div><\/div>\n\n\n<h2 class=\"wp-block-heading\" id=\"battaglia-terme\"><strong>Battaglia Terme<\/strong><\/h2>\n\n\n\n<p>Battaglia Terme \u00e8 un paesino sul lato orientale dei Colli Euganei. Anche se non \u00e8 famoso come altri centri delle Terme Euganee, ad esempio Abano Terme o Montegrotto Terme, anche questa citt\u00e0 gode delle sue sorgenti calde ed \u00e8 importante per la sua posizione sul navigabile Canale Battaglia che porta a Padova.<\/p>\n\n\n<div class=\"wp-block-ub-divider ub_divider ub-divider-orientation-horizontal\" id=\"ub_divider_23c64f43-1756-4a65-9e14-683a1c9ebc7f\"><div class=\"ub_divider_wrapper\" style=\"position: relative; margin-bottom: 2px; width: 100%; height: 2px; \" data-divider-alignment=\"center\"><div class=\"ub_divider_line\" style=\"border-top: 2px solid #ccc; margin-top: 2px; \"><\/div><\/div><\/div>\n\n\n<h4 class=\"wp-block-heading\" id=\"catajo-castle\"><strong><strong>Castello del Catajo<\/strong><\/strong><\/h4>\n\n\n\n<p class=\"translation-block\">Il Castello del Catajo \u00e8 un grande palazzo che si trova appena fuori da Battaglia Terme, lungo i pendii di una vicina collina. In origine una semplice villa, poi un palazzo rurale, fu infine trasformato in un vero castello a partire del 1570 dal nobile Pio Enea I degli Obizzi. Il castello fu decorato con affreschi sfarzosi e circondato da grandi giardini. Nel diciannovesimo secolo divenne un possedimento dei Duchi di <a href=\"https:\/\/www.cosmundus.com\/it\/destinations\/modena\/\" class=\"ek-link\" target=\"_self\">Modena<\/a> e poi degli Arciduchi d'Austria, e in questo periodo fu ampliato ancora di pi\u00f9. Lo stato italiano ottenne il palazzo alla fine della prima guerra mondiale e pi\u00f9 tardi fu venduto a un privato. Ora \u00e8 aperto al pubblico.<\/p>\n\n\n\n<div class=\"wp-block-columns is-layout-flex wp-container-core-columns-is-layout-9d6595d7 wp-block-columns-is-layout-flex\">\n<div class=\"wp-block-column is-layout-flow wp-block-column-is-layout-flow\" style=\"flex-basis:85%\">\n<p>Indirizzo: Via Catajo, 1, 35041 Battaglia Terme PD<br>Coordinate: 45.2967, 11.7886<\/p>\n<\/div>\n\n\n\n<div class=\"wp-block-column is-layout-flow wp-block-column-is-layout-flow\" style=\"flex-basis:15%\">\n<p class=\"has-text-align-right\"><a href=\"https:\/\/goo.gl\/maps\/eM1MJPo7PktgMR2z9\" target=\"_blank\" aria-label=\" (opens in a new tab)\" rel=\"noreferrer noopener\" class=\"ek-link\">Google Maps<\/a><\/p>\n<\/div>\n<\/div>\n\n\n<div style=\"margin-top: var(--wp--preset--spacing--40); margin-bottom: var(--wp--preset--spacing--40); \" class=\"wp-block-ub-divider ub_divider ub-divider-orientation-horizontal\" id=\"ub_divider_4cbe5558-d73e-4569-9dc1-103ec8524fc8\"><div class=\"ub_divider_wrapper\" style=\"position: relative; margin-bottom: 10px; width: 100%; height: 10px; \" data-divider-alignment=\"center\"><div class=\"ub_divider_line\" style=\"border-top: 2px solid #000000; margin-top: 10px; \"><\/div><\/div><\/div>\n\n\n<h2 class=\"wp-block-heading\" id=\"due-carrare\"><strong>Due Carrare<\/strong><\/h2>\n\n\n\n<p>Due Carrare \u00e8 un paesino nato dalla fusione dei comuni di Carrara Santo Stefano e Carrara San Giorgio nel 1995. Questo \u00e8 il luogo di nascita della famiglia da Carrara che govern\u00f2 Padova nel quattordicesimo e quindicesimo secolo.<\/p>\n\n\n<div class=\"wp-block-ub-divider ub_divider ub-divider-orientation-horizontal\" id=\"ub_divider_0ae541bc-3411-4fd1-8d1b-6a0516fff197\"><div class=\"ub_divider_wrapper\" style=\"position: relative; margin-bottom: 2px; width: 100%; height: 2px; \" data-divider-alignment=\"center\"><div class=\"ub_divider_line\" style=\"border-top: 2px solid #ccc; margin-top: 2px; \"><\/div><\/div><\/div>\n\n\n<h4 class=\"wp-block-heading\" id=\"villa-zaborra-castello-di-san-pelagio\"><strong><strong>Villa Zaborra Castello di San Pelagio<\/strong><\/strong><\/h4>\n\n\n\n<p class=\"translation-block\">Collocato appena fuori da Due Carrare, questa villa rurale del sedicesimo secolo include una torre medievale e fu rielaborata molte volte prima di ottenere il suo aspetto attuale. Parte del complesso ora ospita il <strong>Museo dell\u2019Aria e dello Spazio<\/strong>, che include vari velivoli ed esposizioni sulla storia dell'aviazione.<\/p>\n\n\n\n<div class=\"wp-block-columns is-layout-flex wp-container-core-columns-is-layout-9d6595d7 wp-block-columns-is-layout-flex\">\n<div class=\"wp-block-column is-layout-flow wp-block-column-is-layout-flow\" style=\"flex-basis:85%\">\n<p>Indirizzo: Via S. Pelagio, 50, 35020 Due Carrare PD<br>Coordinate: 45.3142, 11.8221<\/p>\n<\/div>\n\n\n\n<div class=\"wp-block-column is-layout-flow wp-block-column-is-layout-flow\" style=\"flex-basis:15%\">\n<p class=\"has-text-align-right\"><a href=\"https:\/\/goo.gl\/maps\/RgvPWbTxGc5UfN9T6\" target=\"_blank\" aria-label=\" (opens in a new tab)\" rel=\"noreferrer noopener\" class=\"ek-link\">Google Maps<\/a><\/p>\n<\/div>\n<\/div>\n\n\n<div style=\"margin-top: var(--wp--preset--spacing--40); margin-bottom: var(--wp--preset--spacing--40); \" class=\"wp-block-ub-divider ub_divider ub-divider-orientation-horizontal\" id=\"ub_divider_a02e946c-0576-4fb8-95c4-56e2cb8b1843\"><div class=\"ub_divider_wrapper\" style=\"position: relative; margin-bottom: 10px; width: 100%; height: 10px; \" data-divider-alignment=\"center\"><div class=\"ub_divider_line\" style=\"border-top: 2px solid #000000; margin-top: 10px; \"><\/div><\/div><\/div>\n\n\n<h2 class=\"wp-block-heading\" id=\"arqua-petrarca\"><strong>Arqu\u00e0 Petrarca<\/strong><\/h2>\n\n\n\n<p>Arqu\u00e0 Petrarca \u00e8 una piccola citt\u00e0 tra i Colli Euganei. Abitata sin dall'Et\u00e0 del bronzo, \u00e8 famosa per essere il posto in cui il poeta Francesco Petrarca visse i suoi ultimi anni, prima della sua morte qui nel 1374. Collocata in un ambiente gradevole, questo piccolo villaggio ha ancora alcuni edifici storici che gli danno un aspetto medievale.<\/p>\n\n\n<div class=\"wp-block-ub-divider ub_divider ub-divider-orientation-horizontal\" id=\"ub_divider_77b34f7b-6d41-45ed-9858-2b02d8c6f912\"><div class=\"ub_divider_wrapper\" style=\"position: relative; margin-bottom: 2px; width: 100%; height: 2px; \" data-divider-alignment=\"center\"><div class=\"ub_divider_line\" style=\"border-top: 2px solid #ccc; margin-top: 2px; \"><\/div><\/div><\/div>\n\n\n<h4 class=\"wp-block-heading\" id=\"house-of-petrarch\"><strong><strong>Casa del Petrarca<\/strong><\/strong><\/h4>\n\n\n\n<p class=\"translation-block\">La casa in cui Petrarca visse i suoi ultimi anni ad Arqu\u00e0 \u00e8 ora un museo con esposizioni sulla vita e i lavori del famoso poeta. L'edificio originale fu costruito nel tredicesimo secolo e poi modificato durante il soggiorno di Petrarca. La casa fu rielaborata pesantemente nel sedicesimo secolo, e la maggior parte del suo aspetto attuale risale a quel periodo.<\/p>\n\n\n\n<div class=\"wp-block-columns is-layout-flex wp-container-core-columns-is-layout-9d6595d7 wp-block-columns-is-layout-flex\">\n<div class=\"wp-block-column is-layout-flow wp-block-column-is-layout-flow\" style=\"flex-basis:85%\">\n<p>Indirizzo: Via Valleselle, 4, 35032 Arqu\u00e0 Petrarca PD<br>Coordinate: 45.2707, 11.7155<\/p>\n<\/div>\n\n\n\n<div class=\"wp-block-column is-layout-flow wp-block-column-is-layout-flow\" style=\"flex-basis:15%\">\n<p class=\"has-text-align-right\"><a href=\"https:\/\/goo.gl\/maps\/fz7KjXpDZNnY9qgE7\" target=\"_blank\" aria-label=\" (opens in a new tab)\" rel=\"noreferrer noopener\" class=\"ek-link\">Google Maps<\/a><\/p>\n<\/div>\n<\/div>\n\n\n<div style=\"margin-top: var(--wp--preset--spacing--40); margin-bottom: var(--wp--preset--spacing--40); \" class=\"wp-block-ub-divider ub_divider ub-divider-orientation-horizontal\" id=\"ub_divider_3411d742-86ec-49bb-8173-1bae5cff398b\"><div class=\"ub_divider_wrapper\" style=\"position: relative; margin-bottom: 10px; width: 100%; height: 10px; \" data-divider-alignment=\"center\"><div class=\"ub_divider_line\" style=\"border-top: 2px solid #000000; margin-top: 10px; \"><\/div><\/div><\/div>\n\n\n<h2 class=\"wp-block-heading\" id=\"monselice\"><strong>Monselice<\/strong><\/h2>\n\n\n\n<p>Monselice \u00e8 una cittadina situata ai piedi dei Colli Euganei, e dominata da una piccola collina. Il paese si svilupp\u00f2 fin dal Medioevo attorno alle fortificazioni poste sul colle, e divenne uno dei principali centri della campagna a sud di Padova. Ora \u00e8 conosciuta per il suo bellissimo castello e il suo peculiare santuario.<\/p>\n\n\n<div class=\"wp-block-ub-divider ub_divider ub-divider-orientation-horizontal\" id=\"ub_divider_54c3ba3f-5626-4ad5-97c9-cd5b3a3adc6e\"><div class=\"ub_divider_wrapper\" style=\"position: relative; margin-bottom: 2px; width: 100%; height: 2px; \" data-divider-alignment=\"center\"><div class=\"ub_divider_line\" style=\"border-top: 2px solid #ccc; margin-top: 2px; \"><\/div><\/div><\/div>\n\n\n<h4 class=\"wp-block-heading\" id=\"seven-churches-sanctuary\"><strong>\u272a Santuario delle Sette Chiesette<\/strong><\/h4>\n\n\n\n<p class=\"translation-block\">Il Santuario delle Sette Chiesette \u00e8 un complesso religioso situato lungo le pendici del colle di Monselice. Partendo nei pressi del castello, la strada che sale sulla collina presenta sei piccole cappelle costruite tra il 1592 e il 1615. Al termine di questo percorso si trova la settima chiesa, la <strong>Chiesa di San Giorgio<\/strong>, che ospita curiosamente una una grande quantit\u00e0 di teschi e ossa umane. Queste chiese furono costruite come luoghi di pellegrinaggio per i fedeli che non potevano andare a <a href=\"https:\/\/www.cosmundus.com\/it\/destinations\/rome\/\" class=\"ek-link\" target=\"_self\">Roma<\/a> e fare la tradizionale visita delle Sette Chiese. Accanto alla Chiesa di San Giorgio si trova la rinascimentale <strong>Villa Duodo<\/strong>, decorata con numerose opere d'arte.<\/p>\n\n\n\n<div class=\"wp-block-columns is-layout-flex wp-container-core-columns-is-layout-9d6595d7 wp-block-columns-is-layout-flex\">\n<div class=\"wp-block-column is-layout-flow wp-block-column-is-layout-flow\" style=\"flex-basis:66.66%\">\n<p>Indirizzo: Via Sette Chiese, 35043 Monselice PD<br>Coordinate: 45.2403, 11.7568<\/p>\n<\/div>\n\n\n\n<div class=\"wp-block-column is-layout-flow wp-block-column-is-layout-flow\" style=\"flex-basis:33.33%\">\n<p class=\"has-text-align-right\"><a href=\"https:\/\/maps.app.goo.gl\/5CuB1htkTNQitkCh9\" target=\"_blank\" aria-label=\" (opens in a new tab)\" rel=\"noreferrer noopener\" class=\"ek-link\">Google Maps<\/a><\/p>\n<\/div>\n<\/div>\n\n\n<div class=\"wp-block-ub-divider ub_divider ub-divider-orientation-horizontal\" id=\"ub_divider_a9460959-f268-451a-af37-c74b64bd15aa\"><div class=\"ub_divider_wrapper\" style=\"position: relative; margin-bottom: 2px; width: 100%; height: 2px; \" data-divider-alignment=\"center\"><div class=\"ub_divider_line\" style=\"border-top: 2px solid #ccc; margin-top: 2px; \"><\/div><\/div><\/div>\n\n\n<h4 class=\"wp-block-heading\" id=\"monselice-castle\"><strong>\u272a Castello di Monselice<\/strong><\/h4>\n\n\n\n<p>Anche noto come: Castello Cini<\/p>\n\n\n\n<p>Il Castello di Monselice \u00e8 un complesso fortificato situato sul fianco della collina che domina il paese. Eretto in varie fasi durante il Tardo Medioevo, \u00e8 molto ben conservato, poich\u00e9 \u00e8 stato restaurato nel ventesimo secolo. Il castello presenta varie sale decorate e ospita anche alcune opere d'arte e oggetti storici.<\/p>\n\n\n\n<div class=\"wp-block-columns is-layout-flex wp-container-core-columns-is-layout-9d6595d7 wp-block-columns-is-layout-flex\">\n<div class=\"wp-block-column is-layout-flow wp-block-column-is-layout-flow\" style=\"flex-basis:66.66%\">\n<p>Indirizzo: Via del Santuario, 17, 35043 Monselice PD<br>Coordinate: 45.2415, 11.7529<\/p>\n<\/div>\n\n\n\n<div class=\"wp-block-column is-layout-flow wp-block-column-is-layout-flow\" style=\"flex-basis:33.33%\">\n<p class=\"has-text-align-right\"><a href=\"https:\/\/maps.app.goo.gl\/R918vbaqW5omZJup7\" target=\"_blank\" aria-label=\" (opens in a new tab)\" rel=\"noreferrer noopener\" class=\"ek-link\">Google Maps<\/a><\/p>\n<\/div>\n<\/div>\n\n\n<div class=\"wp-block-ub-divider ub_divider ub-divider-orientation-horizontal\" id=\"ub_divider_19e15c96-8cd2-4da4-8bb4-2ea933696df9\"><div class=\"ub_divider_wrapper\" style=\"position: relative; margin-bottom: 2px; width: 100%; height: 2px; \" data-divider-alignment=\"center\"><div class=\"ub_divider_line\" style=\"border-top: 2px solid #ccc; margin-top: 2px; \"><\/div><\/div><\/div>\n\n\n<h4 class=\"wp-block-heading\" id=\"mastio-federiciano\"><strong>Mastio Federiciano<\/strong><\/h4>\n\n\n\n<p class=\"has-text-align-left\">Anche noto come: Rocca di Monselice<\/p>\n\n\n\n<p>Il Mastio Federiciano \u00e8 un'antica fortificazione situata sulla sommit\u00e0 del colle di Monselice. Eretto durante l'Alto Medioevo, fu per secoli uno dei principali forti della zona, ma venne poi abbandonato. Oggi in rovina, sono ancora in piedi alcune strutture, come la torre principale.<\/p>\n\n\n\n<div class=\"wp-block-columns is-layout-flex wp-container-core-columns-is-layout-9d6595d7 wp-block-columns-is-layout-flex\">\n<div class=\"wp-block-column is-layout-flow wp-block-column-is-layout-flow\" style=\"flex-basis:66.66%\">\n<p>Indirizzo: Torrione, 35043 Monselice PD<br>Coordinate: 45.2422, 11.7560<\/p>\n<\/div>\n\n\n\n<div class=\"wp-block-column is-layout-flow wp-block-column-is-layout-flow\" style=\"flex-basis:33.33%\">\n<p class=\"has-text-align-right\"><a aria-label=\" (opens in a new tab)\" href=\"https:\/\/goo.gl\/maps\/4TrQbFa9jkf9APjs6\" target=\"_blank\" rel=\"noreferrer noopener\" class=\"ek-link\"><\/a><a href=\"https:\/\/maps.app.goo.gl\/J5ksKqVSfEGQLrxK9\" target=\"_blank\" aria-label=\" (opens in a new tab)\" rel=\"noreferrer noopener\" class=\"ek-link\">Google Maps<\/a><\/p>\n<\/div>\n<\/div>\n\n\n<div class=\"wp-block-ub-divider ub_divider ub-divider-orientation-horizontal\" id=\"ub_divider_fc0106a1-99b2-428e-a05f-4954b24151f1\"><div class=\"ub_divider_wrapper\" style=\"position: relative; margin-bottom: 2px; width: 100%; height: 2px; \" data-divider-alignment=\"center\"><div class=\"ub_divider_line\" style=\"border-top: 2px solid #ccc; margin-top: 2px; \"><\/div><\/div><\/div>\n\n\n<h4 class=\"wp-block-heading\" id=\"piazza-mazzini\"><strong>Piazza Mazzini<\/strong><\/h4>\n\n\n\n<p class=\"translation-block\">Piazza Mazzini \u00e8 la piazza principale di Monselice. Qui si trovano vari monumenti storici, come la <strong>Torre Civica<\/strong> (<em>Torre Civica<\/em>) del tredicesimo secolo e il rinascimentale <strong>Palazzo del Monte di Piet\u00e0<\/strong>, che presenta una bellissima loggia in stile veneziano. Su questa piazza si affaccia anche la <strong>Chiesa di San Paolo<\/strong>, eretta nel Tardo Medioevo e che oggi ospita il <strong>Museo San Paolo<\/strong>, un'esposizione di reperti archeologici rinvenuti nei dintorni del paese.<\/p>\n\n\n\n<div class=\"wp-block-columns is-layout-flex wp-container-core-columns-is-layout-9d6595d7 wp-block-columns-is-layout-flex\">\n<div class=\"wp-block-column is-layout-flow wp-block-column-is-layout-flow\" style=\"flex-basis:66.66%\">\n<p>Indirizzo: Piazza Mazzini, 35043 Monselice PD<br>Coordinate: 45.2418, 11.7511<\/p>\n<\/div>\n\n\n\n<div class=\"wp-block-column is-layout-flow wp-block-column-is-layout-flow\" style=\"flex-basis:33.33%\">\n<p class=\"has-text-align-right\"><a aria-label=\" (opens in a new tab)\" href=\"https:\/\/goo.gl\/maps\/4TrQbFa9jkf9APjs6\" target=\"_blank\" rel=\"noreferrer noopener\" class=\"ek-link\"><\/a><a href=\"https:\/\/maps.app.goo.gl\/fCVzfhjrwmovrVdv8\" target=\"_blank\" aria-label=\" (opens in a new tab)\" rel=\"noreferrer noopener\" class=\"ek-link\">Google Maps<\/a><\/p>\n<\/div>\n<\/div>\n\n\n<div style=\"margin-top: var(--wp--preset--spacing--40); margin-bottom: var(--wp--preset--spacing--40); \" class=\"wp-block-ub-divider ub_divider ub-divider-orientation-horizontal\" id=\"ub_divider_f8917928-8100-4115-88a6-8063d8607cf6\"><div class=\"ub_divider_wrapper\" style=\"position: relative; margin-bottom: 10px; width: 100%; height: 10px; \" data-divider-alignment=\"center\"><div class=\"ub_divider_line\" style=\"border-top: 2px solid #000000; margin-top: 10px; \"><\/div><\/div><\/div>\n\n\n<h2 class=\"wp-block-heading\" id=\"este\"><strong>Este<\/strong><\/h2>\n\n\n\n<p class=\"translation-block\">Este \u00e8 una citt\u00e0 che si trova all'estremit\u00e0 meridionale dei Colli Euganei. Era abitata gi\u00e0 durante l'Et\u00e0 del ferro e divenne un importante centro regionale nell'epoca romana, con il nome di Ateste. Dopo un periodo di declino, torn\u00f2 alla ribalta nel decimo secolo come luogo di nascita della potente famiglia Este. Questi nobili si spostarono poi a Ferrara, e la citt\u00e0 fu governata da Padova e Venezia prima di diventare parte dell'Italia. Ora Este \u00e8 una delle citt\u00e0 pi\u00f9 grandi nell'area dei Colli Euganei.<\/p>\n\n\n<div class=\"wp-block-ub-divider ub_divider ub-divider-orientation-horizontal\" id=\"ub_divider_0daa85b3-898a-4cbf-bf15-58aad35b7af4\"><div class=\"ub_divider_wrapper\" style=\"position: relative; margin-bottom: 2px; width: 100%; height: 2px; \" data-divider-alignment=\"center\"><div class=\"ub_divider_line\" style=\"border-top: 2px solid #ccc; margin-top: 2px; \"><\/div><\/div><\/div>\n\n\n<h4 class=\"wp-block-heading\" id=\"museo-nazionale-atestino\"><strong><strong>\u272a&nbsp;<\/strong>Museo Nazionale Atestino<\/strong><\/h4>\n\n\n\n<p>Il Museo Nazionale Atestino \u00e8 il museo della citt\u00e0 di Este. Ospita una grande collezione di reperti archeologici di et\u00e0 pre-romana e romana, dipinti e opere del Medioevo, e una ricca biblioteca. Il museo \u00e8 ospitato in una villa storica appena fuori dal Castello Carrarese e circondato dalle sue antiche mura.<\/p>\n\n\n\n<div class=\"wp-block-columns is-layout-flex wp-container-core-columns-is-layout-9d6595d7 wp-block-columns-is-layout-flex\">\n<div class=\"wp-block-column is-layout-flow wp-block-column-is-layout-flow\" style=\"flex-basis:85%\">\n<p>Indirizzo: Via G. Negri, 9\/c, 35042 Este PD<br>Coordinate: 45.2293, 11.6564<\/p>\n<\/div>\n\n\n\n<div class=\"wp-block-column is-layout-flow wp-block-column-is-layout-flow\" style=\"flex-basis:15%\">\n<p class=\"has-text-align-right\"><a href=\"https:\/\/goo.gl\/maps\/fUBfLMjZtwMk2z8q6\" target=\"_blank\" aria-label=\" (opens in a new tab)\" rel=\"noreferrer noopener\" class=\"ek-link\">Google Maps<\/a><\/p>\n<\/div>\n<\/div>\n\n\n<div class=\"wp-block-ub-divider ub_divider ub-divider-orientation-horizontal\" id=\"ub_divider_2ac1f0ee-ed5c-41a2-b52e-981a845b60a2\"><div class=\"ub_divider_wrapper\" style=\"position: relative; margin-bottom: 2px; width: 100%; height: 2px; \" data-divider-alignment=\"center\"><div class=\"ub_divider_line\" style=\"border-top: 2px solid #ccc; margin-top: 2px; \"><\/div><\/div><\/div>\n\n\n<h4 class=\"wp-block-heading\" id=\"carrarese-castle-of-este\"><strong><strong>\u272a&nbsp;<\/strong>Castello Carrarese di Este<\/strong><\/h4>\n\n\n\n<p class=\"translation-block\">Il Castello Carrarese di Este \u00e8 una fortificazione medievale che potrebbe aver avuto origine come una villa che fu poi ampliata e trasformata in una fortezza, prima di essere distrutta nel 1249. L'edificio attuale fu eretto sulle rovine di quello precedente nel quattordicesimo secolo dalla famiglia da Carrara che governava Padova. Il castello fu poi abbandonato nuovamente. Ora restaurato, \u00e8 stato trasformato in un giardino pubblico e include ancora la maggior parte delle sue notevoli mura medievali.<\/p>\n\n\n\n<div class=\"wp-block-columns is-layout-flex wp-container-core-columns-is-layout-9d6595d7 wp-block-columns-is-layout-flex\">\n<div class=\"wp-block-column is-layout-flow wp-block-column-is-layout-flow\" style=\"flex-basis:85%\">\n<p>Indirizzo: Via G. Negri, 9, 35042 Este PD<br>Coordinate: 45.2306, 11.6582<\/p>\n<\/div>\n\n\n\n<div class=\"wp-block-column is-layout-flow wp-block-column-is-layout-flow\" style=\"flex-basis:15%\">\n<p class=\"has-text-align-right\"><a href=\"https:\/\/goo.gl\/maps\/fvu6ucm9YRYxMJ87A\" target=\"_blank\" aria-label=\" (opens in a new tab)\" rel=\"noreferrer noopener\" class=\"ek-link\">Google Maps<\/a><\/p>\n<\/div>\n<\/div>\n\n\n<div class=\"wp-block-ub-divider ub_divider ub-divider-orientation-horizontal\" id=\"ub_divider_f30a3a25-e11a-41b8-896a-9bf8e8e27b85\"><div class=\"ub_divider_wrapper\" style=\"position: relative; margin-bottom: 2px; width: 100%; height: 2px; \" data-divider-alignment=\"center\"><div class=\"ub_divider_line\" style=\"border-top: 2px solid #ccc; margin-top: 2px; \"><\/div><\/div><\/div>\n\n\n<h4 class=\"wp-block-heading\" id=\"church-of-santa-tecla\"><strong><strong>Chiesa di Santa Tecla<\/strong><\/strong><\/h4>\n\n\n\n<p>Anche nota come: Duomo di Santa Tecla<\/p>\n\n\n\n<p>La Chiesa di di Santa Tecla \u00e8 principale edificio religioso di Este. L'attuale chiesa barocca fu costruita tra il 1690 e il 1720 al posto di una precedente che fu danneggiata da un terremoto. Tra molte opere d'arte, contiene una bellissima pala d'altare di Giambattista Tiepolo, uno dei lavori pi\u00f9 notevoli dell'artista.<\/p>\n\n\n\n<div class=\"wp-block-columns is-layout-flex wp-container-core-columns-is-layout-9d6595d7 wp-block-columns-is-layout-flex\">\n<div class=\"wp-block-column is-layout-flow wp-block-column-is-layout-flow\" style=\"flex-basis:85%\">\n<p>Indirizzo: Via Santa Tecla, 6, 35042 Este PD<br>Coordinate: 45.2300, 11.6539<\/p>\n<\/div>\n\n\n\n<div class=\"wp-block-column is-layout-flow wp-block-column-is-layout-flow\" style=\"flex-basis:15%\">\n<p class=\"has-text-align-right\"><a href=\"https:\/\/goo.gl\/maps\/4fYSchh4skUChURUA\" target=\"_blank\" aria-label=\" (opens in a new tab)\" rel=\"noreferrer noopener\" class=\"ek-link\">Google Maps<\/a><\/p>\n<\/div>\n<\/div>\n\n\n<div style=\"margin-top: var(--wp--preset--spacing--40); margin-bottom: var(--wp--preset--spacing--40); \" class=\"wp-block-ub-divider ub_divider ub-divider-orientation-horizontal\" id=\"ub_divider_db4ac12b-1ebc-421b-9c7f-edbdb008a9ed\"><div class=\"ub_divider_wrapper\" style=\"position: relative; margin-bottom: 10px; width: 100%; height: 10px; \" data-divider-alignment=\"center\"><div class=\"ub_divider_line\" style=\"border-top: 2px solid #000000; margin-top: 10px; \"><\/div><\/div><\/div>\n\n\n<h2 class=\"wp-block-heading\" id=\"montagnana\"><strong>Montagnana<\/strong><\/h2>\n\n\n\n<p>Montagnana \u00e8 un paese nella campagna veneta. Divenne importante come avamposto militare durante l'Alto Medioevo, soprattutto sotto il dominio della famiglia da Carrara di Padova. Montagnana mantiene ancora oggi molte delle sue caratteristiche medievali.<\/p>\n\n\n<div class=\"wp-block-ub-divider ub_divider ub-divider-orientation-horizontal\" id=\"ub_divider_06123b7d-f155-4b85-a9a2-1c1e6a475f5b\"><div class=\"ub_divider_wrapper\" style=\"position: relative; margin-bottom: 2px; width: 100%; height: 2px; \" data-divider-alignment=\"center\"><div class=\"ub_divider_line\" style=\"border-top: 2px solid #ccc; margin-top: 2px; \"><\/div><\/div><\/div>\n\n\n<h4 class=\"wp-block-heading\" id=\"walls-of-montagnana\"><strong><strong><strong>\u272a&nbsp;<\/strong><\/strong>Mura di Montagnana<\/strong><\/h4>\n\n\n\n<p class=\"translation-block\">Le Mura di Montagnana sono uno degli esempi meglio conservati di fortificazione medievale in Europa. Circondate ancora da un fossato, ormai senz'acqua, queste imponenti mura furono costruite per la maggior parte tra l'undicesimo e il tredicesimo secolo. Quattro porte consentono l'accesso al centro cittadino, ma due (<strong>Porta XX Settembre<\/strong> e <strong>Porta Vicenza<\/strong>) furono realizzate solo successivamente. Le due porte originarie (<strong>Porta Legnago<\/strong> e <strong>Porta Padova<\/strong>) sono pesantemente fortificate e sono conosciute come <strong>Rocca degli Alberi<\/strong> e <strong>Castello di San Zeno<\/strong>. Il Castello di San Zeno \u00e8 il pi\u00f9 grande dei due ed era la principale fortezza della citt\u00e0, oggi adibito a museo e biblioteca.<\/p>\n\n\n\n<div class=\"wp-block-columns is-layout-flex wp-container-core-columns-is-layout-9d6595d7 wp-block-columns-is-layout-flex\">\n<div class=\"wp-block-column is-layout-flow wp-block-column-is-layout-flow\" style=\"flex-basis:85%\">\n<p>Indirizzo: Via Circonvallazione Esterna Ovest, 35044 Montagnana PD<br>Coordinate: 45.2346, 11.4623<\/p>\n<\/div>\n\n\n\n<div class=\"wp-block-column is-layout-flow wp-block-column-is-layout-flow\" style=\"flex-basis:15%\">\n<p class=\"has-text-align-right\"><a href=\"https:\/\/goo.gl\/maps\/7HaLazfUSQymjYiV8\" target=\"_blank\" aria-label=\" (opens in a new tab)\" rel=\"noreferrer noopener\" class=\"ek-link\">Google Maps<\/a><\/p>\n<\/div>\n<\/div>\n\n\n<div class=\"wp-block-ub-divider ub_divider ub-divider-orientation-horizontal\" id=\"ub_divider_afda4c2c-0607-4d12-ada3-63838eeea9f3\"><div class=\"ub_divider_wrapper\" style=\"position: relative; margin-bottom: 2px; width: 100%; height: 2px; \" data-divider-alignment=\"center\"><div class=\"ub_divider_line\" style=\"border-top: 2px solid #ccc; margin-top: 2px; \"><\/div><\/div><\/div>\n\n\n<h4 class=\"wp-block-heading\" id=\"duomo-of-montagnana\"><strong><strong>Duomo di Montagnana<\/strong><\/strong><\/h4>\n\n\n\n<p>Anche noto come: Duomo di Santa Maria Assunta<\/p>\n\n\n\n<p>Il grande Duomo di Montagnana domina la piazza principale della citt\u00e0. Fu costruito tra il 1431 e il 1502 in stile gotico e rinascimentale e, tra le varie opere d'arte degne di nota, presenta un dipinto di Paolo Veronese e due affreschi del Giorgione.<\/p>\n\n\n\n<div class=\"wp-block-columns is-layout-flex wp-container-core-columns-is-layout-9d6595d7 wp-block-columns-is-layout-flex\">\n<div class=\"wp-block-column is-layout-flow wp-block-column-is-layout-flow\" style=\"flex-basis:85%\">\n<p>Indirizzo: Via S. Giovanni, 6, 35044 Montagnana PD<br>Coordinate: 45.2330, 11.4674<\/p>\n<\/div>\n\n\n\n<div class=\"wp-block-column is-layout-flow wp-block-column-is-layout-flow\" style=\"flex-basis:15%\">\n<p class=\"has-text-align-right\"><a href=\"https:\/\/goo.gl\/maps\/tihk4taWU2cHCiMH6\" target=\"_blank\" aria-label=\" (opens in a new tab)\" rel=\"noreferrer noopener\" class=\"ek-link\">Google Maps<\/a><\/p>\n<\/div>\n<\/div>","protected":false},"excerpt":{"rendered":"<p>&lt;&lt;\u00a0Veneto Just south of Padua are the Euganean Hills, a group of volcanic hills featuring several landmarks and various popular spa resorts. The rest of the countryside south of Padua is known as Bassa Padovana, and it mostly includes small rural centers, but also some larger towns like Monselice, Este, and Montagnana. These three cities have a rich history and offer various historic attractions. Abano Terme Located at the northeastern end of the Euganean Hills, Abano Terme is the most important center in the large thermal area of the Terme Euganee. This area is known for its hot springs since ancient times and now Abano Terme serves as a major hub for spas and hot baths, attracting many tourists. Montirone Park Montirone is a small hill and park in Abano Terme, hosting one of the most important spring areas of the thermal city. The monumental entrance to the park is flanked by two buildings hosting a museum on local arts. Address: Via P. d&#8217;Abano, 13, 35031 Abano Terme PDCoordinates: 45.3522, 11.7768 Google Maps Montegrotto Terme Montegrotto Terme is a spa resort and one of the main centers of the Terme Euganee, located at the foot of the Euganean Hills. In ancient times, the town was inhabited by the Romans, who knew the area for its hot springs. The importance of this thermal district was again on the rise since the Early Modern period and today it is a wellness center visited by many tourists. Archaeological Areas of Montegrotto Terme The town of Montegrotto Terme was already a spa resort during the time of the Romans, and now a few archaeological areas attest the long history of this city. The Archaeological Area of Viale Stazione is located near the town&#8217;s train station and hosts an ancient thermal complex from the 1st century BCE. A bit to the south is the Roman Villa of Via Neroniana, the ruins of a 1st-century patrician palace also housing ancient thermae. Address: Via Scavi, 15, 35036 Montegrotto Terme PDCoordinates: 45.3293, 11.7926 Google Maps Butterfly Arc The natural park and museum Butterfly Arc is composed of two different environments. One is the Casa delle Farfalle, an exhibition space hosting thousands of butterflies and showcasing their life and diversity. Meanwhile, the Bosco delle Fate is a small park with a path focused on mythological and legendary creatures. Address: Via Scavi, 21\/Bis, 35036 Montegrotto Terme PDCoordinates: 45.3315, 11.7921 Google Maps Euganean Hills The Euganean Hills (Colli Euganei) are a group of volcanic hills located south of Padua, standing out among the plains of central Veneto. They are famous for their hot springs and the spa district of the Terme Euganee, while also being visited for their beauty and peaceful environment. Castles, villas, and monasteries dot the area, linked with the small picturesque towns by a network of footpaths that cross the natural reserve of the Regional Park of the Euganean Hills. \u272a Praglia Abbey Praglia Abbey (Abbazia di Praglia) is a Benedictine monastery founded in 1080 and located at the foot of the Euganean Hills. It lived its golden age between the 14th and 16th century, when most of the complex was expanded and rebuilt and the interiors were decorated with frescoes and sculptures. After being closed and reopened a few times, it is now again inhabited by monks and it has been turned into an important center for the restoration of ancient books, also hosting a rich historic library. Address: Via Abbazia di Praglia, 16, 35037 Teolo PDCoordinates: 45.3637, 11.7346 Google Maps Villa dei Vescovi Villa dei Vescovi is a Renaissance rural palace located on the slopes of a hill, just outside the town of Torreglia. It was built as a summer retreat for the arcibishops of Padua between 1535 and 1542 and it was inspired by ancient Roman villas. The richly decorated interiors host an impressive series of 16th-century frescoes. Address: Via dei Vescovi, 4, 35038 Torreglia PDCoordinates: 45.3432, 11.7111 Google Maps Villa Barbarigo Villa Barbarigo is a large rural villa located on the slopes of the Euganean Hills in the town of Valsanzibio. The baroque-style palace was built during the 17th century and it is mostly noted for its gardens. The wide park that surrounds the villa hosts various attractions such as a labyrinth and many statues and fountains. Address: Via Barbarigo, 12, 35030 Valsanzibio PDCoordinates: 45.2937, 11.7271 Google Maps Villa Beatrice d&#8217;Este Villa Beatrice d&#8217;Este is a patrician rural palace located on the top of Monte Gemola near the town of Baone. Originally built as a monastery in the Middle Ages, it was later abandoned and briefly turned into a lazaret. After being restored during the 20th century, it now hosts a museum of natural history. Address: Via Gemola, 7, 35030 Baone PDCoordinates: 45.2771, 11.6792 Google Maps Monastery of the Olivetans The ruins of the abandoned Monastery of the Olivetans (Monastero degli Olivetani) are located on top of Monte Venda, the tallest of the Euganean Hills. It was built during the Late Middle Ages and it was active until 1771, when it was closed. The ruins can be reached by climbing a long footpath and from this place a great panoramic view of the hills can be enjoyed. Address: Monastero degli Olivetani, 35030 Galzignano Terme PDCoordinates: 45.3131, 11.6909 Google Maps Battaglia Terme Battaglia Terme is a small town at the eastern edge of the Euganean Hills. While not as famous as other centers of the Terme Euganee such as Abano Terme or Montegrotto Terme, this city also enjoys some warm springs and it is notable for being located on the navigable Canale Battaglia that leads to Padua. Catajo Castle Catajo Castle (Castello del Catajo) is a large palace located just outside of Battaglia Terme, along the sides of a nearby hill. Originally a simple villa, then a rural palace, it was finally turned into a true castle starting in 1570 by Italian nobleman Pio Enea I degli Obizzi. The castle was adorned with gorgeous frescoes and surrounded by large gardens. In the 19th century&#8230;<\/p>","protected":false},"author":1,"featured_media":0,"parent":932,"menu_order":0,"comment_status":"closed","ping_status":"closed","template":"","meta":{"_editorskit_title_hidden":false,"_editorskit_reading_time":0,"_editorskit_is_block_options_detached":false,"_editorskit_block_options_position":"{}","om_disable_all_campaigns":false,"_uag_custom_page_level_css":"","advgb_blocks_editor_width":"","advgb_blocks_columns_visual_guide":"","_monsterinsights_skip_tracking":false,"_monsterinsights_sitenote_active":false,"_monsterinsights_sitenote_note":"","_monsterinsights_sitenote_category":0,"footnotes":""},"class_list":["post-8964","page","type-page","status-publish","hentry"],"aioseo_notices":[],"featured_image_src":null,"uagb_featured_image_src":{"full":false,"thumbnail":false,"medium":false,"medium_large":false,"large":false,"1536x1536":false,"2048x2048":false,"trp-custom-language-flag":false,"xs-thumb":false,"post-thumbnail":false,"minimalistblogger-grid":false,"minimalistblogger-slider":false,"minimalistblogger-small":false},"uagb_author_info":{"display_name":"Stefano Cammisa","author_link":"https:\/\/www.cosmundus.com\/it\/author\/stefano-cammisa\/"},"uagb_comment_info":0,"uagb_excerpt":"&lt;&lt;\u00a0Veneto Just south of Padua are the Euganean Hills, a group of volcanic hills featuring several landmarks and various popular spa resorts. The rest of the countryside south of Padua is known as Bassa Padovana, and it mostly includes small rural centers, but also some larger towns like Monselice, Este, and Montagnana. These three cities&hellip;","coauthors":[],"author_meta":{"author_link":"https:\/\/www.cosmundus.com\/it\/author\/stefano-cammisa\/","display_name":"Stefano Cammisa"},"relative_dates":{"created":"Pubblicato 2 anni fa","modified":"Aggiornato 2 anni fa"},"absolute_dates":{"created":"Pubblicato il 18 Febbraio 2024","modified":"Aggiornato il 19 Febbraio 2024"},"absolute_dates_time":{"created":"Pubblicato il 18 Febbraio 2024 2:33 pm","modified":"Aggiornato il 19 Febbraio 2024 9:41 am"},"featured_img_caption":"","featured_img":false,"series_order":"","_links":{"self":[{"href":"https:\/\/www.cosmundus.com\/it\/wp-json\/wp\/v2\/pages\/8964","targetHints":{"allow":["GET"]}}],"collection":[{"href":"https:\/\/www.cosmundus.com\/it\/wp-json\/wp\/v2\/pages"}],"about":[{"href":"https:\/\/www.cosmundus.com\/it\/wp-json\/wp\/v2\/types\/page"}],"author":[{"embeddable":true,"href":"https:\/\/www.cosmundus.com\/it\/wp-json\/wp\/v2\/users\/1"}],"replies":[{"embeddable":true,"href":"https:\/\/www.cosmundus.com\/it\/wp-json\/wp\/v2\/comments?post=8964"}],"version-history":[{"count":9,"href":"https:\/\/www.cosmundus.com\/it\/wp-json\/wp\/v2\/pages\/8964\/revisions"}],"predecessor-version":[{"id":9005,"href":"https:\/\/www.cosmundus.com\/it\/wp-json\/wp\/v2\/pages\/8964\/revisions\/9005"}],"up":[{"embeddable":true,"href":"https:\/\/www.cosmundus.com\/it\/wp-json\/wp\/v2\/pages\/932"}],"wp:attachment":[{"href":"https:\/\/www.cosmundus.com\/it\/wp-json\/wp\/v2\/media?parent=8964"}],"curies":[{"name":"wp","href":"https:\/\/api.w.org\/{rel}","templated":true}]}}