{"id":8896,"date":"2024-02-18T11:50:16","date_gmt":"2024-02-18T10:50:16","guid":{"rendered":"https:\/\/www.cosmundus.com\/?page_id=8896"},"modified":"2024-02-27T12:17:19","modified_gmt":"2024-02-27T11:17:19","slug":"rovigo-and-polesine","status":"publish","type":"page","link":"https:\/\/www.cosmundus.com\/it\/destinations\/rovigo-and-polesine\/","title":{"rendered":"Rovigo e Polesine"},"content":{"rendered":"<p class=\"has-text-align-right\">&lt;&lt; <a href=\"https:\/\/www.cosmundus.com\/it\/atlas\/europe\/southern-europe\/italy\/northeast-italy\/veneto\/\" class=\"ek-link\">Veneto<\/a><\/p>\n\n\n\n<p class=\"translation-block\">Il Polesine \u00e8 la regione tra il basso corso dei fiumi Adige e Po. La sua posizione tra le pi\u00f9 grandi citt\u00e0 del Veneto come <a href=\"https:\/\/www.cosmundus.com\/it\/destinations\/padua\/\" class=\"ek-link\" target=\"_self\">Padova<\/a> e <a href=\"https:\/\/www.cosmundus.com\/it\/destinations\/venice\/\" class=\"ek-link\" target=\"_self\">Venezia<\/a> a nord, e i centri <a href=\"https:\/\/www.cosmundus.com\/it\/atlas\/europe\/southern-europe\/italy\/northeast-italy\/emilia-romagna\/\" class=\"ek-link\" target=\"_self\">emiliani<\/a> <a href=\"https:\/\/www.cosmundus.com\/it\/destinations\/ferrara\/\" class=\"ek-link\" target=\"_self\">Ferrara<\/a> e <a href=\"https:\/\/www.cosmundus.com\/it\/destinations\/bologna\/\" class=\"ek-link\" target=\"_self\">Bologna<\/a> a sud, hanno reso questa zona storicamente contestata e strategica. Dopo secoli passati in gran parte sotto il dominio di Ferrara e poi di Venezia, il Polesine, come il resto del Veneto, fu sotto l'occupazione austriaca prima di entrare a far parte dell'Italia nel 1866. Il Polesine fu gravemente colpito da un'alluvione nel 1951, a seguito della quale molte persone abbandonarono la zona. Le attrazioni del Polesine si trovano soprattutto nelle due citt\u00e0 principali, Rovigo e Adria, mentre il Delta del Po offre alcune bellezze naturali.<\/p>\n\n\n\n<div class=\"wp-block-group\"><div class=\"wp-block-group__inner-container is-layout-constrained wp-block-group-is-layout-constrained\"><div style=\"border: 1px solid #8ed1fc; border-radius: 0%; background-color: inherit; \" class=\"ub-styled-box ub-bordered-box wp-block-ub-styled-box\" id=\"ub-styled-box-e3e58816-418f-4f54-b096-fccb5f278a68\">\n<p class=\"has-medium-font-size\" id=\"ub-styled-box-bordered-content-68f1a7ed-9630-4ed0-96bd-9c90b97d5468\">Posti da vedere a Rovigo e in Polesine<\/p>\n\n\n<div class=\"wp-block-aioseo-table-of-contents\"><ul><li><a class=\"aioseo-toc-item\" href=\"#rovigo\">Rovigo<\/a><ul><li><a class=\"aioseo-toc-item\" href=\"#la-rotonda\">\u272a La Rotonda<\/a><\/li><li><a class=\"aioseo-toc-item\" href=\"#palazzo-roverella\">Palazzo Roverella<\/a><\/li><li><a class=\"aioseo-toc-item\" href=\"#two-towers-of-rovigo\">Due Torri di Rovigo<\/a><\/li><li><a class=\"aioseo-toc-item\" href=\"#piazza-vittorio-emanuele-ii\">Piazza Vittorio Emanuele II<\/a><\/li><li><a class=\"aioseo-toc-item\" href=\"#accademia-dei-concordi\">Accademia dei Concordi<\/a><\/li><li><a class=\"aioseo-toc-item\" href=\"#museo-dei-grandi-fiumi\">Museo dei Grandi Fiumi<\/a><\/li><li><a class=\"aioseo-toc-item\" href=\"#rovigo-cathedral\">Duomo di Rovigo<\/a><\/li><\/ul><\/li><li><a class=\"aioseo-toc-item\" href=\"#adria\">Adria<\/a><ul><li><a class=\"aioseo-toc-item\" href=\"#national-archaeological-museum-of-adria\">\u272a Museo Archeologico Nazionale di Adria<\/a><\/li><li><a class=\"aioseo-toc-item\" href=\"#adria-cathedral\">Duomo di Adria<\/a><\/li><li><a class=\"aioseo-toc-item\" href=\"#basilica-of-santa-maria-assunta\">Basilica di Santa Maria Assunta<\/a><\/li><\/ul><\/li><li><a class=\"aioseo-toc-item\" href=\"#po-delta\">Delta del Po<\/a><ul><li><a class=\"aioseo-toc-item\" href=\"#coastal-botanical-garden-of-porto-caleri\">Giardino Botanico Litoraneo di Porto Caleri<\/a><\/li><li><a class=\"aioseo-toc-item\" href=\"#museo-regionale-veneto-della-bonifica\">Museo Regionale Veneto della Bonifica<\/a><\/li><li><a class=\"aioseo-toc-item\" href=\"#sacca-di-scardovari\">Sacca di Scardovari<\/a><\/li><\/ul><\/li><li><a class=\"aioseo-toc-item\" href=\"#fratta-polesine\">Fratta Polesine<\/a><ul><li><a class=\"aioseo-toc-item\" href=\"#villa-badoer\">Villa Badoer<\/a><\/li><li><a class=\"aioseo-toc-item\" href=\"#casa-museo-giacomo-matteotti\">Casa-Museo Giacomo Matteotti<\/a><\/li><\/ul><\/li><li><a class=\"aioseo-toc-item\" href=\"#lendinara\">Lendinara<\/a><ul><li><a class=\"aioseo-toc-item\" href=\"#sanctuary-of-the-madonna-del-pilastrello\">Santuario della Madonna del Pilastrello<\/a><\/li><li><a class=\"aioseo-toc-item\" href=\"#church-of-santa-sofia\">Duomo di Santa Sofia<\/a><\/li><li><a class=\"aioseo-toc-item\" href=\"#piazza-risorgimento\">Piazza Risorgimento<\/a><\/li><\/ul><\/li><li><a class=\"aioseo-toc-item\" href=\"#badia-polesine\">Badia Polesine<\/a><ul><li><a class=\"aioseo-toc-item\" href=\"#abbey-of-vangadizza\">Abbazia della Vangadizza<\/a><\/li><\/ul><\/li><li><a class=\"aioseo-toc-item\" href=\"#bergantino\">Bergantino<\/a><ul><li><a class=\"aioseo-toc-item\" href=\"#museo-della-giostra-e-dello-spettacolo-popolare\">Museo della Giostra e dello Spettacolo Popolare<\/a><\/li><\/ul><\/li><\/ul><\/div>\n\n<\/div><\/div><\/div>\n\n\n\n<h2 class=\"wp-block-heading\" id=\"rovigo\"><strong>Rovigo<\/strong><\/h2>\n\n\n\n<p>Rovigo \u00e8 una tranquilla citt\u00e0 posizionata al centro del Polesine. Ha le sue origini nell'Alto Medioevo e si \u00e8 sviluppata come centro agricolo, ma la sua crescita fu rallentata quando l'intera provincia fu colpita da una devastante alluvione nel 1951. Nonostante sia ancora oggi prevalentemente dedita all'agricoltura, Rovigo presenta diverse attrazioni culturali ed edifici storici con evidenti influenze sia della cultura veneta che emiliana.<\/p>\n\n\n<div class=\"wp-block-ub-divider ub_divider ub-divider-orientation-horizontal\" id=\"ub_divider_b44192a8-b4aa-450c-82e5-72a71826bcb0\"><div class=\"ub_divider_wrapper\" style=\"position: relative; margin-bottom: 2px; width: 100%; height: 2px; \" data-divider-alignment=\"center\"><div class=\"ub_divider_line\" style=\"border-top: 2px solid #ccc; margin-top: 2px; \"><\/div><\/div><\/div>\n\n\n<h4 class=\"wp-block-heading\" id=\"la-rotonda\">\u272a <strong>La Rotonda<\/strong><\/h4>\n\n\n\n<p class=\"has-text-align-left translation-block\">Anche nota come: Tempio della Beata Vergine del Soccorso<\/p>\n\n\n\n<p>La Chiesa della Beata Vergine del Soccorso, pi\u00f9 comunemente nota come La Rotonda, si distingue per la sua peculiare forma ottagonale, che \u00e8 rara tra i siti cattolici. Fu costruita tra il 1594 e il 1606 per ospitare un'immagine miracolosa della Madonna. L'interno della chiesa \u00e8 riccamente decorato con dipinti barocchi, affreschi, statue e intagli che coprono tutte le pareti e il soffitto. L'edificio principale \u00e8 circondato da un portico e affiancato da un raffinato campanile.<\/p>\n\n\n\n<div class=\"wp-block-columns is-layout-flex wp-container-core-columns-is-layout-9d6595d7 wp-block-columns-is-layout-flex\">\n<div class=\"wp-block-column is-layout-flow wp-block-column-is-layout-flow\" style=\"flex-basis:66.66%\">\n<p>Indirizzo: Piazza XX Settembre, 37, 45100 Rovigo RO<br>Coordinate: 45.0726, 11.7939<\/p>\n<\/div>\n\n\n\n<div class=\"wp-block-column is-layout-flow wp-block-column-is-layout-flow\" style=\"flex-basis:33.33%\">\n<p class=\"has-text-align-right\"><a href=\"https:\/\/goo.gl\/maps\/GFM1jjPeHK9Ahi6h7\" target=\"_blank\" aria-label=\" (opens in a new tab)\" rel=\"noreferrer noopener\" class=\"ek-link\">Google Maps<\/a><\/p>\n<\/div>\n<\/div>\n\n\n<div class=\"wp-block-ub-divider ub_divider ub-divider-orientation-horizontal\" id=\"ub_divider_e5e86c1c-b27e-458e-adfd-e1086791446b\"><div class=\"ub_divider_wrapper\" style=\"position: relative; margin-bottom: 2px; width: 100%; height: 2px; \" data-divider-alignment=\"center\"><div class=\"ub_divider_line\" style=\"border-top: 2px solid #ccc; margin-top: 2px; \"><\/div><\/div><\/div>\n\n\n<h4 class=\"wp-block-heading\" id=\"palazzo-roverella\"><strong>Palazzo Roverella<\/strong><\/h4>\n\n\n\n<p>Palazzo Roverella \u00e8 il principale centro culturale a Rovigo. \u00c8 il miglior esempio di architettura rinascimentale nella citt\u00e0, e ora ospita una collezione archeologica e la galleria d'arte originariamente parte dell'Accademia dei Concordi, che comprende numerose opere d'arte di pittori veneti. Qui sono anche organizzate periodicamente varie interessanti esposizioni temporanee.<\/p>\n\n\n\n<div class=\"wp-block-columns is-layout-flex wp-container-core-columns-is-layout-9d6595d7 wp-block-columns-is-layout-flex\">\n<div class=\"wp-block-column is-layout-flow wp-block-column-is-layout-flow\" style=\"flex-basis:66.66%\">\n<p>Indirizzo: Via Giuseppe Laurenti, 8\/10, 45100 Rovigo RO<br>Coordinate: 45.0705, 11.7897<\/p>\n<\/div>\n\n\n\n<div class=\"wp-block-column is-layout-flow wp-block-column-is-layout-flow\" style=\"flex-basis:33.33%\">\n<p class=\"has-text-align-right\"><a href=\"https:\/\/goo.gl\/maps\/4TrQbFa9jkf9APjs6\" target=\"_blank\" aria-label=\" (opens in a new tab)\" rel=\"noreferrer noopener\" class=\"ek-link\">Google Maps<\/a><\/p>\n<\/div>\n<\/div>\n\n\n<div class=\"wp-block-ub-divider ub_divider ub-divider-orientation-horizontal\" id=\"ub_divider_a9e7e844-2c7b-4f3c-b081-e5b4cf526a0b\"><div class=\"ub_divider_wrapper\" style=\"position: relative; margin-bottom: 2px; width: 100%; height: 2px; \" data-divider-alignment=\"center\"><div class=\"ub_divider_line\" style=\"border-top: 2px solid #ccc; margin-top: 2px; \"><\/div><\/div><\/div>\n\n\n<h4 class=\"wp-block-heading\" id=\"two-towers-of-rovigo\"><strong>Due Torri di Rovigo<\/strong><\/h4>\n\n\n\n<p class=\"translation-block\">Il castello medievale di Rovigo fu costruito in origine lungo il fiume Adigetto che attraversava la citt\u00e0 e fu poi deviato. Dopo aver perso la sua importanza strategica, la maggior parte del castello fu demolita, cos\u00ec come le fortificazioni della citt\u00e0. Ci\u00f2 che rimane oggi sono le due torri pendenti e alcune sezioni delle antiche mura. La <strong>Torre Don\u00e0<\/strong> \u00e8 la pi\u00f9 alta delle due torri, mentre la <strong>Torre Grimani<\/strong> ha perso la sua met\u00e0 superiore. L'area dell'antico castello \u00e8 stata ora trasformata in un parco e una piazza, che ospita anche il <strong>Monumento a Giacomo Matteotti<\/strong>, un politico locale che fu ucciso nel 1924 per essersi opposto al fascismo.<\/p>\n\n\n\n<div class=\"wp-block-columns is-layout-flex wp-container-core-columns-is-layout-9d6595d7 wp-block-columns-is-layout-flex\">\n<div class=\"wp-block-column is-layout-flow wp-block-column-is-layout-flow\" style=\"flex-basis:66.66%\">\n<p>Indirizzo: Piazza Giacomo Matteotti, 45100 Rovigo RO<br>Coordinate: 45.0704, 11.7873<\/p>\n<\/div>\n\n\n\n<div class=\"wp-block-column is-layout-flow wp-block-column-is-layout-flow\" style=\"flex-basis:33.33%\">\n<p class=\"has-text-align-right\"><a href=\"https:\/\/goo.gl\/maps\/hb5a4hbsJzYC1sXa9\" target=\"_blank\" aria-label=\" (opens in a new tab)\" rel=\"noreferrer noopener\" class=\"ek-link\">Google Maps<\/a><\/p>\n<\/div>\n<\/div>\n\n\n<div class=\"wp-block-ub-divider ub_divider ub-divider-orientation-horizontal\" id=\"ub_divider_a08a7ccf-89dc-482e-8296-cf4c48c761c0\"><div class=\"ub_divider_wrapper\" style=\"position: relative; margin-bottom: 2px; width: 100%; height: 2px; \" data-divider-alignment=\"center\"><div class=\"ub_divider_line\" style=\"border-top: 2px solid #ccc; margin-top: 2px; \"><\/div><\/div><\/div>\n\n\n<h4 class=\"wp-block-heading\" id=\"piazza-vittorio-emanuele-ii\"><strong>Piazza Vittorio Emanuele II<\/strong><\/h4>\n\n\n\n<p class=\"translation-block\">La piazza principale di Rovigo, circondata da portici ed edifici storici come Palazzo Roverella, <strong>Palazzo Roncale<\/strong>, e la biblioteca dell'Accademia dei Concordi. Su un lato della piazza, si distingue la <strong>Torre Civica<\/strong> a fianco della <strong>Loggia dei Nodari<\/strong>, un palazzo del tredicesimo secolo che ora ospita la sede del comune. Il lato opposto di Piazza Vittorio Emanuele II \u00e8 occupato dal <strong>Palazzo del Corpo di Guardia<\/strong>, che fu costruito nel diciannovesimo secolo per ospitare una guarnigione dell'esercito austriaco ed \u00e8 ora usato per esposizioni. Un monumento dedicato al Re d'Italia Vittorio Emanuele II e una colonna sormontata da un leone veneziano di San Marco decorano l'area centrale della piazza.<\/p>\n\n\n\n<div class=\"wp-block-columns is-layout-flex wp-container-core-columns-is-layout-9d6595d7 wp-block-columns-is-layout-flex\">\n<div class=\"wp-block-column is-layout-flow wp-block-column-is-layout-flow\" style=\"flex-basis:66.66%\">\n<p>Indirizzo: Piazza Vittorio Emanuele, 45100 Rovigo RO<br>Coordinate: 45.0707, 11.7903<\/p>\n<\/div>\n\n\n\n<div class=\"wp-block-column is-layout-flow wp-block-column-is-layout-flow\" style=\"flex-basis:33.33%\">\n<p class=\"has-text-align-right\"><a href=\"https:\/\/goo.gl\/maps\/tvHGrCsL44xPkJRU7\" target=\"_blank\" aria-label=\" (opens in a new tab)\" rel=\"noreferrer noopener\" class=\"ek-link\">Google Maps<\/a><\/p>\n<\/div>\n<\/div>\n\n\n<div class=\"wp-block-ub-divider ub_divider ub-divider-orientation-horizontal\" id=\"ub_divider_28c4af5e-f85e-42f1-852f-b35b0c0c80dc\"><div class=\"ub_divider_wrapper\" style=\"position: relative; margin-bottom: 2px; width: 100%; height: 2px; \" data-divider-alignment=\"center\"><div class=\"ub_divider_line\" style=\"border-top: 2px solid #ccc; margin-top: 2px; \"><\/div><\/div><\/div>\n\n\n<h4 class=\"wp-block-heading\" id=\"accademia-dei-concordi\" style=\"font-style:normal;font-weight:700\"><strong>Accademia dei Concordi<\/strong><\/h4>\n\n\n\n<p class=\"translation-block\">Un'istituzione culturale fondata nel 1580 come accademia di scienze, arte, letteratura e musica. Oggi la sua biblioteca, situata su Piazza Vittorio Emanuele II, ospita oltra 250.000 libri. Tra i molti volumi storici si trova parte della <em>Bibbia Istoriata Padovana<\/em>, un manoscritto miniato del quattordicesimo secolo e uno dei migliori esempi di questo genere di opera sopravvissuto fino ai giorni nostri.<\/p>\n\n\n\n<div class=\"wp-block-columns is-layout-flex wp-container-core-columns-is-layout-9d6595d7 wp-block-columns-is-layout-flex\">\n<div class=\"wp-block-column is-layout-flow wp-block-column-is-layout-flow\" style=\"flex-basis:66.66%\">\n<p>Indirizzo: Piazza Vittorio Emanuele, 14, 45100 Rovigo RO<br>Coordinate: 45.0709, 11.7903<\/p>\n<\/div>\n\n\n\n<div class=\"wp-block-column is-layout-flow wp-block-column-is-layout-flow\" style=\"flex-basis:33.33%\">\n<p class=\"has-text-align-right\"><a href=\"https:\/\/goo.gl\/maps\/g8Zvbxovg5H5Rd8n7\" target=\"_blank\" rel=\"noreferrer noopener\" class=\"ek-link\">Google Maps<\/a><\/p>\n<\/div>\n<\/div>\n\n\n<div class=\"wp-block-ub-divider ub_divider ub-divider-orientation-horizontal\" id=\"ub_divider_29974293-20ec-41ef-b77a-fb7ffd90eede\"><div class=\"ub_divider_wrapper\" style=\"position: relative; margin-bottom: 2px; width: 100%; height: 2px; \" data-divider-alignment=\"center\"><div class=\"ub_divider_line\" style=\"border-top: 2px solid #ccc; margin-top: 2px; \"><\/div><\/div><\/div>\n\n\n<h4 class=\"wp-block-heading\" id=\"museo-dei-grandi-fiumi\"><strong>Museo dei Grandi Fiumi<\/strong><\/h4>\n\n\n\n<p class=\"translation-block\">Un museo di storia locale con una particolare attenzione al peculiare ambiente del Polesine, situato tra i fiumi Po e Adige (i due Grandi Fiumi) che hanno plasmato lo sviluppo di quest'area sin dai tempi antichi. Ospita una collezione di reperti archeologici e opere d'arte con oggetti e artifatti da un periodo che va dall'Et\u00e0 del bronzo al Rinascimento. Il museo si trova all'interno dell'ex <strong>Monastero degli Olivetani<\/strong>, adiacente alla <strong>Chiesa di San Bartolomeo<\/strong>.<\/p>\n\n\n\n<div class=\"wp-block-columns is-layout-flex wp-container-core-columns-is-layout-9d6595d7 wp-block-columns-is-layout-flex\">\n<div class=\"wp-block-column is-layout-flow wp-block-column-is-layout-flow\" style=\"flex-basis:66.66%\">\n<p>Indirizzo: Piazza S. Bartolomeo, 18, 45100 Rovigo RO<br>Coordinate: 45.0646, 11.7967<\/p>\n<\/div>\n\n\n\n<div class=\"wp-block-column is-layout-flow wp-block-column-is-layout-flow\" style=\"flex-basis:33.33%\">\n<p class=\"has-text-align-right\"><a href=\"https:\/\/goo.gl\/maps\/5F9iSWkeUoJekxZp9\" target=\"_blank\" aria-label=\" (opens in a new tab)\" rel=\"noreferrer noopener\" class=\"ek-link\">Google Maps<\/a><\/p>\n<\/div>\n<\/div>\n\n\n<div class=\"wp-block-ub-divider ub_divider ub-divider-orientation-horizontal\" id=\"ub_divider_ace3e274-652c-4109-835e-4d8034e898a1\"><div class=\"ub_divider_wrapper\" style=\"position: relative; margin-bottom: 2px; width: 100%; height: 2px; \" data-divider-alignment=\"center\"><div class=\"ub_divider_line\" style=\"border-top: 2px solid #ccc; margin-top: 2px; \"><\/div><\/div><\/div>\n\n\n<h4 class=\"wp-block-heading\" id=\"rovigo-cathedral\"><strong>Duomo di Rovigo<\/strong><\/h4>\n\n\n\n<p class=\"translation-block\">Il Duomo \u00e8 il principale sito religioso a Rovigo. Fu costruito a partire dal diciassettesimo secolo per sostituire una chiesa precedente, e fu completato durante i decenni successivi. Tuttavia, la facciata \u00e8 ancora incompiuta, dato che non \u00e8 mai stato raggiunto un accordo sul suo aspetto. La chiesa ospita alcune interessanti opere d'arte, come un dipinto di Palma il Giovane.<\/p>\n\n\n\n<div class=\"wp-block-columns is-layout-flex wp-container-core-columns-is-layout-9d6595d7 wp-block-columns-is-layout-flex\">\n<div class=\"wp-block-column is-layout-flow wp-block-column-is-layout-flow\" style=\"flex-basis:66.66%\">\n<p>Indirizzo: Piazza Duomo, 45100 Rovigo RO<br>Coordinate: 45.0696, 11.7889<\/p>\n<\/div>\n\n\n\n<div class=\"wp-block-column is-layout-flow wp-block-column-is-layout-flow\" style=\"flex-basis:33.33%\">\n<p class=\"has-text-align-right\"><a href=\"https:\/\/goo.gl\/maps\/5NLyHDEeYtrzsDRe6\" target=\"_blank\" aria-label=\" (opens in a new tab)\" rel=\"noreferrer noopener\" class=\"ek-link\">Google Maps<\/a><\/p>\n<\/div>\n<\/div>\n\n\n<div style=\"margin-top: var(--wp--preset--spacing--40); margin-bottom: var(--wp--preset--spacing--40); \" class=\"wp-block-ub-divider ub_divider ub-divider-orientation-horizontal\" id=\"ub_divider_90900c8c-ffd7-41c7-920f-75edcff5e199\"><div class=\"ub_divider_wrapper\" style=\"position: relative; margin-bottom: 10px; width: 100%; height: 10px; \" data-divider-alignment=\"center\"><div class=\"ub_divider_line\" style=\"border-top: 2px solid #000000; margin-top: 10px; \"><\/div><\/div><\/div>\n\n\n<h2 class=\"wp-block-heading\" id=\"adria\"><strong>Adria<\/strong><\/h2>\n\n\n\n<p class=\"translation-block\">Ora una piccola citt\u00e0 tra i fiumi Adige e Po, Adria ha una lunga storia che risale a un villaggio degli antichi Veneti fondato intorno al decimo secolo a.C.. A quel tempo, quest'area era vicina al mare, prima della formazione del Delta del Po. Per secoli fu uno dei centri principali della costa dell'Adriatico settentrionale, al punto che il mare prende il nome proprio da questa citt\u00e0. Adria fior\u00ec sotto gli Etruschi e i Greci, diventando poi una citt\u00e0 romana, ma i cambiamenti nell'idrografia locale la resero pi\u00f9 lontana dal mare, cos\u00ec perse la sua importanza. Pi\u00f9 tardi Adria fu parte dei domini di Venezia e fu fortemente influenzata dalla sua cultura.<\/p>\n\n\n<div class=\"wp-block-ub-divider ub_divider ub-divider-orientation-horizontal\" id=\"ub_divider_4844e98d-94ae-490e-836e-b22628458364\"><div class=\"ub_divider_wrapper\" style=\"position: relative; margin-bottom: 2px; width: 100%; height: 2px; \" data-divider-alignment=\"center\"><div class=\"ub_divider_line\" style=\"border-top: 2px solid #ccc; margin-top: 2px; \"><\/div><\/div><\/div>\n\n\n<h4 class=\"wp-block-heading\" id=\"national-archaeological-museum-of-adria\"><strong>\u272a Museo Archeologico Nazionale di Adria<\/strong><\/h4>\n\n\n\n<p class=\"translation-block\">Il Museo Archeologico Nazionale di Adria \u00e8 dedicato alla lunga storia della citt\u00e0. Include una collezione di artifatti preistorici e antichi, perlopi\u00f9 del periodo etrusco e romano, trovati in quest'area. L'opera pi\u00f9 notevole della collezione \u00e8 la grande tomba di un guerriero, nota come <em>Tomba della Biga<\/em>, che comprende una carrozza e dei cavalli, e risale circa al terzo secolo a.C..<\/p>\n\n\n\n<div class=\"wp-block-columns is-layout-flex wp-container-core-columns-is-layout-9d6595d7 wp-block-columns-is-layout-flex\">\n<div class=\"wp-block-column is-layout-flow wp-block-column-is-layout-flow\" style=\"flex-basis:66.66%\">\n<p>Indirizzo: Via G. Badini, 59, 45011 Adria RO<br>Coordinate: 45.0491, 12.0552<\/p>\n<\/div>\n\n\n\n<div class=\"wp-block-column is-layout-flow wp-block-column-is-layout-flow\" style=\"flex-basis:33.33%\">\n<p class=\"has-text-align-right\"><a href=\"https:\/\/goo.gl\/maps\/4m4EPpQWA76gnAr58\" target=\"_blank\" aria-label=\"Google Maps (opens in a new tab)\" rel=\"noreferrer noopener\" class=\"ek-link\">Google Maps<\/a><\/p>\n<\/div>\n<\/div>\n\n\n<div class=\"wp-block-ub-divider ub_divider ub-divider-orientation-horizontal\" id=\"ub_divider_96afea56-0589-4141-8f84-09ead251d035\"><div class=\"ub_divider_wrapper\" style=\"position: relative; margin-bottom: 2px; width: 100%; height: 2px; \" data-divider-alignment=\"center\"><div class=\"ub_divider_line\" style=\"border-top: 2px solid #ccc; margin-top: 2px; \"><\/div><\/div><\/div>\n\n\n<h4 class=\"wp-block-heading\" id=\"adria-cathedral\"><strong><strong>Duomo di Adria<\/strong><\/strong><\/h4>\n\n\n\n<p class=\"has-text-align-left translation-block\">Anche nota come: Cattedrale Nuova, Cattedrale dei Santi Pietro e Paolo<\/p>\n\n\n\n<p class=\"translation-block\">La Cattedrale Nuova \u00e8 stata costruita nel diciannovesimo secolo per sostituire una precedente chiesa medievale, la sede storica della Diocesi di Adria. Un'antica cripta con affreschi carolingi si trova ora sotto l'attuale edificio, che ospita anche un piccolo museo.<\/p>\n\n\n\n<div class=\"wp-block-columns is-layout-flex wp-container-core-columns-is-layout-9d6595d7 wp-block-columns-is-layout-flex\">\n<div class=\"wp-block-column is-layout-flow wp-block-column-is-layout-flow\" style=\"flex-basis:66.66%\">\n<p>Indirizzo: Via Alberto Mario, 1, 45011 Adria RO<br>Coordinate: 45.0568, 12.0558<\/p>\n<\/div>\n\n\n\n<div class=\"wp-block-column is-layout-flow wp-block-column-is-layout-flow\" style=\"flex-basis:33.33%\">\n<p class=\"has-text-align-right\"><a href=\"https:\/\/goo.gl\/maps\/7sr13GfdZytum6yw8\" target=\"_blank\" aria-label=\"Google Maps (opens in a new tab)\" rel=\"noreferrer noopener\" class=\"ek-link\">Google Maps<\/a><\/p>\n<\/div>\n<\/div>\n\n\n<div class=\"wp-block-ub-divider ub_divider ub-divider-orientation-horizontal\" id=\"ub_divider_17ee749d-b051-4364-a6c7-bd20ff90f01d\"><div class=\"ub_divider_wrapper\" style=\"position: relative; margin-bottom: 2px; width: 100%; height: 2px; \" data-divider-alignment=\"center\"><div class=\"ub_divider_line\" style=\"border-top: 2px solid #ccc; margin-top: 2px; \"><\/div><\/div><\/div>\n\n\n<h4 class=\"wp-block-heading\" id=\"basilica-of-santa-maria-assunta\"><strong><strong>Basilica di Santa Maria Assunta<\/strong><\/strong><\/h4>\n\n\n\n<p class=\"has-text-align-left translation-block\">Anche nota come: Basilica della Tomba<\/p>\n\n\n\n<p>Le origini di questa chiesa si possono far risalire all'era paleocristiana, ma l'edificio \u00e8 stato demolito e ricostruito molte volte. La chiesa attuale \u00e8 stata edificata nel 1718 e ora ospita varie opere d'arte e una fonte battesimale del settimo o ottavo secolo. Il suo nome viene da una tomba romana che in tempi antichi si trovava vicino alla chiesa.<\/p>\n\n\n\n<div class=\"wp-block-columns is-layout-flex wp-container-core-columns-is-layout-9d6595d7 wp-block-columns-is-layout-flex\">\n<div class=\"wp-block-column is-layout-flow wp-block-column-is-layout-flow\" style=\"flex-basis:66.66%\">\n<p>Indirizzo: Via Francesco Bocchi, 45011 Adria RO<br>Coordinate: 45.0510, 12.0592<\/p>\n<\/div>\n\n\n\n<div class=\"wp-block-column is-layout-flow wp-block-column-is-layout-flow\" style=\"flex-basis:33.33%\">\n<p class=\"has-text-align-right\"><a href=\"https:\/\/goo.gl\/maps\/PmwFsFiqN54PkzHc9\" target=\"_blank\" aria-label=\"Google Maps (opens in a new tab)\" rel=\"noreferrer noopener\" class=\"ek-link\">Google Maps<\/a><\/p>\n<\/div>\n<\/div>\n\n\n<div style=\"margin-top: var(--wp--preset--spacing--40); margin-bottom: var(--wp--preset--spacing--40); \" class=\"wp-block-ub-divider ub_divider ub-divider-orientation-horizontal\" id=\"ub_divider_18f9e51e-cee3-46e0-9159-32c7d710c86c\"><div class=\"ub_divider_wrapper\" style=\"position: relative; margin-bottom: 10px; width: 100%; height: 10px; \" data-divider-alignment=\"center\"><div class=\"ub_divider_line\" style=\"border-top: 2px solid #000000; margin-top: 10px; \"><\/div><\/div><\/div>\n\n\n<h2 class=\"wp-block-heading\" id=\"po-delta\"><strong>Delta del Po<\/strong><\/h2>\n\n\n\n<p class=\"translation-block\">Il Po \u00e8 il fiume pi\u00f9 lungo d'Italia, e finisce in un ampio delta che copre un'area che va da <a href=\"https:\/\/www.cosmundus.com\/it\/destinations\/venetian-lagoon\/#chioggia\" class=\"ek-link\" target=\"_self\">Chioggia<\/a> a <a href=\"https:\/\/www.cosmundus.com\/it\/destinations\/plain-and-coast-of-ferrara\/#comacchio\" class=\"ek-link\" target=\"_self\">Comacchio<\/a>. Dopo aver cambiato corso molte volte durante i secoli, ora la quasi totalit\u00e0 del delta oggi attivo si trova nella Provincia di Rovigo, dove forma il Parco regionale del Delta del Po, una riserva naturale con una ricca flora e fauna, e la pi\u00f9 grande area umida in Italia.<\/p>\n\n\n<div class=\"wp-block-ub-divider ub_divider ub-divider-orientation-horizontal\" id=\"ub_divider_60163559-4d82-4f41-b0d6-e7ad0e619815\"><div class=\"ub_divider_wrapper\" style=\"position: relative; margin-bottom: 2px; width: 100%; height: 2px; \" data-divider-alignment=\"center\"><div class=\"ub_divider_line\" style=\"border-top: 2px solid #ccc; margin-top: 2px; \"><\/div><\/div><\/div>\n\n\n<h4 class=\"wp-block-heading\" id=\"coastal-botanical-garden-of-porto-caleri\"><strong>Giardino Botanico Litoraneo di Porto Caleri<\/strong><\/h4>\n\n\n\n<p class=\"has-text-align-left translation-block\">Anche noto come: Giardino Botanico Litoraneo del Veneto<\/p>\n\n\n\n<p class=\"translation-block\">Situato all'estremit\u00e0 settentrionale del Delta del Po, tra la citt\u00e0 di <strong>Rosolina Mare<\/strong> e l'isola turistica privata di <strong>Albarella<\/strong>, il Giardino Botanico Litoraneo di Porto Caleri contiene un'ampia selezione di alberi e pianti che mostrano la biodiversit\u00e0 locale. Una stretta striscia di dune sabbiose separa il giardino dal dalla laguna che lo circonda e dal mare.<\/p>\n\n\n\n<div class=\"wp-block-columns is-layout-flex wp-container-core-columns-is-layout-9d6595d7 wp-block-columns-is-layout-flex\">\n<div class=\"wp-block-column is-layout-flow wp-block-column-is-layout-flow\" style=\"flex-basis:66.66%\">\n<p>Indirizzo: Via della Boccavecchia, 45010 Rosolina RO<br>Coordinate: 45.0965, 12.3312<\/p>\n<\/div>\n\n\n\n<div class=\"wp-block-column is-layout-flow wp-block-column-is-layout-flow\" style=\"flex-basis:33.33%\">\n<p class=\"has-text-align-right\"><a href=\"https:\/\/goo.gl\/maps\/AoAgdrf4pnL1Gdcx7\" target=\"_blank\" aria-label=\"Google Maps (opens in a new tab)\" rel=\"noreferrer noopener\" class=\"ek-link\">Google Maps<\/a><\/p>\n<\/div>\n<\/div>\n\n\n<div class=\"wp-block-ub-divider ub_divider ub-divider-orientation-horizontal\" id=\"ub_divider_68f4baae-b6a3-441a-bea8-90c04b6a5790\"><div class=\"ub_divider_wrapper\" style=\"position: relative; margin-bottom: 2px; width: 100%; height: 2px; \" data-divider-alignment=\"center\"><div class=\"ub_divider_line\" style=\"border-top: 2px solid #ccc; margin-top: 2px; \"><\/div><\/div><\/div>\n\n\n<h4 class=\"wp-block-heading\" id=\"museo-regionale-veneto-della-bonifica\"><strong><strong>Museo Regionale Veneto della Bonifica<\/strong><\/strong><\/h4>\n\n\n\n<p>Un ex complesso industriale e una pompa idraulica che risale all'inizio del ventesimo secolo, che ora costituisce uno degli ingressi al Parco regionale del Delta del Po, situato quasi alla sua estremit\u00e0 meridionale, vicino alla cittadina di Ca' Tiepolo. Ospita un museo e un centro informazioni dedicato all'ambiente locale e alla bonifica della terra nel delta.<\/p>\n\n\n\n<div class=\"wp-block-columns is-layout-flex wp-container-core-columns-is-layout-9d6595d7 wp-block-columns-is-layout-flex\">\n<div class=\"wp-block-column is-layout-flow wp-block-column-is-layout-flow\" style=\"flex-basis:66.66%\">\n<p>Indirizzo: Via Veneto, 38, 45019 Taglio di Po RO<br>Coordinate: 44.9446, 12.2812<\/p>\n<\/div>\n\n\n\n<div class=\"wp-block-column is-layout-flow wp-block-column-is-layout-flow\" style=\"flex-basis:33.33%\">\n<p class=\"has-text-align-right\"><a href=\"https:\/\/goo.gl\/maps\/HPQDh8LfvuNVCGCz8\" target=\"_blank\" aria-label=\"Google Maps (opens in a new tab)\" rel=\"noreferrer noopener\" class=\"ek-link\">Google Maps<\/a><\/p>\n<\/div>\n<\/div>\n\n\n<div class=\"wp-block-ub-divider ub_divider ub-divider-orientation-horizontal\" id=\"ub_divider_ac91f80d-77db-42d0-ab6a-e656eb66e97d\"><div class=\"ub_divider_wrapper\" style=\"position: relative; margin-bottom: 2px; width: 100%; height: 2px; \" data-divider-alignment=\"center\"><div class=\"ub_divider_line\" style=\"border-top: 2px solid #ccc; margin-top: 2px; \"><\/div><\/div><\/div>\n\n\n<h4 class=\"wp-block-heading\" id=\"sacca-di-scardovari\"><strong><strong>Sacca di Scardovari<\/strong><\/strong><\/h4>\n\n\n\n<p class=\"translation-block\">Una delle aree pi\u00f9 emblematiche del Delta del Po, questa laguna costiera si trova nella parte sud-orientale di questa regione, e si svuota nel Mare Adriatico. \u00c8 famosa per la produzione di cozze e vongole, insieme a un ambiente affascinante ed \u00e8 anche un centro importante per l'osservazione degli uccelli. La spiaggia di <strong>Barricata<\/strong>, una delle pi\u00f9 visitate nel Delta del Po, si trova nell'area costiera che chiude la Sacca di Scardovari.<\/p>\n\n\n\n<div class=\"wp-block-columns is-layout-flex wp-container-core-columns-is-layout-9d6595d7 wp-block-columns-is-layout-flex\">\n<div class=\"wp-block-column is-layout-flow wp-block-column-is-layout-flow\" style=\"flex-basis:85%\">\n<p>Indirizzo: Strada Provinciale 38 (Isola della Donzella), 45018, Porto Tolle RO<br>Coordinate: 44.8911, 12.4007<\/p>\n<\/div>\n\n\n\n<div class=\"wp-block-column is-layout-flow wp-block-column-is-layout-flow\" style=\"flex-basis:15%\">\n<p class=\"has-text-align-right\"><a href=\"https:\/\/goo.gl\/maps\/DBq6gE16xm5nJpv8A\" target=\"_blank\" aria-label=\" (opens in a new tab)\" rel=\"noreferrer noopener\" class=\"ek-link\">Google Maps<\/a><\/p>\n<\/div>\n<\/div>\n\n\n<div style=\"margin-top: var(--wp--preset--spacing--40); margin-bottom: var(--wp--preset--spacing--40); \" class=\"wp-block-ub-divider ub_divider ub-divider-orientation-horizontal\" id=\"ub_divider_d7750433-0b3e-4592-970f-3f807ed934c7\"><div class=\"ub_divider_wrapper\" style=\"position: relative; margin-bottom: 10px; width: 100%; height: 10px; \" data-divider-alignment=\"center\"><div class=\"ub_divider_line\" style=\"border-top: 2px solid #000000; margin-top: 10px; \"><\/div><\/div><\/div>\n\n\n<h2 class=\"wp-block-heading\" id=\"fratta-polesine\"><strong>Fratta Polesine<\/strong><\/h2>\n\n\n\n<p class=\"translation-block\">Fratta Polesine \u00e8 un paese di campagna vicino a Rovigo, ed \u00e8 nota per varie diverse ragioni. Nell'Et\u00e0 del bronzo, era il sito di un importante villaggio noto come Frattesina, mentre in tempi pi\u00f9 recenti, era famoso per la sua villa palladiana. All'inizio del diciannovesimo secolo era sede di una societ\u00e0 segreta rivoluzionaria legata alla Carboneria, il cui obiettivo era unificare l'Italia, mentre pi\u00f9 tardi divenne famosa per essere il paese natale del politico Giacomo Matteotti, uno dei primi avversari del fascismo.<\/p>\n\n\n<div class=\"wp-block-ub-divider ub_divider ub-divider-orientation-horizontal\" id=\"ub_divider_a20595d2-97a3-4f33-8459-7ab51579e576\"><div class=\"ub_divider_wrapper\" style=\"position: relative; margin-bottom: 2px; width: 100%; height: 2px; \" data-divider-alignment=\"center\"><div class=\"ub_divider_line\" style=\"border-top: 2px solid #ccc; margin-top: 2px; \"><\/div><\/div><\/div>\n\n\n<h4 class=\"wp-block-heading\" id=\"villa-badoer\"><strong>Villa Badoer<\/strong><\/h4>\n\n\n\n<p>Una tipica villa veneziana progettata dall'architetto Andrea Palladio e costruita tra il 1557 e il 1563. Unica opera di Palladio in Polesine, \u00e8 stata anche la sua prima villa con una facciata simile a un tempio con un frontone. Le sale interne sono decorate in modo raffinato e l'edificio \u00e8 circondato da un piccolo giardino. Il museo archeologico locale si trova in una delle sale della villa. Ora \u00e8 un patrimonio dell'umanit\u00e0 UNESCO, insieme alle altre ville palladiane del Veneto.<\/p>\n\n\n\n<div class=\"wp-block-columns is-layout-flex wp-container-core-columns-is-layout-9d6595d7 wp-block-columns-is-layout-flex\">\n<div class=\"wp-block-column is-layout-flow wp-block-column-is-layout-flow\" style=\"flex-basis:66.66%\">\n<p>Indirizzo: Via Giovanni Tasso, 3, 45025 Fratta Polesine RO<br>Coordinate: 45.0304, 11.6401<\/p>\n<\/div>\n\n\n\n<div class=\"wp-block-column is-layout-flow wp-block-column-is-layout-flow\" style=\"flex-basis:33.33%\">\n<p class=\"has-text-align-right\"><a href=\"https:\/\/goo.gl\/maps\/2nToWq9fmTjdpEXc6\" target=\"_blank\" aria-label=\"Google Maps (opens in a new tab)\" rel=\"noreferrer noopener\" class=\"ek-link\">Google Maps<\/a><\/p>\n<\/div>\n<\/div>\n\n\n<div class=\"wp-block-ub-divider ub_divider ub-divider-orientation-horizontal\" id=\"ub_divider_893f3ccf-09bc-44b9-b557-9f9d729dcbb0\"><div class=\"ub_divider_wrapper\" style=\"position: relative; margin-bottom: 2px; width: 100%; height: 2px; \" data-divider-alignment=\"center\"><div class=\"ub_divider_line\" style=\"border-top: 2px solid #ccc; margin-top: 2px; \"><\/div><\/div><\/div>\n\n\n<h4 class=\"wp-block-heading\" id=\"casa-museo-giacomo-matteotti\"><strong><strong>Casa-Museo Giacomo Matteotti<\/strong><\/strong><\/h4>\n\n\n\n<p>Casa del politico socialista Giacomo Matteotti, membro della Camera dei deputati del Parlamento italiano dal 1919 al 1924. Denunci\u00f2 i brogli e la violenza che portarono alla vittoria del Partito Fascista nelle elezioni del 1924, e fu ucciso da una milizia fascista alcuni giorni dopo. Il museo qui ospitato include un'esposizione sulla vita e le battaglie di Matteotti.<\/p>\n\n\n\n<div class=\"wp-block-columns is-layout-flex wp-container-core-columns-is-layout-9d6595d7 wp-block-columns-is-layout-flex\">\n<div class=\"wp-block-column is-layout-flow wp-block-column-is-layout-flow\" style=\"flex-basis:66.66%\">\n<p>Indirizzo: Via Ruga, 3, 45025 Fratta Polesine RO<br>Coordinate: 45.0327, 11.6415<\/p>\n<\/div>\n\n\n\n<div class=\"wp-block-column is-layout-flow wp-block-column-is-layout-flow\" style=\"flex-basis:33.33%\">\n<p class=\"has-text-align-right\"><a href=\"https:\/\/goo.gl\/maps\/rZYZNAE3u8E8CYpU7\" target=\"_blank\" aria-label=\"Google Maps (opens in a new tab)\" rel=\"noreferrer noopener\" class=\"ek-link\">Google Maps<\/a><\/p>\n<\/div>\n<\/div>\n\n\n<div style=\"margin-top: var(--wp--preset--spacing--40); margin-bottom: var(--wp--preset--spacing--40); \" class=\"wp-block-ub-divider ub_divider ub-divider-orientation-horizontal\" id=\"ub_divider_05d0ee7e-1538-413e-8f1b-4783dcdeed4b\"><div class=\"ub_divider_wrapper\" style=\"position: relative; margin-bottom: 10px; width: 100%; height: 10px; \" data-divider-alignment=\"center\"><div class=\"ub_divider_line\" style=\"border-top: 2px solid #000000; margin-top: 10px; \"><\/div><\/div><\/div>\n\n\n<h2 class=\"wp-block-heading\" id=\"lendinara\"><strong>Lendinara<\/strong><\/h2>\n\n\n\n<p>Lendinara \u00e8 un paese nell'Alto Polesine che fu un rilevante centro regionale durante il Basso Medioevo e ora ospita alcuni edifici storici, una bella piazza centrale e due importanti siti religiosi.<\/p>\n\n\n<div class=\"wp-block-ub-divider ub_divider ub-divider-orientation-horizontal\" id=\"ub_divider_39a55e5a-41a0-4143-9e27-076855c8eede\"><div class=\"ub_divider_wrapper\" style=\"position: relative; margin-bottom: 2px; width: 100%; height: 2px; \" data-divider-alignment=\"center\"><div class=\"ub_divider_line\" style=\"border-top: 2px solid #ccc; margin-top: 2px; \"><\/div><\/div><\/div>\n\n\n<h4 class=\"wp-block-heading\" id=\"sanctuary-of-the-madonna-del-pilastrello\"><strong>Santuario della Madonna del Pilastrello<\/strong><\/h4>\n\n\n\n<p>Anche noto come: Santuario della Beata Vergine del Pilastrello<\/p>\n\n\n\n<p>Questa chiesa fu costruita nel sedicesimo secolo dopo una serie di eventi riguardanti una statua della Madonna a cui i locali erano devoti. L'interno \u00e8 decorato con varie opere d'arte che mettono in risalto la storia della statua e i suoi miracoli, e comprende un dipinto di Tintoretto.<\/p>\n\n\n\n<div class=\"wp-block-columns is-layout-flex wp-container-core-columns-is-layout-9d6595d7 wp-block-columns-is-layout-flex\">\n<div class=\"wp-block-column is-layout-flow wp-block-column-is-layout-flow\" style=\"flex-basis:66.66%\">\n<p>Indirizzo: Via del Santuario, 35, 45026 Lendinara RO<br>Coordinate: 45.0845, 11.6064<\/p>\n<\/div>\n\n\n\n<div class=\"wp-block-column is-layout-flow wp-block-column-is-layout-flow\" style=\"flex-basis:33.33%\">\n<p class=\"has-text-align-right\"><a href=\"https:\/\/goo.gl\/maps\/UVdjx59N8k5ucKCbA\" target=\"_blank\" aria-label=\"Google Maps (opens in a new tab)\" rel=\"noreferrer noopener\" class=\"ek-link\">Google Maps<\/a><\/p>\n<\/div>\n<\/div>\n\n\n<div class=\"wp-block-ub-divider ub_divider ub-divider-orientation-horizontal\" id=\"ub_divider_4058fea5-8cb0-4618-82d0-c966fe3bf5d7\"><div class=\"ub_divider_wrapper\" style=\"position: relative; margin-bottom: 2px; width: 100%; height: 2px; \" data-divider-alignment=\"center\"><div class=\"ub_divider_line\" style=\"border-top: 2px solid #ccc; margin-top: 2px; \"><\/div><\/div><\/div>\n\n\n<h4 class=\"wp-block-heading\" id=\"church-of-santa-sofia\"><strong><strong>Duomo di Santa Sofia<\/strong><\/strong><\/h4>\n\n\n\n<p>Anche noto come: Duomo di Lendinara<\/p>\n\n\n\n<p>Costruita alla fine del dicassettesimo secolo al posto di un precedente edificio pi\u00f9 antico, questa chiesa ospita alcune opere d'arte interessanti, ma \u00e8 nota principalmente per il suo campanile. Con un'altezza di 92,5 metri, il campanile del Duomo di Santa Sofia \u00e8 tra i pi\u00f9 alti d'Italia.<\/p>\n\n\n\n<div class=\"wp-block-columns is-layout-flex wp-container-core-columns-is-layout-9d6595d7 wp-block-columns-is-layout-flex\">\n<div class=\"wp-block-column is-layout-flow wp-block-column-is-layout-flow\" style=\"flex-basis:66.66%\">\n<p>Address: Piazza del Duomo, 4, 45026 Lendinara RO<br>Coordinates: 45.0846, 11.6032<\/p>\n<\/div>\n\n\n\n<div class=\"wp-block-column is-layout-flow wp-block-column-is-layout-flow\" style=\"flex-basis:33.33%\">\n<p class=\"has-text-align-right\"><a href=\"https:\/\/goo.gl\/maps\/jaV8nm1ZHUBH1Yy57\" target=\"_blank\" aria-label=\"Google Maps (opens in a new tab)\" rel=\"noreferrer noopener\" class=\"ek-link\">Google Maps<\/a><\/p>\n<\/div>\n<\/div>\n\n\n<div class=\"wp-block-ub-divider ub_divider ub-divider-orientation-horizontal\" id=\"ub_divider_91c50450-da8c-4cb3-b6b7-a66c44230a35\"><div class=\"ub_divider_wrapper\" style=\"position: relative; margin-bottom: 2px; width: 100%; height: 2px; \" data-divider-alignment=\"center\"><div class=\"ub_divider_line\" style=\"border-top: 2px solid #ccc; margin-top: 2px; \"><\/div><\/div><\/div>\n\n\n<h4 class=\"wp-block-heading\" id=\"piazza-risorgimento\"><strong><strong>Piazza Risorgimento<\/strong><\/strong><\/h4>\n\n\n\n<p class=\"translation-block\">La piazza principale di Lendinara \u00e8 il centro della vita locale, \u00e8 circondata da edifici porticati e si trova vicino al fiume Adigetto che attraversa la citt\u00e0. Sulla piazza si trova lo storico <strong>Palazzo Pretorio<\/strong>, un palazzo medievale fortificato con una torre che fu poi usato come prigione. Il lato orientale della piazza \u00e8 chiuso dalla <strong>Torre dell'Orologio<\/strong>, un tempo l'ingresso di un antico castello.<\/p>\n\n\n\n<div class=\"wp-block-columns is-layout-flex wp-container-core-columns-is-layout-9d6595d7 wp-block-columns-is-layout-flex\">\n<div class=\"wp-block-column is-layout-flow wp-block-column-is-layout-flow\" style=\"flex-basis:66.66%\">\n<p>Indirizzo: Piazza Risorgimento, 45026 Lendinara RO<br>Coordinate: 45.0835, 11.5993<\/p>\n<\/div>\n\n\n\n<div class=\"wp-block-column is-layout-flow wp-block-column-is-layout-flow\" style=\"flex-basis:33.33%\">\n<p class=\"has-text-align-right\"><a href=\"https:\/\/goo.gl\/maps\/dfN5JcNvWcfTbLaY9\" target=\"_blank\" aria-label=\" (opens in a new tab)\" rel=\"noreferrer noopener\" class=\"ek-link\">Google Maps<\/a><\/p>\n<\/div>\n<\/div>\n\n\n<div style=\"margin-top: var(--wp--preset--spacing--40); margin-bottom: var(--wp--preset--spacing--40); \" class=\"wp-block-ub-divider ub_divider ub-divider-orientation-horizontal\" id=\"ub_divider_2d1aab99-9ffd-4b50-9be9-94db460c474e\"><div class=\"ub_divider_wrapper\" style=\"position: relative; margin-bottom: 10px; width: 100%; height: 10px; \" data-divider-alignment=\"center\"><div class=\"ub_divider_line\" style=\"border-top: 2px solid #000000; margin-top: 10px; \"><\/div><\/div><\/div>\n\n\n<h2 class=\"wp-block-heading\" id=\"badia-polesine\"><strong>Badia Polesine<\/strong><\/h2>\n\n\n\n<p class=\"translation-block\">Badia Polesine \u00e8 una piccola citt\u00e0 nell'Alto Polesine, la parte occidentale della Provincia di Rovigo. Situata vicino al fiume Adige, prende il nome da un'abbazia (<em>badia<\/em>) che fu costruita qui durante il Medioevo e fu brevemente un importante e indipendente centro religioso, prima del suo declino.<\/p>\n\n\n<div class=\"wp-block-ub-divider ub_divider ub-divider-orientation-horizontal\" id=\"ub_divider_5501f535-227b-4606-9e8d-71c9f2843eb4\"><div class=\"ub_divider_wrapper\" style=\"position: relative; margin-bottom: 2px; width: 100%; height: 2px; \" data-divider-alignment=\"center\"><div class=\"ub_divider_line\" style=\"border-top: 2px solid #ccc; margin-top: 2px; \"><\/div><\/div><\/div>\n\n\n<h4 class=\"wp-block-heading\" id=\"abbey-of-vangadizza\"><strong><strong>Abbazia della Vangadizza<\/strong><\/strong><\/h4>\n\n\n\n<p class=\"translation-block\">L'Abbazia benedettina della Vangadizza fu fondata durante il decimo secolo e fu riconosciuta come feudo indipendente nel 996, uno status poi confermato sia dal papa che dall'imperatore del Sacro Romano Impero. Nel dodicesimo e tredicesimo secolo, divenne un importante centro culturale con una grande biblioteca e una scuola, specialmente dopo aver aderito all'ordine camaldolese nel 1213. L'abbazia perse i suoi diritti temporali nel quindicesimo secolo ed entr\u00f2 in un periodo di lento declino prima della sua soppressione nel 1789. Dopo la sua chiusura sub\u00ec una parziale demolizione, e ora sopravvivono solo alcune parti della chiesa originale, il campanile e il chiostro.<\/p>\n\n\n\n<div class=\"wp-block-columns is-layout-flex wp-container-core-columns-is-layout-9d6595d7 wp-block-columns-is-layout-flex\">\n<div class=\"wp-block-column is-layout-flow wp-block-column-is-layout-flow\" style=\"flex-basis:66.66%\">\n<p>Indirizzo: Via Cigno, 109, 45021 Badia Polesine RO<br>Coordinate: 45.0963, 11.4906<\/p>\n<\/div>\n\n\n\n<div class=\"wp-block-column is-layout-flow wp-block-column-is-layout-flow\" style=\"flex-basis:33.33%\">\n<p class=\"has-text-align-right\"><a href=\"https:\/\/goo.gl\/maps\/C4GK626sVHWRkyVv5\" target=\"_blank\" aria-label=\" (opens in a new tab)\" rel=\"noreferrer noopener\" class=\"ek-link\">Google Maps<\/a><\/p>\n<\/div>\n<\/div>\n\n\n<div style=\"margin-top: var(--wp--preset--spacing--40); margin-bottom: var(--wp--preset--spacing--40); \" class=\"wp-block-ub-divider ub_divider ub-divider-orientation-horizontal\" id=\"ub_divider_03ffefea-67a4-4af3-9ea7-b1a3b37d8ac6\"><div class=\"ub_divider_wrapper\" style=\"position: relative; margin-bottom: 10px; width: 100%; height: 10px; \" data-divider-alignment=\"center\"><div class=\"ub_divider_line\" style=\"border-top: 2px solid #000000; margin-top: 10px; \"><\/div><\/div><\/div>\n\n\n<h2 class=\"wp-block-heading\" id=\"bergantino\"><strong>Bergantino<\/strong><\/h2>\n\n\n\n<p class=\"translation-block\">Bergantino \u00e8 un paesino di campagna che si trova su un'ansa del fiume Po all'estremit\u00e0 occidentale della Provincia di Rovigo, lungo il confine con la <a href=\"https:\/\/www.cosmundus.com\/it\/atlas\/europe\/southern-europe\/italy\/northwest-italy\/lombardy\/\" class=\"ek-link\" target=\"_self\">Lombardia<\/a>. \u00c8 noto per la produzione di attrazioni fieristiche.<\/p>\n\n\n<div class=\"wp-block-ub-divider ub_divider ub-divider-orientation-horizontal\" id=\"ub_divider_8be6ea1b-8f89-4b24-8af5-e5227353eddf\"><div class=\"ub_divider_wrapper\" style=\"position: relative; margin-bottom: 2px; width: 100%; height: 2px; \" data-divider-alignment=\"center\"><div class=\"ub_divider_line\" style=\"border-top: 2px solid #ccc; margin-top: 2px; \"><\/div><\/div><\/div>\n\n\n<h4 class=\"wp-block-heading\" id=\"museo-della-giostra-e-dello-spettacolo-popolare\"><strong><strong>Museo della Giostra e dello Spettacolo Popolare<\/strong><\/strong><\/h4>\n\n\n\n<p>Un museo unico che si concentra sulla cultura e la tradizione delle fiere itineranti e le loro attrazioni. Include vari pezzi storici come giostre e strumenti musicali che mostrano il peculiare mondo dei luna park.<\/p>\n\n\n\n<div class=\"wp-block-columns is-layout-flex wp-container-core-columns-is-layout-9d6595d7 wp-block-columns-is-layout-flex\">\n<div class=\"wp-block-column is-layout-flow wp-block-column-is-layout-flow\" style=\"flex-basis:85%\">\n<p>Indirizzo: Piazza Giacomo Matteotti, 85, 45032 Bergantino RO<br>Coordinate: 45.0597, 11.2521<\/p>\n<\/div>\n\n\n\n<div class=\"wp-block-column is-layout-flow wp-block-column-is-layout-flow\" style=\"flex-basis:15%\">\n<p class=\"has-text-align-right\"><a href=\"https:\/\/goo.gl\/maps\/GScKnggcKiJqEUY8A\" target=\"_blank\" aria-label=\" (opens in a new tab)\" rel=\"noreferrer noopener\" class=\"ek-link\">Google Maps<\/a><\/p>\n<\/div>\n<\/div>","protected":false},"excerpt":{"rendered":"<p>&lt;&lt; Veneto Polesine is the region between the lower courses of the rivers Adige and Po, almost entirely located in the Province of Rovigo. Its location between the larger cities of Veneto such as Padua and Venice to the north, and the Emilian towns of Ferrara and Bologna to the south, made this a historically contested and strategic area. After centuries of being mostly under the rule of Ferrara and then Venice, Polesine, like the rest of Veneto, was under Austrian occupation before joining Italy in 1866. Polesine was severely hit by a flood in 1951, after which many people left the area. The attractions of Polesine are mostly located in the two main cities, Rovigo and Adria, while the Po Delta offers some natural beauties. Rovigo Rovigo is a quiet town located at the center of Polesine. It has its origins in the Early Middle Ages and developed as an agricultural center, but its growth was slowed down when the entire province was hit by a devastating flood in 1951. Despite being still to this day mostly devoted to agriculture, Rovigo features various cultural attractions and historic buildings with clear influences from both Venetian and Emilian culture. \u272a La Rotonda Also known as: Church of Beata Vergine del Soccorso (Tempio della Beata Vergine del Soccorso) The Church of Beata Vergine del Soccorso, more commonly known as La Rotonda, stands out for its peculiar octagonal shape, which is rare among Catholic sites. It was built between 1594 and 1606 to house a miraculous image of the Madonna. The interior of the church is richly adorned with baroque paintings, frescoes, statues, and carvings that cover all the walls and the ceiling. The main building is surrounded by a portico and flanked by a fine bell tower. Address: Piazza XX Settembre, 37, 45100 Rovigo ROCoordinates: 45.0726, 11.7939 Google Maps Palazzo Roverella Palazzo Roverella is the main center of culture in Rovigo. It is the finest example of Renaissance architecture in the city, and now hosts an an archaeological collection and the art gallery originally housed in the Accademia dei Concordi, featuring numerous artworks by painters from Veneto. Various interesting temporary exhibitions are also periodically hosted here. Address: Via Giuseppe Laurenti, 8\/10, 45100 Rovigo ROCoordinates: 45.0705, 11.7897 Google Maps Two Towers of Rovigo The medieval castle of Rovigo was originally built along the Adigetto river that flowed through the city and was later diverted. After losing its strategic importance, most of castle was demolished, along with the fortifications of the city. What remains today is the two leaning towers (Due Torri) and some sections of the ancient walls. Torre Don\u00e0 is the tallest of the two towers, while Torre Grimani lost its top half. The area of the former castle has now been turned into a park and a square, which also hosts the Monument to Giacomo Matteotti, a local politician that was killed in 1924 for opposing fascism. Address: Piazza Giacomo Matteotti, 45100 Rovigo ROCoordinates: 45.0704, 11.7873 Google Maps Piazza Vittorio Emanuele II The main square in Rovigo, it is surrounded by porticoes and historic buildings such as Palazzo Roverella, Palazzo Roncale, and the library of Accademia dei Concordi. On one side of the square, the Civic Tower stands out next to Loggia dei Nodari, a 13th-century palace now hosting the seat of the local municipality. The opposite side of Piazza Vittorio Emanuele II is occupied by the Palazzo del Corpo di Guardia, which was built in the 19th century to host a garrison of the Austrian army and it is now used for exhibitions. A monument dedicated to King of Italy Victor Emmanuel II and a column topped with a Venetian Lion of Saint Mark decorate the central area of the square. Address: Piazza Vittorio Emanuele, 45100 Rovigo ROCoordinates: 45.0707, 11.7903 Google Maps Accademia dei Concordi A cultural institute founded in 1580 as an academy of science, arts, literature, and music. Today its library, located in Piazza Vittorio Emanuele II, hosts over 250,000 books. Among the many historic volumes is part of the Bibbia Istoriata Padovana, a medieval illuminated manuscript from the 14th century and one of the best examples of such works that survived to this day. Address: Piazza Vittorio Emanuele, 14, 45100 Rovigo ROCoordinates: 45.0709, 11.7903 Google Maps Museo dei Grandi Fiumi Museum of local history with a focus on the peculiar local environment of Polesine, located between the rivers Po and Adige (the two Grandi Fiumi, or great rivers) that shaped the development of this area since ancient times. It houses an archaeological and art collection with findings and artifacts from a period that spans from the Bronze Age to the Renaissance. The museum is hosted in the former Monastery of the Olivetans, adjacent to the Church of San Bartolomeo. Address: Piazza S. Bartolomeo, 18, 45100 Rovigo ROCoordinates: 45.0646, 11.7967 Google Maps Rovigo Cathedral The Cathedral (Duomo) is the main religious site in Rovigo. It was built starting in the 17th century to replace a previous church, and it was completed over the course of the following decades. However, the facade is still unfinished, as an agreement on its appearance was never reached. Some interesting artworks are hosted inside the church, such as a painting by Palma il Giovane. Address: Piazza Duomo, 45100 Rovigo ROCoordinates: 45.0696, 11.7889 Google Maps Adria Now a small city between the Adige and Po rivers, Adria has a long history that dates back to a Venetic settlement founded around the 10th century BCE. At that time, this area was close to the sea, before the formation of the Po Delta. For centuries it was one of the main centers on the northern Adriatic coast, so much so that the name of the Adriatic Sea came from this town. Adria flourished under the Etruscans and the Greeks, later becoming a Roman city, but the changes in local hydrography made it further from the sea, and so it lost its importance. Adria was later part of the domains of Venice and was heavily influenced&#8230;<\/p>","protected":false},"author":1,"featured_media":0,"parent":932,"menu_order":0,"comment_status":"closed","ping_status":"closed","template":"","meta":{"_editorskit_title_hidden":false,"_editorskit_reading_time":0,"_editorskit_is_block_options_detached":false,"_editorskit_block_options_position":"{}","om_disable_all_campaigns":false,"_uag_custom_page_level_css":"","advgb_blocks_editor_width":"","advgb_blocks_columns_visual_guide":"","_monsterinsights_skip_tracking":false,"_monsterinsights_sitenote_active":false,"_monsterinsights_sitenote_note":"","_monsterinsights_sitenote_category":0,"footnotes":""},"class_list":["post-8896","page","type-page","status-publish","hentry"],"aioseo_notices":[],"featured_image_src":null,"uagb_featured_image_src":{"full":false,"thumbnail":false,"medium":false,"medium_large":false,"large":false,"1536x1536":false,"2048x2048":false,"trp-custom-language-flag":false,"xs-thumb":false,"post-thumbnail":false,"minimalistblogger-grid":false,"minimalistblogger-slider":false,"minimalistblogger-small":false},"uagb_author_info":{"display_name":"Stefano Cammisa","author_link":"https:\/\/www.cosmundus.com\/it\/author\/stefano-cammisa\/"},"uagb_comment_info":0,"uagb_excerpt":"&lt;&lt; Veneto Polesine is the region between the lower courses of the rivers Adige and Po, almost entirely located in the Province of Rovigo. Its location between the larger cities of Veneto such as Padua and Venice to the north, and the Emilian towns of Ferrara and Bologna to the south, made this a historically&hellip;","coauthors":[],"author_meta":{"author_link":"https:\/\/www.cosmundus.com\/it\/author\/stefano-cammisa\/","display_name":"Stefano Cammisa"},"relative_dates":{"created":"Pubblicato 2 anni fa","modified":"Aggiornato 2 anni fa"},"absolute_dates":{"created":"Pubblicato il 18 Febbraio 2024","modified":"Aggiornato il 27 Febbraio 2024"},"absolute_dates_time":{"created":"Pubblicato il 18 Febbraio 2024 11:50 am","modified":"Aggiornato il 27 Febbraio 2024 12:17 pm"},"featured_img_caption":"","featured_img":false,"series_order":"","_links":{"self":[{"href":"https:\/\/www.cosmundus.com\/it\/wp-json\/wp\/v2\/pages\/8896","targetHints":{"allow":["GET"]}}],"collection":[{"href":"https:\/\/www.cosmundus.com\/it\/wp-json\/wp\/v2\/pages"}],"about":[{"href":"https:\/\/www.cosmundus.com\/it\/wp-json\/wp\/v2\/types\/page"}],"author":[{"embeddable":true,"href":"https:\/\/www.cosmundus.com\/it\/wp-json\/wp\/v2\/users\/1"}],"replies":[{"embeddable":true,"href":"https:\/\/www.cosmundus.com\/it\/wp-json\/wp\/v2\/comments?post=8896"}],"version-history":[{"count":44,"href":"https:\/\/www.cosmundus.com\/it\/wp-json\/wp\/v2\/pages\/8896\/revisions"}],"predecessor-version":[{"id":9465,"href":"https:\/\/www.cosmundus.com\/it\/wp-json\/wp\/v2\/pages\/8896\/revisions\/9465"}],"up":[{"embeddable":true,"href":"https:\/\/www.cosmundus.com\/it\/wp-json\/wp\/v2\/pages\/932"}],"wp:attachment":[{"href":"https:\/\/www.cosmundus.com\/it\/wp-json\/wp\/v2\/media?parent=8896"}],"curies":[{"name":"wp","href":"https:\/\/api.w.org\/{rel}","templated":true}]}}