{"id":5015,"date":"2023-07-11T14:29:56","date_gmt":"2023-07-11T12:29:56","guid":{"rendered":"https:\/\/www.cosmundus.com\/?page_id=5015"},"modified":"2024-03-06T09:52:21","modified_gmt":"2024-03-06T08:52:21","slug":"north-milan","status":"publish","type":"page","link":"https:\/\/www.cosmundus.com\/it\/destinations\/milan\/north-milan\/","title":{"rendered":"Milano \u2013 Milano Nord"},"content":{"rendered":"<p class=\"has-text-align-right\">&lt;&lt; <a href=\"https:\/\/www.cosmundus.com\/it\/destinations\/milan\/\" class=\"ek-link\">Milano<\/a><\/p>\n\n\n\n<p>Milano Nord comprende i Municipi 2, 3, 7, 8 e 9 di Milano, situati a nord del centro cittadino al di fuori del perimetro delle ex mura spagnole. Questa zona \u00e8 principalmente residenziale e industriale, e si \u00e8 sviluppata principalmente durante il diciannovesimo e il ventesimo secolo. Qui si trovano la stazione centrale, i campus universitari e alcuni dei principali distretti finanziari della citt\u00e0.<\/p>\n\n\n<div style=\"border: 1px solid #8ed1fc; border-radius: 0%; background-color: inherit; \" class=\"ub-styled-box ub-bordered-box wp-block-ub-styled-box\" id=\"ub-styled-box-a1ae823f-7e32-44b9-a65b-6f25635c2ea1\">\n<p class=\"has-medium-font-size\" id=\"ub-styled-box-bordered-content-75655982-2942-4d21-8e68-0ac77b092974\">Posti da vedere a Milano \u2013 Milano Nord<\/p>\n\n\n<div class=\"wp-block-aioseo-table-of-contents\"><ul><li><a class=\"aioseo-toc-item\" href=\"#monumental-cemetery-of-milan\">\u272a Cimitero Monumentale di Milano<\/a><\/li><li><a class=\"aioseo-toc-item\" href=\"#giuseppe-meazza-stadium\">\u272a Stadio Giuseppe Meazza<\/a><\/li><li><a class=\"aioseo-toc-item\" href=\"#piazza-gae-aulenti\">Piazza Gae Aulenti<\/a><\/li><li><a class=\"aioseo-toc-item\" href=\"#bosco-verticale\">Bosco Verticale<\/a><\/li><li><a class=\"aioseo-toc-item\" href=\"#porta-garibaldi\">Porta Garibaldi<\/a><\/li><li><a class=\"aioseo-toc-item\" href=\"#citylife\">CityLife<\/a><\/li><li><a class=\"aioseo-toc-item\" href=\"#casa-museo-boschi-di-stefano\">Casa Museo Boschi Di Stefano<\/a><\/li><li><a class=\"aioseo-toc-item\" href=\"#garegnano-charterhouse\">Certosa di Garegnano<\/a><\/li><li><a class=\"aioseo-toc-item\" href=\"#hangarbicocca\">HangarBicocca<\/a><\/li><\/ul><\/div>\n\n<\/div>\n\n\n<h4 class=\"wp-block-heading\" id=\"monumental-cemetery-of-milan\"><strong><strong>\u272a Cimitero Monumentale di Milano<\/strong><\/strong><\/h4>\n\n\n\n<p class=\"translation-block\">Il Cimitero Monumentale di Milano \u00e8 un grande cimitero eretto durante il diciannovesimo secolo. Questo cimitero \u00e8 pieno di innumerevoli elaborate sculture, templi, mausolei, memoriali e decorazioni, che hanno trasformato l'area in un museo a cielo aperto. L'ingresso \u00e8 caratterizzato dal <strong>Famedio<\/strong>, un edificio in stile medievale che ospita alcune delle tombe pi\u00f9 importanti del cimitero, tra cui quella di Alessandro Manzoni. Qui si trovano le tombe di diversi personaggi illustri legati alla citt\u00e0 di Milano.<\/p>\n\n\n\n<div class=\"wp-block-columns is-layout-flex wp-container-core-columns-is-layout-9d6595d7 wp-block-columns-is-layout-flex\">\n<div class=\"wp-block-column is-layout-flow wp-block-column-is-layout-flow\" style=\"flex-basis:85%\">\n<p>Indirizzo: Piazzale Cimitero Monumentale, 20154 Milano MI<br>Coordinate: 45.4859, 9.1791<\/p>\n<\/div>\n\n\n\n<div class=\"wp-block-column is-layout-flow wp-block-column-is-layout-flow\" style=\"flex-basis:15%\">\n<p class=\"has-text-align-right\"><a href=\"https:\/\/goo.gl\/maps\/UAYZgKsmmR2uwihX8\" class=\"ek-link\">Google Maps<\/a><\/p>\n<\/div>\n<\/div>\n\n\n<div class=\"wp-block-ub-divider ub_divider ub-divider-orientation-horizontal\" id=\"ub_divider_d59b58b3-21e3-488a-b637-25699131c215\"><div class=\"ub_divider_wrapper\" style=\"position: relative; margin-bottom: 2px; width: 100%; height: 2px; \" data-divider-alignment=\"center\"><div class=\"ub_divider_line\" style=\"border-top: 2px solid #ccc; margin-top: 2px; \"><\/div><\/div><\/div>\n\n\n<h4 class=\"wp-block-heading\" id=\"giuseppe-meazza-stadium\"><strong><strong>\u272a Stadio Giuseppe Meazza<\/strong><\/strong><\/h4>\n\n\n\n<p class=\"translation-block\">Anche noto come: Stadio San Siro<\/p>\n\n\n\n<p class=\"translation-block\">Lo Stadio Giuseppe Meazza \u00e8 il pi\u00f9 grande stadio d'Italia e uno dei pi\u00f9 grandi d'Europa, con una capienza massima di oltre 80.000 posti. Inaugurato nel 1926, \u00e8 lo stadio di casa del Milan e  dell'Inter, due delle squadre di calcio pi\u00f9 blasonate d'Italia. Nel corso della sua lunga storia ha ospitato numerose competizioni calcistiche internazionali, ma anche concerti e altri eventi. Nel 2026 ospiter\u00e0 la cerimonia di apertura delle Olimpiadi invernali.<\/p>\n\n\n\n<div class=\"wp-block-columns is-layout-flex wp-container-core-columns-is-layout-9d6595d7 wp-block-columns-is-layout-flex\">\n<div class=\"wp-block-column is-layout-flow wp-block-column-is-layout-flow\" style=\"flex-basis:85%\">\n<p>Indirizzo: Piazzale Angelo Moratti, 20151 Milano MI<br>Coordinate: 45.4782, 9.1240<\/p>\n<\/div>\n\n\n\n<div class=\"wp-block-column is-layout-flow wp-block-column-is-layout-flow\" style=\"flex-basis:15%\">\n<p class=\"has-text-align-right\"><a href=\"https:\/\/goo.gl\/maps\/UxY1ZKt8CqDp9XuNA\" class=\"ek-link\">Google Maps<\/a><\/p>\n<\/div>\n<\/div>\n\n\n<div class=\"wp-block-ub-divider ub_divider ub-divider-orientation-horizontal\" id=\"ub_divider_c3d10058-7cb8-4996-99fa-f5c06dd0721a\"><div class=\"ub_divider_wrapper\" style=\"position: relative; margin-bottom: 2px; width: 100%; height: 2px; \" data-divider-alignment=\"center\"><div class=\"ub_divider_line\" style=\"border-top: 2px solid #ccc; margin-top: 2px; \"><\/div><\/div><\/div>\n\n\n<h4 class=\"wp-block-heading\" id=\"piazza-gae-aulenti\"><strong><strong><strong>Piazza Gae Aulenti<\/strong><\/strong><\/strong><\/h4>\n\n\n\n<p class=\"translation-block\">Piazza Gae Aulenti \u00e8 una piazza situata appena fuori dalla stazione ferroviaria di Milano Porta Garibaldi. La piazza \u00e8 famosa per la sua architettura unica e per essere circondata da vari grattacieli. Tra queste la pi\u00f9 notevole \u00e8 la <strong>Torre UniCredit<\/strong>, l'edificio pi\u00f9 alto d'Italia, con un'altezza di 231 metri. Appena fuori dalla piazza si trova il grande e moderno parco della <strong>Biblioteca degli Alberi<\/strong>.<\/p>\n\n\n\n<div class=\"wp-block-columns is-layout-flex wp-container-core-columns-is-layout-9d6595d7 wp-block-columns-is-layout-flex\">\n<div class=\"wp-block-column is-layout-flow wp-block-column-is-layout-flow\" style=\"flex-basis:85%\">\n<p>Indirizzo: Piazza Gae Aulenti, 20154 Milano MI<br>Coordinate: 45.4835, 9.1894<\/p>\n<\/div>\n\n\n\n<div class=\"wp-block-column is-layout-flow wp-block-column-is-layout-flow\" style=\"flex-basis:15%\">\n<p class=\"has-text-align-right\"><a href=\"https:\/\/goo.gl\/maps\/uaKwH1BgEhJZhKbv7\" target=\"_blank\" aria-label=\" (opens in a new tab)\" rel=\"noreferrer noopener\" class=\"ek-link\">Google Maps<\/a><\/p>\n<\/div>\n<\/div>\n\n\n<div class=\"wp-block-ub-divider ub_divider ub-divider-orientation-horizontal\" id=\"ub_divider_1ae41fcb-f14b-456c-a598-fa44831602d4\"><div class=\"ub_divider_wrapper\" style=\"position: relative; margin-bottom: 2px; width: 100%; height: 2px; \" data-divider-alignment=\"center\"><div class=\"ub_divider_line\" style=\"border-top: 2px solid #ccc; margin-top: 2px; \"><\/div><\/div><\/div>\n\n\n<h4 class=\"wp-block-heading\" id=\"bosco-verticale\"><strong><strong><strong>Bosco Verticale<\/strong><\/strong><\/strong><\/h4>\n\n\n\n<p>Il Bosco Verticale \u00e8 un complesso architettonico composto da due torri residenziali a Milano. Completati nel 2014, gli edifici sono ricchi di migliaia di alberi e piante. Grazie al suo concetto unico, il complesso \u00e8 stato elogiato come uno dei grattacieli pi\u00f9 belli e innovativi del mondo.<\/p>\n\n\n\n<div class=\"wp-block-columns is-layout-flex wp-container-core-columns-is-layout-9d6595d7 wp-block-columns-is-layout-flex\">\n<div class=\"wp-block-column is-layout-flow wp-block-column-is-layout-flow\" style=\"flex-basis:85%\">\n<p>Indirizzo: Via Gaetano de Castillia, 11, 20124 Milano MI<br>Coordinate: 45.4858, 9.1903<\/p>\n<\/div>\n\n\n\n<div class=\"wp-block-column is-layout-flow wp-block-column-is-layout-flow\" style=\"flex-basis:15%\">\n<p class=\"has-text-align-right\"><a href=\"https:\/\/goo.gl\/maps\/d1YRaSY6fUyujPrz6\" target=\"_blank\" aria-label=\" (opens in a new tab)\" rel=\"noreferrer noopener\" class=\"ek-link\">Google Maps<\/a><\/p>\n<\/div>\n<\/div>\n\n\n<div class=\"wp-block-ub-divider ub_divider ub-divider-orientation-horizontal\" id=\"ub_divider_1d046d01-de5f-4961-ac3d-51273f3e1dd2\"><div class=\"ub_divider_wrapper\" style=\"position: relative; margin-bottom: 2px; width: 100%; height: 2px; \" data-divider-alignment=\"center\"><div class=\"ub_divider_line\" style=\"border-top: 2px solid #ccc; margin-top: 2px; \"><\/div><\/div><\/div>\n\n\n<h4 class=\"wp-block-heading\" id=\"porta-garibaldi\"><strong><strong><strong>Porta Garibaldi<\/strong><\/strong><\/strong><\/h4>\n\n\n\n<p>Porta Garibaldi \u00e8 una delle antiche porte cittadine che facevano parte delle mura spagnole di Milano. Costruita nel sedicesimo secolo, la porta fu interamente rimaneggiata in stile neoclassico nell'Ottocento. La porta \u00e8 adornata con vari rilievi, statue, iscrizioni e decorazioni.<\/p>\n\n\n\n<div class=\"wp-block-columns is-layout-flex wp-container-core-columns-is-layout-9d6595d7 wp-block-columns-is-layout-flex\">\n<div class=\"wp-block-column is-layout-flow wp-block-column-is-layout-flow\" style=\"flex-basis:85%\">\n<p>Indirizzo: Piazza Venticinque Aprile, 20154 Milano MI<br>Coordinate: 45.4807, 9.1870<\/p>\n<\/div>\n\n\n\n<div class=\"wp-block-column is-layout-flow wp-block-column-is-layout-flow\" style=\"flex-basis:15%\">\n<p class=\"has-text-align-right\"><a href=\"https:\/\/goo.gl\/maps\/cg5fx6bHmmfLugrW6\" target=\"_blank\" aria-label=\" (opens in a new tab)\" rel=\"noreferrer noopener\" class=\"ek-link\">Google Maps<\/a><\/p>\n<\/div>\n<\/div>\n\n\n<div class=\"wp-block-ub-divider ub_divider ub-divider-orientation-horizontal\" id=\"ub_divider_03d02ed9-b35d-4780-b653-29348e732bad\"><div class=\"ub_divider_wrapper\" style=\"position: relative; margin-bottom: 2px; width: 100%; height: 2px; \" data-divider-alignment=\"center\"><div class=\"ub_divider_line\" style=\"border-top: 2px solid #ccc; margin-top: 2px; \"><\/div><\/div><\/div>\n\n\n<h4 class=\"wp-block-heading\" id=\"citylife\"><strong><strong><strong>CityLife<\/strong><\/strong><\/strong><\/h4>\n\n\n\n<p class=\"translation-block\">CityLife \u00e8 un moderno quartiere residenziale e commerciale situato a Milano, a nord-ovest di Parco Sempione. Il complesso comprende diversi edifici residenziali, un parco e le <strong>Tre Torri<\/strong>. Queste sono tre grattacieli chiamati <strong>Torre Allianz<\/strong>, <strong>Torre Generali<\/strong> e <strong>Torre Libeskind<\/strong>, ma conosciuti anche rispettivamente come <strong>Il Dritto<\/strong>, <strong>Lo Storto<\/strong> e <strong>Il Curvo<\/strong> a causa delle loro forme.<\/p>\n\n\n\n<div class=\"wp-block-columns is-layout-flex wp-container-core-columns-is-layout-9d6595d7 wp-block-columns-is-layout-flex\">\n<div class=\"wp-block-column is-layout-flow wp-block-column-is-layout-flow\" style=\"flex-basis:85%\">\n<p>Indirizzo: Piazza Tre Torri, 20145 Milano MI<br>Coordinate: 45.4779, 9.1565<\/p>\n<\/div>\n\n\n\n<div class=\"wp-block-column is-layout-flow wp-block-column-is-layout-flow\" style=\"flex-basis:15%\">\n<p class=\"has-text-align-right\"><a href=\"https:\/\/goo.gl\/maps\/5TTwditB68QXcagT7\" target=\"_blank\" aria-label=\" (opens in a new tab)\" rel=\"noreferrer noopener\" class=\"ek-link\">Google Maps<\/a><\/p>\n<\/div>\n<\/div>\n\n\n<div class=\"wp-block-ub-divider ub_divider ub-divider-orientation-horizontal\" id=\"ub_divider_723a1f09-0f32-44e1-9a60-521474b2b885\"><div class=\"ub_divider_wrapper\" style=\"position: relative; margin-bottom: 2px; width: 100%; height: 2px; \" data-divider-alignment=\"center\"><div class=\"ub_divider_line\" style=\"border-top: 2px solid #ccc; margin-top: 2px; \"><\/div><\/div><\/div>\n\n\n<h4 class=\"wp-block-heading\" id=\"casa-museo-boschi-di-stefano\"><strong><strong><strong>Casa Museo Boschi Di Stefano<\/strong><\/strong><\/strong><\/h4>\n\n\n\n<p>La Casa Museo Boschi Di Stefano \u00e8 una casa museo a Milano ospitata in un appartamento costruito tra il 1929 e il 1931. Il museo ospita una collezione di numerose opere d'arte di artisti del ventesimo secolo.<\/p>\n\n\n\n<div class=\"wp-block-columns is-layout-flex wp-container-core-columns-is-layout-9d6595d7 wp-block-columns-is-layout-flex\">\n<div class=\"wp-block-column is-layout-flow wp-block-column-is-layout-flow\" style=\"flex-basis:85%\">\n<p>Indirizzo: Via Giorgio Jan, 15, 20129 Milano MI<br>Coordinate: 45.4789, 9.2116<\/p>\n<\/div>\n\n\n\n<div class=\"wp-block-column is-layout-flow wp-block-column-is-layout-flow\" style=\"flex-basis:15%\">\n<p class=\"has-text-align-right\"><a href=\"https:\/\/goo.gl\/maps\/2KwYvRwWGaEppYyJ6\" target=\"_blank\" aria-label=\" (opens in a new tab)\" rel=\"noreferrer noopener\" class=\"ek-link\">Google Maps<\/a><\/p>\n<\/div>\n<\/div>\n\n\n<div class=\"wp-block-ub-divider ub_divider ub-divider-orientation-horizontal\" id=\"ub_divider_f7f3c991-7a90-474f-ad19-0d039c9c9a74\"><div class=\"ub_divider_wrapper\" style=\"position: relative; margin-bottom: 2px; width: 100%; height: 2px; \" data-divider-alignment=\"center\"><div class=\"ub_divider_line\" style=\"border-top: 2px solid #ccc; margin-top: 2px; \"><\/div><\/div><\/div>\n\n\n<h4 class=\"wp-block-heading\" id=\"garegnano-charterhouse\"><strong><strong><strong>Certosa di Garegnano<\/strong><\/strong><\/strong><\/h4>\n\n\n\n<p class=\"translation-block\">La Certosa di Garegnano \u00e8 un ex monastero certosino situato nel quartiere di Garegnano, alla periferia di Milano. Eretta nel quattordicesimo secolo, fu successivamente rimaneggiata con l'aggiunta di un'elaborata facciata manierista. La chiesa presenta una ricca serie di affreschi dipinti nel sedicesimo e diciassettesimo secolo, tra altre opere d'arte.<\/p>\n\n\n\n<div class=\"wp-block-columns is-layout-flex wp-container-core-columns-is-layout-9d6595d7 wp-block-columns-is-layout-flex\">\n<div class=\"wp-block-column is-layout-flow wp-block-column-is-layout-flow\" style=\"flex-basis:85%\">\n<p>Indirizzo: Via Garegnano, 28, 20156 Milano MI<br>Coordinate: 45.5024, 9.1295<\/p>\n<\/div>\n\n\n\n<div class=\"wp-block-column is-layout-flow wp-block-column-is-layout-flow\" style=\"flex-basis:15%\">\n<p class=\"has-text-align-right\"><a href=\"https:\/\/goo.gl\/maps\/z9myKcuCxsmMvMf98\" target=\"_blank\" aria-label=\" (opens in a new tab)\" rel=\"noreferrer noopener\" class=\"ek-link\">Google Maps<\/a><\/p>\n<\/div>\n<\/div>\n\n\n<div class=\"wp-block-ub-divider ub_divider ub-divider-orientation-horizontal\" id=\"ub_divider_fcbfb19d-2f29-4f7a-b29f-0b09eaabf80f\"><div class=\"ub_divider_wrapper\" style=\"position: relative; margin-bottom: 2px; width: 100%; height: 2px; \" data-divider-alignment=\"center\"><div class=\"ub_divider_line\" style=\"border-top: 2px solid #ccc; margin-top: 2px; \"><\/div><\/div><\/div>\n\n\n<h4 class=\"wp-block-heading\" id=\"hangarbicocca\"><strong><strong><strong>HangarBicocca<\/strong><\/strong><\/strong><\/h4>\n\n\n\n<p>HangarBicocca \u00e8 un polo espositivo nel quartiere Bicocca di Milano. Ospitato in un'ex fabbrica Pirelli riqualificata, il sito presenta diverse opere d'arte contemporanea e ospita periodicamente mostre temporanee.<\/p>\n\n\n\n<div class=\"wp-block-columns is-layout-flex wp-container-core-columns-is-layout-9d6595d7 wp-block-columns-is-layout-flex\">\n<div class=\"wp-block-column is-layout-flow wp-block-column-is-layout-flow\" style=\"flex-basis:85%\">\n<p>Indirizzo: Via Chiese, 2, 20126 Milano MI<br>Coordinate: 45.5204, 9.2186<\/p>\n<\/div>\n\n\n\n<div class=\"wp-block-column is-layout-flow wp-block-column-is-layout-flow\" style=\"flex-basis:15%\">\n<p class=\"has-text-align-right\"><a href=\"https:\/\/goo.gl\/maps\/99c4fen7V97XS6Az9\" target=\"_blank\" aria-label=\" (opens in a new tab)\" rel=\"noreferrer noopener\" class=\"ek-link\">Google Maps<\/a><\/p>\n<\/div>\n<\/div>","protected":false},"excerpt":{"rendered":"<p>&lt;&lt; Milan North Milan includes the Municipi 2, 3, 7, 8, and 9 of Milan, located north of the city center outside the perimeter of the former Spanish walls. This area is mainly residential and industrial, and it mostly developed during the 19th and 20th century. The main railway station, the university campuses, and some of the city&#8217;s main business districts are located here. \u272a Monumental Cemetery of Milan The Monumental Cemetery of Milan (Cimitero Monumentale di Milano) is a large cemetery erected during the 19th century. This cemetery is filled with countless elaborate sculptures, temples, mausoleums, memorials, and decorations, that transformed the area into an open-air museum. The entrance features the Famedio, a medieval-style building housing some of the most notable tombs of the cemetery, including that of Alessandro Manzoni. The graves of several famous people linked with the city of Milan are located here. Address: Piazzale Cimitero Monumentale, 20154 Milano MICoordinates: 45.4859, 9.1791 Google Maps \u272a Giuseppe Meazza Stadium Also known as: San Siro Stadium (Stadio San Siro) The Giuseppe Meazza Stadium (Stadio Giuseppe Meazza) is the largest stadium in Italy and one of the largest in Europe, with a maximum capacity of over 80,000 seats. Opened in 1926, it is the home ground of A.C. Milan and Inter Milan, two of the most decorated football teams in Italy. Over its long history, it has hosted numerous international football competitions, but also concerts and other events. In 2026 it will host the opening ceremony of the Winter Olympics. Address: Piazzale Angelo Moratti, 20151 Milano MICoordinates: 45.4782, 9.1240 Google Maps Piazza Gae Aulenti Piazza Gae Aulenti is a square located just outside the Milano Porta Garibaldi railway station. The plaza is famous for its unique architecture and for being surrounded by various skyscrapers. Among these the most notable is the UniCredit Tower (Torre UniCredit), the tallest building in Italy, with a height of 231 meters. Just outside the square is the large modern park Biblioteca degli Alberi. Address: Piazza Gae Aulenti, 20154 Milano MICoordinates: 45.4835, 9.1894 Google Maps Bosco Verticale Bosco Verticale (&#8220;Vertical Forest&#8221;) is a skyscraper complex made of two residential towers in Milan. Completed in 2014, the buildings are packed with thousands of trees and plants. Due to its unique concept, the complex has been praised as one of the most beautiful and innovative skyscrapers in the world. Address: Via Gaetano de Castillia, 11, 20124 Milano MICoordinates: 45.4858, 9.1903 Google Maps Porta Garibaldi Porta Garibaldi is one of the ancient city gates that formed part of the Spanish walls of Milan. Built in the 16th century, the gate was entirely reworked in Neoclassical style in the 19th century. The gate is adorned with various reliefs, statues, inscriptions, and decorations. Address: Piazza Venticinque Aprile, 20154 Milano MICoordinates: 45.4807, 9.1870 Google Maps CityLife CityLife is a modern residential and commercial district located in Milan, northwest of Parco Sempione. The complex includes various residential buildings, a park, and the Three Towers (Tre Torri). These are three skyscrapers called Allianz Tower (Torre Allianz), Generali Tower (Torre Generali), and Libeskind Tower (Torre Libeskind), but also known respectively as Il Dritto (&#8220;The Straight One&#8221;), Lo Storto (&#8220;The Twisted One&#8221;), and Il Curvo (&#8220;The Curved One&#8221;), due to their shapes. Address: Piazza Tre Torri, 20145 Milano MICoordinates: 45.4779, 9.1565 Google Maps Casa Museo Boschi Di Stefano Casa Museo Boschi Di Stefano is a house museum in Milan hosted in an apartment built between 1929 and 1931. The museum features a collection of numerous artworks by 20th-century artists. Address: Via Giorgio Jan, 15, 20129 Milano MICoordinates: 45.4789, 9.2116 Google Maps Garegnano Charterhouse The Garegnano Charterhouse (Certosa di Garegnano) is a former Carthusian monastery located in the Garegnano neighborhood at the outskirts of Milan. Erected in the 14th century, it was later reworked with the addition of an elaborate Mannerist facade. The church features a rich series of frescoes painted in the 16th and 17th century, among other artworks. Address: Via Garegnano, 28, 20156 Milano MICoordinates: 45.5024, 9.1295 Google Maps HangarBicocca HangarBicocca is an exhibition center in the Bicocca district of Milan. Housed in a redeveloped former Pirelli factory, the site features various works of contemporary art, and it periodically hosts temporary exhibitions. Address: Via Chiese, 2, 20126 Milano MICoordinates: 45.5204, 9.2186 Google Maps<\/p>","protected":false},"author":1,"featured_media":0,"parent":4998,"menu_order":0,"comment_status":"closed","ping_status":"closed","template":"","meta":{"_editorskit_title_hidden":false,"_editorskit_reading_time":0,"_editorskit_is_block_options_detached":false,"_editorskit_block_options_position":"{}","om_disable_all_campaigns":false,"_uag_custom_page_level_css":"","advgb_blocks_editor_width":"","advgb_blocks_columns_visual_guide":"","_monsterinsights_skip_tracking":false,"_monsterinsights_sitenote_active":false,"_monsterinsights_sitenote_note":"","_monsterinsights_sitenote_category":0,"footnotes":""},"class_list":["post-5015","page","type-page","status-publish","hentry"],"aioseo_notices":[],"featured_image_src":null,"uagb_featured_image_src":{"full":false,"thumbnail":false,"medium":false,"medium_large":false,"large":false,"1536x1536":false,"2048x2048":false,"trp-custom-language-flag":false,"xs-thumb":false,"post-thumbnail":false,"minimalistblogger-grid":false,"minimalistblogger-slider":false,"minimalistblogger-small":false},"uagb_author_info":{"display_name":"Stefano Cammisa","author_link":"https:\/\/www.cosmundus.com\/it\/author\/stefano-cammisa\/"},"uagb_comment_info":0,"uagb_excerpt":"&lt;&lt; Milan North Milan includes the Municipi 2, 3, 7, 8, and 9 of Milan, located north of the city center outside the perimeter of the former Spanish walls. This area is mainly residential and industrial, and it mostly developed during the 19th and 20th century. The main railway station, the university campuses, and some&hellip;","coauthors":[],"author_meta":{"author_link":"https:\/\/www.cosmundus.com\/it\/author\/stefano-cammisa\/","display_name":"Stefano Cammisa"},"relative_dates":{"created":"Pubblicato 3 anni fa","modified":"Aggiornato 2 anni fa"},"absolute_dates":{"created":"Pubblicato il 11 Luglio 2023","modified":"Aggiornato il 6 Marzo 2024"},"absolute_dates_time":{"created":"Pubblicato il 11 Luglio 2023 2:29 pm","modified":"Aggiornato il 6 Marzo 2024 9:52 am"},"featured_img_caption":"","featured_img":false,"series_order":"","_links":{"self":[{"href":"https:\/\/www.cosmundus.com\/it\/wp-json\/wp\/v2\/pages\/5015","targetHints":{"allow":["GET"]}}],"collection":[{"href":"https:\/\/www.cosmundus.com\/it\/wp-json\/wp\/v2\/pages"}],"about":[{"href":"https:\/\/www.cosmundus.com\/it\/wp-json\/wp\/v2\/types\/page"}],"author":[{"embeddable":true,"href":"https:\/\/www.cosmundus.com\/it\/wp-json\/wp\/v2\/users\/1"}],"replies":[{"embeddable":true,"href":"https:\/\/www.cosmundus.com\/it\/wp-json\/wp\/v2\/comments?post=5015"}],"version-history":[{"count":11,"href":"https:\/\/www.cosmundus.com\/it\/wp-json\/wp\/v2\/pages\/5015\/revisions"}],"predecessor-version":[{"id":9841,"href":"https:\/\/www.cosmundus.com\/it\/wp-json\/wp\/v2\/pages\/5015\/revisions\/9841"}],"up":[{"embeddable":true,"href":"https:\/\/www.cosmundus.com\/it\/wp-json\/wp\/v2\/pages\/4998"}],"wp:attachment":[{"href":"https:\/\/www.cosmundus.com\/it\/wp-json\/wp\/v2\/media?parent=5015"}],"curies":[{"name":"wp","href":"https:\/\/api.w.org\/{rel}","templated":true}]}}