{"id":3405,"date":"2023-03-09T10:59:35","date_gmt":"2023-03-09T09:59:35","guid":{"rendered":"https:\/\/www.cosmundus.com\/?page_id=3405"},"modified":"2024-02-28T12:38:24","modified_gmt":"2024-02-28T11:38:24","slug":"ravenna","status":"publish","type":"page","link":"https:\/\/www.cosmundus.com\/it\/destinations\/ravenna\/","title":{"rendered":"Ravenna"},"content":{"rendered":"<p class=\"has-text-align-right\">&lt;&lt; <a href=\"https:\/\/www.cosmundus.com\/it\/atlas\/europe\/southern-europe\/italy\/northeast-italy\/emilia-romagna\/\" class=\"ek-link\">Emilia-Romagna<\/a><\/p>\n\n\n\n<p>Ravenna \u00e8 una citt\u00e0 situata vicino alla costa adriatica in Emilia-Romagna, nota per il suo ricco patrimonio artistico e architettonico, che comprende alcuni dei massimi capolavori dello stile romano e bizantino. Originariamente un piccolo insediamento, la citt\u00e0 fior\u00ec sotto i Romani grazie al vicino porto di Classis. Ravenna fu la capitale dell'Impero Romano d'Occidente durante il quinto secolo, poi divenne capitale del regno degli Ostrogoti e successivamente sede del dominio bizantino in Italia. La citt\u00e0 rimase il centro del potente Esarcato di Ravenna fino alla sua caduta in mano ai Longobardi nel 751. Durante tutto questo tempo Ravenna visse il suo periodo d'oro come una delle citt\u00e0 pi\u00f9 importanti del mondo, ornata con molti edifici e opere d'arte imponenti . La citt\u00e0 perse gradualmente la sua importanza e fu governata principalmente dallo Stato Pontificio, con brevi occupazioni da parte di altre potenze come <a href=\"https:\/\/www.cosmundus.com\/it\/destinations\/venice\/\" class=\"ek-link\">Venezia<\/a> e la Francia, fino all'unit\u00e0 d'Italia. Ravenna \u00e8 oggi un centro industriale e una meta turistica, famosa per i suoi monumenti storici, molti dei quali sono Patrimonio dell'Umanit\u00e0 dell'UNESCO.<\/p>\n\n\n<div style=\"border: 1px solid #8ed1fc; border-radius: 0%; background-color: inherit; \" class=\"ub-styled-box ub-bordered-box wp-block-ub-styled-box\" id=\"ub-styled-box-0b6a76fa-41ee-4f2d-a21d-bec858b6a603\">\n<p class=\"has-medium-font-size\" id=\"ub-styled-box-bordered-content-4dff2a98-20dc-4fb8-8b6f-7e415453357a\">Posti da vedere a Ravenna<\/p>\n\n\n<div class=\"wp-block-aioseo-table-of-contents\"><ul><li><a class=\"aioseo-toc-item\" href=\"#basilica-of-san-vitale\">\u272a Basilica di San Vitale<\/a><\/li><li><a class=\"aioseo-toc-item\" href=\"#mausoleum-of-galla-placidia\">\u272a Mausoleo di Galla Placidia<\/a><\/li><li><a class=\"aioseo-toc-item\" href=\"#basilica-of-santapollinare-nuovo\">\u272a Basilica di Sant\u2019Apollinare Nuovo<\/a><\/li><li><a class=\"aioseo-toc-item\" href=\"#archiepiscopal-museum-of-ravenna\">\u272a Museo Arcivescovile di Ravenna<\/a><\/li><li><a class=\"aioseo-toc-item\" href=\"#basilica-of-santapollinare-in-classe\">\u272a Basilica di Sant\u2019Apollinare in Classe<\/a><\/li><li><a class=\"aioseo-toc-item\" href=\"#arian-baptistery\">Battistero degli Ariani<\/a><\/li><li><a class=\"aioseo-toc-item\" href=\"#mausoleum-of-theodoric\">Mausoleo di Teodorico<\/a><\/li><li><a class=\"aioseo-toc-item\" href=\"#baptistery-of-neon\">Battistero Neoniano<\/a><\/li><li><a class=\"aioseo-toc-item\" href=\"#ravenna-cathedral\">Duomo di Ravenna<\/a><\/li><li><a class=\"aioseo-toc-item\" href=\"#national-museum-of-ravenna\">Museo Nazionale di Ravenna<\/a><\/li><li><a class=\"aioseo-toc-item\" href=\"#tomb-of-dante\">Tomba di Dante<\/a><\/li><li><a class=\"aioseo-toc-item\" href=\"#basilica-of-san-francesco\">Basilica di San Francesco<\/a><\/li><li><a class=\"aioseo-toc-item\" href=\"#piazza-del-popolo\">Piazza del Popolo<\/a><\/li><li><a class=\"aioseo-toc-item\" href=\"#biblioteca-classense\">Biblioteca Classense<\/a><\/li><li><a class=\"aioseo-toc-item\" href=\"#museo-tamo-mosaico\">Museo Tamo Mosaico<\/a><\/li><li><a class=\"aioseo-toc-item\" href=\"#art-museum-of-the-city-of-ravenna\">Museo d\u2019Arte della Ctt\u00e0 di Ravenna<\/a><\/li><li><a class=\"aioseo-toc-item\" href=\"#basilica-of-santa-maria-in-porto\">Basilica di Santa Maria in Porto<\/a><\/li><li><a class=\"aioseo-toc-item\" href=\"#domus-dei-tappeti-di-pietra\">Domus dei Tappeti di Pietra<\/a><\/li><li><a class=\"aioseo-toc-item\" href=\"#church-of-san-giovanni-evangelista\">Chiesa di San Giovanni Evangelista<\/a><\/li><li><a class=\"aioseo-toc-item\" href=\"#archaeological-park-of-classe\">Parco Archeologico di Classe<\/a><\/li><li><a class=\"aioseo-toc-item\" href=\"#mirabilandia\">Mirabilandia<\/a><\/li><\/ul><\/div>\n\n<\/div>\n\n\n<h4 class=\"wp-block-heading\" id=\"basilica-of-san-vitale\"><strong>\u272a Basilica di San Vitale<\/strong><\/h4>\n\n\n\n<p>La Basilica di San Vitale \u00e8 una chiesa del sesto secolo e un capolavoro dell'arte paleocristiana e bizantina. Questa chiesa ottagonale ospita uno delle pi\u00f9 ricche collezioni di mosaici bizantini del mondo, che adornano la maggior parte delle sue pareti interne. Tra tutte queste decorazioni mozzafiato, i mosaici pi\u00f9 famosi sono quelli raffiguranti l'imperatore romano d'Oriente Giustiniano e sua moglie Teodora.<\/p>\n\n\n\n<div class=\"wp-block-columns is-layout-flex wp-container-core-columns-is-layout-9d6595d7 wp-block-columns-is-layout-flex\">\n<div class=\"wp-block-column is-layout-flow wp-block-column-is-layout-flow\" style=\"flex-basis:85%\">\n<p>Indirizzo: Via San Vitale, 17, 48121 Ravenna RA<br>Coordinate: 44.4206, 12.1964<\/p>\n<\/div>\n\n\n\n<div class=\"wp-block-column is-layout-flow wp-block-column-is-layout-flow\" style=\"flex-basis:15%\">\n<p class=\"has-text-align-right\"><a href=\"https:\/\/goo.gl\/maps\/e5ic21UU44x4d6Ey8\" target=\"_blank\" aria-label=\" (opens in a new tab)\" rel=\"noreferrer noopener\" class=\"ek-link\">Google Maps<\/a><\/p>\n<\/div>\n<\/div>\n\n\n<div class=\"wp-block-ub-divider ub_divider ub-divider-orientation-horizontal\" id=\"ub_divider_9782f92b-d06e-40ee-8e0b-c4982b6b2930\"><div class=\"ub_divider_wrapper\" style=\"position: relative; margin-bottom: 2px; width: 100%; height: 2px; \" data-divider-alignment=\"center\"><div class=\"ub_divider_line\" style=\"border-top: 2px solid #ccc; margin-top: 2px; \"><\/div><\/div><\/div>\n\n\n<h4 class=\"wp-block-heading\" id=\"mausoleum-of-galla-placidia\"><strong>\u272a Mausoleo di Galla Placidia<\/strong><\/h4>\n\n\n\n<p class=\"translation-block\">Il piccolo Mausoleo di Galla Placidia \u00e8 un tempietto situato appena fuori dalla Basilica di San Vitale. L'edificio fu commissionato dall'imperatrice Galla Placidia e fu eretto nel quinto secolo, ma in realt\u00e0 questa fu sepolta a <a href=\"https:\/\/www.cosmundus.com\/it\/destinations\/rome\/\" class=\"ek-link\" target=\"_self\">Roma<\/a>. Tuttavia, l'edificio ospita alcuni antichi sarcofagi, mentre ricchi mosaici adornano le pareti interne del mausoleo. L'edificio un tempo faceva parte di un complesso comprendente la vicina <strong>Chiesa di Santa Croce<\/strong>, poi in gran parte demolita.<\/p>\n\n\n\n<div class=\"wp-block-columns is-layout-flex wp-container-core-columns-is-layout-9d6595d7 wp-block-columns-is-layout-flex\">\n<div class=\"wp-block-column is-layout-flow wp-block-column-is-layout-flow\" style=\"flex-basis:85%\">\n<p>Indirizzo: Via San Vitale, 17, 48121 Ravenna RA<br>Coordinate: 44.4210, 12.1971<\/p>\n<\/div>\n\n\n\n<div class=\"wp-block-column is-layout-flow wp-block-column-is-layout-flow\" style=\"flex-basis:15%\">\n<p class=\"has-text-align-right\"><a href=\"https:\/\/goo.gl\/maps\/rxadybKyDSdPbKEz5\" target=\"_blank\" aria-label=\" (opens in a new tab)\" rel=\"noreferrer noopener\" class=\"ek-link\">Google Maps<\/a><\/p>\n<\/div>\n<\/div>\n\n\n<div class=\"wp-block-ub-divider ub_divider ub-divider-orientation-horizontal\" id=\"ub_divider_50d163bb-71f9-4425-b9db-038f061059b5\"><div class=\"ub_divider_wrapper\" style=\"position: relative; margin-bottom: 2px; width: 100%; height: 2px; \" data-divider-alignment=\"center\"><div class=\"ub_divider_line\" style=\"border-top: 2px solid #ccc; margin-top: 2px; \"><\/div><\/div><\/div>\n\n\n<h4 class=\"wp-block-heading\" id=\"basilica-of-santapollinare-nuovo\"><strong>\u272a Basilica di Sant\u2019Apollinare Nuovo<\/strong><\/h4>\n\n\n\n<p>La Basilica di Sant'Apollinare Nuovo fu eretta nel sesto secolo, originariamente come chiesa ariana e successivamente riconsacrata. Le pareti laterali dell'interno della chiesa sono adornate con mosaici mozzafiato in stile bizantino raffiguranti la vita di Ges\u00f9, insieme a molti santi, profeti, vergini e angeli. La chiesa \u00e8 affiancata da un bel campanile costruito intorno al nono secolo.<\/p>\n\n\n\n<div class=\"wp-block-columns is-layout-flex wp-container-core-columns-is-layout-9d6595d7 wp-block-columns-is-layout-flex\">\n<div class=\"wp-block-column is-layout-flow wp-block-column-is-layout-flow\" style=\"flex-basis:85%\">\n<p>Indirizzo: Via di Roma, 53, 48020 Ravenna RA<br>Coordinate: 44.4168, 12.2048<\/p>\n<\/div>\n\n\n\n<div class=\"wp-block-column is-layout-flow wp-block-column-is-layout-flow\" style=\"flex-basis:15%\">\n<p class=\"has-text-align-right\"><a href=\"https:\/\/goo.gl\/maps\/fDxTitNPbLw4rWum7\" target=\"_blank\" aria-label=\" (opens in a new tab)\" rel=\"noreferrer noopener\" class=\"ek-link\">Google Maps<\/a><\/p>\n<\/div>\n<\/div>\n\n\n<div class=\"wp-block-ub-divider ub_divider ub-divider-orientation-horizontal\" id=\"ub_divider_1078badf-442c-496f-99bc-691333ccceee\"><div class=\"ub_divider_wrapper\" style=\"position: relative; margin-bottom: 2px; width: 100%; height: 2px; \" data-divider-alignment=\"center\"><div class=\"ub_divider_line\" style=\"border-top: 2px solid #ccc; margin-top: 2px; \"><\/div><\/div><\/div>\n\n\n<h4 class=\"wp-block-heading\" id=\"archiepiscopal-museum-of-ravenna\"><strong>\u272a Museo Arcivescovile di Ravenna<\/strong><\/h4>\n\n\n\n<p class=\"translation-block\">Il Museo Arcivescovile \u00e8 un museo ospitato nel Palazzo Arcivescovile, proprio dietro al Duomo di Ravenna e accanto al Battistero Neoniano. La mostra presenta molti reperti archeologici e opere d'arte sacra in gran parte risalenti al periodo d'oro della citt\u00e0, come l'elaborata <em>Cattedra Vescovile di Massimiano<\/em>. Il museo comprende la <em>Cappella Arcivescovile<\/em>, una cappella del quinto secolo ornata da ricchi mosaici.<\/p>\n\n\n\n<div class=\"wp-block-columns is-layout-flex wp-container-core-columns-is-layout-9d6595d7 wp-block-columns-is-layout-flex\">\n<div class=\"wp-block-column is-layout-flow wp-block-column-is-layout-flow\" style=\"flex-basis:85%\">\n<p>Indirizzo: P.za Arcivescovado, 1, 48121 Ravenna RA<br>Coordinate: 44.4152, 12.1976<\/p>\n<\/div>\n\n\n\n<div class=\"wp-block-column is-layout-flow wp-block-column-is-layout-flow\" style=\"flex-basis:15%\">\n<p class=\"has-text-align-right\"><a href=\"https:\/\/goo.gl\/maps\/xzNLCuXitaR3zn9V8\" target=\"_blank\" aria-label=\" (opens in a new tab)\" rel=\"noreferrer noopener\" class=\"ek-link\">Google Maps<\/a><\/p>\n<\/div>\n<\/div>\n\n\n<div class=\"wp-block-ub-divider ub_divider ub-divider-orientation-horizontal\" id=\"ub_divider_dd1b2ed9-9518-4d5d-afdc-1e1c497aa80c\"><div class=\"ub_divider_wrapper\" style=\"position: relative; margin-bottom: 2px; width: 100%; height: 2px; \" data-divider-alignment=\"center\"><div class=\"ub_divider_line\" style=\"border-top: 2px solid #ccc; margin-top: 2px; \"><\/div><\/div><\/div>\n\n\n<h4 class=\"wp-block-heading\" id=\"basilica-of-santapollinare-in-classe\"><strong>\u272a Basilica di Sant\u2019Apollinare in Classe<\/strong><\/h4>\n\n\n\n<p>La Basilica di Sant'Apollinare in Classe \u00e8 una chiesa del sesto secolo situata a Classe, l'antico porto di Ravenna pochi chilometri a sud-est della citt\u00e0. L'edificio \u00e8 una delle opere pi\u00f9 famose dell'architettura bizantina e presenta un meraviglioso mosaico absidale. La chiesa conserva anche numerosi sarcofagi, databili dal quinto all'ottavo secolo.<\/p>\n\n\n\n<div class=\"wp-block-columns is-layout-flex wp-container-core-columns-is-layout-9d6595d7 wp-block-columns-is-layout-flex\">\n<div class=\"wp-block-column is-layout-flow wp-block-column-is-layout-flow\" style=\"flex-basis:85%\">\n<p>Indirizzo: Via Romea Sud, 224, 48124 Classe RA<br>Coordinate: 44.3802, 12.2326<\/p>\n<\/div>\n\n\n\n<div class=\"wp-block-column is-layout-flow wp-block-column-is-layout-flow\" style=\"flex-basis:15%\">\n<p class=\"has-text-align-right\"><a href=\"https:\/\/goo.gl\/maps\/Rs5rsssPZNRDVy3p9\" target=\"_blank\" aria-label=\" (opens in a new tab)\" rel=\"noreferrer noopener\" class=\"ek-link\">Google Maps<\/a><\/p>\n<\/div>\n<\/div>\n\n\n<div class=\"wp-block-ub-divider ub_divider ub-divider-orientation-horizontal\" id=\"ub_divider_5b9dab73-724e-47a3-bd3e-1bb8b5fe7c9b\"><div class=\"ub_divider_wrapper\" style=\"position: relative; margin-bottom: 2px; width: 100%; height: 2px; \" data-divider-alignment=\"center\"><div class=\"ub_divider_line\" style=\"border-top: 2px solid #ccc; margin-top: 2px; \"><\/div><\/div><\/div>\n\n\n<h4 class=\"wp-block-heading\" id=\"arian-baptistery\"><strong>Battistero degli Ariani<\/strong><\/h4>\n\n\n\n<p class=\"translation-block\">Il Battistero degli Ariani \u00e8 un piccolo battistero a Ravenna, eretto tra il quinto e il sesto secolo. Il soffitto del battistero \u00e8 decorato da un suggestivo mosaico raffigurante il battesimo di Ges\u00f9 attorniato dai dodici apostoli. Il battistero un tempo faceva parte di un pi\u00f9 ampio complesso religioso di fede ariana che comprendeva la vicina <strong>Chiesa dello Spirito Santo<\/strong>. Questo sito fu costruito per separare gli ariani dai cristiani ortodossi calcedoniani, che vivevano in un altro quartiere di Ravenna, e fu successivamente riconsacrato.<\/p>\n\n\n\n<div class=\"wp-block-columns is-layout-flex wp-container-core-columns-is-layout-9d6595d7 wp-block-columns-is-layout-flex\">\n<div class=\"wp-block-column is-layout-flow wp-block-column-is-layout-flow\" style=\"flex-basis:85%\">\n<p>Indirizzo: Piazzetta degli Ariani, 48121 Ravenna RA<br>Coordinate: 44.4187, 12.2024<\/p>\n<\/div>\n\n\n\n<div class=\"wp-block-column is-layout-flow wp-block-column-is-layout-flow\" style=\"flex-basis:15%\">\n<p class=\"has-text-align-right\"><a href=\"https:\/\/goo.gl\/maps\/E9zciVceNnsyAQeD8\" target=\"_blank\" aria-label=\" (opens in a new tab)\" rel=\"noreferrer noopener\" class=\"ek-link\">Google Maps<\/a><\/p>\n<\/div>\n<\/div>\n\n\n<div class=\"wp-block-ub-divider ub_divider ub-divider-orientation-horizontal\" id=\"ub_divider_c92c4afe-62b8-47b7-a2ac-6597dcbc0266\"><div class=\"ub_divider_wrapper\" style=\"position: relative; margin-bottom: 2px; width: 100%; height: 2px; \" data-divider-alignment=\"center\"><div class=\"ub_divider_line\" style=\"border-top: 2px solid #ccc; margin-top: 2px; \"><\/div><\/div><\/div>\n\n\n<h4 class=\"wp-block-heading\" id=\"mausoleum-of-theodoric\"><strong>Mausoleo di Teodorico<\/strong><\/h4>\n\n\n\n<p class=\"translation-block\">Il Mausoleo di Teodorico \u00e8 la tomba monumentale di Teodorico, re degli Ostrogoti. L'edificio, molto ben conservato, \u00e8 in pietra d'Istria e fu eretto nel sesto secolo alla periferia di Ravenna. L'interno non \u00e8 decorato, ma la cupola del mausoleo si distingue per essere costituita da un unico grande monolite.<\/p>\n\n\n\n<div class=\"wp-block-columns is-layout-flex wp-container-core-columns-is-layout-9d6595d7 wp-block-columns-is-layout-flex\">\n<div class=\"wp-block-column is-layout-flow wp-block-column-is-layout-flow\" style=\"flex-basis:85%\">\n<p>Indirizzo: Via delle Industrie, 14, 48122 Ravenna RA<br>Coordinate: 44.4250, 12.2092<\/p>\n<\/div>\n\n\n\n<div class=\"wp-block-column is-layout-flow wp-block-column-is-layout-flow\" style=\"flex-basis:15%\">\n<p class=\"has-text-align-right\"><a href=\"https:\/\/goo.gl\/maps\/vmYjy4NycgRrCNcg9\" target=\"_blank\" aria-label=\" (opens in a new tab)\" rel=\"noreferrer noopener\" class=\"ek-link\">Google Maps<\/a><\/p>\n<\/div>\n<\/div>\n\n\n<div class=\"wp-block-ub-divider ub_divider ub-divider-orientation-horizontal\" id=\"ub_divider_25a31554-b90e-4d71-a338-fa5e477a1e3e\"><div class=\"ub_divider_wrapper\" style=\"position: relative; margin-bottom: 2px; width: 100%; height: 2px; \" data-divider-alignment=\"center\"><div class=\"ub_divider_line\" style=\"border-top: 2px solid #ccc; margin-top: 2px; \"><\/div><\/div><\/div>\n\n\n<h4 class=\"wp-block-heading\" id=\"baptistery-of-neon\"><strong>Battistero Neoniano<\/strong><\/h4>\n\n\n\n<p class=\"translation-block\">Anche noto come: Battistero degli Ortodossi<\/p>\n\n\n\n<p class=\"translation-block\">Il Battistero Neoniano \u00e8 un piccolo edificio religioso eretto nel quinto secolo su un precedente impianto termale romano. Situato accanto al Duomo di Ravenna e al Museo Arcivescovile, \u00e8 l'edificio intatto pi\u00f9 antico della citt\u00e0 e custodisce un ricco mosaico sul soffitto.<\/p>\n\n\n\n<div class=\"wp-block-columns is-layout-flex wp-container-core-columns-is-layout-9d6595d7 wp-block-columns-is-layout-flex\">\n<div class=\"wp-block-column is-layout-flow wp-block-column-is-layout-flow\" style=\"flex-basis:85%\">\n<p>Indirizzo: P.za Arcivescovado, 1, 48121 Ravenna RA<br>Coordinate: 44.4156, 12.1973<\/p>\n<\/div>\n\n\n\n<div class=\"wp-block-column is-layout-flow wp-block-column-is-layout-flow\" style=\"flex-basis:15%\">\n<p class=\"has-text-align-right\"><a href=\"https:\/\/goo.gl\/maps\/a5jNn6XSvt6QFWsp6\" target=\"_blank\" aria-label=\" (opens in a new tab)\" rel=\"noreferrer noopener\" class=\"ek-link\">Google Maps<\/a><\/p>\n<\/div>\n<\/div>\n\n\n<div class=\"wp-block-ub-divider ub_divider ub-divider-orientation-horizontal\" id=\"ub_divider_ca9a0e70-cac5-49a6-bd9e-6b2a319d5d78\"><div class=\"ub_divider_wrapper\" style=\"position: relative; margin-bottom: 2px; width: 100%; height: 2px; \" data-divider-alignment=\"center\"><div class=\"ub_divider_line\" style=\"border-top: 2px solid #ccc; margin-top: 2px; \"><\/div><\/div><\/div>\n\n\n<h4 class=\"wp-block-heading\" id=\"ravenna-cathedral\"><strong>Duomo di Ravenna<\/strong><\/h4>\n\n\n\n<p class=\"translation-block\">Il Duomo di Ravenna \u00e8 una grande chiesa nel centro della citt\u00e0, adiacente al Museo Arcivescovile e al Battistero Neoniano. La prima chiesa in questo sito fu eretta nel quinto secolo, ma fu successivamente demolita e sostituita con l'attuale edificio nel corso del diciottesimo secolo. La cattedrale presenta molte decorazioni barocche, ma ospita anche alcune antiche opere d'arte paleocristiane e presenta un campanile risalente al decimo secolo.<\/p>\n\n\n\n<div class=\"wp-block-columns is-layout-flex wp-container-core-columns-is-layout-9d6595d7 wp-block-columns-is-layout-flex\">\n<div class=\"wp-block-column is-layout-flow wp-block-column-is-layout-flow\" style=\"flex-basis:85%\">\n<p>Indirizzo: Piazza Duomo, 1, 48121 Ravenna RA<br>Coordinate: 44.4156, 12.1966<\/p>\n<\/div>\n\n\n\n<div class=\"wp-block-column is-layout-flow wp-block-column-is-layout-flow\" style=\"flex-basis:15%\">\n<p class=\"has-text-align-right\"><a href=\"https:\/\/goo.gl\/maps\/JUpWBTtnxj5XK6W78\" target=\"_blank\" aria-label=\" (opens in a new tab)\" rel=\"noreferrer noopener\" class=\"ek-link\">Google Maps<\/a><\/p>\n<\/div>\n<\/div>\n\n\n<div class=\"wp-block-ub-divider ub_divider ub-divider-orientation-horizontal\" id=\"ub_divider_5ce5ed32-8acc-4e4f-9871-fb1c019ac6ad\"><div class=\"ub_divider_wrapper\" style=\"position: relative; margin-bottom: 2px; width: 100%; height: 2px; \" data-divider-alignment=\"center\"><div class=\"ub_divider_line\" style=\"border-top: 2px solid #ccc; margin-top: 2px; \"><\/div><\/div><\/div>\n\n\n<h4 class=\"wp-block-heading\" id=\"national-museum-of-ravenna\"><strong>Museo Nazionale di Ravenna<\/strong><\/h4>\n\n\n\n<p class=\"translation-block\">Il Museo Nazionale di Ravenna \u00e8 un museo di archeologia e arte ospitato nello storico monastero adiacente alla Basilica di San Vitale. La collezione di questo museo comprende una serie di reperti romani e una mostra di ritrovamenti archeologici della zona. Il museo espone anche monete antiche, armi storiche e opere d'arte rinascimentali.<\/p>\n\n\n\n<div class=\"wp-block-columns is-layout-flex wp-container-core-columns-is-layout-9d6595d7 wp-block-columns-is-layout-flex\">\n<div class=\"wp-block-column is-layout-flow wp-block-column-is-layout-flow\" style=\"flex-basis:85%\">\n<p>Indirizzo: Via San Vitale, 17, 48121 Ravenna RA<br>Coordinate: 44.4202, 12.1960<\/p>\n<\/div>\n\n\n\n<div class=\"wp-block-column is-layout-flow wp-block-column-is-layout-flow\" style=\"flex-basis:15%\">\n<p class=\"has-text-align-right\"><a href=\"https:\/\/goo.gl\/maps\/7EdyHywThN64phYq9\" target=\"_blank\" aria-label=\" (opens in a new tab)\" rel=\"noreferrer noopener\" class=\"ek-link\">Google Maps<\/a><\/p>\n<\/div>\n<\/div>\n\n\n<div class=\"wp-block-ub-divider ub_divider ub-divider-orientation-horizontal\" id=\"ub_divider_8655fc8d-9d47-4f44-a9bb-be28e04a1e06\"><div class=\"ub_divider_wrapper\" style=\"position: relative; margin-bottom: 2px; width: 100%; height: 2px; \" data-divider-alignment=\"center\"><div class=\"ub_divider_line\" style=\"border-top: 2px solid #ccc; margin-top: 2px; \"><\/div><\/div><\/div>\n\n\n<h4 class=\"wp-block-heading\" id=\"tomb-of-dante\"><strong>Tomba di Dante<\/strong><\/h4>\n\n\n\n<p class=\"translation-block\">Dopo essere stato espulso dalla nativa <a href=\"https:\/\/www.cosmundus.com\/it\/destinations\/florence\/\" target=\"_self\">Firenze<\/a>, il grande poeta Dante Alighieri trascorse i suoi ultimi anni a Ravenna, e qui mor\u00ec nel 1321. Nel 1781 fu costruito un mausoleo neoclassico vicino alla Basilica di San Francesco per ospitare le spoglie di Dante. Il piccolo monumento include il sarcofago di Dante e un bassorilievo quattrocentesco raffigurante il poeta. Un museo dedicato a Dante \u00e8 ospitato in un edificio adiacente.<\/p>\n\n\n\n<div class=\"wp-block-columns is-layout-flex wp-container-core-columns-is-layout-9d6595d7 wp-block-columns-is-layout-flex\">\n<div class=\"wp-block-column is-layout-flow wp-block-column-is-layout-flow\" style=\"flex-basis:85%\">\n<p>Indirizzo: Via Dante Alighieri, 9, 48121 Ravenna RA<br>Coordinate: 44.4162, 12.2009<\/p>\n<\/div>\n\n\n\n<div class=\"wp-block-column is-layout-flow wp-block-column-is-layout-flow\" style=\"flex-basis:15%\">\n<p class=\"has-text-align-right\"><a href=\"https:\/\/goo.gl\/maps\/DLz6Fcwrerk2bVAEA\" target=\"_blank\" aria-label=\" (opens in a new tab)\" rel=\"noreferrer noopener\" class=\"ek-link\">Google Maps<\/a><\/p>\n<\/div>\n<\/div>\n\n\n<div class=\"wp-block-ub-divider ub_divider ub-divider-orientation-horizontal\" id=\"ub_divider_1fe9e024-ca60-4eb2-86c3-c9b6aceb6b5f\"><div class=\"ub_divider_wrapper\" style=\"position: relative; margin-bottom: 2px; width: 100%; height: 2px; \" data-divider-alignment=\"center\"><div class=\"ub_divider_line\" style=\"border-top: 2px solid #ccc; margin-top: 2px; \"><\/div><\/div><\/div>\n\n\n<h4 class=\"wp-block-heading\" id=\"basilica-of-san-francesco\"><strong>Basilica di San Francesco<\/strong><\/h4>\n\n\n\n<p>La Basilica di San Francesco \u00e8 una chiesa edificata tra il nono e il decimo secolo sul sito di un precedente edificio paleocristiano. La chiesa \u00e8 stata rimaneggiata nel corso dei secoli, e ora ospita alcuni affreschi e opere d'arte storiche, insieme a un'antica cripta. Nel 1321 qui si tennero i funerali di Dante Alighieri e accanto alla chiesa fu poi costruita la Tomba di Dante.<\/p>\n\n\n\n<div class=\"wp-block-columns is-layout-flex wp-container-core-columns-is-layout-9d6595d7 wp-block-columns-is-layout-flex\">\n<div class=\"wp-block-column is-layout-flow wp-block-column-is-layout-flow\" style=\"flex-basis:85%\">\n<p>Indirizzo: Piazza S. Francesco, 3, 48121 Ravenna RA<br>Coordinate: 44.4158, 12.2009<\/p>\n<\/div>\n\n\n\n<div class=\"wp-block-column is-layout-flow wp-block-column-is-layout-flow\" style=\"flex-basis:15%\">\n<p class=\"has-text-align-right\"><a href=\"https:\/\/goo.gl\/maps\/bCtrRB8cEUHPSKck6\" target=\"_blank\" aria-label=\" (opens in a new tab)\" rel=\"noreferrer noopener\" class=\"ek-link\">Google Maps<\/a><\/p>\n<\/div>\n<\/div>\n\n\n<div class=\"wp-block-ub-divider ub_divider ub-divider-orientation-horizontal\" id=\"ub_divider_a74525da-8f6d-4fe8-9f8b-b19cbfe5b7ad\"><div class=\"ub_divider_wrapper\" style=\"position: relative; margin-bottom: 2px; width: 100%; height: 2px; \" data-divider-alignment=\"center\"><div class=\"ub_divider_line\" style=\"border-top: 2px solid #ccc; margin-top: 2px; \"><\/div><\/div><\/div>\n\n\n<h4 class=\"wp-block-heading\" id=\"piazza-del-popolo\"><strong>Piazza del Popolo<\/strong><\/h4>\n\n\n\n<p class=\"translation-block\">Piazza del Popolo \u00e8 la piazza principale di Ravenna, circondata da edifici storici. Tra questi la barocca <strong>Chiesa di Santa Maria del Suffragio<\/strong> e il <strong>Palazzo Comunale<\/strong>, municipio della citt\u00e0. Davanti al Palazzo Comunale si trovano due colonne quattrocentesche erette durante la dominazione veneziana.<\/p>\n\n\n\n<div class=\"wp-block-columns is-layout-flex wp-container-core-columns-is-layout-9d6595d7 wp-block-columns-is-layout-flex\">\n<div class=\"wp-block-column is-layout-flow wp-block-column-is-layout-flow\" style=\"flex-basis:85%\">\n<p>Indirizzo: P.za del Popolo, 48121 Ravenna RA<br>Coordinate: 44.4178, 12.1998<\/p>\n<\/div>\n\n\n\n<div class=\"wp-block-column is-layout-flow wp-block-column-is-layout-flow\" style=\"flex-basis:15%\">\n<p class=\"has-text-align-right\"><a href=\"https:\/\/goo.gl\/maps\/SqRUsZNgSn7Z2PDS8\" target=\"_blank\" aria-label=\" (opens in a new tab)\" rel=\"noreferrer noopener\" class=\"ek-link\">Google Maps<\/a><\/p>\n<\/div>\n<\/div>\n\n\n<div class=\"wp-block-ub-divider ub_divider ub-divider-orientation-horizontal\" id=\"ub_divider_1dfdc3aa-6d76-49b8-86b5-7f0ab3bdd739\"><div class=\"ub_divider_wrapper\" style=\"position: relative; margin-bottom: 2px; width: 100%; height: 2px; \" data-divider-alignment=\"center\"><div class=\"ub_divider_line\" style=\"border-top: 2px solid #ccc; margin-top: 2px; \"><\/div><\/div><\/div>\n\n\n<h4 class=\"wp-block-heading\" id=\"biblioteca-classense\"><strong>Biblioteca Classense<\/strong><\/h4>\n\n\n\n<p>La Biblioteca Classense \u00e8 una biblioteca pubblica di Ravenna, ospitata in uno storico monastero. La biblioteca fu fondata nel 1803, raccogliendo volumi provenienti da diversi monasteri di Ravenna. Ora comprende centinaia di migliaia di libri e documenti antichi e la sua collezione \u00e8 ospitata in alcune sale riccamente decorate.<\/p>\n\n\n\n<div class=\"wp-block-columns is-layout-flex wp-container-core-columns-is-layout-9d6595d7 wp-block-columns-is-layout-flex\">\n<div class=\"wp-block-column is-layout-flow wp-block-column-is-layout-flow\" style=\"flex-basis:85%\">\n<p>Indirizzo: Via Alfredo Baccarini, 3, 48121 Ravenna RA<br>Coordinate: 44.4143, 12.2000<\/p>\n<\/div>\n\n\n\n<div class=\"wp-block-column is-layout-flow wp-block-column-is-layout-flow\" style=\"flex-basis:15%\">\n<p class=\"has-text-align-right\"><a href=\"https:\/\/goo.gl\/maps\/ZS7fY7z9qZ8emzpC9\" target=\"_blank\" aria-label=\" (opens in a new tab)\" rel=\"noreferrer noopener\" class=\"ek-link\">Google Maps<\/a><\/p>\n<\/div>\n<\/div>\n\n\n<div class=\"wp-block-ub-divider ub_divider ub-divider-orientation-horizontal\" id=\"ub_divider_58abbfd3-9b22-4344-a31c-03626ad63eaa\"><div class=\"ub_divider_wrapper\" style=\"position: relative; margin-bottom: 2px; width: 100%; height: 2px; \" data-divider-alignment=\"center\"><div class=\"ub_divider_line\" style=\"border-top: 2px solid #ccc; margin-top: 2px; \"><\/div><\/div><\/div>\n\n\n<h4 class=\"wp-block-heading\" id=\"museo-tamo-mosaico\"><strong>Museo Tamo Mosaico<\/strong><\/h4>\n\n\n\n<p>Il Museo Tamo Mosaico \u00e8 un museo dedicato ai mosaici ospitato in una chiesa sconsacrata nel centro di Ravenna. La ricca esposizione presenta alcuni mosaici storici di epoca paleocristiana e medievale, insieme alle copie di vari famosi mosaici.<\/p>\n\n\n\n<div class=\"wp-block-columns is-layout-flex wp-container-core-columns-is-layout-9d6595d7 wp-block-columns-is-layout-flex\">\n<div class=\"wp-block-column is-layout-flow wp-block-column-is-layout-flow\" style=\"flex-basis:85%\">\n<p>Indirizzo: Via Nicol\u00f2 Rondinelli, 2, 48121 Ravenna RA<br>Coordinate: 44.4138, 12.1999<\/p>\n<\/div>\n\n\n\n<div class=\"wp-block-column is-layout-flow wp-block-column-is-layout-flow\" style=\"flex-basis:15%\">\n<p class=\"has-text-align-right\"><a href=\"https:\/\/goo.gl\/maps\/4jt4pN2uPGQ546wP8\" target=\"_blank\" aria-label=\" (opens in a new tab)\" rel=\"noreferrer noopener\" class=\"ek-link\">Google Maps<\/a><\/p>\n<\/div>\n<\/div>\n\n\n<div class=\"wp-block-ub-divider ub_divider ub-divider-orientation-horizontal\" id=\"ub_divider_ea211121-d0bc-4cd1-b946-d579a6c43e0a\"><div class=\"ub_divider_wrapper\" style=\"position: relative; margin-bottom: 2px; width: 100%; height: 2px; \" data-divider-alignment=\"center\"><div class=\"ub_divider_line\" style=\"border-top: 2px solid #ccc; margin-top: 2px; \"><\/div><\/div><\/div>\n\n\n<h4 class=\"wp-block-heading\" id=\"art-museum-of-the-city-of-ravenna\"><strong><strong>Museo d\u2019Arte della Ctt\u00e0 di Ravenna<\/strong><\/strong><\/h4>\n\n\n\n<p class=\"translation-block\">Il Museo d'Arte della Ctt\u00e0 di Ravenna \u00e8 una galleria d'arte ospitata nella <strong>Loggetta Lombardesca<\/strong>, il chiostro dell'adiacente Basilica di Santa Maria in Porto. La collezione del museo comprende centinaia di opere che attraversano diversi secoli, insieme a una mostra di mosaici moderni.<\/p>\n\n\n\n<div class=\"wp-block-columns is-layout-flex wp-container-core-columns-is-layout-9d6595d7 wp-block-columns-is-layout-flex\">\n<div class=\"wp-block-column is-layout-flow wp-block-column-is-layout-flow\" style=\"flex-basis:85%\">\n<p>Indirizzo: Via di Roma, 13, 48121 Ravenna RA<br>Coordinate: 44.4139, 12.2064<\/p>\n<\/div>\n\n\n\n<div class=\"wp-block-column is-layout-flow wp-block-column-is-layout-flow\" style=\"flex-basis:15%\">\n<p class=\"has-text-align-right\"><a href=\"https:\/\/goo.gl\/maps\/DSStoCYQi2xGrbH58\" target=\"_blank\" aria-label=\" (opens in a new tab)\" rel=\"noreferrer noopener\" class=\"ek-link\">Google Maps<\/a><\/p>\n<\/div>\n<\/div>\n\n\n<div class=\"wp-block-ub-divider ub_divider ub-divider-orientation-horizontal\" id=\"ub_divider_f93bed84-050d-4462-8500-f1f60e087d22\"><div class=\"ub_divider_wrapper\" style=\"position: relative; margin-bottom: 2px; width: 100%; height: 2px; \" data-divider-alignment=\"center\"><div class=\"ub_divider_line\" style=\"border-top: 2px solid #ccc; margin-top: 2px; \"><\/div><\/div><\/div>\n\n\n<h4 class=\"wp-block-heading\" id=\"basilica-of-santa-maria-in-porto\"><strong><strong>Basilica di Santa Maria in Porto<\/strong><\/strong><\/h4>\n\n\n\n<p class=\"translation-block\">La Basilica di Santa Maria in Porto \u00e8 una chiesa barocca a Ravenna, eretta tra il sedicesimo e il diciottesimo secolo, e adornata da un'elaborata facciata e ricche decorazioni. La chiesa ospita la scultura della <em>Madonna Greca<\/em>, un bassorilievo bizantino risalente al quinto secolo.<\/p>\n\n\n\n<div class=\"wp-block-columns is-layout-flex wp-container-core-columns-is-layout-9d6595d7 wp-block-columns-is-layout-flex\">\n<div class=\"wp-block-column is-layout-flow wp-block-column-is-layout-flow\" style=\"flex-basis:85%\">\n<p>Indirizzo: Via di Roma, 19, 48121 Ravenna RA<br>Coordinate: 44.4143, 12.2061<\/p>\n<\/div>\n\n\n\n<div class=\"wp-block-column is-layout-flow wp-block-column-is-layout-flow\" style=\"flex-basis:15%\">\n<p class=\"has-text-align-right\"><a href=\"https:\/\/goo.gl\/maps\/oMuftva4CVoSA6Dp6\" target=\"_blank\" aria-label=\" (opens in a new tab)\" rel=\"noreferrer noopener\" class=\"ek-link\">Google Maps<\/a><\/p>\n<\/div>\n<\/div>\n\n\n<div class=\"wp-block-ub-divider ub_divider ub-divider-orientation-horizontal\" id=\"ub_divider_37efc10e-1164-435c-8f87-0baab1246738\"><div class=\"ub_divider_wrapper\" style=\"position: relative; margin-bottom: 2px; width: 100%; height: 2px; \" data-divider-alignment=\"center\"><div class=\"ub_divider_line\" style=\"border-top: 2px solid #ccc; margin-top: 2px; \"><\/div><\/div><\/div>\n\n\n<h4 class=\"wp-block-heading\" id=\"domus-dei-tappeti-di-pietra\"><strong><strong>Domus dei Tappeti di Pietra<\/strong><\/strong><\/h4>\n\n\n\n<p class=\"translation-block\">La Domus dei Tappeti di Pietra \u00e8 un sito archeologico situato tre metri sotto la piccola <strong>Chiesa di Sant'Eufemia<\/strong>. Quest'area sotterranea ospita una serie di pavimenti ornati da ricchi mosaici bizantini databili intorno al sesto secolo.<\/p>\n\n\n\n<div class=\"wp-block-columns is-layout-flex wp-container-core-columns-is-layout-9d6595d7 wp-block-columns-is-layout-flex\">\n<div class=\"wp-block-column is-layout-flow wp-block-column-is-layout-flow\" style=\"flex-basis:85%\">\n<p>Indirizzo: Via Gian Battista Barbiani, 16, 48121 Ravenna RA<br>Coordinate: 44.4189, 12.1948<\/p>\n<\/div>\n\n\n\n<div class=\"wp-block-column is-layout-flow wp-block-column-is-layout-flow\" style=\"flex-basis:15%\">\n<p class=\"has-text-align-right\"><a href=\"https:\/\/goo.gl\/maps\/KaV9mhBBTvAPwH2K6\" target=\"_blank\" aria-label=\" (opens in a new tab)\" rel=\"noreferrer noopener\" class=\"ek-link\">Google Maps<\/a><\/p>\n<\/div>\n<\/div>\n\n\n<div class=\"wp-block-ub-divider ub_divider ub-divider-orientation-horizontal\" id=\"ub_divider_b05159c9-6961-4aa4-9fbe-7bfe09b6923b\"><div class=\"ub_divider_wrapper\" style=\"position: relative; margin-bottom: 2px; width: 100%; height: 2px; \" data-divider-alignment=\"center\"><div class=\"ub_divider_line\" style=\"border-top: 2px solid #ccc; margin-top: 2px; \"><\/div><\/div><\/div>\n\n\n<h4 class=\"wp-block-heading\" id=\"church-of-san-giovanni-evangelista\"><strong><strong>Chiesa di San Giovanni Evangelista<\/strong><\/strong><\/h4>\n\n\n\n<p>La Chiesa di San Giovanni Evangelista \u00e8 una chiesa di Ravenna risalente al quinto secolo. Voluta dall'imperatrice Galla Placidia, fu affiancata nel Medioevo da un monastero, e fu successivamente pesantemente rimaneggiata in stile gotico. I mosaici che un tempo adornavano la chiesa sono stati rimossi e oggi ne rimangono solo alcune sezioni. <\/p>\n\n\n\n<div class=\"wp-block-columns is-layout-flex wp-container-core-columns-is-layout-9d6595d7 wp-block-columns-is-layout-flex\">\n<div class=\"wp-block-column is-layout-flow wp-block-column-is-layout-flow\" style=\"flex-basis:85%\">\n<p>Indirizzo: V.le Luigi Carlo Farini, 48121 Ravenna RA<br>Coordinate: 44.4184, 12.2054<\/p>\n<\/div>\n\n\n\n<div class=\"wp-block-column is-layout-flow wp-block-column-is-layout-flow\" style=\"flex-basis:15%\">\n<p class=\"has-text-align-right\"><a href=\"https:\/\/goo.gl\/maps\/1xMtaFCbXAPMjv8P7\" target=\"_blank\" aria-label=\" (opens in a new tab)\" rel=\"noreferrer noopener\" class=\"ek-link\">Google Maps<\/a><\/p>\n<\/div>\n<\/div>\n\n\n<div class=\"wp-block-ub-divider ub_divider ub-divider-orientation-horizontal\" id=\"ub_divider_63150276-72ac-48de-a3cc-bbd20bf7170a\"><div class=\"ub_divider_wrapper\" style=\"position: relative; margin-bottom: 2px; width: 100%; height: 2px; \" data-divider-alignment=\"center\"><div class=\"ub_divider_line\" style=\"border-top: 2px solid #ccc; margin-top: 2px; \"><\/div><\/div><\/div>\n\n\n<h4 class=\"wp-block-heading\" id=\"archaeological-park-of-classe\"><strong><strong>Parco Archeologico di Classe<\/strong><\/strong><\/h4>\n\n\n\n<p>L'area archeologica dell'antico porto di Classe si trova appena a sud di Ravenna. La posizione strategica di questo porto lungo la costa adriatica ne fece un importante snodo commerciale nella tarda antichit\u00e0 e nell'Alto Medioevo. Con il passare del tempo, i mutamenti dell'ambiente locale portarono il porto ad allontanarsi dal mare e questo, insieme alle incursioni di pirati lungo la costa, port\u00f2 al declino della un tempo fiorente Classe.<\/p>\n\n\n\n<div class=\"wp-block-columns is-layout-flex wp-container-core-columns-is-layout-9d6595d7 wp-block-columns-is-layout-flex\">\n<div class=\"wp-block-column is-layout-flow wp-block-column-is-layout-flow\" style=\"flex-basis:85%\">\n<p>Indirizzo: Via Marabina, 7 Zona Ponte Nuovo-Classe, 48124 Ravenna RA<br>Coordinate: 44.3956, 12.2174<\/p>\n<\/div>\n\n\n\n<div class=\"wp-block-column is-layout-flow wp-block-column-is-layout-flow\" style=\"flex-basis:15%\">\n<p class=\"has-text-align-right\"><a href=\"https:\/\/goo.gl\/maps\/wvhqyo38u7uhEnMa7\" target=\"_blank\" aria-label=\" (opens in a new tab)\" rel=\"noreferrer noopener\" class=\"ek-link\">Google Maps<\/a><\/p>\n<\/div>\n<\/div>\n\n\n<div class=\"wp-block-ub-divider ub_divider ub-divider-orientation-horizontal\" id=\"ub_divider_4af02924-5997-4db2-a681-e60dad86e3d6\"><div class=\"ub_divider_wrapper\" style=\"position: relative; margin-bottom: 2px; width: 100%; height: 2px; \" data-divider-alignment=\"center\"><div class=\"ub_divider_line\" style=\"border-top: 2px solid #ccc; margin-top: 2px; \"><\/div><\/div><\/div>\n\n\n<h4 class=\"wp-block-heading\" id=\"mirabilandia\"><strong><strong>Mirabilandia<\/strong><\/strong><\/h4>\n\n\n\n<p>Mirabilandia \u00e8 il pi\u00f9 grande parco divertimenti in Italia, situato pochi chilometri a sud-est di Ravenna. Inaugurato nel 1992, il parco comprende numerose attrazioni e un parco acquatico, e ospita anche Eurowheel, la seconda ruota panoramica pi\u00f9 alta d'Europa, con un'altezza di 92 metri.<\/p>\n\n\n\n<div class=\"wp-block-columns is-layout-flex wp-container-core-columns-is-layout-9d6595d7 wp-block-columns-is-layout-flex\">\n<div class=\"wp-block-column is-layout-flow wp-block-column-is-layout-flow\" style=\"flex-basis:85%\">\n<p>Indirizzo: SS16, km 162, 48125 Savio RA<br>Coordinate: 44.3378, 12.2634<\/p>\n<\/div>\n\n\n\n<div class=\"wp-block-column is-layout-flow wp-block-column-is-layout-flow\" style=\"flex-basis:15%\">\n<p class=\"has-text-align-right\"><a href=\"https:\/\/goo.gl\/maps\/iJ2paBj9Go21KRns8\" target=\"_blank\" aria-label=\" (opens in a new tab)\" rel=\"noreferrer noopener\" class=\"ek-link\">Google Maps<\/a><\/p>\n<\/div>\n<\/div>","protected":false},"excerpt":{"rendered":"<p>&lt;&lt; Emilia-Romagna Ravenna is a city located near the Adriatic coast in Emilia-Romagna, known for its rich artistic and architectural heritage, which includes some of the greatest masterpieces of the Roman and Byzantine style. Originally a small settlement, the city flourished under the Romans thanks to the nearby port of Classis. Ravenna was the capital of the Western Roman Empire during the 5th century, then it became the capital of the Ostrogothic Kingdom, and later the seat of Byzantine rule in Italy. The city remained the center of the powerful Exarchate of Ravenna until its fall to the Lombards in 751. Throughout this time, Ravenna lived its golden age as one of the most important cities in the world, and it was adorned with many impressive buildings and artworks. The city gradually lost its importance and was mainly ruled by the Papal States, with brief occupations by other powers such as Venice and France, until the unification of Italy. Ravenna is now an industrial center and a tourist destination, famous for its historic monuments, many of which are UNESCO World Heritage Sites. \u272a Basilica of San Vitale The Basilica of San Vitale is a 6th-century church and a masterpiece of Paleochristian and Byzantine art. This octagonal church houses one of the richest sets of Byzantine mosaics in the world, which adorn most of its internal walls. Among all these breathtaking decorations, the most famous mosaics are the ones depicting Eastern Roman Emperor Justinian and his wife Theodora. Address: Via San Vitale, 17, 48121 Ravenna RACoordinates: 44.4206, 12.1964 Google Maps \u272a Mausoleum of Galla Placidia The small Mausoleum of Galla Placidia is a small temple located just outside the Basilica of San Vitale. The building was commissioned by Empress Galla Placidia and it was erected in the 5th century, but she was actually buried in Rome. Nevertheless, the building houses some ancient sarcophagi, while rich mosaics adorn the internal walls of the mausoleum. The building was once part of a complex including the nearby Church of Santa Croce, which was later mostly demolished. Address: Via San Vitale, 17, 48121 Ravenna RACoordinates: 44.4210, 12.1971 Google Maps \u272a Basilica of Sant&#8217;Apollinare Nuovo The Basilica of Sant&#8217;Apollinare Nuovo was erected in the 6th century, originally as an Arian church and later reconsecrated. The lateral walls of the church&#8217;s interior are adorned with breathtaking Byzantine-style mosaics depicting the life of Jesus, along with many saints, prophets, virgins, and angels. The church is flanked by a beautiful bell tower built around the 9th century. Address: Via di Roma, 53, 48020 Ravenna RACoordinates: 44.4168, 12.2048 Google Maps \u272a Archiepiscopal Museum of Ravenna The Archiepiscopal Museum (Museo Arcivescovile) is a museum hosted in the Palazzo Arcivescovile, just behind the Ravenna Cathedral and next to the Baptistery of Neon. The exhibition features many archaeological findings and works of religious art mostly dating from the golden age of the city, such as the elaborate Throne of Maximian (Cattedra Vescovile di Massimiano). The museum includes the Archbishop&#8217;s Chapel (Cappella Arcivescovile), a 5th-century chapel adorned with rich mosaics. Address: P.za Arcivescovado, 1, 48121 Ravenna RACoordinates: 44.4152, 12.1976 Google Maps \u272a Basilica of Sant&#8217;Apollinare in Classe The Basilica of Sant&#8217;Apollinare in Classe is a 6th-century church located in Classe, the ancient port of Ravenna a few kilometers southeast of the city. The building is one of the most famous works of Byzantine architecture, and it features a wonderful apse mosaic. The church also houses numeorus sarcophagi, dating from the 5th to the 8th century. Address: Via Romea Sud, 224, 48124 Classe RACoordinates: 44.3802, 12.2326 Google Maps Arian Baptistery The Arian Baptistery (Battistero degli Ariani) is a small baptistery in Ravenna, erected between the 5th and 6th century. The ceiling of the baptistery is decorated by a striking mosaic depicting the baptism of Jesus surrounded by the Twelve Apostoles. The baptistery was once part of a larger religious complex of Arian faith which included the nearby Church of Spirito Santo. This site was built in order to separate the Arians from the Orthodox Chalcedonian Christians, who lived in another neighborhood of Ravenna, and was later reconsecrated. Address: Piazzetta degli Ariani, 48121 Ravenna RACoordinates: 44.4187, 12.2024 Google Maps Mausoleum of Theodoric The Mausoleum of Theodoric (Mausoleo di Teodorico) is the monumental tomb of Theodoric, king of the Ostrogoths. The very well-preserved building is made of Istrian stone and it was erected in the 6th century on the outskirts of Ravenna. The interior is not decorated, but the dome of the mausoleum is notable for being made from a single large monolith. Address: Via delle Industrie, 14, 48122 Ravenna RACoordinates: 44.4250, 12.2092 Google Maps Baptistery of Neon Also known as: Orthodox Baptistery (Battistero degli Ortodossi) The Baptistery of Neon (Battistero Neoniano) is a small religious building erected during the 5th century on the site of a previous Roman bath. Located next to the Ravenna Cathedral and the Archiepiscopal Museum, this is the oldest intact building in the city, and it houses a rich ceiling mosaic. Address: P.za Arcivescovado, 1, 48121 Ravenna RACoordinates: 44.4156, 12.1973 Google Maps Ravenna Cathedral The Ravenna Cathedral (Duomo di Ravenna) is a large church in the center of the city, adjacent to the Archiepiscopal Museum and the Baptistery of Neon. The first church on this site was erected in the 5th century, but it was later demolished and replaced with the current building during the 18th century. The cathedral features many Baroque decorations, but it also houses some ancient Paleochristian artworks and it features a bell tower dating from the 10th century. Address: Piazza Duomo, 1, 48121 Ravenna RACoordinates: 44.4156, 12.1966 Google Maps National Museum of Ravenna The National Museum of Ravenna (Museo Nazionale di Ravenna) is an archaeological and art museum hosted in the historic monastery adjacent to the Basilica of San Vitale. The collection of this museum includes a series of Roman artifacts and an exhibition of archaeological findings from the area. The museum also displays ancient coins, historic weapons, and Renaissance artworks. Address: Via San Vitale, 17, 48121&#8230;<\/p>","protected":false},"author":1,"featured_media":0,"parent":932,"menu_order":0,"comment_status":"closed","ping_status":"closed","template":"","meta":{"_editorskit_title_hidden":false,"_editorskit_reading_time":6,"_editorskit_is_block_options_detached":false,"_editorskit_block_options_position":"{}","om_disable_all_campaigns":false,"_uag_custom_page_level_css":"","advgb_blocks_editor_width":"","advgb_blocks_columns_visual_guide":"","_monsterinsights_skip_tracking":false,"_monsterinsights_sitenote_active":false,"_monsterinsights_sitenote_note":"","_monsterinsights_sitenote_category":0,"footnotes":""},"class_list":["post-3405","page","type-page","status-publish","hentry"],"aioseo_notices":[],"featured_image_src":null,"uagb_featured_image_src":{"full":false,"thumbnail":false,"medium":false,"medium_large":false,"large":false,"1536x1536":false,"2048x2048":false,"trp-custom-language-flag":false,"xs-thumb":false,"post-thumbnail":false,"minimalistblogger-grid":false,"minimalistblogger-slider":false,"minimalistblogger-small":false},"uagb_author_info":{"display_name":"Stefano Cammisa","author_link":"https:\/\/www.cosmundus.com\/it\/author\/stefano-cammisa\/"},"uagb_comment_info":0,"uagb_excerpt":"&lt;&lt; Emilia-Romagna Ravenna is a city located near the Adriatic coast in Emilia-Romagna, known for its rich artistic and architectural heritage, which includes some of the greatest masterpieces of the Roman and Byzantine style. Originally a small settlement, the city flourished under the Romans thanks to the nearby port of Classis. Ravenna was the capital&hellip;","coauthors":[],"author_meta":{"author_link":"https:\/\/www.cosmundus.com\/it\/author\/stefano-cammisa\/","display_name":"Stefano Cammisa"},"relative_dates":{"created":"Pubblicato 3 anni fa","modified":"Aggiornato 2 anni fa"},"absolute_dates":{"created":"Pubblicato il 9 Marzo 2023","modified":"Aggiornato il 28 Febbraio 2024"},"absolute_dates_time":{"created":"Pubblicato il 9 Marzo 2023 10:59 am","modified":"Aggiornato il 28 Febbraio 2024 12:38 pm"},"featured_img_caption":"","featured_img":false,"series_order":"","_links":{"self":[{"href":"https:\/\/www.cosmundus.com\/it\/wp-json\/wp\/v2\/pages\/3405","targetHints":{"allow":["GET"]}}],"collection":[{"href":"https:\/\/www.cosmundus.com\/it\/wp-json\/wp\/v2\/pages"}],"about":[{"href":"https:\/\/www.cosmundus.com\/it\/wp-json\/wp\/v2\/types\/page"}],"author":[{"embeddable":true,"href":"https:\/\/www.cosmundus.com\/it\/wp-json\/wp\/v2\/users\/1"}],"replies":[{"embeddable":true,"href":"https:\/\/www.cosmundus.com\/it\/wp-json\/wp\/v2\/comments?post=3405"}],"version-history":[{"count":11,"href":"https:\/\/www.cosmundus.com\/it\/wp-json\/wp\/v2\/pages\/3405\/revisions"}],"predecessor-version":[{"id":9582,"href":"https:\/\/www.cosmundus.com\/it\/wp-json\/wp\/v2\/pages\/3405\/revisions\/9582"}],"up":[{"embeddable":true,"href":"https:\/\/www.cosmundus.com\/it\/wp-json\/wp\/v2\/pages\/932"}],"wp:attachment":[{"href":"https:\/\/www.cosmundus.com\/it\/wp-json\/wp\/v2\/media?parent=3405"}],"curies":[{"name":"wp","href":"https:\/\/api.w.org\/{rel}","templated":true}]}}