{"id":3237,"date":"2023-03-09T10:36:56","date_gmt":"2023-03-09T09:36:56","guid":{"rendered":"https:\/\/www.cosmundus.com\/?page_id=3237"},"modified":"2024-02-28T09:50:55","modified_gmt":"2024-02-28T08:50:55","slug":"modena","status":"publish","type":"page","link":"https:\/\/www.cosmundus.com\/it\/destinations\/modena\/","title":{"rendered":"Modena"},"content":{"rendered":"<p class=\"has-text-align-right\">&lt;&lt; <a href=\"https:\/\/www.cosmundus.com\/it\/atlas\/europe\/southern-europe\/italy\/northeast-italy\/emilia-romagna\/\" class=\"ek-link\">Emilia-Romagna<\/a><\/p>\n\n\n\n<p class=\"translation-block\">Modena \u00e8 una citt\u00e0 in Emilia-Romagna, situata a ovest di <a href=\"https:\/\/www.cosmundus.com\/it\/destinations\/bologna\/\" class=\"ek-link\" target=\"_self\">Bologna<\/a>. Abitata fin dall'antichit\u00e0, \u00e8 emersa come uno dei centri pi\u00f9 importanti del Nord Italia sotto i Romani. Dopo un periodo di decadenza, Modena divenne un libero comune nel dodicesimo secolo, per poi essere governata dagli Estensi di <a href=\"https:\/\/www.cosmundus.com\/it\/destinations\/ferrara\/\" class=\"ek-link\" target=\"_self\">Ferrara<\/a>. Quando Ferrara entr\u00f2 a far parte dello Stato Pontificio, gli Este trasferirono la loro capitale a Modena nel 1598, e il Ducato di Modena e <a href=\"https:\/\/www.cosmundus.com\/it\/destinations\/reggio-emilia\/\/\" class=\"ek-link\" target=\"_self\">Reggio<\/a> sopravvisse a varie guerre prima di cadere con l'invasione napoleonica. Il Ducato fu rifondato nel 1814 sotto il dominio austriaco, ed entr\u00f2 a far parte dell'Italia durante l'unificazione del paese. Modena \u00e8 oggi un importante centro industriale, noto soprattutto per le sue case automobilistiche, ma anche per la sua ricca cultura e per i famosi prodotti gastronomici.<\/p>\n\n\n<div style=\"border: 1px solid #8ed1fc; border-radius: 0%; background-color: inherit; \" class=\"ub-styled-box ub-bordered-box wp-block-ub-styled-box\" id=\"ub-styled-box-540c5bea-e323-4bdb-a54d-b685bb4c2780\">\n<p class=\"has-medium-font-size\" id=\"ub-styled-box-bordered-content-4ef29a36-5cf4-460c-bba6-20577b464e6d\">Posti da vedere a Modena<\/p>\n\n\n<div class=\"wp-block-aioseo-table-of-contents\"><ul><li><a class=\"aioseo-toc-item\" href=\"#modena-cathedral\">\u272a Duomo di Modena<\/a><\/li><li><a class=\"aioseo-toc-item\" href=\"#piazza-grande\">\u272a Piazza Grande<\/a><\/li><li><a class=\"aioseo-toc-item\" href=\"#palazzo-dei-musei\">\u272a Palazzo dei Musei<\/a><\/li><li><a class=\"aioseo-toc-item\" href=\"#museo-casa-enzo-ferrari\">\u272a Museo Casa Enzo Ferrari<\/a><\/li><li><a class=\"aioseo-toc-item\" href=\"#ducal-palace-of-modena\">Palazzo Ducale di Modena<\/a><\/li><li><a class=\"aioseo-toc-item\" href=\"#botanical-garden-of-the-university-of-modena-and-reggio-emilia\">Orto Botanico dell\u2019Universit\u00e0 di Modena e Reggio Emilia<\/a><\/li><li><a class=\"aioseo-toc-item\" href=\"#palazzo-santa-margherita\">Palazzo Santa Margherita<\/a><\/li><li><a class=\"aioseo-toc-item\" href=\"#teatro-comunale-pavarotti-freni\">Teatro Comunale Pavarotti-Freni<\/a><\/li><li><a class=\"aioseo-toc-item\" href=\"#church-of-santagostino\">Chiesa di Sant\u2019Agostino<\/a><\/li><li><a class=\"aioseo-toc-item\" href=\"#ex-ospedale-santagostino\">Ex Ospedale Sant&#8217;Agostino<\/a><\/li><li><a class=\"aioseo-toc-item\" href=\"#archaeological-park-novi-ark\">Parco Archeologico Novi Ark<\/a><\/li><\/ul><\/div>\n\n<\/div>\n\n\n<h4 class=\"wp-block-heading\" id=\"modena-cathedral\"><strong>\u272a Duomo di Modena<\/strong><\/h4>\n\n\n\n<p class=\"translation-block\">Il Duomo di Modena \u00e8 uno dei massimi esempi di architettura romanica in Italia. Fu inaugurato nel 1184 e presenta una facciata molto elaborata, ornata da un grande rosone e molti rilievi del dodicesimo secolo, che sono tra i migliori della loro epoca. L'interno della chiesa ospita numerose opere d'arte e cimeli. Il campanile del Duomo, noto come <strong>Ghirlandina<\/strong>, \u00e8 il simbolo pi\u00f9 noto di Modena. Originariamente costruito nel dodicesimo secolo, al campanile furono aggiunti pi\u00f9 piani in seguito, raggiungendo un'altezza di 86 metri. Adiacenti alla cattedrale si trovano i <strong>Musei del Duomo di Modena<\/strong>, un'esposizione di varie opere d'arte medievali e rinascimentali legate alla chiesa. L'intero complesso del Duomo di Modena, insieme alla vicina Piazza Grande, \u00e8 Patrimonio dell'Umanit\u00e0 dell'UNESCO.<\/p>\n\n\n\n<div class=\"wp-block-columns is-layout-flex wp-container-core-columns-is-layout-9d6595d7 wp-block-columns-is-layout-flex\">\n<div class=\"wp-block-column is-layout-flow wp-block-column-is-layout-flow\" style=\"flex-basis:85%\">\n<p>Indirizzo: Corso Duomo, 41121 Modena MO<br>Coordinate: 44.6463, 10.9255<\/p>\n<\/div>\n\n\n\n<div class=\"wp-block-column is-layout-flow wp-block-column-is-layout-flow\" style=\"flex-basis:15%\">\n<p class=\"has-text-align-right\"><a href=\"https:\/\/goo.gl\/maps\/Ut8MQZuLtztpyg7V6\" target=\"_blank\" aria-label=\" (opens in a new tab)\" rel=\"noreferrer noopener\" class=\"ek-link\">Google Maps<\/a><\/p>\n<\/div>\n<\/div>\n\n\n<div class=\"wp-block-ub-divider ub_divider ub-divider-orientation-horizontal\" id=\"ub_divider_e3ff9865-e8da-48c6-9450-865900dc2b83\"><div class=\"ub_divider_wrapper\" style=\"position: relative; margin-bottom: 2px; width: 100%; height: 2px; \" data-divider-alignment=\"center\"><div class=\"ub_divider_line\" style=\"border-top: 2px solid #ccc; margin-top: 2px; \"><\/div><\/div><\/div>\n\n\n<h4 class=\"wp-block-heading\" id=\"piazza-grande\"><strong>\u272a Piazza Grande<\/strong><\/h4>\n\n\n\n<p class=\"translation-block\">Piazza Grande \u00e8 la piazza principale di Modena, situata a sud del Duomo della citt\u00e0. Il lato orientale \u00e8 occupato dal grande <strong>Palazzo Comunale<\/strong>, il municipio Modena. Questo palazzo fu costruito nel corso del diciassettesimo secolo ampliando progressivamente alcune strutture precedenti, e presenta vari saloni affrescati. Nel palazzo \u00e8 esposto anche il secchio che fu notoriamente catturato da Modena dopo aver vinto una battaglia contro Bologna nel 1325.<\/p>\n\n\n\n<div class=\"wp-block-columns is-layout-flex wp-container-core-columns-is-layout-9d6595d7 wp-block-columns-is-layout-flex\">\n<div class=\"wp-block-column is-layout-flow wp-block-column-is-layout-flow\" style=\"flex-basis:85%\">\n<p>Indirizzo: Piazza Grande, 41121 Modena MO<br>Coordinate: 44.6459, 10.9257<\/p>\n<\/div>\n\n\n\n<div class=\"wp-block-column is-layout-flow wp-block-column-is-layout-flow\" style=\"flex-basis:15%\">\n<p class=\"has-text-align-right\"><a href=\"https:\/\/goo.gl\/maps\/M4RqpErUo76n7W4aA\" target=\"_blank\" aria-label=\" (opens in a new tab)\" rel=\"noreferrer noopener\" class=\"ek-link\">Google Maps<\/a><\/p>\n<\/div>\n<\/div>\n\n\n<div class=\"wp-block-ub-divider ub_divider ub-divider-orientation-horizontal\" id=\"ub_divider_2d5bd03d-cec2-479f-a8ea-e140ca8d3767\"><div class=\"ub_divider_wrapper\" style=\"position: relative; margin-bottom: 2px; width: 100%; height: 2px; \" data-divider-alignment=\"center\"><div class=\"ub_divider_line\" style=\"border-top: 2px solid #ccc; margin-top: 2px; \"><\/div><\/div><\/div>\n\n\n<h4 class=\"wp-block-heading\" id=\"palazzo-dei-musei\"><strong>\u272a Palazzo dei Musei<\/strong><\/h4>\n\n\n\n<p class=\"translation-block\">Il Palazzo dei Musei \u00e8 un complesso museale a Modena che comprende la <strong>Galleria Estense<\/strong>, il <strong>Museo Civico di Modena<\/strong> e un biblioteca. La Galleria Estense \u00e8 una ricca galleria d'arte che ospita la collezione che un tempo apparteneva alla famiglia Este. Questo museo presenta principalmente opere d'arte del Rinascimento e dell'et\u00e0 moderna, comprese opere di artisti come Raffaello, Correggio, El Greco, Vel\u00e1zquez e altri. Un altro pezzo interessante di questa collezione \u00e8 l'<em>Arpa Estense<\/em>, un'arpa realizzata nel 1581. Il Museo Civico ospita invece mostre in gran parte incentrate sulla storia di Modena, tra cui varie opere d'arte, reperti archeologici e numerosi strumenti scientifici e musicali. Questo museo ospita anche un'interessante collezione etnologica con oggetti provenienti da tutto il mondo.<\/p>\n\n\n\n<div class=\"wp-block-columns is-layout-flex wp-container-core-columns-is-layout-9d6595d7 wp-block-columns-is-layout-flex\">\n<div class=\"wp-block-column is-layout-flow wp-block-column-is-layout-flow\" style=\"flex-basis:85%\">\n<p>Indirizzo: Largo Porta Sant\u2019Agostino, 337, 41121 Modena MO<br>Coordinate: 44.6480, 10.9211<\/p>\n<\/div>\n\n\n\n<div class=\"wp-block-column is-layout-flow wp-block-column-is-layout-flow\" style=\"flex-basis:15%\">\n<p class=\"has-text-align-right\"><a href=\"https:\/\/goo.gl\/maps\/ZBiGp1PbCTWyPd5q6\" target=\"_blank\" aria-label=\" (opens in a new tab)\" rel=\"noreferrer noopener\" class=\"ek-link\">Google Maps<\/a><\/p>\n<\/div>\n<\/div>\n\n\n<div class=\"wp-block-ub-divider ub_divider ub-divider-orientation-horizontal\" id=\"ub_divider_b23be2e7-c4f5-4b28-807f-39acff82cf53\"><div class=\"ub_divider_wrapper\" style=\"position: relative; margin-bottom: 2px; width: 100%; height: 2px; \" data-divider-alignment=\"center\"><div class=\"ub_divider_line\" style=\"border-top: 2px solid #ccc; margin-top: 2px; \"><\/div><\/div><\/div>\n\n\n<h4 class=\"wp-block-heading\" id=\"museo-casa-enzo-ferrari\"><strong>\u272a Museo Casa Enzo Ferrari<\/strong><\/h4>\n\n\n\n<p>Il Museo Casa Enzo Ferrari \u00e8 un museo a Modena incentrato sulla vita e le opere di Enzo Ferrari, il fondatore della casa automobilistica Ferrari. Il museo comprende la casa e l'officina di Enzo Ferrari e un centro espositivo pi\u00f9 moderno con varie automobili e vetture storiche.<\/p>\n\n\n\n<div class=\"wp-block-columns is-layout-flex wp-container-core-columns-is-layout-9d6595d7 wp-block-columns-is-layout-flex\">\n<div class=\"wp-block-column is-layout-flow wp-block-column-is-layout-flow\" style=\"flex-basis:85%\">\n<p>Indirizzo: Via Paolo Ferrari, 85, 41121 Modena MO<br>Coordinate: 44.6521, 10.9363<\/p>\n<\/div>\n\n\n\n<div class=\"wp-block-column is-layout-flow wp-block-column-is-layout-flow\" style=\"flex-basis:15%\">\n<p class=\"has-text-align-right\"><a href=\"https:\/\/goo.gl\/maps\/FotX9wAaVqcyc8LaA\" target=\"_blank\" aria-label=\" (opens in a new tab)\" rel=\"noreferrer noopener\" class=\"ek-link\">Google Maps<\/a><\/p>\n<\/div>\n<\/div>\n\n\n<div class=\"wp-block-ub-divider ub_divider ub-divider-orientation-horizontal\" id=\"ub_divider_0792ebc9-90a2-458c-b1a7-0e05e0b79f9b\"><div class=\"ub_divider_wrapper\" style=\"position: relative; margin-bottom: 2px; width: 100%; height: 2px; \" data-divider-alignment=\"center\"><div class=\"ub_divider_line\" style=\"border-top: 2px solid #ccc; margin-top: 2px; \"><\/div><\/div><\/div>\n\n\n<h4 class=\"wp-block-heading\" id=\"ducal-palace-of-modena\"><strong>Palazzo Ducale di Modena<\/strong><\/h4>\n\n\n\n<p class=\"translation-block\">Il Palazzo Ducale di Modena \u00e8 un palazzo seicentesco che un tempo era la residenza degli Estensi quando governavano il Ducato di Modena e Reggio. Dopo l'unit\u00e0 d'Italia, il palazzo divenne sede di un'accademia militare, tuttora ospitata qui insieme ad un museo di armi ed equipaggiamento militare. La facciata del palazzo presenta ricche decorazioni barocche, mentre il suo interno comprende varie sale affrescate.<\/p>\n\n\n\n<div class=\"wp-block-columns is-layout-flex wp-container-core-columns-is-layout-9d6595d7 wp-block-columns-is-layout-flex\">\n<div class=\"wp-block-column is-layout-flow wp-block-column-is-layout-flow\" style=\"flex-basis:85%\">\n<p>Indirizzo: Piazza Roma, 15, 41121 Modena MO<br>Coordinate: 44.6485, 10.9291<\/p>\n<\/div>\n\n\n\n<div class=\"wp-block-column is-layout-flow wp-block-column-is-layout-flow\" style=\"flex-basis:15%\">\n<p class=\"has-text-align-right\"><a href=\"https:\/\/goo.gl\/maps\/abjxZ9QtqfWYkCY86\" target=\"_blank\" aria-label=\" (opens in a new tab)\" rel=\"noreferrer noopener\" class=\"ek-link\">Google Maps<\/a><\/p>\n<\/div>\n<\/div>\n\n\n<div class=\"wp-block-ub-divider ub_divider ub-divider-orientation-horizontal\" id=\"ub_divider_23ac3b9f-9f9b-4ef7-b4de-6945b5603b2d\"><div class=\"ub_divider_wrapper\" style=\"position: relative; margin-bottom: 2px; width: 100%; height: 2px; \" data-divider-alignment=\"center\"><div class=\"ub_divider_line\" style=\"border-top: 2px solid #ccc; margin-top: 2px; \"><\/div><\/div><\/div>\n\n\n<h4 class=\"wp-block-heading\" id=\"botanical-garden-of-the-university-of-modena-and-reggio-emilia\"><strong>Orto Botanico dell\u2019Universit\u00e0 di Modena e Reggio Emilia<\/strong><\/h4>\n\n\n\n<p class=\"translation-block\">L'Orto Botanico dell'Universit\u00e0 di Modena e Reggio Emilia \u00e8 uno storico orto botanico a Modena, inaugurato nel 1758. Il giardino comprende un arboreto e varie serre, e presenta numerose specie di piante e alberi.<\/p>\n\n\n\n<div class=\"wp-block-columns is-layout-flex wp-container-core-columns-is-layout-9d6595d7 wp-block-columns-is-layout-flex\">\n<div class=\"wp-block-column is-layout-flow wp-block-column-is-layout-flow\" style=\"flex-basis:85%\">\n<p>Indirizzo: Viale Caduti in Guerra, 127, 41121 Modena MO<br>Coordinate: 44.6483, 10.9333<\/p>\n<\/div>\n\n\n\n<div class=\"wp-block-column is-layout-flow wp-block-column-is-layout-flow\" style=\"flex-basis:15%\">\n<p class=\"has-text-align-right\"><a href=\"https:\/\/goo.gl\/maps\/EGVjmjECPtvFhubj8\" target=\"_blank\" aria-label=\" (opens in a new tab)\" rel=\"noreferrer noopener\" class=\"ek-link\">Google Maps<\/a><\/p>\n<\/div>\n<\/div>\n\n\n<div class=\"wp-block-ub-divider ub_divider ub-divider-orientation-horizontal\" id=\"ub_divider_69917a89-20a6-4596-a973-db549a3b4991\"><div class=\"ub_divider_wrapper\" style=\"position: relative; margin-bottom: 2px; width: 100%; height: 2px; \" data-divider-alignment=\"center\"><div class=\"ub_divider_line\" style=\"border-top: 2px solid #ccc; margin-top: 2px; \"><\/div><\/div><\/div>\n\n\n<h4 class=\"wp-block-heading\" id=\"palazzo-santa-margherita\"><strong>Palazzo Santa Margherita<\/strong><\/h4>\n\n\n\n<p class=\"translation-block\">Palazzo Santa Margherita \u00e8 un palazzo neoclassico del diciannovesimo secolo che oggi funge da complesso museale e centro culturale. L'edificio ospita la <strong>Galleria Civica di Modena<\/strong>, una raccolta di opere d'arte che comprende migliaia di disegni e fotografie. Qui \u00e8 ospitato anche il <strong>Museo della Figurina<\/strong>, un museo che ospita una delle pi\u00f9 grandi collezioni di carte collezionabili al mondo, realizzato in collaborazione con la famosa casa editrice Panini.<\/p>\n\n\n\n<div class=\"wp-block-columns is-layout-flex wp-container-core-columns-is-layout-9d6595d7 wp-block-columns-is-layout-flex\">\n<div class=\"wp-block-column is-layout-flow wp-block-column-is-layout-flow\" style=\"flex-basis:85%\">\n<p>Indirizzo: Corso Canalgrande, 103, 41121 Modena MO<br>Coordinate: 44.6473, 10.9308<\/p>\n<\/div>\n\n\n\n<div class=\"wp-block-column is-layout-flow wp-block-column-is-layout-flow\" style=\"flex-basis:15%\">\n<p class=\"has-text-align-right\"><a href=\"https:\/\/goo.gl\/maps\/xLkPoMdD8Apb6V3J6\" target=\"_blank\" aria-label=\" (opens in a new tab)\" rel=\"noreferrer noopener\" class=\"ek-link\">Google Maps<\/a><\/p>\n<\/div>\n<\/div>\n\n\n<div class=\"wp-block-ub-divider ub_divider ub-divider-orientation-horizontal\" id=\"ub_divider_a74bb5be-6b79-4c90-8b39-35362a2d8bcd\"><div class=\"ub_divider_wrapper\" style=\"position: relative; margin-bottom: 2px; width: 100%; height: 2px; \" data-divider-alignment=\"center\"><div class=\"ub_divider_line\" style=\"border-top: 2px solid #ccc; margin-top: 2px; \"><\/div><\/div><\/div>\n\n\n<h4 class=\"wp-block-heading\" id=\"teatro-comunale-pavarotti-freni\"><strong>Teatro Comunale Pavarotti-Freni<\/strong><\/h4>\n\n\n\n<p>Il Teatro Comunale Pavarotti-Freni \u00e8 il principale teatro lirico di Modena, eretto nel corso dell'Ottocento e caratterizzato da interni riccamente decorati. Nel 2007 \u00e8 stato ribattezzato in onore del grande tenore modenese Luciano Pavarotti e nel 2021 \u00e8 stato aggiunto il nome di Mirella Freni, anch'essa originaria di Modena.<\/p>\n\n\n\n<div class=\"wp-block-columns is-layout-flex wp-container-core-columns-is-layout-9d6595d7 wp-block-columns-is-layout-flex\">\n<div class=\"wp-block-column is-layout-flow wp-block-column-is-layout-flow\" style=\"flex-basis:85%\">\n<p>Indirizzo: Via del Teatro, 8, 41121 Modena MO<br>Coordinate: 44.6468, 10.9304<\/p>\n<\/div>\n\n\n\n<div class=\"wp-block-column is-layout-flow wp-block-column-is-layout-flow\" style=\"flex-basis:15%\">\n<p class=\"has-text-align-right\"><a href=\"https:\/\/goo.gl\/maps\/Mveo92jb8P93PNtv5\" target=\"_blank\" aria-label=\" (opens in a new tab)\" rel=\"noreferrer noopener\" class=\"ek-link\">Google Maps<\/a><\/p>\n<\/div>\n<\/div>\n\n\n<div class=\"wp-block-ub-divider ub_divider ub-divider-orientation-horizontal\" id=\"ub_divider_673ab7ff-69b8-48e0-b9b3-63a6556a66c4\"><div class=\"ub_divider_wrapper\" style=\"position: relative; margin-bottom: 2px; width: 100%; height: 2px; \" data-divider-alignment=\"center\"><div class=\"ub_divider_line\" style=\"border-top: 2px solid #ccc; margin-top: 2px; \"><\/div><\/div><\/div>\n\n\n<h4 class=\"wp-block-heading\" id=\"church-of-santagostino\"><strong>Chiesa di Sant\u2019Agostino<\/strong><\/h4>\n\n\n\n<p>La Chiesa di Sant'Agostino \u00e8 una chiesa storica di Modena adiacente al Palazzo dei Musei. Fu eretta nel tardo Medioevo, ma fu pesantemente rimaneggiata nel corso del diciassettesimo secolo. Nonostante la sua facciata modesta, la chiesa presenta un interno estremamente elaborato, adornato da innumerevoli decorazioni, insieme a varie opere d'arte e affreschi.<\/p>\n\n\n\n<div class=\"wp-block-columns is-layout-flex wp-container-core-columns-is-layout-9d6595d7 wp-block-columns-is-layout-flex\">\n<div class=\"wp-block-column is-layout-flow wp-block-column-is-layout-flow\" style=\"flex-basis:85%\">\n<p>Indirizzo: Via Sant\u2019Agostino, 6, 41121 Modena MO<br>Coordinate: 44.6480, 10.9216<\/p>\n<\/div>\n\n\n\n<div class=\"wp-block-column is-layout-flow wp-block-column-is-layout-flow\" style=\"flex-basis:15%\">\n<p class=\"has-text-align-right\"><a href=\"https:\/\/goo.gl\/maps\/UteoHGtif4TfjTCbA\" target=\"_blank\" aria-label=\" (opens in a new tab)\" rel=\"noreferrer noopener\" class=\"ek-link\">Google Maps<\/a><\/p>\n<\/div>\n<\/div>\n\n\n<div class=\"wp-block-ub-divider ub_divider ub-divider-orientation-horizontal\" id=\"ub_divider_f9d416a4-2cdb-4480-9b11-fff3d85a92c0\"><div class=\"ub_divider_wrapper\" style=\"position: relative; margin-bottom: 2px; width: 100%; height: 2px; \" data-divider-alignment=\"center\"><div class=\"ub_divider_line\" style=\"border-top: 2px solid #ccc; margin-top: 2px; \"><\/div><\/div><\/div>\n\n\n<h4 class=\"wp-block-heading\" id=\"ex-ospedale-santagostino\"><strong>Ex Ospedale Sant&#8217;Agostino<\/strong><\/h4>\n\n\n\n<p class=\"translation-block\">L'Ex Ospedale Sant'Agostino \u00e8 uno storico ex ospedale situato di fronte alla Chiesa di Sant'Agostino e al Palazzo dei Musei, eretto nel diciottesimo secolo. Oggi ospita un centro culturale e alcune aree sono visitabili, come il <strong>Teatro Anatomico<\/strong> e l'adiacente <strong>Museo di Anatomia<\/strong>. Il complesso comprende anche la <strong>Farmacia Storica dell'Ospedale Sant'Agostino<\/strong>, una storica farmacia settecentesca con interni riccamente affrescati.<\/p>\n\n\n\n<div class=\"wp-block-columns is-layout-flex wp-container-core-columns-is-layout-9d6595d7 wp-block-columns-is-layout-flex\">\n<div class=\"wp-block-column is-layout-flow wp-block-column-is-layout-flow\" style=\"flex-basis:85%\">\n<p>Indirizzo: Largo Porta Sant\u2019Agostino 228, 41121 Modena MO<br>Coordinate: 44.6485, 10.9217<\/p>\n<\/div>\n\n\n\n<div class=\"wp-block-column is-layout-flow wp-block-column-is-layout-flow\" style=\"flex-basis:15%\">\n<p class=\"has-text-align-right\"><a href=\"https:\/\/goo.gl\/maps\/toPkhQegASzMhFSW9\" target=\"_blank\" aria-label=\" (opens in a new tab)\" rel=\"noreferrer noopener\" class=\"ek-link\">Google Maps<\/a><\/p>\n<\/div>\n<\/div>\n\n\n<div class=\"wp-block-ub-divider ub_divider ub-divider-orientation-horizontal\" id=\"ub_divider_0455b2f0-b1e0-45c8-bf83-aad7b2fab8c8\"><div class=\"ub_divider_wrapper\" style=\"position: relative; margin-bottom: 2px; width: 100%; height: 2px; \" data-divider-alignment=\"center\"><div class=\"ub_divider_line\" style=\"border-top: 2px solid #ccc; margin-top: 2px; \"><\/div><\/div><\/div>\n\n\n<h4 class=\"wp-block-heading\" id=\"archaeological-park-novi-ark\"><strong>Parco Archeologico Novi Ark<\/strong><\/h4>\n\n\n\n<p class=\"translation-block\">Novi Ark \u00e8 un sito archeologico situato a Modena, nei pressi dell'ottocentesco <strong>Foro Boario<\/strong>, un ex mercato del bestiame e caserma militare. La grande piazza dietro questo palazzo \u00e8 stata trasformata in un parcheggio sotterraneo tra il 2009 e il 2011, e durante gli scavi sono stati portati alla luce diversi resti archeologici. La maggior parte dei ritrovamenti risale all'et\u00e0 romana, mentre alcuni sono anche pi\u00f9 antichi. Alcune delle rovine sono ora visibili nella piazza, mentre il parcheggio sotterraneo ospita un'esposizione di centinaia di anfore romane.<\/p>\n\n\n\n<div class=\"wp-block-columns is-layout-flex wp-container-core-columns-is-layout-9d6595d7 wp-block-columns-is-layout-flex\">\n<div class=\"wp-block-column is-layout-flow wp-block-column-is-layout-flow\" style=\"flex-basis:85%\">\n<p>Indirizzo: Parco archeologico Novi Ark, 41121 Modena MO<br>Coordinate: 44.6511, 10.9226<\/p>\n<\/div>\n\n\n\n<div class=\"wp-block-column is-layout-flow wp-block-column-is-layout-flow\" style=\"flex-basis:15%\">\n<p class=\"has-text-align-right\"><a href=\"https:\/\/goo.gl\/maps\/ryLPDeycs9KQpEFL9\" target=\"_blank\" aria-label=\" (opens in a new tab)\" rel=\"noreferrer noopener\" class=\"ek-link\">Google Maps<\/a><\/p>\n<\/div>\n<\/div>","protected":false},"excerpt":{"rendered":"<p>&lt;&lt; Emilia-Romagna Modena is a city in Emilia-Romagna, located west of Bologna. Inhabited since ancient times, it emerged as one of the most important towns in Northern Italy under the Romans. After a period of decline, Modena became a free comune in the 12th century, and was later ruled by the Este family of Ferrara. When Ferrara became part of the Papal States, the Este moved their capital to Modena in 1598, and the Duchy of Modena and Reggio survived various wars before eventually falling with the Napoleonic invasion. The Duchy was re-established in 1814 under Austrian rule, and it joined Italy during the unification of the country. Modena is now an important industrial center, especially known for its car manufacturers, and it is also notable for its rich culture and famous gastronomic products. \u272a Modena Cathedral The Modena Cathedral (Duomo di Modena) is one of the greatest examples of Romanesque architecture in Italy. It was inaugurated in 1184 and features a really elaborate facade adorned with a large rose window and many 12th-century reliefs, which are among the best of their time. The interior of the church hosts numerous artworks and relics. The bell tower of the cathedral, known as Ghirlandina, is the most iconic landmark of Modena. Originally built in the 12th century, more floors were later added to this bell tower, reaching a height of 86 meters. Adjacent to the cathedral are the Musei del Duomo di Modena, an exhibition of various medieval and Renaissance artworks related to the church. The entire complex of the Modena Cathedral, along with the nearby Piazza Grande, is a UNESCO World Heritage Site. Address: Corso Duomo, 41121 Modena MOCoordinates: 44.6463, 10.9255 Google Maps \u272a Piazza Grande Piazza Grande is the main square of Modena, located south of the city&#8217;s cathedral. The eastern side is occupied by the large Palazzo Comunale, the town hall of Modena. This palace was built during the 17th century by gradually expanding some previous structures, and it features various frescoed hall. The bucket which was famously captured by Modena after winning a battle against Bologna in 1325 is also displayed in the palace. Address: Piazza Grande, 41121 Modena MOCoordinates: 44.6459, 10.9257 Google Maps \u272a Palazzo dei Musei Palazzo dei Musei is a museum complex in Modena which includes the Galleria Estense, the Civic Museum of Modena (Museo Civico di Modena), and a library. The Galleria Estense is a rich art gallery hosting the collection that once belonged to the Este family. This museum features mostly artworks from the Renaissance and the Modern age, including works by artists such as Raphael, Correggio, El Greco, Vel\u00e1zquez, and more. Another interesting piece of this collection is the Arpa Estense, a harp made in 1581. The Civic Museum instead features exhibitions mostly focused on the history of Modena, including various artworks, archaeological findings, and several scientific and musical instruments. This museum also houses an interesting ethnological collection with objects from all over the world. Address: Largo Porta Sant&#8217;Agostino, 337, 41121 Modena MOCoordinates: 44.6480, 10.9211 Google Maps \u272a Museo Casa Enzo Ferrari Museo Casa Enzo Ferrari is a museum in Modena focused on the life and work of Enzo Ferrari, the founder of car manufacturer Ferrari. The museum includes the former house and workshop of Enzo Ferrari, and a more modern exhibition center feauturing various historic automobiles and race cars. Address: Via Paolo Ferrari, 85, 41121 Modena MOCoordinates: 44.6521, 10.9363 Google Maps Ducal Palace of Modena The Ducal Palace of Modena (Palazzo Ducale di Modena) is a 17th-century palace that once served as the residence of the Este family when they ruled over the Duchy of Modena and Reggio. After the Italian unification, the palace became the seat of a military academy, which is still housed here to this day, along with a museum of weapons and military equipment. The facade of the palace features rich Baroque decorations, while its interior includes various frescoed halls. Address: Piazza Roma, 15, 41121 Modena MOCoordinates: 44.6485, 10.9291 Google Maps Botanical Garden of the University of Modena and Reggio Emilia The Botanical Garden of the University of Modena and Reggio Emilia (Orto Botanico dell&#8217;Universit\u00e0 di Modena e Reggio Emilia) is a historic botanical garden in Modena, opened in 1758. The garden includes an arboretum and various greenhouses, and it features numerous species of plants and trees. Address: Viale Caduti in Guerra, 127, 41121 Modena MOCoordinates: 44.6483, 10.9333 Google Maps Palazzo Santa Margherita Palazzo Santa Margherita is a 19th-century Neoclassical palace now serving as a museum complex and cultural center. The building houses the Civic Gallery of Modena (Galleria Civica di Modena), a collection of artworks which includes thousands of drawings and photographs. Also hosted here is the Museo della Figurina, a museum hosting one of the largest collections of collectible cards in the world, created in collaboration with the famous publisher Panini Group. Address: Corso Canalgrande, 103, 41121 Modena MOCoordinates: 44.6473, 10.9308 Google Maps Teatro Comunale Pavarotti-Freni The Teatro Comunale Pavarotti-Freni is the main opera house of Modena, erected during the 19th century and featuring richly decorated interiors. In 2007 it was renamed after the great tenor Luciano Pavarotti, who was a native of Modena, and in 2021 the name of Mirella Freni, who was also from Modena, was added. Address: Via del Teatro, 8, 41121 Modena MOCoordinates: 44.6468, 10.9304 Google Maps Church of Sant&#8217;Agostino The Church of Sant&#8217;Agostino is a historic church in Modena adjacent to Palazzo dei Musei. It was erected in the Late Middle Ages, but it was heavily reworked during the 17th century. Despite its unassuming facade, the church features an extremely elaborate interior, which is adorned with countless decorations, along with several artworks and frescoes. Address: Via Sant&#8217;Agostino, 6, 41121 Modena MOCoordinates: 44.6480, 10.9216 Google Maps Ex Ospedale Sant&#8217;Agostino Ex Ospedale Sant&#8217;Agostino is a historic former hospital located in front of the Church of Sant&#8217;Agostino and Palazzo dei Musei, erected in the 18th century. Now it houses a cultural center and some areas can be visited, such as the Anatomical&#8230;<\/p>","protected":false},"author":1,"featured_media":0,"parent":932,"menu_order":0,"comment_status":"closed","ping_status":"closed","template":"","meta":{"_editorskit_title_hidden":false,"_editorskit_reading_time":4,"_editorskit_is_block_options_detached":false,"_editorskit_block_options_position":"{}","om_disable_all_campaigns":false,"_uag_custom_page_level_css":"","advgb_blocks_editor_width":"","advgb_blocks_columns_visual_guide":"","_monsterinsights_skip_tracking":false,"_monsterinsights_sitenote_active":false,"_monsterinsights_sitenote_note":"","_monsterinsights_sitenote_category":0,"footnotes":""},"class_list":["post-3237","page","type-page","status-publish","hentry"],"aioseo_notices":[],"featured_image_src":null,"uagb_featured_image_src":{"full":false,"thumbnail":false,"medium":false,"medium_large":false,"large":false,"1536x1536":false,"2048x2048":false,"trp-custom-language-flag":false,"xs-thumb":false,"post-thumbnail":false,"minimalistblogger-grid":false,"minimalistblogger-slider":false,"minimalistblogger-small":false},"uagb_author_info":{"display_name":"Stefano Cammisa","author_link":"https:\/\/www.cosmundus.com\/it\/author\/stefano-cammisa\/"},"uagb_comment_info":0,"uagb_excerpt":"&lt;&lt; Emilia-Romagna Modena is a city in Emilia-Romagna, located west of Bologna. Inhabited since ancient times, it emerged as one of the most important towns in Northern Italy under the Romans. After a period of decline, Modena became a free comune in the 12th century, and was later ruled by the Este family of Ferrara.&hellip;","coauthors":[],"author_meta":{"author_link":"https:\/\/www.cosmundus.com\/it\/author\/stefano-cammisa\/","display_name":"Stefano Cammisa"},"relative_dates":{"created":"Pubblicato 3 anni fa","modified":"Aggiornato 2 anni fa"},"absolute_dates":{"created":"Pubblicato il 9 Marzo 2023","modified":"Aggiornato il 28 Febbraio 2024"},"absolute_dates_time":{"created":"Pubblicato il 9 Marzo 2023 10:36 am","modified":"Aggiornato il 28 Febbraio 2024 9:50 am"},"featured_img_caption":"","featured_img":false,"series_order":"","_links":{"self":[{"href":"https:\/\/www.cosmundus.com\/it\/wp-json\/wp\/v2\/pages\/3237","targetHints":{"allow":["GET"]}}],"collection":[{"href":"https:\/\/www.cosmundus.com\/it\/wp-json\/wp\/v2\/pages"}],"about":[{"href":"https:\/\/www.cosmundus.com\/it\/wp-json\/wp\/v2\/types\/page"}],"author":[{"embeddable":true,"href":"https:\/\/www.cosmundus.com\/it\/wp-json\/wp\/v2\/users\/1"}],"replies":[{"embeddable":true,"href":"https:\/\/www.cosmundus.com\/it\/wp-json\/wp\/v2\/comments?post=3237"}],"version-history":[{"count":14,"href":"https:\/\/www.cosmundus.com\/it\/wp-json\/wp\/v2\/pages\/3237\/revisions"}],"predecessor-version":[{"id":9513,"href":"https:\/\/www.cosmundus.com\/it\/wp-json\/wp\/v2\/pages\/3237\/revisions\/9513"}],"up":[{"embeddable":true,"href":"https:\/\/www.cosmundus.com\/it\/wp-json\/wp\/v2\/pages\/932"}],"wp:attachment":[{"href":"https:\/\/www.cosmundus.com\/it\/wp-json\/wp\/v2\/media?parent=3237"}],"curies":[{"name":"wp","href":"https:\/\/api.w.org\/{rel}","templated":true}]}}