{"id":1488,"date":"2023-01-23T14:46:40","date_gmt":"2023-01-23T13:46:40","guid":{"rendered":"https:\/\/www.cosmundus.com\/?page_id=1488"},"modified":"2024-02-20T12:24:34","modified_gmt":"2024-02-20T11:24:34","slug":"verona","status":"publish","type":"page","link":"https:\/\/www.cosmundus.com\/it\/destinations\/verona\/","title":{"rendered":"Verona"},"content":{"rendered":"<p class=\"has-text-align-right\">&lt;&lt; <a href=\"https:\/\/www.cosmundus.com\/it\/atlas\/europe\/southern-europe\/italy\/northeast-italy\/veneto\/\" class=\"ek-link\">Veneto<\/a><\/p>\n\n\n\n<p class=\"translation-block\">Verona \u00e8 sempre stata un centro di arte e cultura e una citt\u00e0 fiorente sin dai tempi dei Romani. Uno dei motivi del suo successo \u00e8 la sua posizione lungo il fiume Adige, vicino alle montagne e al Lago di Garda, all'incrocio di varie strade. Anche dopo la caduta dell'Impero Romano d'Occidente, Verona rimase una delle citt\u00e0 pi\u00f9 importanti del Nord Italia. Nel 1135 Verona divent\u00f2 un comune indipendente, e in seguito divenne una signoria, governando vari territori dell'Italia settentrionale, ma alla fine fu sconfitta e sottomessa a <a href=\"https:\/\/www.cosmundus.com\/it\/destinations\/venice\/\" class=\"ek-link\" target=\"_self\">Venezia<\/a> nel 1405. Verona continu\u00f2 a fiorire per i secoli successivi, nonostante la devastante epidemia di peste del 1630 e, dopo un periodo di occupazione austriaca, entr\u00f2 a far parte dell'Italia nel 1866. Verona \u00e8 oggi conosciuta in tutto il mondo per essere il luogo in cui \u00e8 ambientata la tragedia di Shakespeare <em>Romeo e Giulietta<\/em>, ed \u00e8 un'importante meta turistica anche grazie alle sue numerose notevoli attrazioni, opere d'arte e festival.<\/p>\n\n\n<div style=\"border: 1px solid #8ed1fc; border-radius: 0%; background-color: inherit; \" class=\"ub-styled-box ub-bordered-box wp-block-ub-styled-box\" id=\"ub-styled-box-c40e822e-04fa-4b5e-92dd-bc8ecf1d211a\">\n<p class=\"has-medium-font-size\" id=\"ub-styled-box-bordered-content-0de750d5-a38b-413f-b3bc-27b81f2689bc\">Posti da vedere a Verona<\/p>\n\n\n<div class=\"wp-block-aioseo-table-of-contents\"><ul><li><a class=\"aioseo-toc-item\" href=\"#verona-arena\">\u272a Arena di Verona<\/a><\/li><li><a class=\"aioseo-toc-item\" href=\"#piazza-delle-erbe\">\u272a Piazza delle Erbe<\/a><\/li><li><a class=\"aioseo-toc-item\" href=\"#palazzo-della-ragione\">\u272a Palazzo della Ragione<\/a><\/li><li><a class=\"aioseo-toc-item\" href=\"#piazza-dei-signori\">\u272a Piazza dei Signori<\/a><\/li><li><a class=\"aioseo-toc-item\" href=\"#scaliger-tombs\">\u272a Arche Scaligere<\/a><\/li><li><a class=\"aioseo-toc-item\" href=\"#verona-cathedral\">\u272a Duomo di Verona<\/a><\/li><li><a class=\"aioseo-toc-item\" href=\"#castelvecchio\">\u272a Castelvecchio<\/a><\/li><li><a class=\"aioseo-toc-item\" href=\"#roman-theater-of-verona\">\u272a Teatro Romano di Verona<\/a><\/li><li><a class=\"aioseo-toc-item\" href=\"#basilica-of-san-zeno-maggiore\">\u272a Basilica di San Zeno Maggiore<\/a><\/li><li><a class=\"aioseo-toc-item\" href=\"#basilica-of-santa-anastasia\">Basilica di Santa Anastasia<\/a><\/li><li><a class=\"aioseo-toc-item\" href=\"#chapter-library-of-verona\">Biblioteca Capitolare di Verona<\/a><\/li><li><a class=\"aioseo-toc-item\" href=\"#arco-dei-gavi\">Arco dei Gavi<\/a><\/li><li><a class=\"aioseo-toc-item\" href=\"#castelvecchio-bridge\">Ponte di Castelvecchio<\/a><\/li><li><a class=\"aioseo-toc-item\" href=\"#ponte-pietra\">Ponte Pietra<\/a><\/li><li><a class=\"aioseo-toc-item\" href=\"#piazza-bra\">Piazza Bra<\/a><\/li><li><a class=\"aioseo-toc-item\" href=\"#teatro-filarmonico\">Teatro Filarmonico<\/a><\/li><li><a class=\"aioseo-toc-item\" href=\"#museo-lapidario-maffeiano\">Museo Lapidario Maffeiano<\/a><\/li><li><a class=\"aioseo-toc-item\" href=\"#house-of-juliet\">Casa di Giulietta<\/a><\/li><li><a class=\"aioseo-toc-item\" href=\"#museo-degli-affreschi-gb-cavalcaselle-alla-tomba-di-giulietta\">Museo degli Affreschi &#8220;G.B. Cavalcaselle&#8221; alla Tomba di Giulietta<\/a><\/li><li><a class=\"aioseo-toc-item\" href=\"#porta-borsari\">Porta Borsari<\/a><\/li><li><a class=\"aioseo-toc-item\" href=\"#church-of-san-fermo-maggiore\">Chiesa di San Fermo Maggiore<\/a><\/li><li><a class=\"aioseo-toc-item\" href=\"#giardino-giusti\">Giardino Giusti<\/a><\/li><li><a class=\"aioseo-toc-item\" href=\"#castel-san-pietro\">Castel San Pietro<\/a><\/li><li><a class=\"aioseo-toc-item\" href=\"#natural-history-museum\">Museo di Storia Naturale<\/a><\/li><li><a class=\"aioseo-toc-item\" href=\"#parco-delle-mura\">Parco delle Mura<\/a><\/li><\/ul><\/div>\n\n<\/div>\n\n\n<h4 class=\"wp-block-heading\" id=\"verona-arena\"><strong>\u272a Arena di Verona<\/strong><\/h4>\n\n\n\n<p class=\"translation-block\">L'Arena di Verona \u00e8 uno degli anfiteatri romani meglio conservati ed \u00e8 tuttora utilizzato per ospitare spettacoli e concerti. Fu costruito nel primo secolo e poteva ospitare fino a 30.000 spettatori. Usato poi per scopi militari, \u00e8 sopravvissuto a guerre, alluvioni, terremoti e tentativi di demolizione. L'arena fu restaurata durante il Rinascimento e successivamente inizi\u00f2 ad essere utilizzata per ospitare eventi di vario genere. Nel ventesimo secolo \u00e8 diventata una rinomata sede per spettacoli teatrali e concerti all'aperto, e da allora ha ospitato anche eventi sportivi.<\/p>\n\n\n\n<div class=\"wp-block-columns is-layout-flex wp-container-core-columns-is-layout-9d6595d7 wp-block-columns-is-layout-flex\">\n<div class=\"wp-block-column is-layout-flow wp-block-column-is-layout-flow\" style=\"flex-basis:85%\">\n<p>Indirizzo: P.za Bra, 1, 37121 Verona VR<br>Coordinate: 45.4390, 10.9944<\/p>\n<\/div>\n\n\n\n<div class=\"wp-block-column is-layout-flow wp-block-column-is-layout-flow\" style=\"flex-basis:15%\">\n<p class=\"has-text-align-right\"><a href=\"https:\/\/goo.gl\/maps\/TurRE4Lg2oki24ro8\" target=\"_blank\" aria-label=\" (opens in a new tab)\" rel=\"noreferrer noopener\" class=\"ek-link\">Google Maps<\/a><\/p>\n<\/div>\n<\/div>\n\n\n<div class=\"wp-block-ub-divider ub_divider ub-divider-orientation-horizontal\" id=\"ub_divider_7f976ca8-13ad-410b-9b6c-922acc3057f2\"><div class=\"ub_divider_wrapper\" style=\"position: relative; margin-bottom: 2px; width: 100%; height: 2px; \" data-divider-alignment=\"center\"><div class=\"ub_divider_line\" style=\"border-top: 2px solid #ccc; margin-top: 2px; \"><\/div><\/div><\/div>\n\n\n<h4 class=\"wp-block-heading\" id=\"piazza-delle-erbe\"><strong>\u272a Piazza delle Erbe<\/strong><\/h4>\n\n\n\n<p class=\"translation-block\">Piazza delle Erbe \u00e8 la storica piazza principale di Verona, sorta sul sito dell'antico foro romano. Il centro di Piazza delle Erbe \u00e8 occupato dalla <strong>Fontana di Madonna Verona<\/strong>, una statua del quarto secolo con aggiunte medievali, e la piazza \u00e8 circondata su tutti i lati da magnifici edifici storici. Il lato orientale \u00e8 dominato dal Palazzo della Ragione e dalle <strong>Case Mazzanti<\/strong>, un gruppo di case medievali affrescate con affreschi cinquecenteschi. Palazzo della Ragione \u00e8 collegato a Case Mazzanti tramite l'<strong>Arco della Costa<\/strong>, un arco sul quale \u00e8 appeso un osso di balena. L'elaborata facciata barocca di <strong>Palazzo Maffei<\/strong> chiude il lato settentrionale della piazza con l'attigua torre medievale detta <strong>Torre Gardello<\/strong>. Lungo il lato occidentale della piazza si trova invece la loggia trecentesca della <strong>Domus Mercatorum<\/strong>, che un tempo ospitava i mercanti della citt\u00e0.<\/p>\n\n\n\n<div class=\"wp-block-columns is-layout-flex wp-container-core-columns-is-layout-9d6595d7 wp-block-columns-is-layout-flex\">\n<div class=\"wp-block-column is-layout-flow wp-block-column-is-layout-flow\" style=\"flex-basis:85%\">\n<p>Indirizzo: Piazza delle Erbe, 37121 Verona VR<br>Coordinate: 45.4431, 10.9972<\/p>\n<\/div>\n\n\n\n<div class=\"wp-block-column is-layout-flow wp-block-column-is-layout-flow\" style=\"flex-basis:15%\">\n<p class=\"has-text-align-right\"><a href=\"https:\/\/goo.gl\/maps\/3yjRTGjyQcv9sxPR8\" target=\"_blank\" aria-label=\" (opens in a new tab)\" rel=\"noreferrer noopener\" class=\"ek-link\">Google Maps<\/a><\/p>\n<\/div>\n<\/div>\n\n\n<div class=\"wp-block-ub-divider ub_divider ub-divider-orientation-horizontal\" id=\"ub_divider_266dcb0b-3935-4db2-a37e-a848a377845b\"><div class=\"ub_divider_wrapper\" style=\"position: relative; margin-bottom: 2px; width: 100%; height: 2px; \" data-divider-alignment=\"center\"><div class=\"ub_divider_line\" style=\"border-top: 2px solid #ccc; margin-top: 2px; \"><\/div><\/div><\/div>\n\n\n<h4 class=\"wp-block-heading\" id=\"palazzo-della-ragione\"><strong><strong><strong>\u272a <\/strong>Palazzo della Ragione<\/strong><\/strong><\/h4>\n\n\n\n<p class=\"translation-block\">Tra Piazza delle Erbe e Piazza dei Signori si erge l'imponente Palazzo della Ragione. La maggior parte del palazzo fu costruita alla fine del dodicesimo secolo ed \u00e8 stato ampliato numerose volte. In cima al Palazzo della Ragione si erge l'alta <strong>Torre dei Lamberti<\/strong>, torre medievale e uno dei simboli della citt\u00e0. Nel cortile interno si trova la <strong>Scala della Ragione<\/strong>, uno scalone rinascimentale decorato, mentre la <strong>Cappella dei Notai<\/strong>, riccamente ornata, \u00e8 la sala pi\u00f9 notevole nel palazzo. Palazzo della Ragione ha ospitato nei secoli uffici governativi e giudiziari, ma oggi ospita la <strong>Galleria d'Arte Moderna Achille Forti<\/strong>, una ricca collezione di opere d'arte dell'Ottocento e Novecento.<\/p>\n\n\n\n<div class=\"wp-block-columns is-layout-flex wp-container-core-columns-is-layout-9d6595d7 wp-block-columns-is-layout-flex\">\n<div class=\"wp-block-column is-layout-flow wp-block-column-is-layout-flow\" style=\"flex-basis:85%\">\n<p>Indirizzo: Cortile Del Mercato Vecchio, 10, 37121 Verona VR<br>Coordinate: 45.4431, 10.9978<\/p>\n<\/div>\n\n\n\n<div class=\"wp-block-column is-layout-flow wp-block-column-is-layout-flow\" style=\"flex-basis:15%\">\n<p class=\"has-text-align-right\"><a href=\"https:\/\/goo.gl\/maps\/M2buDjDBmqy9tzU76\" target=\"_blank\" aria-label=\" (opens in a new tab)\" rel=\"noreferrer noopener\" class=\"ek-link\">Google Maps<\/a><\/p>\n<\/div>\n<\/div>\n\n\n<div class=\"wp-block-ub-divider ub_divider ub-divider-orientation-horizontal\" id=\"ub_divider_c24ef867-8bf3-4fa5-ad84-32e7bcdf4996\"><div class=\"ub_divider_wrapper\" style=\"position: relative; margin-bottom: 2px; width: 100%; height: 2px; \" data-divider-alignment=\"center\"><div class=\"ub_divider_line\" style=\"border-top: 2px solid #ccc; margin-top: 2px; \"><\/div><\/div><\/div>\n\n\n<h4 class=\"wp-block-heading\" id=\"piazza-dei-signori\"><strong>\u272a Piazza dei Signori<\/strong><\/h4>\n\n\n\n<p class=\"translation-block\">Piazza dei Signori \u00e8 una piazza storica dominata dal <strong>Monumento a Dante<\/strong> che si erge al centro, ed \u00e8 circondata da importanti edifici. La rinascimentale <strong>Loggia del Consiglio<\/strong> \u00e8 collegata all'imponente <strong>Palazzo del Podest\u00e0<\/strong> medievale, gi\u00e0 sede del potere locale, decorato da un elaborato portale realizzato nel 1533. La Loggia del Consiglio e il Palazzo della Podest\u00e0 insieme occupano i lati settentrionale e orientale di Piazza dei Signori, mentre il <strong>Palazzo di Cansignorio<\/strong> (noto anche come <strong>Palazzo del Capitanio<\/strong>) si trova a sud-est. Originariamente costruito nel Medioevo, questo palazzo \u00e8 stato pi\u00f9 volte rimaneggiato, ma conserva la sua originale torre medievale. Accanto al Palazzo di Cansignorio si trova il Palazzo della Ragione.<\/p>\n\n\n\n<div class=\"wp-block-columns is-layout-flex wp-container-core-columns-is-layout-9d6595d7 wp-block-columns-is-layout-flex\">\n<div class=\"wp-block-column is-layout-flow wp-block-column-is-layout-flow\" style=\"flex-basis:85%\">\n<p>Indirizzo: Piazza dei Signori, 37121 Verona VR<br>Coordinate: 45.4435, 10.9982<\/p>\n<\/div>\n\n\n\n<div class=\"wp-block-column is-layout-flow wp-block-column-is-layout-flow\" style=\"flex-basis:15%\">\n<p class=\"has-text-align-right\"><a href=\"https:\/\/goo.gl\/maps\/u4rsAvB3dg2Tshe77\" target=\"_blank\" aria-label=\" (opens in a new tab)\" rel=\"noreferrer noopener\" class=\"ek-link\">Google Maps<\/a><\/p>\n<\/div>\n<\/div>\n\n\n<div class=\"wp-block-ub-divider ub_divider ub-divider-orientation-horizontal\" id=\"ub_divider_768084c1-0cc9-4837-875f-c223268e28fc\"><div class=\"ub_divider_wrapper\" style=\"position: relative; margin-bottom: 2px; width: 100%; height: 2px; \" data-divider-alignment=\"center\"><div class=\"ub_divider_line\" style=\"border-top: 2px solid #ccc; margin-top: 2px; \"><\/div><\/div><\/div>\n\n\n<h4 class=\"wp-block-heading\" id=\"scaliger-tombs\"><strong>\u272a Arche Scaligere<\/strong><\/h4>\n\n\n\n<p class=\"translation-block\">Le Arche Scaligere sono cinque elaborati monumenti funerari che sorgono accanto alla romanica <strong>Chiesa di Santa Maria Antica<\/strong>. Queste tombe gotiche furono costruite durante il quattordicesimo secolo per onorare alcuni membri della famiglia regnante degli Scaligeri e presentano varie decorazioni e sculture. Delle cinque tombe, due sono collocate sulle pareti esterne della chiesa, mentre le altre sono monumenti separati con un sarcofago coperto da un baldacchino.<\/p>\n\n\n\n<div class=\"wp-block-columns is-layout-flex wp-container-core-columns-is-layout-9d6595d7 wp-block-columns-is-layout-flex\">\n<div class=\"wp-block-column is-layout-flow wp-block-column-is-layout-flow\" style=\"flex-basis:85%\">\n<p>Indirizzo: Via S. Maria Antica, 4, 37121 Verona VR<br>Coordinate: 45.4436, 10.9988<\/p>\n<\/div>\n\n\n\n<div class=\"wp-block-column is-layout-flow wp-block-column-is-layout-flow\" style=\"flex-basis:15%\">\n<p class=\"has-text-align-right\"><a href=\"https:\/\/goo.gl\/maps\/cYAuBeRBssiSaaXTA\" target=\"_blank\" aria-label=\" (opens in a new tab)\" rel=\"noreferrer noopener\" class=\"ek-link\">Google Maps<\/a><\/p>\n<\/div>\n<\/div>\n\n\n<div class=\"wp-block-ub-divider ub_divider ub-divider-orientation-horizontal\" id=\"ub_divider_a9648a67-eb2c-419b-9ff3-338660168f5d\"><div class=\"ub_divider_wrapper\" style=\"position: relative; margin-bottom: 2px; width: 100%; height: 2px; \" data-divider-alignment=\"center\"><div class=\"ub_divider_line\" style=\"border-top: 2px solid #ccc; margin-top: 2px; \"><\/div><\/div><\/div>\n\n\n<h4 class=\"wp-block-heading\" id=\"verona-cathedral\"><strong><strong><strong>\u272a <\/strong>Duomo di Verona<\/strong><\/strong><\/h4>\n\n\n\n<p class=\"translation-block\">Il principale edificio religioso di Verona \u00e8 il grande Duomo, un'imponente chiesa romanica. Fu eretta nel dodicesimo secolo, dopo che un terremoto distrusse il precedente edificio paleocristiano e presenta una facciata decorata. L'interno \u00e8 riccamente adornato con opere d'arte rinascimentali e barocche, tra cui un dipinto di Tiziano. Il Duomo di Verona \u00e8 al centro di un grande complesso religioso. Dietro l'abside si trovano il romanico <strong>Battistero di San Giovanni in Fonte<\/strong>, e <strong>Palazzo del Vescovado<\/strong>, sede della locale diocesi, mentre la medievale <strong>Chiesa di Sant'Elena<\/strong> si trova a lato dell'edificio principale. Questa chiesa e il battistero sono collegati con la cattedrale e tra loro tramite il decorato <strong>Portico di Santa Maria Matricolare<\/strong>. Del complesso fa parte anche la Biblioteca Capitolare di Verona.<\/p>\n\n\n\n<div class=\"wp-block-columns is-layout-flex wp-container-core-columns-is-layout-9d6595d7 wp-block-columns-is-layout-flex\">\n<div class=\"wp-block-column is-layout-flow wp-block-column-is-layout-flow\" style=\"flex-basis:85%\">\n<p>Indirizzo: Piazza Duomo, 37121 Verona VR<br>Coordinate: 45.4471, 10.9968<\/p>\n<\/div>\n\n\n\n<div class=\"wp-block-column is-layout-flow wp-block-column-is-layout-flow\" style=\"flex-basis:15%\">\n<p class=\"has-text-align-right\"><a href=\"https:\/\/goo.gl\/maps\/4zQRT2DLut5fs4E36\" target=\"_blank\" aria-label=\" (opens in a new tab)\" rel=\"noreferrer noopener\" class=\"ek-link\">Google Maps<\/a><\/p>\n<\/div>\n<\/div>\n\n\n<div class=\"wp-block-ub-divider ub_divider ub-divider-orientation-horizontal\" id=\"ub_divider_4e739d09-d708-4872-b432-4ebef683faeb\"><div class=\"ub_divider_wrapper\" style=\"position: relative; margin-bottom: 2px; width: 100%; height: 2px; \" data-divider-alignment=\"center\"><div class=\"ub_divider_line\" style=\"border-top: 2px solid #ccc; margin-top: 2px; \"><\/div><\/div><\/div>\n\n\n<h4 class=\"wp-block-heading\" id=\"castelvecchio\"><strong><strong><strong>\u272a <\/strong>Castelvecchio<\/strong><\/strong><\/h4>\n\n\n\n<p class=\"translation-block\">Castelvecchio \u00e8 un grande castello che si trova lungo il fiume Adige a Verona. Fu edificato nel quattordicesimo secolo al tempo della signoria governata da Cangrande II della Scala. Dopo il Medioevo il castello and\u00f2 lentamente in declino fino al suo restauro nel ventesimo secolo. Oggi Castelvecchio ospita il ricco <strong>Museo di Castelvecchio<\/strong>, una raccolta di dipinti, sculture e armi di diversi secoli. Il castello \u00e8 collegato all'altra sponda dell'Adige tramite il Ponte di Castelvecchio.<\/p>\n\n\n\n<div class=\"wp-block-columns is-layout-flex wp-container-core-columns-is-layout-9d6595d7 wp-block-columns-is-layout-flex\">\n<div class=\"wp-block-column is-layout-flow wp-block-column-is-layout-flow\" style=\"flex-basis:85%\">\n<p>Indirizzo: Corso Castelvecchio, 2, 37121 Verona VR<br>Coordinate: 45.4397, 10.9878<\/p>\n<\/div>\n\n\n\n<div class=\"wp-block-column is-layout-flow wp-block-column-is-layout-flow\" style=\"flex-basis:15%\">\n<p class=\"has-text-align-right\"><a href=\"https:\/\/goo.gl\/maps\/FLy8mhM4AngorvZj6\" target=\"_blank\" aria-label=\" (opens in a new tab)\" rel=\"noreferrer noopener\" class=\"ek-link\">Google Maps<\/a><\/p>\n<\/div>\n<\/div>\n\n\n<div class=\"wp-block-ub-divider ub_divider ub-divider-orientation-horizontal\" id=\"ub_divider_aeaa2b9f-619a-41e4-b659-ad9365dc9a2d\"><div class=\"ub_divider_wrapper\" style=\"position: relative; margin-bottom: 2px; width: 100%; height: 2px; \" data-divider-alignment=\"center\"><div class=\"ub_divider_line\" style=\"border-top: 2px solid #ccc; margin-top: 2px; \"><\/div><\/div><\/div>\n\n\n<h4 class=\"wp-block-heading\" id=\"roman-theater-of-verona\"><strong><strong><strong>\u272a <\/strong>Teatro Romano di Verona<\/strong><\/strong><\/h4>\n\n\n\n<p class=\"translation-block\">Il Teatro Romano di Verona \u00e8 una delle strutture meglio conservate del suo genere nel Nord Italia. Si trova lungo il fiume Adige e fu costruito nel primo secolo a.C.. Dopo essere stato abbandonato per secoli, fu restaurato nell'Ottocento. Ora fa parte del <strong>Museo Archeologico al Teatro Romano<\/strong>, che ospita una vasta collezione di reperti archeologici, per lo pi\u00f9 di epoca romana. Del complesso fa parte anche la <strong>Chiesa dei Santi Siro e Libera<\/strong>, edificata in epoca medievale su parte del teatro.<\/p>\n\n\n\n<div class=\"wp-block-columns is-layout-flex wp-container-core-columns-is-layout-9d6595d7 wp-block-columns-is-layout-flex\">\n<div class=\"wp-block-column is-layout-flow wp-block-column-is-layout-flow\" style=\"flex-basis:85%\">\n<p>Indirizzo: Rigaste Redentore, 2, 37129 Verona VR<br>Coordinate: 45.4474, 11.0017<\/p>\n<\/div>\n\n\n\n<div class=\"wp-block-column is-layout-flow wp-block-column-is-layout-flow\" style=\"flex-basis:15%\">\n<p class=\"has-text-align-right\"><a href=\"https:\/\/goo.gl\/maps\/morqhUa8zjWL2Bub9\" target=\"_blank\" aria-label=\" (opens in a new tab)\" rel=\"noreferrer noopener\" class=\"ek-link\">Google Maps<\/a><\/p>\n<\/div>\n<\/div>\n\n\n<div class=\"wp-block-ub-divider ub_divider ub-divider-orientation-horizontal\" id=\"ub_divider_c4af57a2-b1f8-4204-aea7-94731605ab52\"><div class=\"ub_divider_wrapper\" style=\"position: relative; margin-bottom: 2px; width: 100%; height: 2px; \" data-divider-alignment=\"center\"><div class=\"ub_divider_line\" style=\"border-top: 2px solid #ccc; margin-top: 2px; \"><\/div><\/div><\/div>\n\n\n<h4 class=\"wp-block-heading\" id=\"basilica-of-san-zeno-maggiore\"><strong><strong><strong>\u272a <\/strong>Basilica di San Zeno Maggiore<\/strong><\/strong><\/h4>\n\n\n\n<p class=\"translation-block\">La Basilica di San Zeno Maggiore \u00e8 uno dei principali luoghi religiosi di Verona e un capolavoro dell'architettura romanica. Fu edificata a partire dal decimo secolo in sostituzione di un precedente edificio paleocristiano, e successivamente rimaneggiata con aggiunte gotiche e rinascimentali. La chiesa presenta diverse splendide decorazioni sia all'esterno che all'interno. L'interno comprende un'antica cripta e numerose opere d'arte, in particolare la <em>Pala di San Zeno<\/em> di Andrea Mantegna. Un tempo accanto alla chiesa si trovava un monastero, ma ora sopravvivono solo il chiostro e una torre medievale.<\/p>\n\n\n\n<div class=\"wp-block-columns is-layout-flex wp-container-core-columns-is-layout-9d6595d7 wp-block-columns-is-layout-flex\">\n<div class=\"wp-block-column is-layout-flow wp-block-column-is-layout-flow\" style=\"flex-basis:85%\">\n<p>Indirizzo: Piazza San Zeno, 2, 37123 Verona VR<br>Coordinate: 45.4425, 10.9789<\/p>\n<\/div>\n\n\n\n<div class=\"wp-block-column is-layout-flow wp-block-column-is-layout-flow\" style=\"flex-basis:15%\">\n<p class=\"has-text-align-right\"><a href=\"https:\/\/goo.gl\/maps\/ExypcZyPYv5wFf1o8\" target=\"_blank\" aria-label=\" (opens in a new tab)\" rel=\"noreferrer noopener\" class=\"ek-link\">Google Maps<\/a><\/p>\n<\/div>\n<\/div>\n\n\n<div class=\"wp-block-ub-divider ub_divider ub-divider-orientation-horizontal\" id=\"ub_divider_5ba04976-474c-4b9c-9302-03ada5d10220\"><div class=\"ub_divider_wrapper\" style=\"position: relative; margin-bottom: 2px; width: 100%; height: 2px; \" data-divider-alignment=\"center\"><div class=\"ub_divider_line\" style=\"border-top: 2px solid #ccc; margin-top: 2px; \"><\/div><\/div><\/div>\n\n\n<h4 class=\"wp-block-heading\" id=\"basilica-of-santa-anastasia\"><strong><strong>Basilica di Santa Anastasia<\/strong><\/strong><\/h4>\n\n\n\n<p class=\"translation-block\">La Basilica di Santa Anastasia \u00e8 una massiccia chiesa gotica medievale nel centro di Verona, per lo pi\u00f9 costruita tra il tredicesimo e il quindicesimo secolo. La facciata incompiuta \u00e8 ornata da un elaborato portale, mentre l'interno ospita diverse decorazioni e monumenti degni di nota. L'opera d'arte pi\u00f9 notevole della Basilica di Santa Anastasia \u00e8 <em>San Giorgio e la Principessa<\/em> del Pisanello, un capolavoro della pittura gotica.<\/p>\n\n\n\n<div class=\"wp-block-columns is-layout-flex wp-container-core-columns-is-layout-9d6595d7 wp-block-columns-is-layout-flex\">\n<div class=\"wp-block-column is-layout-flow wp-block-column-is-layout-flow\" style=\"flex-basis:85%\">\n<p>Indirizzo: Piazza S.Anastasia, 37121 Verona VR<br>Coordinate: 45.4451, 10.9996<\/p>\n<\/div>\n\n\n\n<div class=\"wp-block-column is-layout-flow wp-block-column-is-layout-flow\" style=\"flex-basis:15%\">\n<p class=\"has-text-align-right\"><a href=\"https:\/\/goo.gl\/maps\/HWPiaUy7PNdJNYYm9\" target=\"_blank\" aria-label=\" (opens in a new tab)\" rel=\"noreferrer noopener\" class=\"ek-link\">Google Maps<\/a><\/p>\n<\/div>\n<\/div>\n\n\n<div class=\"wp-block-ub-divider ub_divider ub-divider-orientation-horizontal\" id=\"ub_divider_64eb5372-e66e-4318-a8ca-1041af9f956e\"><div class=\"ub_divider_wrapper\" style=\"position: relative; margin-bottom: 2px; width: 100%; height: 2px; \" data-divider-alignment=\"center\"><div class=\"ub_divider_line\" style=\"border-top: 2px solid #ccc; margin-top: 2px; \"><\/div><\/div><\/div>\n\n\n<h4 class=\"wp-block-heading\" id=\"chapter-library-of-verona\"><strong><strong>Biblioteca Capitolare di Verona<\/strong><\/strong><\/h4>\n\n\n\n<p class=\"translation-block\">La Biblioteca Capitolare di Verona \u00e8 considerata la pi\u00f9 antica biblioteca al mondo aperta ancora oggi. \u00c8 ospitata in un edificio adiacente al Duomo di Verona e la sua storia potrebbe essere iniziata durante gli ultimi decenni dell'Impero Romano d'Occidente. La biblioteca ospita una ricca raccolta di documenti antichi, il pi\u00f9 antico dei quali risale all'anno 517. La biblioteca conserva anche l'Indovinello veronese, raro esempio di documento in lingua tardo volgare\/protoromanza redatto nell'ottavo o nono secolo.<\/p>\n\n\n\n<div class=\"wp-block-columns is-layout-flex wp-container-core-columns-is-layout-9d6595d7 wp-block-columns-is-layout-flex\">\n<div class=\"wp-block-column is-layout-flow wp-block-column-is-layout-flow\" style=\"flex-basis:85%\">\n<p>Indirizzo: Piazza Duomo, 19, 37121 Verona VR<br>Coordinate: 45.4471, 10.9964<\/p>\n<\/div>\n\n\n\n<div class=\"wp-block-column is-layout-flow wp-block-column-is-layout-flow\" style=\"flex-basis:15%\">\n<p class=\"has-text-align-right\"><a href=\"https:\/\/goo.gl\/maps\/f23qHt7jjWLi4BZt8\" target=\"_blank\" aria-label=\" (opens in a new tab)\" rel=\"noreferrer noopener\" class=\"ek-link\">Google Maps<\/a><\/p>\n<\/div>\n<\/div>\n\n\n<div class=\"wp-block-ub-divider ub_divider ub-divider-orientation-horizontal\" id=\"ub_divider_bf8ec361-4647-44d7-93e0-877a29010881\"><div class=\"ub_divider_wrapper\" style=\"position: relative; margin-bottom: 2px; width: 100%; height: 2px; \" data-divider-alignment=\"center\"><div class=\"ub_divider_line\" style=\"border-top: 2px solid #ccc; margin-top: 2px; \"><\/div><\/div><\/div>\n\n\n<h4 class=\"wp-block-heading\" id=\"arco-dei-gavi\"><strong><strong>Arco dei Gavi<\/strong><\/strong><\/h4>\n\n\n\n<p>L'Arco dei Gavi \u00e8 un antico arco trionfale che un tempo sorgeva sulla strada romana detta Via Postumia. Fu eretto nel primo secolo e fu utilizzato come porta della citt\u00e0 nel Medioevo. Molto apprezzato e influente nel Rinascimento, fu demolito dall'esercito francese durante l'occupazione della citt\u00e0 nel 1805. Le parti originali furono poi recuperate e utilizzate per ricostruire l'arco nel 1932, e ora si trova nei pressi di Castelvecchio, vicino alla sua posizione iniziale.<\/p>\n\n\n\n<div class=\"wp-block-columns is-layout-flex wp-container-core-columns-is-layout-9d6595d7 wp-block-columns-is-layout-flex\">\n<div class=\"wp-block-column is-layout-flow wp-block-column-is-layout-flow\" style=\"flex-basis:85%\">\n<p>Indirizzo: Corso Cavour, 2, 37121 Verona VR<br>Coordinate: 45.4401, 10.9888<\/p>\n<\/div>\n\n\n\n<div class=\"wp-block-column is-layout-flow wp-block-column-is-layout-flow\" style=\"flex-basis:15%\">\n<p class=\"has-text-align-right\"><a href=\"https:\/\/goo.gl\/maps\/UjZAyx1iwCLfeopk6\" target=\"_blank\" aria-label=\" (opens in a new tab)\" rel=\"noreferrer noopener\" class=\"ek-link\">Google Maps<\/a><\/p>\n<\/div>\n<\/div>\n\n\n<div class=\"wp-block-ub-divider ub_divider ub-divider-orientation-horizontal\" id=\"ub_divider_cb2a750a-237e-4609-a362-0364d7dda677\"><div class=\"ub_divider_wrapper\" style=\"position: relative; margin-bottom: 2px; width: 100%; height: 2px; \" data-divider-alignment=\"center\"><div class=\"ub_divider_line\" style=\"border-top: 2px solid #ccc; margin-top: 2px; \"><\/div><\/div><\/div>\n\n\n<h4 class=\"wp-block-heading\" id=\"castelvecchio-bridge\"><strong><strong>Ponte di Castelvecchio<\/strong><\/strong><\/h4>\n\n\n\n<p class=\"translation-block\">Anche noto come: Ponte Scaligero<\/p>\n\n\n\n<p class=\"translation-block\">Il Ponte di Castelvecchio \u00e8 un ponte fortificato sul fiume Adige e collegato a Castelvecchio. Fu costruito nel quattordicesimo secolo ed \u00e8 considerato un capolavoro dell'architettura tardo medievale, caratterizzato da quella che all'epoca era la campata pi\u00f9 grande del mondo. Distrutto dai tedeschi in ritirata durante la seconda guerra mondiale, fu successivamente ricostruito.<\/p>\n\n\n\n<div class=\"wp-block-columns is-layout-flex wp-container-core-columns-is-layout-9d6595d7 wp-block-columns-is-layout-flex\">\n<div class=\"wp-block-column is-layout-flow wp-block-column-is-layout-flow\" style=\"flex-basis:85%\">\n<p>Indirizzo: Ponte di Castelvecchio, Corso Castelvecchio, 37121 Verona, VR<br>Coordinate: 45.4404, 10.9873<\/p>\n<\/div>\n\n\n\n<div class=\"wp-block-column is-layout-flow wp-block-column-is-layout-flow\" style=\"flex-basis:15%\">\n<p class=\"has-text-align-right\"><a href=\"https:\/\/goo.gl\/maps\/ZMuts81cgnCGgvaX7\" target=\"_blank\" aria-label=\" (opens in a new tab)\" rel=\"noreferrer noopener\" class=\"ek-link\">Google Maps<\/a><\/p>\n<\/div>\n<\/div>\n\n\n<div class=\"wp-block-ub-divider ub_divider ub-divider-orientation-horizontal\" id=\"ub_divider_3641b7eb-753f-4f6e-800e-10ecc0c7aa08\"><div class=\"ub_divider_wrapper\" style=\"position: relative; margin-bottom: 2px; width: 100%; height: 2px; \" data-divider-alignment=\"center\"><div class=\"ub_divider_line\" style=\"border-top: 2px solid #ccc; margin-top: 2px; \"><\/div><\/div><\/div>\n\n\n<h4 class=\"wp-block-heading\" id=\"ponte-pietra\"><strong><strong>Ponte Pietra<\/strong><\/strong><\/h4>\n\n\n\n<p>Ponte Pietra \u00e8 un ponte romano sul fiume Adige eretto nel primo secolo a.C.. \u00c8 il ponte pi\u00f9 antico di Verona e faceva parte dell'antica Via Postumia. Nel corso della sua lunga storia, Ponte Pietra fu danneggiato e riparato pi\u00f9 volte, ma alla fine fu distrutto dall'esercito tedesco in ritirata durante la seconda guerra mondiale. Nel dopoguerra il ponte fu ricostruito utilizzando i materiali antichi originali ed \u00e8 oggi uno dei luoghi pi\u00f9 famosi di Verona.<\/p>\n\n\n\n<div class=\"wp-block-columns is-layout-flex wp-container-core-columns-is-layout-9d6595d7 wp-block-columns-is-layout-flex\">\n<div class=\"wp-block-column is-layout-flow wp-block-column-is-layout-flow\" style=\"flex-basis:85%\">\n<p>Indirizzo: Ponte Pietra, 37121 Verona VR<br>Coordinate: 45.4478, 11.0000<\/p>\n<\/div>\n\n\n\n<div class=\"wp-block-column is-layout-flow wp-block-column-is-layout-flow\" style=\"flex-basis:15%\">\n<p class=\"has-text-align-right\"><a href=\"https:\/\/goo.gl\/maps\/upPXqJUxbQaLFKAx5\" target=\"_blank\" aria-label=\" (opens in a new tab)\" rel=\"noreferrer noopener\" class=\"ek-link\">Google Maps<\/a><\/p>\n<\/div>\n<\/div>\n\n\n<div class=\"wp-block-ub-divider ub_divider ub-divider-orientation-horizontal\" id=\"ub_divider_d2b78d2c-d1f1-4014-ad6b-8fc889ff72eb\"><div class=\"ub_divider_wrapper\" style=\"position: relative; margin-bottom: 2px; width: 100%; height: 2px; \" data-divider-alignment=\"center\"><div class=\"ub_divider_line\" style=\"border-top: 2px solid #ccc; margin-top: 2px; \"><\/div><\/div><\/div>\n\n\n<h4 class=\"wp-block-heading\" id=\"piazza-bra\"><strong><strong>Piazza Bra<\/strong><\/strong><\/h4>\n\n\n\n<p class=\"translation-block\">Piazza Bra \u00e8 una grande piazza di Verona adornata da alberi e circondata da vari edifici importanti, in particolare l'Arena di Verona. Accanto all'Arena di Verona si trova <strong>Palazzo Barbieri<\/strong>, un palazzo neoclassico ottocentesco che ospita la sede del comune. Il lato meridionale di Piazza Bra \u00e8 invece delimitato dalla <strong>Gran Guardia<\/strong>, un grande edificio decorato eretto tra il 1609 e il 1853 per ospitare un presidio militare, oggi utilizzato per mostre ed eventi. La Gran Guardia \u00e8 collegata all'edificio del Museo Lapidario Maffeiano attraverso le storiche porte cittadine dette <strong>Portoni della Bra<\/strong>.<\/p>\n\n\n\n<div class=\"wp-block-columns is-layout-flex wp-container-core-columns-is-layout-9d6595d7 wp-block-columns-is-layout-flex\">\n<div class=\"wp-block-column is-layout-flow wp-block-column-is-layout-flow\" style=\"flex-basis:85%\">\n<p>Indirizzo: Piazza Bra, 37121 Verona, VR<br>Coordinate: 45.4386, 10.9928<\/p>\n<\/div>\n\n\n\n<div class=\"wp-block-column is-layout-flow wp-block-column-is-layout-flow\" style=\"flex-basis:15%\">\n<p class=\"has-text-align-right\"><a href=\"https:\/\/goo.gl\/maps\/UxHiwYVMgwwyH5cj9\" target=\"_blank\" aria-label=\" (opens in a new tab)\" rel=\"noreferrer noopener\" class=\"ek-link\">Google Maps<\/a><\/p>\n<\/div>\n<\/div>\n\n\n<div class=\"wp-block-ub-divider ub_divider ub-divider-orientation-horizontal\" id=\"ub_divider_2bc1718d-814e-46ec-9c7b-011c8fe40a87\"><div class=\"ub_divider_wrapper\" style=\"position: relative; margin-bottom: 2px; width: 100%; height: 2px; \" data-divider-alignment=\"center\"><div class=\"ub_divider_line\" style=\"border-top: 2px solid #ccc; margin-top: 2px; \"><\/div><\/div><\/div>\n\n\n<h4 class=\"wp-block-heading\" id=\"teatro-filarmonico\"><strong><strong>Teatro Filarmonico<\/strong><\/strong><\/h4>\n\n\n\n<p>Il Teatro Filarmonico \u00e8 il principale teatro d'opera di Verona e uno dei pi\u00f9 importanti d'Italia. Sorge poco distante dall'Arena di Verona e adiacente al Museo Lapidario Maffeiano. Fu originariamente costruito nel diciottesimo secolo, ma fu distrutto due volte e l'attuale struttura fu eretta solo dopo la seconda guerra mondiale.<\/p>\n\n\n\n<div class=\"wp-block-columns is-layout-flex wp-container-core-columns-is-layout-9d6595d7 wp-block-columns-is-layout-flex\">\n<div class=\"wp-block-column is-layout-flow wp-block-column-is-layout-flow\" style=\"flex-basis:85%\">\n<p>Indirizzo: Via Roma, 3, 37122 Verona VR<br>Coordinate: 45.4384, 10.9908<\/p>\n<\/div>\n\n\n\n<div class=\"wp-block-column is-layout-flow wp-block-column-is-layout-flow\" style=\"flex-basis:15%\">\n<p class=\"has-text-align-right\"><a href=\"https:\/\/goo.gl\/maps\/i1qMCKRjhQNzF9v79\" target=\"_blank\" aria-label=\" (opens in a new tab)\" rel=\"noreferrer noopener\" class=\"ek-link\">Google Maps<\/a><\/p>\n<\/div>\n<\/div>\n\n\n<div class=\"wp-block-ub-divider ub_divider ub-divider-orientation-horizontal\" id=\"ub_divider_aab21757-ff2b-4e4a-973b-e6f0bc0b42c5\"><div class=\"ub_divider_wrapper\" style=\"position: relative; margin-bottom: 2px; width: 100%; height: 2px; \" data-divider-alignment=\"center\"><div class=\"ub_divider_line\" style=\"border-top: 2px solid #ccc; margin-top: 2px; \"><\/div><\/div><\/div>\n\n\n<h4 class=\"wp-block-heading\" id=\"museo-lapidario-maffeiano\"><strong><strong>Museo Lapidario Maffeiano<\/strong><\/strong><\/h4>\n\n\n\n<p>Il Museo Lapidario Maffeiano \u00e8 un museo che ospita una ricca collezione di sculture antiche e reperti archeologici perlopi\u00f9 dell'antica Grecia e dell'et\u00e0 romana. \u00c8 ospitato negli edifici adiacenti al Teatro Filarmonico e fu fondato nel diciottesimo secolo, ed \u00e8 tra i musei pi\u00f9 antichi d'Europa.<\/p>\n\n\n\n<div class=\"wp-block-columns is-layout-flex wp-container-core-columns-is-layout-9d6595d7 wp-block-columns-is-layout-flex\">\n<div class=\"wp-block-column is-layout-flow wp-block-column-is-layout-flow\" style=\"flex-basis:85%\">\n<p>Indirizzo: P.za Bra, 28, 37121 Verona VR<br>Coordinate: 45.4382, 10.9914<\/p>\n<\/div>\n\n\n\n<div class=\"wp-block-column is-layout-flow wp-block-column-is-layout-flow\" style=\"flex-basis:15%\">\n<p class=\"has-text-align-right\"><a href=\"https:\/\/goo.gl\/maps\/vb2caWJA376nvpYU8\" target=\"_blank\" aria-label=\" (opens in a new tab)\" rel=\"noreferrer noopener\" class=\"ek-link\">Google Maps<\/a><\/p>\n<\/div>\n<\/div>\n\n\n<div class=\"wp-block-ub-divider ub_divider ub-divider-orientation-horizontal\" id=\"ub_divider_f6cfe9c2-51f8-4d79-8779-d4787aaa2403\"><div class=\"ub_divider_wrapper\" style=\"position: relative; margin-bottom: 2px; width: 100%; height: 2px; \" data-divider-alignment=\"center\"><div class=\"ub_divider_line\" style=\"border-top: 2px solid #ccc; margin-top: 2px; \"><\/div><\/div><\/div>\n\n\n<h4 class=\"wp-block-heading\" id=\"house-of-juliet\"><strong><strong>Casa di Giulietta<\/strong><\/strong><\/h4>\n\n\n\n<p class=\"translation-block\">Verona \u00e8 famosa in tutto il mondo per essere il luogo in cui \u00e8 ambientata la tragedia di William Shakespeare <em>Romeo e Giulietta<\/em>, e la presunta residenza di Giulietta \u00e8 una delle pi\u00f9 famose attrazioni turistiche della citt\u00e0. Questa \u00e8 in realt\u00e0 un palazzo medievale che \u00e8 stato restaurato nel ventesimo secolo e presenta un cortile con l'emblematico balcone e una statua di Giulietta. Non lontano da l\u00ec, un edificio medievale privato sarebbe la <strong>Casa di Romeo<\/strong>.<\/p>\n\n\n\n<div class=\"wp-block-columns is-layout-flex wp-container-core-columns-is-layout-9d6595d7 wp-block-columns-is-layout-flex\">\n<div class=\"wp-block-column is-layout-flow wp-block-column-is-layout-flow\" style=\"flex-basis:85%\">\n<p>Indirizzo: Via Cappello, 23, 37121 Verona VR<br>Coordinate: 45.4419, 10.9983<\/p>\n<\/div>\n\n\n\n<div class=\"wp-block-column is-layout-flow wp-block-column-is-layout-flow\" style=\"flex-basis:15%\">\n<p class=\"has-text-align-right\"><a href=\"https:\/\/goo.gl\/maps\/MH4U5SESi3BGkguq8\" target=\"_blank\" aria-label=\" (opens in a new tab)\" rel=\"noreferrer noopener\" class=\"ek-link\">Google Maps<\/a><\/p>\n<\/div>\n<\/div>\n\n\n<div class=\"wp-block-ub-divider ub_divider ub-divider-orientation-horizontal\" id=\"ub_divider_32515159-6a26-48c5-baf0-e45a17e0d2d8\"><div class=\"ub_divider_wrapper\" style=\"position: relative; margin-bottom: 2px; width: 100%; height: 2px; \" data-divider-alignment=\"center\"><div class=\"ub_divider_line\" style=\"border-top: 2px solid #ccc; margin-top: 2px; \"><\/div><\/div><\/div>\n\n\n<h4 class=\"wp-block-heading\" id=\"museo-degli-affreschi-gb-cavalcaselle-alla-tomba-di-giulietta\"><strong><strong>Museo degli Affreschi &#8220;G.B. Cavalcaselle&#8221; alla Tomba di Giulietta<\/strong><\/strong><\/h4>\n\n\n\n<p class=\"translation-block\">Questo museo, ospitato in uno storico monastero, ospita una ricca collezione di affreschi provenienti da varie chiese e palazzi veronesi e per lo pi\u00f9 risalenti al Basso Medioevo, insieme ad altre opere d'arte e reperti archeologici. L'attrazione principale, tuttavia, \u00e8 un antico sepolcro tradizionalmente noto come <strong>Tomba di Giulietta<\/strong>.<\/p>\n\n\n\n<div class=\"wp-block-columns is-layout-flex wp-container-core-columns-is-layout-9d6595d7 wp-block-columns-is-layout-flex\">\n<div class=\"wp-block-column is-layout-flow wp-block-column-is-layout-flow\" style=\"flex-basis:85%\">\n<p>Indirizzo: Via Luigi da Porto, 5, 37122 Verona VR<br>Coordinate: 45.4338, 10.9976<\/p>\n<\/div>\n\n\n\n<div class=\"wp-block-column is-layout-flow wp-block-column-is-layout-flow\" style=\"flex-basis:15%\">\n<p class=\"has-text-align-right\"><a href=\"https:\/\/goo.gl\/maps\/L3mdGojPwHzxPRo3A\" target=\"_blank\" aria-label=\" (opens in a new tab)\" rel=\"noreferrer noopener\" class=\"ek-link\">Google Maps<\/a><\/p>\n<\/div>\n<\/div>\n\n\n<div class=\"wp-block-ub-divider ub_divider ub-divider-orientation-horizontal\" id=\"ub_divider_0c2ad9ee-7021-4dd3-80cc-6c4ba22307a3\"><div class=\"ub_divider_wrapper\" style=\"position: relative; margin-bottom: 2px; width: 100%; height: 2px; \" data-divider-alignment=\"center\"><div class=\"ub_divider_line\" style=\"border-top: 2px solid #ccc; margin-top: 2px; \"><\/div><\/div><\/div>\n\n\n<h4 class=\"wp-block-heading\" id=\"porta-borsari\"><strong><strong>Porta Borsari<\/strong><\/strong><\/h4>\n\n\n\n<p>Porta Borsari \u00e8 una grande e antica porta cittadina risalente al primo secolo che un tempo era l'ingresso principale di Verona. Il monumento \u00e8 ben conservato ed \u00e8 ornato da varie decorazioni storiche.<\/p>\n\n\n\n<div class=\"wp-block-columns is-layout-flex wp-container-core-columns-is-layout-9d6595d7 wp-block-columns-is-layout-flex\">\n<div class=\"wp-block-column is-layout-flow wp-block-column-is-layout-flow\" style=\"flex-basis:85%\">\n<p>Indirizzo: Corso Porta Borsari, 57A, 37121 Verona VR<br>Coordinate: 45.4420, 10.9934<\/p>\n<\/div>\n\n\n\n<div class=\"wp-block-column is-layout-flow wp-block-column-is-layout-flow\" style=\"flex-basis:15%\">\n<p class=\"has-text-align-right\"><a href=\"https:\/\/goo.gl\/maps\/JvzXMUkGpdV15oWq5\" target=\"_blank\" aria-label=\" (opens in a new tab)\" rel=\"noreferrer noopener\" class=\"ek-link\">Google Maps<\/a><\/p>\n<\/div>\n<\/div>\n\n\n<div class=\"wp-block-ub-divider ub_divider ub-divider-orientation-horizontal\" id=\"ub_divider_be9a7a22-907c-41f0-b58b-aed1a39610aa\"><div class=\"ub_divider_wrapper\" style=\"position: relative; margin-bottom: 2px; width: 100%; height: 2px; \" data-divider-alignment=\"center\"><div class=\"ub_divider_line\" style=\"border-top: 2px solid #ccc; margin-top: 2px; \"><\/div><\/div><\/div>\n\n\n<h4 class=\"wp-block-heading\" id=\"church-of-san-fermo-maggiore\"><strong><strong>Chiesa di San Fermo Maggiore<\/strong><\/strong><\/h4>\n\n\n\n<p>La Chiesa di San Fermo Maggiore \u00e8 un imponente complesso religioso medievale a ridosso del fiume Adige. Dopo varie ricostruzioni e ampliamenti dell'originaria struttura paleocristiana, l'edificio \u00e8 oggi composto da due distinti ambienti, la chiesa inferiore e quella superiore. Mentre la chiesa inferiore \u00e8 pi\u00f9 semplice, quella superiore \u00e8 riccamente decorata da affreschi.<\/p>\n\n\n\n<div class=\"wp-block-columns is-layout-flex wp-container-core-columns-is-layout-9d6595d7 wp-block-columns-is-layout-flex\">\n<div class=\"wp-block-column is-layout-flow wp-block-column-is-layout-flow\" style=\"flex-basis:85%\">\n<p>Indirizzo: Piazza S. Fermo, 37121 Verona VR<br>Coordinate: 45.4391, 10.9997<\/p>\n<\/div>\n\n\n\n<div class=\"wp-block-column is-layout-flow wp-block-column-is-layout-flow\" style=\"flex-basis:15%\">\n<p class=\"has-text-align-right\"><a href=\"https:\/\/goo.gl\/maps\/siDq6ixJ69YZXwaT8\" target=\"_blank\" aria-label=\" (opens in a new tab)\" rel=\"noreferrer noopener\" class=\"ek-link\">Google Maps<\/a><\/p>\n<\/div>\n<\/div>\n\n\n<div class=\"wp-block-ub-divider ub_divider ub-divider-orientation-horizontal\" id=\"ub_divider_5c48923c-6cec-4445-ad31-6f62c3b9e438\"><div class=\"ub_divider_wrapper\" style=\"position: relative; margin-bottom: 2px; width: 100%; height: 2px; \" data-divider-alignment=\"center\"><div class=\"ub_divider_line\" style=\"border-top: 2px solid #ccc; margin-top: 2px; \"><\/div><\/div><\/div>\n\n\n<h4 class=\"wp-block-heading\" id=\"giardino-giusti\"><strong><strong>Giardino Giusti<\/strong><\/strong><\/h4>\n\n\n\n<p class=\"translation-block\">Il giardino di <strong>Palazzo Giusti<\/strong>, noto come Giardino Giusti, \u00e8 un bell'esempio di architettura paesaggistica rinascimentale. Questo giardino del sedicesimo secolo comprende varie sculture e decorazioni e include anche un labirinto di siepi. Questi giardini terrazzati offrono splendide viste su Verona.<\/p>\n\n\n\n<div class=\"wp-block-columns is-layout-flex wp-container-core-columns-is-layout-9d6595d7 wp-block-columns-is-layout-flex\">\n<div class=\"wp-block-column is-layout-flow wp-block-column-is-layout-flow\" style=\"flex-basis:85%\">\n<p>Indirizzo: Via Giardino Giusti, 2, 37129 Verona VR<br>Coordinate: 45.4431, 11.0066<\/p>\n<\/div>\n\n\n\n<div class=\"wp-block-column is-layout-flow wp-block-column-is-layout-flow\" style=\"flex-basis:15%\">\n<p class=\"has-text-align-right\"><a href=\"https:\/\/goo.gl\/maps\/PmwAuESV874FjFMC6\" target=\"_blank\" aria-label=\" (opens in a new tab)\" rel=\"noreferrer noopener\" class=\"ek-link\">Google Maps<\/a><\/p>\n<\/div>\n<\/div>\n\n\n<div class=\"wp-block-ub-divider ub_divider ub-divider-orientation-horizontal\" id=\"ub_divider_e5c2da40-d7a8-49d7-8cda-7a7d302e4481\"><div class=\"ub_divider_wrapper\" style=\"position: relative; margin-bottom: 2px; width: 100%; height: 2px; \" data-divider-alignment=\"center\"><div class=\"ub_divider_line\" style=\"border-top: 2px solid #ccc; margin-top: 2px; \"><\/div><\/div><\/div>\n\n\n<h4 class=\"wp-block-heading\" id=\"castel-san-pietro\"><strong><strong>Castel San Pietro<\/strong><\/strong><\/h4>\n\n\n\n<p>Castel San Pietro \u00e8 un edificio militare ottocentesco eretto sul sito di un precedente castello e situato su un colle sopra il Teatro Romano di Verona. La piazza antistante Castel San Pietro offre ampie vedute della citt\u00e0.<\/p>\n\n\n\n<div class=\"wp-block-columns is-layout-flex wp-container-core-columns-is-layout-9d6595d7 wp-block-columns-is-layout-flex\">\n<div class=\"wp-block-column is-layout-flow wp-block-column-is-layout-flow\" style=\"flex-basis:85%\">\n<p>Indirizzo: Castel San Pietro, Piazzale Castel S. Pietro, 37129 Verona VR<br>Coordinate: 45.4480, 11.0028<\/p>\n<\/div>\n\n\n\n<div class=\"wp-block-column is-layout-flow wp-block-column-is-layout-flow\" style=\"flex-basis:15%\">\n<p class=\"has-text-align-right\"><a href=\"https:\/\/goo.gl\/maps\/mZik6CZjHSdQkK6Q7\" target=\"_blank\" aria-label=\" (opens in a new tab)\" rel=\"noreferrer noopener\" class=\"ek-link\">Google Maps<\/a><\/p>\n<\/div>\n<\/div>\n\n\n<div class=\"wp-block-ub-divider ub_divider ub-divider-orientation-horizontal\" id=\"ub_divider_5f1403c6-e261-49b1-b2d8-6743f14667e5\"><div class=\"ub_divider_wrapper\" style=\"position: relative; margin-bottom: 2px; width: 100%; height: 2px; \" data-divider-alignment=\"center\"><div class=\"ub_divider_line\" style=\"border-top: 2px solid #ccc; margin-top: 2px; \"><\/div><\/div><\/div>\n\n\n<h4 class=\"wp-block-heading\" id=\"natural-history-museum\"><strong><strong>Museo di Storia Naturale<\/strong><\/strong><\/h4>\n\n\n\n<p class=\"translation-block\">Il Museo di Storia Naturale di Verona ospita diverse mostre di geologia, biologia e zoologia. Una delle parti pi\u00f9 interessanti del museo \u00e8 la grande collezione di fossili, la maggior parte dei quali proviene da scavi intorno a Verona. Il museo comprende anche vari reperti archeologici preistorici.<\/p>\n\n\n\n<div class=\"wp-block-columns is-layout-flex wp-container-core-columns-is-layout-9d6595d7 wp-block-columns-is-layout-flex\">\n<div class=\"wp-block-column is-layout-flow wp-block-column-is-layout-flow\" style=\"flex-basis:85%\">\n<p>Indirizzo: Lungadige Porta Vittoria, 9, 37129 Verona VR<br>Coordinate: 45.4384, 11.0022<\/p>\n<\/div>\n\n\n\n<div class=\"wp-block-column is-layout-flow wp-block-column-is-layout-flow\" style=\"flex-basis:15%\">\n<p class=\"has-text-align-right\"><a href=\"https:\/\/goo.gl\/maps\/p9t6LFzxuCRsYev36\" target=\"_blank\" aria-label=\" (opens in a new tab)\" rel=\"noreferrer noopener\" class=\"ek-link\">Google Maps<\/a><\/p>\n<\/div>\n<\/div>\n\n\n<div class=\"wp-block-ub-divider ub_divider ub-divider-orientation-horizontal\" id=\"ub_divider_42ee8794-c180-4807-a768-fd5b369286ec\"><div class=\"ub_divider_wrapper\" style=\"position: relative; margin-bottom: 2px; width: 100%; height: 2px; \" data-divider-alignment=\"center\"><div class=\"ub_divider_line\" style=\"border-top: 2px solid #ccc; margin-top: 2px; \"><\/div><\/div><\/div>\n\n\n<h4 class=\"wp-block-heading\" id=\"parco-delle-mura\"><strong><strong>Parco delle Mura<\/strong><\/strong><\/h4>\n\n\n\n<p class=\"translation-block\">L'area delle mura storiche della citt\u00e0 di Verona \u00e8 oggi occupata da un bel parco noto come Parco delle Mura. Oltre a vari bastioni, il parco comprende le due monumentali porte cittadine rinascimentali riccamente decorate note come <strong>Porta Palio<\/strong> e <strong>Porta Nuova<\/strong>. Seguendo il sentiero in direzione nord tra gli alberi da Porta Palio si arriva ad un'altra porta ornata della citt\u00e0 chiamata <strong>Porta San Zeno<\/strong>.<\/p>\n\n\n\n<div class=\"wp-block-columns is-layout-flex wp-container-core-columns-is-layout-9d6595d7 wp-block-columns-is-layout-flex\">\n<div class=\"wp-block-column is-layout-flow wp-block-column-is-layout-flow\" style=\"flex-basis:85%\">\n<p>Indirizzo: Circonvallazione Oriani, 14, 37122 Verona VR<br>Coordinate: 45.4337, 10.9814<\/p>\n<\/div>\n\n\n\n<div class=\"wp-block-column is-layout-flow wp-block-column-is-layout-flow\" style=\"flex-basis:15%\">\n<p class=\"has-text-align-right\"><a href=\"https:\/\/goo.gl\/maps\/huhLLEb65VSTY7UaA\" target=\"_blank\" aria-label=\" (opens in a new tab)\" rel=\"noreferrer noopener\" class=\"ek-link\">Google Maps<\/a><\/p>\n<\/div>\n<\/div>","protected":false},"excerpt":{"rendered":"<p>&lt;&lt; Veneto Verona has always been a center of arts and culture and a thriving city since the time of the Romans. One of the reasons for its success is its position along the Adige river, near the mountains and Lake Garda, at the intersection of various roads. Even after the fall of the Western Roman Empire, Verona remained one of the most important cities in Northern Italy. In 1135 Verona was organized into an independent comune, and later became a signoria, ruling over various territories of Northern Italy, but was ultimately defeated and submitted to Venice in 1405. Verona continued to flourish for the following centuries, despite the devastating plague of 1630 and, after a period of Austrian occupation, became part of Italy in 1866. Verona is now known all over the world for being the set of Shakespeare&#8217;s Romeo and Juliet, and it&#8217;s a major tourist destination also thanks to its numerous remarkable attractions, works of art, and festivals. \u272a Verona Arena The Verona Arena (Arena di Verona) is one of the best preserved Roman amphitheaters and it is till used to this day to host opera performances and concerts. It was built in the 1st century and it could host up to 30,000 spectators. Later used for military purposes, it survived wars, floods, earthquakes, and attempted demolitions. The arena was restored during the Renaissance and later it started being used to host various kinds of events. In the 20th century it became an renowned open-air venue for theatrical performances and concerts, and it has since also hosted sporting events. Address: P.za Bra, 1, 37121 Verona VRCoordinates: 45.4390, 10.9944 Google Maps \u272a Piazza delle Erbe Piazza delle Erbe is the historic main square of Verona, standing on the site of the ancient Roman forum. The center of Piazza delle Erbe is occupied by the Fountain of Madonna Verona, a 4th-century statue with medieval additions, and the square is surrounded on all sides by magnificent historic buildings. The eastern side is dominated by Palazzo della Ragione and Case Mazzanti, a group of medieval houses painted with 16th-century frescoes. Palazzo della Ragione is connected to Case Mazzanti with the Arco della Costa, an arch featuring an hanging whale bone. The elaborate Baroque facade of Palazzo Maffei closes the northern side of the square with the adjacent medieval tower called Torre Gardello. Meanwhile, the 14th-century loggia of Domus Mercatorum, that used to house the city&#8217;s merchants, is located along the western side of the square. Address: Piazza delle Erbe, 37121 Verona VRCoordinates: 45.4431, 10.9972 Google Maps \u272a Palazzo della Ragione The imposing Palazzo della Ragione stands in between Piazza delle Erbe and Piazza dei Signori. Most of the palace was built at the end of the 12th century, and it has been expanded numerous times. The tall Torre dei Lamberti, a medieval tower and one of the symbols of the city, stands on top of Palazzo della Ragione. The internal courtyard features the Scala della Ragione, a decorated Renaissance staircase, while the richly adorned Cappella dei Notai is the most impressive room in the palace. Palazzo della Ragione has hosted governmental and judiciary offices over the centuries, but now it houses the Modern Art Gallery Achille Forti (Galleria d&#8217;Arte Moderna Achille Forti), a rich collection of 19th and 20th century artworks. Address: Cortile Del Mercato Vecchio, 10, 37121 Verona VRCoordinates: 45.4431, 10.9978 Google Maps \u272a Piazza dei Signori Piazza dei Signori is a historic square dominated by the Monument to Dante that stands in the middle of it, and surrounded by important buildings. The Renaissance Loggia del Consiglio is connected with the imposing medieval Palazzo del Podest\u00e0, former seat of local power decorated with an elaborate portal made in 1533. Loggia del Consiglio and Palazzo della Podest\u00e0 together occupy the northern and eastern sides of Piazza dei Signori, while Palazzo di Cansignorio (also known as Palazzo del Capitanio) stands on the southeast. Originally built in the Middle Ages, this palace was reworked various times, but it preserves its original medieval tower. Next to Palazzo di Cansignorio is Palazzo della Ragione. Address: Piazza dei Signori, 37121 Verona VRCoordinates: 45.4435, 10.9982 Google Maps \u272a Scaliger Tombs The Scaliger Tombs (Arche Scaligere) are five elaborate funerary monuments standing next to the Romanesque Church of Santa Maria Antica. These Gothic tombs were built during the 14th century to honor some members of the ruling Scaliger family and feature various decorations and sculptures. Among the five tombs, two are placed on the external walls of the church, while the others are freestanding monuments with a sarcophagus covered by a baldachin. Address: Via S. Maria Antica, 4, 37121 Verona VRCoordinates: 45.4436, 10.9988 Google Maps \u272a Verona Cathedral The main religious building in Verona is the large cathedral (Duomo di Verona), an imposing Romanesque church. It was erected in the 12th century, after an earthquake destroyed the previous Paleochristian building and it features a decorated facade. The interior is richly adorned with Renaissance and Baroque artworks, including a painting by Titian. The Verona Cathedral is at the center of a large religious complex. Behind the apse is the Romanesque Baptistery of San Giovanni in Fonte, and Palazzo del Vescovado, seat of the local diocese, while the medieval Church of Sant&#8217;Elena stands on the side of the main building. This church and the baptistery are connected with the cathedral and with each other via the decorated Portico of Santa Maria Matricolare. Also part of the complex is the Chapter Library of Verona. Address: Piazza Duomo, 37121 Verona VRCoordinates: 45.4471, 10.9968 Google Maps \u272a Castelvecchio Castelvecchio is a large castle along the Adige river in Verona. It was built during the 14th century at the time of the signoria ruled by Cangrande II della Scala. After the Middle Ages, the castle slowly fell into decline until its restoration in the 20th century. Now Castelvecchio hosts the rich Castelvecchio Museum, a collection of paintings, sculptures, and weapons from different centuries. The castle is connected to the other side of the&#8230;<\/p>","protected":false},"author":1,"featured_media":0,"parent":932,"menu_order":0,"comment_status":"closed","ping_status":"closed","template":"","meta":{"_editorskit_title_hidden":false,"_editorskit_reading_time":9,"_editorskit_is_block_options_detached":false,"_editorskit_block_options_position":"{}","om_disable_all_campaigns":false,"_uag_custom_page_level_css":"","advgb_blocks_editor_width":"","advgb_blocks_columns_visual_guide":"","_monsterinsights_skip_tracking":false,"_monsterinsights_sitenote_active":false,"_monsterinsights_sitenote_note":"","_monsterinsights_sitenote_category":0,"footnotes":""},"class_list":["post-1488","page","type-page","status-publish","hentry"],"aioseo_notices":[],"featured_image_src":null,"uagb_featured_image_src":{"full":false,"thumbnail":false,"medium":false,"medium_large":false,"large":false,"1536x1536":false,"2048x2048":false,"trp-custom-language-flag":false,"xs-thumb":false,"post-thumbnail":false,"minimalistblogger-grid":false,"minimalistblogger-slider":false,"minimalistblogger-small":false},"uagb_author_info":{"display_name":"Stefano Cammisa","author_link":"https:\/\/www.cosmundus.com\/it\/author\/stefano-cammisa\/"},"uagb_comment_info":0,"uagb_excerpt":"&lt;&lt; Veneto Verona has always been a center of arts and culture and a thriving city since the time of the Romans. One of the reasons for its success is its position along the Adige river, near the mountains and Lake Garda, at the intersection of various roads. Even after the fall of the Western&hellip;","coauthors":[],"author_meta":{"author_link":"https:\/\/www.cosmundus.com\/it\/author\/stefano-cammisa\/","display_name":"Stefano Cammisa"},"relative_dates":{"created":"Pubblicato 3 anni fa","modified":"Aggiornato 2 anni fa"},"absolute_dates":{"created":"Pubblicato il 23 Gennaio 2023","modified":"Aggiornato il 20 Febbraio 2024"},"absolute_dates_time":{"created":"Pubblicato il 23 Gennaio 2023 2:46 pm","modified":"Aggiornato il 20 Febbraio 2024 12:24 pm"},"featured_img_caption":"","featured_img":false,"series_order":"","_links":{"self":[{"href":"https:\/\/www.cosmundus.com\/it\/wp-json\/wp\/v2\/pages\/1488","targetHints":{"allow":["GET"]}}],"collection":[{"href":"https:\/\/www.cosmundus.com\/it\/wp-json\/wp\/v2\/pages"}],"about":[{"href":"https:\/\/www.cosmundus.com\/it\/wp-json\/wp\/v2\/types\/page"}],"author":[{"embeddable":true,"href":"https:\/\/www.cosmundus.com\/it\/wp-json\/wp\/v2\/users\/1"}],"replies":[{"embeddable":true,"href":"https:\/\/www.cosmundus.com\/it\/wp-json\/wp\/v2\/comments?post=1488"}],"version-history":[{"count":31,"href":"https:\/\/www.cosmundus.com\/it\/wp-json\/wp\/v2\/pages\/1488\/revisions"}],"predecessor-version":[{"id":9151,"href":"https:\/\/www.cosmundus.com\/it\/wp-json\/wp\/v2\/pages\/1488\/revisions\/9151"}],"up":[{"embeddable":true,"href":"https:\/\/www.cosmundus.com\/it\/wp-json\/wp\/v2\/pages\/932"}],"wp:attachment":[{"href":"https:\/\/www.cosmundus.com\/it\/wp-json\/wp\/v2\/media?parent=1488"}],"curies":[{"name":"wp","href":"https:\/\/api.w.org\/{rel}","templated":true}]}}