{"id":11369,"date":"2024-10-07T11:02:56","date_gmt":"2024-10-07T09:02:56","guid":{"rendered":"https:\/\/www.cosmundus.com\/?page_id=11369"},"modified":"2024-10-07T11:02:56","modified_gmt":"2024-10-07T09:02:56","slug":"sulcis-iglesiente","status":"publish","type":"page","link":"https:\/\/www.cosmundus.com\/it\/destinations\/sulcis-iglesiente\/","title":{"rendered":"Sulcis Iglesiente"},"content":{"rendered":"<p class=\"has-text-align-right\">&lt;&lt; <a href=\"https:\/\/www.cosmundus.com\/it\/atlas\/europe\/southern-europe\/italy\/insular-italy\/sicily\/\" class=\"ek-link\"><\/a><a href=\"https:\/\/www.cosmundus.com\/it\/atlas\/europe\/southern-europe\/italy\/insular-italy\/sardinia\/\">Sardegna<\/a><\/p>\n\n\n\n<p>Il Sulcis Iglesiente \u00e8 una regione storica nella Sardegna sud-orientale, prevalentemente montuosa e punteggiata da piccole citt\u00e0. Questa zona \u00e8 nota per le sue attivit\u00e0 minerarie, ma presenta anche varie localit\u00e0 balneari e le famose isole di Sant'Antioco e San Pietro. Le principali citt\u00e0 della regione sono Carbonia e Iglesias.<\/p>\n\n\n\n<div class=\"wp-block-group\"><div class=\"wp-block-group__inner-container is-layout-constrained wp-block-group-is-layout-constrained\"><div style=\"border: 1px solid #8ed1fc; border-radius: 0%; background-color: inherit; \" class=\"ub-styled-box ub-bordered-box wp-block-ub-styled-box\" id=\"ub-styled-box-affa32a2-db65-447f-ae2f-f4bd3c8dabf0\">\n<p class=\"has-medium-font-size\" id=\"ub-styled-box-bordered-content-d0a92a9d-5835-4c50-a55b-9aae3a2b66b5\">Posti da vedere nel Sulcis Iglesiente<\/p>\n\n\n<div class=\"wp-block-aioseo-table-of-contents\"><ul><li><a class=\"aioseo-toc-item\" href=\"#carbonia\">Carbonia<\/a><ul><li><a class=\"aioseo-toc-item\" href=\"#archaeological-museum-of-villa-sulcis\">Museo Archeologico di Villa Sulcis<\/a><\/li><li><a class=\"aioseo-toc-item\" href=\"#coal-museum\">Museo del Carbone<\/a><\/li><li><a class=\"aioseo-toc-item\" href=\"#archaeological-park-of-mount-sirai\">Parco Archeologico di Monte Sirai<\/a><\/li><\/ul><\/li><li><a class=\"aioseo-toc-item\" href=\"#gonnesa\">Gonnesa<\/a><ul><li><a class=\"aioseo-toc-item\" href=\"#nuraghe-seruci\">Nuraghe Seruci<\/a><\/li><\/ul><\/li><li><a class=\"aioseo-toc-item\" href=\"#iglesias\">Iglesias<\/a><ul><li><a class=\"aioseo-toc-item\" href=\"#salvaterra-castle\">Castello di Salvaterra<\/a><\/li><li><a class=\"aioseo-toc-item\" href=\"#iglesias-cathedral\">Cattedrale di Iglesias<\/a><\/li><li><a class=\"aioseo-toc-item\" href=\"#church-of-san-francesco\">Chiesa di San Francesco<\/a><\/li><li><a class=\"aioseo-toc-item\" href=\"#museum-of-mining-art-and-mineralogical-museum\">Museo dell\u2019Arte Mineraria e Museo Mineralogico<\/a><\/li><li><a class=\"aioseo-toc-item\" href=\"#monteponi-mine\">Miniera di Monteponi<\/a><\/li><li><a class=\"aioseo-toc-item\" href=\"#roman-amphitheater-of-larino\">Porto Flavia<\/a><\/li><\/ul><\/li><li><a class=\"aioseo-toc-item\" href=\"#domusnovas\">Domusnovas<\/a><ul><li><a class=\"aioseo-toc-item\" href=\"#san-giovanni-cave\">Grotta di San Giovanni<\/a><\/li><\/ul><\/li><li><a class=\"aioseo-toc-item\" href=\"#fluminimaggiore\">Fluminimaggiore<\/a><ul><li><a class=\"aioseo-toc-item\" href=\"#temple-of-antas\">Tempio di Antas<\/a><\/li><\/ul><\/li><li><a class=\"aioseo-toc-item\" href=\"#santantioco\">Sant&#8217;Antioco<\/a><ul><li><a class=\"aioseo-toc-item\" href=\"#basilica-of-santantioco-martire\">Basilica di Sant\u2019Antioco Martire<\/a><\/li><li><a class=\"aioseo-toc-item\" href=\"#archaeological-area-of-sulki\">Area Archeologica di Sulki<\/a><\/li><li><a class=\"aioseo-toc-item\" href=\"#ferruccio-barreca-archaeological-museum\">Museo Archeologico Ferruccio Barreca<\/a><\/li><\/ul><\/li><li><a class=\"aioseo-toc-item\" href=\"#carloforte\">Carloforte<\/a><ul><li><a class=\"aioseo-toc-item\" href=\"#san-pietro-island\">Isola di San Pietro<\/a><\/li><\/ul><\/li><li><a class=\"aioseo-toc-item\" href=\"#tratalias\">Tratalias<\/a><ul><li><a class=\"aioseo-toc-item\" href=\"#church-of-santa-maria-di-monserrato\">Chiesa di Santa Maria di Monserrato<\/a><\/li><\/ul><\/li><li><a class=\"aioseo-toc-item\" href=\"#villaperuccio\">Villaperuccio<\/a><ul><li><a class=\"aioseo-toc-item\" href=\"#montessu-necropolis\">Necropoli di Montessu<\/a><\/li><\/ul><\/li><li><a class=\"aioseo-toc-item\" href=\"#santadi\">Santadi<\/a><ul><li><a class=\"aioseo-toc-item\" href=\"#is-zuddas-caves\">Grotte di Is Zuddas<\/a><\/li><\/ul><\/li><li><a class=\"aioseo-toc-item\" href=\"#santanna-arresi\">Sant&#8217;Anna Arresi<\/a><ul><li><a class=\"aioseo-toc-item\" href=\"#porto-pino\">Porto Pino<\/a><\/li><\/ul><\/li><\/ul><\/div>\n\n<\/div><\/div><\/div>\n\n\n\n<h2 class=\"wp-block-heading\" id=\"carbonia\"><strong>Carbonia<\/strong><\/h2>\n\n\n\n<p>Carbonia \u00e8 una citt\u00e0 situata nella regione storica del Sulcis, e capoluogo della Provincia del Sud Sardegna. Sebbene la zona sia stata abitata fin dall'antichit\u00e0, la citt\u00e0 \u00e8 stata fondata solo nel 1937 come centro minerario. Da allora l'attivit\u00e0 mineraria si \u00e8 fermata e Carbonia \u00e8 ancora il centro principale della regione, ma la sua popolazione \u00e8 in costante declino.<\/p>\n\n\n<div class=\"wp-block-ub-divider ub_divider ub-divider-orientation-horizontal\" id=\"ub_divider_1c80f00e-3e43-42fd-823f-8fe2380654d6\"><div class=\"ub_divider_wrapper\" style=\"position: relative; margin-bottom: 2px; width: 100%; height: 2px; \" data-divider-alignment=\"center\"><div class=\"ub_divider_line\" style=\"border-top: 2px solid #ccc; margin-top: 2px; \"><\/div><\/div><\/div>\n\n\n<h4 class=\"wp-block-heading\" id=\"archaeological-museum-of-villa-sulcis\"><strong>Museo Archeologico di Villa Sulcis<\/strong><\/h4>\n\n\n\n<p class=\"translation-block\">Il Museo Archeologico di Villa Sulcis \u00e8 un museo archeologico a Carbonia. Il museo \u00e8 dedicato alla storia locale e ospita diverse mostre e reperti archeologici rinvenuti intorno alla citt\u00e0, in gran parte risalenti all'epoca fenicia, cartaginese e romana.<\/p>\n\n\n\n<div class=\"wp-block-columns is-layout-flex wp-container-core-columns-is-layout-9d6595d7 wp-block-columns-is-layout-flex\">\n<div class=\"wp-block-column is-layout-flow wp-block-column-is-layout-flow\" style=\"flex-basis:85%\">\n<p>Indirizzo: Via Campania, 09013 Carbonia SU<br>Coordinate: 39.1637, 8.5248<\/p>\n<\/div>\n\n\n\n<div class=\"wp-block-column is-layout-flow wp-block-column-is-layout-flow\" style=\"flex-basis:15%\">\n<p class=\"has-text-align-right\"><a href=\"https:\/\/maps.app.goo.gl\/gYkX78hRxmtNa2kn7\" target=\"_blank\" aria-label=\" (opens in a new tab)\" rel=\"noreferrer noopener\" class=\"ek-link\">Google Maps<\/a><\/p>\n<\/div>\n<\/div>\n\n\n<div class=\"wp-block-ub-divider ub_divider ub-divider-orientation-horizontal\" id=\"ub_divider_0db79b78-2b04-49bd-9dcb-7cbcda936ac7\"><div class=\"ub_divider_wrapper\" style=\"position: relative; margin-bottom: 2px; width: 100%; height: 2px; \" data-divider-alignment=\"center\"><div class=\"ub_divider_line\" style=\"border-top: 2px solid #ccc; margin-top: 2px; \"><\/div><\/div><\/div>\n\n\n<h4 class=\"wp-block-heading\" id=\"coal-museum\"><strong><strong>Museo del Carbone<\/strong><\/strong><\/h4>\n\n\n\n<p class=\"translation-block\">Il Museo del Carbone \u00e8 un museo situato in un'ex miniera di carbone a Carbonia, nota come <strong>Miniera di Serbariu<\/strong>. Il museo ospita varie mostre sulla storia dell'attivit\u00e0 mineraria nella zona, con diversi utensili storici. Lo stesso complesso ospita anche il <strong>Museo dei Paleoambienti Sulcitani Edouard Alfred Martel<\/strong>, un museo di paleontologia che ospita diversi fossili.<\/p>\n\n\n\n<div class=\"wp-block-columns is-layout-flex wp-container-core-columns-is-layout-9d6595d7 wp-block-columns-is-layout-flex\">\n<div class=\"wp-block-column is-layout-flow wp-block-column-is-layout-flow\" style=\"flex-basis:85%\">\n<p>Indirizzo: Grande Miniera di Serbariu, 09013 Carbonia SU<br>Coordinate: 39.1592, 8.5114<\/p>\n<\/div>\n\n\n\n<div class=\"wp-block-column is-layout-flow wp-block-column-is-layout-flow\" style=\"flex-basis:15%\">\n<p class=\"has-text-align-right\"><a href=\"https:\/\/maps.app.goo.gl\/fuq9wgR9aNN5aUtX9\" target=\"_blank\" aria-label=\" (opens in a new tab)\" rel=\"noreferrer noopener\" class=\"ek-link\">Google Maps<\/a><\/p>\n<\/div>\n<\/div>\n\n\n<div class=\"wp-block-ub-divider ub_divider ub-divider-orientation-horizontal\" id=\"ub_divider_732100e9-d7f4-42d3-8147-0e0aaf3f9597\"><div class=\"ub_divider_wrapper\" style=\"position: relative; margin-bottom: 2px; width: 100%; height: 2px; \" data-divider-alignment=\"center\"><div class=\"ub_divider_line\" style=\"border-top: 2px solid #ccc; margin-top: 2px; \"><\/div><\/div><\/div>\n\n\n<h4 class=\"wp-block-heading\" id=\"archaeological-park-of-mount-sirai\"><strong><strong>Parco Archeologico di Monte Sirai<\/strong><\/strong><\/h4>\n\n\n\n<p class=\"translation-block\">Il Parco Archeologico di Monte Sirai \u00e8 un sito archeologico situato su una collina nei pressi di Carbonia. Questa zona presenta varie strutture antiche, tra cui edifici eretti dalla civilt\u00e0 nuragica e una citt\u00e0 fenicia, nonch\u00e9 una necropoli cartaginese.<\/p>\n\n\n\n<div class=\"wp-block-columns is-layout-flex wp-container-core-columns-is-layout-9d6595d7 wp-block-columns-is-layout-flex\">\n<div class=\"wp-block-column is-layout-flow wp-block-column-is-layout-flow\" style=\"flex-basis:85%\">\n<p>Indirizzo: Strada Statale 126 km 17, 09013 Sirai SU<br>Coordinate: 39.1779, 8.4889<\/p>\n<\/div>\n\n\n\n<div class=\"wp-block-column is-layout-flow wp-block-column-is-layout-flow\" style=\"flex-basis:15%\">\n<p class=\"has-text-align-right\"><a href=\"https:\/\/maps.app.goo.gl\/qbisnPGPk6N4BnkV9\" target=\"_blank\" aria-label=\" (opens in a new tab)\" rel=\"noreferrer noopener\" class=\"ek-link\">Google Maps<\/a><\/p>\n<\/div>\n<\/div>\n\n\n<div style=\"margin-top: var(--wp--preset--spacing--40); margin-bottom: var(--wp--preset--spacing--40); \" class=\"wp-block-ub-divider ub_divider ub-divider-orientation-horizontal\" id=\"ub_divider_bad95e4d-6243-4afc-961c-482d3a7501b1\"><div class=\"ub_divider_wrapper\" style=\"position: relative; margin-bottom: 10px; width: 100%; height: 10px; \" data-divider-alignment=\"center\"><div class=\"ub_divider_line\" style=\"border-top: 2px solid #000000; margin-top: 10px; \"><\/div><\/div><\/div>\n\n\n<h2 class=\"wp-block-heading\" id=\"gonnesa\"><strong>Gonnesa<\/strong><\/h2>\n\n\n\n<p>Gonnesa \u00e8 una citt\u00e0 situata tra Carbonia e Iglesias nella Sardegna sud-occidentale. La citt\u00e0 \u00e8 nota per le sue vicine spiagge e alcuni siti archeologici.<\/p>\n\n\n<div class=\"wp-block-ub-divider ub_divider ub-divider-orientation-horizontal\" id=\"ub_divider_f0571357-48a1-4a60-8a64-30b1314de42b\"><div class=\"ub_divider_wrapper\" style=\"position: relative; margin-bottom: 2px; width: 100%; height: 2px; \" data-divider-alignment=\"center\"><div class=\"ub_divider_line\" style=\"border-top: 2px solid #ccc; margin-top: 2px; \"><\/div><\/div><\/div>\n\n\n<h4 class=\"wp-block-heading\" id=\"nuraghe-seruci\"><strong>Nuraghe Seruci<\/strong><\/h4>\n\n\n\n<p>Il Nuraghe Seruci \u00e8 un complesso nuragico situato nei pressi di Gonnesa. La struttura comprende diversi edifici ed \u00e8 stata eretta durante l'Et\u00e0 del bronzo. Questo \u00e8 uno dei pi\u00f9 grandi villaggi preistorici della regione, ed \u00e8 visitabile.<\/p>\n\n\n\n<div class=\"wp-block-columns is-layout-flex wp-container-core-columns-is-layout-9d6595d7 wp-block-columns-is-layout-flex\">\n<div class=\"wp-block-column is-layout-flow wp-block-column-is-layout-flow\" style=\"flex-basis:85%\">\n<p>Indirizzo: SP108, 09010 Gonnesa SU<br>Coordinate: 39.2487, 8.4246<\/p>\n<\/div>\n\n\n\n<div class=\"wp-block-column is-layout-flow wp-block-column-is-layout-flow\" style=\"flex-basis:15%\">\n<p class=\"has-text-align-right\"><a href=\"https:\/\/maps.app.goo.gl\/UXfhz29wDQ7XrH6w8\" target=\"_blank\" aria-label=\" (opens in a new tab)\" rel=\"noreferrer noopener\" class=\"ek-link\">Google Maps<\/a><\/p>\n<\/div>\n<\/div>\n\n\n<div style=\"margin-top: var(--wp--preset--spacing--40); margin-bottom: var(--wp--preset--spacing--40); \" class=\"wp-block-ub-divider ub_divider ub-divider-orientation-horizontal\" id=\"ub_divider_6e6cacf9-2b03-424b-9ee7-2de1756b0806\"><div class=\"ub_divider_wrapper\" style=\"position: relative; margin-bottom: 10px; width: 100%; height: 10px; \" data-divider-alignment=\"center\"><div class=\"ub_divider_line\" style=\"border-top: 2px solid #000000; margin-top: 10px; \"><\/div><\/div><\/div>\n\n\n<h2 class=\"wp-block-heading\" id=\"iglesias\"><strong>Iglesias<\/strong><\/h2>\n\n\n\n<p>Iglesias \u00e8 una citt\u00e0 nella Sardegna sud-occidentale, al centro di una regione nota come Iglesiente. Abitata fin dalla preistoria, la citt\u00e0 emerse nel Medioevo e divenne un fiorente centro minerario. La citt\u00e0 visse un altro periodo di espansione tra il diciannovesimo e il ventesimo secolo grazie alla sua industria mineraria.<\/p>\n\n\n<div class=\"wp-block-ub-divider ub_divider ub-divider-orientation-horizontal\" id=\"ub_divider_b3e72025-8f16-4e65-a126-726303670789\"><div class=\"ub_divider_wrapper\" style=\"position: relative; margin-bottom: 2px; width: 100%; height: 2px; \" data-divider-alignment=\"center\"><div class=\"ub_divider_line\" style=\"border-top: 2px solid #ccc; margin-top: 2px; \"><\/div><\/div><\/div>\n\n\n<h4 class=\"wp-block-heading\" id=\"salvaterra-castle\"><strong><strong>Castello di Salvaterra<\/strong><\/strong><\/h4>\n\n\n\n<p>Il Castello di Salvaterra \u00e8 un castello situato su una collina che domina su Iglesias. Costruito nel tredicesimo secolo, il castello \u00e8 stato rimaneggiato pi\u00f9 volte ed \u00e8 stato ristrutturato in stile neogotico nel diciannovesimo secolo. Ora restaurato, pu\u00f2 essere visitato.<\/p>\n\n\n\n<div class=\"wp-block-columns is-layout-flex wp-container-core-columns-is-layout-9d6595d7 wp-block-columns-is-layout-flex\">\n<div class=\"wp-block-column is-layout-flow wp-block-column-is-layout-flow\" style=\"flex-basis:85%\">\n<p>Indirizzo: Via Monte Altari, 09016 Iglesias SU<br>Coordinate: 39.3147, 8.5357<\/p>\n<\/div>\n\n\n\n<div class=\"wp-block-column is-layout-flow wp-block-column-is-layout-flow\" style=\"flex-basis:15%\">\n<p class=\"has-text-align-right\"><a href=\"https:\/\/maps.app.goo.gl\/7L2tB2irgRjoTT6c6\" target=\"_blank\" aria-label=\" (opens in a new tab)\" rel=\"noreferrer noopener\" class=\"ek-link\">Google Maps<\/a><\/p>\n<\/div>\n<\/div>\n\n\n<div class=\"wp-block-ub-divider ub_divider ub-divider-orientation-horizontal\" id=\"ub_divider_cd68a951-cda0-4522-bf09-c4d324395c84\"><div class=\"ub_divider_wrapper\" style=\"position: relative; margin-bottom: 2px; width: 100%; height: 2px; \" data-divider-alignment=\"center\"><div class=\"ub_divider_line\" style=\"border-top: 2px solid #ccc; margin-top: 2px; \"><\/div><\/div><\/div>\n\n\n<h4 class=\"wp-block-heading\" id=\"iglesias-cathedral\"><strong>Cattedrale di Iglesias<\/strong><\/h4>\n\n\n\n<p class=\"translation-block\">Anche nota come: Cattedrale di Santa Chiara<\/p>\n\n\n\n<p>La Cattedrale di Iglesias \u00e8 la chiesa principale di Iglesias, situata nel centro della citt\u00e0. La chiesa fu costruita nel tredicesimo secolo in stile romanico e gotico e presenta un imponente campanile. All'interno della chiesa si trovano varie decorazioni e opere d'arte, tra cui un grande altare barocco del diciottesimo secolo.<\/p>\n\n\n\n<div class=\"wp-block-columns is-layout-flex wp-container-core-columns-is-layout-9d6595d7 wp-block-columns-is-layout-flex\">\n<div class=\"wp-block-column is-layout-flow wp-block-column-is-layout-flow\" style=\"flex-basis:85%\">\n<p>Indirizzo: Piazza Municipio, 7, 09016 Iglesias SU<br>Coordinate: 39.3135, 8.5326<\/p>\n<\/div>\n\n\n\n<div class=\"wp-block-column is-layout-flow wp-block-column-is-layout-flow\" style=\"flex-basis:15%\">\n<p class=\"has-text-align-right\"><a href=\"https:\/\/maps.app.goo.gl\/vtNJX5Ko1jKDTfg89\" target=\"_blank\" aria-label=\" (opens in a new tab)\" rel=\"noreferrer noopener\" class=\"ek-link\">Google Maps<\/a><\/p>\n<\/div>\n<\/div>\n\n\n<div class=\"wp-block-ub-divider ub_divider ub-divider-orientation-horizontal\" id=\"ub_divider_c793a576-440a-4232-bcd0-8b8ec45c6bbf\"><div class=\"ub_divider_wrapper\" style=\"position: relative; margin-bottom: 2px; width: 100%; height: 2px; \" data-divider-alignment=\"center\"><div class=\"ub_divider_line\" style=\"border-top: 2px solid #ccc; margin-top: 2px; \"><\/div><\/div><\/div>\n\n\n<h4 class=\"wp-block-heading\" id=\"church-of-san-francesco\"><strong><strong>Chiesa di San Francesco<\/strong><\/strong><\/h4>\n\n\n\n<p>La Chiesa di San Francesco \u00e8 una chiesa storica nel centro di Iglesias. L'attuale struttura \u00e8 stata costruita su una chiesa precedente nel sedicesimo secolo in stile gotico catalano. La chiesa ospita alcune opere d'arte e decorazioni.<\/p>\n\n\n\n<div class=\"wp-block-columns is-layout-flex wp-container-core-columns-is-layout-9d6595d7 wp-block-columns-is-layout-flex\">\n<div class=\"wp-block-column is-layout-flow wp-block-column-is-layout-flow\" style=\"flex-basis:85%\">\n<p>Indirizzo: Via S. Marcello, 09016 Iglesias SU<br>Coordinate: 39.3123, 8.5320<\/p>\n<\/div>\n\n\n\n<div class=\"wp-block-column is-layout-flow wp-block-column-is-layout-flow\" style=\"flex-basis:15%\">\n<p class=\"has-text-align-right\"><a href=\"https:\/\/maps.app.goo.gl\/YXTxVanye1fuUE2T7\" target=\"_blank\" aria-label=\" (opens in a new tab)\" rel=\"noreferrer noopener\" class=\"ek-link\">Google Maps<\/a><\/p>\n<\/div>\n<\/div>\n\n\n<div class=\"wp-block-ub-divider ub_divider ub-divider-orientation-horizontal\" id=\"ub_divider_5cd5eee0-7190-4427-909a-0b83304cb211\"><div class=\"ub_divider_wrapper\" style=\"position: relative; margin-bottom: 2px; width: 100%; height: 2px; \" data-divider-alignment=\"center\"><div class=\"ub_divider_line\" style=\"border-top: 2px solid #ccc; margin-top: 2px; \"><\/div><\/div><\/div>\n\n\n<h4 class=\"wp-block-heading\" id=\"museum-of-mining-art-and-mineralogical-museum\"><strong><strong>Museo dell\u2019Arte Mineraria e Museo Mineralogico<\/strong><\/strong><\/h4>\n\n\n\n<p class=\"translation-block\">Il Museo dell\u2019Arte Mineraria e Museo Mineralogico \u00e8 un museo a Iglesias dedicato alla lunga tradizione mineraria della citt\u00e0. Il museo minerario ospita varie mostre e attrezzature storiche, mentre il museo mineralogico ospita minerali e fossili provenienti da tutto il mondo.<\/p>\n\n\n\n<div class=\"wp-block-columns is-layout-flex wp-container-core-columns-is-layout-9d6595d7 wp-block-columns-is-layout-flex\">\n<div class=\"wp-block-column is-layout-flow wp-block-column-is-layout-flow\" style=\"flex-basis:85%\">\n<p>Indirizzo: Via Roma, 47, 09016 Iglesias SU<br>Coordinate: 39.3114, 8.5319<\/p>\n<\/div>\n\n\n\n<div class=\"wp-block-column is-layout-flow wp-block-column-is-layout-flow\" style=\"flex-basis:15%\">\n<p class=\"has-text-align-right\"><a href=\"https:\/\/maps.app.goo.gl\/GJ3iDC91Yck5ru63A\" target=\"_blank\" aria-label=\" (opens in a new tab)\" rel=\"noreferrer noopener\" class=\"ek-link\">Google Maps<\/a><\/p>\n<\/div>\n<\/div>\n\n\n<div class=\"wp-block-ub-divider ub_divider ub-divider-orientation-horizontal\" id=\"ub_divider_fcc2b33b-e665-419d-b6f5-bf20bf78e44e\"><div class=\"ub_divider_wrapper\" style=\"position: relative; margin-bottom: 2px; width: 100%; height: 2px; \" data-divider-alignment=\"center\"><div class=\"ub_divider_line\" style=\"border-top: 2px solid #ccc; margin-top: 2px; \"><\/div><\/div><\/div>\n\n\n<h4 class=\"wp-block-heading\" id=\"monteponi-mine\"><strong><strong>Miniera di Monteponi<\/strong><\/strong><\/h4>\n\n\n\n<p class=\"translation-block\">La Miniera di Monteponi \u00e8 una grande miniera storica situata a ovest di Iglesias. Utilizzata fin dal diciassettesimo secolo, questa zona \u00e8 stata sviluppata principalmente tra il diciannovesimo e il ventesimo secolo, ma \u00e8 stata poi chiusa. Il complesso abbandonato \u00e8 ora visitabile.<\/p>\n\n\n\n<div class=\"wp-block-columns is-layout-flex wp-container-core-columns-is-layout-9d6595d7 wp-block-columns-is-layout-flex\">\n<div class=\"wp-block-column is-layout-flow wp-block-column-is-layout-flow\" style=\"flex-basis:85%\">\n<p>Indirizzo: Ruderi Miniera Monteponi, 09016 Monteponi SU<br>Coordinate: 39.3004, 8.5094<\/p>\n<\/div>\n\n\n\n<div class=\"wp-block-column is-layout-flow wp-block-column-is-layout-flow\" style=\"flex-basis:15%\">\n<p class=\"has-text-align-right\"><a href=\"https:\/\/maps.app.goo.gl\/3ieUssc6JnXTpJgj9\" target=\"_blank\" aria-label=\" (opens in a new tab)\" rel=\"noreferrer noopener\" class=\"ek-link\">Google Maps<\/a><\/p>\n<\/div>\n<\/div>\n\n\n<div class=\"wp-block-ub-divider ub_divider ub-divider-orientation-horizontal\" id=\"ub_divider_4a4a6179-ed15-4e5f-8ba0-ef0b15af1acd\"><div class=\"ub_divider_wrapper\" style=\"position: relative; margin-bottom: 2px; width: 100%; height: 2px; \" data-divider-alignment=\"center\"><div class=\"ub_divider_line\" style=\"border-top: 2px solid #ccc; margin-top: 2px; \"><\/div><\/div><\/div>\n\n\n<h4 class=\"wp-block-heading\" id=\"roman-amphitheater-of-larino\"><strong><strong>Porto Flavia<\/strong><\/strong><\/h4>\n\n\n\n<p>Porto Flavia \u00e8 un peculiare porto marittimo situato sulla costa vicino a Iglesias. Costruito negli anni venti del Novecento per servire le vicine miniere grazie a un lungo tunnel, il porto si trova lungo le ripide scogliere molto pi\u00f9 in alto del livello del mare. Dopo la chiusura delle miniere, \u00e8 stato trasformato in un'attrazione turistica.<\/p>\n\n\n\n<div class=\"wp-block-columns is-layout-flex wp-container-core-columns-is-layout-9d6595d7 wp-block-columns-is-layout-flex\">\n<div class=\"wp-block-column is-layout-flow wp-block-column-is-layout-flow\" style=\"flex-basis:85%\">\n<p>Indirizzo: Porto Flavia, 09016 Masua SU<br>Coordinate: 39.3369, 8.4127<\/p>\n<\/div>\n\n\n\n<div class=\"wp-block-column is-layout-flow wp-block-column-is-layout-flow\" style=\"flex-basis:15%\">\n<p class=\"has-text-align-right\"><a href=\"https:\/\/maps.app.goo.gl\/H74C6reisRsJAu1Z6\" target=\"_blank\" aria-label=\" (opens in a new tab)\" rel=\"noreferrer noopener\" class=\"ek-link\">Google Maps<\/a><\/p>\n<\/div>\n<\/div>\n\n\n<div style=\"margin-top: var(--wp--preset--spacing--40); margin-bottom: var(--wp--preset--spacing--40); \" class=\"wp-block-ub-divider ub_divider ub-divider-orientation-horizontal\" id=\"ub_divider_0861426e-0056-4a50-9e7f-1a4a24b3c100\"><div class=\"ub_divider_wrapper\" style=\"position: relative; margin-bottom: 10px; width: 100%; height: 10px; \" data-divider-alignment=\"center\"><div class=\"ub_divider_line\" style=\"border-top: 2px solid #000000; margin-top: 10px; \"><\/div><\/div><\/div>\n\n\n<h2 class=\"wp-block-heading\" id=\"domusnovas\"><strong>Domusnovas<\/strong><\/h2>\n\n\n\n<p>Domusnovas \u00e8 una cittadina situata nella campagna a est di Iglesias. La cittadina \u00e8 famosa soprattutto per una grande grotta nelle vicinanze.<\/p>\n\n\n<div class=\"wp-block-ub-divider ub_divider ub-divider-orientation-horizontal\" id=\"ub_divider_a8d542e0-7743-41e5-96ce-d9bc00e8c923\"><div class=\"ub_divider_wrapper\" style=\"position: relative; margin-bottom: 2px; width: 100%; height: 2px; \" data-divider-alignment=\"center\"><div class=\"ub_divider_line\" style=\"border-top: 2px solid #ccc; margin-top: 2px; \"><\/div><\/div><\/div>\n\n\n<h4 class=\"wp-block-heading\" id=\"san-giovanni-cave\"><strong>Grotta di San Giovanni<\/strong><\/h4>\n\n\n\n<p class=\"translation-block\">La Grotta di San Giovanni \u00e8 una grande grotta situata sulle montagne vicino a Domusnovas. La grotta \u00e8 l'unica in Italia ad essere attraversata da una strada, che ora \u00e8 chiusa al traffico. Tuttavia, la grotta pu\u00f2 essere visitata ed \u00e8 una popolare meta turistica.<\/p>\n\n\n\n<div class=\"wp-block-columns is-layout-flex wp-container-core-columns-is-layout-9d6595d7 wp-block-columns-is-layout-flex\">\n<div class=\"wp-block-column is-layout-flow wp-block-column-is-layout-flow\" style=\"flex-basis:85%\">\n<p>Indirizzo: Grotta di San Giovanni, 09015 Domusnovas SU<br>Coordinate: 39.3370, 8.6275<\/p>\n<\/div>\n\n\n\n<div class=\"wp-block-column is-layout-flow wp-block-column-is-layout-flow\" style=\"flex-basis:15%\">\n<p class=\"has-text-align-right\"><a href=\"https:\/\/maps.app.goo.gl\/uHBpGcoD6sE5TT9c8\" target=\"_blank\" aria-label=\" (opens in a new tab)\" rel=\"noreferrer noopener\" class=\"ek-link\">Google Maps<\/a><\/p>\n<\/div>\n<\/div>\n\n\n<div style=\"margin-top: var(--wp--preset--spacing--40); margin-bottom: var(--wp--preset--spacing--40); \" class=\"wp-block-ub-divider ub_divider ub-divider-orientation-horizontal\" id=\"ub_divider_c19302e9-8406-4d73-abff-65b7fcbdd087\"><div class=\"ub_divider_wrapper\" style=\"position: relative; margin-bottom: 10px; width: 100%; height: 10px; \" data-divider-alignment=\"center\"><div class=\"ub_divider_line\" style=\"border-top: 2px solid #000000; margin-top: 10px; \"><\/div><\/div><\/div>\n\n\n<h2 class=\"wp-block-heading\" id=\"fluminimaggiore\"><strong>Fluminimaggiore<\/strong><\/h2>\n\n\n\n<p>Fluminimaggiore \u00e8 un piccolo paese situato tra le montagne a nord di Iglesias. Abitato fin dall'antichit\u00e0, vari resti archeologici si trovano nei dintorni del paese.<\/p>\n\n\n<div class=\"wp-block-ub-divider ub_divider ub-divider-orientation-horizontal\" id=\"ub_divider_0cb1d3bc-61a0-4dce-8e0e-ee1b32ed0516\"><div class=\"ub_divider_wrapper\" style=\"position: relative; margin-bottom: 2px; width: 100%; height: 2px; \" data-divider-alignment=\"center\"><div class=\"ub_divider_line\" style=\"border-top: 2px solid #ccc; margin-top: 2px; \"><\/div><\/div><\/div>\n\n\n<h4 class=\"wp-block-heading\" id=\"temple-of-antas\"><strong>Tempio di Antas<\/strong><\/h4>\n\n\n\n<p class=\"translation-block\">Il Tempio di Antas \u00e8 un antico tempio situato nei pressi di Fluminimaggiore. Il sito archeologico presenta alcune strutture della civilt\u00e0 nuragica, mentre il tempio fu costruito dai Cartaginesi intorno al 500 a.C.. Il tempio fu poi ricostruito dai Romani e ora sopravvivono ancora varie sezioni dell'edificio.<\/p>\n\n\n\n<div class=\"wp-block-columns is-layout-flex wp-container-core-columns-is-layout-9d6595d7 wp-block-columns-is-layout-flex\">\n<div class=\"wp-block-column is-layout-flow wp-block-column-is-layout-flow\" style=\"flex-basis:85%\">\n<p>Indirizzo: SS126, 09010 Fluminimaggiore SU<br>Coordinate: 39.3941, 8.5001<\/p>\n<\/div>\n\n\n\n<div class=\"wp-block-column is-layout-flow wp-block-column-is-layout-flow\" style=\"flex-basis:15%\">\n<p class=\"has-text-align-right\"><a href=\"https:\/\/maps.app.goo.gl\/HDkE6hkyZejhHqnJ7\" target=\"_blank\" aria-label=\" (opens in a new tab)\" rel=\"noreferrer noopener\" class=\"ek-link\">Google Maps<\/a><\/p>\n<\/div>\n<\/div>\n\n\n<div style=\"margin-top: var(--wp--preset--spacing--40); margin-bottom: var(--wp--preset--spacing--40); \" class=\"wp-block-ub-divider ub_divider ub-divider-orientation-horizontal\" id=\"ub_divider_ecf115a0-d277-477d-871c-20e0cf566234\"><div class=\"ub_divider_wrapper\" style=\"position: relative; margin-bottom: 10px; width: 100%; height: 10px; \" data-divider-alignment=\"center\"><div class=\"ub_divider_line\" style=\"border-top: 2px solid #000000; margin-top: 10px; \"><\/div><\/div><\/div>\n\n\n<h2 class=\"wp-block-heading\" id=\"santantioco\"><strong>Sant&#8217;Antioco<\/strong><\/h2>\n\n\n\n<p>Sant'Antioco \u00e8 una citt\u00e0 situata sulla costa orientale dell'isola omonima, che si trova appena al largo della costa sud-occidentale della Sardegna. L'Isola di Sant'Antioco \u00e8 stata abitata fin dalla preistoria ed \u00e8 stata un sito importante per millenni grazie alla sua posizione strategica. Ora \u00e8 principalmente una destinazione turistica.<\/p>\n\n\n<div class=\"wp-block-ub-divider ub_divider ub-divider-orientation-horizontal\" id=\"ub_divider_6a04b373-688e-4742-ad13-0ecbc9f509d6\"><div class=\"ub_divider_wrapper\" style=\"position: relative; margin-bottom: 2px; width: 100%; height: 2px; \" data-divider-alignment=\"center\"><div class=\"ub_divider_line\" style=\"border-top: 2px solid #ccc; margin-top: 2px; \"><\/div><\/div><\/div>\n\n\n<h4 class=\"wp-block-heading\" id=\"basilica-of-santantioco-martire\"><strong><strong>Basilica di Sant\u2019Antioco Martire<\/strong><\/strong><\/h4>\n\n\n\n<p>La Basilica di Sant'Antioco Martire \u00e8 la chiesa principale di Sant'Antioco. Originariamente costruita nel quinto secolo, la chiesa \u00e8 stata in seguito rimaneggiata pi\u00f9 volte. L'edificio \u00e8 situato in cima a una serie di catacombe romane risalenti al secondo secolo circa.<\/p>\n\n\n\n<div class=\"wp-block-columns is-layout-flex wp-container-core-columns-is-layout-9d6595d7 wp-block-columns-is-layout-flex\">\n<div class=\"wp-block-column is-layout-flow wp-block-column-is-layout-flow\" style=\"flex-basis:85%\">\n<p>Indirizzo: Piazza Parrocchia, 22, 09017 Sant\u2019Antioco SU<br>Coordinate: 39.0696, 8.4508<\/p>\n<\/div>\n\n\n\n<div class=\"wp-block-column is-layout-flow wp-block-column-is-layout-flow\" style=\"flex-basis:15%\">\n<p class=\"has-text-align-right\"><a href=\"https:\/\/maps.app.goo.gl\/fP6XCXvASd8cKmFi9\" target=\"_blank\" aria-label=\" (opens in a new tab)\" rel=\"noreferrer noopener\" class=\"ek-link\">Google Maps<\/a><\/p>\n<\/div>\n<\/div>\n\n\n<div class=\"wp-block-ub-divider ub_divider ub-divider-orientation-horizontal\" id=\"ub_divider_cd7e9069-c7c9-4f5e-ab47-6b1ff664299d\"><div class=\"ub_divider_wrapper\" style=\"position: relative; margin-bottom: 2px; width: 100%; height: 2px; \" data-divider-alignment=\"center\"><div class=\"ub_divider_line\" style=\"border-top: 2px solid #ccc; margin-top: 2px; \"><\/div><\/div><\/div>\n\n\n<h4 class=\"wp-block-heading\" id=\"archaeological-area-of-sulki\"><strong>Area Archeologica di Sulki<\/strong><\/h4>\n\n\n\n<p class=\"translation-block\">L'Area Archeologica di Sulki ospita le rovine dell'antica citt\u00e0 di Sulki, che un tempo si trovava dove oggi sorge Sant'Antioco. Fondata in epoca prenuragica, la citt\u00e0 fu poi abitata dalla civilt\u00e0 nuragica, dai Fenici, dai Cartaginesi e dai Romani, ma fu abbandonata nel Medioevo. Le rovine dell'antica citt\u00e0 includono varie strutture, tra cui una necropoli e un tofet, un tipo di santuario fenicio.<\/p>\n\n\n\n<div class=\"wp-block-columns is-layout-flex wp-container-core-columns-is-layout-9d6595d7 wp-block-columns-is-layout-flex\">\n<div class=\"wp-block-column is-layout-flow wp-block-column-is-layout-flow\" style=\"flex-basis:85%\">\n<p>Indirizzo: Via Castello, 09017 Sant\u2019Antioco SU<br>Coordinate: 39.0713, 8.4513<\/p>\n<\/div>\n\n\n\n<div class=\"wp-block-column is-layout-flow wp-block-column-is-layout-flow\" style=\"flex-basis:15%\">\n<p class=\"has-text-align-right\"><a href=\"https:\/\/maps.app.goo.gl\/jE5jVabWx8137jKX7\" target=\"_blank\" aria-label=\" (opens in a new tab)\" rel=\"noreferrer noopener\" class=\"ek-link\">Google Maps<\/a><\/p>\n<\/div>\n<\/div>\n\n\n<div class=\"wp-block-ub-divider ub_divider ub-divider-orientation-horizontal\" id=\"ub_divider_43f12d9c-c013-4504-ab4c-05464dde2a77\"><div class=\"ub_divider_wrapper\" style=\"position: relative; margin-bottom: 2px; width: 100%; height: 2px; \" data-divider-alignment=\"center\"><div class=\"ub_divider_line\" style=\"border-top: 2px solid #ccc; margin-top: 2px; \"><\/div><\/div><\/div>\n\n\n<h4 class=\"wp-block-heading\" id=\"ferruccio-barreca-archaeological-museum\"><strong><strong>Museo Archeologico Ferruccio Barreca<\/strong><\/strong><\/h4>\n\n\n\n<p class=\"translation-block\">Il Museo Archeologico Ferruccio Barreca \u00e8 un museo archeologico a Sant'Antioco. Il museo ospita una serie di reperti archeologici rinvenuti nei dintorni della citt\u00e0, risalenti al periodo compreso tra il Neolitico e l'Et\u00e0 romana.<\/p>\n\n\n\n<div class=\"wp-block-columns is-layout-flex wp-container-core-columns-is-layout-9d6595d7 wp-block-columns-is-layout-flex\">\n<div class=\"wp-block-column is-layout-flow wp-block-column-is-layout-flow\" style=\"flex-basis:85%\">\n<p>Indirizzo: Via Sabatino Moscati, 09017 Sant\u2019Antioco SU<br>Coordinate: 39.0754, 8.4520<\/p>\n<\/div>\n\n\n\n<div class=\"wp-block-column is-layout-flow wp-block-column-is-layout-flow\" style=\"flex-basis:15%\">\n<p class=\"has-text-align-right\"><a href=\"https:\/\/maps.app.goo.gl\/dDC9tGjKVCsjNHgu7\" target=\"_blank\" aria-label=\" (opens in a new tab)\" rel=\"noreferrer noopener\" class=\"ek-link\">Google Maps<\/a><\/p>\n<\/div>\n<\/div>\n\n\n<div style=\"margin-top: var(--wp--preset--spacing--40); margin-bottom: var(--wp--preset--spacing--40); \" class=\"wp-block-ub-divider ub_divider ub-divider-orientation-horizontal\" id=\"ub_divider_a0d236f5-7c01-4efb-a772-e0f77f2dab31\"><div class=\"ub_divider_wrapper\" style=\"position: relative; margin-bottom: 10px; width: 100%; height: 10px; \" data-divider-alignment=\"center\"><div class=\"ub_divider_line\" style=\"border-top: 2px solid #000000; margin-top: 10px; \"><\/div><\/div><\/div>\n\n\n<h2 class=\"wp-block-heading\" id=\"carloforte\"><strong>Carloforte<\/strong><\/h2>\n\n\n\n<p>Carloforte \u00e8 una citt\u00e0 situata sull'Isola di San Pietro, situata appena al largo della costa sud-occidentale della Sardegna, a nord di Sant'Antioco. La citt\u00e0 si trova sulla costa orientale dell'isola ed \u00e8 stata fondata nel diciottesimo secolo.<\/p>\n\n\n<div class=\"wp-block-ub-divider ub_divider ub-divider-orientation-horizontal\" id=\"ub_divider_13944978-2016-4b97-8d88-ecf122e75a5a\"><div class=\"ub_divider_wrapper\" style=\"position: relative; margin-bottom: 2px; width: 100%; height: 2px; \" data-divider-alignment=\"center\"><div class=\"ub_divider_line\" style=\"border-top: 2px solid #ccc; margin-top: 2px; \"><\/div><\/div><\/div>\n\n\n<h4 class=\"wp-block-heading\" id=\"san-pietro-island\"><strong>Isola di San Pietro<\/strong><\/h4>\n\n\n\n<p class=\"translation-block\">L'Isola di San Pietro \u00e8 stata a lungo un centro di pescatori, ma ora \u00e8 una meta turistica nota per le sue numerose e bellissime spiagge. Una delle attrazioni pi\u00f9 famose dell'isola \u00e8 il promontorio roccioso di <strong>Capo Sandalo<\/strong>, sulla costa occidentale, che offre una splendida vista sul mare.<\/p>\n\n\n\n<div class=\"wp-block-columns is-layout-flex wp-container-core-columns-is-layout-9d6595d7 wp-block-columns-is-layout-flex\">\n<div class=\"wp-block-column is-layout-flow wp-block-column-is-layout-flow\" style=\"flex-basis:85%\">\n<p>Indirizzo: Isola di San Pietro, 09014 Carloforte SU<br>Coordinate: 39.1415, 8.2763<\/p>\n<\/div>\n\n\n\n<div class=\"wp-block-column is-layout-flow wp-block-column-is-layout-flow\" style=\"flex-basis:15%\">\n<p class=\"has-text-align-right\"><a href=\"https:\/\/maps.app.goo.gl\/z4jQVfoGX9qZJeSj9\" target=\"_blank\" aria-label=\" (opens in a new tab)\" rel=\"noreferrer noopener\" class=\"ek-link\">Google Maps<\/a><\/p>\n<\/div>\n<\/div>\n\n\n<div style=\"margin-top: var(--wp--preset--spacing--40); margin-bottom: var(--wp--preset--spacing--40); \" class=\"wp-block-ub-divider ub_divider ub-divider-orientation-horizontal\" id=\"ub_divider_53b9aa8a-8604-4bf4-bf00-60e6ad2de03d\"><div class=\"ub_divider_wrapper\" style=\"position: relative; margin-bottom: 10px; width: 100%; height: 10px; \" data-divider-alignment=\"center\"><div class=\"ub_divider_line\" style=\"border-top: 2px solid #000000; margin-top: 10px; \"><\/div><\/div><\/div>\n\n\n<h2 class=\"wp-block-heading\" id=\"tratalias\"><strong>Tratalias<\/strong><\/h2>\n\n\n\n<p>Tratalias \u00e8 una piccola cittadina situata nella campagna a sud di Carbonia. Abitata fin dall'antichit\u00e0, oggi \u00e8 nota soprattutto per la sua chiesa storica.<\/p>\n\n\n<div class=\"wp-block-ub-divider ub_divider ub-divider-orientation-horizontal\" id=\"ub_divider_f3e08f3d-907c-48c9-9a2a-a60ddd8ed99d\"><div class=\"ub_divider_wrapper\" style=\"position: relative; margin-bottom: 2px; width: 100%; height: 2px; \" data-divider-alignment=\"center\"><div class=\"ub_divider_line\" style=\"border-top: 2px solid #ccc; margin-top: 2px; \"><\/div><\/div><\/div>\n\n\n<h4 class=\"wp-block-heading\" id=\"church-of-santa-maria-di-monserrato\"><strong>Chiesa di Santa Maria di Monserrato<\/strong><\/h4>\n\n\n\n<p>La Chiesa di Santa Maria di Monserrato \u00e8 un'antica chiesa situata nel centro storico di Tratalias. La chiesa fu costruita in stile romanico pisano durante il tredicesimo secolo e comprende un interno semplice e tipiche decorazioni medievali.<\/p>\n\n\n\n<div class=\"wp-block-columns is-layout-flex wp-container-core-columns-is-layout-9d6595d7 wp-block-columns-is-layout-flex\">\n<div class=\"wp-block-column is-layout-flow wp-block-column-is-layout-flow\" style=\"flex-basis:85%\">\n<p>Indirizzo: Piazza Chiesa, 09010 Tratalias Vecchia SU<br>Coordinate: 39.0980, 8.5720<\/p>\n<\/div>\n\n\n\n<div class=\"wp-block-column is-layout-flow wp-block-column-is-layout-flow\" style=\"flex-basis:15%\">\n<p class=\"has-text-align-right\"><a href=\"https:\/\/maps.app.goo.gl\/6zf4VgTGSS5J3VpR8\" target=\"_blank\" aria-label=\" (opens in a new tab)\" rel=\"noreferrer noopener\" class=\"ek-link\">Google Maps<\/a><\/p>\n<\/div>\n<\/div>\n\n\n<div style=\"margin-top: var(--wp--preset--spacing--40); margin-bottom: var(--wp--preset--spacing--40); \" class=\"wp-block-ub-divider ub_divider ub-divider-orientation-horizontal\" id=\"ub_divider_917f8b2c-465a-4c68-8597-6c1993370bb7\"><div class=\"ub_divider_wrapper\" style=\"position: relative; margin-bottom: 10px; width: 100%; height: 10px; \" data-divider-alignment=\"center\"><div class=\"ub_divider_line\" style=\"border-top: 2px solid #000000; margin-top: 10px; \"><\/div><\/div><\/div>\n\n\n<h2 class=\"wp-block-heading\" id=\"villaperuccio\"><strong>Villaperuccio<\/strong><\/h2>\n\n\n\n<p>Villaperuccio \u00e8 una piccola cittadina situata nella campagna del Sulcis. La zona \u00e8 stata abitata fin dalla preistoria e la cittadina \u00e8 nota soprattutto per la vicina necropoli antica.<\/p>\n\n\n<div class=\"wp-block-ub-divider ub_divider ub-divider-orientation-horizontal\" id=\"ub_divider_9eaca62b-3707-47f6-93f8-10706fd24bb0\"><div class=\"ub_divider_wrapper\" style=\"position: relative; margin-bottom: 2px; width: 100%; height: 2px; \" data-divider-alignment=\"center\"><div class=\"ub_divider_line\" style=\"border-top: 2px solid #ccc; margin-top: 2px; \"><\/div><\/div><\/div>\n\n\n<h4 class=\"wp-block-heading\" id=\"montessu-necropolis\"><strong>Necropoli di Montessu<\/strong><\/h4>\n\n\n\n<p class=\"translation-block\">La Necropoli di Montessu \u00e8 una necropoli preistorica situata nei pressi di Villaperuccio. Il sito \u00e8 stato utilizzato tra il quarto e il secondo millennio a.C., in epoca prenuragica, e presenta una vasta serie di tombe, alcune delle quali sono decorate.<\/p>\n\n\n\n<div class=\"wp-block-columns is-layout-flex wp-container-core-columns-is-layout-9d6595d7 wp-block-columns-is-layout-flex\">\n<div class=\"wp-block-column is-layout-flow wp-block-column-is-layout-flow\" style=\"flex-basis:85%\">\n<p>Indirizzo: Necropoli di Montessu, 09010 Villaperuccio SU<br>Coordinate: 39.1312, 8.6714<\/p>\n<\/div>\n\n\n\n<div class=\"wp-block-column is-layout-flow wp-block-column-is-layout-flow\" style=\"flex-basis:15%\">\n<p class=\"has-text-align-right\"><a href=\"https:\/\/maps.app.goo.gl\/QQ1Yhy5jTwJKdU8y7\" target=\"_blank\" aria-label=\" (opens in a new tab)\" rel=\"noreferrer noopener\" class=\"ek-link\">Google Maps<\/a><\/p>\n<\/div>\n<\/div>\n\n\n<div style=\"margin-top: var(--wp--preset--spacing--40); margin-bottom: var(--wp--preset--spacing--40); \" class=\"wp-block-ub-divider ub_divider ub-divider-orientation-horizontal\" id=\"ub_divider_6c7ae5c0-0b47-4ccf-9d37-0a832d358638\"><div class=\"ub_divider_wrapper\" style=\"position: relative; margin-bottom: 10px; width: 100%; height: 10px; \" data-divider-alignment=\"center\"><div class=\"ub_divider_line\" style=\"border-top: 2px solid #000000; margin-top: 10px; \"><\/div><\/div><\/div>\n\n\n<h2 class=\"wp-block-heading\" id=\"santadi\"><strong>Santadi<\/strong><\/h2>\n\n\n\n<p>Santadi \u00e8 una piccola citt\u00e0 situata a sud-est di Carbonia. Questa zona fu abitata per la prima volta in epoca preistorica e il territorio attorno alla citt\u00e0 presenta alcune antiche rovine e un sistema di grotte.<\/p>\n\n\n<div class=\"wp-block-ub-divider ub_divider ub-divider-orientation-horizontal\" id=\"ub_divider_03d06ad3-c084-4a86-886e-509aa265722f\"><div class=\"ub_divider_wrapper\" style=\"position: relative; margin-bottom: 2px; width: 100%; height: 2px; \" data-divider-alignment=\"center\"><div class=\"ub_divider_line\" style=\"border-top: 2px solid #ccc; margin-top: 2px; \"><\/div><\/div><\/div>\n\n\n<h4 class=\"wp-block-heading\" id=\"is-zuddas-caves\"><strong>Grotte di Is Zuddas<\/strong><\/h4>\n\n\n\n<p class=\"translation-block\">Le Grotte di Is Zuddas sono un sistema di grotte situato a sud di Santadi. Scoperte nel 1971, le grotte sono state in seguito trasformate in un'attrazione turistica e sono note per ospitare numerose formazioni rocciose peculiari.<\/p>\n\n\n\n<div class=\"wp-block-columns is-layout-flex wp-container-core-columns-is-layout-9d6595d7 wp-block-columns-is-layout-flex\">\n<div class=\"wp-block-column is-layout-flow wp-block-column-is-layout-flow\" style=\"flex-basis:85%\">\n<p>Indirizzo: Localit\u00e0 Is Zuddas, 09010 Santadi SU<br>Coordinate: 39.0457, 8.7066<\/p>\n<\/div>\n\n\n\n<div class=\"wp-block-column is-layout-flow wp-block-column-is-layout-flow\" style=\"flex-basis:15%\">\n<p class=\"has-text-align-right\"><a href=\"https:\/\/maps.app.goo.gl\/YyMDfmVZZpJpRNSU9\" target=\"_blank\" aria-label=\" (opens in a new tab)\" rel=\"noreferrer noopener\" class=\"ek-link\">Google Maps<\/a><\/p>\n<\/div>\n<\/div>\n\n\n<div style=\"margin-top: var(--wp--preset--spacing--40); margin-bottom: var(--wp--preset--spacing--40); \" class=\"wp-block-ub-divider ub_divider ub-divider-orientation-horizontal\" id=\"ub_divider_3cc6385f-b773-4f44-95d4-e19952bebccb\"><div class=\"ub_divider_wrapper\" style=\"position: relative; margin-bottom: 10px; width: 100%; height: 10px; \" data-divider-alignment=\"center\"><div class=\"ub_divider_line\" style=\"border-top: 2px solid #000000; margin-top: 10px; \"><\/div><\/div><\/div>\n\n\n<h2 class=\"wp-block-heading\" id=\"santanna-arresi\"><strong>Sant&#8217;Anna Arresi<\/strong><\/h2>\n\n\n\n<p>Sant\u2019Anna Arresi \u00e8 un piccolo paese situato ai piedi dei monti del Sulcis, noto soprattutto per le vicine spiagge.<\/p>\n\n\n<div class=\"wp-block-ub-divider ub_divider ub-divider-orientation-horizontal\" id=\"ub_divider_1f9d8894-6a7e-444d-96cb-c5e9faf7bee8\"><div class=\"ub_divider_wrapper\" style=\"position: relative; margin-bottom: 2px; width: 100%; height: 2px; \" data-divider-alignment=\"center\"><div class=\"ub_divider_line\" style=\"border-top: 2px solid #ccc; margin-top: 2px; \"><\/div><\/div><\/div>\n\n\n<h4 class=\"wp-block-heading\" id=\"porto-pino\"><strong>Porto Pino<\/strong><\/h4>\n\n\n\n<p>Porto Pino \u00e8 una localit\u00e0 balneare situata sulla costa vicino a Sant'Anna Arresi. Noto per la sua grande spiaggia sabbiosa, Porto Pino \u00e8 spesso visitato da gente del posto e turisti in estate, ed \u00e8 una delle destinazioni pi\u00f9 famose lungo questa costa.<\/p>\n\n\n\n<div class=\"wp-block-columns is-layout-flex wp-container-core-columns-is-layout-9d6595d7 wp-block-columns-is-layout-flex\">\n<div class=\"wp-block-column is-layout-flow wp-block-column-is-layout-flow\" style=\"flex-basis:85%\">\n<p>Indirizzo: Via della Prima Spiaggia, 09010 Porto Pino SU<br>Coordinate: 38.9628, 8.5982<\/p>\n<\/div>\n\n\n\n<div class=\"wp-block-column is-layout-flow wp-block-column-is-layout-flow\" style=\"flex-basis:15%\">\n<p class=\"has-text-align-right\"><a href=\"https:\/\/maps.app.goo.gl\/3g2yuMp7TERQ3Ne79\" target=\"_blank\" aria-label=\" (opens in a new tab)\" rel=\"noreferrer noopener\" class=\"ek-link\">Google Maps<\/a><\/p>\n<\/div>\n<\/div>","protected":false},"excerpt":{"rendered":"<p>&lt;&lt; Sardinia The Sulcis Iglesiente is a historical region in southeastern Sardinia, mostly mountainous and dotted with small towns. This area is known for its mining activities, but also features various seaside resorts and the popular islands of Sant&#8217;Antioco and San Pietro. The main cities in the region are Carbonia and Iglesias. Carbonia Carbonia is a city located in the historical region of Sulcis, and the capital of the Province of South Sardinia. While the area has been inhabited since ancient times, the city was only founded in 1937 as a mining center. The mining activity has since stopped, and Carbonia is still the main center in the region, but its population has been steadly decreasing. Archaeological Museum of Villa Sulcis The Archaeological Museum of Villa Sulcis (Museo Archeologico di Villa Sulcis) is an archaeological museum in Carbonia. The museum is dedicated to local history, and houses several exhibitions and archaeological findings unearthed around the city, mostly from the Phoenician, Carthaginian, and Roman age. Address: Via Campania, 09013 Carbonia SUCoordinates: 39.1637, 8.5248 Google Maps Coal Museum The Coal Museum (Museo del Carbone) is a museum located in a former coal mine in Carbonia, known as Serbariu Mine (Miniera di Serbariu). The museum houses various exhibitions on the history of mining in the area, with several historic tools. The same complex also houses the Edouard Alfred Martel Museum of Sulcis Paleoenvironments (Museo dei Paleoambienti Sulcitani Edouard Alfred Martel), which is a museum of paleontology hosting several fossils. Address: Grande Miniera di Serbariu, 09013 Carbonia SUCoordinates: 39.1592, 8.5114 Google Maps Archaeological Park of Mount Sirai The Archaeological Park of Mount Sirai (Parco Archeologico di Monte Sirai) is an archaeological site located on a hill near Carbonia. This area features various ancient structures, including buildings erected by the Nuragic civilization and a Phoenician town, and also a Carthaginian necropolis. Address: Strada Statale 126 km 17, 09013 Sirai SUCoordinates: 39.1779, 8.4889 Google Maps Gonnesa Gonnesa is a town located between Carbonia and Iglesias in southwestern Sardinia. The town is known for its nearby beaches and some archaeological sites. Nuraghe Seruci The Nuraghe Seruci is a nuragic complex located near Gonnesa. The structure includes several buildings and was erected during the Bronze Age. This is one of the largest prehistoric villages in this region, and it can be visited. Address: SP108, 09010 Gonnesa SUCoordinates: 39.2487, 8.4246 Google Maps Iglesias Iglesias is a city in southwestern Sardinia, at the center of a region known as Iglesiente. Inhabited since prehistoric times, the town emerged in the Middle Ages, and became a flourishing mining center. The city lived another period of expansion between the 19th and 20th century thanks to its mining industry. Salvaterra Castle The Salvaterra Castle is a castle located on a hill overlooking Iglesias. Built during the 13th century, the castle was reworked a few times, and was renovated in Gothic Revival style in the 19th century. Now restored, it can be visited. Address: Via Monte Altari, 09016 Iglesias SUCoordinates: 39.3147, 8.5357 Google Maps Iglesias Cathedral Also known as: Cathedral of Santa Chiara (Cattedrale di Santa Chiara) The Iglesias Cathedral is the main church of Iglesias, located in the center of the city. The church was built in the 13th century in Romanesque and Gothic style, and features an imposing bell tower. Inside the church are various decorations and artworks, including a large Baroque altar from the 18th century. Address: Piazza Municipio, 7, 09016 Iglesias SUCoordinates: 39.3135, 8.5326 Google Maps Church of San Francesco The Church of San Francesco is a historic church in the center of Iglesias. The current structure was built over a previous church in the 16th century in Catalan Gothic style. The church houses some artworks and decorations. Address: Via S. Marcello, 09016 Iglesias SUCoordinates: 39.3123, 8.5320 Google Maps Museum of Mining Art and Mineralogical Museum The Museum of Mining Art and Mineralogical Museum (Museo dell&#8217;Arte Mineraria e Museo Mineralogico) is a museum in Iglesias dedicated to the long tradition of mining around the city. The mining museum hosts various exhibitions and historic equipment, while the minerary museum houses minerals and fossils from all over the world. Address: Via Roma, 47, 09016 Iglesias SUCoordinates: 39.3114, 8.5319 Google Maps Monteponi Mine The Monteponi Mine (Miniera di Monteponi) is a large historic mine located west of Iglesias. Used since the 17th century, this area was mostly developed between the 19th and 20th century, but was then closed. The abandoned complex can now be visited. Address: Ruderi Miniera Monteponi, 09016 Monteponi SUCoordinates: 39.3004, 8.5094 Google Maps Porto Flavia Porto Flavia is a peculiar sea harbor located on the coast near Iglesias. Built in the 1920s to serve the nearby mines thanks to a long tunnel, the port is located alongside the steep cliffs high above the water. After the mines were closed, it was turned into a tourist attraction. Address: Porto Flavia, 09016 Masua SUCoordinates: 39.3369, 8.4127 Google Maps Domusnovas Domusnovas is a town located in the countryside east of Iglesias. The town is best known for a large nearby cave. San Giovanni Cave The San Giovanni Cave (Grotta di San Giovanni) is a large cave located on the mountains near Domusnovas. The cave is the only one in Italy to be crossed by a road, which is now closed to traffic. Nevertheless, the cave can be visited, and it is a popular tourist destination. Address: Grotta di San Giovanni, 09015 Domusnovas SUCoordinates: 39.3370, 8.6275 Google Maps Fluminimaggiore Fluminimaggiore is a small town located among the mountains north of Iglesias. Inhabited since ancient times, there are various archaeological ruins around the town. Temple of Antas The Temple of Antas (Tempio di Antas) is an ancient temple located near Fluminimaggiore. The archaeological site features some structures of the Nuragic civilization, while the temple was built by the Carthaginians around 500 BCE. The temple was later rebuilt by the Romans, and now various sections of the building still survive. Address: SS126, 09010 Fluminimaggiore SUCoordinates: 39.3941, 8.5001 Google Maps Sant&#8217;Antioco Sant&#8217;Antioco is a town located on&#8230;<\/p>","protected":false},"author":1,"featured_media":0,"parent":932,"menu_order":0,"comment_status":"closed","ping_status":"closed","template":"","meta":{"_editorskit_title_hidden":false,"_editorskit_reading_time":0,"_editorskit_is_block_options_detached":false,"_editorskit_block_options_position":"{}","om_disable_all_campaigns":false,"_uag_custom_page_level_css":"","advgb_blocks_editor_width":"","advgb_blocks_columns_visual_guide":"","_monsterinsights_skip_tracking":false,"_monsterinsights_sitenote_active":false,"_monsterinsights_sitenote_note":"","_monsterinsights_sitenote_category":0,"footnotes":""},"class_list":["post-11369","page","type-page","status-publish","hentry"],"aioseo_notices":[],"featured_image_src":null,"uagb_featured_image_src":{"full":false,"thumbnail":false,"medium":false,"medium_large":false,"large":false,"1536x1536":false,"2048x2048":false,"trp-custom-language-flag":false,"xs-thumb":false,"post-thumbnail":false,"minimalistblogger-grid":false,"minimalistblogger-slider":false,"minimalistblogger-small":false},"uagb_author_info":{"display_name":"Stefano Cammisa","author_link":"https:\/\/www.cosmundus.com\/it\/author\/stefano-cammisa\/"},"uagb_comment_info":0,"uagb_excerpt":"&lt;&lt; Sardinia The Sulcis Iglesiente is a historical region in southeastern Sardinia, mostly mountainous and dotted with small towns. This area is known for its mining activities, but also features various seaside resorts and the popular islands of Sant&#8217;Antioco and San Pietro. The main cities in the region are Carbonia and Iglesias. Carbonia Carbonia is&hellip;","coauthors":[],"author_meta":{"author_link":"https:\/\/www.cosmundus.com\/it\/author\/stefano-cammisa\/","display_name":"Stefano Cammisa"},"relative_dates":{"created":"Pubblicato 2 anni fa","modified":"Aggiornato 2 anni fa"},"absolute_dates":{"created":"Pubblicato il 7 Ottobre 2024","modified":"Aggiornato il 7 Ottobre 2024"},"absolute_dates_time":{"created":"Pubblicato il 7 Ottobre 2024 11:02 am","modified":"Aggiornato il 7 Ottobre 2024 11:02 am"},"featured_img_caption":"","featured_img":false,"series_order":"","_links":{"self":[{"href":"https:\/\/www.cosmundus.com\/it\/wp-json\/wp\/v2\/pages\/11369","targetHints":{"allow":["GET"]}}],"collection":[{"href":"https:\/\/www.cosmundus.com\/it\/wp-json\/wp\/v2\/pages"}],"about":[{"href":"https:\/\/www.cosmundus.com\/it\/wp-json\/wp\/v2\/types\/page"}],"author":[{"embeddable":true,"href":"https:\/\/www.cosmundus.com\/it\/wp-json\/wp\/v2\/users\/1"}],"replies":[{"embeddable":true,"href":"https:\/\/www.cosmundus.com\/it\/wp-json\/wp\/v2\/comments?post=11369"}],"version-history":[{"count":10,"href":"https:\/\/www.cosmundus.com\/it\/wp-json\/wp\/v2\/pages\/11369\/revisions"}],"predecessor-version":[{"id":11940,"href":"https:\/\/www.cosmundus.com\/it\/wp-json\/wp\/v2\/pages\/11369\/revisions\/11940"}],"up":[{"embeddable":true,"href":"https:\/\/www.cosmundus.com\/it\/wp-json\/wp\/v2\/pages\/932"}],"wp:attachment":[{"href":"https:\/\/www.cosmundus.com\/it\/wp-json\/wp\/v2\/media?parent=11369"}],"curies":[{"name":"wp","href":"https:\/\/api.w.org\/{rel}","templated":true}]}}