{"id":11365,"date":"2024-10-07T10:57:12","date_gmt":"2024-10-07T08:57:12","guid":{"rendered":"https:\/\/www.cosmundus.com\/?page_id=11365"},"modified":"2024-10-07T10:57:12","modified_gmt":"2024-10-07T08:57:12","slug":"oristanese","status":"publish","type":"page","link":"https:\/\/www.cosmundus.com\/it\/destinations\/oristanese\/","title":{"rendered":"Oristanese"},"content":{"rendered":"<p class=\"has-text-align-right\">&lt;&lt; <a href=\"https:\/\/www.cosmundus.com\/it\/atlas\/europe\/southern-europe\/italy\/insular-italy\/sicily\/\" class=\"ek-link\"><\/a><a href=\"https:\/\/www.cosmundus.com\/it\/atlas\/europe\/southern-europe\/italy\/insular-italy\/sardinia\/\">Sardegna<\/a><\/p>\n\n\n\n<p>L'Oristanese \u00e8 il territorio della Provincia di Oristano, situato nella parte centro-occidentale della Sardegna. Questa regione comprende pianure, colline e montagne, e presenta vari piccoli centri, alcuni siti archeologici e delle localit\u00e0 balneari.<\/p>\n\n\n\n<div class=\"wp-block-group\"><div class=\"wp-block-group__inner-container is-layout-constrained wp-block-group-is-layout-constrained\"><div style=\"border: 1px solid #8ed1fc; border-radius: 0%; background-color: inherit; \" class=\"ub-styled-box ub-bordered-box wp-block-ub-styled-box\" id=\"ub-styled-box-f0f8acce-9bab-47bd-b3d9-921f60a39a04\">\n<p class=\"has-medium-font-size\" id=\"ub-styled-box-bordered-content-48feb509-0b51-42f0-9403-9e198b6217ed\">Posti da vedere nell'Oristanese<\/p>\n\n\n<div class=\"wp-block-aioseo-table-of-contents\"><ul><li><a class=\"aioseo-toc-item\" href=\"#oristano\">Oristano<\/a><ul><li><a class=\"aioseo-toc-item\" href=\"#oristano-cathedral\">Cattedrale di Oristano<\/a><\/li><li><a class=\"aioseo-toc-item\" href=\"#antiquarium-arborense\">Antiquarium Arborense<\/a><\/li><li><a class=\"aioseo-toc-item\" href=\"#tower-of-mariano-ii\">Torre di Mariano II<\/a><\/li><\/ul><\/li><li><a class=\"aioseo-toc-item\" href=\"#santa-giusta\">Santa Giusta<\/a><ul><li><a class=\"aioseo-toc-item\" href=\"#basilica-of-santa-giusta\">Basilica di Santa Giusta<\/a><\/li><\/ul><\/li><li><a class=\"aioseo-toc-item\" href=\"#cabras\">Cabras<\/a><ul><li><a class=\"aioseo-toc-item\" href=\"#archaeological-area-of-tharros\">\u272a Area Archeologica di Tharros<\/a><\/li><li><a class=\"aioseo-toc-item\" href=\"#giovanni-marongiu-civic-museum\">Museo Civico Giovanni Marongiu<\/a><\/li><li><a class=\"aioseo-toc-item\" href=\"#mal-di-ventre-island\">Isola del Mal di Ventre<\/a><\/li><\/ul><\/li><li><a class=\"aioseo-toc-item\" href=\"#laconi\">Laconi<\/a><ul><li><a class=\"aioseo-toc-item\" href=\"#menhir-museum\">Menhir Museum<\/a><\/li><\/ul><\/li><li><a class=\"aioseo-toc-item\" href=\"#fordongianus\">Fordongianus<\/a><ul><li><a class=\"aioseo-toc-item\" href=\"#thermae-of-fordongianus\">Terme di Fordongianus<\/a><\/li><\/ul><\/li><li><a class=\"aioseo-toc-item\" href=\"#paulilatino\">Paulilatino<\/a><ul><li><a class=\"aioseo-toc-item\" href=\"#archaeological-park-of-santa-cristina\">Parco Archeologico di Santa Cristina<\/a><\/li><\/ul><\/li><li><a class=\"aioseo-toc-item\" href=\"#abbasanta\">Abbasanta<\/a><ul><li><a class=\"aioseo-toc-item\" href=\"#nuraghe-losa\">Nuraghe Losa<\/a><\/li><\/ul><\/li><li><a class=\"aioseo-toc-item\" href=\"#ghilarza\">Ghilarza<\/a><ul><li><a class=\"aioseo-toc-item\" href=\"#antonio-gramsci-house-museum\">Casa Museo Antonio Gramsci<\/a><\/li><\/ul><\/li><li><a class=\"aioseo-toc-item\" href=\"#sedilo\">Sedilo<\/a><ul><li><a class=\"aioseo-toc-item\" href=\"#archaeological-park-of-iloi\">Parco Archeologico di Iloi<\/a><\/li><\/ul><\/li><li><a class=\"aioseo-toc-item\" href=\"#bosa\">Bosa<\/a><ul><li><a class=\"aioseo-toc-item\" href=\"#serravalle-castle\">Castello di Serravalle<\/a><\/li><li><a class=\"aioseo-toc-item\" href=\"#casa-deriu-museum\">Museo Casa Deriu<\/a><\/li><li><a class=\"aioseo-toc-item\" href=\"#roman-amphitheater-of-larino\">Chiesa di San Pietro<\/a><\/li><\/ul><\/li><\/ul><\/div>\n\n<\/div><\/div><\/div>\n\n\n\n<h2 class=\"wp-block-heading\" id=\"oristano\"><strong>Oristano<\/strong><\/h2>\n\n\n\n<p>Oristano \u00e8 una citt\u00e0 della Sardegna centro-occidentale, situata vicino alla costa e nella parte settentrionale della pianura del Campidano. Questa zona \u00e8 stata abitata fin dall'antichit\u00e0, ma Oristano fu fondata nel Medioevo ed emerse come capitale del Giudicato di Arborea, che a un certo punto govern\u00f2 su quasi tutta la Sardegna. Oristano sub\u00ec un declino dopo che l'isola fu presa dagli Aragonesi, ma rimase un importante centro regionale e ora presenta alcune attrazioni storiche.<\/p>\n\n\n<div class=\"wp-block-ub-divider ub_divider ub-divider-orientation-horizontal\" id=\"ub_divider_70340843-41b6-4830-a5c8-c6e9f1dec2a4\"><div class=\"ub_divider_wrapper\" style=\"position: relative; margin-bottom: 2px; width: 100%; height: 2px; \" data-divider-alignment=\"center\"><div class=\"ub_divider_line\" style=\"border-top: 2px solid #ccc; margin-top: 2px; \"><\/div><\/div><\/div>\n\n\n<h4 class=\"wp-block-heading\" id=\"oristano-cathedral\"><strong>Cattedrale di Oristano<\/strong><\/h4>\n\n\n\n<p class=\"translation-block\">Anche noto come: Cattedrale di Santa Maria Assunta<\/p>\n\n\n\n<p>La Cattedrale di Oristano \u00e8 la chiesa principale della citt\u00e0. La chiesa fu costruita intorno al dodicesimo secolo in stile romanico e fu poi ristrutturata con aggiunte gotiche e barocche. All'interno della chiesa si trovano varie opere d'arte e decorazioni, mentre adiacente all'edificio si trova un bellissimo campanile.<\/p>\n\n\n\n<div class=\"wp-block-columns is-layout-flex wp-container-core-columns-is-layout-9d6595d7 wp-block-columns-is-layout-flex\">\n<div class=\"wp-block-column is-layout-flow wp-block-column-is-layout-flow\" style=\"flex-basis:85%\">\n<p>Indirizzo: Piazza Duomo, 09170 Oristano OR<br>Coordinate: 39.9027, 8.5903<\/p>\n<\/div>\n\n\n\n<div class=\"wp-block-column is-layout-flow wp-block-column-is-layout-flow\" style=\"flex-basis:15%\">\n<p class=\"has-text-align-right\"><a href=\"https:\/\/maps.app.goo.gl\/8tzpUUc9wbicXVox6\" target=\"_blank\" aria-label=\" (opens in a new tab)\" rel=\"noreferrer noopener\" class=\"ek-link\">Google Maps<\/a><\/p>\n<\/div>\n<\/div>\n\n\n<div class=\"wp-block-ub-divider ub_divider ub-divider-orientation-horizontal\" id=\"ub_divider_d9aa0b6c-e078-497e-96e1-c2bde083c182\"><div class=\"ub_divider_wrapper\" style=\"position: relative; margin-bottom: 2px; width: 100%; height: 2px; \" data-divider-alignment=\"center\"><div class=\"ub_divider_line\" style=\"border-top: 2px solid #ccc; margin-top: 2px; \"><\/div><\/div><\/div>\n\n\n<h4 class=\"wp-block-heading\" id=\"antiquarium-arborense\"><strong><strong>Antiquarium Arborense<\/strong><\/strong><\/h4>\n\n\n\n<p>L'Antiquarium Arborense \u00e8 un museo archeologico a Oristano. Il museo \u00e8 dedicato alla storia locale e ospita reperti archeologici provenienti da siti vicini che vanno dalla preistoria al Medioevo, oltre a varie opere d'arte pi\u00f9 recenti.<\/p>\n\n\n\n<div class=\"wp-block-columns is-layout-flex wp-container-core-columns-is-layout-9d6595d7 wp-block-columns-is-layout-flex\">\n<div class=\"wp-block-column is-layout-flow wp-block-column-is-layout-flow\" style=\"flex-basis:85%\">\n<p>Indirizzo: Portico Giovanni Corrias, 09170 Oristano OR<br>Coordinates: 39.9043, 8.5926<\/p>\n<\/div>\n\n\n\n<div class=\"wp-block-column is-layout-flow wp-block-column-is-layout-flow\" style=\"flex-basis:15%\">\n<p class=\"has-text-align-right\"><a href=\"https:\/\/maps.app.goo.gl\/AYqQXpkewbbKDSPq8\" target=\"_blank\" aria-label=\" (opens in a new tab)\" rel=\"noreferrer noopener\" class=\"ek-link\">Google Maps<\/a><\/p>\n<\/div>\n<\/div>\n\n\n<div class=\"wp-block-ub-divider ub_divider ub-divider-orientation-horizontal\" id=\"ub_divider_ec1586d2-1765-4143-aa61-5b63a543d9f0\"><div class=\"ub_divider_wrapper\" style=\"position: relative; margin-bottom: 2px; width: 100%; height: 2px; \" data-divider-alignment=\"center\"><div class=\"ub_divider_line\" style=\"border-top: 2px solid #ccc; margin-top: 2px; \"><\/div><\/div><\/div>\n\n\n<h4 class=\"wp-block-heading\" id=\"tower-of-mariano-ii\"><strong><strong>Torre di Mariano II<\/strong><\/strong><\/h4>\n\n\n\n<p class=\"translation-block\">La Torre di Mariano II \u00e8 una torre medievale a Oristano, eretta nel tredicesimo secolo e situata all'estremit\u00e0 settentrionale del centro storico. La torre un tempo faceva parte delle fortificazioni della citt\u00e0 e fungeva anche da porta cittadina.<\/p>\n\n\n\n<div class=\"wp-block-columns is-layout-flex wp-container-core-columns-is-layout-9d6595d7 wp-block-columns-is-layout-flex\">\n<div class=\"wp-block-column is-layout-flow wp-block-column-is-layout-flow\" style=\"flex-basis:85%\">\n<p>Indirizzo: Piazza Roma, 09170 Oristano OR<br>Coordinate: 39.9057, 8.5916<\/p>\n<\/div>\n\n\n\n<div class=\"wp-block-column is-layout-flow wp-block-column-is-layout-flow\" style=\"flex-basis:15%\">\n<p class=\"has-text-align-right\"><a href=\"https:\/\/maps.app.goo.gl\/fF6eC55NiWsiQNZe8\" target=\"_blank\" aria-label=\" (opens in a new tab)\" rel=\"noreferrer noopener\" class=\"ek-link\">Google Maps<\/a><\/p>\n<\/div>\n<\/div>\n\n\n<div style=\"margin-top: var(--wp--preset--spacing--40); margin-bottom: var(--wp--preset--spacing--40); \" class=\"wp-block-ub-divider ub_divider ub-divider-orientation-horizontal\" id=\"ub_divider_78028612-d066-4c16-97ff-7da3d345245b\"><div class=\"ub_divider_wrapper\" style=\"position: relative; margin-bottom: 10px; width: 100%; height: 10px; \" data-divider-alignment=\"center\"><div class=\"ub_divider_line\" style=\"border-top: 2px solid #000000; margin-top: 10px; \"><\/div><\/div><\/div>\n\n\n<h2 class=\"wp-block-heading\" id=\"santa-giusta\"><strong>Santa Giusta<\/strong><\/h2>\n\n\n\n<p class=\"translation-block\">Santa Giusta \u00e8 una piccola citt\u00e0 situata appena a sud di Oristano. La citt\u00e0 fu fondata dai Fenici come <em>Othoca<\/em>, e fu un centro regionale per lungo tempo, ma fu abbandonata nell'Alto Medioevo. La moderna Santa Giusta emerse in seguito attorno a una chiesa.<\/p>\n\n\n<div class=\"wp-block-ub-divider ub_divider ub-divider-orientation-horizontal\" id=\"ub_divider_97d64c86-7589-4029-b719-e90489ad277b\"><div class=\"ub_divider_wrapper\" style=\"position: relative; margin-bottom: 2px; width: 100%; height: 2px; \" data-divider-alignment=\"center\"><div class=\"ub_divider_line\" style=\"border-top: 2px solid #ccc; margin-top: 2px; \"><\/div><\/div><\/div>\n\n\n<h4 class=\"wp-block-heading\" id=\"basilica-of-santa-giusta\"><strong>Basilica di Santa Giusta<\/strong><\/h4>\n\n\n\n<p>La Basilica di Santa Giusta \u00e8 una chiesa romanica eretta a Santa Giusta nel dodicesimo secolo. La chiesa \u00e8 stata in seguito rimaneggiata e ristrutturata ed \u00e8 uno dei migliori esempi di architettura romanica in questa zona. La basilica presenta un interno semplice, con una facciata e un campanile in tipico stile romanico.<\/p>\n\n\n\n<div class=\"wp-block-columns is-layout-flex wp-container-core-columns-is-layout-9d6595d7 wp-block-columns-is-layout-flex\">\n<div class=\"wp-block-column is-layout-flow wp-block-column-is-layout-flow\" style=\"flex-basis:85%\">\n<p>Indirizzo: Via Manzoni, 2, 09096 Santa Giusta OR<br>Coordinate: 39.8815, 8.6072<\/p>\n<\/div>\n\n\n\n<div class=\"wp-block-column is-layout-flow wp-block-column-is-layout-flow\" style=\"flex-basis:15%\">\n<p class=\"has-text-align-right\"><a href=\"https:\/\/maps.app.goo.gl\/BJvHk4H3g839JE6d6\" target=\"_blank\" aria-label=\" (opens in a new tab)\" rel=\"noreferrer noopener\" class=\"ek-link\">Google Maps<\/a><\/p>\n<\/div>\n<\/div>\n\n\n<div style=\"margin-top: var(--wp--preset--spacing--40); margin-bottom: var(--wp--preset--spacing--40); \" class=\"wp-block-ub-divider ub_divider ub-divider-orientation-horizontal\" id=\"ub_divider_daf8fa91-b9fa-480d-9a78-6d466658eb08\"><div class=\"ub_divider_wrapper\" style=\"position: relative; margin-bottom: 10px; width: 100%; height: 10px; \" data-divider-alignment=\"center\"><div class=\"ub_divider_line\" style=\"border-top: 2px solid #000000; margin-top: 10px; \"><\/div><\/div><\/div>\n\n\n<h2 class=\"wp-block-heading\" id=\"cabras\"><strong>Cabras<\/strong><\/h2>\n\n\n\n<p>Cabras \u00e8 una citt\u00e0 situata a ovest di Oristano. Il suo territorio comprende una laguna nota come Stagno di Cabras e la Penisola del Sinis, che era il sito di un'antica citt\u00e0. La citt\u00e0 moderna \u00e8 emersa nel Tardo Medioevo.<\/p>\n\n\n<div class=\"wp-block-ub-divider ub_divider ub-divider-orientation-horizontal\" id=\"ub_divider_bb95e5f9-c130-45dc-9322-3baea372765b\"><div class=\"ub_divider_wrapper\" style=\"position: relative; margin-bottom: 2px; width: 100%; height: 2px; \" data-divider-alignment=\"center\"><div class=\"ub_divider_line\" style=\"border-top: 2px solid #ccc; margin-top: 2px; \"><\/div><\/div><\/div>\n\n\n<h4 class=\"wp-block-heading\" id=\"archaeological-area-of-tharros\"><strong>\u272a Area Archeologica di Tharros<\/strong><\/h4>\n\n\n\n<p class=\"translation-block\">L'Area Archeologica di Tharros si trova all'estremit\u00e0 meridionale della Penisola del Sinis e ospita le rovine dell'antica citt\u00e0 di Tharros. Questa zona era abitata in epoca preistorica, mentre la citt\u00e0 fu fondata dai Fenici nell'ottavo secolo a.C.. La citt\u00e0 in seguito crebbe fino a diventare un centro fiorente sotto i Cartaginesi e i Romani, ma sub\u00ec un declino nel Medioevo e fu abbandonata. Il sito archeologico ospita le rovine di vari edifici, tra cui alcuni templi e un complesso termale.<\/p>\n\n\n\n<div class=\"wp-block-columns is-layout-flex wp-container-core-columns-is-layout-9d6595d7 wp-block-columns-is-layout-flex\">\n<div class=\"wp-block-column is-layout-flow wp-block-column-is-layout-flow\" style=\"flex-basis:85%\">\n<p>Indirizzo: SP6, 09072 Cabras OR<br>Coordinate: 39.8739, 8.4401<\/p>\n<\/div>\n\n\n\n<div class=\"wp-block-column is-layout-flow wp-block-column-is-layout-flow\" style=\"flex-basis:15%\">\n<p class=\"has-text-align-right\"><a href=\"https:\/\/maps.app.goo.gl\/Nv1KWMXsCJ6Vv8WL7\" target=\"_blank\" aria-label=\" (opens in a new tab)\" rel=\"noreferrer noopener\" class=\"ek-link\">Google Maps<\/a><\/p>\n<\/div>\n<\/div>\n\n\n<div class=\"wp-block-ub-divider ub_divider ub-divider-orientation-horizontal\" id=\"ub_divider_0252d963-0fb9-4757-b742-ac916f15d794\"><div class=\"ub_divider_wrapper\" style=\"position: relative; margin-bottom: 2px; width: 100%; height: 2px; \" data-divider-alignment=\"center\"><div class=\"ub_divider_line\" style=\"border-top: 2px solid #ccc; margin-top: 2px; \"><\/div><\/div><\/div>\n\n\n<h4 class=\"wp-block-heading\" id=\"giovanni-marongiu-civic-museum\"><strong><strong>Museo Civico Giovanni Marongiu<\/strong><\/strong><\/h4>\n\n\n\n<p class=\"translation-block\">Il Museo Civico Giovanni Marongiu \u00e8 un museo archeologico a Cabras. Il museo ospita una vasta collezione di reperti archeologici, con numerose opere d'arte e oggetti provenienti dal vicino sito di Tharros. Il museo ospita anche i <em>Giganti di Mont\u2019e Prama<\/em>, un gruppo di sculture dell'Et\u00e0 del ferro realizzate dalla civilt\u00e0 nuragica.<\/p>\n\n\n\n<div class=\"wp-block-columns is-layout-flex wp-container-core-columns-is-layout-9d6595d7 wp-block-columns-is-layout-flex\">\n<div class=\"wp-block-column is-layout-flow wp-block-column-is-layout-flow\" style=\"flex-basis:85%\">\n<p>Indirizzo: Via Tharros, 09072 Cabras OR<br>Coordinate: 39.9248, 8.5255<\/p>\n<\/div>\n\n\n\n<div class=\"wp-block-column is-layout-flow wp-block-column-is-layout-flow\" style=\"flex-basis:15%\">\n<p class=\"has-text-align-right\"><a href=\"https:\/\/maps.app.goo.gl\/ydHjtcMfRth3fRQ16\" target=\"_blank\" aria-label=\" (opens in a new tab)\" rel=\"noreferrer noopener\" class=\"ek-link\">Google Maps<\/a><\/p>\n<\/div>\n<\/div>\n\n\n<div class=\"wp-block-ub-divider ub_divider ub-divider-orientation-horizontal\" id=\"ub_divider_b228bdfa-d097-4e86-858b-e6061c0756f7\"><div class=\"ub_divider_wrapper\" style=\"position: relative; margin-bottom: 2px; width: 100%; height: 2px; \" data-divider-alignment=\"center\"><div class=\"ub_divider_line\" style=\"border-top: 2px solid #ccc; margin-top: 2px; \"><\/div><\/div><\/div>\n\n\n<h4 class=\"wp-block-heading\" id=\"mal-di-ventre-island\"><strong><strong>Isola del Mal di Ventre<\/strong><\/strong><\/h4>\n\n\n\n<p class=\"translation-block\">L'Isola del Mal di Ventre \u00e8 una piccola isola disabitata situata al largo della costa occidentale della Sardegna. L'isola \u00e8 stata visitata fin dall'antichit\u00e0, come testimoniato dalla presenza di alcune rovine preistoriche e romane. L'isola fa parte di una riserva naturale e ha una fauna ricca.<\/p>\n\n\n\n<div class=\"wp-block-columns is-layout-flex wp-container-core-columns-is-layout-9d6595d7 wp-block-columns-is-layout-flex\">\n<div class=\"wp-block-column is-layout-flow wp-block-column-is-layout-flow\" style=\"flex-basis:85%\">\n<p>Indirizzo: Isola del Mal di Ventre, 09072 Cabras OR<br>Coordinate: 39.9908, 8.3058<\/p>\n<\/div>\n\n\n\n<div class=\"wp-block-column is-layout-flow wp-block-column-is-layout-flow\" style=\"flex-basis:15%\">\n<p class=\"has-text-align-right\"><a href=\"https:\/\/maps.app.goo.gl\/kYCM6DAWrxR836Q28\" target=\"_blank\" aria-label=\" (opens in a new tab)\" rel=\"noreferrer noopener\" class=\"ek-link\">Google Maps<\/a><\/p>\n<\/div>\n<\/div>\n\n\n<div style=\"margin-top: var(--wp--preset--spacing--40); margin-bottom: var(--wp--preset--spacing--40); \" class=\"wp-block-ub-divider ub_divider ub-divider-orientation-horizontal\" id=\"ub_divider_02438c5e-41fa-49b3-9aa0-72fc98126197\"><div class=\"ub_divider_wrapper\" style=\"position: relative; margin-bottom: 10px; width: 100%; height: 10px; \" data-divider-alignment=\"center\"><div class=\"ub_divider_line\" style=\"border-top: 2px solid #000000; margin-top: 10px; \"><\/div><\/div><\/div>\n\n\n<h2 class=\"wp-block-heading\" id=\"laconi\"><strong>Laconi<\/strong><\/h2>\n\n\n\n<p>Laconi \u00e8 un piccolo paese situato tra le colline della Sardegna centrale, in Provincia di Oristano. Il paese \u00e8 noto soprattutto per ospitare nel suo territorio varie strutture antiche.<\/p>\n\n\n<div class=\"wp-block-ub-divider ub_divider ub-divider-orientation-horizontal\" id=\"ub_divider_230266e5-df62-4275-b6b1-f57e4146bf51\"><div class=\"ub_divider_wrapper\" style=\"position: relative; margin-bottom: 2px; width: 100%; height: 2px; \" data-divider-alignment=\"center\"><div class=\"ub_divider_line\" style=\"border-top: 2px solid #ccc; margin-top: 2px; \"><\/div><\/div><\/div>\n\n\n<h4 class=\"wp-block-heading\" id=\"menhir-museum\"><strong>Menhir Museum<\/strong><\/h4>\n\n\n\n<p class=\"translation-block\">Anche noto come: Museo della Statuaria Preistorica in Sardegna<\/p>\n\n\n\n<p>Il Menhir Museum \u00e8 un museo archeologico a Laconi. Il museo \u00e8 dedicato ai numerosi menhir rinvenuti nei dintorni della citt\u00e0 e ospita anche diversi reperti archeologici rinvenuti in vari siti della Sardegna.<\/p>\n\n\n\n<div class=\"wp-block-columns is-layout-flex wp-container-core-columns-is-layout-9d6595d7 wp-block-columns-is-layout-flex\">\n<div class=\"wp-block-column is-layout-flow wp-block-column-is-layout-flow\" style=\"flex-basis:85%\">\n<p>Indirizzo: Piazza Marconi, 10, 08034 Laconi OR<br>Coordinate: 39.8545, 9.0522<\/p>\n<\/div>\n\n\n\n<div class=\"wp-block-column is-layout-flow wp-block-column-is-layout-flow\" style=\"flex-basis:15%\">\n<p class=\"has-text-align-right\"><a href=\"https:\/\/maps.app.goo.gl\/7cKVRF1VeXWktLt29\" target=\"_blank\" aria-label=\" (opens in a new tab)\" rel=\"noreferrer noopener\" class=\"ek-link\">Google Maps<\/a><\/p>\n<\/div>\n<\/div>\n\n\n<div style=\"margin-top: var(--wp--preset--spacing--40); margin-bottom: var(--wp--preset--spacing--40); \" class=\"wp-block-ub-divider ub_divider ub-divider-orientation-horizontal\" id=\"ub_divider_3e348ff7-baaa-46e5-8449-4febf6a96467\"><div class=\"ub_divider_wrapper\" style=\"position: relative; margin-bottom: 10px; width: 100%; height: 10px; \" data-divider-alignment=\"center\"><div class=\"ub_divider_line\" style=\"border-top: 2px solid #000000; margin-top: 10px; \"><\/div><\/div><\/div>\n\n\n<h2 class=\"wp-block-heading\" id=\"fordongianus\"><strong>Fordongianus<\/strong><\/h2>\n\n\n\n<p>Fordongianus \u00e8 una piccola cittadina situata tra le colline a est di Oristano. La citt\u00e0 era un tempo abitata dai Romani e ospita varie rovine antiche.<\/p>\n\n\n<div class=\"wp-block-ub-divider ub_divider ub-divider-orientation-horizontal\" id=\"ub_divider_3ad8e8af-e3f4-4154-9825-35f36b82ccb3\"><div class=\"ub_divider_wrapper\" style=\"position: relative; margin-bottom: 2px; width: 100%; height: 2px; \" data-divider-alignment=\"center\"><div class=\"ub_divider_line\" style=\"border-top: 2px solid #ccc; margin-top: 2px; \"><\/div><\/div><\/div>\n\n\n<h4 class=\"wp-block-heading\" id=\"thermae-of-fordongianus\"><strong>Terme di Fordongianus<\/strong><\/h4>\n\n\n\n<p class=\"translation-block\">Le Terme di Fordongianus sono le rovine di un vasto complesso termale costruito dai Romani a Fordongianus. Il complesso fu costruito intorno al primo secolo e fu poi ampliato, e una grande porzione della struttura \u00e8 ancora oggi visibile.<\/p>\n\n\n\n<div class=\"wp-block-columns is-layout-flex wp-container-core-columns-is-layout-9d6595d7 wp-block-columns-is-layout-flex\">\n<div class=\"wp-block-column is-layout-flow wp-block-column-is-layout-flow\" style=\"flex-basis:85%\">\n<p>Indirizzo: SP33, 10, 09083 Fordongianus OR<br>Coordinate: 39.9970, 8.8083<\/p>\n<\/div>\n\n\n\n<div class=\"wp-block-column is-layout-flow wp-block-column-is-layout-flow\" style=\"flex-basis:15%\">\n<p class=\"has-text-align-right\"><a href=\"https:\/\/maps.app.goo.gl\/P6vfYYNS47UJGhWo9\" target=\"_blank\" aria-label=\" (opens in a new tab)\" rel=\"noreferrer noopener\" class=\"ek-link\">Google Maps<\/a><\/p>\n<\/div>\n<\/div>\n\n\n<div style=\"margin-top: var(--wp--preset--spacing--40); margin-bottom: var(--wp--preset--spacing--40); \" class=\"wp-block-ub-divider ub_divider ub-divider-orientation-horizontal\" id=\"ub_divider_908f8d48-de8e-4cc1-9871-560bce1cdff3\"><div class=\"ub_divider_wrapper\" style=\"position: relative; margin-bottom: 10px; width: 100%; height: 10px; \" data-divider-alignment=\"center\"><div class=\"ub_divider_line\" style=\"border-top: 2px solid #000000; margin-top: 10px; \"><\/div><\/div><\/div>\n\n\n<h2 class=\"wp-block-heading\" id=\"paulilatino\"><strong>Paulilatino<\/strong><\/h2>\n\n\n\n<p>Paulilatino \u00e8 un piccolo paese situato tra le colline a nord-est di Oristano. Il paese \u00e8 stato abitato fin dall'antichit\u00e0 ed \u00e8 noto per ospitare alcune rovine archeologiche nel suo territorio.<\/p>\n\n\n<div class=\"wp-block-ub-divider ub_divider ub-divider-orientation-horizontal\" id=\"ub_divider_81613aea-45db-47fb-8925-1869c9dc5985\"><div class=\"ub_divider_wrapper\" style=\"position: relative; margin-bottom: 2px; width: 100%; height: 2px; \" data-divider-alignment=\"center\"><div class=\"ub_divider_line\" style=\"border-top: 2px solid #ccc; margin-top: 2px; \"><\/div><\/div><\/div>\n\n\n<h4 class=\"wp-block-heading\" id=\"archaeological-park-of-santa-cristina\"><strong>Parco Archeologico di Santa Cristina<\/strong><\/h4>\n\n\n\n<p class=\"translation-block\">Il Parco Archeologico di Santa Cristina \u00e8 un sito archeologico situato nei pressi di Paulilatino. Il sito comprende varie strutture costruite dalla civilt\u00e0 nuragica. La pi\u00f9 notevole di queste \u00e8 il pozzo sacro, un santuario sotterraneo risalente all'undicesimo secolo a.C. circa.<\/p>\n\n\n\n<div class=\"wp-block-columns is-layout-flex wp-container-core-columns-is-layout-9d6595d7 wp-block-columns-is-layout-flex\">\n<div class=\"wp-block-column is-layout-flow wp-block-column-is-layout-flow\" style=\"flex-basis:85%\">\n<p>Indirizzo: Localit\u00e0 Santa Cristina, 09070 Paulilatino OR<br>Coordinate: 40.0615, 8.7303<\/p>\n<\/div>\n\n\n\n<div class=\"wp-block-column is-layout-flow wp-block-column-is-layout-flow\" style=\"flex-basis:15%\">\n<p class=\"has-text-align-right\"><a href=\"https:\/\/maps.app.goo.gl\/wtaR6aP7Raq5hfYW7\" target=\"_blank\" aria-label=\" (opens in a new tab)\" rel=\"noreferrer noopener\" class=\"ek-link\">Google Maps<\/a><\/p>\n<\/div>\n<\/div>\n\n\n<div style=\"margin-top: var(--wp--preset--spacing--40); margin-bottom: var(--wp--preset--spacing--40); \" class=\"wp-block-ub-divider ub_divider ub-divider-orientation-horizontal\" id=\"ub_divider_a8783b3c-f186-43ca-955a-e5449484753c\"><div class=\"ub_divider_wrapper\" style=\"position: relative; margin-bottom: 10px; width: 100%; height: 10px; \" data-divider-alignment=\"center\"><div class=\"ub_divider_line\" style=\"border-top: 2px solid #000000; margin-top: 10px; \"><\/div><\/div><\/div>\n\n\n<h2 class=\"wp-block-heading\" id=\"abbasanta\"><strong>Abbasanta<\/strong><\/h2>\n\n\n\n<p>Abbasanta \u00e8 un paese situato tra le colline della Provincia di Oristano, vicino a Ghilarza, ed \u00e8 noto soprattutto per il vicino nuraghe.<\/p>\n\n\n<div class=\"wp-block-ub-divider ub_divider ub-divider-orientation-horizontal\" id=\"ub_divider_864fdd0b-1557-4427-837b-5330dcec7cfa\"><div class=\"ub_divider_wrapper\" style=\"position: relative; margin-bottom: 2px; width: 100%; height: 2px; \" data-divider-alignment=\"center\"><div class=\"ub_divider_line\" style=\"border-top: 2px solid #ccc; margin-top: 2px; \"><\/div><\/div><\/div>\n\n\n<h4 class=\"wp-block-heading\" id=\"nuraghe-losa\"><strong>Nuraghe Losa<\/strong><\/h4>\n\n\n\n<p>Il Nuraghe Losa \u00e8 un antico nuraghe situato nei pressi di Abbasanta. Una delle strutture pi\u00f9 imponenti e ben conservate del suo genere, fu originariamente eretto durante l'Et\u00e0 del bronzo, ma alcune parti furono aggiunte in seguito.<\/p>\n\n\n\n<div class=\"wp-block-columns is-layout-flex wp-container-core-columns-is-layout-9d6595d7 wp-block-columns-is-layout-flex\">\n<div class=\"wp-block-column is-layout-flow wp-block-column-is-layout-flow\" style=\"flex-basis:85%\">\n<p>Indirizzo: SS 131 Carlo Felice, 09071 Abbasanta OR<br>Coordinate: 40.1168, 8.7903<\/p>\n<\/div>\n\n\n\n<div class=\"wp-block-column is-layout-flow wp-block-column-is-layout-flow\" style=\"flex-basis:15%\">\n<p class=\"has-text-align-right\"><a href=\"https:\/\/maps.app.goo.gl\/Kqh1KS64YozWhY7j6\" target=\"_blank\" aria-label=\" (opens in a new tab)\" rel=\"noreferrer noopener\" class=\"ek-link\">Google Maps<\/a><\/p>\n<\/div>\n<\/div>\n\n\n<div style=\"margin-top: var(--wp--preset--spacing--40); margin-bottom: var(--wp--preset--spacing--40); \" class=\"wp-block-ub-divider ub_divider ub-divider-orientation-horizontal\" id=\"ub_divider_4961a570-ec9e-4594-bdcd-adf4af7bea01\"><div class=\"ub_divider_wrapper\" style=\"position: relative; margin-bottom: 10px; width: 100%; height: 10px; \" data-divider-alignment=\"center\"><div class=\"ub_divider_line\" style=\"border-top: 2px solid #000000; margin-top: 10px; \"><\/div><\/div><\/div>\n\n\n<h2 class=\"wp-block-heading\" id=\"ghilarza\"><strong>Ghilarza<\/strong><\/h2>\n\n\n\n<p>Ghilarza \u00e8 una piccola citt\u00e0 situata vicino ad Abbasanta nella Provincia di Oristano. La citt\u00e0 \u00e8 nota soprattutto per il suo legame con il politico Antonio Gramsci, che \u00e8 cresciuto qui.<\/p>\n\n\n<div class=\"wp-block-ub-divider ub_divider ub-divider-orientation-horizontal\" id=\"ub_divider_3d62e08e-8260-4d96-ad0a-0177c7ce323d\"><div class=\"ub_divider_wrapper\" style=\"position: relative; margin-bottom: 2px; width: 100%; height: 2px; \" data-divider-alignment=\"center\"><div class=\"ub_divider_line\" style=\"border-top: 2px solid #ccc; margin-top: 2px; \"><\/div><\/div><\/div>\n\n\n<h4 class=\"wp-block-heading\" id=\"antonio-gramsci-house-museum\"><strong>Casa Museo Antonio Gramsci<\/strong><\/h4>\n\n\n\n<p class=\"translation-block\">La Casa Museo Antonio Gramsci \u00e8 un museo dedicato ad Antonio Gramsci a Ghilarza. Il museo \u00e8 ospitato nella casa in cui Gramsci ha vissuto durante la sua infanzia e adolescenza, e ospita vari oggetti e documenti che raccontano la sua vita.<\/p>\n\n\n\n<div class=\"wp-block-columns is-layout-flex wp-container-core-columns-is-layout-9d6595d7 wp-block-columns-is-layout-flex\">\n<div class=\"wp-block-column is-layout-flow wp-block-column-is-layout-flow\" style=\"flex-basis:85%\">\n<p>Indirizzo: Corso Umberto, 57, 09074 Ghilarza OR<br>Coordinate: 40.1231, 8.8376<\/p>\n<\/div>\n\n\n\n<div class=\"wp-block-column is-layout-flow wp-block-column-is-layout-flow\" style=\"flex-basis:15%\">\n<p class=\"has-text-align-right\"><a href=\"https:\/\/maps.app.goo.gl\/Pocx9Ez7GK7MCKHCA\" target=\"_blank\" aria-label=\" (opens in a new tab)\" rel=\"noreferrer noopener\" class=\"ek-link\">Google Maps<\/a><\/p>\n<\/div>\n<\/div>\n\n\n<div style=\"margin-top: var(--wp--preset--spacing--40); margin-bottom: var(--wp--preset--spacing--40); \" class=\"wp-block-ub-divider ub_divider ub-divider-orientation-horizontal\" id=\"ub_divider_1afd1735-9e2c-4b93-ac67-1b5522eda2b8\"><div class=\"ub_divider_wrapper\" style=\"position: relative; margin-bottom: 10px; width: 100%; height: 10px; \" data-divider-alignment=\"center\"><div class=\"ub_divider_line\" style=\"border-top: 2px solid #000000; margin-top: 10px; \"><\/div><\/div><\/div>\n\n\n<h2 class=\"wp-block-heading\" id=\"sedilo\"><strong>Sedilo<\/strong><\/h2>\n\n\n\n<p>Sedilo \u00e8 un piccolo paese della Sardegna centrale, in Provincia di Oristano. Abitato fin dall'antichit\u00e0, il paese \u00e8 noto soprattutto per un sito archeologico nelle vicinanze.<\/p>\n\n\n<div class=\"wp-block-ub-divider ub_divider ub-divider-orientation-horizontal\" id=\"ub_divider_0c121ff9-d3b4-4625-8951-90a23c73295c\"><div class=\"ub_divider_wrapper\" style=\"position: relative; margin-bottom: 2px; width: 100%; height: 2px; \" data-divider-alignment=\"center\"><div class=\"ub_divider_line\" style=\"border-top: 2px solid #ccc; margin-top: 2px; \"><\/div><\/div><\/div>\n\n\n<h4 class=\"wp-block-heading\" id=\"archaeological-park-of-iloi\"><strong><strong>Parco Archeologico di Iloi<\/strong><\/strong><\/h4>\n\n\n\n<p class=\"translation-block\">Il Parco Archeologico di Iloi si trova nei pressi di Sedilo e ospita varie strutture antiche. La pi\u00f9 notevole di queste \u00e8 un complesso nuragico, ma l'area comprende anche alcune tombe antiche e alcuni nuraghi pi\u00f9 piccoli sparsi in una vasta area.<\/p>\n\n\n\n<div class=\"wp-block-columns is-layout-flex wp-container-core-columns-is-layout-9d6595d7 wp-block-columns-is-layout-flex\">\n<div class=\"wp-block-column is-layout-flow wp-block-column-is-layout-flow\" style=\"flex-basis:85%\">\n<p>Indirizzo: Parco Archeologico di Iloi, 09070 Sedilo OR<br>Coordinate: 40.1600, 8.8992<\/p>\n<\/div>\n\n\n\n<div class=\"wp-block-column is-layout-flow wp-block-column-is-layout-flow\" style=\"flex-basis:15%\">\n<p class=\"has-text-align-right\"><a href=\"https:\/\/maps.app.goo.gl\/Kdf5mHTtWrbh89yh9\" target=\"_blank\" aria-label=\" (opens in a new tab)\" rel=\"noreferrer noopener\" class=\"ek-link\">Google Maps<\/a><\/p>\n<\/div>\n<\/div>\n\n\n<div style=\"margin-top: var(--wp--preset--spacing--40); margin-bottom: var(--wp--preset--spacing--40); \" class=\"wp-block-ub-divider ub_divider ub-divider-orientation-horizontal\" id=\"ub_divider_7dd63956-f452-4431-8923-f346bca6d68a\"><div class=\"ub_divider_wrapper\" style=\"position: relative; margin-bottom: 10px; width: 100%; height: 10px; \" data-divider-alignment=\"center\"><div class=\"ub_divider_line\" style=\"border-top: 2px solid #000000; margin-top: 10px; \"><\/div><\/div><\/div>\n\n\n<h2 class=\"wp-block-heading\" id=\"bosa\"><strong>Bosa<\/strong><\/h2>\n\n\n\n<p>Bosa \u00e8 una citt\u00e0 situata vicino alla costa occidentale della Sardegna in Provincia di Oristano, alla foce del fiume Temo. La citt\u00e0 fu fondata in tempi antichi e fu abitata dai Fenici e dai Romani, mentre l'attuale paese emerse nel Tardo Medioevo. Bosa \u00e8 ora una destinazione turistica, spesso considerata una delle citt\u00e0 pi\u00f9 belle della Sardegna.<\/p>\n\n\n<div class=\"wp-block-ub-divider ub_divider ub-divider-orientation-horizontal\" id=\"ub_divider_9263bcc9-0992-429b-a800-66bf756e1cfc\"><div class=\"ub_divider_wrapper\" style=\"position: relative; margin-bottom: 2px; width: 100%; height: 2px; \" data-divider-alignment=\"center\"><div class=\"ub_divider_line\" style=\"border-top: 2px solid #ccc; margin-top: 2px; \"><\/div><\/div><\/div>\n\n\n<h4 class=\"wp-block-heading\" id=\"serravalle-castle\"><strong><strong>Castello di Serravalle<\/strong><\/strong><\/h4>\n\n\n\n<p>Anche noto come: Castello Malaspina<\/p>\n\n\n\n<p>Il Castello di Serravalle \u00e8 un castello medievale situato su una collina che domina su Bosa. La fortezza fu costruita intorno al dodicesimo secolo e in seguito fu ampliata. In seguito abbandonata e ora restaurata, \u00e8 uno dei principali punti di riferimento della citt\u00e0 e conserva ancora diverse torri e fortificazioni. Una piccola chiesa con affreschi medievali si trova all'interno delle mura del castello.<\/p>\n\n\n\n<div class=\"wp-block-columns is-layout-flex wp-container-core-columns-is-layout-9d6595d7 wp-block-columns-is-layout-flex\">\n<div class=\"wp-block-column is-layout-flow wp-block-column-is-layout-flow\" style=\"flex-basis:85%\">\n<p>Indirizzo: Via Canonico Nino, 08013 Bosa OR<br>Coordinate: 40.2977, 8.5049<\/p>\n<\/div>\n\n\n\n<div class=\"wp-block-column is-layout-flow wp-block-column-is-layout-flow\" style=\"flex-basis:15%\">\n<p class=\"has-text-align-right\"><a href=\"https:\/\/maps.app.goo.gl\/GWfjEXX3GRbGSvfn6\" target=\"_blank\" aria-label=\" (opens in a new tab)\" rel=\"noreferrer noopener\" class=\"ek-link\">Google Maps<\/a><\/p>\n<\/div>\n<\/div>\n\n\n<div class=\"wp-block-ub-divider ub_divider ub-divider-orientation-horizontal\" id=\"ub_divider_72cacdef-584a-4c4c-a9e2-d6133a514323\"><div class=\"ub_divider_wrapper\" style=\"position: relative; margin-bottom: 2px; width: 100%; height: 2px; \" data-divider-alignment=\"center\"><div class=\"ub_divider_line\" style=\"border-top: 2px solid #ccc; margin-top: 2px; \"><\/div><\/div><\/div>\n\n\n<h4 class=\"wp-block-heading\" id=\"casa-deriu-museum\"><strong><strong>Museo Casa Deriu<\/strong><\/strong><\/h4>\n\n\n\n<p class=\"translation-block\">Il Museo Casa Deriu \u00e8 un museo di arte e cultura locale a Bosa. Ospitato in un palazzo storico, il museo ospita varie opere d'arte di artisti sardi e numerosi mobili antichi.<\/p>\n\n\n\n<div class=\"wp-block-columns is-layout-flex wp-container-core-columns-is-layout-9d6595d7 wp-block-columns-is-layout-flex\">\n<div class=\"wp-block-column is-layout-flow wp-block-column-is-layout-flow\" style=\"flex-basis:85%\">\n<p>Indirizzo: Corso Vittorio Emanuele II, 59, 09089 Bosa OR<br>Coordinate: 40.2959, 8.5016<\/p>\n<\/div>\n\n\n\n<div class=\"wp-block-column is-layout-flow wp-block-column-is-layout-flow\" style=\"flex-basis:15%\">\n<p class=\"has-text-align-right\"><a href=\"https:\/\/maps.app.goo.gl\/NduUxCXQEG3Dvahz5\" target=\"_blank\" aria-label=\" (opens in a new tab)\" rel=\"noreferrer noopener\" class=\"ek-link\">Google Maps<\/a><\/p>\n<\/div>\n<\/div>\n\n\n<div class=\"wp-block-ub-divider ub_divider ub-divider-orientation-horizontal\" id=\"ub_divider_98e1ae3c-1e1e-4def-acec-3089c94c69fb\"><div class=\"ub_divider_wrapper\" style=\"position: relative; margin-bottom: 2px; width: 100%; height: 2px; \" data-divider-alignment=\"center\"><div class=\"ub_divider_line\" style=\"border-top: 2px solid #ccc; margin-top: 2px; \"><\/div><\/div><\/div>\n\n\n<h4 class=\"wp-block-heading\" id=\"roman-amphitheater-of-larino\"><strong><strong>Chiesa di San Pietro<\/strong><\/strong><\/h4>\n\n\n\n<p>La Chiesa di San Pietro \u00e8 una chiesa romanica situata a est di Bosa. La chiesa fu costruita durante l'undicesimo secolo su una precedente necropoli romana e fu in seguito rimaneggiata. Abbandonata e poi restaurata, la chiesa ora presenta varie decorazioni medievali ed \u00e8 un notevole esempio di architettura romanica.<\/p>\n\n\n\n<div class=\"wp-block-columns is-layout-flex wp-container-core-columns-is-layout-9d6595d7 wp-block-columns-is-layout-flex\">\n<div class=\"wp-block-column is-layout-flow wp-block-column-is-layout-flow\" style=\"flex-basis:85%\">\n<p>Indirizzo: Via S. Pietro, 08013 Bosa OR<br>Coordinate: 40.2892, 8.5198<\/p>\n<\/div>\n\n\n\n<div class=\"wp-block-column is-layout-flow wp-block-column-is-layout-flow\" style=\"flex-basis:15%\">\n<p class=\"has-text-align-right\"><a href=\"https:\/\/maps.app.goo.gl\/vGvy4kxSD7Et12CB7\" target=\"_blank\" aria-label=\" (opens in a new tab)\" rel=\"noreferrer noopener\" class=\"ek-link\">Google Maps<\/a><\/p>\n<\/div>\n<\/div>","protected":false},"excerpt":{"rendered":"<p>&lt;&lt; Sardinia The Oristanese is the territory of the Province of Oristano, located in the central-western part of Sardinia. This region includes plains, hills, and mountains, and features various small towns, some archaeological sites, and a few seaside resorts. Oristano Oristano is a city in central-western Sardinia, located near the coast and in the northern part of the Campidano plain. This area has been inhabited since ancient times, but Oristano was founded in the Middle Ages and emerged as the capital of the independent Judicate of Arborea, that at one point ruled over almost all of Sardinia. Oristano declined after the island was taken by the Aragonese, but remained an important regional center, and now features a few historic attractions. Oristano Cathedral Also known as: Cathedral of Santa Maria Assunta (Cattedrale di Santa Maria Assunta) The Oristano Cathedral is the main church of the city. The church was built around the 12th century in Romanesque style and was later renovated with Gothic and Baroque additions. Inside the church are various artworks and decorations, while adjacent to the building is a beautiful bell tower. Address: Piazza Duomo, 09170 Oristano ORCoordinates: 39.9027, 8.5903 Google Maps Antiquarium Arborense The Antiquarium Arborense is an archaeological museum in Oristano. The museum is dedicated to local history, and houses archaeological findings from nearby sites dating from prehistory to the Middle Ages, as well as various more recent artworks. Address: Portico Giovanni Corrias, 09170 Oristano ORCoordinates: 39.9043, 8.5926 Google Maps Tower of Mariano II The Tower of Mariano II (Torre di Mariano II) is a medieval tower in Oristano, erected in the 13th century and located at the northern end of the old town. The tower was once part of the fortifications of the city, and also served as city gate. Address: Piazza Roma, 09170 Oristano ORCoordinates: 39.9057, 8.5916 Google Maps Santa Giusta Santa Giusta is a small town located just south of Oristano. The town was founded by the Phoenicians as Othoca, and was a regional center for a long time, but it was abandoned in the Early Middle Ages. The modern Santa Giusta later emerged around a church. Basilica of Santa Giusta The Basilica of Santa Giusta is a Romanesque church erected in Santa Giusta in the 12th century. The church was later reworked and renovated, and it is one of the best examples of Romanesque architecture in this area. The basilica features a simple interior, with a typical Romanesque facade and bell tower. Address: Via Manzoni, 2, 09096 Santa Giusta ORCoordinates: 39.8815, 8.6072 Google Maps Cabras Cabras is a town located west of Oristano. Its territory includes a lagoon known as Stagno di Cabras, and the Sinis Peninsula, which was the site an ancient city. The modern town emerged in the Late Middle Ages. \u272a Archaeological Area of Tharros The Archaeological Area of Tharros (Area Archeologica di Tharros) is located at the southern end of the Sinis Peninsula, and houses the ruins of the ancient city of Tharros. This area was inhabited in prehistoric times, while the city was founded by the Phoenicians in the 8th century BCE. The city later grew to become a flourishing center under the Carthaginians and the Romans, but declined in the Middle Ages, and was abandoned. The archaeological site houses the ruins of various buildings, including some temples and a thermal complex. Address: SP6, 09072 Cabras ORCoordinates: 39.8739, 8.4401 Google Maps Giovanni Marongiu Civic Museum The Giovanni Marongiu Civic Museum (Museo Civico Giovanni Marongiu) is an archaeological museum in Cabras. The museum houses a large collection of archaeological findings, with many artworks and objects from the nearby site of Tharros. The museum also hosts the Giants of Mont&#8217;e Prama (Giganti di Mont&#8217;e Prama), a group of Iron Age sculptures made by the Nuragic civilization. Address: Via Tharros, 09072 Cabras ORCoordinates: 39.9248, 8.5255 Google Maps Mal di Ventre Island The Mal di Ventre Island (Isola del Mal di Ventre) is a small unhinabited island located off the western coast of Sardinia. The island has been visited since ancient times, as proven by the presence of some prehistoric and Roman ruins. The island is part of a nature reserve, and has a rich fauna. Address: Isola del Mal di Ventre, 09072 Cabras ORCoordinates: 39.9908, 8.3058 Google Maps Laconi Laconi is a small town located among the hills of central Sardinia, in the Province of Oristano. The town is best known for hosting various ancient structures in its territory. Menhir Museum Also known as: Museum of Prehistoric Statuary in Sardinia (Museo della Statuaria Preistorica in Sardegna) The Menhir Museum is an archaeological museum in Laconi. The museum is dedicated to the many menhirs found around the town, and also houses several archaeological findings unearthed in various sites in Sardinia. Address: Piazza Marconi, 10, 08034 Laconi ORCoordinates: 39.8545, 9.0522 Google Maps Fordongianus Fordongianus is a tiny town located among the hills east of Oristano. The town was once inhabited by the Romans, and houses various ancient ruins. Thermae of Fordongianus The Thermae of Fordongianus (Terme di Fordongianus) are the ruins of a vast thermal complex built by the Romans in Fordongianus. The complex was built around the 1st century and was later expanded, and a large portion of the structure is still visible today. Address: SP33, 10, 09083 Fordongianus ORCoordinates: 39.9970, 8.8083 Google Maps Paulilatino Paulilatino is a small town located among the hills northeast of Oristano. The town has been inhabited since ancient times, and it is known for hosting some archaeological ruins in its territory. Archaeological Park of Santa Cristina The Archaeological Park of Santa Cristina (Parco Archeologico di Santa Cristina) is an archaeological site located near Paulilatino. The site includes various structures built by the Nuragic civilization. The most notable of these is the holy well, an underground sanctuary dating from around the 11th century BCE. Address: Localit\u00e0 Santa Cristina, 09070 Paulilatino ORCoordinates: 40.0615, 8.7303 Google Maps Abbasanta Abbasanta is a town located among the hills of the Province of Oristano, next to Ghilarza, and best known for&#8230;<\/p>","protected":false},"author":1,"featured_media":0,"parent":932,"menu_order":0,"comment_status":"closed","ping_status":"closed","template":"","meta":{"_editorskit_title_hidden":false,"_editorskit_reading_time":0,"_editorskit_is_block_options_detached":false,"_editorskit_block_options_position":"{}","om_disable_all_campaigns":false,"_uag_custom_page_level_css":"","advgb_blocks_editor_width":"","advgb_blocks_columns_visual_guide":"","_monsterinsights_skip_tracking":false,"_monsterinsights_sitenote_active":false,"_monsterinsights_sitenote_note":"","_monsterinsights_sitenote_category":0,"footnotes":""},"class_list":["post-11365","page","type-page","status-publish","hentry"],"aioseo_notices":[],"featured_image_src":null,"uagb_featured_image_src":{"full":false,"thumbnail":false,"medium":false,"medium_large":false,"large":false,"1536x1536":false,"2048x2048":false,"trp-custom-language-flag":false,"xs-thumb":false,"post-thumbnail":false,"minimalistblogger-grid":false,"minimalistblogger-slider":false,"minimalistblogger-small":false},"uagb_author_info":{"display_name":"Stefano Cammisa","author_link":"https:\/\/www.cosmundus.com\/it\/author\/stefano-cammisa\/"},"uagb_comment_info":0,"uagb_excerpt":"&lt;&lt; Sardinia The Oristanese is the territory of the Province of Oristano, located in the central-western part of Sardinia. This region includes plains, hills, and mountains, and features various small towns, some archaeological sites, and a few seaside resorts. Oristano Oristano is a city in central-western Sardinia, located near the coast and in the northern&hellip;","coauthors":[],"author_meta":{"author_link":"https:\/\/www.cosmundus.com\/it\/author\/stefano-cammisa\/","display_name":"Stefano Cammisa"},"relative_dates":{"created":"Pubblicato 2 anni fa","modified":"Aggiornato 2 anni fa"},"absolute_dates":{"created":"Pubblicato il 7 Ottobre 2024","modified":"Aggiornato il 7 Ottobre 2024"},"absolute_dates_time":{"created":"Pubblicato il 7 Ottobre 2024 10:57 am","modified":"Aggiornato il 7 Ottobre 2024 10:57 am"},"featured_img_caption":"","featured_img":false,"series_order":"","_links":{"self":[{"href":"https:\/\/www.cosmundus.com\/it\/wp-json\/wp\/v2\/pages\/11365","targetHints":{"allow":["GET"]}}],"collection":[{"href":"https:\/\/www.cosmundus.com\/it\/wp-json\/wp\/v2\/pages"}],"about":[{"href":"https:\/\/www.cosmundus.com\/it\/wp-json\/wp\/v2\/types\/page"}],"author":[{"embeddable":true,"href":"https:\/\/www.cosmundus.com\/it\/wp-json\/wp\/v2\/users\/1"}],"replies":[{"embeddable":true,"href":"https:\/\/www.cosmundus.com\/it\/wp-json\/wp\/v2\/comments?post=11365"}],"version-history":[{"count":10,"href":"https:\/\/www.cosmundus.com\/it\/wp-json\/wp\/v2\/pages\/11365\/revisions"}],"predecessor-version":[{"id":11934,"href":"https:\/\/www.cosmundus.com\/it\/wp-json\/wp\/v2\/pages\/11365\/revisions\/11934"}],"up":[{"embeddable":true,"href":"https:\/\/www.cosmundus.com\/it\/wp-json\/wp\/v2\/pages\/932"}],"wp:attachment":[{"href":"https:\/\/www.cosmundus.com\/it\/wp-json\/wp\/v2\/media?parent=11365"}],"curies":[{"name":"wp","href":"https:\/\/api.w.org\/{rel}","templated":true}]}}