{"id":11291,"date":"2024-10-07T10:42:59","date_gmt":"2024-10-07T08:42:59","guid":{"rendered":"https:\/\/www.cosmundus.com\/?page_id=11291"},"modified":"2024-10-07T10:43:00","modified_gmt":"2024-10-07T08:43:00","slug":"palermitano","status":"publish","type":"page","link":"https:\/\/www.cosmundus.com\/it\/destinations\/palermitano\/","title":{"rendered":"Palermitano"},"content":{"rendered":"<p class=\"has-text-align-right\">&lt;&lt; <a href=\"https:\/\/www.cosmundus.com\/it\/atlas\/europe\/southern-europe\/italy\/insular-italy\/sicily\/\" class=\"ek-link\">Sicilia<\/a><\/p>\n\n\n\n<p class=\"translation-block\">Il Palermitano \u00e8 il territorio della Citt\u00e0 Metropolitana di <a href=\"https:\/\/www.cosmundus.com\/it\/destinations\/palermo\/\" class=\"ek-link\" target=\"_self\">Palermo<\/a>, che occupa una vasta area della Sicilia nord-occidentale. Questa zona si affaccia sul Mar Tirreno e comprende diverse localit\u00e0 balneari e citt\u00e0 storiche sulla costa, in particolare Cefal\u00f9. Numerose altre destinazioni degne di nota si trovano invece tra le splendide colline e montagne dell'entroterra. Questo territorio comprende anche l'isola di Ustica.<\/p>\n\n\n\n<div class=\"wp-block-group\"><div class=\"wp-block-group__inner-container is-layout-constrained wp-block-group-is-layout-constrained\"><div style=\"border: 1px solid #8ed1fc; border-radius: 0%; background-color: inherit; \" class=\"ub-styled-box ub-bordered-box wp-block-ub-styled-box\" id=\"ub-styled-box-75872dd8-a87b-469f-86a1-ad0c0702ed4c\">\n<p class=\"has-medium-font-size\" id=\"ub-styled-box-bordered-content-2c22cb08-f4e0-4cc5-8c8d-849d98663bcd\">Posti da vedere nel Palermitano<\/p>\n\n\n<div class=\"wp-block-aioseo-table-of-contents\"><ul><li><a class=\"aioseo-toc-item\" href=\"#isola-delle-femmine\">Isola delle Femmine<\/a><ul><li><a class=\"aioseo-toc-item\" href=\"#isola-delle-femmine\">Isola delle Femmine<\/a><\/li><\/ul><\/li><li><a class=\"aioseo-toc-item\" href=\"#carini\">Carini<\/a><ul><li><a class=\"aioseo-toc-item\" href=\"#carini-castle\">Castello di Carini<\/a><\/li><\/ul><\/li><li><a class=\"aioseo-toc-item\" href=\"#monreale\">Monreale<\/a><ul><li><a class=\"aioseo-toc-item\" href=\"#monreale-cathedral\">\u272a Duomo di Monreale<\/a><\/li><\/ul><\/li><li><a class=\"aioseo-toc-item\" href=\"#piana-degli-albanesi\">Piana degli Albanesi<\/a><ul><li><a class=\"aioseo-toc-item\" href=\"#piana-degli-albanesi-cathedral\">Cattedrale di Piana degli Albanesi<\/a><\/li><li><a class=\"aioseo-toc-item\" href=\"#nicola-barbato-civic-museum\">Museo Civico Nicola Barbato<\/a><\/li><\/ul><\/li><li><a class=\"aioseo-toc-item\" href=\"#corleone\">Corleone<\/a><ul><li><a class=\"aioseo-toc-item\" href=\"#international-documentation-center-on-the-mafia-and-anti-mafia-movement\">Centro Internazionale di Documentazione sulla Mafia e Movimento Antimafia<\/a><\/li><li><a class=\"aioseo-toc-item\" href=\"#royal-palace-of-ficuzza\">Real Casina di Caccia di Ficuzza<\/a><\/li><\/ul><\/li><li><a class=\"aioseo-toc-item\" href=\"#bagheria\">Bagheria<\/a><ul><li><a class=\"aioseo-toc-item\" href=\"#palazzo-butera-branciforti\">Palazzo Butera-Branciforti<\/a><\/li><li><a class=\"aioseo-toc-item\" href=\"#villa-palagonia\">Villa Palagonia<\/a><\/li><li><a class=\"aioseo-toc-item\" href=\"#villa-cattolica\">Villa Cattolica<\/a><\/li><\/ul><\/li><li><a class=\"aioseo-toc-item\" href=\"#santa-flavia\">Santa Flavia<\/a><ul><li><a class=\"aioseo-toc-item\" href=\"#larino-cathedral\">Area Archeologica di Solunto<\/a><\/li><\/ul><\/li><li><a class=\"aioseo-toc-item\" href=\"#cefala-diana\">Cefal\u00e0 Diana<\/a><ul><li><a class=\"aioseo-toc-item\" href=\"#baths-of-cefala-diana\">Bagni di Cefal\u00e0 Diana<\/a><\/li><\/ul><\/li><li><a class=\"aioseo-toc-item\" href=\"#termini-imerese\">Termini Imerese<\/a><ul><li><a class=\"aioseo-toc-item\" href=\"#civic-museum-of-termini-imerese\">Museo Civico di Termini Imerese<\/a><\/li><li><a class=\"aioseo-toc-item\" href=\"#archaeological-park-of-himera\">Parco Archeologico di Himera<\/a><\/li><\/ul><\/li><li><a class=\"aioseo-toc-item\" href=\"#caccamo\">Caccamo<\/a><ul><li><a class=\"aioseo-toc-item\" href=\"#caccamo-castle\">Castello di Caccamo<\/a><\/li><\/ul><\/li><li><a class=\"aioseo-toc-item\" href=\"#collesano\">Collesano<\/a><ul><li><a class=\"aioseo-toc-item\" href=\"#targa-florio-museum\">Museo Targa Florio<\/a><\/li><\/ul><\/li><li><a class=\"aioseo-toc-item\" href=\"#cefalu\">Cefal\u00f9<\/a><ul><li><a class=\"aioseo-toc-item\" href=\"#cefalu-cathedral\">\u272a Duomo di Cefal\u00f9<\/a><\/li><li><a class=\"aioseo-toc-item\" href=\"#mandralisca-museum\">Museo Mandralisca<\/a><\/li><li><a class=\"aioseo-toc-item\" href=\"#rocca-of-cefalu\">Rocca di Cefal\u00f9<\/a><\/li><li><a class=\"aioseo-toc-item\" href=\"#gibilmanna-sanctuary\">Santuario di Gibilmanna<\/a><\/li><\/ul><\/li><li><a class=\"aioseo-toc-item\" href=\"#castelbuono\">Castelbuono<\/a><ul><li><a class=\"aioseo-toc-item\" href=\"#castelbuono-castle\">Castello di Castelbuono<\/a><\/li><li><a class=\"aioseo-toc-item\" href=\"#francesco-mina-palumbo-naturalistic-museum\">Museo Naturalistico Francesco Min\u00e0 Palumbo<\/a><\/li><\/ul><\/li><li><a class=\"aioseo-toc-item\" href=\"#petralia-sottana\">Petralia Sottana<\/a><ul><li><a class=\"aioseo-toc-item\" href=\"#piano-battaglia\">Piano Battaglia<\/a><\/li><\/ul><\/li><li><a class=\"aioseo-toc-item\" href=\"#gangi\">Gangi<\/a><ul><li><a class=\"aioseo-toc-item\" href=\"#church-of-san-nicola-di-bari\">Chiesa di San Nicola di Bari<\/a><\/li><\/ul><\/li><li><a class=\"aioseo-toc-item\" href=\"#ustica\">Ustica<\/a><ul><li><a class=\"aioseo-toc-item\" href=\"#ustica-island-marine-protected-area\">Area Marina Protetta Isola di Ustica<\/a><\/li><\/ul><\/li><\/ul><\/div>\n\n<\/div><\/div><\/div>\n\n\n\n<h2 class=\"wp-block-heading\" id=\"isola-delle-femmine\"><strong>Isola delle Femmine<\/strong><\/h2>\n\n\n\n<p>Isola delle Femmine \u00e8 una cittadina e localit\u00e0 balneare situata a nord-ovest di Palermo. La citt\u00e0 \u00e8 stata abitata fin dall'antichit\u00e0, ma solo di recente si \u00e8 sviluppata come meta turistica.<\/p>\n\n\n<div class=\"wp-block-ub-divider ub_divider ub-divider-orientation-horizontal\" id=\"ub_divider_feed6730-270d-4a5b-9013-c24912e84887\"><div class=\"ub_divider_wrapper\" style=\"position: relative; margin-bottom: 2px; width: 100%; height: 2px; \" data-divider-alignment=\"center\"><div class=\"ub_divider_line\" style=\"border-top: 2px solid #ccc; margin-top: 2px; \"><\/div><\/div><\/div>\n\n\n<h4 class=\"wp-block-heading\" id=\"isola-delle-femmine\"><strong>Isola delle Femmine<\/strong><\/h4>\n\n\n\n<p>Isola delle Femmine \u00e8 una piccola isola nel Mar Tirreno, situata appena al largo della costa vicino alla citt\u00e0 omonima. L'isola era occupata in tempi antichi, ma ora \u00e8 disabitata e funge da riserva naturale.<\/p>\n\n\n\n<div class=\"wp-block-columns is-layout-flex wp-container-core-columns-is-layout-9d6595d7 wp-block-columns-is-layout-flex\">\n<div class=\"wp-block-column is-layout-flow wp-block-column-is-layout-flow\" style=\"flex-basis:85%\">\n<p>Indirizzo: Isola delle Femmine, 90040 Isola delle Femmine PA<br>Coordinate: 38.2092, 13.2362<\/p>\n<\/div>\n\n\n\n<div class=\"wp-block-column is-layout-flow wp-block-column-is-layout-flow\" style=\"flex-basis:15%\">\n<p class=\"has-text-align-right\"><a href=\"https:\/\/maps.app.goo.gl\/eEvvVLGJa1ADve7r7\" target=\"_blank\" aria-label=\" (opens in a new tab)\" rel=\"noreferrer noopener\" class=\"ek-link\">Google Maps<\/a><\/p>\n<\/div>\n<\/div>\n\n\n<div style=\"margin-top: var(--wp--preset--spacing--40); margin-bottom: var(--wp--preset--spacing--40); \" class=\"wp-block-ub-divider ub_divider ub-divider-orientation-horizontal\" id=\"ub_divider_67641023-0e82-461b-a86d-a03b1b443108\"><div class=\"ub_divider_wrapper\" style=\"position: relative; margin-bottom: 10px; width: 100%; height: 10px; \" data-divider-alignment=\"center\"><div class=\"ub_divider_line\" style=\"border-top: 2px solid #000000; margin-top: 10px; \"><\/div><\/div><\/div>\n\n\n<h2 class=\"wp-block-heading\" id=\"carini\"><strong>Carini<\/strong><\/h2>\n\n\n\n<p>Carini \u00e8 una citt\u00e0 situata sulla costa a ovest di Palermo. Originariamente fondata in tempi antichi, la citt\u00e0 \u00e8 stata governata da diverse civilt\u00e0, rimanendo un centro regionale rilevante. Pi\u00f9 di recente, Carini si \u00e8 espansa e sviluppata come localit\u00e0 balneare e grazie alla sua vicinanza a Palermo.<\/p>\n\n\n<div class=\"wp-block-ub-divider ub_divider ub-divider-orientation-horizontal\" id=\"ub_divider_07ec258b-9295-4cb7-8fca-b3fe80ab0e8d\"><div class=\"ub_divider_wrapper\" style=\"position: relative; margin-bottom: 2px; width: 100%; height: 2px; \" data-divider-alignment=\"center\"><div class=\"ub_divider_line\" style=\"border-top: 2px solid #ccc; margin-top: 2px; \"><\/div><\/div><\/div>\n\n\n<h4 class=\"wp-block-heading\" id=\"carini-castle\"><strong>Castello di Carini<\/strong><\/h4>\n\n\n\n<p>Il Castello di Carini \u00e8 una fortezza medievale eretta originariamente nell'undicesimo secolo dai Normanni. Il castello fu poi rimaneggiato pi\u00f9 volte, trasformandolo in un palazzo nobiliare. La fortezza ha varie sale decorate e presenta alcune imponenti fortificazioni.<\/p>\n\n\n\n<div class=\"wp-block-columns is-layout-flex wp-container-core-columns-is-layout-9d6595d7 wp-block-columns-is-layout-flex\">\n<div class=\"wp-block-column is-layout-flow wp-block-column-is-layout-flow\" style=\"flex-basis:85%\">\n<p>Indirizzo: Corso Umberto I, 90044 Carini PA<br>Coordinate: 38.1333, 13.1823<\/p>\n<\/div>\n\n\n\n<div class=\"wp-block-column is-layout-flow wp-block-column-is-layout-flow\" style=\"flex-basis:15%\">\n<p class=\"has-text-align-right\"><a href=\"https:\/\/maps.app.goo.gl\/MJ8FfV3C4DUe1c926\" target=\"_blank\" aria-label=\" (opens in a new tab)\" rel=\"noreferrer noopener\" class=\"ek-link\">Google Maps<\/a><\/p>\n<\/div>\n<\/div>\n\n\n<div style=\"margin-top: var(--wp--preset--spacing--40); margin-bottom: var(--wp--preset--spacing--40); \" class=\"wp-block-ub-divider ub_divider ub-divider-orientation-horizontal\" id=\"ub_divider_8d4c2874-33dc-4f50-8153-555c080a0890\"><div class=\"ub_divider_wrapper\" style=\"position: relative; margin-bottom: 10px; width: 100%; height: 10px; \" data-divider-alignment=\"center\"><div class=\"ub_divider_line\" style=\"border-top: 2px solid #000000; margin-top: 10px; \"><\/div><\/div><\/div>\n\n\n<h2 class=\"wp-block-heading\" id=\"monreale\"><strong>Monreale<\/strong><\/h2>\n\n\n\n<p>Monreale \u00e8 una citt\u00e0 situata ai piedi delle colline appena a sud-ovest di Palermo, in una valle nota come Conca d\u2019Oro. Fondata dai Normanni nel dodicesimo secolo, Monreale \u00e8 famosa soprattutto per la sua cattedrale, un capolavoro dell'architettura arabo-normanna.<\/p>\n\n\n<div class=\"wp-block-ub-divider ub_divider ub-divider-orientation-horizontal\" id=\"ub_divider_5f6435f3-5d10-473b-94f2-219cce4f0dc0\"><div class=\"ub_divider_wrapper\" style=\"position: relative; margin-bottom: 2px; width: 100%; height: 2px; \" data-divider-alignment=\"center\"><div class=\"ub_divider_line\" style=\"border-top: 2px solid #ccc; margin-top: 2px; \"><\/div><\/div><\/div>\n\n\n<h4 class=\"wp-block-heading\" id=\"monreale-cathedral\"><strong>\u272a Duomo di Monreale<\/strong><\/h4>\n\n\n\n<p class=\"translation-block\">Il Duomo di Monreale \u00e8 una grande chiesa eretta tra il dodicesimo e il tredicesimo secolo, e uno dei massimi capolavori dell'architettura arabo-normanna. La cattedrale ha una bella facciata monumentale e adiacente alla struttura si trova un ampio chiostro. All'interno, la chiesa ospita un enorme ciclo di mosaici in stile bizantino ben conservati, realizzati tra il dodicesimo e il tredicesimo secolo. La cattedrale presenta anche varie altre opere d'arte e decorazioni, mentre adiacente alla chiesa si trova il <strong>Museo Diocesano di Monreale<\/strong>, che ospita numerosi oggetti religiosi storici e pezzi d'arte. La chiesa \u00e8 ora un sito Patrimonio dell'Umanit\u00e0 dell'UNESCO.<\/p>\n\n\n\n<div class=\"wp-block-columns is-layout-flex wp-container-core-columns-is-layout-9d6595d7 wp-block-columns-is-layout-flex\">\n<div class=\"wp-block-column is-layout-flow wp-block-column-is-layout-flow\" style=\"flex-basis:85%\">\n<p>Indirizzo: Piazza Guglielmo II, 1, 90046 Monreale PA<br>Coordinate: 38.0821, 13.2922<\/p>\n<\/div>\n\n\n\n<div class=\"wp-block-column is-layout-flow wp-block-column-is-layout-flow\" style=\"flex-basis:15%\">\n<p class=\"has-text-align-right\"><a href=\"https:\/\/maps.app.goo.gl\/WzMVSwxc6wp6MVRS8\" target=\"_blank\" aria-label=\" (opens in a new tab)\" rel=\"noreferrer noopener\" class=\"ek-link\">Google Maps<\/a><\/p>\n<\/div>\n<\/div>\n\n\n<div style=\"margin-top: var(--wp--preset--spacing--40); margin-bottom: var(--wp--preset--spacing--40); \" class=\"wp-block-ub-divider ub_divider ub-divider-orientation-horizontal\" id=\"ub_divider_38b8c04d-4296-4524-b5f8-2e5b928f6222\"><div class=\"ub_divider_wrapper\" style=\"position: relative; margin-bottom: 10px; width: 100%; height: 10px; \" data-divider-alignment=\"center\"><div class=\"ub_divider_line\" style=\"border-top: 2px solid #000000; margin-top: 10px; \"><\/div><\/div><\/div>\n\n\n<h2 class=\"wp-block-heading\" id=\"piana-degli-albanesi\"><strong>Piana degli Albanesi<\/strong><\/h2>\n\n\n\n<p>Piana degli Albanesi \u00e8 una cittadina situata tra le montagne a sud di Palermo. Fondata nel quindicesimo secolo da profughi albanesi, \u00e8 ora il centro pi\u00f9 importante e popoloso della comunit\u00e0 arb\u00ebresh\u00eb in Italia e conserva molti elementi della cultura e della tradizione albanese.<\/p>\n\n\n<div class=\"wp-block-ub-divider ub_divider ub-divider-orientation-horizontal\" id=\"ub_divider_3ae5119f-a926-492a-ac3b-36034153c7f0\"><div class=\"ub_divider_wrapper\" style=\"position: relative; margin-bottom: 2px; width: 100%; height: 2px; \" data-divider-alignment=\"center\"><div class=\"ub_divider_line\" style=\"border-top: 2px solid #ccc; margin-top: 2px; \"><\/div><\/div><\/div>\n\n\n<h4 class=\"wp-block-heading\" id=\"piana-degli-albanesi-cathedral\"><strong><strong>Cattedrale di Piana degli Albanesi<\/strong><\/strong><\/h4>\n\n\n\n<p class=\"translation-block\">Anche nota come: Cattedrale di San Demetrio Megalomartire<\/p>\n\n\n\n<p>La Cattedrale di Piana degli Albanesi \u00e8 una chiesa storica che funge da uno dei siti principali della Chiesa cattolica italo-albanese. Costruita tra il quindicesimo e il diciassettesimo secolo, la chiesa presenta varie decorazioni in stile bizantino e barocco. La cattedrale \u00e8 anche adornata da numerosi elaborati affreschi del diciassettesimo secolo e opere d'arte rinascimentali bizantine del ventesimo secolo.<\/p>\n\n\n\n<div class=\"wp-block-columns is-layout-flex wp-container-core-columns-is-layout-9d6595d7 wp-block-columns-is-layout-flex\">\n<div class=\"wp-block-column is-layout-flow wp-block-column-is-layout-flow\" style=\"flex-basis:85%\">\n<p>Indirizzo: Via Giorgio Kastriota, 90037 Piana degli Albanesi PA<br>Coordinate: 37.9962, 13.2853<\/p>\n<\/div>\n\n\n\n<div class=\"wp-block-column is-layout-flow wp-block-column-is-layout-flow\" style=\"flex-basis:15%\">\n<p class=\"has-text-align-right\"><a href=\"https:\/\/maps.app.goo.gl\/5ao1XdW8yQnS2FjJ9\" target=\"_blank\" aria-label=\" (opens in a new tab)\" rel=\"noreferrer noopener\" class=\"ek-link\">Google Maps<\/a><\/p>\n<\/div>\n<\/div>\n\n\n<div class=\"wp-block-ub-divider ub_divider ub-divider-orientation-horizontal\" id=\"ub_divider_79188fb4-7eba-4629-a4fc-3008ff797eef\"><div class=\"ub_divider_wrapper\" style=\"position: relative; margin-bottom: 2px; width: 100%; height: 2px; \" data-divider-alignment=\"center\"><div class=\"ub_divider_line\" style=\"border-top: 2px solid #ccc; margin-top: 2px; \"><\/div><\/div><\/div>\n\n\n<h4 class=\"wp-block-heading\" id=\"nicola-barbato-civic-museum\"><strong>Museo Civico Nicola Barbato<\/strong><\/h4>\n\n\n\n<p class=\"translation-block\">Il Museo Civico Nicola Barbato \u00e8 un museo di storia e tradizioni locali a Piana degli Albanesi. Il museo ospita numerosi oggetti, documenti e costumi legati alle tradizioni locali, oltre a una sezione dedicata alla storia naturale.<\/p>\n\n\n\n<div class=\"wp-block-columns is-layout-flex wp-container-core-columns-is-layout-9d6595d7 wp-block-columns-is-layout-flex\">\n<div class=\"wp-block-column is-layout-flow wp-block-column-is-layout-flow\" style=\"flex-basis:85%\">\n<p>Address: Via P. G. Guzzetta, 13, 90037 Piana degli Albanesi PA<br>Coordinate: 37.9968, 13.2834<\/p>\n<\/div>\n\n\n\n<div class=\"wp-block-column is-layout-flow wp-block-column-is-layout-flow\" style=\"flex-basis:15%\">\n<p class=\"has-text-align-right\"><a href=\"https:\/\/maps.app.goo.gl\/6dDFhfHR4reALz6g8\" target=\"_blank\" aria-label=\" (opens in a new tab)\" rel=\"noreferrer noopener\" class=\"ek-link\">Google Maps<\/a><\/p>\n<\/div>\n<\/div>\n\n\n<div style=\"margin-top: var(--wp--preset--spacing--40); margin-bottom: var(--wp--preset--spacing--40); \" class=\"wp-block-ub-divider ub_divider ub-divider-orientation-horizontal\" id=\"ub_divider_645560ae-6d91-4ca7-ac89-c08056a4fdb1\"><div class=\"ub_divider_wrapper\" style=\"position: relative; margin-bottom: 10px; width: 100%; height: 10px; \" data-divider-alignment=\"center\"><div class=\"ub_divider_line\" style=\"border-top: 2px solid #000000; margin-top: 10px; \"><\/div><\/div><\/div>\n\n\n<h2 class=\"wp-block-heading\" id=\"corleone\"><strong>Corleone<\/strong><\/h2>\n\n\n\n<p>Corleone \u00e8 una cittadina situata tra le colline a sud di Palermo. Abitata fin dall'antichit\u00e0, \u00e8 sempre stata un piccolo centro di importanza regionale, ma \u00e8 diventata tristemente famosa nella seconda met\u00e0 del ventesimo secolo per i suoi legami con alcuni dei pi\u00f9 noti boss mafiosi.<\/p>\n\n\n<div class=\"wp-block-ub-divider ub_divider ub-divider-orientation-horizontal\" id=\"ub_divider_48a7b82a-0d31-4057-9700-961a35ca5ee9\"><div class=\"ub_divider_wrapper\" style=\"position: relative; margin-bottom: 2px; width: 100%; height: 2px; \" data-divider-alignment=\"center\"><div class=\"ub_divider_line\" style=\"border-top: 2px solid #ccc; margin-top: 2px; \"><\/div><\/div><\/div>\n\n\n<h4 class=\"wp-block-heading\" id=\"international-documentation-center-on-the-mafia-and-anti-mafia-movement\"><strong>Centro Internazionale di Documentazione sulla Mafia e Movimento Antimafia<\/strong><\/h4>\n\n\n\n<p class=\"translation-block\">Il Centro Internazionale di Documentazione sulla Mafia e Movimento Antimafia \u00e8 un museo dedicato alla lotta contro la mafia e la criminalit\u00e0 organizzata a Corleone. Presenta una collezione di interessanti documenti dedicati alle persone che hanno combattuto, e continuano a combattere, contro la mafia.<\/p>\n\n\n\n<div class=\"wp-block-columns is-layout-flex wp-container-core-columns-is-layout-9d6595d7 wp-block-columns-is-layout-flex\">\n<div class=\"wp-block-column is-layout-flow wp-block-column-is-layout-flow\" style=\"flex-basis:85%\">\n<p>Indirizzo: Via G. Valenti, 7, 90034 Corleone PA<br>Coordinate: 37.8118, 13.3018<\/p>\n<\/div>\n\n\n\n<div class=\"wp-block-column is-layout-flow wp-block-column-is-layout-flow\" style=\"flex-basis:15%\">\n<p class=\"has-text-align-right\"><a href=\"https:\/\/maps.app.goo.gl\/TWjuFJfbPA8ekUoQ9\" target=\"_blank\" aria-label=\" (opens in a new tab)\" rel=\"noreferrer noopener\" class=\"ek-link\">Google Maps<\/a><\/p>\n<\/div>\n<\/div>\n\n\n<div class=\"wp-block-ub-divider ub_divider ub-divider-orientation-horizontal\" id=\"ub_divider_30eaf48b-9f1a-47f6-be03-e4669929155f\"><div class=\"ub_divider_wrapper\" style=\"position: relative; margin-bottom: 2px; width: 100%; height: 2px; \" data-divider-alignment=\"center\"><div class=\"ub_divider_line\" style=\"border-top: 2px solid #ccc; margin-top: 2px; \"><\/div><\/div><\/div>\n\n\n<h4 class=\"wp-block-heading\" id=\"royal-palace-of-ficuzza\"><strong>Real Casina di Caccia di Ficuzza<\/strong><\/h4>\n\n\n\n<p class=\"translation-block\">La Real Casina di Caccia di Ficuzza \u00e8 una residenza di caccia situata nella campagna vicino a Corleone ed eretta in stile neoclassico nei primi anni del diciannovesimo secolo. In seguito abbandonata, oggi \u00e8 adibita a museo e si trova al centro di una grande riserva naturale.<\/p>\n\n\n\n<div class=\"wp-block-columns is-layout-flex wp-container-core-columns-is-layout-9d6595d7 wp-block-columns-is-layout-flex\">\n<div class=\"wp-block-column is-layout-flow wp-block-column-is-layout-flow\" style=\"flex-basis:85%\">\n<p>Indirizzo: Via del Bosco, 90034 Ficuzza PA<br>Coordinate: 37.8819, 13.3777<\/p>\n<\/div>\n\n\n\n<div class=\"wp-block-column is-layout-flow wp-block-column-is-layout-flow\" style=\"flex-basis:15%\">\n<p class=\"has-text-align-right\"><a href=\"https:\/\/maps.app.goo.gl\/sEczED2CVHpshkoJ6\" target=\"_blank\" aria-label=\" (opens in a new tab)\" rel=\"noreferrer noopener\" class=\"ek-link\">Google Maps<\/a><\/p>\n<\/div>\n<\/div>\n\n\n<div style=\"margin-top: var(--wp--preset--spacing--40); margin-bottom: var(--wp--preset--spacing--40); \" class=\"wp-block-ub-divider ub_divider ub-divider-orientation-horizontal\" id=\"ub_divider_d30380fb-d4b4-4fda-982f-ce4bc89308ce\"><div class=\"ub_divider_wrapper\" style=\"position: relative; margin-bottom: 10px; width: 100%; height: 10px; \" data-divider-alignment=\"center\"><div class=\"ub_divider_line\" style=\"border-top: 2px solid #000000; margin-top: 10px; \"><\/div><\/div><\/div>\n\n\n<h2 class=\"wp-block-heading\" id=\"bagheria\"><strong>Bagheria<\/strong><\/h2>\n\n\n\n<p>Bagheria \u00e8 la seconda citt\u00e0 pi\u00f9 grande della Citt\u00e0 Metropolitana di Palermo, situata a est del capoluogo della Sicilia. Mentre la zona \u00e8 stata abitata fin dall'antichit\u00e0, la citt\u00e0 moderna si \u00e8 sviluppata solo a partire dal diciassettesimo secolo, quando divenne sede di varie ville costruite da famiglie nobili.<\/p>\n\n\n<div class=\"wp-block-ub-divider ub_divider ub-divider-orientation-horizontal\" id=\"ub_divider_a260b05b-33cb-4111-b4df-c3f227535510\"><div class=\"ub_divider_wrapper\" style=\"position: relative; margin-bottom: 2px; width: 100%; height: 2px; \" data-divider-alignment=\"center\"><div class=\"ub_divider_line\" style=\"border-top: 2px solid #ccc; margin-top: 2px; \"><\/div><\/div><\/div>\n\n\n<h4 class=\"wp-block-heading\" id=\"palazzo-butera-branciforti\"><strong>Palazzo Butera-Branciforti<\/strong><\/h4>\n\n\n\n<p>Palazzo Butera-Branciforti \u00e8 una grande villa nel centro di Bagheria, costruita nel diciassettesimo secolo. Il palazzo ha una facciata decorata ed \u00e8 stato in parte rielaborato in stile neoclassico. All'interno si trovano vari saloni riccamente decorati.<\/p>\n\n\n\n<div class=\"wp-block-columns is-layout-flex wp-container-core-columns-is-layout-9d6595d7 wp-block-columns-is-layout-flex\">\n<div class=\"wp-block-column is-layout-flow wp-block-column-is-layout-flow\" style=\"flex-basis:85%\">\n<p>Indirizzo: Via Dammuselli, 2, 90011 Bagheria PA<br>Coordinate: 38.0767, 13.5074<\/p>\n<\/div>\n\n\n\n<div class=\"wp-block-column is-layout-flow wp-block-column-is-layout-flow\" style=\"flex-basis:15%\">\n<p class=\"has-text-align-right\"><a href=\"https:\/\/maps.app.goo.gl\/md9dXydr2XGv6svG6\" target=\"_blank\" aria-label=\" (opens in a new tab)\" rel=\"noreferrer noopener\" class=\"ek-link\">Google Maps<\/a><\/p>\n<\/div>\n<\/div>\n\n\n<div class=\"wp-block-ub-divider ub_divider ub-divider-orientation-horizontal\" id=\"ub_divider_f83f5590-b76a-4c6f-8930-d32caa0a1c7e\"><div class=\"ub_divider_wrapper\" style=\"position: relative; margin-bottom: 2px; width: 100%; height: 2px; \" data-divider-alignment=\"center\"><div class=\"ub_divider_line\" style=\"border-top: 2px solid #ccc; margin-top: 2px; \"><\/div><\/div><\/div>\n\n\n<h4 class=\"wp-block-heading\" id=\"villa-palagonia\"><strong><strong>Villa Palagonia<\/strong><\/strong><\/h4>\n\n\n\n<p>Anche nota come: Villa dei Mostri<\/p>\n\n\n\n<p class=\"translation-block\">Villa Palagonia \u00e8 una grande villa barocca costruita a Bagheria nel diciottesimo secolo. La villa \u00e8 famosa soprattutto per la serie di statue di mostri con volti umani che ne decorano le pareti e i giardini, che le hanno fatto guadagnare il soprannome di Villa dei Mostri. Anche le sale interne del palazzo sono riccamente decorate con affreschi e opere d'arte. Nel diciottesimo e diciannovesimo secolo era un'attrazione popolare per i viaggiatori del <a href=\"https:\/\/www.cosmundus.com\/it\/the-birth-of-modern-tourism-the-grand-tour\/\" class=\"ek-link\" target=\"_self\">Grand Tour<\/a>.<\/p>\n\n\n\n<div class=\"wp-block-columns is-layout-flex wp-container-core-columns-is-layout-9d6595d7 wp-block-columns-is-layout-flex\">\n<div class=\"wp-block-column is-layout-flow wp-block-column-is-layout-flow\" style=\"flex-basis:85%\">\n<p>Indirizzo: Piazza Garibaldi, 90011 Bagheria PA<br>Coordinate: 38.0797, 13.5115<\/p>\n<\/div>\n\n\n\n<div class=\"wp-block-column is-layout-flow wp-block-column-is-layout-flow\" style=\"flex-basis:15%\">\n<p class=\"has-text-align-right\"><a href=\"https:\/\/maps.app.goo.gl\/hi6ZkV8v6bsmvpah7\" target=\"_blank\" aria-label=\" (opens in a new tab)\" rel=\"noreferrer noopener\" class=\"ek-link\">Google Maps<\/a><\/p>\n<\/div>\n<\/div>\n\n\n<div class=\"wp-block-ub-divider ub_divider ub-divider-orientation-horizontal\" id=\"ub_divider_ec938672-4333-4f44-9caf-77a204764473\"><div class=\"ub_divider_wrapper\" style=\"position: relative; margin-bottom: 2px; width: 100%; height: 2px; \" data-divider-alignment=\"center\"><div class=\"ub_divider_line\" style=\"border-top: 2px solid #ccc; margin-top: 2px; \"><\/div><\/div><\/div>\n\n\n<h4 class=\"wp-block-heading\" id=\"villa-cattolica\"><strong><strong>Villa Cattolica<\/strong><\/strong><\/h4>\n\n\n\n<p class=\"translation-block\">Villa Cattolica \u00e8 una villa del diciottesimo secolo situata alla periferia di Bagheria. Il palazzo \u00e8 riccamente decorato, ma \u00e8 pi\u00f9 noto per ospitare il <strong>Museo Guttuso<\/strong>, un museo d'arte dedicato a Renato Guttuso che ospita diverse sue opere, cos\u00ec come opere di altri artisti del ventesimo secolo. La villa ospita anche la tomba di Guttuso.<\/p>\n\n\n\n<div class=\"wp-block-columns is-layout-flex wp-container-core-columns-is-layout-9d6595d7 wp-block-columns-is-layout-flex\">\n<div class=\"wp-block-column is-layout-flow wp-block-column-is-layout-flow\" style=\"flex-basis:85%\">\n<p>Indirizzo: Via Rammacca, 9, 90011 Bagheria PA<br>Coordinate: 38.0898, 13.5016<\/p>\n<\/div>\n\n\n\n<div class=\"wp-block-column is-layout-flow wp-block-column-is-layout-flow\" style=\"flex-basis:15%\">\n<p class=\"has-text-align-right\"><a href=\"https:\/\/maps.app.goo.gl\/2EBVMv8vsWhsJkj48\" target=\"_blank\" aria-label=\" (opens in a new tab)\" rel=\"noreferrer noopener\" class=\"ek-link\">Google Maps<\/a><\/p>\n<\/div>\n<\/div>\n\n\n<div style=\"margin-top: var(--wp--preset--spacing--40); margin-bottom: var(--wp--preset--spacing--40); \" class=\"wp-block-ub-divider ub_divider ub-divider-orientation-horizontal\" id=\"ub_divider_c0e4d0dc-1b08-42eb-a7ed-1758eca79ecb\"><div class=\"ub_divider_wrapper\" style=\"position: relative; margin-bottom: 10px; width: 100%; height: 10px; \" data-divider-alignment=\"center\"><div class=\"ub_divider_line\" style=\"border-top: 2px solid #000000; margin-top: 10px; \"><\/div><\/div><\/div>\n\n\n<h2 class=\"wp-block-heading\" id=\"santa-flavia\"><strong>Santa Flavia<\/strong><\/h2>\n\n\n\n<p>Santa Flavia \u00e8 un paese situato vicino alla costa a est di Bagheria. La citt\u00e0 \u00e8 nota soprattutto per ospitare le rovine dell'antica citt\u00e0 di Solunto, ma \u00e8 anche una localit\u00e0 balneare.<\/p>\n\n\n<div class=\"wp-block-ub-divider ub_divider ub-divider-orientation-horizontal\" id=\"ub_divider_c80194a8-4818-4397-8b12-ea4a61fb10c5\"><div class=\"ub_divider_wrapper\" style=\"position: relative; margin-bottom: 2px; width: 100%; height: 2px; \" data-divider-alignment=\"center\"><div class=\"ub_divider_line\" style=\"border-top: 2px solid #ccc; margin-top: 2px; \"><\/div><\/div><\/div>\n\n\n<h4 class=\"wp-block-heading\" id=\"larino-cathedral\"><strong>Area Archeologica di Solunto<\/strong><\/h4>\n\n\n\n<p>L'Area Archeologica di Solunto \u00e8 un sito storico che ospita le rovine di un'antica citt\u00e0 fondata originariamente dai Fenici nel sesto secolo a.C.. Per secoli \u00e8 stato uno dei principali insediamenti fenici in Sicilia, ma alla fine \u00e8 stata conquistata dai Romani. La citt\u00e0 in seguito sub\u00ec un declino e fu abbandonata intorno al primo secolo. Le rovine di Solunto ora presentano varie strutture antiche, tra cui sezioni di templi, diverse case e numerosi edifici pubblici. Accanto alle rovine si trova un piccolo museo che ospita reperti archeologici del sito.<\/p>\n\n\n\n<div class=\"wp-block-columns is-layout-flex wp-container-core-columns-is-layout-9d6595d7 wp-block-columns-is-layout-flex\">\n<div class=\"wp-block-column is-layout-flow wp-block-column-is-layout-flow\" style=\"flex-basis:85%\">\n<p>Indirizzo: Via Collegio Romano, 90017 Solanto PA<br>Coordinate: 38.0925, 13.5318<\/p>\n<\/div>\n\n\n\n<div class=\"wp-block-column is-layout-flow wp-block-column-is-layout-flow\" style=\"flex-basis:15%\">\n<p class=\"has-text-align-right\"><a href=\"https:\/\/maps.app.goo.gl\/3sjfRwVogD3DEfD38\" target=\"_blank\" aria-label=\" (opens in a new tab)\" rel=\"noreferrer noopener\" class=\"ek-link\">Google Maps<\/a><\/p>\n<\/div>\n<\/div>\n\n\n<div style=\"margin-top: var(--wp--preset--spacing--40); margin-bottom: var(--wp--preset--spacing--40); \" class=\"wp-block-ub-divider ub_divider ub-divider-orientation-horizontal\" id=\"ub_divider_6ea4ecf5-cb88-450b-a41b-17ee2de5d9bc\"><div class=\"ub_divider_wrapper\" style=\"position: relative; margin-bottom: 10px; width: 100%; height: 10px; \" data-divider-alignment=\"center\"><div class=\"ub_divider_line\" style=\"border-top: 2px solid #000000; margin-top: 10px; \"><\/div><\/div><\/div>\n\n\n<h2 class=\"wp-block-heading\" id=\"cefala-diana\"><strong>Cefal\u00e0 Diana<\/strong><\/h2>\n\n\n\n<p>Cefal\u00e0 Diana \u00e8 una piccola citt\u00e0 situata tra le montagne a sud di Palermo. Abitata almeno dall'epoca romana, la citt\u00e0 moderna si \u00e8 sviluppata solo a partire dal diciassettesimo secolo.<\/p>\n\n\n<div class=\"wp-block-ub-divider ub_divider ub-divider-orientation-horizontal\" id=\"ub_divider_0aa364f4-ef37-4a8c-92ad-6467e4036ff0\"><div class=\"ub_divider_wrapper\" style=\"position: relative; margin-bottom: 2px; width: 100%; height: 2px; \" data-divider-alignment=\"center\"><div class=\"ub_divider_line\" style=\"border-top: 2px solid #ccc; margin-top: 2px; \"><\/div><\/div><\/div>\n\n\n<h4 class=\"wp-block-heading\" id=\"baths-of-cefala-diana\"><strong>Bagni di Cefal\u00e0 Diana<\/strong><\/h4>\n\n\n\n<p class=\"translation-block\">I Bagni di Cefal\u00e0 Diana sono una serie di antiche terme costruite in stile arabo-normanno intorno al decimo o undicesimo secolo. Originariamente questo era il sito di terme romane, che furono rimaneggiate e ampliate durante il Medioevo. Il sito fu utilizzato per secoli, con gli ultimi lavori completati nel diciannovesimo secolo. Ora, il complesso monumentale pu\u00f2 essere visitato.<\/p>\n\n\n\n<div class=\"wp-block-columns is-layout-flex wp-container-core-columns-is-layout-9d6595d7 wp-block-columns-is-layout-flex\">\n<div class=\"wp-block-column is-layout-flow wp-block-column-is-layout-flow\" style=\"flex-basis:85%\">\n<p>Indirizzo: SP77, 90030 Cefal\u00e0 Diana PA<br>Coordinate: 37.9303, 13.4724<\/p>\n<\/div>\n\n\n\n<div class=\"wp-block-column is-layout-flow wp-block-column-is-layout-flow\" style=\"flex-basis:15%\">\n<p class=\"has-text-align-right\"><a href=\"https:\/\/maps.app.goo.gl\/PR4wWZLtDrNcu1sv6\" target=\"_blank\" aria-label=\" (opens in a new tab)\" rel=\"noreferrer noopener\" class=\"ek-link\">Google Maps<\/a><\/p>\n<\/div>\n<\/div>\n\n\n<div style=\"margin-top: var(--wp--preset--spacing--40); margin-bottom: var(--wp--preset--spacing--40); \" class=\"wp-block-ub-divider ub_divider ub-divider-orientation-horizontal\" id=\"ub_divider_6872a7fc-7e15-4088-b12e-9363a477df49\"><div class=\"ub_divider_wrapper\" style=\"position: relative; margin-bottom: 10px; width: 100%; height: 10px; \" data-divider-alignment=\"center\"><div class=\"ub_divider_line\" style=\"border-top: 2px solid #000000; margin-top: 10px; \"><\/div><\/div><\/div>\n\n\n<h2 class=\"wp-block-heading\" id=\"termini-imerese\"><strong>Termini Imerese<\/strong><\/h2>\n\n\n\n<p>Termini Imerese \u00e8 una citt\u00e0 situata lungo la costa tirrenica a est di Palermo. La citt\u00e0 moderna fu fondata dopo la distruzione della vicina colonia greca di Himera, e rimase un importante centro regionale per tutta la sua storia. Ora \u00e8 principalmente un centro industriale.<\/p>\n\n\n<div class=\"wp-block-ub-divider ub_divider ub-divider-orientation-horizontal\" id=\"ub_divider_8590e70f-d16d-42e7-a018-243b3429ee7b\"><div class=\"ub_divider_wrapper\" style=\"position: relative; margin-bottom: 2px; width: 100%; height: 2px; \" data-divider-alignment=\"center\"><div class=\"ub_divider_line\" style=\"border-top: 2px solid #ccc; margin-top: 2px; \"><\/div><\/div><\/div>\n\n\n<h4 class=\"wp-block-heading\" id=\"civic-museum-of-termini-imerese\"><strong>Museo Civico di Termini Imerese<\/strong><\/h4>\n\n\n\n<p class=\"translation-block\">Il Museo Civico di Termini Imerese \u00e8 un museo a Termini Imerese, dedicato alla storia locale. Il museo ospita vari reperti archeologici provenienti da Himera e dal territorio circostante la citt\u00e0, oltre a diversi dipinti e altre opere d'arte.<\/p>\n\n\n\n<div class=\"wp-block-columns is-layout-flex wp-container-core-columns-is-layout-9d6595d7 wp-block-columns-is-layout-flex\">\n<div class=\"wp-block-column is-layout-flow wp-block-column-is-layout-flow\" style=\"flex-basis:85%\">\n<p>Indirizzo: Via Marco Aurelio Cicerone, 90018 Termini Imerese PA<br>Coordinate: 37.9866, 13.6958<\/p>\n<\/div>\n\n\n\n<div class=\"wp-block-column is-layout-flow wp-block-column-is-layout-flow\" style=\"flex-basis:15%\">\n<p class=\"has-text-align-right\"><a href=\"https:\/\/maps.app.goo.gl\/FY1kdkY9v21Tasrm8\" target=\"_blank\" aria-label=\" (opens in a new tab)\" rel=\"noreferrer noopener\" class=\"ek-link\">Google Maps<\/a><\/p>\n<\/div>\n<\/div>\n\n\n<div class=\"wp-block-ub-divider ub_divider ub-divider-orientation-horizontal\" id=\"ub_divider_d12f361e-925b-498e-af2a-c5fc9bde719b\"><div class=\"ub_divider_wrapper\" style=\"position: relative; margin-bottom: 2px; width: 100%; height: 2px; \" data-divider-alignment=\"center\"><div class=\"ub_divider_line\" style=\"border-top: 2px solid #ccc; margin-top: 2px; \"><\/div><\/div><\/div>\n\n\n<h4 class=\"wp-block-heading\" id=\"archaeological-park-of-himera\"><strong>Parco Archeologico di Himera<\/strong><\/h4>\n\n\n\n<p class=\"translation-block\">Himera era un'antica colonia greca fondata nel settimo secolo a.C. nei pressi della costa tirrenica. La citt\u00e0 fu contesa tra Greci e Cartaginesi e fu teatro di due importanti battaglie nel 480 a.C. e nel 409 a.C.. Dopo la vittoria dei Cartaginesi nella seconda, la citt\u00e0 fu distrutta e abbandonata. Il Parco Archeologico di Himera ospita ora le rovine dell'antica citt\u00e0, tra cui i resti del <strong>Tempio della Vittoria<\/strong>, costruito nel quinto secolo a.C.. Il parco comprende un museo archeologico che ospita alcune opere d'arte e oggetti rinvenuti qui.<\/p>\n\n\n\n<div class=\"wp-block-columns is-layout-flex wp-container-core-columns-is-layout-9d6595d7 wp-block-columns-is-layout-flex\">\n<div class=\"wp-block-column is-layout-flow wp-block-column-is-layout-flow\" style=\"flex-basis:85%\">\n<p>Indirizzo: SS113, 38, 90018 Buonfornello PA<br>Coordinate: 37.9740, 13.8241<\/p>\n<\/div>\n\n\n\n<div class=\"wp-block-column is-layout-flow wp-block-column-is-layout-flow\" style=\"flex-basis:15%\">\n<p class=\"has-text-align-right\"><a href=\"https:\/\/maps.app.goo.gl\/Fk1bLYGj8GU1G4Fj9\" target=\"_blank\" aria-label=\" (opens in a new tab)\" rel=\"noreferrer noopener\" class=\"ek-link\">Google Maps<\/a><\/p>\n<\/div>\n<\/div>\n\n\n<div style=\"margin-top: var(--wp--preset--spacing--40); margin-bottom: var(--wp--preset--spacing--40); \" class=\"wp-block-ub-divider ub_divider ub-divider-orientation-horizontal\" id=\"ub_divider_14c9b0a2-1c8f-4bd4-90bc-d5a449950676\"><div class=\"ub_divider_wrapper\" style=\"position: relative; margin-bottom: 10px; width: 100%; height: 10px; \" data-divider-alignment=\"center\"><div class=\"ub_divider_line\" style=\"border-top: 2px solid #000000; margin-top: 10px; \"><\/div><\/div><\/div>\n\n\n<h2 class=\"wp-block-heading\" id=\"caccamo\"><strong>Caccamo<\/strong><\/h2>\n\n\n\n<p>Caccamo \u00e8 una piccola cittadina situata tra le montagne della Citt\u00e0 Metropolitana di Palermo, a sud di Termini Imerese. Sebbene questa zona sia stata abitata fin dall'antichit\u00e0, il paese fu fondato dai Normanni e si svilupp\u00f2 attorno a un castello. Ora \u00e8 una meta turistica grazie a questo castello e al bellissimo ambiente naturale che circonda il paese.<\/p>\n\n\n<div class=\"wp-block-ub-divider ub_divider ub-divider-orientation-horizontal\" id=\"ub_divider_b8a289b2-f157-4728-8ea4-ae92ff4ed06b\"><div class=\"ub_divider_wrapper\" style=\"position: relative; margin-bottom: 2px; width: 100%; height: 2px; \" data-divider-alignment=\"center\"><div class=\"ub_divider_line\" style=\"border-top: 2px solid #ccc; margin-top: 2px; \"><\/div><\/div><\/div>\n\n\n<h4 class=\"wp-block-heading\" id=\"caccamo-castle\"><strong>Castello di Caccamo<\/strong><\/h4>\n\n\n\n<p>Il Castello di Caccamo \u00e8 un'imponente fortificazione costruita dai Normanni nel dodicesimo secolo. Il castello \u00e8 costruito su una ripida rupe e presenta una struttura monumentale ben conservata. Il castello \u00e8 stato rimaneggiato e restaurato pi\u00f9 volte e ora \u00e8 adibito a museo.<\/p>\n\n\n\n<div class=\"wp-block-columns is-layout-flex wp-container-core-columns-is-layout-9d6595d7 wp-block-columns-is-layout-flex\">\n<div class=\"wp-block-column is-layout-flow wp-block-column-is-layout-flow\" style=\"flex-basis:85%\">\n<p>Indirizzo: Corso Umberto I, 90012 Caccamo PA<br>Coordinate: 37.9318, 13.6598<\/p>\n<\/div>\n\n\n\n<div class=\"wp-block-column is-layout-flow wp-block-column-is-layout-flow\" style=\"flex-basis:15%\">\n<p class=\"has-text-align-right\"><a href=\"https:\/\/maps.app.goo.gl\/p1fJDQPbjfYnPBW27\" target=\"_blank\" aria-label=\" (opens in a new tab)\" rel=\"noreferrer noopener\" class=\"ek-link\">Google Maps<\/a><\/p>\n<\/div>\n<\/div>\n\n\n<div style=\"margin-top: var(--wp--preset--spacing--40); margin-bottom: var(--wp--preset--spacing--40); \" class=\"wp-block-ub-divider ub_divider ub-divider-orientation-horizontal\" id=\"ub_divider_d3ccddaf-95ff-43dd-b25a-924e6ee70095\"><div class=\"ub_divider_wrapper\" style=\"position: relative; margin-bottom: 10px; width: 100%; height: 10px; \" data-divider-alignment=\"center\"><div class=\"ub_divider_line\" style=\"border-top: 2px solid #000000; margin-top: 10px; \"><\/div><\/div><\/div>\n\n\n<h2 class=\"wp-block-heading\" id=\"collesano\"><strong>Collesano<\/strong><\/h2>\n\n\n\n<p>Collesano \u00e8 un piccolo paese della Citt\u00e0 Metropolitana di Palermo, situato ai piedi della catena montuosa delle Madonie. Abitato fin dall'antichit\u00e0, \u00e8 stato per secoli sede di un feudo, e ora \u00e8 una meta turistica.<\/p>\n\n\n<div class=\"wp-block-ub-divider ub_divider ub-divider-orientation-horizontal\" id=\"ub_divider_97f0c1ff-97e0-4279-a518-818162cc38eb\"><div class=\"ub_divider_wrapper\" style=\"position: relative; margin-bottom: 2px; width: 100%; height: 2px; \" data-divider-alignment=\"center\"><div class=\"ub_divider_line\" style=\"border-top: 2px solid #ccc; margin-top: 2px; \"><\/div><\/div><\/div>\n\n\n<h4 class=\"wp-block-heading\" id=\"targa-florio-museum\"><strong>Museo Targa Florio<\/strong><\/h4>\n\n\n\n<p class=\"translation-block\">Il Museo Targa Florio \u00e8 un museo a Collesano, dedicato alla storica gara automobilistica Targa Florio. Questa gara si \u00e8 tenuta sulle montagne della Sicilia tra il 1906 e il 1977 e attraversava Collesano. Il museo ospita numerosi documenti e oggetti che mostrano la ricca storia di questa gara, nonch\u00e9 parti di veicoli storici.<\/p>\n\n\n\n<div class=\"wp-block-columns is-layout-flex wp-container-core-columns-is-layout-9d6595d7 wp-block-columns-is-layout-flex\">\n<div class=\"wp-block-column is-layout-flow wp-block-column-is-layout-flow\" style=\"flex-basis:85%\">\n<p>Indirizzo: Corso Vittorio Emanuele, 90016 Collesano PA<br>Coordinate: 37.9213, 13.9376<\/p>\n<\/div>\n\n\n\n<div class=\"wp-block-column is-layout-flow wp-block-column-is-layout-flow\" style=\"flex-basis:15%\">\n<p class=\"has-text-align-right\"><a href=\"https:\/\/maps.app.goo.gl\/mutxsKrMPUJNqrnA9\" target=\"_blank\" aria-label=\" (opens in a new tab)\" rel=\"noreferrer noopener\" class=\"ek-link\">Google Maps<\/a><\/p>\n<\/div>\n<\/div>\n\n\n<div style=\"margin-top: var(--wp--preset--spacing--40); margin-bottom: var(--wp--preset--spacing--40); \" class=\"wp-block-ub-divider ub_divider ub-divider-orientation-horizontal\" id=\"ub_divider_be45da84-9bad-4264-8c0f-1079002254b7\"><div class=\"ub_divider_wrapper\" style=\"position: relative; margin-bottom: 10px; width: 100%; height: 10px; \" data-divider-alignment=\"center\"><div class=\"ub_divider_line\" style=\"border-top: 2px solid #000000; margin-top: 10px; \"><\/div><\/div><\/div>\n\n\n<h2 class=\"wp-block-heading\" id=\"cefalu\"><strong>Cefal\u00f9<\/strong><\/h2>\n\n\n\n<p>Cefal\u00f9 \u00e8 una citt\u00e0 situata sulla costa tirrenica a est di Palermo, e una famosa meta turistica. Fondata in epoca preistorica, fu governata da varie civilt\u00e0, tra cui Romani, Bizantini, Arabi e Normanni, e rimase sempre un piccolo porto di importanza regionale. La citt\u00e0 \u00e8 ora nota per la sua cattedrale storica e come localit\u00e0 balneare.<\/p>\n\n\n<div class=\"wp-block-ub-divider ub_divider ub-divider-orientation-horizontal\" id=\"ub_divider_6bc2c26a-ed16-49dd-b615-2618ab277c2c\"><div class=\"ub_divider_wrapper\" style=\"position: relative; margin-bottom: 2px; width: 100%; height: 2px; \" data-divider-alignment=\"center\"><div class=\"ub_divider_line\" style=\"border-top: 2px solid #ccc; margin-top: 2px; \"><\/div><\/div><\/div>\n\n\n<h4 class=\"wp-block-heading\" id=\"cefalu-cathedral\"><strong>\u272a Duomo di Cefal\u00f9<\/strong><\/h4>\n\n\n\n<p class=\"translation-block\">Il Duomo di Cefal\u00f9 \u00e8 una grande chiesa storica costruita in stile arabo-normanno tra il dodicesimo e il tredicesimo secolo. \u00c8 uno dei migliori esempi di questo stile architettonico ed \u00e8 un sito Patrimonio dell'Umanit\u00e0 dell'UNESCO. La chiesa ha una facciata monumentale ornata da due torri massicce e un portico del quindicesimo secolo, mentre adiacente alla struttura si trova un chiostro. L'interno \u00e8 riccamente decorato con una serie di mosaici in stile bizantino realizzati nel dodicesimo secolo, ma ospita anche numerose altre opere d'arte.<\/p>\n\n\n\n<div class=\"wp-block-columns is-layout-flex wp-container-core-columns-is-layout-9d6595d7 wp-block-columns-is-layout-flex\">\n<div class=\"wp-block-column is-layout-flow wp-block-column-is-layout-flow\" style=\"flex-basis:85%\">\n<p>Indirizzo: Piazza del Duomo, 90015 Cefal\u00f9 PA<br>Coordinate: 38.0399, 14.0233<\/p>\n<\/div>\n\n\n\n<div class=\"wp-block-column is-layout-flow wp-block-column-is-layout-flow\" style=\"flex-basis:15%\">\n<p class=\"has-text-align-right\"><a href=\"https:\/\/maps.app.goo.gl\/XR4MzMMc5Zsdeqn88\" target=\"_blank\" aria-label=\" (opens in a new tab)\" rel=\"noreferrer noopener\" class=\"ek-link\">Google Maps<\/a><\/p>\n<\/div>\n<\/div>\n\n\n<div class=\"wp-block-ub-divider ub_divider ub-divider-orientation-horizontal\" id=\"ub_divider_a6fd584e-6f50-4e8b-92db-177c9779715f\"><div class=\"ub_divider_wrapper\" style=\"position: relative; margin-bottom: 2px; width: 100%; height: 2px; \" data-divider-alignment=\"center\"><div class=\"ub_divider_line\" style=\"border-top: 2px solid #ccc; margin-top: 2px; \"><\/div><\/div><\/div>\n\n\n<h4 class=\"wp-block-heading\" id=\"mandralisca-museum\"><strong>Museo Mandralisca<\/strong><\/h4>\n\n\n\n<p class=\"translation-block\">Il Museo Mandralisca \u00e8 un museo d'arte situato nel centro storico di Cefal\u00f9. Il museo ospita varie opere d'arte storiche, nonch\u00e9 diversi arredi antichi, monete e reperti archeologici. Il museo ha anche una sezione dedicata alla storia naturale e alla zoologia.<\/p>\n\n\n\n<div class=\"wp-block-columns is-layout-flex wp-container-core-columns-is-layout-9d6595d7 wp-block-columns-is-layout-flex\">\n<div class=\"wp-block-column is-layout-flow wp-block-column-is-layout-flow\" style=\"flex-basis:85%\">\n<p>Indirizzo: Via Mandralisca, 13, 90015 Cefal\u00f9 PA<br>Coordinate: 38.0397, 14.0211<\/p>\n<\/div>\n\n\n\n<div class=\"wp-block-column is-layout-flow wp-block-column-is-layout-flow\" style=\"flex-basis:15%\">\n<p class=\"has-text-align-right\"><a href=\"https:\/\/maps.app.goo.gl\/khnGxjLS3khidCS86\" target=\"_blank\" aria-label=\" (opens in a new tab)\" rel=\"noreferrer noopener\" class=\"ek-link\">Google Maps<\/a><\/p>\n<\/div>\n<\/div>\n\n\n<div class=\"wp-block-ub-divider ub_divider ub-divider-orientation-horizontal\" id=\"ub_divider_64c0aa80-2868-4c27-ba4d-81785401aa3c\"><div class=\"ub_divider_wrapper\" style=\"position: relative; margin-bottom: 2px; width: 100%; height: 2px; \" data-divider-alignment=\"center\"><div class=\"ub_divider_line\" style=\"border-top: 2px solid #ccc; margin-top: 2px; \"><\/div><\/div><\/div>\n\n\n<h4 class=\"wp-block-heading\" id=\"rocca-of-cefalu\"><strong>Rocca di Cefal\u00f9<\/strong><\/h4>\n\n\n\n<p class=\"translation-block\">La Rocca di Cefal\u00f9 \u00e8 una grande collina rocciosa che domina su Cefal\u00f9. Sulla cima della roccia si trovano varie strutture antiche, tra cui il <strong>Tempio di Diana<\/strong>, un sito megalitico costruito nel nono secolo a.C., nonch\u00e9 le rovine di un castello medievale.<\/p>\n\n\n\n<div class=\"wp-block-columns is-layout-flex wp-container-core-columns-is-layout-9d6595d7 wp-block-columns-is-layout-flex\">\n<div class=\"wp-block-column is-layout-flow wp-block-column-is-layout-flow\" style=\"flex-basis:85%\">\n<p>Indirizzo: Via Giuseppe Fiore, 33, 90015 Cefal\u00f9 PA<br>Coordinate: 38.0374, 14.0274<\/p>\n<\/div>\n\n\n\n<div class=\"wp-block-column is-layout-flow wp-block-column-is-layout-flow\" style=\"flex-basis:15%\">\n<p class=\"has-text-align-right\"><a href=\"https:\/\/maps.app.goo.gl\/a7kmpjnNh66xoLbL6\" target=\"_blank\" aria-label=\" (opens in a new tab)\" rel=\"noreferrer noopener\" class=\"ek-link\">Google Maps<\/a><\/p>\n<\/div>\n<\/div>\n\n\n<div class=\"wp-block-ub-divider ub_divider ub-divider-orientation-horizontal\" id=\"ub_divider_f1efb8eb-5537-4712-a4d7-51b9052a27ab\"><div class=\"ub_divider_wrapper\" style=\"position: relative; margin-bottom: 2px; width: 100%; height: 2px; \" data-divider-alignment=\"center\"><div class=\"ub_divider_line\" style=\"border-top: 2px solid #ccc; margin-top: 2px; \"><\/div><\/div><\/div>\n\n\n<h4 class=\"wp-block-heading\" id=\"gibilmanna-sanctuary\"><strong><strong>Santuario di Gibilmanna<\/strong><\/strong><\/h4>\n\n\n\n<p class=\"translation-block\">Il Santuario di Gibilmanna \u00e8 un complesso religioso situato sulle montagne a sud di Cefal\u00f9. Secondo la tradizione, fu fondato nel sesto secolo e ricostruito dai Normanni nel dodicesimo secolo dopo un periodo di abbandono. La struttura fu poi rimaneggiata e ora ospita diverse opere d'arte e un museo di arte religiosa.<\/p>\n\n\n\n<div class=\"wp-block-columns is-layout-flex wp-container-core-columns-is-layout-9d6595d7 wp-block-columns-is-layout-flex\">\n<div class=\"wp-block-column is-layout-flow wp-block-column-is-layout-flow\" style=\"flex-basis:85%\">\n<p>Indirizzo: Via del Giubileo Magno, 90015 Gibilmanna PA<br>Coordinate: 37.9868, 14.0185<\/p>\n<\/div>\n\n\n\n<div class=\"wp-block-column is-layout-flow wp-block-column-is-layout-flow\" style=\"flex-basis:15%\">\n<p class=\"has-text-align-right\"><a href=\"https:\/\/maps.app.goo.gl\/1mrPTBn6doxqnceT6\" target=\"_blank\" aria-label=\" (opens in a new tab)\" rel=\"noreferrer noopener\" class=\"ek-link\">Google Maps<\/a><\/p>\n<\/div>\n<\/div>\n\n\n<div style=\"margin-top: var(--wp--preset--spacing--40); margin-bottom: var(--wp--preset--spacing--40); \" class=\"wp-block-ub-divider ub_divider ub-divider-orientation-horizontal\" id=\"ub_divider_b13a0e9a-bd66-43ed-9c06-9a168230af63\"><div class=\"ub_divider_wrapper\" style=\"position: relative; margin-bottom: 10px; width: 100%; height: 10px; \" data-divider-alignment=\"center\"><div class=\"ub_divider_line\" style=\"border-top: 2px solid #000000; margin-top: 10px; \"><\/div><\/div><\/div>\n\n\n<h2 class=\"wp-block-heading\" id=\"castelbuono\"><strong>Castelbuono<\/strong><\/h2>\n\n\n\n<p>Castelbuono \u00e8 un piccolo paese situato ai piedi della catena montuosa delle Madonie nella Citt\u00e0 Metropolitana di Palermo. Il paese si \u00e8 sviluppato nel Tardo Medioevo attorno a un castello, e in seguito \u00e8 stato sede di un piccolo feudo. Ora meta turistica, \u00e8 noto per il suo castello e per essere il centro principale dell'area delle Madonie.<\/p>\n\n\n<div class=\"wp-block-ub-divider ub_divider ub-divider-orientation-horizontal\" id=\"ub_divider_d2dee852-da3d-4fe9-a641-7e39436e9b8f\"><div class=\"ub_divider_wrapper\" style=\"position: relative; margin-bottom: 2px; width: 100%; height: 2px; \" data-divider-alignment=\"center\"><div class=\"ub_divider_line\" style=\"border-top: 2px solid #ccc; margin-top: 2px; \"><\/div><\/div><\/div>\n\n\n<h4 class=\"wp-block-heading\" id=\"castelbuono-castle\"><strong>Castello di Castelbuono<\/strong><\/h4>\n\n\n\n<p class=\"translation-block\">Il Castello di Castelbuono \u00e8 un castello costruito nel quattordicesimo secolo come residenza dei signori locali. Il castello ha una struttura imponente con elementi arabi e normanni e presenta alcune sale decorate, tra cui una cappella riccamente decorata. Il castello ospita il <strong>Museo Civico di Castelbuono<\/strong>, un museo di storia locale che comprende numerose opere d'arte e reperti archeologici.<\/p>\n\n\n\n<div class=\"wp-block-columns is-layout-flex wp-container-core-columns-is-layout-9d6595d7 wp-block-columns-is-layout-flex\">\n<div class=\"wp-block-column is-layout-flow wp-block-column-is-layout-flow\" style=\"flex-basis:85%\">\n<p>Indirizzo: Piazza Castello, 10, 90013 Castelbuono PA<br>Coordinate: 37.9345, 14.0886<\/p>\n<\/div>\n\n\n\n<div class=\"wp-block-column is-layout-flow wp-block-column-is-layout-flow\" style=\"flex-basis:15%\">\n<p class=\"has-text-align-right\"><a href=\"https:\/\/maps.app.goo.gl\/vq6QEVsEt9VWiz8L6\" target=\"_blank\" aria-label=\" (opens in a new tab)\" rel=\"noreferrer noopener\" class=\"ek-link\">Google Maps<\/a><\/p>\n<\/div>\n<\/div>\n\n\n<div class=\"wp-block-ub-divider ub_divider ub-divider-orientation-horizontal\" id=\"ub_divider_bab67c52-bf10-42d2-a0de-a8f54cca20ee\"><div class=\"ub_divider_wrapper\" style=\"position: relative; margin-bottom: 2px; width: 100%; height: 2px; \" data-divider-alignment=\"center\"><div class=\"ub_divider_line\" style=\"border-top: 2px solid #ccc; margin-top: 2px; \"><\/div><\/div><\/div>\n\n\n<h4 class=\"wp-block-heading\" id=\"francesco-mina-palumbo-naturalistic-museum\"><strong><strong>Museo Naturalistico Francesco Min\u00e0 Palumbo<\/strong><\/strong><\/h4>\n\n\n\n<p class=\"translation-block\">Il Museo Naturalistico Francesco Min\u00e0 Palumbo \u00e8 un museo a Castelnuovo, dedicato all'ambiente naturale della catena montuosa delle Madonie. Il museo ospita diverse mostre incentrate sulla storia naturale che ospitano migliaia di reperti, tra cui numerosi fossili.<\/p>\n\n\n\n<div class=\"wp-block-columns is-layout-flex wp-container-core-columns-is-layout-9d6595d7 wp-block-columns-is-layout-flex\">\n<div class=\"wp-block-column is-layout-flow wp-block-column-is-layout-flow\" style=\"flex-basis:85%\">\n<p>Indirizzo: Piazza S. Francesco, 90013 Castelbuono PA<br>Coordinate: 37.9297, 14.0870<\/p>\n<\/div>\n\n\n\n<div class=\"wp-block-column is-layout-flow wp-block-column-is-layout-flow\" style=\"flex-basis:15%\">\n<p class=\"has-text-align-right\"><a href=\"https:\/\/maps.app.goo.gl\/Ce9k1m7VahExNzk57\" target=\"_blank\" aria-label=\" (opens in a new tab)\" rel=\"noreferrer noopener\" class=\"ek-link\">Google Maps<\/a><\/p>\n<\/div>\n<\/div>\n\n\n<div style=\"margin-top: var(--wp--preset--spacing--40); margin-bottom: var(--wp--preset--spacing--40); \" class=\"wp-block-ub-divider ub_divider ub-divider-orientation-horizontal\" id=\"ub_divider_1303d46a-4a02-42f2-8e32-177759f0aded\"><div class=\"ub_divider_wrapper\" style=\"position: relative; margin-bottom: 10px; width: 100%; height: 10px; \" data-divider-alignment=\"center\"><div class=\"ub_divider_line\" style=\"border-top: 2px solid #000000; margin-top: 10px; \"><\/div><\/div><\/div>\n\n\n<h2 class=\"wp-block-heading\" id=\"petralia-sottana\"><strong>Petralia Sottana<\/strong><\/h2>\n\n\n\n<p>Petralia Sottana \u00e8 un piccolo paese situato nel Parco Naturale Regionale delle Madonie, sul versante meridionale del massiccio. Abitato fin dall'antichit\u00e0, il paese \u00e8 uno dei principali centri della zona, e oggi \u00e8 una rinomata meta turistica.<\/p>\n\n\n<div class=\"wp-block-ub-divider ub_divider ub-divider-orientation-horizontal\" id=\"ub_divider_2ec6730f-2b6c-416e-adf9-5f5bcf9ebee0\"><div class=\"ub_divider_wrapper\" style=\"position: relative; margin-bottom: 2px; width: 100%; height: 2px; \" data-divider-alignment=\"center\"><div class=\"ub_divider_line\" style=\"border-top: 2px solid #ccc; margin-top: 2px; \"><\/div><\/div><\/div>\n\n\n<h4 class=\"wp-block-heading\" id=\"piano-battaglia\"><strong>Piano Battaglia<\/strong><\/h4>\n\n\n\n<p>Piano Battaglia \u00e8 una stazione sciistica situata sul massiccio delle Madonie, vicino a Petralia Sottana. Il sito si \u00e8 sviluppato nella seconda met\u00e0 del ventesimo secolo ed \u00e8 ora una delle poche stazioni sciistiche in Sicilia, nonch\u00e9 una destinazione popolare sia in inverno che in estate.<\/p>\n\n\n\n<div class=\"wp-block-columns is-layout-flex wp-container-core-columns-is-layout-9d6595d7 wp-block-columns-is-layout-flex\">\n<div class=\"wp-block-column is-layout-flow wp-block-column-is-layout-flow\" style=\"flex-basis:85%\">\n<p>Indirizzo: 90027 Piano Battaglia PA<br>Coordinate: 37.8750, 14.0229<\/p>\n<\/div>\n\n\n\n<div class=\"wp-block-column is-layout-flow wp-block-column-is-layout-flow\" style=\"flex-basis:15%\">\n<p class=\"has-text-align-right\"><a href=\"https:\/\/maps.app.goo.gl\/Que2RL9HX8S9PwvN7\" target=\"_blank\" aria-label=\" (opens in a new tab)\" rel=\"noreferrer noopener\" class=\"ek-link\">Google Maps<\/a><\/p>\n<\/div>\n<\/div>\n\n\n<div style=\"margin-top: var(--wp--preset--spacing--40); margin-bottom: var(--wp--preset--spacing--40); \" class=\"wp-block-ub-divider ub_divider ub-divider-orientation-horizontal\" id=\"ub_divider_b97b7ecb-0822-4be3-aeed-652230c08fb4\"><div class=\"ub_divider_wrapper\" style=\"position: relative; margin-bottom: 10px; width: 100%; height: 10px; \" data-divider-alignment=\"center\"><div class=\"ub_divider_line\" style=\"border-top: 2px solid #000000; margin-top: 10px; \"><\/div><\/div><\/div>\n\n\n<h2 class=\"wp-block-heading\" id=\"gangi\"><strong>Gangi<\/strong><\/h2>\n\n\n\n<p>Gangi \u00e8 una cittadina situata tra le montagne della Citt\u00e0 Metropolitana di Palermo. L'attuale citt\u00e0 fu fondata nel Tardo Medioevo, ed \u00e8 nota per la sua peculiare posizione sul fianco di una collina, che la rende una meta turistica.<\/p>\n\n\n<div class=\"wp-block-ub-divider ub_divider ub-divider-orientation-horizontal\" id=\"ub_divider_0ffe889b-172b-48a6-b4c0-818385c3a099\"><div class=\"ub_divider_wrapper\" style=\"position: relative; margin-bottom: 2px; width: 100%; height: 2px; \" data-divider-alignment=\"center\"><div class=\"ub_divider_line\" style=\"border-top: 2px solid #ccc; margin-top: 2px; \"><\/div><\/div><\/div>\n\n\n<h4 class=\"wp-block-heading\" id=\"church-of-san-nicola-di-bari\"><strong>Chiesa di San Nicola di Bari<\/strong><\/h4>\n\n\n\n<p>La Chiesa di San Nicola di Bari \u00e8 la chiesa principale di Gangi, situata nel centro della citt\u00e0. La chiesa fu eretta tra il quattordicesimo e il quindicesimo secolo ed \u00e8 riccamente decorata con opere d'arte e decorazioni barocche. Una torre fortificata eretta nel Tardo Medioevo accanto alla chiesa ora funge da campanile.<\/p>\n\n\n\n<div class=\"wp-block-columns is-layout-flex wp-container-core-columns-is-layout-9d6595d7 wp-block-columns-is-layout-flex\">\n<div class=\"wp-block-column is-layout-flow wp-block-column-is-layout-flow\" style=\"flex-basis:85%\">\n<p>Indirizzo: P.za del Popolo, 1, 90024 Gangi PA<br>Coordinate: 37.797, 14.2058<\/p>\n<\/div>\n\n\n\n<div class=\"wp-block-column is-layout-flow wp-block-column-is-layout-flow\" style=\"flex-basis:15%\">\n<p class=\"has-text-align-right\"><a href=\"https:\/\/maps.app.goo.gl\/q3yLdDYwzBi9Q6Tc8\" target=\"_blank\" aria-label=\" (opens in a new tab)\" rel=\"noreferrer noopener\" class=\"ek-link\">Google Maps<\/a><\/p>\n<\/div>\n<\/div>\n\n\n<div style=\"margin-top: var(--wp--preset--spacing--40); margin-bottom: var(--wp--preset--spacing--40); \" class=\"wp-block-ub-divider ub_divider ub-divider-orientation-horizontal\" id=\"ub_divider_17ffd371-6867-4495-81a8-7d54025a120b\"><div class=\"ub_divider_wrapper\" style=\"position: relative; margin-bottom: 10px; width: 100%; height: 10px; \" data-divider-alignment=\"center\"><div class=\"ub_divider_line\" style=\"border-top: 2px solid #000000; margin-top: 10px; \"><\/div><\/div><\/div>\n\n\n<h2 class=\"wp-block-heading\" id=\"ustica\"><strong>Ustica<\/strong><\/h2>\n\n\n\n<p>Ustica \u00e8 una piccola isola nel Mar Tirreno, situata a circa 50 km a nord della costa della Sicilia. Abitata per la prima volta in epoca preistorica, l'isola ha ospitato un monastero benedettino ed \u00e8 stata usata dai pirati come base per secoli. Ustica \u00e8 stata colonizzata in modo permanente solo nel diciottesimo secolo. Pi\u00f9 di recente, l'isola \u00e8 stata usata come prigione nel ventesimo secolo, ed \u00e8 stata il sito di un controverso incidente aereo nel 1980. Ora \u00e8 una destinazione turistica.<\/p>\n\n\n<div class=\"wp-block-ub-divider ub_divider ub-divider-orientation-horizontal\" id=\"ub_divider_57d8a0b3-269e-4ff8-9b8f-d64d6f69b159\"><div class=\"ub_divider_wrapper\" style=\"position: relative; margin-bottom: 2px; width: 100%; height: 2px; \" data-divider-alignment=\"center\"><div class=\"ub_divider_line\" style=\"border-top: 2px solid #ccc; margin-top: 2px; \"><\/div><\/div><\/div>\n\n\n<h4 class=\"wp-block-heading\" id=\"ustica-island-marine-protected-area\"><strong>Area Marina Protetta Isola di Ustica<\/strong><\/h4>\n\n\n\n<p class=\"translation-block\">L'Area Marina Protetta Isola di Ustica \u00e8 una riserva naturale che circonda l'isola di Ustica. Questa zona, nota per le sue acque limpide, \u00e8 una famosa meta per le immersioni subacquee e ospita numerose specie di pesci e altre creature marine.<\/p>\n\n\n\n<div class=\"wp-block-columns is-layout-flex wp-container-core-columns-is-layout-9d6595d7 wp-block-columns-is-layout-flex\">\n<div class=\"wp-block-column is-layout-flow wp-block-column-is-layout-flow\" style=\"flex-basis:85%\">\n<p>Indirizzo: 90051 Ustica PA<br>Coordinate: 38.7087, 13.1950<\/p>\n<\/div>\n\n\n\n<div class=\"wp-block-column is-layout-flow wp-block-column-is-layout-flow\" style=\"flex-basis:15%\">\n<p class=\"has-text-align-right\"><a href=\"https:\/\/maps.app.goo.gl\/DRGFPnrY3CuXV9d99\" target=\"_blank\" aria-label=\" (opens in a new tab)\" rel=\"noreferrer noopener\" class=\"ek-link\">Google Maps<\/a><\/p>\n<\/div>\n<\/div>","protected":false},"excerpt":{"rendered":"<p>&lt;&lt; Sicily The Palermitano is the territory of the Metropolitan City of Palermo, which occupies a large area of northwestern Sicily. This area faces the Tyrrhenian Sea and includes several seaside resorts and historic cities on the coast, most notably Cefal\u00f9. Numerous other notable destinations are instead located among the beautiful hills and mountains of the interior. This territory also includes the island of Ustica. Isola delle Femmine Isola delle Femmine is a town and seaside resort located northwest of Palermo. The town has been inhabited since ancient times, but it only developed recently as a tourist destination. Isola delle Femmine Isola delle Femmine is small island in the Tyrrhenian Sea, located just off the coast near the town of the same name. The island was occupied in ancient times, but now it is uninhabited and serves as a nature reserve. Address: Isola delle Femmine, 90040 Isola delle Femmine PACoordinates: 38.2092, 13.2362 Google Maps Carini Carini is a city located on the coast west of Palermo. Originally founded in ancient times, the town was ruled by several civilizations, remaining a relevant regional center. More recently, the town expanded and developed as a seaside resort and thanks to its vicinity to Palermo. Carini Castle The Carini Castle is a medieval fortress originally erected in the 11th century by the Normans. The castle was later reworked several times, turning it into a noble palace. The fortress has various decorated halls and features some imposing fortifications. Address: Corso Umberto I, 90044 Carini PACoordinates: 38.1333, 13.1823 Google Maps Monreale Monreale is a town located at the foot of the hills just southwest of Palermo, in a valley known as Conca d&#8217;Oro. Founded by the Normans in the 12th century, the city is best known for its cathedral, a masterpiece of Arab-Norman architecture. \u272a Monreale Cathedral The Monreale Cathedral (Duomo di Monreale) is a large church erected between the 12th and 13th century, and one of the greatest masterpieces of Arab-Norman architecture. The cathedral has a beautiful monumental facade, and adjacent to the structure is a wide cloister. Inside, the church houses a huge cycle of well preserved Byzantine-style mosaics made between the 12th and 13th century. The cathedral also features various other artworks and decorations, while adjacent to the church is the Diocesan Museum of Monreale (Museo Diocesano di Monreale), which hosts numerous historic religious objects and art pieces. The church is now a UNESCO World Heritage Site. Address: Piazza Guglielmo II, 1, 90046 Monreale PACoordinates: 38.0821, 13.2922 Google Maps Piana degli Albanesi Piana degli Albanesi is a town located among the mountains south of Palermo. Founded in the 15th century by Albanian refugees, the town is the most important and populous center of the Arb\u00ebresh community in Italy, and preserves many elements of Albanian culture and tradition. Piana degli Albanesi Cathedral Also known as: Cathedral of Saint Demetrius the Great Martyr (Cattedrale di San Demetrio Megalomartire) The Piana degli Albanesi Cathedral is a historic church that serves as one of the main sites of the Italo-Albanian Catholic Church. Built between the 15th and 17th century, the church features various decorations in Byzantine and Baroque style. The cathedral is also adorned with numerous elaborate 17th-century frescoes and Byzantine Revival artworks from the 20th century. Address: Via Giorgio Kastriota, 90037 Piana degli Albanesi PACoordinates: 37.9962, 13.2853 Google Maps Nicola Barbato Civic Museum The Nicola Barbato Civic Museum (Museo Civico Nicola Barbato) is a museum of local history and traditions in Piana degli Albanesi. The museum houses numerous objects, documents, and costumes linked with local traditions, as well as a section dedicated to natural history. Address: Via P. G. Guzzetta, 13, 90037 Piana degli Albanesi PACoordinates: 37.9968, 13.2834 Google Maps Corleone Corleone is a town located among the hills south of Palermo. Inhabited since ancient times, it has always been a small center of regional importance, but it became infamous in the second half of the 20th century for its links to some of the most notorious mafia bosses. International Documentation Center on the Mafia and Anti-Mafia Movement The International Documentation Center on the Mafia and Anti-Mafia Movement (Centro Internazionale di Documentazione sulla Mafia e Movimento Antimafia) is a museum dedicated to the struggle against the mafia and organized crime in Corleone. It features a collection of interesting documents dedicated to the people who fought, and still fight, against the mafia. Address: Via G. Valenti, 7, 90034 Corleone PACoordinates: 37.8118, 13.3018 Google Maps Royal Palace of Ficuzza The Royal Palace of Ficuzza (Real Casina di Caccia di Ficuzza) is a hunting lodge located in the countryside near Corleone and erected in Neoclassical style in the early 19th century. Later abandoned, now it serves as a museum, and it is at the center of a large nature reserve. Address: Via del Bosco, 90034 Ficuzza PACoordinates: 37.8819, 13.3777 Google Maps Bagheria Bagheria is the second largest city in the Metropolitan City of Palermo, located east of the capital of Sicily. While the area has been inhabited since ancient times, the modern town only developed since the 17th century, when it became the site of various villas built by noble families. Palazzo Butera-Branciforti Palazzo Butera-Branciforti is a large villa in the center of Bagheria, built in the 17th century. The palace has a decorated facade, and was partly reworked in Neoclassical style. Inside are various richly adorned halls. Address: Via Dammuselli, 2, 90011 Bagheria PACoordinates: 38.0767, 13.5074 Google Maps Villa Palagonia Also known as: Villa dei Mostri Villa Palagonia is a large Baroque villa built in Bagheria in the 18th century. The villa is best known for the series of statues of monsters with human faces that adorn its walls and gardens, which earned it the nickname of Villa dei Mostri (&#8220;Villa of the Monsters&#8221;). The internal halls of the palace are also richly adorned with frescoes and artworks. In the 18th and 19th century it was a popular attraction for travelers of the Grand Tour. Address: Piazza Garibaldi, 90011 Bagheria PACoordinates: 38.0797, 13.5115 Google Maps Villa Cattolica&#8230;<\/p>","protected":false},"author":1,"featured_media":0,"parent":932,"menu_order":0,"comment_status":"closed","ping_status":"closed","template":"","meta":{"_editorskit_title_hidden":false,"_editorskit_reading_time":0,"_editorskit_is_block_options_detached":false,"_editorskit_block_options_position":"{}","om_disable_all_campaigns":false,"_uag_custom_page_level_css":"","advgb_blocks_editor_width":"","advgb_blocks_columns_visual_guide":"","_monsterinsights_skip_tracking":false,"_monsterinsights_sitenote_active":false,"_monsterinsights_sitenote_note":"","_monsterinsights_sitenote_category":0,"footnotes":""},"class_list":["post-11291","page","type-page","status-publish","hentry"],"aioseo_notices":[],"featured_image_src":null,"uagb_featured_image_src":{"full":false,"thumbnail":false,"medium":false,"medium_large":false,"large":false,"1536x1536":false,"2048x2048":false,"trp-custom-language-flag":false,"xs-thumb":false,"post-thumbnail":false,"minimalistblogger-grid":false,"minimalistblogger-slider":false,"minimalistblogger-small":false},"uagb_author_info":{"display_name":"Stefano Cammisa","author_link":"https:\/\/www.cosmundus.com\/it\/author\/stefano-cammisa\/"},"uagb_comment_info":0,"uagb_excerpt":"&lt;&lt; Sicily The Palermitano is the territory of the Metropolitan City of Palermo, which occupies a large area of northwestern Sicily. This area faces the Tyrrhenian Sea and includes several seaside resorts and historic cities on the coast, most notably Cefal\u00f9. Numerous other notable destinations are instead located among the beautiful hills and mountains of&hellip;","coauthors":[],"author_meta":{"author_link":"https:\/\/www.cosmundus.com\/it\/author\/stefano-cammisa\/","display_name":"Stefano Cammisa"},"relative_dates":{"created":"Pubblicato 2 anni fa","modified":"Aggiornato 2 anni fa"},"absolute_dates":{"created":"Pubblicato il 7 Ottobre 2024","modified":"Aggiornato il 7 Ottobre 2024"},"absolute_dates_time":{"created":"Pubblicato il 7 Ottobre 2024 10:42 am","modified":"Aggiornato il 7 Ottobre 2024 10:43 am"},"featured_img_caption":"","featured_img":false,"series_order":"","_links":{"self":[{"href":"https:\/\/www.cosmundus.com\/it\/wp-json\/wp\/v2\/pages\/11291","targetHints":{"allow":["GET"]}}],"collection":[{"href":"https:\/\/www.cosmundus.com\/it\/wp-json\/wp\/v2\/pages"}],"about":[{"href":"https:\/\/www.cosmundus.com\/it\/wp-json\/wp\/v2\/types\/page"}],"author":[{"embeddable":true,"href":"https:\/\/www.cosmundus.com\/it\/wp-json\/wp\/v2\/users\/1"}],"replies":[{"embeddable":true,"href":"https:\/\/www.cosmundus.com\/it\/wp-json\/wp\/v2\/comments?post=11291"}],"version-history":[{"count":22,"href":"https:\/\/www.cosmundus.com\/it\/wp-json\/wp\/v2\/pages\/11291\/revisions"}],"predecessor-version":[{"id":11921,"href":"https:\/\/www.cosmundus.com\/it\/wp-json\/wp\/v2\/pages\/11291\/revisions\/11921"}],"up":[{"embeddable":true,"href":"https:\/\/www.cosmundus.com\/it\/wp-json\/wp\/v2\/pages\/932"}],"wp:attachment":[{"href":"https:\/\/www.cosmundus.com\/it\/wp-json\/wp\/v2\/media?parent=11291"}],"curies":[{"name":"wp","href":"https:\/\/api.w.org\/{rel}","templated":true}]}}