{"id":10194,"date":"2024-03-15T13:21:21","date_gmt":"2024-03-15T12:21:21","guid":{"rendered":"https:\/\/www.cosmundus.com\/?page_id=10194"},"modified":"2024-03-15T13:21:48","modified_gmt":"2024-03-15T12:21:48","slug":"reatino","status":"publish","type":"page","link":"https:\/\/www.cosmundus.com\/it\/destinations\/reatino\/","title":{"rendered":"Reatino"},"content":{"rendered":"<p class=\"has-text-align-right\">&lt;&lt;\u00a0<a href=\"https:\/\/www.cosmundus.com\/it\/atlas\/europe\/southern-europe\/italy\/central-italy\/lazio\/\">Lazio<\/a><\/p>\n\n\n\n<p>Il Reatino \u00e8 la Provincia di Rieti, situata nel Lazio nord-orientale. Quest'area \u00e8 occupata in gran parte da colline e montagne, punteggiate da piccoli paesi, e comprende gran parte del territorio storico della Sabina, che si estende anche alle regioni vicine.<\/p>\n\n\n\n<div class=\"wp-block-group\"><div class=\"wp-block-group__inner-container is-layout-constrained wp-block-group-is-layout-constrained\"><div style=\"border: 1px solid #8ed1fc; border-radius: 0%; background-color: inherit; \" class=\"ub-styled-box ub-bordered-box wp-block-ub-styled-box\" id=\"ub-styled-box-ae0731ea-2b3f-4a56-b2b7-f57fcf037514\">\n<p class=\"has-medium-font-size\" id=\"ub-styled-box-bordered-content-5e07fd5a-511e-4111-ab0b-769513dd177d\">Posti da vedere nel Reatino<\/p>\n\n\n<div class=\"wp-block-aioseo-table-of-contents\"><ul><li><a class=\"aioseo-toc-item\" href=\"#rieti\">Rieti<\/a><ul><li><a class=\"aioseo-toc-item\" href=\"#rieti-cathedral\">Cattedrale di Rieti<\/a><\/li><li><a class=\"aioseo-toc-item\" href=\"#palazzo-comunale\">Palazzo Comunale<\/a><\/li><li><a class=\"aioseo-toc-item\" href=\"#church-of-san-domenico\">Chiesa di San Domenico<\/a><\/li><li><a class=\"aioseo-toc-item\" href=\"#walls-of-rieti\">Mura di Rieti<\/a><\/li><li><a class=\"aioseo-toc-item\" href=\"#monte-terminillo\">Monte Terminillo<\/a><\/li><\/ul><\/li><li><a class=\"aioseo-toc-item\" href=\"#cittaducale\">Cittaducale<\/a><ul><li><a class=\"aioseo-toc-item\" href=\"#baths-of-vespasian\">Terme di Vespasiano<\/a><\/li><\/ul><\/li><li><a class=\"aioseo-toc-item\" href=\"#greccio\">Greccio<\/a><ul><li><a class=\"aioseo-toc-item\" href=\"#sanctuary-of-greccio\">Santuario di Greccio<\/a><\/li><li><a class=\"aioseo-toc-item\" href=\"#international-museum-of-the-nativity-scene\">Museo Internazionale del Presepe<\/a><\/li><\/ul><\/li><li><a class=\"aioseo-toc-item\" href=\"#fara-in-sabina\">Fara in Sabina<\/a><ul><li><a class=\"aioseo-toc-item\" href=\"#farfa-abbey\">Abbazia di Farfa<\/a><\/li><\/ul><\/li><\/ul><\/div>\n\n<\/div><\/div><\/div>\n\n\n\n<h2 class=\"wp-block-heading\" id=\"rieti\"><strong>Rieti<\/strong><\/h2>\n\n\n\n<p class=\"translation-block\">Rieti \u00e8 una citt\u00e0 del Lazio situata ai piedi delle colline della regione storica della Sabina, a nord-est di <a href=\"https:\/\/www.cosmundus.com\/it\/destinations\/rome\/\" class=\"ek-link\" target=\"_self\">Roma<\/a>. Fondata in epoca preistorica, fu uno dei maggiori centri dei Sabini, prima di essere conquistata da Roma. Sotto i Romani il vicino lago fu prosciugato e Rieti rimase un importante centro regionale per tutta l'epoca romana e il Medioevo. La citt\u00e0 visse il suo periodo d'oro tra il dodicesimo e il tredicesimo secolo, quando qui risiedettero diversi papi. Rieti ora presenta alcune attrazioni storiche ed \u00e8 un punto di partenza per esplorare le montagne vicine.<\/p>\n\n\n<div class=\"wp-block-ub-divider ub_divider ub-divider-orientation-horizontal\" id=\"ub_divider_677a9981-ccf7-41f2-816a-d18889f9cc0e\"><div class=\"ub_divider_wrapper\" style=\"position: relative; margin-bottom: 2px; width: 100%; height: 2px; \" data-divider-alignment=\"center\"><div class=\"ub_divider_line\" style=\"border-top: 2px solid #ccc; margin-top: 2px; \"><\/div><\/div><\/div>\n\n\n<h4 class=\"wp-block-heading\" id=\"rieti-cathedral\"><strong><strong>Cattedrale di Rieti<\/strong><\/strong><\/h4>\n\n\n\n<p class=\"translation-block\">Anche noto come: Cattedrale di Santa Maria Assunta<\/p>\n\n\n\n<p class=\"translation-block\">La Cattedrale di Rieti \u00e8 una chiesa romanica eretta tra il dodicesimo e il tredicesimo secolo su una basilica precedente. La chiesa presenta un campanile romanico ed \u00e8 ornata da ricche decorazioni barocche aggiunte nel diciassettesimo secolo. La cattedrale ospita anche varie opere d'arte e una cripta con alcuni affreschi medievali. Adiacente alla chiesa si trova il <strong>Palazzo Vescovile<\/strong> del tredicesimo secolo, eretto in stile romanico e gotico. La cattedrale, il suo battistero e il Palazzo Vescovile insieme ospitano il <strong>Museo Diocesano<\/strong>, che include numerose opere d'arte religiosa.<\/p>\n\n\n\n<div class=\"wp-block-columns is-layout-flex wp-container-core-columns-is-layout-9d6595d7 wp-block-columns-is-layout-flex\">\n<div class=\"wp-block-column is-layout-flow wp-block-column-is-layout-flow\" style=\"flex-basis:85%\">\n<p>Indirizzo: Piazza Cesare Battisti, 1, 02100 Rieti RI<br>Coordinate: 42.4022, 12.8591<\/p>\n<\/div>\n\n\n\n<div class=\"wp-block-column is-layout-flow wp-block-column-is-layout-flow\" style=\"flex-basis:15%\">\n<p class=\"has-text-align-right\"><a href=\"https:\/\/maps.app.goo.gl\/rvWK5dVmwwpQeToE9\" target=\"_blank\" aria-label=\" (opens in a new tab)\" rel=\"noreferrer noopener\" class=\"ek-link\">Google Maps<\/a><\/p>\n<\/div>\n<\/div>\n\n\n<div class=\"wp-block-ub-divider ub_divider ub-divider-orientation-horizontal\" id=\"ub_divider_701ef9f6-4212-45ff-a1b0-6fc695e8fafc\"><div class=\"ub_divider_wrapper\" style=\"position: relative; margin-bottom: 2px; width: 100%; height: 2px; \" data-divider-alignment=\"center\"><div class=\"ub_divider_line\" style=\"border-top: 2px solid #ccc; margin-top: 2px; \"><\/div><\/div><\/div>\n\n\n<h4 class=\"wp-block-heading\" id=\"palazzo-comunale\"><strong><strong>Palazzo Comunale<\/strong><\/strong><\/h4>\n\n\n\n<p class=\"translation-block\">Il Palazzo Comunale \u00e8 il municipio di Rieti, eretto originariamente nel Tardo Medioevo e successivamente rimaneggiato pi\u00f9 volte. Il palazzo ospita la collezione d'arte del <strong>Museo Civico<\/strong> di Rieti, insieme a mostre sulla storia della citt\u00e0. La sezione archeologica di questo museo \u00e8 ospitata nel monastero adiacente alla <strong>Chiesa di Santa Lucia<\/strong>.<\/p>\n\n\n\n<div class=\"wp-block-columns is-layout-flex wp-container-core-columns-is-layout-9d6595d7 wp-block-columns-is-layout-flex\">\n<div class=\"wp-block-column is-layout-flow wp-block-column-is-layout-flow\" style=\"flex-basis:85%\">\n<p>Indirizzo: Piazza Vittorio Emanuele, 02100 Rieti RI<br>Coordinate: 42.4028, 12.8607<\/p>\n<\/div>\n\n\n\n<div class=\"wp-block-column is-layout-flow wp-block-column-is-layout-flow\" style=\"flex-basis:15%\">\n<p class=\"has-text-align-right\"><a href=\"https:\/\/maps.app.goo.gl\/XJSb5FRsBByqmtwW7\" target=\"_blank\" aria-label=\" (opens in a new tab)\" rel=\"noreferrer noopener\" class=\"ek-link\">Google Maps<\/a><\/p>\n<\/div>\n<\/div>\n\n\n<div class=\"wp-block-ub-divider ub_divider ub-divider-orientation-horizontal\" id=\"ub_divider_9bb404fa-9a30-4013-8bcb-4121d433bbfc\"><div class=\"ub_divider_wrapper\" style=\"position: relative; margin-bottom: 2px; width: 100%; height: 2px; \" data-divider-alignment=\"center\"><div class=\"ub_divider_line\" style=\"border-top: 2px solid #ccc; margin-top: 2px; \"><\/div><\/div><\/div>\n\n\n<h4 class=\"wp-block-heading\" id=\"church-of-san-domenico\"><strong><strong>Chiesa di San Domenico<\/strong><\/strong><\/h4>\n\n\n\n<p class=\"translation-block\">La Chiesa di San Domenico \u00e8 una chiesa storica a Rieti, eretta in stile romanico e gotico nel corso del tredicesimo secolo. La chiesa ospita alcuni affreschi medievali e altre opere d'arte, mentre l'adiacente <strong>Oratorio di San Pietro Martire<\/strong> presenta un grande ed elaborato affresco del sedicesimo secolo.<\/p>\n\n\n\n<div class=\"wp-block-columns is-layout-flex wp-container-core-columns-is-layout-9d6595d7 wp-block-columns-is-layout-flex\">\n<div class=\"wp-block-column is-layout-flow wp-block-column-is-layout-flow\" style=\"flex-basis:85%\">\n<p>Indirizzo: Via Giordano Bruno, 2-3, 02100 Rieti RI<br>Coordinate: 42.4035, 12.8559<\/p>\n<\/div>\n\n\n\n<div class=\"wp-block-column is-layout-flow wp-block-column-is-layout-flow\" style=\"flex-basis:15%\">\n<p class=\"has-text-align-right\"><a href=\"https:\/\/maps.app.goo.gl\/qXdhEVf8cSZpDFF68\" target=\"_blank\" aria-label=\" (opens in a new tab)\" rel=\"noreferrer noopener\" class=\"ek-link\">Google Maps<\/a><\/p>\n<\/div>\n<\/div>\n\n\n<div class=\"wp-block-ub-divider ub_divider ub-divider-orientation-horizontal\" id=\"ub_divider_7fdf1b75-f1c7-4d29-961a-a719c653c436\"><div class=\"ub_divider_wrapper\" style=\"position: relative; margin-bottom: 2px; width: 100%; height: 2px; \" data-divider-alignment=\"center\"><div class=\"ub_divider_line\" style=\"border-top: 2px solid #ccc; margin-top: 2px; \"><\/div><\/div><\/div>\n\n\n<h4 class=\"wp-block-heading\" id=\"walls-of-rieti\"><strong><strong>Mura di Rieti<\/strong><\/strong><\/h4>\n\n\n\n<p>Il lato settentrionale del centro storico di Rieti \u00e8 ancora circondato da imponenti mura difensive erette durante il Medioevo. Mentre la maggior parte delle fortificazioni sono state demolite, la sezione rimanente presenta varie torri e porte cittadine.<\/p>\n\n\n\n<div class=\"wp-block-columns is-layout-flex wp-container-core-columns-is-layout-9d6595d7 wp-block-columns-is-layout-flex\">\n<div class=\"wp-block-column is-layout-flow wp-block-column-is-layout-flow\" style=\"flex-basis:85%\">\n<p>Indirizzo: Via S. Liberatore, 02100 Rieti RI<br>Coordinate: 42.4048, 12.8600<\/p>\n<\/div>\n\n\n\n<div class=\"wp-block-column is-layout-flow wp-block-column-is-layout-flow\" style=\"flex-basis:15%\">\n<p class=\"has-text-align-right\"><a href=\"https:\/\/maps.app.goo.gl\/2CbXsqz75LfK7kneA\" target=\"_blank\" aria-label=\" (opens in a new tab)\" rel=\"noreferrer noopener\" class=\"ek-link\">Google Maps<\/a><\/p>\n<\/div>\n<\/div>\n\n\n<div class=\"wp-block-ub-divider ub_divider ub-divider-orientation-horizontal\" id=\"ub_divider_ebd4c33b-bed6-484f-8148-8d5f58f07b10\"><div class=\"ub_divider_wrapper\" style=\"position: relative; margin-bottom: 2px; width: 100%; height: 2px; \" data-divider-alignment=\"center\"><div class=\"ub_divider_line\" style=\"border-top: 2px solid #ccc; margin-top: 2px; \"><\/div><\/div><\/div>\n\n\n<h4 class=\"wp-block-heading\" id=\"monte-terminillo\"><strong><strong>Monte Terminillo<\/strong><\/strong><\/h4>\n\n\n\n<p>Il Monte Terminillo \u00e8 una montagna situata a nordest di Rieti, e il punto pi\u00f9 alto dei Monti Reatini, parte della catena appenninica. Il monte \u00e8 una rinomata localit\u00e0 turistica e sciistica, che attira soprattutto visitatori da Roma e delle regioni vicine.<\/p>\n\n\n\n<div class=\"wp-block-columns is-layout-flex wp-container-core-columns-is-layout-9d6595d7 wp-block-columns-is-layout-flex\">\n<div class=\"wp-block-column is-layout-flow wp-block-column-is-layout-flow\" style=\"flex-basis:85%\">\n<p>Indirizzo: Monte Terminillo, 02010 Rieti RI<br>Coordinate: 42.4732, 12.9975<\/p>\n<\/div>\n\n\n\n<div class=\"wp-block-column is-layout-flow wp-block-column-is-layout-flow\" style=\"flex-basis:15%\">\n<p class=\"has-text-align-right\"><a href=\"https:\/\/maps.app.goo.gl\/ewt3YFUjWQwab8Gm8\" target=\"_blank\" aria-label=\" (opens in a new tab)\" rel=\"noreferrer noopener\" class=\"ek-link\">Google Maps<\/a><\/p>\n<\/div>\n<\/div>\n\n\n<div style=\"margin-top: var(--wp--preset--spacing--40); margin-bottom: var(--wp--preset--spacing--40); \" class=\"wp-block-ub-divider ub_divider ub-divider-orientation-horizontal\" id=\"ub_divider_44df56d6-583f-4996-9399-421314fa62ed\"><div class=\"ub_divider_wrapper\" style=\"position: relative; margin-bottom: 10px; width: 100%; height: 10px; \" data-divider-alignment=\"center\"><div class=\"ub_divider_line\" style=\"border-top: 2px solid #000000; margin-top: 10px; \"><\/div><\/div><\/div>\n\n\n<h2 class=\"wp-block-heading\" id=\"cittaducale\"><strong>Cittaducale<\/strong><\/h2>\n\n\n\n<p>Cittaducale \u00e8 una cittadina situata appena a est di Rieti. Il paese venne fondato nel 1308 e fu successivamente una sede vescovile, fino al 1818.<\/p>\n\n\n<div class=\"wp-block-ub-divider ub_divider ub-divider-orientation-horizontal\" id=\"ub_divider_faf11f83-d95f-46d9-89ce-842213594057\"><div class=\"ub_divider_wrapper\" style=\"position: relative; margin-bottom: 2px; width: 100%; height: 2px; \" data-divider-alignment=\"center\"><div class=\"ub_divider_line\" style=\"border-top: 2px solid #ccc; margin-top: 2px; \"><\/div><\/div><\/div>\n\n\n<h4 class=\"wp-block-heading\" id=\"baths-of-vespasian\"><strong><strong>Terme di Vespasiano<\/strong><\/strong><\/h4>\n\n\n\n<p>Anche note come: Aquae Cutiliae<\/p>\n\n\n\n<p class=\"translation-block\">Le Terme di Vespasiano sono un complesso termale romano situato a est di Cittaducale. La zona era conosciuta nell'antichit\u00e0 per le sue sorgenti termali, e ospitava una villa utilizzata dagli imperatori Vespasiano e Tito. Entrambi gli imperatori morirono qui. Il sito ora presenta le rovine di una grande piscina e alcune altre strutture.<\/p>\n\n\n\n<div class=\"wp-block-columns is-layout-flex wp-container-core-columns-is-layout-9d6595d7 wp-block-columns-is-layout-flex\">\n<div class=\"wp-block-column is-layout-flow wp-block-column-is-layout-flow\" style=\"flex-basis:85%\">\n<p>Indirizzo: Terme di Vespasiano, 02015 Cittaducale RI<br>Coordinate: 42.3768, 12.9840<\/p>\n<\/div>\n\n\n\n<div class=\"wp-block-column is-layout-flow wp-block-column-is-layout-flow\" style=\"flex-basis:15%\">\n<p class=\"has-text-align-right\"><a href=\"https:\/\/maps.app.goo.gl\/LKgeuP8yUPwYZ7u38\" target=\"_blank\" aria-label=\" (opens in a new tab)\" rel=\"noreferrer noopener\" class=\"ek-link\">Google Maps<\/a><\/p>\n<\/div>\n<\/div>\n\n\n<div style=\"margin-top: var(--wp--preset--spacing--40); margin-bottom: var(--wp--preset--spacing--40); \" class=\"wp-block-ub-divider ub_divider ub-divider-orientation-horizontal\" id=\"ub_divider_484a312f-e042-4d6c-9307-4c429051e0e7\"><div class=\"ub_divider_wrapper\" style=\"position: relative; margin-bottom: 10px; width: 100%; height: 10px; \" data-divider-alignment=\"center\"><div class=\"ub_divider_line\" style=\"border-top: 2px solid #000000; margin-top: 10px; \"><\/div><\/div><\/div>\n\n\n<h2 class=\"wp-block-heading\" id=\"greccio\"><strong>Greccio<\/strong><\/h2>\n\n\n\n<p class=\"translation-block\">Greccio \u00e8 un piccolo paesino in Provincia di Rieti, situato sul fianco di una montagna. Il paese \u00e8 noto per il suo antico santuario e come luogo di nascita del presepe.<\/p>\n\n\n<div class=\"wp-block-ub-divider ub_divider ub-divider-orientation-horizontal\" id=\"ub_divider_0c3c7c8e-e983-4a74-ad2e-68baa32a815c\"><div class=\"ub_divider_wrapper\" style=\"position: relative; margin-bottom: 2px; width: 100%; height: 2px; \" data-divider-alignment=\"center\"><div class=\"ub_divider_line\" style=\"border-top: 2px solid #ccc; margin-top: 2px; \"><\/div><\/div><\/div>\n\n\n<h4 class=\"wp-block-heading\" id=\"sanctuary-of-greccio\"><strong>Santuario di Greccio<\/strong><\/h4>\n\n\n\n<p class=\"translation-block\">Il Santuario di Greccio \u00e8 un antico eremo fondato da San Francesco d'<a href=\"https:\/\/www.cosmundus.com\/it\/destinations\/assisi\/\" target=\"_self\">Assisi<\/a> nel tredicesimo secolo. Secondo la tradizione, questo \u00e8 il luogo dove San Francesco cur\u00f2 la narrazione della storia della nascita di Cristo con personaggi viventi. Questa rappresentazione si \u00e8 poi evoluta nel presepe. Il santuario si trova nei pressi di Greccio e custodisce alcune opere d'arte e affreschi antichi. Grazie alla sua posizione offre anche una splendida vista sulla regione circostante.<\/p>\n\n\n\n<div class=\"wp-block-columns is-layout-flex wp-container-core-columns-is-layout-9d6595d7 wp-block-columns-is-layout-flex\">\n<div class=\"wp-block-column is-layout-flow wp-block-column-is-layout-flow\" style=\"flex-basis:85%\">\n<p>Indirizzo: Santuario Francescano del Presepe di Greccio, 02045 Greccio RI<br>Coordinate: 42.4619, 12.7510<\/p>\n<\/div>\n\n\n\n<div class=\"wp-block-column is-layout-flow wp-block-column-is-layout-flow\" style=\"flex-basis:15%\">\n<p class=\"has-text-align-right\"><a href=\"https:\/\/maps.app.goo.gl\/SgVxsbfcfEfgBA9P6\" target=\"_blank\" aria-label=\" (opens in a new tab)\" rel=\"noreferrer noopener\" class=\"ek-link\">Google Maps<\/a><\/p>\n<\/div>\n<\/div>\n\n\n<div class=\"wp-block-ub-divider ub_divider ub-divider-orientation-horizontal\" id=\"ub_divider_6123e571-e3da-4ace-b189-bef5fdfdec8c\"><div class=\"ub_divider_wrapper\" style=\"position: relative; margin-bottom: 2px; width: 100%; height: 2px; \" data-divider-alignment=\"center\"><div class=\"ub_divider_line\" style=\"border-top: 2px solid #ccc; margin-top: 2px; \"><\/div><\/div><\/div>\n\n\n<h4 class=\"wp-block-heading\" id=\"international-museum-of-the-nativity-scene\"><strong><strong>Museo Internazionale del Presepe<\/strong><\/strong><\/h4>\n\n\n\n<p class=\"translation-block\">Il Museo Internazionale del Presepe \u00e8 un museo a Greccio dedicato alla storia del presepe, che ospita numerosi presepi realizzati da artisti italiani e internazionali.<\/p>\n\n\n\n<div class=\"wp-block-columns is-layout-flex wp-container-core-columns-is-layout-9d6595d7 wp-block-columns-is-layout-flex\">\n<div class=\"wp-block-column is-layout-flow wp-block-column-is-layout-flow\" style=\"flex-basis:85%\">\n<p>Indirizzo: Via S. Francesco, 02045 Greccio RI<br>Coordinate: 42.4457, 12.7499<\/p>\n<\/div>\n\n\n\n<div class=\"wp-block-column is-layout-flow wp-block-column-is-layout-flow\" style=\"flex-basis:15%\">\n<p class=\"has-text-align-right\"><a href=\"https:\/\/maps.app.goo.gl\/3r7jQBMAAmrDw34b9\" target=\"_blank\" aria-label=\" (opens in a new tab)\" rel=\"noreferrer noopener\" class=\"ek-link\">Google Maps<\/a><\/p>\n<\/div>\n<\/div>\n\n\n<div style=\"margin-top: var(--wp--preset--spacing--40); margin-bottom: var(--wp--preset--spacing--40); \" class=\"wp-block-ub-divider ub_divider ub-divider-orientation-horizontal\" id=\"ub_divider_ce67d433-a5d2-4347-9dd1-0cca63e62e98\"><div class=\"ub_divider_wrapper\" style=\"position: relative; margin-bottom: 10px; width: 100%; height: 10px; \" data-divider-alignment=\"center\"><div class=\"ub_divider_line\" style=\"border-top: 2px solid #000000; margin-top: 10px; \"><\/div><\/div><\/div>\n\n\n<h2 class=\"wp-block-heading\" id=\"fara-in-sabina\"><strong>Fara in Sabina<\/strong><\/h2>\n\n\n\n<p class=\"translation-block\">Fara in Sabina \u00e8 un paese situato tra le colline della Provincia di Rieti. Originariamente un insediamento dei Sabini, l'attuale paese fu fondato nel Medioevo, ed \u00e8 noto per la storica abbazia situata nelle vicinanze.<\/p>\n\n\n<div class=\"wp-block-ub-divider ub_divider ub-divider-orientation-horizontal\" id=\"ub_divider_56dd4664-2b60-4e62-9b9c-50f172f53beb\"><div class=\"ub_divider_wrapper\" style=\"position: relative; margin-bottom: 2px; width: 100%; height: 2px; \" data-divider-alignment=\"center\"><div class=\"ub_divider_line\" style=\"border-top: 2px solid #ccc; margin-top: 2px; \"><\/div><\/div><\/div>\n\n\n<h4 class=\"wp-block-heading\" id=\"farfa-abbey\"><strong>Abbazia di Farfa<\/strong><\/h4>\n\n\n\n<p class=\"translation-block\">L'Abbazia di Farfa \u00e8 una storica abbazia benedettina nei pressi di Fara in Sabina. Fondata originariamente nell'Alto Medioevo, fu successivamente ricostruita e completata nel decimo secolo. Durante il Tardo Medioevo fu una delle abbazie pi\u00f9 potenti dell'Italia centrale, governando su centinaia di chiese, ma la sua importanza col tempo svan\u00ec. L'abbazia presenta una chiesa romanica adornata con vari antichi affreschi e opere d'arte.<\/p>\n\n\n\n<div class=\"wp-block-columns is-layout-flex wp-container-core-columns-is-layout-9d6595d7 wp-block-columns-is-layout-flex\">\n<div class=\"wp-block-column is-layout-flow wp-block-column-is-layout-flow\" style=\"flex-basis:85%\">\n<p>Indirizzo: Via di Porta Montopoli, 02032 Fara in Sabina RI<br>Coordinate: 42.2209, 12.7188<\/p>\n<\/div>\n\n\n\n<div class=\"wp-block-column is-layout-flow wp-block-column-is-layout-flow\" style=\"flex-basis:15%\">\n<p class=\"has-text-align-right\"><a href=\"https:\/\/maps.app.goo.gl\/MXVGGUYbAL3GLvBb8\" target=\"_blank\" aria-label=\" (opens in a new tab)\" rel=\"noreferrer noopener\" class=\"ek-link\">Google Maps<\/a><\/p>\n<\/div>\n<\/div>","protected":false},"excerpt":{"rendered":"<p>&lt;&lt;\u00a0Lazio The Reatino is the Province of Rieti, located in northeastern Lazio. This area is mostly occupied by hills and mountains, dotted with small towns, and includes most of the historical territory of Sabina, which also extends to the nearby regions. Rieti Rieti is a town in Lazio located at the foot of the hills in the historical region of Sabina, northeast of Rome. Founded in prehistoric times, it was one of the major centers of the Sabines, before being conquered by Rome. Under the Romans, the nearby lake was drained, and Rieti remained a relevant regional center throughout the Roman era and the Middle Ages. The city lived its golden age between the 12th and 13th century, when various popes resided here. Rieti now features a few historic attractions, and it is a starting point for exploring the nearby mountains. Rieti Cathedral Also known as: Cathedral of Santa Maria Assunta (Cattedrale di Santa Maria Assunta) The Rieti Cathedral (Cattedrale di Rieti) is a Romanesque church erected between the 12th and 13th century over a previous basilica. The church features a Romanesque bell tower, and it is adorned with rich Baroque decorations added in the 17th century. The cathedral also houses various artworks and a crypt with some medieval frescoes. Adjacent to the church is the 13th-century Palazzo Vescovile, erected in Romanesque and Gothic style. The cathedral, its baptistery, and Palazzo Vescovile together host the Diocesan Museum (Museo Diocesano), which houses numerous religious artworks. Address: Piazza Cesare Battisti, 1, 02100 Rieti RICoordinates: 42.4022, 12.8591 Google Maps Palazzo Comunale Palazzo Comunale is the town hall of Rieti, originally erected in the Late Middle Ages and later reworked several times. The palace hosts the art collection of the Civic Museum (Museo Civico) of Rieti, along with exhibits on the history of the city. The archaeological section of this museum is housed in the monastery adjacent to the Church of Santa Lucia. Address: Piazza Vittorio Emanuele, 02100 Rieti RICoordinates: 42.4028, 12.8607 Google Maps Church of San Domenico The Church of San Domenico is a historic church in Rieti, erected in Romanesque and Gothic style during the 13th century. The church houses some medieval frescoes and other artworks, while the adjacent Oratory of San Pietro Martire features a large and elaborate 16th-century fresco. Address: Via Giordano Bruno, 2-3, 02100 Rieti RICoordinates: 42.4035, 12.8559 Google Maps Walls of Rieti The northern side of the old town of Rieti is still surrounded by imposing defensive walls erected during the Middle Ages. While most of the fortifications have been demolished, the remaining section features various towers and city gates. Address: Via S. Liberatore, 02100 Rieti RICoordinates: 42.4048, 12.8600 Google Maps Monte Terminillo Monte Terminillo is a mountain located northeast of Rieti, and the highest point of the Monti Reatini range of the Apennines. The mountain is a popular tourist destination and ski resort, which attracts especially people from Rome and the nearby regions. Address: Monte Terminillo, 02010 Rieti RICoordinates: 42.4732, 12.9975 Google Maps Cittaducale Cittaducale is a small town located just east of Rieti. The town was founded in 1308 and later it was the seat of a bishopric, until 1818. Baths of Vespasian Also known as: Aquae Cutiliae The Baths of Vespasian (Terme di Vespasiano) are a Roman thermal complex located east of Cittaducale. The area was known in ancient times for its hot springs, and hosted a villa used by emperors Vespasian and Titus. Both emperors died here. The site now features the ruins of a large pool and some other structures. Address: Terme di Vespasiano, 02015 Cittaducale RICoordinates: 42.3768, 12.9840 Google Maps Greccio Greccio is a tiny town in the Province of Rieti, located on the side of a mountain. The village is known for its ancient sanctuary and as the birthplace of the presepe. Sanctuary of Greccio The Sanctuary of Greccio (Santuario di Greccio) is an ancient hermitage founded by Saint Francis of Assisi in the 13th century. According to tradition, this is the place where Saint Francis oversaw a retelling of the story of the birth of Christ with living people. This representation&nbsp;eventually evolved into the Christian nativity scene, or presepe. The sanctuary is located near Greccio and houses some ancient artworks and frescoes. Thanks to its position, it also offers a great view on the surrounding region. Address: Santuario Francescano del Presepe di Greccio, 02045 Greccio RICoordinates: 42.4619, 12.7510 Google Maps International Museum of the Nativity Scene The International Museum of the Nativity Scene (Museo Internazionale del Presepe) is a museum in Greccio dedicated to the history of the presepe, housing numerous nativity scenes made by Italian and international artists. Address: Via S. Francesco, 02045 Greccio RICoordinates: 42.4457, 12.7499 Google Maps Fara in Sabina Fara in Sabina is a town located among the hills of the Province of Rieti. Originally a settlement of the Sabines, the current town was founded in the Middle Ages, and it is known for the historic abbey located nearby. Farfa Abbey The Farfa Abbey (Abbazia di Farfa) is a historic Benedictine abbey near Fara in Sabina. Originally founded in the Early Middle Ages, it was later rebuilt and completed in the 10th century. During the Late Middle Ages, it was one of the most powerful abbeys in Central Italy, ruling over hundreds of churches, but its importance eventually faded. The abbey features a Romanesque church adorned with various ancient frescoes and artworks. Address: Via di Porta Montopoli, 02032 Fara in Sabina RICoordinates: 42.2209, 12.7188 Google Maps<\/p>","protected":false},"author":1,"featured_media":0,"parent":932,"menu_order":0,"comment_status":"closed","ping_status":"closed","template":"","meta":{"_editorskit_title_hidden":false,"_editorskit_reading_time":0,"_editorskit_is_block_options_detached":false,"_editorskit_block_options_position":"{}","om_disable_all_campaigns":false,"_uag_custom_page_level_css":"","advgb_blocks_editor_width":"","advgb_blocks_columns_visual_guide":"","_monsterinsights_skip_tracking":false,"_monsterinsights_sitenote_active":false,"_monsterinsights_sitenote_note":"","_monsterinsights_sitenote_category":0,"footnotes":""},"class_list":["post-10194","page","type-page","status-publish","hentry"],"aioseo_notices":[],"featured_image_src":null,"uagb_featured_image_src":{"full":false,"thumbnail":false,"medium":false,"medium_large":false,"large":false,"1536x1536":false,"2048x2048":false,"trp-custom-language-flag":false,"xs-thumb":false,"post-thumbnail":false,"minimalistblogger-grid":false,"minimalistblogger-slider":false,"minimalistblogger-small":false},"uagb_author_info":{"display_name":"Stefano Cammisa","author_link":"https:\/\/www.cosmundus.com\/it\/author\/stefano-cammisa\/"},"uagb_comment_info":0,"uagb_excerpt":"&lt;&lt;\u00a0Lazio The Reatino is the Province of Rieti, located in northeastern Lazio. This area is mostly occupied by hills and mountains, dotted with small towns, and includes most of the historical territory of Sabina, which also extends to the nearby regions. Rieti Rieti is a town in Lazio located at the foot of the hills&hellip;","coauthors":[],"author_meta":{"author_link":"https:\/\/www.cosmundus.com\/it\/author\/stefano-cammisa\/","display_name":"Stefano Cammisa"},"relative_dates":{"created":"Pubblicato 2 anni fa","modified":"Aggiornato 2 anni fa"},"absolute_dates":{"created":"Pubblicato il 15 Marzo 2024","modified":"Aggiornato il 15 Marzo 2024"},"absolute_dates_time":{"created":"Pubblicato il 15 Marzo 2024 1:21 pm","modified":"Aggiornato il 15 Marzo 2024 1:21 pm"},"featured_img_caption":"","featured_img":false,"series_order":"","_links":{"self":[{"href":"https:\/\/www.cosmundus.com\/it\/wp-json\/wp\/v2\/pages\/10194","targetHints":{"allow":["GET"]}}],"collection":[{"href":"https:\/\/www.cosmundus.com\/it\/wp-json\/wp\/v2\/pages"}],"about":[{"href":"https:\/\/www.cosmundus.com\/it\/wp-json\/wp\/v2\/types\/page"}],"author":[{"embeddable":true,"href":"https:\/\/www.cosmundus.com\/it\/wp-json\/wp\/v2\/users\/1"}],"replies":[{"embeddable":true,"href":"https:\/\/www.cosmundus.com\/it\/wp-json\/wp\/v2\/comments?post=10194"}],"version-history":[{"count":3,"href":"https:\/\/www.cosmundus.com\/it\/wp-json\/wp\/v2\/pages\/10194\/revisions"}],"predecessor-version":[{"id":10206,"href":"https:\/\/www.cosmundus.com\/it\/wp-json\/wp\/v2\/pages\/10194\/revisions\/10206"}],"up":[{"embeddable":true,"href":"https:\/\/www.cosmundus.com\/it\/wp-json\/wp\/v2\/pages\/932"}],"wp:attachment":[{"href":"https:\/\/www.cosmundus.com\/it\/wp-json\/wp\/v2\/media?parent=10194"}],"curies":[{"name":"wp","href":"https:\/\/api.w.org\/{rel}","templated":true}]}}