{"id":9380,"date":"2024-02-26T14:40:41","date_gmt":"2024-02-26T13:40:41","guid":{"rendered":"https:\/\/www.cosmundus.com\/?page_id=9380"},"modified":"2024-02-26T14:45:22","modified_gmt":"2024-02-26T13:45:22","slug":"val-pusteria","status":"publish","type":"page","link":"https:\/\/www.cosmundus.com\/en\/destinations\/val-pusteria\/","title":{"rendered":"Val Pusteria"},"content":{"rendered":"\n<p class=\"has-text-align-right\">&lt;&lt; <a href=\"https:\/\/www.cosmundus.com\/atlas\/europe\/southern-europe\/italy\/northeast-italy\/trentino-alto-adige\/\" class=\"ek-link\">Trentino-Alto Adige<\/a><\/p>\n\n\n\n<p>Val Pusteria (Pustertal in German, Val de Puster in Ladin) is a long valley that extends east of <a href=\"https:\/\/www.cosmundus.com\/en\/destinations\/bassa-atesina-and-valle-isarco\/#bressanone\" class=\"ek-link\">Bressanone<\/a> toward the border with Austria. This is one of the most popular Alpine valleys, renowned for its historic towns and villages, ski resorts, and beautiful natural environment.<\/p>\n\n\n\n<div class=\"wp-block-group\"><div class=\"wp-block-group__inner-container is-layout-constrained wp-block-group-is-layout-constrained\"><div style=\"border: 1px solid #8ed1fc; border-radius: 0%; background-color: inherit; \" class=\"ub-styled-box ub-bordered-box wp-block-ub-styled-box\" id=\"ub-styled-box-a798f3c6-39a1-4c1c-b916-77e3ad0bafcf\">\n<p class=\"has-medium-font-size\" id=\"ub-styled-box-bordered-content-e1246fd8-c661-4851-a0eb-911b6501bb04\">Places to see in Val Pusteria<\/p>\n\n\n<div class=\"wp-block-aioseo-table-of-contents\"><ul><li><a class=\"aioseo-toc-item\" href=\"#brunico\">Brunico\/Bruneck<\/a><ul><li><a class=\"aioseo-toc-item\" href=\"#plan-de-corones\">\u272a\u00a0Plan de Corones\/Kronplatz<\/a><\/li><li><a class=\"aioseo-toc-item\" href=\"#brunico-castle\">Brunico Castle<\/a><\/li><li><a class=\"aioseo-toc-item\" href=\"#museo-degli-usi-e-costumi\">Museo degli Usi e Costumi\/S\u00fcdtiroler Landesmuseum f\u00fcr Volkskunde<\/a><\/li><\/ul><\/li><li><a class=\"aioseo-toc-item\" href=\"#val-badia\">Val Badia\/Gadertal<\/a><ul><li><a class=\"aioseo-toc-item\" href=\"#museum-ladin-ciastel-de-tor\">Museum Ladin \u0106iastel de Tor<\/a><\/li><li><a class=\"aioseo-toc-item\" href=\"#museum-ladin-ursus-ladinicus\">Museum Ladin Ursus Ladinicus<\/a><\/li><li><a class=\"aioseo-toc-item\" href=\"#visitor-center-of-the-fanes-sennes-braies-natural-park\">Visitor Center of the Fanes-Sennes-Braies Natural Park<\/a><\/li><\/ul><\/li><li><a class=\"aioseo-toc-item\" href=\"#braies\">Braies\/Prags<\/a><ul><li><a class=\"aioseo-toc-item\" href=\"#lago-di-braies\">\u272a\u00a0Lago di Braies\/Pragser Wildsee<\/a><\/li><\/ul><\/li><li><a class=\"aioseo-toc-item\" href=\"#dobbiaco\">Dobbiaco\/Toblach<\/a><ul><li><a class=\"aioseo-toc-item\" href=\"#grand-hotel-dobbiaco\">Grand Hotel Dobbiaco\/Grand Hotel Toblach<\/a><\/li><li><a class=\"aioseo-toc-item\" href=\"#lago-di-dobbiaco\">Lago di Dobbiaco\/Toblacher See<\/a><\/li><\/ul><\/li><li><a class=\"aioseo-toc-item\" href=\"#san-candido\">San Candido\/Innichen<\/a><ul><li><a class=\"aioseo-toc-item\" href=\"#innichen-abbey\">\u272a\u00a0Innichen Abbey<\/a><\/li><\/ul><\/li><\/ul><\/div>\n\n<\/div><\/div><\/div>\n\n\n\n<h2 class=\"wp-block-heading\" id=\"brunico\"><strong>Brunico\/Bruneck<\/strong><\/h2>\n\n\n\n<p>Brunico (Bruneck in German) is a town in South Tyrol located at the center of Val Pusteria\/Pustertal, of which it is the most important city. The town was officially founded in the 13th century and quickly rose to prominence as a stop along the trade routes that crossed the Alps. After being ruled by Tyrol and Austria for centuries, it joined Italy after World War I, and it is now a renowned tourist destination.<\/p>\n\n\n<div class=\"wp-block-ub-divider ub_divider ub-divider-orientation-horizontal\" id=\"ub_divider_315ae463-a4dd-434b-a980-40b4e86898bc\"><div class=\"ub_divider_wrapper\" style=\"position: relative; margin-bottom: 2px; width: 100%; height: 2px; \" data-divider-alignment=\"center\"><div class=\"ub_divider_line\" style=\"border-top: 2px solid #ccc; margin-top: 2px; \"><\/div><\/div><\/div>\n\n\n<h4 class=\"wp-block-heading\" id=\"plan-de-corones\"><strong><strong>\u272a&nbsp;<\/strong>Plan de Corones\/Kronplatz<\/strong><\/h4>\n\n\n\n<p>Plan de Corones is a mountain south of Brunico, dividing Val Pusteria from Val Badia. The top hosts a ski resort with an amazing view over the Dolomites and features various attractions. These include the <strong>Messner Mountain Museum Corones<\/strong>, a museum focused on the history of climbing, and the <strong>Museum of Mountain Photography<\/strong>.<\/p>\n\n\n\n<div class=\"wp-block-columns is-layout-flex wp-container-core-columns-is-layout-9d6595d7 wp-block-columns-is-layout-flex\">\n<div class=\"wp-block-column is-layout-flow wp-block-column-is-layout-flow\" style=\"flex-basis:85%\">\n<p>Address: Plan de Corones, 39030 Marebbe BZ<br>Coordinates: 46.7388, 11.9583<\/p>\n<\/div>\n\n\n\n<div class=\"wp-block-column is-layout-flow wp-block-column-is-layout-flow\" style=\"flex-basis:15%\">\n<p class=\"has-text-align-right\"><a href=\"https:\/\/goo.gl\/maps\/Sqxyo8pcc87fzecH9\" target=\"_blank\" aria-label=\" (opens in a new tab)\" rel=\"noreferrer noopener\" class=\"ek-link\">Google Maps<\/a><\/p>\n<\/div>\n<\/div>\n\n\n<div class=\"wp-block-ub-divider ub_divider ub-divider-orientation-horizontal\" id=\"ub_divider_e8a659b4-13d8-44ea-8f47-627c10724dc6\"><div class=\"ub_divider_wrapper\" style=\"position: relative; margin-bottom: 2px; width: 100%; height: 2px; \" data-divider-alignment=\"center\"><div class=\"ub_divider_line\" style=\"border-top: 2px solid #ccc; margin-top: 2px; \"><\/div><\/div><\/div>\n\n\n<h4 class=\"wp-block-heading\" id=\"brunico-castle\"><strong>Brunico Castle<\/strong><\/h4>\n\n\n\n<p>The medieval Brunico Castle (<em>Castello di Brunico\/Burg Bruneck<\/em>), located on a hill overlooking the town, was built during the 13th century and it was for a long time one of the main fortresses in the area. Now it still features various decorated halls and it hosts the <strong>Messner Mountain Musuem Ripa<\/strong>, an exhibition dedicated to the people who live among the mountains all over the world.<\/p>\n\n\n\n<div class=\"wp-block-columns is-layout-flex wp-container-core-columns-is-layout-9d6595d7 wp-block-columns-is-layout-flex\">\n<div class=\"wp-block-column is-layout-flow wp-block-column-is-layout-flow\" style=\"flex-basis:85%\">\n<p>Address: Vicolo Castello, 2, 39031 Brunico BZ<br>Coordinates: 46.7944, 11.9396<\/p>\n<\/div>\n\n\n\n<div class=\"wp-block-column is-layout-flow wp-block-column-is-layout-flow\" style=\"flex-basis:15%\">\n<p class=\"has-text-align-right\"><a href=\"https:\/\/goo.gl\/maps\/TqntAazYZaUxbANe7\" target=\"_blank\" aria-label=\" (opens in a new tab)\" rel=\"noreferrer noopener\" class=\"ek-link\">Google Maps<\/a><\/p>\n<\/div>\n<\/div>\n\n\n<div class=\"wp-block-ub-divider ub_divider ub-divider-orientation-horizontal\" id=\"ub_divider_c2e9e7fb-6761-4ad9-bb5a-63bb13af71cd\"><div class=\"ub_divider_wrapper\" style=\"position: relative; margin-bottom: 2px; width: 100%; height: 2px; \" data-divider-alignment=\"center\"><div class=\"ub_divider_line\" style=\"border-top: 2px solid #ccc; margin-top: 2px; \"><\/div><\/div><\/div>\n\n\n<h4 class=\"wp-block-heading\" id=\"museo-degli-usi-e-costumi\"><strong>Museo degli Usi e Costumi\/S\u00fcdtiroler Landesmuseum f\u00fcr Volkskunde<\/strong><\/h4>\n\n\n\n<p>This ethnographic museum, located in Teodone\/Dietenheim, just outside Brunico, is an exhibition on the culture and history of the area. It features various historic objects and reconstructions of traditional houses.<\/p>\n\n\n\n<div class=\"wp-block-columns is-layout-flex wp-container-core-columns-is-layout-9d6595d7 wp-block-columns-is-layout-flex\">\n<div class=\"wp-block-column is-layout-flow wp-block-column-is-layout-flow\" style=\"flex-basis:85%\">\n<p>Address: Via Duca Diet, 24, 39031 Teodone BZ<br>Coordinates: 46.8030, 11.9541<\/p>\n<\/div>\n\n\n\n<div class=\"wp-block-column is-layout-flow wp-block-column-is-layout-flow\" style=\"flex-basis:15%\">\n<p class=\"has-text-align-right\"><a href=\"https:\/\/goo.gl\/maps\/xQLynFrQKQpbp2bA6\" target=\"_blank\" aria-label=\" (opens in a new tab)\" rel=\"noreferrer noopener\" class=\"ek-link\">Google Maps<\/a><\/p>\n<\/div>\n<\/div>\n\n\n<div style=\"margin-top: var(--wp--preset--spacing--40); margin-bottom: var(--wp--preset--spacing--40); \" class=\"wp-block-ub-divider ub_divider ub-divider-orientation-horizontal\" id=\"ub_divider_bfa02f25-aac8-454e-a1ee-650c57f76bf4\"><div class=\"ub_divider_wrapper\" style=\"position: relative; margin-bottom: 10px; width: 100%; height: 10px; \" data-divider-alignment=\"center\"><div class=\"ub_divider_line\" style=\"border-top: 2px solid #000000; margin-top: 10px; \"><\/div><\/div><\/div>\n\n\n<h2 class=\"wp-block-heading\" id=\"val-badia\"><strong>Val Badia\/Gadertal<\/strong><\/h2>\n\n\n\n<p>Val Badia (Val Badia in Ladin, Gadertal in German) is a valley among the Dolomites of South Tyrol. Officially trilingual, it is mostly inhabited by Ladin speakers. Val Badia is a popular destination for tourists thanks to its location among some of the most prominent mountains of the Dolomites.<\/p>\n\n\n<div class=\"wp-block-ub-divider ub_divider ub-divider-orientation-horizontal\" id=\"ub_divider_032478a1-36c4-4406-a19b-48c28503e8ba\"><div class=\"ub_divider_wrapper\" style=\"position: relative; margin-bottom: 2px; width: 100%; height: 2px; \" data-divider-alignment=\"center\"><div class=\"ub_divider_line\" style=\"border-top: 2px solid #ccc; margin-top: 2px; \"><\/div><\/div><\/div>\n\n\n<h4 class=\"wp-block-heading\" id=\"museum-ladin-ciastel-de-tor\"><strong><strong><strong>Museum Ladin \u0106iastel de Tor<\/strong><\/strong><\/strong><\/h4>\n\n\n\n<p>The Museum Ladin \u0106iastel de Tor is one of the two sites of the Museum Ladin, located inside the 13th-century castle \u0106iastel de Tor. The exhibition showcases the history of the Ladin people with various archaeological findings, and also features a section on the natural history of the Dolomites.<\/p>\n\n\n\n<div class=\"wp-block-columns is-layout-flex wp-container-core-columns-is-layout-9d6595d7 wp-block-columns-is-layout-flex\">\n<div class=\"wp-block-column is-layout-flow wp-block-column-is-layout-flow\" style=\"flex-basis:85%\">\n<p>Address: Str. Tor, 65, 39030 San Martino In Badia BZ<br>Coordinates: 46.6807, 11.8929<\/p>\n<\/div>\n\n\n\n<div class=\"wp-block-column is-layout-flow wp-block-column-is-layout-flow\" style=\"flex-basis:15%\">\n<p class=\"has-text-align-right\"><a href=\"https:\/\/goo.gl\/maps\/7AWBYn5LGvpsJ8Dg8\" target=\"_blank\" aria-label=\" (opens in a new tab)\" rel=\"noreferrer noopener\" class=\"ek-link\">Google Maps<\/a><\/p>\n<\/div>\n<\/div>\n\n\n<div class=\"wp-block-ub-divider ub_divider ub-divider-orientation-horizontal\" id=\"ub_divider_8088ffe5-3c46-4ccf-a175-100038ef04f3\"><div class=\"ub_divider_wrapper\" style=\"position: relative; margin-bottom: 2px; width: 100%; height: 2px; \" data-divider-alignment=\"center\"><div class=\"ub_divider_line\" style=\"border-top: 2px solid #ccc; margin-top: 2px; \"><\/div><\/div><\/div>\n\n\n<h4 class=\"wp-block-heading\" id=\"museum-ladin-ursus-ladinicus\"><strong><strong>Museum Ladin Ursus Ladinicus<\/strong><\/strong><\/h4>\n\n\n\n<p>The Museum Ladin Ursus Ladinicus is one of the two sites of the Museum Ladin. This section is focused on the natural history and geology of the Dolomites, with a special focus on an ancient spieces of bear, called Ursus Ladinicus, that inhabited the area.<\/p>\n\n\n\n<div class=\"wp-block-columns is-layout-flex wp-container-core-columns-is-layout-9d6595d7 wp-block-columns-is-layout-flex\">\n<div class=\"wp-block-column is-layout-flow wp-block-column-is-layout-flow\" style=\"flex-basis:85%\">\n<p>Address: Strada Micur\u00e0 de R\u00fc, 26, 39030 San Cassiano BZ<br>Coordinates: 46.5707, 11.9323<\/p>\n<\/div>\n\n\n\n<div class=\"wp-block-column is-layout-flow wp-block-column-is-layout-flow\" style=\"flex-basis:15%\">\n<p class=\"has-text-align-right\"><a href=\"https:\/\/goo.gl\/maps\/mhiGDKqTp3yV5vvT9\" target=\"_blank\" aria-label=\" (opens in a new tab)\" rel=\"noreferrer noopener\" class=\"ek-link\">Google Maps<\/a><\/p>\n<\/div>\n<\/div>\n\n\n<div class=\"wp-block-ub-divider ub_divider ub-divider-orientation-horizontal\" id=\"ub_divider_3deb4773-004a-4099-bcc4-653eba1747ce\"><div class=\"ub_divider_wrapper\" style=\"position: relative; margin-bottom: 2px; width: 100%; height: 2px; \" data-divider-alignment=\"center\"><div class=\"ub_divider_line\" style=\"border-top: 2px solid #ccc; margin-top: 2px; \"><\/div><\/div><\/div>\n\n\n<h4 class=\"wp-block-heading\" id=\"visitor-center-of-the-fanes-sennes-braies-natural-park\"><strong>Visitor Center of the Fanes-Sennes-Braies Natural Park<\/strong><\/h4>\n\n\n\n<p>This visitor center hosts an exhibition on the Fanes-Sennes-Braies Natural Park, one of the largest parks of South Tyrol. The exhibit displays the beautiful natural environment of the park and its geological history.<\/p>\n\n\n\n<div class=\"wp-block-columns is-layout-flex wp-container-core-columns-is-layout-9d6595d7 wp-block-columns-is-layout-flex\">\n<div class=\"wp-block-column is-layout-flow wp-block-column-is-layout-flow\" style=\"flex-basis:85%\">\n<p>Address: Str. Catarina Lanz, 96, 39030 S. Vigilio BZ<br>Coordinates: 46.6946, 11.9359<\/p>\n<\/div>\n\n\n\n<div class=\"wp-block-column is-layout-flow wp-block-column-is-layout-flow\" style=\"flex-basis:15%\">\n<p class=\"has-text-align-right\"><a href=\"https:\/\/goo.gl\/maps\/XSLZuPHvUw4Wbs7c8\" target=\"_blank\" aria-label=\" (opens in a new tab)\" rel=\"noreferrer noopener\" class=\"ek-link\">Google Maps<\/a><\/p>\n<\/div>\n<\/div>\n\n\n<div style=\"margin-top: var(--wp--preset--spacing--40); margin-bottom: var(--wp--preset--spacing--40); \" class=\"wp-block-ub-divider ub_divider ub-divider-orientation-horizontal\" id=\"ub_divider_02015ac3-cb45-45f2-b4d4-991a78f5e70f\"><div class=\"ub_divider_wrapper\" style=\"position: relative; margin-bottom: 10px; width: 100%; height: 10px; \" data-divider-alignment=\"center\"><div class=\"ub_divider_line\" style=\"border-top: 2px solid #000000; margin-top: 10px; \"><\/div><\/div><\/div>\n\n\n<h2 class=\"wp-block-heading\" id=\"braies\"><strong>Braies\/Prags<\/strong><\/h2>\n\n\n\n<p>Braies (Prags in German) is a municipality in South Tyrol composed of some small villages in a lateral valley of Val Pusteria\/Pustertal. It is a popular destination for tourists thanks to its beautiful natural environment, especially its lake.<\/p>\n\n\n<div class=\"wp-block-ub-divider ub_divider ub-divider-orientation-horizontal\" id=\"ub_divider_9dd876ad-84dc-4232-a4b3-6e69ae36ade5\"><div class=\"ub_divider_wrapper\" style=\"position: relative; margin-bottom: 2px; width: 100%; height: 2px; \" data-divider-alignment=\"center\"><div class=\"ub_divider_line\" style=\"border-top: 2px solid #ccc; margin-top: 2px; \"><\/div><\/div><\/div>\n\n\n<h4 class=\"wp-block-heading\" id=\"lago-di-braies\"><strong><strong>\u272a&nbsp;<\/strong>Lago di Braies\/Pragser Wildsee<\/strong><\/h4>\n\n\n\n<p>Lago di Braies\/Pragser Wildsee is one of the most popular lakes for tourists in South Tyrol. It is located in a valley among the Dolomites and, thanks to its stunning beauty, it earned the nickname &#8220;Pearl of the Alps&#8221;.<\/p>\n\n\n\n<div class=\"wp-block-columns is-layout-flex wp-container-core-columns-is-layout-9d6595d7 wp-block-columns-is-layout-flex\">\n<div class=\"wp-block-column is-layout-flow wp-block-column-is-layout-flow\" style=\"flex-basis:85%\">\n<p>Address: St.Veit, 27, 39030 Braies BZ<br>Coordinates: 46.6934, 12.0846<\/p>\n<\/div>\n\n\n\n<div class=\"wp-block-column is-layout-flow wp-block-column-is-layout-flow\" style=\"flex-basis:15%\">\n<p class=\"has-text-align-right\"><a href=\"https:\/\/goo.gl\/maps\/T6DZgNrVv5538EkP8\" target=\"_blank\" aria-label=\" (opens in a new tab)\" rel=\"noreferrer noopener\" class=\"ek-link\">Google Maps<\/a><\/p>\n<\/div>\n<\/div>\n\n\n<div style=\"margin-top: var(--wp--preset--spacing--40); margin-bottom: var(--wp--preset--spacing--40); \" class=\"wp-block-ub-divider ub_divider ub-divider-orientation-horizontal\" id=\"ub_divider_2a5da5de-fc35-4201-818a-05c16901a63a\"><div class=\"ub_divider_wrapper\" style=\"position: relative; margin-bottom: 10px; width: 100%; height: 10px; \" data-divider-alignment=\"center\"><div class=\"ub_divider_line\" style=\"border-top: 2px solid #000000; margin-top: 10px; \"><\/div><\/div><\/div>\n\n\n<h2 class=\"wp-block-heading\" id=\"dobbiaco\"><strong>Dobbiaco\/Toblach<\/strong><\/h2>\n\n\n\n<p>Dobbiaco (Toblach in German) is a town located in Val Pusteria\/Pustertal, a valley among the Dolomites of South Tyrol. Thanks to its position near some of the most famous mountains of the area, and at the crossroads of various mountain valleys, it is a popular stop for tourists.<\/p>\n\n\n<div class=\"wp-block-ub-divider ub_divider ub-divider-orientation-horizontal\" id=\"ub_divider_273df4e1-d282-4929-bf16-679cb8a58fbc\"><div class=\"ub_divider_wrapper\" style=\"position: relative; margin-bottom: 2px; width: 100%; height: 2px; \" data-divider-alignment=\"center\"><div class=\"ub_divider_line\" style=\"border-top: 2px solid #ccc; margin-top: 2px; \"><\/div><\/div><\/div>\n\n\n<h4 class=\"wp-block-heading\" id=\"grand-hotel-dobbiaco\"><strong>Grand Hotel Dobbiaco\/Grand Hotel Toblach<\/strong><\/h4>\n\n\n\n<p>The Grand Hotel is a historic hotel in Dobbiaco, built in the 1870s, and for centuries one of the most prestigious places in the area, visited by many nobles. Now the large complex also hosts a cultural center, a youth hostel, and the <strong>Visitor Center of the the Tre Cime di Lavaredo Natural Park<\/strong>.<\/p>\n\n\n\n<div class=\"wp-block-columns is-layout-flex wp-container-core-columns-is-layout-9d6595d7 wp-block-columns-is-layout-flex\">\n<div class=\"wp-block-column is-layout-flow wp-block-column-is-layout-flow\" style=\"flex-basis:85%\">\n<p>Address: Via Dolomiti, 41, 39034 Dobbiaco BZ<br>Coordinates: 46.7232, 12.2254<\/p>\n<\/div>\n\n\n\n<div class=\"wp-block-column is-layout-flow wp-block-column-is-layout-flow\" style=\"flex-basis:15%\">\n<p class=\"has-text-align-right\"><a href=\"https:\/\/goo.gl\/maps\/q6qELGtoeLLzPdQK9\" target=\"_blank\" aria-label=\" (opens in a new tab)\" rel=\"noreferrer noopener\" class=\"ek-link\">Google Maps<\/a><\/p>\n<\/div>\n<\/div>\n\n\n<div class=\"wp-block-ub-divider ub_divider ub-divider-orientation-horizontal\" id=\"ub_divider_2be3b744-91ef-423c-ba86-80ed36c2b88e\"><div class=\"ub_divider_wrapper\" style=\"position: relative; margin-bottom: 2px; width: 100%; height: 2px; \" data-divider-alignment=\"center\"><div class=\"ub_divider_line\" style=\"border-top: 2px solid #ccc; margin-top: 2px; \"><\/div><\/div><\/div>\n\n\n<h4 class=\"wp-block-heading\" id=\"lago-di-dobbiaco\"><strong>Lago di Dobbiaco\/<strong>Toblacher See<\/strong><\/strong><\/h4>\n\n\n\n<p>The small lake located among the mountain south of Dobbiaco is known for its stunning beauty. Its placement close to some of the most famous mountains of the Dolomites, makes it a popular destination for tourists.<\/p>\n\n\n\n<div class=\"wp-block-columns is-layout-flex wp-container-core-columns-is-layout-9d6595d7 wp-block-columns-is-layout-flex\">\n<div class=\"wp-block-column is-layout-flow wp-block-column-is-layout-flow\" style=\"flex-basis:85%\">\n<p>Address: Lago di Dobbiaco, 39034 Dobbiaco BZ<br>Coordinates: 46.7039, 12.2189<\/p>\n<\/div>\n\n\n\n<div class=\"wp-block-column is-layout-flow wp-block-column-is-layout-flow\" style=\"flex-basis:15%\">\n<p class=\"has-text-align-right\"><a href=\"https:\/\/goo.gl\/maps\/rTL7iN5WixxwDHww8\" target=\"_blank\" aria-label=\" (opens in a new tab)\" rel=\"noreferrer noopener\" class=\"ek-link\">Google Maps<\/a><\/p>\n<\/div>\n<\/div>\n\n\n<div style=\"margin-top: var(--wp--preset--spacing--40); margin-bottom: var(--wp--preset--spacing--40); \" class=\"wp-block-ub-divider ub_divider ub-divider-orientation-horizontal\" id=\"ub_divider_fef3b134-f07c-46a6-be27-42e9067b4b5b\"><div class=\"ub_divider_wrapper\" style=\"position: relative; margin-bottom: 10px; width: 100%; height: 10px; \" data-divider-alignment=\"center\"><div class=\"ub_divider_line\" style=\"border-top: 2px solid #000000; margin-top: 10px; \"><\/div><\/div><\/div>\n\n\n<h2 class=\"wp-block-heading\" id=\"san-candido\"><strong>San Candido\/Innichen<\/strong><\/h2>\n\n\n\n<p>San Candido (Innichen in German) is one of the most popular tourist destinations of the Dolomites, located in Val Pusteria\/Pustertal in South Tyrol. It is known for the incredible beauty of its natural environment and its ski resorts.<\/p>\n\n\n<div class=\"wp-block-ub-divider ub_divider ub-divider-orientation-horizontal\" id=\"ub_divider_60a654bd-5a3e-4072-9db1-4a003490b284\"><div class=\"ub_divider_wrapper\" style=\"position: relative; margin-bottom: 2px; width: 100%; height: 2px; \" data-divider-alignment=\"center\"><div class=\"ub_divider_line\" style=\"border-top: 2px solid #ccc; margin-top: 2px; \"><\/div><\/div><\/div>\n\n\n<h4 class=\"wp-block-heading\" id=\"innichen-abbey\"><strong><strong>\u272a&nbsp;<\/strong>Innichen Abbey<\/strong><\/h4>\n\n\n\n<p>The Innichen Abbey (<em>Collegiata di San Candido\/Stiftskirche Innichen<\/em>) is a former Benedictine monastery in San Candido, and one of the most important examples of Romanesque architecture in the Alps. Originally founded in the 8th century, the current structure was built between the 12th and 13th century, and adorned with frescoes and artworks still preserved to this day. Next to the church, a small museum hosts an exhibitions with various pieces of religious art.<\/p>\n\n\n\n<div class=\"wp-block-columns is-layout-flex wp-container-core-columns-is-layout-9d6595d7 wp-block-columns-is-layout-flex\">\n<div class=\"wp-block-column is-layout-flow wp-block-column-is-layout-flow\" style=\"flex-basis:85%\">\n<p>Address: Via Atto, 1, 39038 San Candido BZ<br>Coordinates: 46.7329, 12.2827<\/p>\n<\/div>\n\n\n\n<div class=\"wp-block-column is-layout-flow wp-block-column-is-layout-flow\" style=\"flex-basis:15%\">\n<p class=\"has-text-align-right\"><a href=\"https:\/\/goo.gl\/maps\/D9e6nUckiEB6ZchU8\" target=\"_blank\" aria-label=\" (opens in a new tab)\" rel=\"noreferrer noopener\" class=\"ek-link\">Google Maps<\/a><\/p>\n<\/div>\n<\/div>\n","protected":false},"excerpt":{"rendered":"<p>&lt;&lt; Trentino-Alto Adige Val Pusteria (Pustertal in German, Val de Puster in Ladin) is a long valley that extends east of Bressanone toward the border with Austria. This is one of the most popular Alpine valleys, renowned for its historic towns and villages, ski resorts, and beautiful natural environment. Brunico\/Bruneck Brunico (Bruneck in German) is a town in South Tyrol located at the center of Val Pusteria\/Pustertal, of which it is the most important city. The town was officially founded in the 13th century and quickly rose to prominence as a stop along the trade routes that crossed the Alps. After being ruled by Tyrol and Austria for centuries, it joined Italy after World War I, and it is now a renowned tourist destination. \u272a&nbsp;Plan de Corones\/Kronplatz Plan de Corones is a mountain south of Brunico, dividing Val Pusteria from Val Badia. The top hosts a ski resort with an amazing view over the Dolomites and features various attractions. These include the Messner Mountain Museum Corones, a museum focused on the history of climbing, and the Museum of Mountain Photography. Address: Plan de Corones, 39030 Marebbe BZCoordinates: 46.7388, 11.9583 Google Maps Brunico Castle The medieval Brunico Castle (Castello di Brunico\/Burg Bruneck), located on a hill overlooking the town, was built during the 13th century and it was for a long time one of the main fortresses in the area. Now it still features various decorated halls and it hosts the Messner Mountain Musuem Ripa, an exhibition dedicated to the people who live among the mountains all over the world. Address: Vicolo Castello, 2, 39031 Brunico BZCoordinates: 46.7944, 11.9396 Google Maps Museo degli Usi e Costumi\/S\u00fcdtiroler Landesmuseum f\u00fcr Volkskunde This ethnographic museum, located in Teodone\/Dietenheim, just outside Brunico, is an exhibition on the culture and history of the area. It features various historic objects and reconstructions of traditional houses. Address: Via Duca Diet, 24, 39031 Teodone BZCoordinates: 46.8030, 11.9541 Google Maps Val Badia\/Gadertal Val Badia (Val Badia in Ladin, Gadertal in German) is a valley among the Dolomites of South Tyrol. Officially trilingual, it is mostly inhabited by Ladin speakers. Val Badia is a popular destination for tourists thanks to its location among some of the most prominent mountains of the Dolomites. Museum Ladin \u0106iastel de Tor The Museum Ladin \u0106iastel de Tor is one of the two sites of the Museum Ladin, located inside the 13th-century castle \u0106iastel de Tor. The exhibition showcases the history of the Ladin people with various archaeological findings, and also features a section on the natural history of the Dolomites. Address: Str. Tor, 65, 39030 San Martino In Badia BZCoordinates: 46.6807, 11.8929 Google Maps Museum Ladin Ursus Ladinicus The Museum Ladin Ursus Ladinicus is one of the two sites of the Museum Ladin. This section is focused on the natural history and geology of the Dolomites, with a special focus on an ancient spieces of bear, called Ursus Ladinicus, that inhabited the area. Address: Strada Micur\u00e0 de R\u00fc, 26, 39030 San Cassiano BZCoordinates: 46.5707, 11.9323 Google Maps Visitor Center of the Fanes-Sennes-Braies Natural Park This visitor center hosts an exhibition on the Fanes-Sennes-Braies Natural Park, one of the largest parks of South Tyrol. The exhibit displays the beautiful natural environment of the park and its geological history. Address: Str. Catarina Lanz, 96, 39030 S. Vigilio BZCoordinates: 46.6946, 11.9359 Google Maps Braies\/Prags Braies (Prags in German) is a municipality in South Tyrol composed of some small villages in a lateral valley of Val Pusteria\/Pustertal. It is a popular destination for tourists thanks to its beautiful natural environment, especially its lake. \u272a&nbsp;Lago di Braies\/Pragser Wildsee Lago di Braies\/Pragser Wildsee is one of the most popular lakes for tourists in South Tyrol. It is located in a valley among the Dolomites and, thanks to its stunning beauty, it earned the nickname &#8220;Pearl of the Alps&#8221;. Address: St.Veit, 27, 39030 Braies BZCoordinates: 46.6934, 12.0846 Google Maps Dobbiaco\/Toblach Dobbiaco (Toblach in German) is a town located in Val Pusteria\/Pustertal, a valley among the Dolomites of South Tyrol. Thanks to its position near some of the most famous mountains of the area, and at the crossroads of various mountain valleys, it is a popular stop for tourists. Grand Hotel Dobbiaco\/Grand Hotel Toblach The Grand Hotel is a historic hotel in Dobbiaco, built in the 1870s, and for centuries one of the most prestigious places in the area, visited by many nobles. Now the large complex also hosts a cultural center, a youth hostel, and the Visitor Center of the the Tre Cime di Lavaredo Natural Park. Address: Via Dolomiti, 41, 39034 Dobbiaco BZCoordinates: 46.7232, 12.2254 Google Maps Lago di Dobbiaco\/Toblacher See The small lake located among the mountain south of Dobbiaco is known for its stunning beauty. Its placement close to some of the most famous mountains of the Dolomites, makes it a popular destination for tourists. Address: Lago di Dobbiaco, 39034 Dobbiaco BZCoordinates: 46.7039, 12.2189 Google Maps San Candido\/Innichen San Candido (Innichen in German) is one of the most popular tourist destinations of the Dolomites, located in Val Pusteria\/Pustertal in South Tyrol. It is known for the incredible beauty of its natural environment and its ski resorts. \u272a&nbsp;Innichen Abbey The Innichen Abbey (Collegiata di San Candido\/Stiftskirche Innichen) is a former Benedictine monastery in San Candido, and one of the most important examples of Romanesque architecture in the Alps. Originally founded in the 8th century, the current structure was built between the 12th and 13th century, and adorned with frescoes and artworks still preserved to this day. Next to the church, a small museum hosts an exhibitions with various pieces of religious art. Address: Via Atto, 1, 39038 San Candido BZCoordinates: 46.7329, 12.2827 Google Maps<\/p>\n","protected":false},"author":1,"featured_media":0,"parent":932,"menu_order":0,"comment_status":"closed","ping_status":"closed","template":"","meta":{"_editorskit_title_hidden":false,"_editorskit_reading_time":0,"_editorskit_is_block_options_detached":false,"_editorskit_block_options_position":"{}","om_disable_all_campaigns":false,"_uag_custom_page_level_css":"","advgb_blocks_editor_width":"","advgb_blocks_columns_visual_guide":"","_monsterinsights_skip_tracking":false,"_monsterinsights_sitenote_active":false,"_monsterinsights_sitenote_note":"","_monsterinsights_sitenote_category":0,"footnotes":""},"class_list":["post-9380","page","type-page","status-publish","hentry"],"aioseo_notices":[],"featured_image_src":null,"uagb_featured_image_src":{"full":false,"thumbnail":false,"medium":false,"medium_large":false,"large":false,"1536x1536":false,"2048x2048":false,"trp-custom-language-flag":false,"xs-thumb":false,"post-thumbnail":false,"minimalistblogger-grid":false,"minimalistblogger-slider":false,"minimalistblogger-small":false},"uagb_author_info":{"display_name":"Stefano Cammisa","author_link":"https:\/\/www.cosmundus.com\/en\/author\/stefano-cammisa\/"},"uagb_comment_info":0,"uagb_excerpt":"&lt;&lt; Trentino-Alto Adige Val Pusteria (Pustertal in German, Val de Puster in Ladin) is a long valley that extends east of Bressanone toward the border with Austria. This is one of the most popular Alpine valleys, renowned for its historic towns and villages, ski resorts, and beautiful natural environment. Brunico\/Bruneck Brunico (Bruneck in German) is&hellip;","coauthors":[],"author_meta":{"author_link":"https:\/\/www.cosmundus.com\/en\/author\/stefano-cammisa\/","display_name":"Stefano Cammisa"},"relative_dates":{"created":"Posted 2 years ago","modified":"Updated 2 years ago"},"absolute_dates":{"created":"Posted on February 26, 2024","modified":"Updated on February 26, 2024"},"absolute_dates_time":{"created":"Posted on February 26, 2024 2:40 pm","modified":"Updated on February 26, 2024 2:45 pm"},"featured_img_caption":"","featured_img":false,"series_order":"","_links":{"self":[{"href":"https:\/\/www.cosmundus.com\/en\/wp-json\/wp\/v2\/pages\/9380","targetHints":{"allow":["GET"]}}],"collection":[{"href":"https:\/\/www.cosmundus.com\/en\/wp-json\/wp\/v2\/pages"}],"about":[{"href":"https:\/\/www.cosmundus.com\/en\/wp-json\/wp\/v2\/types\/page"}],"author":[{"embeddable":true,"href":"https:\/\/www.cosmundus.com\/en\/wp-json\/wp\/v2\/users\/1"}],"replies":[{"embeddable":true,"href":"https:\/\/www.cosmundus.com\/en\/wp-json\/wp\/v2\/comments?post=9380"}],"version-history":[{"count":6,"href":"https:\/\/www.cosmundus.com\/en\/wp-json\/wp\/v2\/pages\/9380\/revisions"}],"predecessor-version":[{"id":9417,"href":"https:\/\/www.cosmundus.com\/en\/wp-json\/wp\/v2\/pages\/9380\/revisions\/9417"}],"up":[{"embeddable":true,"href":"https:\/\/www.cosmundus.com\/en\/wp-json\/wp\/v2\/pages\/932"}],"wp:attachment":[{"href":"https:\/\/www.cosmundus.com\/en\/wp-json\/wp\/v2\/media?parent=9380"}],"curies":[{"name":"wp","href":"https:\/\/api.w.org\/{rel}","templated":true}]}}